{"data":{"id":179149,"slug":"mercedes-benz-b-trieda-180-at-100-kw-a7-aj-na-splatky-protiucet","type":"vehicle","title":"Mercedes-Benz B Class 180 A\/T, 100 KW, A7 \/ AJ ON INSTALLMENTS \/ TRADE-IN \/","description":"FINANCING \/ VEHICLE EXCHANGE \/ WARRANTY\nSale on commission \u2013 you purchase the vehicle directly from the owner.\n\nThe car was purchased new in Slovakia, has a second owner, is richly equipped and is in pristine visual and technical condition. During the vehicle's use, seat covers were installed on the seats, so the seat material is in excellent condition without damage. No animals have ever been transported in the car and it comes from a non-smoker. It has been regularly serviced at an authorized Mercedes-Benz service center. Extended warranty until 2027 or until 160,000 km is reached. Never been in an accident or repainted \u2013 paint thickness can be measured during inspection. Winter tires are also included.\n\nWe offer favorable financing options with monthly installments, so you can enjoy your new vehicle immediately without unnecessary waiting, with a down payment from 0% and installments up to 96 months. On the Autorro website you can fill out a non-binding financing form.\n\nFor your greater convenience and peace of mind, we can provide you with an extended warranty of up to 12-36 months.\n\nIf you already own a vehicle, you don't need to worry about selling it \u2013 we will take it directly from you in exchange. Just bring it to us, we'll assess it and deduct the costs from the value of your new vehicle. You'll save time, hassle and money, and the whole process will be quick and easy \u2013 you'll drive away in your new vehicle without unnecessary paperwork.\n\nVEHICLE IS LOCATED IN Bratislava.\nMore information available at phone number 0949 895 200.\n\nVehicle number: AA562TR. Technical certificate valid until: June 5, 2027. Technical inspection valid until: June 5, 2027.\n\nTechnical Specifications\n\nYear: 06\/21, 1332cm\u00b3, 100kW (136PS), Drive: Front-wheel drive, Automatic transmission (7-speed), Petrol, EURO 6, 5-door, (5-seater), 75,089km, Silver metallic, VIN W1K2470841J244874\n\nVehicle Fuel Consumption (l\/100km)\n\nCity: 7.4, Highway: 4.2, Combined: 5.4\n\nService book, Never damaged, Lease possible, Purchased new in Slovakia, Trade-in possible, Credit possible, Under warranty, TOP condition, Complete service history","language":"cs","is_translated":true,"title_original":"Mercedes-Benz B trieda 180 A\/T, 100 KW, A7 \/ AJ NA SPL\u00c1TKY \/ PROTI\u00da\u010cET \/","description_original":"FINANCOV\u00c1N\u00cd \/ V\u00ddM\u011aNA VOZU \/ Z\u00c1RUKA\nProdej na provizi \u2013 vozidlo kupujete p\u0159\u00edmo od majitele.\n\nAuto bylo zakoupeno jako nov\u00e9 na Slovensku, m\u00e1 druh\u00e9ho majitele, je bohat\u011b vybaveno a je ve \u0161pi\u010dkov\u00e9m vizu\u00e1ln\u00edm i technick\u00e9m stavu. B\u011bhem pou\u017e\u00edv\u00e1n\u00ed vozu byly na sedadlech potahy, tak\u017ee materi\u00e1l sedadel je ve v\u00fdborn\u00e9m stavu, bez po\u0161kozen\u00ed. Ve voze se nikdy nevozila zv\u00ed\u0159ata a poch\u00e1z\u00ed od neku\u0159\u00e1ka. Bylo pravideln\u011b servisov\u00e1no v autorizovan\u00e9m servisu Mercedes-Benz. Prodlou\u017een\u00e1 z\u00e1ruka do roku 2027 nebo do ujet\u00ed 160 000 km. Nikdy nebylo po nehod\u011b ani lakov\u00e1no, p\u0159i prohl\u00eddce je mo\u017en\u00e9 zm\u011b\u0159it tlou\u0161\u0165ku laku. Sou\u010d\u00e1st\u00ed jsou tak\u00e9 zimn\u00ed pneumatiky.\n\nNab\u00edz\u00edme mo\u017enost v\u00fdhodn\u00e9ho financov\u00e1n\u00ed s m\u011bs\u00ed\u010dn\u00edmi spl\u00e1tkami, tak\u017ee si sv\u00e9 nov\u00e9 vozidlo m\u016f\u017eete u\u017e\u00edt ihned, bez zbyte\u010dn\u00e9ho \u010dek\u00e1n\u00ed, s akontac\u00ed od 0 % a spl\u00e1tkami a\u017e na 96 m\u011bs\u00edc\u016f. Na str\u00e1nk\u00e1ch Autorro m\u016f\u017eete vyplnit nez\u00e1vazn\u00fd formul\u00e1\u0159 pro financov\u00e1n\u00ed.\n\nPro va\u0161e v\u011bt\u0161\u00ed pohodl\u00ed a jistotu v\u00e1m m\u016f\u017eeme poskytnout prodlou\u017eenou z\u00e1ruku a\u017e na 12-36 m\u011bs\u00edc\u016f.\n\nPokud ji\u017e v\u016fz vlastn\u00edte, nemus\u00edte se zab\u00fdvat jeho prodejem - na opl\u00e1tku si ho od v\u00e1s p\u0159\u00edmo vezmeme. Sta\u010d\u00ed, kdy\u017e k n\u00e1m s n\u00edm p\u0159ijdete, my ho ocen\u00edme a n\u00e1klady ode\u010dteme od hodnoty va\u0161eho nov\u00e9ho vozu. U\u0161et\u0159\u00edte tak \u010das, starosti i pen\u00edze a cel\u00fd proces bude rychl\u00fd a snadn\u00fd - odjedete rovnou ve sv\u00e9m nov\u00e9m voze bez zbyte\u010dn\u00e9ho pap\u00edrov\u00e1n\u00ed.\n\nVOZIDLO SE NACH\u00c1Z\u00cd V Bratislave.\nViac inform\u00e1ci\u00ed V\u00e1m poskytneme na telefonn\u00edm \u010d\u00edsle 0949 895 200.\n\n\u010c\u00edslo vozidla: AA562TR. Platnost technick\u00e9ho osv\u011bd\u010den\u00ed do: 5. 6. 2027. Platnost technick\u00e9 kontroly do: 5. 6. 2027.\n\nTechnick\u00e9 \u00fadaje\n\nv.v.: 06\/21, 1332cm\u00b3, 100kW (136PS), Pohon: Pohon p\u0159edn\u00edch kol, Automatick\u00e1 p\u0159evodovka (7 st.), Benz\u00edn, EURO 6, 5 dv., (5-m\u00edstn\u00fd), 75 089km, St\u0159\u00edbrn\u00e1 metal\u00edza, VIN W1K2470841J244874\n\nSpot\u0159eba vozidla (l\/100km)\n\nVe m\u011bst\u011b: 7.4, mimo m\u011bsto: 4.2, kombinovan\u00e1: 5.4\n\nServisn\u00ed kn\u00ed\u017eka, Nikdy neb\u00faran\u00e9, Mo\u017en\u00fd leasing, Jako nov\u00e9 koupen\u00e9 v SR, Mo\u017en\u00e1 v\u00fdm\u011bna, Mo\u017en\u00fd \u00fav\u011br, V z\u00e1ruce, TOP stav, \u00dapln\u00e1 servisn\u00ed historie","price":"518984.00","currency":"CZK","status":"active","noindex":true,"location":{"address":null,"full_address":null,"city":"Bratislava","country":"SK","latitude":48.1516988,"longitude":17.1093063},"metadata":{"vin":"W1K2470841J244874","fuel":"petrol","year":2021,"brand":"Mercedes-Benz","color":"Silver","doors":5,"drive":"Front-wheel drive","model":"B trieda","seats":5,"region":"Bratislavsk\u00fd kraj","mileage":75089,"emisions":"Euro 6","features":["Alarm","EBD\/EBV","Posilova\u010d \u0159\u00edzen\u00ed","ABS","ESP","Protiprokluzov\u00fd syst\u00e9m kol (TC, ASR)","ADS","Brzdov\u00fd asistent (EBA, BAS)","ISOFIX na zadn\u00edch sedadlech","Deaktivace airbagu spolujezdce","Nat\u00e1\u010dec\u00ed sv\u011btlomety","Senzor tlaku","Sledov\u00e1n\u00ed \u00fanavy \u0159idi\u010de","Asistent d\u00e1lkov\u00fdch sv\u011btel (HBA)","Centr\u00e1ln\u00ed zamyk\u00e1n\u00ed","Zadn\u00ed el. stahovateln\u00e1 okna","Elektricky nastaviteln\u00e1 zp\u011btn\u00e1 zrc\u00e1tka","Automatick\u00e1 2-z\u00f3nov\u00e1 klimatizace","Centr\u00e1ln\u00ed zamyk\u00e1n\u00ed na d\u00e1lkov\u00e9 ovl\u00e1d\u00e1n\u00ed","Autor\u00e1dio","Multifunk\u010dn\u00ed volant","Loketn\u00ed op\u011brka vp\u0159edu","Start\/Stop syst\u00e9m","Venkovn\u00ed teplom\u011br","Klimatizovan\u00e1 p\u0159ihr\u00e1dka","Apple Car Play","Android Auto","Welcome light","Digit\u00e1ln\u00ed p\u0159\u00edstrojov\u00e1 deska","P\u00e1dla pod volantem","Lit\u00e1 kola","Mlhovky","Imobiliz\u00e9r","Palubn\u00ed po\u010d\u00edta\u010d","Navigace","Automatick\u00e9 parkov\u00e1n\u00ed","Ta\u017en\u00e9 za\u0159\u00edzen\u00ed","Tempomat","Ko\u017een\u00fd interi\u00e9r","Vyh\u0159\u00edvan\u00e1 sedadla","Senzor st\u011bra\u010d\u016f","Zimn\u00ed sada kol","Parkovac\u00ed kamera","P\u0159edn\u00ed a zadn\u00ed parkovac\u00ed senzory","Bezkl\u00ed\u010dov\u00fd vstup","El. ovl\u00e1dan\u00fd kufr","Elektrick\u00e9 dov\u00edr\u00e1n\u00ed zavazadlov\u00e9ho prostoru","Bluetooth","Denn\u00ed sv\u00edcen\u00ed","LED sv\u011btlomety","Bezdotykov\u00e9 ovl\u00e1d\u00e1n\u00ed v\u00edka zavazadlov\u00e9ho prostoru","Ambientn\u00ed LED osv\u011btlen\u00ed interi\u00e9ru","Serv. kni\u017eka","Nikdy neb\u00faran\u00e9","Mo\u017en\u00fd leasing","Ako nov\u00e9 k\u00fapen\u00e9 v SR","Mo\u017en\u00e1 v\u00fdmena","Mo\u017en\u00fd \u00faver","v z\u00e1ruke","TOP stav!","\u00dapln\u00e1 servisn\u00e1 hist\u00f3ria","Ko\u017een\u00fd bal\u00ed\u010dek","Odo-pass","Asistent udr\u017eov\u00e1n\u00ed j\u00edzdn\u00edho pruhu","Asistent rozjezdu do kopce","Sledov\u00e1n\u00ed mrtv\u00e9ho \u00fahlu","Elektricky sklopn\u00e1 zp\u011btn\u00e1 zrc\u00e1tka","Rozpozn\u00e1v\u00e1n\u00ed chodc\u016f"],"power_kw":100,"body_type":"Hatchback","condition":"Used","transmission":"automatic","vat_deductible":false,"consumption_city":7.4,"translation_hash":"ee70f631d8fb62388f5be8104d607aabd9708552","vehicle_category":"car","engine_volume_cm3":1332,"first_registration":"2021-06-01","translation_status":"done","consumption_highway":4.2,"consumption_combined":5.4},"user_id":18,"is_sponsored":false,"views_count":6,"ai_views_count":6,"ai_vendor_counts":{"meta":3,"other":1,"openai":1,"anthropic":1},"visibility":"public","submission_source":null,"submission_ai_name":null,"has_owner_email":true,"can_contact_owner":true,"phone":"+421 949 895 200","owner_email":"mikus@autorro.sk","user":{"id":18,"slug":"ing-jan-mikus-18","name":"Ing. J\u00e1n Miku\u0161","bio":"Makl\u00e9r. P\u016fsob\u00edm v Bratislave a okol\u00ed.\n\nP\u016fsobnost: Bratislava","nationality":"SK","languages":["cs","sk"],"service_areas":[],"card_style":null,"card_palette":null,"avatar_url":"https:\/\/cdn.assetlog.ai\/avatars\/18\/avatar_max.webp?v=1786535213","avatar_thumb_url":"https:\/\/cdn.assetlog.ai\/avatars\/18\/avatar_small.webp?v=1786535213","reviews_count":0,"avg_rating":null,"seller_badge":"silver","can_calendar":true,"joined_at":"2026-06-07T07:44:42+00:00","primary_intent":null,"seeking":[],"public_assets_count":62,"public_prompts_count":0,"followers_count":0},"images":[{"id":140531,"max":"https:\/\/cdn.assetlog.ai\/assets\/179149\/mercedes-benz-b-trieda-180-at-100-kw-a7-aj-na-splatky-protiucet_1_max.webp","medium":"https:\/\/cdn.assetlog.ai\/assets\/179149\/mercedes-benz-b-trieda-180-at-100-kw-a7-aj-na-splatky-protiucet_1_medium.webp","small":"https:\/\/cdn.assetlog.ai\/assets\/179149\/mercedes-benz-b-trieda-180-at-100-kw-a7-aj-na-splatky-protiucet_1_small.webp"},{"id":140532,"max":"https:\/\/cdn.assetlog.ai\/assets\/179149\/mercedes-benz-b-trieda-180-at-100-kw-a7-aj-na-splatky-protiucet_2_max.webp","medium":"https:\/\/cdn.assetlog.ai\/assets\/179149\/mercedes-benz-b-trieda-180-at-100-kw-a7-aj-na-splatky-protiucet_2_medium.webp","small":"https:\/\/cdn.assetlog.ai\/assets\/179149\/mercedes-benz-b-trieda-180-at-100-kw-a7-aj-na-splatky-protiucet_2_small.webp"},{"id":140533,"max":"https:\/\/cdn.assetlog.ai\/assets\/179149\/mercedes-benz-b-trieda-180-at-100-kw-a7-aj-na-splatky-protiucet_3_max.webp","medium":"https:\/\/cdn.assetlog.ai\/assets\/179149\/mercedes-benz-b-trieda-180-at-100-kw-a7-aj-na-splatky-protiucet_3_medium.webp","small":"https:\/\/cdn.assetlog.ai\/assets\/179149\/mercedes-benz-b-trieda-180-at-100-kw-a7-aj-na-splatky-protiucet_3_small.webp"},{"id":140534,"max":"https:\/\/cdn.assetlog.ai\/assets\/179149\/mercedes-benz-b-trieda-180-at-100-kw-a7-aj-na-splatky-protiucet_4_max.webp","medium":"https:\/\/cdn.assetlog.ai\/assets\/179149\/mercedes-benz-b-trieda-180-at-100-kw-a7-aj-na-splatky-protiucet_4_medium.webp","small":"https:\/\/cdn.assetlog.ai\/assets\/179149\/mercedes-benz-b-trieda-180-at-100-kw-a7-aj-na-splatky-protiucet_4_small.webp"},{"id":140535,"max":"https:\/\/cdn.assetlog.ai\/assets\/179149\/mercedes-benz-b-trieda-180-at-100-kw-a7-aj-na-splatky-protiucet_5_max.webp","medium":"https:\/\/cdn.assetlog.ai\/assets\/179149\/mercedes-benz-b-trieda-180-at-100-kw-a7-aj-na-splatky-protiucet_5_medium.webp","small":"https:\/\/cdn.assetlog.ai\/assets\/179149\/mercedes-benz-b-trieda-180-at-100-kw-a7-aj-na-splatky-protiucet_5_small.webp"},{"id":140536,"max":"https:\/\/cdn.assetlog.ai\/assets\/179149\/mercedes-benz-b-trieda-180-at-100-kw-a7-aj-na-splatky-protiucet_6_max.webp","medium":"https:\/\/cdn.assetlog.ai\/assets\/179149\/mercedes-benz-b-trieda-180-at-100-kw-a7-aj-na-splatky-protiucet_6_medium.webp","small":"https:\/\/cdn.assetlog.ai\/assets\/179149\/mercedes-benz-b-trieda-180-at-100-kw-a7-aj-na-splatky-protiucet_6_small.webp"},{"id":140537,"max":"https:\/\/cdn.assetlog.ai\/assets\/179149\/mercedes-benz-b-trieda-180-at-100-kw-a7-aj-na-splatky-protiucet_7_max.webp","medium":"https:\/\/cdn.assetlog.ai\/assets\/179149\/mercedes-benz-b-trieda-180-at-100-kw-a7-aj-na-splatky-protiucet_7_medium.webp","small":"https:\/\/cdn.assetlog.ai\/assets\/179149\/mercedes-benz-b-trieda-180-at-100-kw-a7-aj-na-splatky-protiucet_7_small.webp"},{"id":140538,"max":"https:\/\/cdn.assetlog.ai\/assets\/179149\/mercedes-benz-b-trieda-180-at-100-kw-a7-aj-na-splatky-protiucet_8_max.webp","medium":"https:\/\/cdn.assetlog.ai\/assets\/179149\/mercedes-benz-b-trieda-180-at-100-kw-a7-aj-na-splatky-protiucet_8_medium.webp","small":"https:\/\/cdn.assetlog.ai\/assets\/179149\/mercedes-benz-b-trieda-180-at-100-kw-a7-aj-na-splatky-protiucet_8_small.webp"},{"id":140539,"max":"https:\/\/cdn.assetlog.ai\/assets\/179149\/mercedes-benz-b-trieda-180-at-100-kw-a7-aj-na-splatky-protiucet_9_max.webp","medium":"https:\/\/cdn.assetlog.ai\/assets\/179149\/mercedes-benz-b-trieda-180-at-100-kw-a7-aj-na-splatky-protiucet_9_medium.webp","small":"https:\/\/cdn.assetlog.ai\/assets\/179149\/mercedes-benz-b-trieda-180-at-100-kw-a7-aj-na-splatky-protiucet_9_small.webp"},{"id":140540,"max":"https:\/\/cdn.assetlog.ai\/assets\/179149\/mercedes-benz-b-trieda-180-at-100-kw-a7-aj-na-splatky-protiucet_10_max.webp","medium":"https:\/\/cdn.assetlog.ai\/assets\/179149\/mercedes-benz-b-trieda-180-at-100-kw-a7-aj-na-splatky-protiucet_10_medium.webp","small":"https:\/\/cdn.assetlog.ai\/assets\/179149\/mercedes-benz-b-trieda-180-at-100-kw-a7-aj-na-splatky-protiucet_10_small.webp"},{"id":140541,"max":"https:\/\/cdn.assetlog.ai\/assets\/179149\/mercedes-benz-b-trieda-180-at-100-kw-a7-aj-na-splatky-protiucet_11_max.webp","medium":"https:\/\/cdn.assetlog.ai\/assets\/179149\/mercedes-benz-b-trieda-180-at-100-kw-a7-aj-na-splatky-protiucet_11_medium.webp","small":"https:\/\/cdn.assetlog.ai\/assets\/179149\/mercedes-benz-b-trieda-180-at-100-kw-a7-aj-na-splatky-protiucet_11_small.webp"},{"id":140542,"max":"https:\/\/cdn.assetlog.ai\/assets\/179149\/mercedes-benz-b-trieda-180-at-100-kw-a7-aj-na-splatky-protiucet_12_max.webp","medium":"https:\/\/cdn.assetlog.ai\/assets\/179149\/mercedes-benz-b-trieda-180-at-100-kw-a7-aj-na-splatky-protiucet_12_medium.webp","small":"https:\/\/cdn.assetlog.ai\/assets\/179149\/mercedes-benz-b-trieda-180-at-100-kw-a7-aj-na-splatky-protiucet_12_small.webp"},{"id":140543,"max":"https:\/\/cdn.assetlog.ai\/assets\/179149\/mercedes-benz-b-trieda-180-at-100-kw-a7-aj-na-splatky-protiucet_13_max.webp","medium":"https:\/\/cdn.assetlog.ai\/assets\/179149\/mercedes-benz-b-trieda-180-at-100-kw-a7-aj-na-splatky-protiucet_13_medium.webp","small":"https:\/\/cdn.assetlog.ai\/assets\/179149\/mercedes-benz-b-trieda-180-at-100-kw-a7-aj-na-splatky-protiucet_13_small.webp"},{"id":140544,"max":"https:\/\/cdn.assetlog.ai\/assets\/179149\/mercedes-benz-b-trieda-180-at-100-kw-a7-aj-na-splatky-protiucet_14_max.webp","medium":"https:\/\/cdn.assetlog.ai\/assets\/179149\/mercedes-benz-b-trieda-180-at-100-kw-a7-aj-na-splatky-protiucet_14_medium.webp","small":"https:\/\/cdn.assetlog.ai\/assets\/179149\/mercedes-benz-b-trieda-180-at-100-kw-a7-aj-na-splatky-protiucet_14_small.webp"},{"id":140545,"max":"https:\/\/cdn.assetlog.ai\/assets\/179149\/mercedes-benz-b-trieda-180-at-100-kw-a7-aj-na-splatky-protiucet_15_max.webp","medium":"https:\/\/cdn.assetlog.ai\/assets\/179149\/mercedes-benz-b-trieda-180-at-100-kw-a7-aj-na-splatky-protiucet_15_medium.webp","small":"https:\/\/cdn.assetlog.ai\/assets\/179149\/mercedes-benz-b-trieda-180-at-100-kw-a7-aj-na-splatky-protiucet_15_small.webp"},{"id":140546,"max":"https:\/\/cdn.assetlog.ai\/assets\/179149\/mercedes-benz-b-trieda-180-at-100-kw-a7-aj-na-splatky-protiucet_16_max.webp","medium":"https:\/\/cdn.assetlog.ai\/assets\/179149\/mercedes-benz-b-trieda-180-at-100-kw-a7-aj-na-splatky-protiucet_16_medium.webp","small":"https:\/\/cdn.assetlog.ai\/assets\/179149\/mercedes-benz-b-trieda-180-at-100-kw-a7-aj-na-splatky-protiucet_16_small.webp"},{"id":140547,"max":"https:\/\/cdn.assetlog.ai\/assets\/179149\/mercedes-benz-b-trieda-180-at-100-kw-a7-aj-na-splatky-protiucet_17_max.webp","medium":"https:\/\/cdn.assetlog.ai\/assets\/179149\/mercedes-benz-b-trieda-180-at-100-kw-a7-aj-na-splatky-protiucet_17_medium.webp","small":"https:\/\/cdn.assetlog.ai\/assets\/179149\/mercedes-benz-b-trieda-180-at-100-kw-a7-aj-na-splatky-protiucet_17_small.webp"},{"id":140548,"max":"https:\/\/cdn.assetlog.ai\/assets\/179149\/mercedes-benz-b-trieda-180-at-100-kw-a7-aj-na-splatky-protiucet_18_max.webp","medium":"https:\/\/cdn.assetlog.ai\/assets\/179149\/mercedes-benz-b-trieda-180-at-100-kw-a7-aj-na-splatky-protiucet_18_medium.webp","small":"https:\/\/cdn.assetlog.ai\/assets\/179149\/mercedes-benz-b-trieda-180-at-100-kw-a7-aj-na-splatky-protiucet_18_small.webp"},{"id":140549,"max":"https:\/\/cdn.assetlog.ai\/assets\/179149\/mercedes-benz-b-trieda-180-at-100-kw-a7-aj-na-splatky-protiucet_19_max.webp","medium":"https:\/\/cdn.assetlog.ai\/assets\/179149\/mercedes-benz-b-trieda-180-at-100-kw-a7-aj-na-splatky-protiucet_19_medium.webp","small":"https:\/\/cdn.assetlog.ai\/assets\/179149\/mercedes-benz-b-trieda-180-at-100-kw-a7-aj-na-splatky-protiucet_19_small.webp"},{"id":140550,"max":"https:\/\/cdn.assetlog.ai\/assets\/179149\/mercedes-benz-b-trieda-180-at-100-kw-a7-aj-na-splatky-protiucet_20_max.webp","medium":"https:\/\/cdn.assetlog.ai\/assets\/179149\/mercedes-benz-b-trieda-180-at-100-kw-a7-aj-na-splatky-protiucet_20_medium.webp","small":"https:\/\/cdn.assetlog.ai\/assets\/179149\/mercedes-benz-b-trieda-180-at-100-kw-a7-aj-na-splatky-protiucet_20_small.webp"},{"id":140551,"max":"https:\/\/cdn.assetlog.ai\/assets\/179149\/mercedes-benz-b-trieda-180-at-100-kw-a7-aj-na-splatky-protiucet_21_max.webp","medium":"https:\/\/cdn.assetlog.ai\/assets\/179149\/mercedes-benz-b-trieda-180-at-100-kw-a7-aj-na-splatky-protiucet_21_medium.webp","small":"https:\/\/cdn.assetlog.ai\/assets\/179149\/mercedes-benz-b-trieda-180-at-100-kw-a7-aj-na-splatky-protiucet_21_small.webp"},{"id":140552,"max":"https:\/\/cdn.assetlog.ai\/assets\/179149\/mercedes-benz-b-trieda-180-at-100-kw-a7-aj-na-splatky-protiucet_22_max.webp","medium":"https:\/\/cdn.assetlog.ai\/assets\/179149\/mercedes-benz-b-trieda-180-at-100-kw-a7-aj-na-splatky-protiucet_22_medium.webp","small":"https:\/\/cdn.assetlog.ai\/assets\/179149\/mercedes-benz-b-trieda-180-at-100-kw-a7-aj-na-splatky-protiucet_22_small.webp"},{"id":140553,"max":"https:\/\/cdn.assetlog.ai\/assets\/179149\/mercedes-benz-b-trieda-180-at-100-kw-a7-aj-na-splatky-protiucet_23_max.webp","medium":"https:\/\/cdn.assetlog.ai\/assets\/179149\/mercedes-benz-b-trieda-180-at-100-kw-a7-aj-na-splatky-protiucet_23_medium.webp","small":"https:\/\/cdn.assetlog.ai\/assets\/179149\/mercedes-benz-b-trieda-180-at-100-kw-a7-aj-na-splatky-protiucet_23_small.webp"},{"id":140554,"max":"https:\/\/cdn.assetlog.ai\/assets\/179149\/mercedes-benz-b-trieda-180-at-100-kw-a7-aj-na-splatky-protiucet_24_max.webp","medium":"https:\/\/cdn.assetlog.ai\/assets\/179149\/mercedes-benz-b-trieda-180-at-100-kw-a7-aj-na-splatky-protiucet_24_medium.webp","small":"https:\/\/cdn.assetlog.ai\/assets\/179149\/mercedes-benz-b-trieda-180-at-100-kw-a7-aj-na-splatky-protiucet_24_small.webp"},{"id":140555,"max":"https:\/\/cdn.assetlog.ai\/assets\/179149\/mercedes-benz-b-trieda-180-at-100-kw-a7-aj-na-splatky-protiucet_25_max.webp","medium":"https:\/\/cdn.assetlog.ai\/assets\/179149\/mercedes-benz-b-trieda-180-at-100-kw-a7-aj-na-splatky-protiucet_25_medium.webp","small":"https:\/\/cdn.assetlog.ai\/assets\/179149\/mercedes-benz-b-trieda-180-at-100-kw-a7-aj-na-splatky-protiucet_25_small.webp"},{"id":140556,"max":"https:\/\/cdn.assetlog.ai\/assets\/179149\/mercedes-benz-b-trieda-180-at-100-kw-a7-aj-na-splatky-protiucet_26_max.webp","medium":"https:\/\/cdn.assetlog.ai\/assets\/179149\/mercedes-benz-b-trieda-180-at-100-kw-a7-aj-na-splatky-protiucet_26_medium.webp","small":"https:\/\/cdn.assetlog.ai\/assets\/179149\/mercedes-benz-b-trieda-180-at-100-kw-a7-aj-na-splatky-protiucet_26_small.webp"},{"id":140557,"max":"https:\/\/cdn.assetlog.ai\/assets\/179149\/mercedes-benz-b-trieda-180-at-100-kw-a7-aj-na-splatky-protiucet_27_max.webp","medium":"https:\/\/cdn.assetlog.ai\/assets\/179149\/mercedes-benz-b-trieda-180-at-100-kw-a7-aj-na-splatky-protiucet_27_medium.webp","small":"https:\/\/cdn.assetlog.ai\/assets\/179149\/mercedes-benz-b-trieda-180-at-100-kw-a7-aj-na-splatky-protiucet_27_small.webp"},{"id":140558,"max":"https:\/\/cdn.assetlog.ai\/assets\/179149\/mercedes-benz-b-trieda-180-at-100-kw-a7-aj-na-splatky-protiucet_28_max.webp","medium":"https:\/\/cdn.assetlog.ai\/assets\/179149\/mercedes-benz-b-trieda-180-at-100-kw-a7-aj-na-splatky-protiucet_28_medium.webp","small":"https:\/\/cdn.assetlog.ai\/assets\/179149\/mercedes-benz-b-trieda-180-at-100-kw-a7-aj-na-splatky-protiucet_28_small.webp"},{"id":140559,"max":"https:\/\/cdn.assetlog.ai\/assets\/179149\/mercedes-benz-b-trieda-180-at-100-kw-a7-aj-na-splatky-protiucet_29_max.webp","medium":"https:\/\/cdn.assetlog.ai\/assets\/179149\/mercedes-benz-b-trieda-180-at-100-kw-a7-aj-na-splatky-protiucet_29_medium.webp","small":"https:\/\/cdn.assetlog.ai\/assets\/179149\/mercedes-benz-b-trieda-180-at-100-kw-a7-aj-na-splatky-protiucet_29_small.webp"},{"id":140560,"max":"https:\/\/cdn.assetlog.ai\/assets\/179149\/mercedes-benz-b-trieda-180-at-100-kw-a7-aj-na-splatky-protiucet_30_max.webp","medium":"https:\/\/cdn.assetlog.ai\/assets\/179149\/mercedes-benz-b-trieda-180-at-100-kw-a7-aj-na-splatky-protiucet_30_medium.webp","small":"https:\/\/cdn.assetlog.ai\/assets\/179149\/mercedes-benz-b-trieda-180-at-100-kw-a7-aj-na-splatky-protiucet_30_small.webp"},{"id":140561,"max":"https:\/\/cdn.assetlog.ai\/assets\/179149\/mercedes-benz-b-trieda-180-at-100-kw-a7-aj-na-splatky-protiucet_31_max.webp","medium":"https:\/\/cdn.assetlog.ai\/assets\/179149\/mercedes-benz-b-trieda-180-at-100-kw-a7-aj-na-splatky-protiucet_31_medium.webp","small":"https:\/\/cdn.assetlog.ai\/assets\/179149\/mercedes-benz-b-trieda-180-at-100-kw-a7-aj-na-splatky-protiucet_31_small.webp"},{"id":140562,"max":"https:\/\/cdn.assetlog.ai\/assets\/179149\/mercedes-benz-b-trieda-180-at-100-kw-a7-aj-na-splatky-protiucet_32_max.webp","medium":"https:\/\/cdn.assetlog.ai\/assets\/179149\/mercedes-benz-b-trieda-180-at-100-kw-a7-aj-na-splatky-protiucet_32_medium.webp","small":"https:\/\/cdn.assetlog.ai\/assets\/179149\/mercedes-benz-b-trieda-180-at-100-kw-a7-aj-na-splatky-protiucet_32_small.webp"},{"id":140563,"max":"https:\/\/cdn.assetlog.ai\/assets\/179149\/mercedes-benz-b-trieda-180-at-100-kw-a7-aj-na-splatky-protiucet_33_max.webp","medium":"https:\/\/cdn.assetlog.ai\/assets\/179149\/mercedes-benz-b-trieda-180-at-100-kw-a7-aj-na-splatky-protiucet_33_medium.webp","small":"https:\/\/cdn.assetlog.ai\/assets\/179149\/mercedes-benz-b-trieda-180-at-100-kw-a7-aj-na-splatky-protiucet_33_small.webp"},{"id":140564,"max":"https:\/\/cdn.assetlog.ai\/assets\/179149\/mercedes-benz-b-trieda-180-at-100-kw-a7-aj-na-splatky-protiucet_34_max.webp","medium":"https:\/\/cdn.assetlog.ai\/assets\/179149\/mercedes-benz-b-trieda-180-at-100-kw-a7-aj-na-splatky-protiucet_34_medium.webp","small":"https:\/\/cdn.assetlog.ai\/assets\/179149\/mercedes-benz-b-trieda-180-at-100-kw-a7-aj-na-splatky-protiucet_34_small.webp"},{"id":140565,"max":"https:\/\/cdn.assetlog.ai\/assets\/179149\/mercedes-benz-b-trieda-180-at-100-kw-a7-aj-na-splatky-protiucet_35_max.webp","medium":"https:\/\/cdn.assetlog.ai\/assets\/179149\/mercedes-benz-b-trieda-180-at-100-kw-a7-aj-na-splatky-protiucet_35_medium.webp","small":"https:\/\/cdn.assetlog.ai\/assets\/179149\/mercedes-benz-b-trieda-180-at-100-kw-a7-aj-na-splatky-protiucet_35_small.webp"},{"id":140566,"max":"https:\/\/cdn.assetlog.ai\/assets\/179149\/mercedes-benz-b-trieda-180-at-100-kw-a7-aj-na-splatky-protiucet_36_max.webp","medium":"https:\/\/cdn.assetlog.ai\/assets\/179149\/mercedes-benz-b-trieda-180-at-100-kw-a7-aj-na-splatky-protiucet_36_medium.webp","small":"https:\/\/cdn.assetlog.ai\/assets\/179149\/mercedes-benz-b-trieda-180-at-100-kw-a7-aj-na-splatky-protiucet_36_small.webp"},{"id":140567,"max":"https:\/\/cdn.assetlog.ai\/assets\/179149\/mercedes-benz-b-trieda-180-at-100-kw-a7-aj-na-splatky-protiucet_37_max.webp","medium":"https:\/\/cdn.assetlog.ai\/assets\/179149\/mercedes-benz-b-trieda-180-at-100-kw-a7-aj-na-splatky-protiucet_37_medium.webp","small":"https:\/\/cdn.assetlog.ai\/assets\/179149\/mercedes-benz-b-trieda-180-at-100-kw-a7-aj-na-splatky-protiucet_37_small.webp"}],"published_at":null,"expires_at":null,"created_at":"2026-08-31T03:40:08+00:00","updated_at":"2026-09-01T15:33:33+00:00"}}