{"data":{"id":142835,"slug":"mercedes-benz-b-trieda-180-cdi-2009-cvt1-80kw-aj-na-splatky-protiucet","type":"vehicle","title":"Mercedes-Benz B Class 180 CDI 2009 CVT\/1 80kW \/ AVAILABLE FOR INSTALLMENTS \/ TRADE-IN","description":"Commission sale - you purchase the vehicle directly from the owner.\n\nI am selling a Mercedes-Benz B Class (180 CDI version) with a diesel engine of 80 kilowatts and automatic transmission, year of manufacture 2009. The vehicle was purchased as new in Slovakia, the sale includes two keys and complete seasonal tire sets. The car has low mileage and has just undergone major service: in 2025 at 110,700 kilometers, an automatic transmission oil change including flush and filter replacement was performed, engine oil change with all filters, installation of a new thermostat and new brakes including brake discs, brake pads and wheel hubs on both front and rear axles. In 2026, maintenance continued with installation of a new turbocharger, new front shock absorbers with upper mounts and bearings, and refrigerant top-up for the air conditioning.\n\nThe vehicle has passed insurance record verification, execution check, paint thickness measurement, and document verification. Physically inspected, also verified through the vehicle operating records registry.\n\nWe offer favorable financing in monthly installments, so you can enjoy your new car immediately and without waiting with 0% down payment and installments for up to 96 months.\n\nIf you already own a vehicle, you don't need to deal with selling it - in return, we will take it directly from you. Just come to us with it, we will appraise it and deduct the costs from the value of your new car. You will save time, worry and money and the entire process will be quick and easy - you will drive away in your new car without unnecessary paperwork.\n\nVEHICLE IS LOCATED IN Bratislava. More information is gladly available at phone number 0911 443 285 + WhatsApp Registration plate: BA515VF. MOT valid until: 2027-03-26. Technical inspection valid until: 2027-03-26.\n\nTechnical specifications\n\nManufacture date: 02\/09, 1991 cm\u00b3, 80kW (109 PS), Vehicle generation: , Drive: Front-wheel drive, Automatic transmission (continuous), Diesel, EURO 4, 5 doors, (5-seater), 113,300 km, Black, VIN WDD2452071J465164\n\nFuel consumption (l\/100km)\n\nUrban: 6.9, Extra urban: 4.9, Combined: 5.6\n\nLeasing possible, Purchased as new in Slovakia, Loan available","language":"cs","is_translated":true,"title_original":"Mercedes-Benz B trieda 180 CDI 2009 CVT\/1 80kW \/ AJ NA SPL\u00c1TKY \/ PROTI\u00da\u010cET","description_original":"Komisn\u00ed prodej - vozidlo kupujete p\u0159\u00edmo od majitele.\n\nProd\u00e1v\u00e1m Mercedes-Benz t\u0159\u00eddy B (verze 180 CDI) s naftov\u00fdm motorem o v\u00fdkonu 80 kilowatt\u016f a automatickou p\u0159evodovkou, rok v\u00fdroby 2009. Vozidlo bylo zakoupeno jako nov\u00e9 na Slovensku, sou\u010d\u00e1st\u00ed prodeje jsou dva kl\u00ed\u010de a kompletn\u00ed sez\u00f3nn\u00ed sady pneumatik. V\u016fz m\u00e1 n\u00edzk\u00fd po\u010det najet\u00fdch kilometr\u016f a pr\u00e1v\u011b pro\u0161el velk\u00fdm servisem: v roce 2025 p\u0159i najet\u00fdch 110 700 kilometrech byla provedena v\u00fdm\u011bna oleje v automatick\u00e9 p\u0159evodovce v\u010detn\u011b propl\u00e1chnut\u00ed a v\u00fdm\u011bny filtru, v\u00fdm\u011bna motorov\u00e9ho oleje se v\u0161emi filtry, instalace nov\u00e9ho termostatu a nov\u00fdch brzd v\u010detn\u011b brzdov\u00fdch kotou\u010d\u016f, brzdov\u00fdch desti\u010dek a n\u00e1boj\u016f na p\u0159edn\u00ed i zadn\u00ed n\u00e1prav\u011b. V roce 2026 \u00fadr\u017eba pokra\u010dovala mont\u00e1\u017e\u00ed nov\u00e9ho turbodmychadla, nov\u00fdch p\u0159edn\u00edch tlumi\u010d\u016f v\u010detn\u011b horn\u00edho uchycen\u00ed a lo\u017eisek a dopln\u011bn\u00edm chladiva do klimatizace.\n\nVozidlo pro\u0161lo kontrolou z\u00e1znam\u016f o poji\u0161t\u011bn\u00ed, exekuc\u00ed, m\u011b\u0159en\u00edm laku a kontrolou doklad\u016f. Zkontrolov\u00e1no fyzicky, tak\u00e9 prost\u0159ednictv\u00edm registru provozn\u00edch z\u00e1znam\u016f vozidla.\n\nNab\u00edz\u00edme v\u00fdhodn\u00e9 financov\u00e1n\u00ed na m\u011bs\u00ed\u010dn\u00ed spl\u00e1tky, tak\u017ee si sv\u016fj nov\u00fd v\u016fz m\u016f\u017eete u\u017e\u00edvat hned a bez \u010dek\u00e1n\u00ed s akontac\u00ed 0 % a spl\u00e1tkami a\u017e na 96 m\u011bs\u00edc\u016f.\n\nPokud ji\u017e v\u016fz vlastn\u00edte, nemus\u00edte se zab\u00fdvat jeho prodejem - na opl\u00e1tku si ho od v\u00e1s p\u0159\u00edmo vezmeme. Sta\u010d\u00ed, kdy\u017e k n\u00e1m s n\u00edm p\u0159ijdete, my ho ocen\u00edme a n\u00e1klady ode\u010dteme od hodnoty va\u0161eho nov\u00e9ho vozu. U\u0161et\u0159\u00edte tak \u010das, starosti i pen\u00edze a cel\u00fd proces bude rychl\u00fd a snadn\u00fd - odjedete rovnou ve sv\u00e9m nov\u00e9m voze bez zbyte\u010dn\u00e9ho pap\u00edrov\u00e1n\u00ed.\n\nVOZIDLO SE NACH\u00c1Z\u00cd V Bratislave. V\u00edce informac\u00ed v\u00e1m r\u00e1di poskytneme na telefonn\u00edm \u010d\u00edsle 0911 443 285 + Whatsapp E\u010cV: BA515VF. EK platn\u00e1 do: 2027-03-26. STK platn\u00e1 do: 2027-03-26.\n\nTechnick\u00e9 \u00fadaje\n\nv.v.: 02\/09, 1991cm\u00b3, 80kW (109PS), Generace vozidla: , Pohon: Pohon p\u0159edn\u00edch kol, Automatick\u00e1 p\u0159evodovka (bezst.), Diesel, EURO 4, 5 dv., (5-m\u00edstn\u00fd), 113 300km, \u010cern\u00e1, VIN WDD2452071J465164\n\nSpot\u0159eba vozidla (l\/100km)\n\nVe m\u011bst\u011b: 6.9, mimo m\u011bsto: 4.9, kombinovan\u00e1: 5.6\n\nMo\u017en\u00fd leasing, Jako nov\u00e9 koupen\u00e9 v SR, Mo\u017en\u00fd \u00fav\u011br","price":"193877.00","currency":"CZK","status":"active","noindex":true,"location":{"address":null,"full_address":null,"city":"Bratislava","country":"SK","latitude":48.1516988,"longitude":17.1093063},"metadata":{"vin":"WDD2452071J465164","fuel":"diesel","year":2009,"brand":"Mercedes-Benz","color":"Black","doors":5,"drive":"Front-wheel drive","model":"B trieda","seats":5,"region":"Bratislavsk\u00fd kraj","mileage":113300,"emisions":"Euro 4","features":["ABS","ESP","ISOFIX na zadn\u00edch sedadlech","Manu\u00e1ln\u00ed klimatizace","Centr\u00e1ln\u00ed zamyk\u00e1n\u00ed","P\u0159edn\u00ed el. stahovateln\u00e1 okna","Elektricky nastaviteln\u00e1 zp\u011btn\u00e1 zrc\u00e1tka","Centr\u00e1ln\u00ed zamyk\u00e1n\u00ed na d\u00e1lkov\u00e9 ovl\u00e1d\u00e1n\u00ed","Autor\u00e1dio","Multifunk\u010dn\u00ed volant","Lit\u00e1 kola","Mlhovky","Imobiliz\u00e9r","Palubn\u00ed po\u010d\u00edta\u010d","Tempomat","Elektricky vyh\u0159\u00edvan\u00e1 zp\u011btn\u00e1 zrc\u00e1tka","Sv\u011bteln\u00fd senzor","Zimn\u00ed sada kol","Zadn\u00ed parkovac\u00ed senzory","Mo\u017en\u00fd leasing","Ako nov\u00e9 k\u00fapen\u00e9 v SR","Mo\u017en\u00fd \u00faver","Ko\u017een\u00fd paket","Odo-pass","Asistent rozjezdu do kopce"],"power_kw":80,"body_type":"Hatchback","condition":"Used","transmission":"automatic","vat_deductible":false,"consumption_city":6.9,"translation_hash":"e5f09d0dc373e14081b1f4869db2de84bf9728de","vehicle_category":"car","engine_volume_cm3":1991,"first_registration":"2009-02-01","translation_status":"done","consumption_highway":4.9,"consumption_combined":5.6},"user_id":15,"is_sponsored":false,"views_count":16,"ai_views_count":7,"ai_vendor_counts":{"meta":4,"openai":2,"anthropic":1},"visibility":"public","submission_source":null,"submission_ai_name":null,"has_owner_email":true,"can_contact_owner":true,"phone":"0911 443 285","owner_email":"klacko@autorro.sk","user":{"id":15,"slug":"matej-klacko-15","name":"Matej Kla\u010dko","bio":"Makl\u00e9r. P\u016fsob\u00edm v Bratislave a okol\u00ed.\n\nP\u016fsobnost: Bratislava","nationality":"SK","languages":["cs","sk"],"service_areas":[],"card_style":null,"card_palette":null,"avatar_url":"https:\/\/cdn.assetlog.ai\/avatars\/15\/avatar_max.webp?v=1786535213","avatar_thumb_url":"https:\/\/cdn.assetlog.ai\/avatars\/15\/avatar_small.webp?v=1786535213","reviews_count":0,"avg_rating":null,"seller_badge":"silver","can_calendar":true,"joined_at":"2026-06-07T07:44:40+00:00","primary_intent":null,"seeking":[],"public_assets_count":38,"public_prompts_count":0,"followers_count":0},"images":[{"id":112642,"max":"https:\/\/cdn.assetlog.ai\/assets\/142835\/mercedes-benz-b-trieda-180-cdi-2009-cvt1-80kw-aj-na-splatky-protiucet_1_max.webp","medium":"https:\/\/cdn.assetlog.ai\/assets\/142835\/mercedes-benz-b-trieda-180-cdi-2009-cvt1-80kw-aj-na-splatky-protiucet_1_medium.webp","small":"https:\/\/cdn.assetlog.ai\/assets\/142835\/mercedes-benz-b-trieda-180-cdi-2009-cvt1-80kw-aj-na-splatky-protiucet_1_small.webp"},{"id":112643,"max":"https:\/\/cdn.assetlog.ai\/assets\/142835\/mercedes-benz-b-trieda-180-cdi-2009-cvt1-80kw-aj-na-splatky-protiucet_2_max.webp","medium":"https:\/\/cdn.assetlog.ai\/assets\/142835\/mercedes-benz-b-trieda-180-cdi-2009-cvt1-80kw-aj-na-splatky-protiucet_2_medium.webp","small":"https:\/\/cdn.assetlog.ai\/assets\/142835\/mercedes-benz-b-trieda-180-cdi-2009-cvt1-80kw-aj-na-splatky-protiucet_2_small.webp"},{"id":112644,"max":"https:\/\/cdn.assetlog.ai\/assets\/142835\/mercedes-benz-b-trieda-180-cdi-2009-cvt1-80kw-aj-na-splatky-protiucet_3_max.webp","medium":"https:\/\/cdn.assetlog.ai\/assets\/142835\/mercedes-benz-b-trieda-180-cdi-2009-cvt1-80kw-aj-na-splatky-protiucet_3_medium.webp","small":"https:\/\/cdn.assetlog.ai\/assets\/142835\/mercedes-benz-b-trieda-180-cdi-2009-cvt1-80kw-aj-na-splatky-protiucet_3_small.webp"},{"id":112645,"max":"https:\/\/cdn.assetlog.ai\/assets\/142835\/mercedes-benz-b-trieda-180-cdi-2009-cvt1-80kw-aj-na-splatky-protiucet_4_max.webp","medium":"https:\/\/cdn.assetlog.ai\/assets\/142835\/mercedes-benz-b-trieda-180-cdi-2009-cvt1-80kw-aj-na-splatky-protiucet_4_medium.webp","small":"https:\/\/cdn.assetlog.ai\/assets\/142835\/mercedes-benz-b-trieda-180-cdi-2009-cvt1-80kw-aj-na-splatky-protiucet_4_small.webp"},{"id":112646,"max":"https:\/\/cdn.assetlog.ai\/assets\/142835\/mercedes-benz-b-trieda-180-cdi-2009-cvt1-80kw-aj-na-splatky-protiucet_5_max.webp","medium":"https:\/\/cdn.assetlog.ai\/assets\/142835\/mercedes-benz-b-trieda-180-cdi-2009-cvt1-80kw-aj-na-splatky-protiucet_5_medium.webp","small":"https:\/\/cdn.assetlog.ai\/assets\/142835\/mercedes-benz-b-trieda-180-cdi-2009-cvt1-80kw-aj-na-splatky-protiucet_5_small.webp"},{"id":112647,"max":"https:\/\/cdn.assetlog.ai\/assets\/142835\/mercedes-benz-b-trieda-180-cdi-2009-cvt1-80kw-aj-na-splatky-protiucet_6_max.webp","medium":"https:\/\/cdn.assetlog.ai\/assets\/142835\/mercedes-benz-b-trieda-180-cdi-2009-cvt1-80kw-aj-na-splatky-protiucet_6_medium.webp","small":"https:\/\/cdn.assetlog.ai\/assets\/142835\/mercedes-benz-b-trieda-180-cdi-2009-cvt1-80kw-aj-na-splatky-protiucet_6_small.webp"},{"id":112648,"max":"https:\/\/cdn.assetlog.ai\/assets\/142835\/mercedes-benz-b-trieda-180-cdi-2009-cvt1-80kw-aj-na-splatky-protiucet_7_max.webp","medium":"https:\/\/cdn.assetlog.ai\/assets\/142835\/mercedes-benz-b-trieda-180-cdi-2009-cvt1-80kw-aj-na-splatky-protiucet_7_medium.webp","small":"https:\/\/cdn.assetlog.ai\/assets\/142835\/mercedes-benz-b-trieda-180-cdi-2009-cvt1-80kw-aj-na-splatky-protiucet_7_small.webp"},{"id":112649,"max":"https:\/\/cdn.assetlog.ai\/assets\/142835\/mercedes-benz-b-trieda-180-cdi-2009-cvt1-80kw-aj-na-splatky-protiucet_8_max.webp","medium":"https:\/\/cdn.assetlog.ai\/assets\/142835\/mercedes-benz-b-trieda-180-cdi-2009-cvt1-80kw-aj-na-splatky-protiucet_8_medium.webp","small":"https:\/\/cdn.assetlog.ai\/assets\/142835\/mercedes-benz-b-trieda-180-cdi-2009-cvt1-80kw-aj-na-splatky-protiucet_8_small.webp"},{"id":112650,"max":"https:\/\/cdn.assetlog.ai\/assets\/142835\/mercedes-benz-b-trieda-180-cdi-2009-cvt1-80kw-aj-na-splatky-protiucet_9_max.webp","medium":"https:\/\/cdn.assetlog.ai\/assets\/142835\/mercedes-benz-b-trieda-180-cdi-2009-cvt1-80kw-aj-na-splatky-protiucet_9_medium.webp","small":"https:\/\/cdn.assetlog.ai\/assets\/142835\/mercedes-benz-b-trieda-180-cdi-2009-cvt1-80kw-aj-na-splatky-protiucet_9_small.webp"},{"id":112651,"max":"https:\/\/cdn.assetlog.ai\/assets\/142835\/mercedes-benz-b-trieda-180-cdi-2009-cvt1-80kw-aj-na-splatky-protiucet_10_max.webp","medium":"https:\/\/cdn.assetlog.ai\/assets\/142835\/mercedes-benz-b-trieda-180-cdi-2009-cvt1-80kw-aj-na-splatky-protiucet_10_medium.webp","small":"https:\/\/cdn.assetlog.ai\/assets\/142835\/mercedes-benz-b-trieda-180-cdi-2009-cvt1-80kw-aj-na-splatky-protiucet_10_small.webp"},{"id":112652,"max":"https:\/\/cdn.assetlog.ai\/assets\/142835\/mercedes-benz-b-trieda-180-cdi-2009-cvt1-80kw-aj-na-splatky-protiucet_11_max.webp","medium":"https:\/\/cdn.assetlog.ai\/assets\/142835\/mercedes-benz-b-trieda-180-cdi-2009-cvt1-80kw-aj-na-splatky-protiucet_11_medium.webp","small":"https:\/\/cdn.assetlog.ai\/assets\/142835\/mercedes-benz-b-trieda-180-cdi-2009-cvt1-80kw-aj-na-splatky-protiucet_11_small.webp"},{"id":112653,"max":"https:\/\/cdn.assetlog.ai\/assets\/142835\/mercedes-benz-b-trieda-180-cdi-2009-cvt1-80kw-aj-na-splatky-protiucet_12_max.webp","medium":"https:\/\/cdn.assetlog.ai\/assets\/142835\/mercedes-benz-b-trieda-180-cdi-2009-cvt1-80kw-aj-na-splatky-protiucet_12_medium.webp","small":"https:\/\/cdn.assetlog.ai\/assets\/142835\/mercedes-benz-b-trieda-180-cdi-2009-cvt1-80kw-aj-na-splatky-protiucet_12_small.webp"},{"id":112654,"max":"https:\/\/cdn.assetlog.ai\/assets\/142835\/mercedes-benz-b-trieda-180-cdi-2009-cvt1-80kw-aj-na-splatky-protiucet_13_max.webp","medium":"https:\/\/cdn.assetlog.ai\/assets\/142835\/mercedes-benz-b-trieda-180-cdi-2009-cvt1-80kw-aj-na-splatky-protiucet_13_medium.webp","small":"https:\/\/cdn.assetlog.ai\/assets\/142835\/mercedes-benz-b-trieda-180-cdi-2009-cvt1-80kw-aj-na-splatky-protiucet_13_small.webp"},{"id":112655,"max":"https:\/\/cdn.assetlog.ai\/assets\/142835\/mercedes-benz-b-trieda-180-cdi-2009-cvt1-80kw-aj-na-splatky-protiucet_14_max.webp","medium":"https:\/\/cdn.assetlog.ai\/assets\/142835\/mercedes-benz-b-trieda-180-cdi-2009-cvt1-80kw-aj-na-splatky-protiucet_14_medium.webp","small":"https:\/\/cdn.assetlog.ai\/assets\/142835\/mercedes-benz-b-trieda-180-cdi-2009-cvt1-80kw-aj-na-splatky-protiucet_14_small.webp"},{"id":112656,"max":"https:\/\/cdn.assetlog.ai\/assets\/142835\/mercedes-benz-b-trieda-180-cdi-2009-cvt1-80kw-aj-na-splatky-protiucet_15_max.webp","medium":"https:\/\/cdn.assetlog.ai\/assets\/142835\/mercedes-benz-b-trieda-180-cdi-2009-cvt1-80kw-aj-na-splatky-protiucet_15_medium.webp","small":"https:\/\/cdn.assetlog.ai\/assets\/142835\/mercedes-benz-b-trieda-180-cdi-2009-cvt1-80kw-aj-na-splatky-protiucet_15_small.webp"},{"id":112657,"max":"https:\/\/cdn.assetlog.ai\/assets\/142835\/mercedes-benz-b-trieda-180-cdi-2009-cvt1-80kw-aj-na-splatky-protiucet_16_max.webp","medium":"https:\/\/cdn.assetlog.ai\/assets\/142835\/mercedes-benz-b-trieda-180-cdi-2009-cvt1-80kw-aj-na-splatky-protiucet_16_medium.webp","small":"https:\/\/cdn.assetlog.ai\/assets\/142835\/mercedes-benz-b-trieda-180-cdi-2009-cvt1-80kw-aj-na-splatky-protiucet_16_small.webp"},{"id":112658,"max":"https:\/\/cdn.assetlog.ai\/assets\/142835\/mercedes-benz-b-trieda-180-cdi-2009-cvt1-80kw-aj-na-splatky-protiucet_17_max.webp","medium":"https:\/\/cdn.assetlog.ai\/assets\/142835\/mercedes-benz-b-trieda-180-cdi-2009-cvt1-80kw-aj-na-splatky-protiucet_17_medium.webp","small":"https:\/\/cdn.assetlog.ai\/assets\/142835\/mercedes-benz-b-trieda-180-cdi-2009-cvt1-80kw-aj-na-splatky-protiucet_17_small.webp"},{"id":112659,"max":"https:\/\/cdn.assetlog.ai\/assets\/142835\/mercedes-benz-b-trieda-180-cdi-2009-cvt1-80kw-aj-na-splatky-protiucet_18_max.webp","medium":"https:\/\/cdn.assetlog.ai\/assets\/142835\/mercedes-benz-b-trieda-180-cdi-2009-cvt1-80kw-aj-na-splatky-protiucet_18_medium.webp","small":"https:\/\/cdn.assetlog.ai\/assets\/142835\/mercedes-benz-b-trieda-180-cdi-2009-cvt1-80kw-aj-na-splatky-protiucet_18_small.webp"},{"id":112660,"max":"https:\/\/cdn.assetlog.ai\/assets\/142835\/mercedes-benz-b-trieda-180-cdi-2009-cvt1-80kw-aj-na-splatky-protiucet_19_max.webp","medium":"https:\/\/cdn.assetlog.ai\/assets\/142835\/mercedes-benz-b-trieda-180-cdi-2009-cvt1-80kw-aj-na-splatky-protiucet_19_medium.webp","small":"https:\/\/cdn.assetlog.ai\/assets\/142835\/mercedes-benz-b-trieda-180-cdi-2009-cvt1-80kw-aj-na-splatky-protiucet_19_small.webp"},{"id":112661,"max":"https:\/\/cdn.assetlog.ai\/assets\/142835\/mercedes-benz-b-trieda-180-cdi-2009-cvt1-80kw-aj-na-splatky-protiucet_20_max.webp","medium":"https:\/\/cdn.assetlog.ai\/assets\/142835\/mercedes-benz-b-trieda-180-cdi-2009-cvt1-80kw-aj-na-splatky-protiucet_20_medium.webp","small":"https:\/\/cdn.assetlog.ai\/assets\/142835\/mercedes-benz-b-trieda-180-cdi-2009-cvt1-80kw-aj-na-splatky-protiucet_20_small.webp"},{"id":112662,"max":"https:\/\/cdn.assetlog.ai\/assets\/142835\/mercedes-benz-b-trieda-180-cdi-2009-cvt1-80kw-aj-na-splatky-protiucet_21_max.webp","medium":"https:\/\/cdn.assetlog.ai\/assets\/142835\/mercedes-benz-b-trieda-180-cdi-2009-cvt1-80kw-aj-na-splatky-protiucet_21_medium.webp","small":"https:\/\/cdn.assetlog.ai\/assets\/142835\/mercedes-benz-b-trieda-180-cdi-2009-cvt1-80kw-aj-na-splatky-protiucet_21_small.webp"},{"id":112663,"max":"https:\/\/cdn.assetlog.ai\/assets\/142835\/mercedes-benz-b-trieda-180-cdi-2009-cvt1-80kw-aj-na-splatky-protiucet_22_max.webp","medium":"https:\/\/cdn.assetlog.ai\/assets\/142835\/mercedes-benz-b-trieda-180-cdi-2009-cvt1-80kw-aj-na-splatky-protiucet_22_medium.webp","small":"https:\/\/cdn.assetlog.ai\/assets\/142835\/mercedes-benz-b-trieda-180-cdi-2009-cvt1-80kw-aj-na-splatky-protiucet_22_small.webp"},{"id":112664,"max":"https:\/\/cdn.assetlog.ai\/assets\/142835\/mercedes-benz-b-trieda-180-cdi-2009-cvt1-80kw-aj-na-splatky-protiucet_23_max.webp","medium":"https:\/\/cdn.assetlog.ai\/assets\/142835\/mercedes-benz-b-trieda-180-cdi-2009-cvt1-80kw-aj-na-splatky-protiucet_23_medium.webp","small":"https:\/\/cdn.assetlog.ai\/assets\/142835\/mercedes-benz-b-trieda-180-cdi-2009-cvt1-80kw-aj-na-splatky-protiucet_23_small.webp"},{"id":112665,"max":"https:\/\/cdn.assetlog.ai\/assets\/142835\/mercedes-benz-b-trieda-180-cdi-2009-cvt1-80kw-aj-na-splatky-protiucet_24_max.webp","medium":"https:\/\/cdn.assetlog.ai\/assets\/142835\/mercedes-benz-b-trieda-180-cdi-2009-cvt1-80kw-aj-na-splatky-protiucet_24_medium.webp","small":"https:\/\/cdn.assetlog.ai\/assets\/142835\/mercedes-benz-b-trieda-180-cdi-2009-cvt1-80kw-aj-na-splatky-protiucet_24_small.webp"},{"id":112666,"max":"https:\/\/cdn.assetlog.ai\/assets\/142835\/mercedes-benz-b-trieda-180-cdi-2009-cvt1-80kw-aj-na-splatky-protiucet_25_max.webp","medium":"https:\/\/cdn.assetlog.ai\/assets\/142835\/mercedes-benz-b-trieda-180-cdi-2009-cvt1-80kw-aj-na-splatky-protiucet_25_medium.webp","small":"https:\/\/cdn.assetlog.ai\/assets\/142835\/mercedes-benz-b-trieda-180-cdi-2009-cvt1-80kw-aj-na-splatky-protiucet_25_small.webp"},{"id":112667,"max":"https:\/\/cdn.assetlog.ai\/assets\/142835\/mercedes-benz-b-trieda-180-cdi-2009-cvt1-80kw-aj-na-splatky-protiucet_26_max.webp","medium":"https:\/\/cdn.assetlog.ai\/assets\/142835\/mercedes-benz-b-trieda-180-cdi-2009-cvt1-80kw-aj-na-splatky-protiucet_26_medium.webp","small":"https:\/\/cdn.assetlog.ai\/assets\/142835\/mercedes-benz-b-trieda-180-cdi-2009-cvt1-80kw-aj-na-splatky-protiucet_26_small.webp"},{"id":112668,"max":"https:\/\/cdn.assetlog.ai\/assets\/142835\/mercedes-benz-b-trieda-180-cdi-2009-cvt1-80kw-aj-na-splatky-protiucet_27_max.webp","medium":"https:\/\/cdn.assetlog.ai\/assets\/142835\/mercedes-benz-b-trieda-180-cdi-2009-cvt1-80kw-aj-na-splatky-protiucet_27_medium.webp","small":"https:\/\/cdn.assetlog.ai\/assets\/142835\/mercedes-benz-b-trieda-180-cdi-2009-cvt1-80kw-aj-na-splatky-protiucet_27_small.webp"},{"id":112669,"max":"https:\/\/cdn.assetlog.ai\/assets\/142835\/mercedes-benz-b-trieda-180-cdi-2009-cvt1-80kw-aj-na-splatky-protiucet_28_max.webp","medium":"https:\/\/cdn.assetlog.ai\/assets\/142835\/mercedes-benz-b-trieda-180-cdi-2009-cvt1-80kw-aj-na-splatky-protiucet_28_medium.webp","small":"https:\/\/cdn.assetlog.ai\/assets\/142835\/mercedes-benz-b-trieda-180-cdi-2009-cvt1-80kw-aj-na-splatky-protiucet_28_small.webp"},{"id":112670,"max":"https:\/\/cdn.assetlog.ai\/assets\/142835\/mercedes-benz-b-trieda-180-cdi-2009-cvt1-80kw-aj-na-splatky-protiucet_29_max.webp","medium":"https:\/\/cdn.assetlog.ai\/assets\/142835\/mercedes-benz-b-trieda-180-cdi-2009-cvt1-80kw-aj-na-splatky-protiucet_29_medium.webp","small":"https:\/\/cdn.assetlog.ai\/assets\/142835\/mercedes-benz-b-trieda-180-cdi-2009-cvt1-80kw-aj-na-splatky-protiucet_29_small.webp"}],"published_at":null,"expires_at":null,"created_at":"2026-08-10T03:40:05+00:00","updated_at":"2026-09-01T03:41:24+00:00"}}