{"data":{"id":163624,"slug":"mercedes-benz-c-trieda-kombi-180d-85kw-at7-rwd-aj-na-splatky-protiucet","type":"vehicle","title":"Mercedes-Benz C Class Estate 180d 85kW AT\/7 RWD \/ AVAILABLE ON INSTALLMENTS \/ TRADE-IN ACCEPTED","description":"Commission sale - you purchase the vehicle directly from the owner.\n\nI am selling a Mercedes-Benz C 180 d, manufactured in 2016, with the option of VAT deduction. The vehicle was purchased as new in Slovakia, and the sale includes two keys, service booklet, and complete service history. The sale includes seasonal tire change and the vehicle also comes with roof rails and an original white Mercedes-Benz roof box. The vehicle has been serviced, and at 150,000 kilometers, the brake discs and brake pads were completely replaced.\n\nThe vehicle has passed an insurance records check, execution check, paint measurement, and document verification. Physically inspected and also verified through the vehicle operation records registry.\n\nWe offer favorable financing in monthly installments, so you can enjoy your new car right away without waiting, with 0% down payment and installments up to 96 months.\n\nFor your greater comfort and peace of mind, we can provide an extended warranty of up to 12-36 months.\n\nIf you already own a car, you don't need to worry about selling it - in return, we will take it directly from you. Just come to us with it, we will evaluate it and deduct the costs from the value of your new car. You will save time, worry, and money, and the entire process will be quick and easy - you will drive away in your new car without unnecessary paperwork.\n\nTHE VEHICLE IS LOCATED IN \u017dilina. We are happy to provide you with more information at phone number 0915 606 702. Registration number: ZA651HN. Valid emission certificate until: 2026-12-12. Valid inspection until: 2026-12-12.\n\nTechnical Data\n\nYear: 12\/16, 1598 cm\u00b3, 85 kW (116 PS), Drive: Rear-wheel drive, Automatic transmission (7-speed), Diesel, EURO 6, 5 doors, (5-seater), 172,047 km, White, VIN WDD2052361F503417\n\nFuel Consumption (l\/100 km)\n\nUrban: 5.5, Extra-urban: 4.1, Combined: 4.6\n\nService booklet, Leasing possible, Purchased as new in Slovakia, VAT deduction possible, Loan possible, Complete service history","language":"cs","is_translated":true,"title_original":"Mercedes-Benz C trieda Kombi 180d 85kW AT\/7 RWD \/ AJ NA SPL\u00c1TKY \/ PROTI\u00da\u010cET","description_original":"Komisn\u00ed prodej - vozidlo kupujete p\u0159\u00edmo od majitele.\n\nProd\u00e1v\u00e1m Mercedes-Benz C 180 d, rok v\u00fdroby 2016, s mo\u017enost\u00ed odpo\u010dtu DPH. Vozidlo bylo zakoupeno jako nov\u00e9 na Slovensku, sou\u010d\u00e1st\u00ed prodeje jsou dva kl\u00ed\u010de, servisn\u00ed kn\u00ed\u017eka a kompletn\u00ed servisn\u00ed historie. Sou\u010d\u00e1st\u00ed prodeje je sez\u00f3nn\u00ed v\u00fdm\u011bna pneumatik a k vozidlu jsou k dispozici tak\u00e9 st\u0159e\u0161n\u00ed li\u017einy spolu s origin\u00e1ln\u00edm b\u00edl\u00fdm st\u0159e\u0161n\u00edm boxem Mercedes-Benz. Vozidlo bylo servisov\u00e1no, p\u0159i\u010dem\u017e p\u0159i najet\u00fdch 150 000 kilometrech byly kompletn\u011b vym\u011bn\u011bny brzdov\u00e9 kotou\u010de i brzdov\u00e9 desti\u010dky\n\nVozidlo pro\u0161lo kontrolou z\u00e1znam\u016f o poji\u0161t\u011bn\u00ed, exekuc\u00ed, m\u011b\u0159en\u00edm laku a kontrolou doklad\u016f. Zkontrolov\u00e1no fyzicky, tak\u00e9 prost\u0159ednictv\u00edm registru provozn\u00edch z\u00e1znam\u016f vozidla.\n\nNab\u00edz\u00edme v\u00fdhodn\u00e9 financov\u00e1n\u00ed na m\u011bs\u00ed\u010dn\u00ed spl\u00e1tky, tak\u017ee si sv\u016fj nov\u00fd v\u016fz m\u016f\u017eete u\u017e\u00edvat hned a bez \u010dek\u00e1n\u00ed s akontac\u00ed 0 % a spl\u00e1tkami a\u017e na 96 m\u011bs\u00edc\u016f.\n\nPro va\u0161e v\u011bt\u0161\u00ed pohodl\u00ed a jistotu v\u00e1m m\u016f\u017eeme poskytnout prodlou\u017eenou z\u00e1ruku a\u017e na 12-36 m\u011bs\u00edc\u016f.\n\nPokud ji\u017e v\u016fz vlastn\u00edte, nemus\u00edte se zab\u00fdvat jeho prodejem - na opl\u00e1tku si ho od v\u00e1s p\u0159\u00edmo vezmeme. Sta\u010d\u00ed, kdy\u017e k n\u00e1m s n\u00edm p\u0159ijdete, my ho ocen\u00edme a n\u00e1klady ode\u010dteme od hodnoty va\u0161eho nov\u00e9ho vozu. U\u0161et\u0159\u00edte tak \u010das, starosti i pen\u00edze a cel\u00fd proces bude rychl\u00fd a snadn\u00fd - odjedete rovnou ve sv\u00e9m nov\u00e9m voze bez zbyte\u010dn\u00e9ho pap\u00edrov\u00e1n\u00ed.\n\nVOZIDLO SE NACH\u00c1Z\u00cd V \u017diline. V\u00edce informac\u00ed v\u00e1m r\u00e1di poskytneme na telefonn\u00edm \u010d\u00edsle 0915 606 702. E\u010cV: ZA651HN. EK platn\u00e1 do: 2026-12-12. STK platn\u00e1 do: 2026-12-12.\n\nTechnick\u00e9 \u00fadaje\n\nv.v.: 12\/16, 1598cm\u00b3, 85kW (116PS), Pohon: Pohon zadn\u00edch kol, Automatick\u00e1 p\u0159evodovka (7 st.), Diesel, EURO 6, 5 dv., (5-m\u00edstn\u00fd), 172 047km, B\u00edl\u00e1, VIN WDD2052361F503417\n\nSpot\u0159eba vozidla (l\/100km)\n\nVe m\u011bst\u011b: 5.5, mimo m\u011bsto: 4.1, kombinovan\u00e1: 4.6\n\nServisn\u00ed kn\u00ed\u017eka, Mo\u017en\u00fd leasing, Jako nov\u00e9 koupen\u00e9 v SR, Mo\u017en\u00fd odpo\u010det DPH, Mo\u017en\u00fd \u00fav\u011br, \u00dapln\u00e1 servisn\u00ed historie","price":"331717.00","currency":"CZK","status":"active","noindex":true,"location":{"address":null,"full_address":null,"city":"\u017dilina","country":"SK","latitude":49.2234674,"longitude":18.7393139},"metadata":{"vin":"WDD2052361F503417","fuel":"diesel","year":2016,"brand":"Mercedes-Benz","color":"White","doors":5,"drive":"Rear-wheel drive","model":"C trieda T","seats":5,"region":"\u017dilinsk\u00fd kraj","mileage":172047,"emisions":"Euro 6","features":["Alarm","EBD\/EBV","Posilova\u010d \u0159\u00edzen\u00ed","ABS","ESP","Brzdov\u00fd asistent (EBA, BAS)","ISOFIX na zadn\u00edch sedadlech","Nat\u00e1\u010dec\u00ed sv\u011btlomety","Senzor tlaku","Asistent d\u00e1lkov\u00fdch sv\u011btel (HBA)","Centr\u00e1ln\u00ed zamyk\u00e1n\u00ed","Zadn\u00ed el. stahovateln\u00e1 okna","Elektricky nastaviteln\u00e1 zp\u011btn\u00e1 zrc\u00e1tka","Automatick\u00e1 2-z\u00f3nov\u00e1 klimatizace","Centr\u00e1ln\u00ed zamyk\u00e1n\u00ed na d\u00e1lkov\u00e9 ovl\u00e1d\u00e1n\u00ed","Autor\u00e1dio","Multifunk\u010dn\u00ed volant","Loketn\u00ed op\u011brka vp\u0159edu","Start\/Stop syst\u00e9m","Lit\u00e1 kola","Palubn\u00ed po\u010d\u00edta\u010d","Automatick\u00e9 parkov\u00e1n\u00ed","St\u0159e\u0161n\u00ed nosi\u010d","Tempomat","Vyh\u0159\u00edvan\u00e1 sedadla","Senzor st\u011bra\u010d\u016f","Sv\u011bteln\u00fd senzor","Zimn\u00ed sada kol","P\u0159edn\u00ed a zadn\u00ed parkovac\u00ed senzory","Bluetooth","Denn\u00ed sv\u00edcen\u00ed","LED sv\u011btlomety","Serv. kni\u017eka","Mo\u017en\u00fd leasing","Ako nov\u00e9 k\u00fapen\u00e9 v SR","Mo\u017en\u00fd odpo\u010det DPH","Mo\u017en\u00fd \u00faver","\u00dapln\u00e1 servisn\u00e1 hist\u00f3ria","Ko\u017een\u00fd paket","Odo-pass","Asistent rozjezdu do kopce"],"power_kw":85,"body_type":"Estate","condition":"Used","transmission":"automatic","vat_deductible":true,"consumption_city":5.5,"translation_hash":"c9ab47538691425ee3cb274b2e2b9c06a4d952c2","vehicle_category":"car","engine_volume_cm3":1598,"first_registration":"2016-12-01","translation_status":"done","consumption_highway":4.1,"consumption_combined":4.6},"user_id":51,"is_sponsored":false,"views_count":10,"ai_views_count":11,"ai_vendor_counts":{"meta":7,"other":1,"openai":2,"anthropic":1},"visibility":"public","submission_source":null,"submission_ai_name":null,"has_owner_email":true,"can_contact_owner":true,"phone":"0915 606 702","owner_email":"gazo@autorro.sk","user":{"id":51,"slug":"matej-gazo-51","name":"Matej Ga\u017eo","bio":"Makl\u00e9r. P\u016fsob\u00edm v \u017diline a okol\u00ed.\n\nP\u016fsobnost: \u017dilina","nationality":"SK","languages":["cs","sk"],"service_areas":[],"card_style":null,"card_palette":null,"avatar_url":"https:\/\/cdn.assetlog.ai\/avatars\/51\/avatar_max.webp?v=1786535213","avatar_thumb_url":"https:\/\/cdn.assetlog.ai\/avatars\/51\/avatar_small.webp?v=1786535213","reviews_count":0,"avg_rating":null,"seller_badge":"silver","can_calendar":true,"joined_at":"2026-06-07T14:20:25+00:00","primary_intent":null,"seeking":[],"public_assets_count":30,"public_prompts_count":0,"followers_count":0},"images":[{"id":133647,"max":"https:\/\/cdn.assetlog.ai\/assets\/163624\/mercedes-benz-c-trieda-kombi-180d-85kw-at7-rwd-aj-na-splatky-protiucet_1_max.webp","medium":"https:\/\/cdn.assetlog.ai\/assets\/163624\/mercedes-benz-c-trieda-kombi-180d-85kw-at7-rwd-aj-na-splatky-protiucet_1_medium.webp","small":"https:\/\/cdn.assetlog.ai\/assets\/163624\/mercedes-benz-c-trieda-kombi-180d-85kw-at7-rwd-aj-na-splatky-protiucet_1_small.webp"},{"id":133648,"max":"https:\/\/cdn.assetlog.ai\/assets\/163624\/mercedes-benz-c-trieda-kombi-180d-85kw-at7-rwd-aj-na-splatky-protiucet_2_max.webp","medium":"https:\/\/cdn.assetlog.ai\/assets\/163624\/mercedes-benz-c-trieda-kombi-180d-85kw-at7-rwd-aj-na-splatky-protiucet_2_medium.webp","small":"https:\/\/cdn.assetlog.ai\/assets\/163624\/mercedes-benz-c-trieda-kombi-180d-85kw-at7-rwd-aj-na-splatky-protiucet_2_small.webp"},{"id":133649,"max":"https:\/\/cdn.assetlog.ai\/assets\/163624\/mercedes-benz-c-trieda-kombi-180d-85kw-at7-rwd-aj-na-splatky-protiucet_3_max.webp","medium":"https:\/\/cdn.assetlog.ai\/assets\/163624\/mercedes-benz-c-trieda-kombi-180d-85kw-at7-rwd-aj-na-splatky-protiucet_3_medium.webp","small":"https:\/\/cdn.assetlog.ai\/assets\/163624\/mercedes-benz-c-trieda-kombi-180d-85kw-at7-rwd-aj-na-splatky-protiucet_3_small.webp"},{"id":133650,"max":"https:\/\/cdn.assetlog.ai\/assets\/163624\/mercedes-benz-c-trieda-kombi-180d-85kw-at7-rwd-aj-na-splatky-protiucet_4_max.webp","medium":"https:\/\/cdn.assetlog.ai\/assets\/163624\/mercedes-benz-c-trieda-kombi-180d-85kw-at7-rwd-aj-na-splatky-protiucet_4_medium.webp","small":"https:\/\/cdn.assetlog.ai\/assets\/163624\/mercedes-benz-c-trieda-kombi-180d-85kw-at7-rwd-aj-na-splatky-protiucet_4_small.webp"},{"id":133651,"max":"https:\/\/cdn.assetlog.ai\/assets\/163624\/mercedes-benz-c-trieda-kombi-180d-85kw-at7-rwd-aj-na-splatky-protiucet_5_max.webp","medium":"https:\/\/cdn.assetlog.ai\/assets\/163624\/mercedes-benz-c-trieda-kombi-180d-85kw-at7-rwd-aj-na-splatky-protiucet_5_medium.webp","small":"https:\/\/cdn.assetlog.ai\/assets\/163624\/mercedes-benz-c-trieda-kombi-180d-85kw-at7-rwd-aj-na-splatky-protiucet_5_small.webp"},{"id":133652,"max":"https:\/\/cdn.assetlog.ai\/assets\/163624\/mercedes-benz-c-trieda-kombi-180d-85kw-at7-rwd-aj-na-splatky-protiucet_6_max.webp","medium":"https:\/\/cdn.assetlog.ai\/assets\/163624\/mercedes-benz-c-trieda-kombi-180d-85kw-at7-rwd-aj-na-splatky-protiucet_6_medium.webp","small":"https:\/\/cdn.assetlog.ai\/assets\/163624\/mercedes-benz-c-trieda-kombi-180d-85kw-at7-rwd-aj-na-splatky-protiucet_6_small.webp"},{"id":133653,"max":"https:\/\/cdn.assetlog.ai\/assets\/163624\/mercedes-benz-c-trieda-kombi-180d-85kw-at7-rwd-aj-na-splatky-protiucet_7_max.webp","medium":"https:\/\/cdn.assetlog.ai\/assets\/163624\/mercedes-benz-c-trieda-kombi-180d-85kw-at7-rwd-aj-na-splatky-protiucet_7_medium.webp","small":"https:\/\/cdn.assetlog.ai\/assets\/163624\/mercedes-benz-c-trieda-kombi-180d-85kw-at7-rwd-aj-na-splatky-protiucet_7_small.webp"},{"id":133654,"max":"https:\/\/cdn.assetlog.ai\/assets\/163624\/mercedes-benz-c-trieda-kombi-180d-85kw-at7-rwd-aj-na-splatky-protiucet_8_max.webp","medium":"https:\/\/cdn.assetlog.ai\/assets\/163624\/mercedes-benz-c-trieda-kombi-180d-85kw-at7-rwd-aj-na-splatky-protiucet_8_medium.webp","small":"https:\/\/cdn.assetlog.ai\/assets\/163624\/mercedes-benz-c-trieda-kombi-180d-85kw-at7-rwd-aj-na-splatky-protiucet_8_small.webp"},{"id":133655,"max":"https:\/\/cdn.assetlog.ai\/assets\/163624\/mercedes-benz-c-trieda-kombi-180d-85kw-at7-rwd-aj-na-splatky-protiucet_9_max.webp","medium":"https:\/\/cdn.assetlog.ai\/assets\/163624\/mercedes-benz-c-trieda-kombi-180d-85kw-at7-rwd-aj-na-splatky-protiucet_9_medium.webp","small":"https:\/\/cdn.assetlog.ai\/assets\/163624\/mercedes-benz-c-trieda-kombi-180d-85kw-at7-rwd-aj-na-splatky-protiucet_9_small.webp"},{"id":133656,"max":"https:\/\/cdn.assetlog.ai\/assets\/163624\/mercedes-benz-c-trieda-kombi-180d-85kw-at7-rwd-aj-na-splatky-protiucet_10_max.webp","medium":"https:\/\/cdn.assetlog.ai\/assets\/163624\/mercedes-benz-c-trieda-kombi-180d-85kw-at7-rwd-aj-na-splatky-protiucet_10_medium.webp","small":"https:\/\/cdn.assetlog.ai\/assets\/163624\/mercedes-benz-c-trieda-kombi-180d-85kw-at7-rwd-aj-na-splatky-protiucet_10_small.webp"},{"id":133657,"max":"https:\/\/cdn.assetlog.ai\/assets\/163624\/mercedes-benz-c-trieda-kombi-180d-85kw-at7-rwd-aj-na-splatky-protiucet_11_max.webp","medium":"https:\/\/cdn.assetlog.ai\/assets\/163624\/mercedes-benz-c-trieda-kombi-180d-85kw-at7-rwd-aj-na-splatky-protiucet_11_medium.webp","small":"https:\/\/cdn.assetlog.ai\/assets\/163624\/mercedes-benz-c-trieda-kombi-180d-85kw-at7-rwd-aj-na-splatky-protiucet_11_small.webp"},{"id":133658,"max":"https:\/\/cdn.assetlog.ai\/assets\/163624\/mercedes-benz-c-trieda-kombi-180d-85kw-at7-rwd-aj-na-splatky-protiucet_12_max.webp","medium":"https:\/\/cdn.assetlog.ai\/assets\/163624\/mercedes-benz-c-trieda-kombi-180d-85kw-at7-rwd-aj-na-splatky-protiucet_12_medium.webp","small":"https:\/\/cdn.assetlog.ai\/assets\/163624\/mercedes-benz-c-trieda-kombi-180d-85kw-at7-rwd-aj-na-splatky-protiucet_12_small.webp"},{"id":133659,"max":"https:\/\/cdn.assetlog.ai\/assets\/163624\/mercedes-benz-c-trieda-kombi-180d-85kw-at7-rwd-aj-na-splatky-protiucet_13_max.webp","medium":"https:\/\/cdn.assetlog.ai\/assets\/163624\/mercedes-benz-c-trieda-kombi-180d-85kw-at7-rwd-aj-na-splatky-protiucet_13_medium.webp","small":"https:\/\/cdn.assetlog.ai\/assets\/163624\/mercedes-benz-c-trieda-kombi-180d-85kw-at7-rwd-aj-na-splatky-protiucet_13_small.webp"},{"id":133660,"max":"https:\/\/cdn.assetlog.ai\/assets\/163624\/mercedes-benz-c-trieda-kombi-180d-85kw-at7-rwd-aj-na-splatky-protiucet_14_max.webp","medium":"https:\/\/cdn.assetlog.ai\/assets\/163624\/mercedes-benz-c-trieda-kombi-180d-85kw-at7-rwd-aj-na-splatky-protiucet_14_medium.webp","small":"https:\/\/cdn.assetlog.ai\/assets\/163624\/mercedes-benz-c-trieda-kombi-180d-85kw-at7-rwd-aj-na-splatky-protiucet_14_small.webp"},{"id":133661,"max":"https:\/\/cdn.assetlog.ai\/assets\/163624\/mercedes-benz-c-trieda-kombi-180d-85kw-at7-rwd-aj-na-splatky-protiucet_15_max.webp","medium":"https:\/\/cdn.assetlog.ai\/assets\/163624\/mercedes-benz-c-trieda-kombi-180d-85kw-at7-rwd-aj-na-splatky-protiucet_15_medium.webp","small":"https:\/\/cdn.assetlog.ai\/assets\/163624\/mercedes-benz-c-trieda-kombi-180d-85kw-at7-rwd-aj-na-splatky-protiucet_15_small.webp"},{"id":133662,"max":"https:\/\/cdn.assetlog.ai\/assets\/163624\/mercedes-benz-c-trieda-kombi-180d-85kw-at7-rwd-aj-na-splatky-protiucet_16_max.webp","medium":"https:\/\/cdn.assetlog.ai\/assets\/163624\/mercedes-benz-c-trieda-kombi-180d-85kw-at7-rwd-aj-na-splatky-protiucet_16_medium.webp","small":"https:\/\/cdn.assetlog.ai\/assets\/163624\/mercedes-benz-c-trieda-kombi-180d-85kw-at7-rwd-aj-na-splatky-protiucet_16_small.webp"},{"id":133663,"max":"https:\/\/cdn.assetlog.ai\/assets\/163624\/mercedes-benz-c-trieda-kombi-180d-85kw-at7-rwd-aj-na-splatky-protiucet_17_max.webp","medium":"https:\/\/cdn.assetlog.ai\/assets\/163624\/mercedes-benz-c-trieda-kombi-180d-85kw-at7-rwd-aj-na-splatky-protiucet_17_medium.webp","small":"https:\/\/cdn.assetlog.ai\/assets\/163624\/mercedes-benz-c-trieda-kombi-180d-85kw-at7-rwd-aj-na-splatky-protiucet_17_small.webp"},{"id":133664,"max":"https:\/\/cdn.assetlog.ai\/assets\/163624\/mercedes-benz-c-trieda-kombi-180d-85kw-at7-rwd-aj-na-splatky-protiucet_18_max.webp","medium":"https:\/\/cdn.assetlog.ai\/assets\/163624\/mercedes-benz-c-trieda-kombi-180d-85kw-at7-rwd-aj-na-splatky-protiucet_18_medium.webp","small":"https:\/\/cdn.assetlog.ai\/assets\/163624\/mercedes-benz-c-trieda-kombi-180d-85kw-at7-rwd-aj-na-splatky-protiucet_18_small.webp"},{"id":133665,"max":"https:\/\/cdn.assetlog.ai\/assets\/163624\/mercedes-benz-c-trieda-kombi-180d-85kw-at7-rwd-aj-na-splatky-protiucet_19_max.webp","medium":"https:\/\/cdn.assetlog.ai\/assets\/163624\/mercedes-benz-c-trieda-kombi-180d-85kw-at7-rwd-aj-na-splatky-protiucet_19_medium.webp","small":"https:\/\/cdn.assetlog.ai\/assets\/163624\/mercedes-benz-c-trieda-kombi-180d-85kw-at7-rwd-aj-na-splatky-protiucet_19_small.webp"},{"id":133666,"max":"https:\/\/cdn.assetlog.ai\/assets\/163624\/mercedes-benz-c-trieda-kombi-180d-85kw-at7-rwd-aj-na-splatky-protiucet_20_max.webp","medium":"https:\/\/cdn.assetlog.ai\/assets\/163624\/mercedes-benz-c-trieda-kombi-180d-85kw-at7-rwd-aj-na-splatky-protiucet_20_medium.webp","small":"https:\/\/cdn.assetlog.ai\/assets\/163624\/mercedes-benz-c-trieda-kombi-180d-85kw-at7-rwd-aj-na-splatky-protiucet_20_small.webp"},{"id":133667,"max":"https:\/\/cdn.assetlog.ai\/assets\/163624\/mercedes-benz-c-trieda-kombi-180d-85kw-at7-rwd-aj-na-splatky-protiucet_21_max.webp","medium":"https:\/\/cdn.assetlog.ai\/assets\/163624\/mercedes-benz-c-trieda-kombi-180d-85kw-at7-rwd-aj-na-splatky-protiucet_21_medium.webp","small":"https:\/\/cdn.assetlog.ai\/assets\/163624\/mercedes-benz-c-trieda-kombi-180d-85kw-at7-rwd-aj-na-splatky-protiucet_21_small.webp"},{"id":133668,"max":"https:\/\/cdn.assetlog.ai\/assets\/163624\/mercedes-benz-c-trieda-kombi-180d-85kw-at7-rwd-aj-na-splatky-protiucet_22_max.webp","medium":"https:\/\/cdn.assetlog.ai\/assets\/163624\/mercedes-benz-c-trieda-kombi-180d-85kw-at7-rwd-aj-na-splatky-protiucet_22_medium.webp","small":"https:\/\/cdn.assetlog.ai\/assets\/163624\/mercedes-benz-c-trieda-kombi-180d-85kw-at7-rwd-aj-na-splatky-protiucet_22_small.webp"},{"id":133669,"max":"https:\/\/cdn.assetlog.ai\/assets\/163624\/mercedes-benz-c-trieda-kombi-180d-85kw-at7-rwd-aj-na-splatky-protiucet_23_max.webp","medium":"https:\/\/cdn.assetlog.ai\/assets\/163624\/mercedes-benz-c-trieda-kombi-180d-85kw-at7-rwd-aj-na-splatky-protiucet_23_medium.webp","small":"https:\/\/cdn.assetlog.ai\/assets\/163624\/mercedes-benz-c-trieda-kombi-180d-85kw-at7-rwd-aj-na-splatky-protiucet_23_small.webp"},{"id":133670,"max":"https:\/\/cdn.assetlog.ai\/assets\/163624\/mercedes-benz-c-trieda-kombi-180d-85kw-at7-rwd-aj-na-splatky-protiucet_24_max.webp","medium":"https:\/\/cdn.assetlog.ai\/assets\/163624\/mercedes-benz-c-trieda-kombi-180d-85kw-at7-rwd-aj-na-splatky-protiucet_24_medium.webp","small":"https:\/\/cdn.assetlog.ai\/assets\/163624\/mercedes-benz-c-trieda-kombi-180d-85kw-at7-rwd-aj-na-splatky-protiucet_24_small.webp"},{"id":133671,"max":"https:\/\/cdn.assetlog.ai\/assets\/163624\/mercedes-benz-c-trieda-kombi-180d-85kw-at7-rwd-aj-na-splatky-protiucet_25_max.webp","medium":"https:\/\/cdn.assetlog.ai\/assets\/163624\/mercedes-benz-c-trieda-kombi-180d-85kw-at7-rwd-aj-na-splatky-protiucet_25_medium.webp","small":"https:\/\/cdn.assetlog.ai\/assets\/163624\/mercedes-benz-c-trieda-kombi-180d-85kw-at7-rwd-aj-na-splatky-protiucet_25_small.webp"},{"id":133672,"max":"https:\/\/cdn.assetlog.ai\/assets\/163624\/mercedes-benz-c-trieda-kombi-180d-85kw-at7-rwd-aj-na-splatky-protiucet_26_max.webp","medium":"https:\/\/cdn.assetlog.ai\/assets\/163624\/mercedes-benz-c-trieda-kombi-180d-85kw-at7-rwd-aj-na-splatky-protiucet_26_medium.webp","small":"https:\/\/cdn.assetlog.ai\/assets\/163624\/mercedes-benz-c-trieda-kombi-180d-85kw-at7-rwd-aj-na-splatky-protiucet_26_small.webp"},{"id":133673,"max":"https:\/\/cdn.assetlog.ai\/assets\/163624\/mercedes-benz-c-trieda-kombi-180d-85kw-at7-rwd-aj-na-splatky-protiucet_27_max.webp","medium":"https:\/\/cdn.assetlog.ai\/assets\/163624\/mercedes-benz-c-trieda-kombi-180d-85kw-at7-rwd-aj-na-splatky-protiucet_27_medium.webp","small":"https:\/\/cdn.assetlog.ai\/assets\/163624\/mercedes-benz-c-trieda-kombi-180d-85kw-at7-rwd-aj-na-splatky-protiucet_27_small.webp"},{"id":133674,"max":"https:\/\/cdn.assetlog.ai\/assets\/163624\/mercedes-benz-c-trieda-kombi-180d-85kw-at7-rwd-aj-na-splatky-protiucet_28_max.webp","medium":"https:\/\/cdn.assetlog.ai\/assets\/163624\/mercedes-benz-c-trieda-kombi-180d-85kw-at7-rwd-aj-na-splatky-protiucet_28_medium.webp","small":"https:\/\/cdn.assetlog.ai\/assets\/163624\/mercedes-benz-c-trieda-kombi-180d-85kw-at7-rwd-aj-na-splatky-protiucet_28_small.webp"},{"id":133675,"max":"https:\/\/cdn.assetlog.ai\/assets\/163624\/mercedes-benz-c-trieda-kombi-180d-85kw-at7-rwd-aj-na-splatky-protiucet_29_max.webp","medium":"https:\/\/cdn.assetlog.ai\/assets\/163624\/mercedes-benz-c-trieda-kombi-180d-85kw-at7-rwd-aj-na-splatky-protiucet_29_medium.webp","small":"https:\/\/cdn.assetlog.ai\/assets\/163624\/mercedes-benz-c-trieda-kombi-180d-85kw-at7-rwd-aj-na-splatky-protiucet_29_small.webp"}],"published_at":null,"expires_at":null,"created_at":"2026-08-20T03:40:07+00:00","updated_at":"2026-09-01T03:40:59+00:00"}}