{"data":{"id":121025,"slug":"mercedes-benz-c-trieda-kombi-220-cdi-aj-na-splatky-protiucet-2","type":"vehicle","title":"Mercedes-Benz C-Class Estate 220 CDI \/ AVAILABLE FOR INSTALLMENTS \/ TRADE-IN ACCEPTED","description":"Commission sale - you purchase the vehicle directly from the owner.\n\nI am selling a Mercedes-Benz C 220 CDI with a diesel engine and 6-speed manual transmission (MT6), manufactured in 2007. The vehicle was purchased as new in Slovakia, is painted in gray metallic, and comes with 2 keys. The vehicle has undergone necessary maintenance, during which filters, engine oil were replaced, and new glow plugs were installed.\n\nThe vehicle has passed verification of insurance records, execution checks, paint measurement, and document verification. Physically inspected, also verified through the vehicle operational records registry.\n\nWe offer favorable financing with monthly installments, so you can enjoy your new car immediately without waiting with 0% down payment and installments up to 96 months.\n\nIf you already own a vehicle, you don't need to worry about selling it - we will take it directly from you instead. All you need to do is come to us with it, we will appraise it, and the costs will be deducted from the value of your new vehicle. This way you save time, hassle, and money, and the entire process will be quick and easy - you drive away in your new car without unnecessary paperwork.\n\nTHE VEHICLE IS LOCATED IN N\u00e1mestovo. For more information, please contact us at 0917 578 666. Registration number: ZA881DD. Technical inspection valid until: 2027-08-22. Emissions test valid until: 2027-08-22.\n\nTechnical Specifications\n\nYear: 06\/07, 2148cm\u00b3, 110kW (150PS), Drive: Rear-wheel drive, Manual (6-speed), Diesel, EURO 4, 5-door, (5-seater), 330,395 km, Gray metallic, VIN WDB2032081F951169\n\nFuel Consumption (l\/100km)\n\nCity: , highway: , combined: 6.9\n\nLeasing possible, As new, purchased in Slovakia, Financing available","language":"cs","is_translated":true,"title_original":"Mercedes-Benz C trieda Kombi 220 CDI \/ AJ NA SPL\u00c1TKY \/ PROTI\u00da\u010cET","description_original":"Komisn\u00ed prodej - vozidlo kupujete p\u0159\u00edmo od majitele.\n\nProd\u00e1v\u00e1m Mercedes-Benz C 220 CDI s naftov\u00fdm motorem a 6stup\u0148ovou manu\u00e1ln\u00ed p\u0159evodovkou (MT6), rok v\u00fdroby 2007. V\u016fz byl zakoupen jako nov\u00fd na Slovensku, je lakov\u00e1n \u0161edou metal\u00edzou a jsou k n\u011bmu p\u0159ilo\u017eeny 2 kl\u00ed\u010de. Vozidlo pro\u0161lo nezbytnou \u00fadr\u017ebou, v r\u00e1mci kter\u00e9 byly vym\u011bn\u011bny filtry, motorov\u00fd olej a byly tak\u00e9 nainstalov\u00e1ny nov\u00e9 \u017ehav\u00edky.\n\nVozidlo pro\u0161lo kontrolou z\u00e1znam\u016f o poji\u0161t\u011bn\u00ed, exekuc\u00ed, m\u011b\u0159en\u00edm laku a kontrolou doklad\u016f. Zkontrolov\u00e1no fyzicky, tak\u00e9 prost\u0159ednictv\u00edm registru provozn\u00edch z\u00e1znam\u016f vozidla.\n\nNab\u00edz\u00edme v\u00fdhodn\u00e9 financov\u00e1n\u00ed na m\u011bs\u00ed\u010dn\u00ed spl\u00e1tky, tak\u017ee si sv\u016fj nov\u00fd v\u016fz m\u016f\u017eete u\u017e\u00edvat hned a bez \u010dek\u00e1n\u00ed s akontac\u00ed 0 % a spl\u00e1tkami a\u017e na 96 m\u011bs\u00edc\u016f.\n\nPokud ji\u017e v\u016fz vlastn\u00edte, nemus\u00edte se zab\u00fdvat jeho prodejem - na opl\u00e1tku si ho od v\u00e1s p\u0159\u00edmo vezmeme. Sta\u010d\u00ed, kdy\u017e k n\u00e1m s n\u00edm p\u0159ijdete, my ho ocen\u00edme a n\u00e1klady ode\u010dteme od hodnoty va\u0161eho nov\u00e9ho vozu. U\u0161et\u0159\u00edte tak \u010das, starosti i pen\u00edze a cel\u00fd proces bude rychl\u00fd a snadn\u00fd - odjedete rovnou ve sv\u00e9m nov\u00e9m voze bez zbyte\u010dn\u00e9ho pap\u00edrov\u00e1n\u00ed.\n\nVOZIDLO SE NACH\u00c1Z\u00cd V N\u00e1mestove. V\u00edce informac\u00ed v\u00e1m r\u00e1di poskytneme na telefonn\u00edm \u010d\u00edsle 0917 578 666. E\u010cV: ZA881DD. EK platn\u00e1 do: 2027-08-22. STK platn\u00e1 do: 2027-08-22.\n\nTechnick\u00e9 \u00fadaje\n\nv.v.: 06\/07, 2148cm\u00b3, 110kW (150PS), Pohon: Pohon zadn\u00edch kol, Manu\u00e1ln\u00ed (6 st.), Diesel, EURO 4, 5 dv., (5-m\u00edstn\u00fd), 330 395km, \u0160ed\u00e1 metal\u00edza, VIN WDB2032081F951169\n\nSpot\u0159eba vozidla (l\/100km)\n\nVe m\u011bst\u011b: , mimo m\u011bsto: , kombinovan\u00e1: 6.9\n\nMo\u017en\u00fd leasing, Jako nov\u00e9 koupen\u00e9 v SR, Mo\u017en\u00fd \u00fav\u011br","price":"82569.00","currency":"CZK","status":"active","noindex":true,"location":{"address":null,"full_address":null,"city":"N\u00e1mestovo","country":"SK","latitude":49.4095122,"longitude":19.4803756},"metadata":{"vin":"WDB2032081F951169","fuel":"diesel","year":2007,"brand":"Mercedes","color":"Grey","doors":5,"drive":"Rear-wheel drive","model":"C trieda T","seats":5,"region":"\u017dilinsk\u00fd kraj","mileage":330395,"emisions":"Euro 4","features":["Alarm","EBD\/EBV","Posilova\u010d \u0159\u00edzen\u00ed","ABS","ESP","Brzdov\u00fd asistent (EBA, BAS)","Deaktivace airbagu spolujezdce","CD p\u0159ehr\u00e1va\u010d","Centr\u00e1ln\u00ed zamyk\u00e1n\u00ed","Zadn\u00ed el. stahovateln\u00e1 okna","El. nastaviteln\u00e1 p\u0159edn\u00ed sedadla","Elektricky nastaviteln\u00e1 zp\u011btn\u00e1 zrc\u00e1tka","Automatick\u00e1 2-z\u00f3nov\u00e1 klimatizace","Centr\u00e1ln\u00ed zamyk\u00e1n\u00ed na d\u00e1lkov\u00e9 ovl\u00e1d\u00e1n\u00ed","Autor\u00e1dio","Multifunk\u010dn\u00ed volant","Loketn\u00ed op\u011brka vp\u0159edu","Mlhovky","Imobiliz\u00e9r","Palubn\u00ed po\u010d\u00edta\u010d","Navigace","St\u0159e\u0161n\u00ed nosi\u010d","Tempomat","Vyh\u0159\u00edvan\u00e1 sedadla","Elektricky vyh\u0159\u00edvan\u00e1 zp\u011btn\u00e1 zrc\u00e1tka","F\u00f3lie","Senzor st\u011bra\u010d\u016f","Zadn\u00ed parkovac\u00ed senzory","Bluetooth","Mo\u017en\u00fd leasing","Ako nov\u00e9 k\u00fapen\u00e9 v SR","Mo\u017en\u00fd \u00faver","Odo-pass"],"power_kw":110,"body_type":"Estate","condition":"Used","transmission":"manual","vat_deductible":false,"consumption_city":null,"translation_hash":"78b8dcfd7b80d89b5e09fdfecb559d2f9a11acb7","vehicle_category":"car","engine_volume_cm3":2148,"first_registration":"2007-06-01","translation_status":"done","consumption_highway":null,"consumption_combined":6.9},"user_id":58,"is_sponsored":false,"views_count":22,"ai_views_count":10,"ai_vendor_counts":{"other":2,"openai":4,"anthropic":4},"visibility":"public","submission_source":null,"submission_ai_name":null,"has_owner_email":true,"can_contact_owner":true,"phone":"0917 578 666","owner_email":"varadova@autorro.sk","user":{"id":58,"slug":"irena-varadova-58","name":"Irena Varadov\u00e1","bio":"Makl\u00e9rka. P\u016fsob\u00edm v N\u00e1mestove a okol\u00ed.\n\nP\u016fsobnost: N\u00e1mestovo","nationality":"SK","languages":["cs","sk"],"service_areas":[],"card_style":null,"card_palette":null,"avatar_url":"https:\/\/cdn.assetlog.ai\/avatars\/58\/avatar_max.webp?v=1786535213","avatar_thumb_url":"https:\/\/cdn.assetlog.ai\/avatars\/58\/avatar_small.webp?v=1786535213","reviews_count":0,"avg_rating":null,"seller_badge":"silver","can_calendar":true,"joined_at":"2026-06-07T14:20:41+00:00","primary_intent":null,"seeking":[],"public_assets_count":44,"public_prompts_count":0,"followers_count":0},"images":[{"id":99125,"max":"https:\/\/cdn.assetlog.ai\/assets\/121025\/mercedes-benz-c-trieda-kombi-220-cdi-aj-na-splatky-protiucet-2_1_max.webp","medium":"https:\/\/cdn.assetlog.ai\/assets\/121025\/mercedes-benz-c-trieda-kombi-220-cdi-aj-na-splatky-protiucet-2_1_medium.webp","small":"https:\/\/cdn.assetlog.ai\/assets\/121025\/mercedes-benz-c-trieda-kombi-220-cdi-aj-na-splatky-protiucet-2_1_small.webp"},{"id":99126,"max":"https:\/\/cdn.assetlog.ai\/assets\/121025\/mercedes-benz-c-trieda-kombi-220-cdi-aj-na-splatky-protiucet-2_2_max.webp","medium":"https:\/\/cdn.assetlog.ai\/assets\/121025\/mercedes-benz-c-trieda-kombi-220-cdi-aj-na-splatky-protiucet-2_2_medium.webp","small":"https:\/\/cdn.assetlog.ai\/assets\/121025\/mercedes-benz-c-trieda-kombi-220-cdi-aj-na-splatky-protiucet-2_2_small.webp"},{"id":99127,"max":"https:\/\/cdn.assetlog.ai\/assets\/121025\/mercedes-benz-c-trieda-kombi-220-cdi-aj-na-splatky-protiucet-2_3_max.webp","medium":"https:\/\/cdn.assetlog.ai\/assets\/121025\/mercedes-benz-c-trieda-kombi-220-cdi-aj-na-splatky-protiucet-2_3_medium.webp","small":"https:\/\/cdn.assetlog.ai\/assets\/121025\/mercedes-benz-c-trieda-kombi-220-cdi-aj-na-splatky-protiucet-2_3_small.webp"},{"id":99128,"max":"https:\/\/cdn.assetlog.ai\/assets\/121025\/mercedes-benz-c-trieda-kombi-220-cdi-aj-na-splatky-protiucet-2_4_max.webp","medium":"https:\/\/cdn.assetlog.ai\/assets\/121025\/mercedes-benz-c-trieda-kombi-220-cdi-aj-na-splatky-protiucet-2_4_medium.webp","small":"https:\/\/cdn.assetlog.ai\/assets\/121025\/mercedes-benz-c-trieda-kombi-220-cdi-aj-na-splatky-protiucet-2_4_small.webp"},{"id":99129,"max":"https:\/\/cdn.assetlog.ai\/assets\/121025\/mercedes-benz-c-trieda-kombi-220-cdi-aj-na-splatky-protiucet-2_5_max.webp","medium":"https:\/\/cdn.assetlog.ai\/assets\/121025\/mercedes-benz-c-trieda-kombi-220-cdi-aj-na-splatky-protiucet-2_5_medium.webp","small":"https:\/\/cdn.assetlog.ai\/assets\/121025\/mercedes-benz-c-trieda-kombi-220-cdi-aj-na-splatky-protiucet-2_5_small.webp"},{"id":99130,"max":"https:\/\/cdn.assetlog.ai\/assets\/121025\/mercedes-benz-c-trieda-kombi-220-cdi-aj-na-splatky-protiucet-2_6_max.webp","medium":"https:\/\/cdn.assetlog.ai\/assets\/121025\/mercedes-benz-c-trieda-kombi-220-cdi-aj-na-splatky-protiucet-2_6_medium.webp","small":"https:\/\/cdn.assetlog.ai\/assets\/121025\/mercedes-benz-c-trieda-kombi-220-cdi-aj-na-splatky-protiucet-2_6_small.webp"},{"id":99131,"max":"https:\/\/cdn.assetlog.ai\/assets\/121025\/mercedes-benz-c-trieda-kombi-220-cdi-aj-na-splatky-protiucet-2_7_max.webp","medium":"https:\/\/cdn.assetlog.ai\/assets\/121025\/mercedes-benz-c-trieda-kombi-220-cdi-aj-na-splatky-protiucet-2_7_medium.webp","small":"https:\/\/cdn.assetlog.ai\/assets\/121025\/mercedes-benz-c-trieda-kombi-220-cdi-aj-na-splatky-protiucet-2_7_small.webp"},{"id":99132,"max":"https:\/\/cdn.assetlog.ai\/assets\/121025\/mercedes-benz-c-trieda-kombi-220-cdi-aj-na-splatky-protiucet-2_8_max.webp","medium":"https:\/\/cdn.assetlog.ai\/assets\/121025\/mercedes-benz-c-trieda-kombi-220-cdi-aj-na-splatky-protiucet-2_8_medium.webp","small":"https:\/\/cdn.assetlog.ai\/assets\/121025\/mercedes-benz-c-trieda-kombi-220-cdi-aj-na-splatky-protiucet-2_8_small.webp"},{"id":99133,"max":"https:\/\/cdn.assetlog.ai\/assets\/121025\/mercedes-benz-c-trieda-kombi-220-cdi-aj-na-splatky-protiucet-2_9_max.webp","medium":"https:\/\/cdn.assetlog.ai\/assets\/121025\/mercedes-benz-c-trieda-kombi-220-cdi-aj-na-splatky-protiucet-2_9_medium.webp","small":"https:\/\/cdn.assetlog.ai\/assets\/121025\/mercedes-benz-c-trieda-kombi-220-cdi-aj-na-splatky-protiucet-2_9_small.webp"},{"id":99134,"max":"https:\/\/cdn.assetlog.ai\/assets\/121025\/mercedes-benz-c-trieda-kombi-220-cdi-aj-na-splatky-protiucet-2_10_max.webp","medium":"https:\/\/cdn.assetlog.ai\/assets\/121025\/mercedes-benz-c-trieda-kombi-220-cdi-aj-na-splatky-protiucet-2_10_medium.webp","small":"https:\/\/cdn.assetlog.ai\/assets\/121025\/mercedes-benz-c-trieda-kombi-220-cdi-aj-na-splatky-protiucet-2_10_small.webp"},{"id":99135,"max":"https:\/\/cdn.assetlog.ai\/assets\/121025\/mercedes-benz-c-trieda-kombi-220-cdi-aj-na-splatky-protiucet-2_11_max.webp","medium":"https:\/\/cdn.assetlog.ai\/assets\/121025\/mercedes-benz-c-trieda-kombi-220-cdi-aj-na-splatky-protiucet-2_11_medium.webp","small":"https:\/\/cdn.assetlog.ai\/assets\/121025\/mercedes-benz-c-trieda-kombi-220-cdi-aj-na-splatky-protiucet-2_11_small.webp"},{"id":99136,"max":"https:\/\/cdn.assetlog.ai\/assets\/121025\/mercedes-benz-c-trieda-kombi-220-cdi-aj-na-splatky-protiucet-2_12_max.webp","medium":"https:\/\/cdn.assetlog.ai\/assets\/121025\/mercedes-benz-c-trieda-kombi-220-cdi-aj-na-splatky-protiucet-2_12_medium.webp","small":"https:\/\/cdn.assetlog.ai\/assets\/121025\/mercedes-benz-c-trieda-kombi-220-cdi-aj-na-splatky-protiucet-2_12_small.webp"},{"id":99137,"max":"https:\/\/cdn.assetlog.ai\/assets\/121025\/mercedes-benz-c-trieda-kombi-220-cdi-aj-na-splatky-protiucet-2_13_max.webp","medium":"https:\/\/cdn.assetlog.ai\/assets\/121025\/mercedes-benz-c-trieda-kombi-220-cdi-aj-na-splatky-protiucet-2_13_medium.webp","small":"https:\/\/cdn.assetlog.ai\/assets\/121025\/mercedes-benz-c-trieda-kombi-220-cdi-aj-na-splatky-protiucet-2_13_small.webp"},{"id":99138,"max":"https:\/\/cdn.assetlog.ai\/assets\/121025\/mercedes-benz-c-trieda-kombi-220-cdi-aj-na-splatky-protiucet-2_14_max.webp","medium":"https:\/\/cdn.assetlog.ai\/assets\/121025\/mercedes-benz-c-trieda-kombi-220-cdi-aj-na-splatky-protiucet-2_14_medium.webp","small":"https:\/\/cdn.assetlog.ai\/assets\/121025\/mercedes-benz-c-trieda-kombi-220-cdi-aj-na-splatky-protiucet-2_14_small.webp"},{"id":99139,"max":"https:\/\/cdn.assetlog.ai\/assets\/121025\/mercedes-benz-c-trieda-kombi-220-cdi-aj-na-splatky-protiucet-2_15_max.webp","medium":"https:\/\/cdn.assetlog.ai\/assets\/121025\/mercedes-benz-c-trieda-kombi-220-cdi-aj-na-splatky-protiucet-2_15_medium.webp","small":"https:\/\/cdn.assetlog.ai\/assets\/121025\/mercedes-benz-c-trieda-kombi-220-cdi-aj-na-splatky-protiucet-2_15_small.webp"},{"id":99140,"max":"https:\/\/cdn.assetlog.ai\/assets\/121025\/mercedes-benz-c-trieda-kombi-220-cdi-aj-na-splatky-protiucet-2_16_max.webp","medium":"https:\/\/cdn.assetlog.ai\/assets\/121025\/mercedes-benz-c-trieda-kombi-220-cdi-aj-na-splatky-protiucet-2_16_medium.webp","small":"https:\/\/cdn.assetlog.ai\/assets\/121025\/mercedes-benz-c-trieda-kombi-220-cdi-aj-na-splatky-protiucet-2_16_small.webp"},{"id":99141,"max":"https:\/\/cdn.assetlog.ai\/assets\/121025\/mercedes-benz-c-trieda-kombi-220-cdi-aj-na-splatky-protiucet-2_17_max.webp","medium":"https:\/\/cdn.assetlog.ai\/assets\/121025\/mercedes-benz-c-trieda-kombi-220-cdi-aj-na-splatky-protiucet-2_17_medium.webp","small":"https:\/\/cdn.assetlog.ai\/assets\/121025\/mercedes-benz-c-trieda-kombi-220-cdi-aj-na-splatky-protiucet-2_17_small.webp"},{"id":99142,"max":"https:\/\/cdn.assetlog.ai\/assets\/121025\/mercedes-benz-c-trieda-kombi-220-cdi-aj-na-splatky-protiucet-2_18_max.webp","medium":"https:\/\/cdn.assetlog.ai\/assets\/121025\/mercedes-benz-c-trieda-kombi-220-cdi-aj-na-splatky-protiucet-2_18_medium.webp","small":"https:\/\/cdn.assetlog.ai\/assets\/121025\/mercedes-benz-c-trieda-kombi-220-cdi-aj-na-splatky-protiucet-2_18_small.webp"},{"id":99143,"max":"https:\/\/cdn.assetlog.ai\/assets\/121025\/mercedes-benz-c-trieda-kombi-220-cdi-aj-na-splatky-protiucet-2_19_max.webp","medium":"https:\/\/cdn.assetlog.ai\/assets\/121025\/mercedes-benz-c-trieda-kombi-220-cdi-aj-na-splatky-protiucet-2_19_medium.webp","small":"https:\/\/cdn.assetlog.ai\/assets\/121025\/mercedes-benz-c-trieda-kombi-220-cdi-aj-na-splatky-protiucet-2_19_small.webp"},{"id":99144,"max":"https:\/\/cdn.assetlog.ai\/assets\/121025\/mercedes-benz-c-trieda-kombi-220-cdi-aj-na-splatky-protiucet-2_20_max.webp","medium":"https:\/\/cdn.assetlog.ai\/assets\/121025\/mercedes-benz-c-trieda-kombi-220-cdi-aj-na-splatky-protiucet-2_20_medium.webp","small":"https:\/\/cdn.assetlog.ai\/assets\/121025\/mercedes-benz-c-trieda-kombi-220-cdi-aj-na-splatky-protiucet-2_20_small.webp"},{"id":99145,"max":"https:\/\/cdn.assetlog.ai\/assets\/121025\/mercedes-benz-c-trieda-kombi-220-cdi-aj-na-splatky-protiucet-2_21_max.webp","medium":"https:\/\/cdn.assetlog.ai\/assets\/121025\/mercedes-benz-c-trieda-kombi-220-cdi-aj-na-splatky-protiucet-2_21_medium.webp","small":"https:\/\/cdn.assetlog.ai\/assets\/121025\/mercedes-benz-c-trieda-kombi-220-cdi-aj-na-splatky-protiucet-2_21_small.webp"},{"id":99146,"max":"https:\/\/cdn.assetlog.ai\/assets\/121025\/mercedes-benz-c-trieda-kombi-220-cdi-aj-na-splatky-protiucet-2_22_max.webp","medium":"https:\/\/cdn.assetlog.ai\/assets\/121025\/mercedes-benz-c-trieda-kombi-220-cdi-aj-na-splatky-protiucet-2_22_medium.webp","small":"https:\/\/cdn.assetlog.ai\/assets\/121025\/mercedes-benz-c-trieda-kombi-220-cdi-aj-na-splatky-protiucet-2_22_small.webp"},{"id":99147,"max":"https:\/\/cdn.assetlog.ai\/assets\/121025\/mercedes-benz-c-trieda-kombi-220-cdi-aj-na-splatky-protiucet-2_23_max.webp","medium":"https:\/\/cdn.assetlog.ai\/assets\/121025\/mercedes-benz-c-trieda-kombi-220-cdi-aj-na-splatky-protiucet-2_23_medium.webp","small":"https:\/\/cdn.assetlog.ai\/assets\/121025\/mercedes-benz-c-trieda-kombi-220-cdi-aj-na-splatky-protiucet-2_23_small.webp"},{"id":99148,"max":"https:\/\/cdn.assetlog.ai\/assets\/121025\/mercedes-benz-c-trieda-kombi-220-cdi-aj-na-splatky-protiucet-2_24_max.webp","medium":"https:\/\/cdn.assetlog.ai\/assets\/121025\/mercedes-benz-c-trieda-kombi-220-cdi-aj-na-splatky-protiucet-2_24_medium.webp","small":"https:\/\/cdn.assetlog.ai\/assets\/121025\/mercedes-benz-c-trieda-kombi-220-cdi-aj-na-splatky-protiucet-2_24_small.webp"},{"id":99149,"max":"https:\/\/cdn.assetlog.ai\/assets\/121025\/mercedes-benz-c-trieda-kombi-220-cdi-aj-na-splatky-protiucet-2_25_max.webp","medium":"https:\/\/cdn.assetlog.ai\/assets\/121025\/mercedes-benz-c-trieda-kombi-220-cdi-aj-na-splatky-protiucet-2_25_medium.webp","small":"https:\/\/cdn.assetlog.ai\/assets\/121025\/mercedes-benz-c-trieda-kombi-220-cdi-aj-na-splatky-protiucet-2_25_small.webp"},{"id":99150,"max":"https:\/\/cdn.assetlog.ai\/assets\/121025\/mercedes-benz-c-trieda-kombi-220-cdi-aj-na-splatky-protiucet-2_26_max.webp","medium":"https:\/\/cdn.assetlog.ai\/assets\/121025\/mercedes-benz-c-trieda-kombi-220-cdi-aj-na-splatky-protiucet-2_26_medium.webp","small":"https:\/\/cdn.assetlog.ai\/assets\/121025\/mercedes-benz-c-trieda-kombi-220-cdi-aj-na-splatky-protiucet-2_26_small.webp"},{"id":99151,"max":"https:\/\/cdn.assetlog.ai\/assets\/121025\/mercedes-benz-c-trieda-kombi-220-cdi-aj-na-splatky-protiucet-2_27_max.webp","medium":"https:\/\/cdn.assetlog.ai\/assets\/121025\/mercedes-benz-c-trieda-kombi-220-cdi-aj-na-splatky-protiucet-2_27_medium.webp","small":"https:\/\/cdn.assetlog.ai\/assets\/121025\/mercedes-benz-c-trieda-kombi-220-cdi-aj-na-splatky-protiucet-2_27_small.webp"},{"id":99152,"max":"https:\/\/cdn.assetlog.ai\/assets\/121025\/mercedes-benz-c-trieda-kombi-220-cdi-aj-na-splatky-protiucet-2_28_max.webp","medium":"https:\/\/cdn.assetlog.ai\/assets\/121025\/mercedes-benz-c-trieda-kombi-220-cdi-aj-na-splatky-protiucet-2_28_medium.webp","small":"https:\/\/cdn.assetlog.ai\/assets\/121025\/mercedes-benz-c-trieda-kombi-220-cdi-aj-na-splatky-protiucet-2_28_small.webp"},{"id":99153,"max":"https:\/\/cdn.assetlog.ai\/assets\/121025\/mercedes-benz-c-trieda-kombi-220-cdi-aj-na-splatky-protiucet-2_29_max.webp","medium":"https:\/\/cdn.assetlog.ai\/assets\/121025\/mercedes-benz-c-trieda-kombi-220-cdi-aj-na-splatky-protiucet-2_29_medium.webp","small":"https:\/\/cdn.assetlog.ai\/assets\/121025\/mercedes-benz-c-trieda-kombi-220-cdi-aj-na-splatky-protiucet-2_29_small.webp"},{"id":99154,"max":"https:\/\/cdn.assetlog.ai\/assets\/121025\/mercedes-benz-c-trieda-kombi-220-cdi-aj-na-splatky-protiucet-2_30_max.webp","medium":"https:\/\/cdn.assetlog.ai\/assets\/121025\/mercedes-benz-c-trieda-kombi-220-cdi-aj-na-splatky-protiucet-2_30_medium.webp","small":"https:\/\/cdn.assetlog.ai\/assets\/121025\/mercedes-benz-c-trieda-kombi-220-cdi-aj-na-splatky-protiucet-2_30_small.webp"},{"id":99155,"max":"https:\/\/cdn.assetlog.ai\/assets\/121025\/mercedes-benz-c-trieda-kombi-220-cdi-aj-na-splatky-protiucet-2_31_max.webp","medium":"https:\/\/cdn.assetlog.ai\/assets\/121025\/mercedes-benz-c-trieda-kombi-220-cdi-aj-na-splatky-protiucet-2_31_medium.webp","small":"https:\/\/cdn.assetlog.ai\/assets\/121025\/mercedes-benz-c-trieda-kombi-220-cdi-aj-na-splatky-protiucet-2_31_small.webp"}],"published_at":null,"expires_at":null,"created_at":"2026-07-16T03:40:22+00:00","updated_at":"2026-09-02T03:42:36+00:00"}}