{"data":{"id":38996,"slug":"mercedes-benz-c-trieda-sedan-180-d-at-aj-na-splatky-protiucet","type":"vehicle","title":"Mercedes-Benz C Class Sedan 180 d A\/T \/ ON INSTALLMENTS \/ TRADE-IN \/","description":"This Mercedes-Benz C Class is a premium sedan that offers comfort on long journeys and excellent fuel efficiency.\n\nService History:\n-Turbo replaced in 2024 at 170,000 km\n-Timing belt replaced in 2024 at 186,000 km\n-Automatic transmission service and gearbox oil change in 2026 at 192,000 km\n-Brake pads, discs and ABS sensors replaced at 194,000 km\n\nThe vehicle has not been in an accident and has passed insurance records verification, execution check, paint depth measurement and document verification. Physically inspected and verified through the vehicle operational records register.\n\nWe offer favorable financing with monthly installments, so you can enjoy your new car right away without waiting with 0% down payment and installments up to 96 months.\n\nFor your greater comfort and peace of mind, we can provide extended warranty up to 12-36 months.\n\nIf you already own a vehicle, you don't need to worry about selling it - we will take it directly from you in return. Just come to us with it, we will appraise it and deduct the value from your new car. This way you save time, hassle and money, and the entire process will be quick and easy - you drive away in your new car without unnecessary paperwork.\n\nVEHICLE IS LOCATED IN Malacky. For more information, please call us at 0910 678 408. Registration: MA120EV. MOT valid until: 2027-06-20. Technical inspection valid until: 2027-06-20.\n\nTechnical Details\n\nEngine: 12\/16, 1598 cc, 85kW (116 HP), Vehicle generation: , Drive: Rear-wheel drive, Automatic transmission (7-speed), Diesel, EURO , 4 doors, (5-seater), 195,385 km, Grey metallic, VIN WDD2050361R203395\n\nVehicle Consumption (l\/100km)\n\nCity: 5.4, Highway: 3.9, Combined: 4.5\n\nImported, Leasing possible, Loan possible, Authenticity verification","language":"cs","is_translated":true,"title_original":"Mercedes-Benz C trieda Sedan 180 d A\/T \/ AJ NA SPL\u00c1TKY \/ PROTI\u00da\u010cET \/","description_original":"Tento Mercedes-Benz t\u0159\u00eddy C je pr\u00e9miov\u00fd sedan, kter\u00fd nab\u00edz\u00ed pohodl\u00ed p\u0159i dlouh\u00fdch cest\u00e1ch a vynikaj\u00edc\u00ed spot\u0159ebu paliva.\n\nProveden\u00fd servis:\n-Turbo vym\u011bn\u011bno v roce 2024 p\u0159i 170 000 km\n-Rozvodov\u00fd \u0159emen vym\u011bn\u011bn v roce 2024 p\u0159i 186 000 km\n-Revize automatick\u00e9 p\u0159evodovky a v\u00fdm\u011bna p\u0159evodov\u00e9ho oleje v roce 2026 p\u0159i 192 000 km\n-Brzdov\u00e9 desti\u010dky, kotou\u010de a sn\u00edma\u010de ABS vym\u011bn\u011bny p\u0159i 194 000 km\n\nVozidlo nebylo havarovan\u00e9 a pro\u0161lo kontrolou z\u00e1znam\u016f o poji\u0161t\u011bn\u00ed, exekuc\u00ed, m\u011b\u0159en\u00edm laku a kontrolou doklad\u016f. Prov\u011b\u0159eno fyzicky, tak\u00e9 prost\u0159ednictv\u00edm registru provozn\u00edch z\u00e1znam\u016f vozidla.\n\nNab\u00edz\u00edme v\u00fdhodn\u00e9 financov\u00e1n\u00ed na m\u011bs\u00ed\u010dn\u00ed spl\u00e1tky, tak\u017ee si sv\u016fj nov\u00fd v\u016fz m\u016f\u017eete u\u017e\u00edvat hned a bez \u010dek\u00e1n\u00ed s akontac\u00ed 0 % a spl\u00e1tkami a\u017e na 96 m\u011bs\u00edc\u016f.\n\nPro va\u0161e v\u011bt\u0161\u00ed pohodl\u00ed a jistotu v\u00e1m m\u016f\u017eeme poskytnout prodlou\u017eenou z\u00e1ruku a\u017e na 12-36 m\u011bs\u00edc\u016f.\n\nPokud ji\u017e v\u016fz vlastn\u00edte, nemus\u00edte se zab\u00fdvat jeho prodejem - na opl\u00e1tku si ho od v\u00e1s p\u0159\u00edmo vezmeme. Sta\u010d\u00ed, kdy\u017e k n\u00e1m s n\u00edm p\u0159ijdete, my ho ocen\u00edme a n\u00e1klady ode\u010dteme od hodnoty va\u0161eho nov\u00e9ho vozu. U\u0161et\u0159\u00edte tak \u010das, starosti i pen\u00edze a cel\u00fd proces bude rychl\u00fd a snadn\u00fd - odjedete rovnou ve sv\u00e9m nov\u00e9m voze bez zbyte\u010dn\u00e9ho pap\u00edrov\u00e1n\u00ed.\n\nVOZIDLO SE NACH\u00c1Z\u00cd V meste MALACKY. V\u00edce informac\u00ed v\u00e1m r\u00e1di poskytneme na telefonn\u00edm \u010d\u00edsle 0910 678 408. E\u010cV: MA120EV. EK platn\u00e1 do: 2027-06-20. STK platn\u00e1 do: 2027-06-20.\n\nTechnick\u00e9 \u00fadaje\n\nv.v.: 12\/16, 1598cm\u00b3, 85kW (116PS), Generace vozidla: , Pohon: Pohon zadn\u00edch kol, Automatick\u00e1 p\u0159evodovka (7 st.), Diesel, EURO , 4 dv., (5-m\u00edstn\u00fd), 195 385km, \u0160ed\u00e1 metal\u00edza, VIN WDD2050361R203395\n\nSpot\u0159eba vozidla (l\/100km)\n\nVe m\u011bst\u011b: 5.4, mimo m\u011bsto: 3.9, kombinovan\u00e1: 4.5\n\nDovezen\u00e9, Mo\u017en\u00fd leasing, Mo\u017en\u00fd \u00fav\u011br, Kontrola originality","price":"339118.00","currency":"CZK","status":"active","noindex":true,"location":{"address":null,"full_address":null,"city":"Malacky","country":"SK","latitude":48.4362992,"longitude":17.0200447},"metadata":{"vin":"WDD2050361R203395","fuel":"diesel","year":2016,"brand":"Mercedes","color":"Grey","doors":4,"drive":"Rear-wheel drive","model":"C trieda","seats":5,"region":"Bratislavsk\u00fd kraj","mileage":195385,"emisions":"Euro 1","features":["ABS","ESP","Brzdov\u00fd asistent (EBA, BAS)","ISOFIX na zadn\u00edch sedadlech","Senzor tlaku","7x airbag","Automatick\u00e1 klimatizace","Centr\u00e1ln\u00ed zamyk\u00e1n\u00ed","Zadn\u00ed el. stahovateln\u00e1 okna","El. nastaviteln\u00e1 p\u0159edn\u00ed sedadla","Elektricky nastaviteln\u00e1 zp\u011btn\u00e1 zrc\u00e1tka","Centr\u00e1ln\u00ed zamyk\u00e1n\u00ed na d\u00e1lkov\u00e9 ovl\u00e1d\u00e1n\u00ed","Multifunk\u010dn\u00ed volant","Loketn\u00ed op\u011brka vp\u0159edu","Lit\u00e1 kola","Imobiliz\u00e9r","Palubn\u00ed po\u010d\u00edta\u010d","Tempomat","Ko\u017een\u00fd interi\u00e9r","Elektricky vyh\u0159\u00edvan\u00e1 zp\u011btn\u00e1 zrc\u00e1tka","Senzor st\u011bra\u010d\u016f","Sv\u011bteln\u00fd senzor","Zimn\u00ed sada kol","Start\/Stop syst\u00e9m","P\u0159edn\u00ed a zadn\u00ed parkovac\u00ed senzory","Bezkl\u00ed\u010dov\u00fd vstup","Bluetooth","LED sv\u011btlomety","Dovezen\u00e9","Mo\u017en\u00fd leasing","Mo\u017en\u00fd \u00faver","Kontrola originality","Ko\u017een\u00fd bal\u00ed\u010dek","Odo-pass","Asistent rozjezdu do kopce","Drive Select (j\u00edzdy re\u017eimy)"],"power_kw":85,"body_type":"Sedan","condition":"Used","transmission":"automatic","vat_deductible":false,"consumption_city":5.4,"translation_hash":"029ebc84f2621743434ec3a7f37ce2729662923c","vehicle_category":"car","engine_volume_cm3":1598,"first_registration":"2016-12-01","translation_status":"done","consumption_highway":3.9,"consumption_combined":4.5},"user_id":24,"is_sponsored":false,"views_count":21,"ai_views_count":7,"ai_vendor_counts":{"other":1,"openai":4,"anthropic":1,"microsoft":1},"visibility":"public","submission_source":null,"submission_ai_name":null,"has_owner_email":true,"can_contact_owner":true,"phone":"0910 678 408","owner_email":"pavelka@autorro.sk","user":{"id":24,"slug":"jonathan-pavelka-24","name":"Jonath\u00e1n Pavelka","bio":"Makl\u00e9r. P\u016fsob\u00edm v Malack\u00e1ch a okol\u00ed.\n\nP\u016fsobnost: Malacky","nationality":"SK","languages":["cs","sk"],"service_areas":[],"card_style":null,"card_palette":null,"avatar_url":"https:\/\/cdn.assetlog.ai\/avatars\/24\/avatar_max.webp?v=1786535213","avatar_thumb_url":"https:\/\/cdn.assetlog.ai\/avatars\/24\/avatar_small.webp?v=1786535213","reviews_count":0,"avg_rating":null,"seller_badge":"silver","can_calendar":true},"images":[{"id":83192,"max":"https:\/\/cdn.assetlog.ai\/assets\/38996\/mercedes-benz-c-trieda-sedan-180-d-at-aj-na-splatky-protiucet_1_max.webp","medium":"https:\/\/cdn.assetlog.ai\/assets\/38996\/mercedes-benz-c-trieda-sedan-180-d-at-aj-na-splatky-protiucet_1_medium.webp","small":"https:\/\/cdn.assetlog.ai\/assets\/38996\/mercedes-benz-c-trieda-sedan-180-d-at-aj-na-splatky-protiucet_1_small.webp"},{"id":83193,"max":"https:\/\/cdn.assetlog.ai\/assets\/38996\/mercedes-benz-c-trieda-sedan-180-d-at-aj-na-splatky-protiucet_2_max.webp","medium":"https:\/\/cdn.assetlog.ai\/assets\/38996\/mercedes-benz-c-trieda-sedan-180-d-at-aj-na-splatky-protiucet_2_medium.webp","small":"https:\/\/cdn.assetlog.ai\/assets\/38996\/mercedes-benz-c-trieda-sedan-180-d-at-aj-na-splatky-protiucet_2_small.webp"},{"id":83194,"max":"https:\/\/cdn.assetlog.ai\/assets\/38996\/mercedes-benz-c-trieda-sedan-180-d-at-aj-na-splatky-protiucet_3_max.webp","medium":"https:\/\/cdn.assetlog.ai\/assets\/38996\/mercedes-benz-c-trieda-sedan-180-d-at-aj-na-splatky-protiucet_3_medium.webp","small":"https:\/\/cdn.assetlog.ai\/assets\/38996\/mercedes-benz-c-trieda-sedan-180-d-at-aj-na-splatky-protiucet_3_small.webp"},{"id":83195,"max":"https:\/\/cdn.assetlog.ai\/assets\/38996\/mercedes-benz-c-trieda-sedan-180-d-at-aj-na-splatky-protiucet_4_max.webp","medium":"https:\/\/cdn.assetlog.ai\/assets\/38996\/mercedes-benz-c-trieda-sedan-180-d-at-aj-na-splatky-protiucet_4_medium.webp","small":"https:\/\/cdn.assetlog.ai\/assets\/38996\/mercedes-benz-c-trieda-sedan-180-d-at-aj-na-splatky-protiucet_4_small.webp"},{"id":83196,"max":"https:\/\/cdn.assetlog.ai\/assets\/38996\/mercedes-benz-c-trieda-sedan-180-d-at-aj-na-splatky-protiucet_5_max.webp","medium":"https:\/\/cdn.assetlog.ai\/assets\/38996\/mercedes-benz-c-trieda-sedan-180-d-at-aj-na-splatky-protiucet_5_medium.webp","small":"https:\/\/cdn.assetlog.ai\/assets\/38996\/mercedes-benz-c-trieda-sedan-180-d-at-aj-na-splatky-protiucet_5_small.webp"},{"id":83197,"max":"https:\/\/cdn.assetlog.ai\/assets\/38996\/mercedes-benz-c-trieda-sedan-180-d-at-aj-na-splatky-protiucet_6_max.webp","medium":"https:\/\/cdn.assetlog.ai\/assets\/38996\/mercedes-benz-c-trieda-sedan-180-d-at-aj-na-splatky-protiucet_6_medium.webp","small":"https:\/\/cdn.assetlog.ai\/assets\/38996\/mercedes-benz-c-trieda-sedan-180-d-at-aj-na-splatky-protiucet_6_small.webp"},{"id":83198,"max":"https:\/\/cdn.assetlog.ai\/assets\/38996\/mercedes-benz-c-trieda-sedan-180-d-at-aj-na-splatky-protiucet_7_max.webp","medium":"https:\/\/cdn.assetlog.ai\/assets\/38996\/mercedes-benz-c-trieda-sedan-180-d-at-aj-na-splatky-protiucet_7_medium.webp","small":"https:\/\/cdn.assetlog.ai\/assets\/38996\/mercedes-benz-c-trieda-sedan-180-d-at-aj-na-splatky-protiucet_7_small.webp"},{"id":83199,"max":"https:\/\/cdn.assetlog.ai\/assets\/38996\/mercedes-benz-c-trieda-sedan-180-d-at-aj-na-splatky-protiucet_8_max.webp","medium":"https:\/\/cdn.assetlog.ai\/assets\/38996\/mercedes-benz-c-trieda-sedan-180-d-at-aj-na-splatky-protiucet_8_medium.webp","small":"https:\/\/cdn.assetlog.ai\/assets\/38996\/mercedes-benz-c-trieda-sedan-180-d-at-aj-na-splatky-protiucet_8_small.webp"},{"id":83200,"max":"https:\/\/cdn.assetlog.ai\/assets\/38996\/mercedes-benz-c-trieda-sedan-180-d-at-aj-na-splatky-protiucet_9_max.webp","medium":"https:\/\/cdn.assetlog.ai\/assets\/38996\/mercedes-benz-c-trieda-sedan-180-d-at-aj-na-splatky-protiucet_9_medium.webp","small":"https:\/\/cdn.assetlog.ai\/assets\/38996\/mercedes-benz-c-trieda-sedan-180-d-at-aj-na-splatky-protiucet_9_small.webp"},{"id":83201,"max":"https:\/\/cdn.assetlog.ai\/assets\/38996\/mercedes-benz-c-trieda-sedan-180-d-at-aj-na-splatky-protiucet_10_max.webp","medium":"https:\/\/cdn.assetlog.ai\/assets\/38996\/mercedes-benz-c-trieda-sedan-180-d-at-aj-na-splatky-protiucet_10_medium.webp","small":"https:\/\/cdn.assetlog.ai\/assets\/38996\/mercedes-benz-c-trieda-sedan-180-d-at-aj-na-splatky-protiucet_10_small.webp"},{"id":83202,"max":"https:\/\/cdn.assetlog.ai\/assets\/38996\/mercedes-benz-c-trieda-sedan-180-d-at-aj-na-splatky-protiucet_11_max.webp","medium":"https:\/\/cdn.assetlog.ai\/assets\/38996\/mercedes-benz-c-trieda-sedan-180-d-at-aj-na-splatky-protiucet_11_medium.webp","small":"https:\/\/cdn.assetlog.ai\/assets\/38996\/mercedes-benz-c-trieda-sedan-180-d-at-aj-na-splatky-protiucet_11_small.webp"},{"id":83203,"max":"https:\/\/cdn.assetlog.ai\/assets\/38996\/mercedes-benz-c-trieda-sedan-180-d-at-aj-na-splatky-protiucet_12_max.webp","medium":"https:\/\/cdn.assetlog.ai\/assets\/38996\/mercedes-benz-c-trieda-sedan-180-d-at-aj-na-splatky-protiucet_12_medium.webp","small":"https:\/\/cdn.assetlog.ai\/assets\/38996\/mercedes-benz-c-trieda-sedan-180-d-at-aj-na-splatky-protiucet_12_small.webp"},{"id":83204,"max":"https:\/\/cdn.assetlog.ai\/assets\/38996\/mercedes-benz-c-trieda-sedan-180-d-at-aj-na-splatky-protiucet_13_max.webp","medium":"https:\/\/cdn.assetlog.ai\/assets\/38996\/mercedes-benz-c-trieda-sedan-180-d-at-aj-na-splatky-protiucet_13_medium.webp","small":"https:\/\/cdn.assetlog.ai\/assets\/38996\/mercedes-benz-c-trieda-sedan-180-d-at-aj-na-splatky-protiucet_13_small.webp"},{"id":83205,"max":"https:\/\/cdn.assetlog.ai\/assets\/38996\/mercedes-benz-c-trieda-sedan-180-d-at-aj-na-splatky-protiucet_14_max.webp","medium":"https:\/\/cdn.assetlog.ai\/assets\/38996\/mercedes-benz-c-trieda-sedan-180-d-at-aj-na-splatky-protiucet_14_medium.webp","small":"https:\/\/cdn.assetlog.ai\/assets\/38996\/mercedes-benz-c-trieda-sedan-180-d-at-aj-na-splatky-protiucet_14_small.webp"},{"id":83206,"max":"https:\/\/cdn.assetlog.ai\/assets\/38996\/mercedes-benz-c-trieda-sedan-180-d-at-aj-na-splatky-protiucet_15_max.webp","medium":"https:\/\/cdn.assetlog.ai\/assets\/38996\/mercedes-benz-c-trieda-sedan-180-d-at-aj-na-splatky-protiucet_15_medium.webp","small":"https:\/\/cdn.assetlog.ai\/assets\/38996\/mercedes-benz-c-trieda-sedan-180-d-at-aj-na-splatky-protiucet_15_small.webp"},{"id":83207,"max":"https:\/\/cdn.assetlog.ai\/assets\/38996\/mercedes-benz-c-trieda-sedan-180-d-at-aj-na-splatky-protiucet_16_max.webp","medium":"https:\/\/cdn.assetlog.ai\/assets\/38996\/mercedes-benz-c-trieda-sedan-180-d-at-aj-na-splatky-protiucet_16_medium.webp","small":"https:\/\/cdn.assetlog.ai\/assets\/38996\/mercedes-benz-c-trieda-sedan-180-d-at-aj-na-splatky-protiucet_16_small.webp"},{"id":83208,"max":"https:\/\/cdn.assetlog.ai\/assets\/38996\/mercedes-benz-c-trieda-sedan-180-d-at-aj-na-splatky-protiucet_17_max.webp","medium":"https:\/\/cdn.assetlog.ai\/assets\/38996\/mercedes-benz-c-trieda-sedan-180-d-at-aj-na-splatky-protiucet_17_medium.webp","small":"https:\/\/cdn.assetlog.ai\/assets\/38996\/mercedes-benz-c-trieda-sedan-180-d-at-aj-na-splatky-protiucet_17_small.webp"},{"id":83209,"max":"https:\/\/cdn.assetlog.ai\/assets\/38996\/mercedes-benz-c-trieda-sedan-180-d-at-aj-na-splatky-protiucet_18_max.webp","medium":"https:\/\/cdn.assetlog.ai\/assets\/38996\/mercedes-benz-c-trieda-sedan-180-d-at-aj-na-splatky-protiucet_18_medium.webp","small":"https:\/\/cdn.assetlog.ai\/assets\/38996\/mercedes-benz-c-trieda-sedan-180-d-at-aj-na-splatky-protiucet_18_small.webp"},{"id":83210,"max":"https:\/\/cdn.assetlog.ai\/assets\/38996\/mercedes-benz-c-trieda-sedan-180-d-at-aj-na-splatky-protiucet_19_max.webp","medium":"https:\/\/cdn.assetlog.ai\/assets\/38996\/mercedes-benz-c-trieda-sedan-180-d-at-aj-na-splatky-protiucet_19_medium.webp","small":"https:\/\/cdn.assetlog.ai\/assets\/38996\/mercedes-benz-c-trieda-sedan-180-d-at-aj-na-splatky-protiucet_19_small.webp"},{"id":83211,"max":"https:\/\/cdn.assetlog.ai\/assets\/38996\/mercedes-benz-c-trieda-sedan-180-d-at-aj-na-splatky-protiucet_20_max.webp","medium":"https:\/\/cdn.assetlog.ai\/assets\/38996\/mercedes-benz-c-trieda-sedan-180-d-at-aj-na-splatky-protiucet_20_medium.webp","small":"https:\/\/cdn.assetlog.ai\/assets\/38996\/mercedes-benz-c-trieda-sedan-180-d-at-aj-na-splatky-protiucet_20_small.webp"},{"id":83212,"max":"https:\/\/cdn.assetlog.ai\/assets\/38996\/mercedes-benz-c-trieda-sedan-180-d-at-aj-na-splatky-protiucet_21_max.webp","medium":"https:\/\/cdn.assetlog.ai\/assets\/38996\/mercedes-benz-c-trieda-sedan-180-d-at-aj-na-splatky-protiucet_21_medium.webp","small":"https:\/\/cdn.assetlog.ai\/assets\/38996\/mercedes-benz-c-trieda-sedan-180-d-at-aj-na-splatky-protiucet_21_small.webp"},{"id":83213,"max":"https:\/\/cdn.assetlog.ai\/assets\/38996\/mercedes-benz-c-trieda-sedan-180-d-at-aj-na-splatky-protiucet_22_max.webp","medium":"https:\/\/cdn.assetlog.ai\/assets\/38996\/mercedes-benz-c-trieda-sedan-180-d-at-aj-na-splatky-protiucet_22_medium.webp","small":"https:\/\/cdn.assetlog.ai\/assets\/38996\/mercedes-benz-c-trieda-sedan-180-d-at-aj-na-splatky-protiucet_22_small.webp"},{"id":83214,"max":"https:\/\/cdn.assetlog.ai\/assets\/38996\/mercedes-benz-c-trieda-sedan-180-d-at-aj-na-splatky-protiucet_23_max.webp","medium":"https:\/\/cdn.assetlog.ai\/assets\/38996\/mercedes-benz-c-trieda-sedan-180-d-at-aj-na-splatky-protiucet_23_medium.webp","small":"https:\/\/cdn.assetlog.ai\/assets\/38996\/mercedes-benz-c-trieda-sedan-180-d-at-aj-na-splatky-protiucet_23_small.webp"},{"id":83215,"max":"https:\/\/cdn.assetlog.ai\/assets\/38996\/mercedes-benz-c-trieda-sedan-180-d-at-aj-na-splatky-protiucet_24_max.webp","medium":"https:\/\/cdn.assetlog.ai\/assets\/38996\/mercedes-benz-c-trieda-sedan-180-d-at-aj-na-splatky-protiucet_24_medium.webp","small":"https:\/\/cdn.assetlog.ai\/assets\/38996\/mercedes-benz-c-trieda-sedan-180-d-at-aj-na-splatky-protiucet_24_small.webp"},{"id":83216,"max":"https:\/\/cdn.assetlog.ai\/assets\/38996\/mercedes-benz-c-trieda-sedan-180-d-at-aj-na-splatky-protiucet_25_max.webp","medium":"https:\/\/cdn.assetlog.ai\/assets\/38996\/mercedes-benz-c-trieda-sedan-180-d-at-aj-na-splatky-protiucet_25_medium.webp","small":"https:\/\/cdn.assetlog.ai\/assets\/38996\/mercedes-benz-c-trieda-sedan-180-d-at-aj-na-splatky-protiucet_25_small.webp"},{"id":83217,"max":"https:\/\/cdn.assetlog.ai\/assets\/38996\/mercedes-benz-c-trieda-sedan-180-d-at-aj-na-splatky-protiucet_26_max.webp","medium":"https:\/\/cdn.assetlog.ai\/assets\/38996\/mercedes-benz-c-trieda-sedan-180-d-at-aj-na-splatky-protiucet_26_medium.webp","small":"https:\/\/cdn.assetlog.ai\/assets\/38996\/mercedes-benz-c-trieda-sedan-180-d-at-aj-na-splatky-protiucet_26_small.webp"},{"id":83218,"max":"https:\/\/cdn.assetlog.ai\/assets\/38996\/mercedes-benz-c-trieda-sedan-180-d-at-aj-na-splatky-protiucet_27_max.webp","medium":"https:\/\/cdn.assetlog.ai\/assets\/38996\/mercedes-benz-c-trieda-sedan-180-d-at-aj-na-splatky-protiucet_27_medium.webp","small":"https:\/\/cdn.assetlog.ai\/assets\/38996\/mercedes-benz-c-trieda-sedan-180-d-at-aj-na-splatky-protiucet_27_small.webp"},{"id":83219,"max":"https:\/\/cdn.assetlog.ai\/assets\/38996\/mercedes-benz-c-trieda-sedan-180-d-at-aj-na-splatky-protiucet_28_max.webp","medium":"https:\/\/cdn.assetlog.ai\/assets\/38996\/mercedes-benz-c-trieda-sedan-180-d-at-aj-na-splatky-protiucet_28_medium.webp","small":"https:\/\/cdn.assetlog.ai\/assets\/38996\/mercedes-benz-c-trieda-sedan-180-d-at-aj-na-splatky-protiucet_28_small.webp"},{"id":83220,"max":"https:\/\/cdn.assetlog.ai\/assets\/38996\/mercedes-benz-c-trieda-sedan-180-d-at-aj-na-splatky-protiucet_29_max.webp","medium":"https:\/\/cdn.assetlog.ai\/assets\/38996\/mercedes-benz-c-trieda-sedan-180-d-at-aj-na-splatky-protiucet_29_medium.webp","small":"https:\/\/cdn.assetlog.ai\/assets\/38996\/mercedes-benz-c-trieda-sedan-180-d-at-aj-na-splatky-protiucet_29_small.webp"},{"id":83221,"max":"https:\/\/cdn.assetlog.ai\/assets\/38996\/mercedes-benz-c-trieda-sedan-180-d-at-aj-na-splatky-protiucet_30_max.webp","medium":"https:\/\/cdn.assetlog.ai\/assets\/38996\/mercedes-benz-c-trieda-sedan-180-d-at-aj-na-splatky-protiucet_30_medium.webp","small":"https:\/\/cdn.assetlog.ai\/assets\/38996\/mercedes-benz-c-trieda-sedan-180-d-at-aj-na-splatky-protiucet_30_small.webp"},{"id":83222,"max":"https:\/\/cdn.assetlog.ai\/assets\/38996\/mercedes-benz-c-trieda-sedan-180-d-at-aj-na-splatky-protiucet_31_max.webp","medium":"https:\/\/cdn.assetlog.ai\/assets\/38996\/mercedes-benz-c-trieda-sedan-180-d-at-aj-na-splatky-protiucet_31_medium.webp","small":"https:\/\/cdn.assetlog.ai\/assets\/38996\/mercedes-benz-c-trieda-sedan-180-d-at-aj-na-splatky-protiucet_31_small.webp"},{"id":83223,"max":"https:\/\/cdn.assetlog.ai\/assets\/38996\/mercedes-benz-c-trieda-sedan-180-d-at-aj-na-splatky-protiucet_32_max.webp","medium":"https:\/\/cdn.assetlog.ai\/assets\/38996\/mercedes-benz-c-trieda-sedan-180-d-at-aj-na-splatky-protiucet_32_medium.webp","small":"https:\/\/cdn.assetlog.ai\/assets\/38996\/mercedes-benz-c-trieda-sedan-180-d-at-aj-na-splatky-protiucet_32_small.webp"},{"id":83224,"max":"https:\/\/cdn.assetlog.ai\/assets\/38996\/mercedes-benz-c-trieda-sedan-180-d-at-aj-na-splatky-protiucet_33_max.webp","medium":"https:\/\/cdn.assetlog.ai\/assets\/38996\/mercedes-benz-c-trieda-sedan-180-d-at-aj-na-splatky-protiucet_33_medium.webp","small":"https:\/\/cdn.assetlog.ai\/assets\/38996\/mercedes-benz-c-trieda-sedan-180-d-at-aj-na-splatky-protiucet_33_small.webp"},{"id":83225,"max":"https:\/\/cdn.assetlog.ai\/assets\/38996\/mercedes-benz-c-trieda-sedan-180-d-at-aj-na-splatky-protiucet_34_max.webp","medium":"https:\/\/cdn.assetlog.ai\/assets\/38996\/mercedes-benz-c-trieda-sedan-180-d-at-aj-na-splatky-protiucet_34_medium.webp","small":"https:\/\/cdn.assetlog.ai\/assets\/38996\/mercedes-benz-c-trieda-sedan-180-d-at-aj-na-splatky-protiucet_34_small.webp"},{"id":83226,"max":"https:\/\/cdn.assetlog.ai\/assets\/38996\/mercedes-benz-c-trieda-sedan-180-d-at-aj-na-splatky-protiucet_35_max.webp","medium":"https:\/\/cdn.assetlog.ai\/assets\/38996\/mercedes-benz-c-trieda-sedan-180-d-at-aj-na-splatky-protiucet_35_medium.webp","small":"https:\/\/cdn.assetlog.ai\/assets\/38996\/mercedes-benz-c-trieda-sedan-180-d-at-aj-na-splatky-protiucet_35_small.webp"}],"published_at":null,"expires_at":null,"created_at":"2026-06-20T05:00:39+00:00","updated_at":"2026-09-01T03:42:08+00:00"}}