{"data":{"id":143902,"slug":"mercedes-benz-c-trieda-sedan-63-amg-336kw-a7-aj-na-splatky-protiucet","type":"vehicle","title":"Mercedes-Benz C Class Sedan 63 AMG, 336kW, A7 \/ AJ ON INSTALLMENTS \/ TRADE-IN \/","description":"Sale on commission \u2013 you purchase the vehicle directly from the owner.\n\nThe Mercedes-Benz C 63 AMG is a sports sedan with distinctive character and a powerful engine, suitable for drivers seeking a combination of dynamics, comfort, and sporty driving characteristics.\nThe vehicle has been regularly maintained, with oil and filters changed every 6,000 km. As part of maintenance, complete control arms, bushings, stabilizer bars, alternator, and air conditioning compressor were replaced. An issue with cylinder head bolts was resolved on the engine and replaced with new ones. At 150,000 km, the transmission fluid was changed.\nThe vehicle has no insurance claims, is equipped with summer tires, and 2 keys are available. The modifications include a locking differential and sports exhaust system, which emphasize the vehicle's sporty character.\n\nWe offer favorable financing options with monthly installments, so you can enjoy your new vehicle immediately, without unnecessary waiting, with down payments from 0% and installments up to 96 months. On the Autorro website, you can fill out a non-binding financing form.\n\nFor your convenience and peace of mind, we can provide you with an extended warranty of up to 12-36 months.\n\nIf you already own a vehicle, you don't need to worry about selling it \u2013 in return, we'll take it directly from you. Just come to us with it, we'll evaluate it, and the costs will be deducted from the value of your new vehicle. You'll save time, hassle, and money, and the entire process will be quick and easy \u2013 you'll drive away in your new vehicle without unnecessary paperwork.\n\nVEHICLE IS LOCATED IN \u017dilina.\nMore information available at telephone number 0915 606 702. License plate: AA266JK. Registration valid until: 2028-02-19. Inspection valid until: 2028-02-19.\n\nTechnical Data\n\nYear: 01\/08, 6208cm\u00b3, 336kW (457 HP), Drive: Rear-wheel drive, Automatic transmission (7 speed), Petrol, EURO 4, 4-door, (5-seater), 155,466 km, Gray metallic, VIN WDDGF77X39F248462\n\nNever damaged, Exchange possible, Financing available","language":"cs","is_translated":true,"title_original":"Mercedes-Benz C trieda Sedan 63 AMG, 336kW, A7 \/ AJ NA SPL\u00c1TKY \/ PROTI\u00da\u010cET \/","description_original":"Prodej na provizi \u2013 vozidlo kupujete p\u0159\u00edmo od majitele.\n\nMercedes-Benz C 63 AMG je sportovn\u00ed sedan s v\u00fdrazn\u00fdm charakterem a v\u00fdkonn\u00fdm motorem, vhodn\u00fd pro \u0159idi\u010de, kte\u0159\u00ed hledaj\u00ed kombinaci dynamiky, komfortu a sportovn\u00edch j\u00edzdn\u00edch vlastnost\u00ed.\nO vozidlo bylo pravideln\u011b pe\u010dov\u00e1no, olej a filtry byly m\u011bn\u011bny ka\u017ed\u00fdch 6 000 km. V r\u00e1mci \u00fadr\u017eby byly vym\u011bn\u011bny kompletn\u00ed ramena, silentbloky, ty\u010de stabiliz\u00e1toru, altern\u00e1tor a kompresor klimatizace. Na motoru byla odstran\u011bna z\u00e1vada t\u00fdkaj\u00edc\u00ed se \u0161roub\u016f na hlav\u011b v\u00e1lc\u016f, kter\u00e9 byly vym\u011bn\u011bny za nov\u00e9. P\u0159i 150 000 km byl vym\u011bn\u011bn olej v p\u0159evodovce.\nVozidlo nem\u00e1 \u017e\u00e1dn\u00e9 pojistn\u00e9 ud\u00e1losti, je obuto do letn\u00edch pneumatik a k dispozici jsou 2 kl\u00ed\u010de. Sou\u010d\u00e1st\u00ed \u00faprav je samosvorn\u00fd diferenci\u00e1l a sportovn\u00ed v\u00fdfukov\u00e9 potrub\u00ed, kter\u00e9 podtrhuj\u00ed sportovn\u00ed charakter vozidla.\n\nNab\u00edz\u00edme mo\u017enost v\u00fdhodn\u00e9ho financov\u00e1n\u00ed s m\u011bs\u00ed\u010dn\u00edmi spl\u00e1tkami, tak\u017ee si sv\u00e9 nov\u00e9 vozidlo m\u016f\u017eete u\u017e\u00edt ihned, bez zbyte\u010dn\u00e9ho \u010dek\u00e1n\u00ed, s akontac\u00ed od 0 % a spl\u00e1tkami a\u017e na 96 m\u011bs\u00edc\u016f. Na str\u00e1nk\u00e1ch Autorro m\u016f\u017eete vyplnit nez\u00e1vazn\u00fd formul\u00e1\u0159 pro financov\u00e1n\u00ed.\n\nPro va\u0161e v\u011bt\u0161\u00ed pohodl\u00ed a jistotu v\u00e1m m\u016f\u017eeme poskytnout prodlou\u017eenou z\u00e1ruku a\u017e na 12-36 m\u011bs\u00edc\u016f.\n\nPokud ji\u017e v\u016fz vlastn\u00edte, nemus\u00edte se zab\u00fdvat jeho prodejem - na opl\u00e1tku si ho od v\u00e1s p\u0159\u00edmo vezmeme. Sta\u010d\u00ed, kdy\u017e k n\u00e1m s n\u00edm p\u0159ijdete, my ho ocen\u00edme a n\u00e1klady ode\u010dteme od hodnoty va\u0161eho nov\u00e9ho vozu. U\u0161et\u0159\u00edte tak \u010das, starosti i pen\u00edze a cel\u00fd proces bude rychl\u00fd a snadn\u00fd - odjedete rovnou ve sv\u00e9m nov\u00e9m voze bez zbyte\u010dn\u00e9ho pap\u00edrov\u00e1n\u00ed.\n\nVOZIDLO SE NACH\u00c1Z\u00cd V \u017diline.\nViac inform\u00e1ci\u00ed V\u00e1m poskytneme na telefonn\u00edm \u010d\u00edsle 0915 606 702. E\u010cV: AA266JK. EK platn\u00e1 do: 2028-02-19. STK platn\u00e1 do: 2028-02-19.\n\nTechnick\u00e9 \u00fadaje\n\nv.v.: 01\/08, 6208cm\u00b3, 336kW (457PS), Pohon: Pohon zadn\u00edch kol, Automatick\u00e1 p\u0159evodovka (7 st.), Benz\u00edn, EURO 4, 4 dv., (5-m\u00edstn\u00fd), 155 466km, \u0160ed\u00e1 metal\u00edza, VIN WDDGF77X39F248462\n\nNikdy neb\u00faran\u00e9, Mo\u017en\u00e1 v\u00fdm\u011bna, Mo\u017en\u00fd \u00fav\u011br","price":"843084.00","currency":"CZK","status":"active","noindex":true,"location":{"address":null,"full_address":null,"city":"\u017dilina","country":"SK","latitude":49.2234674,"longitude":18.7393139},"metadata":{"vin":"WDDGF77X39F248462","fuel":"petrol","year":2008,"brand":"Mercedes-Benz","color":"Grey","doors":4,"drive":"Rear-wheel drive","model":"C trieda","seats":5,"region":"\u017dilinsk\u00fd kraj","mileage":155466,"emisions":"Euro 4","features":["Alarm","EBD\/EBV","Posilova\u010d \u0159\u00edzen\u00ed","ABS","ESP","Protiprokluzov\u00fd syst\u00e9m kol (TC, ASR)","Brzdov\u00fd asistent (EBA, BAS)","ISOFIX na zadn\u00edch sedadlech","Senzor tlaku","Asistent d\u00e1lkov\u00fdch sv\u011btel (HBA)","Centr\u00e1ln\u00ed zamyk\u00e1n\u00ed","Zadn\u00ed el. stahovateln\u00e1 okna","El. nastaviteln\u00e1 p\u0159edn\u00ed sedadla","Elektricky nastaviteln\u00e1 zp\u011btn\u00e1 zrc\u00e1tka","Centr\u00e1ln\u00ed zamyk\u00e1n\u00ed na d\u00e1lkov\u00e9 ovl\u00e1d\u00e1n\u00ed","Multifunk\u010dn\u00ed volant","Loketn\u00ed op\u011brka vp\u0159edu","Start\/Stop syst\u00e9m","Venkovn\u00ed teplom\u011br","Klimatizovan\u00e1 p\u0159ihr\u00e1dka","Ost\u0159ikova\u010de sv\u011btlomet\u016f","Automatick\u00e1 3-z\u00f3nov\u00e1 klimatizace","P\u00e1dla pod volantem","Lit\u00e1 kola","Mlhovky","Imobiliz\u00e9r","Palubn\u00ed po\u010d\u00edta\u010d","Navigace","St\u0159e\u0161n\u00ed okno","Tempomat","Ko\u017een\u00fd interi\u00e9r","Vyh\u0159\u00edvan\u00e1 sedadla","F\u00f3lie","Sv\u011bteln\u00fd senzor","Xenonov\u00e9 sv\u011btlomety","P\u0159edn\u00ed a zadn\u00ed parkovac\u00ed senzory","Bezkl\u00ed\u010dov\u00fd vstup","Bluetooth","Pam\u011b\u0165 nastaven\u00ed sedadla \u0159idi\u010de","Nikdy neb\u00faran\u00e9","Mo\u017en\u00e1 v\u00fdmena","Mo\u017en\u00fd \u00faver","Ko\u017een\u00fd paket","Odo-pass","Asistent rozjezdu do kopce","CD m\u011bni\u010d","Sportovn\u00ed sedadla"],"power_kw":336,"body_type":"Sedan","condition":"Used","transmission":"automatic","vat_deductible":false,"consumption_city":20.9,"translation_hash":"c9dbdc93e09cbbcb124be55448b0a8466f21391b","vehicle_category":"car","engine_volume_cm3":6208,"first_registration":"2008-01-01","translation_status":"done","consumption_highway":9.2,"consumption_combined":13.4},"user_id":51,"is_sponsored":false,"views_count":12,"ai_views_count":8,"ai_vendor_counts":{"meta":5,"openai":2,"anthropic":1},"visibility":"public","submission_source":null,"submission_ai_name":null,"has_owner_email":true,"can_contact_owner":true,"phone":"0915 606 702","owner_email":"gazo@autorro.sk","user":{"id":51,"slug":"matej-gazo-51","name":"Matej Ga\u017eo","bio":"Makl\u00e9r. P\u016fsob\u00edm v \u017diline a okol\u00ed.\n\nP\u016fsobnost: \u017dilina","nationality":"SK","languages":["cs","sk"],"service_areas":[],"card_style":null,"card_palette":null,"avatar_url":"https:\/\/cdn.assetlog.ai\/avatars\/51\/avatar_max.webp?v=1786535213","avatar_thumb_url":"https:\/\/cdn.assetlog.ai\/avatars\/51\/avatar_small.webp?v=1786535213","reviews_count":0,"avg_rating":null,"seller_badge":"silver","can_calendar":true,"joined_at":"2026-06-07T14:20:25+00:00","primary_intent":null,"seeking":[],"asset_types":["vehicle"],"public_assets_count":31,"public_prompts_count":0,"followers_count":0},"images":[{"id":114321,"max":"https:\/\/cdn.assetlog.ai\/assets\/143902\/mercedes-benz-c-trieda-sedan-63-amg-336kw-a7-aj-na-splatky-protiucet_1_max.webp","medium":"https:\/\/cdn.assetlog.ai\/assets\/143902\/mercedes-benz-c-trieda-sedan-63-amg-336kw-a7-aj-na-splatky-protiucet_1_medium.webp","small":"https:\/\/cdn.assetlog.ai\/assets\/143902\/mercedes-benz-c-trieda-sedan-63-amg-336kw-a7-aj-na-splatky-protiucet_1_small.webp"},{"id":114322,"max":"https:\/\/cdn.assetlog.ai\/assets\/143902\/mercedes-benz-c-trieda-sedan-63-amg-336kw-a7-aj-na-splatky-protiucet_2_max.webp","medium":"https:\/\/cdn.assetlog.ai\/assets\/143902\/mercedes-benz-c-trieda-sedan-63-amg-336kw-a7-aj-na-splatky-protiucet_2_medium.webp","small":"https:\/\/cdn.assetlog.ai\/assets\/143902\/mercedes-benz-c-trieda-sedan-63-amg-336kw-a7-aj-na-splatky-protiucet_2_small.webp"},{"id":114323,"max":"https:\/\/cdn.assetlog.ai\/assets\/143902\/mercedes-benz-c-trieda-sedan-63-amg-336kw-a7-aj-na-splatky-protiucet_3_max.webp","medium":"https:\/\/cdn.assetlog.ai\/assets\/143902\/mercedes-benz-c-trieda-sedan-63-amg-336kw-a7-aj-na-splatky-protiucet_3_medium.webp","small":"https:\/\/cdn.assetlog.ai\/assets\/143902\/mercedes-benz-c-trieda-sedan-63-amg-336kw-a7-aj-na-splatky-protiucet_3_small.webp"},{"id":114324,"max":"https:\/\/cdn.assetlog.ai\/assets\/143902\/mercedes-benz-c-trieda-sedan-63-amg-336kw-a7-aj-na-splatky-protiucet_4_max.webp","medium":"https:\/\/cdn.assetlog.ai\/assets\/143902\/mercedes-benz-c-trieda-sedan-63-amg-336kw-a7-aj-na-splatky-protiucet_4_medium.webp","small":"https:\/\/cdn.assetlog.ai\/assets\/143902\/mercedes-benz-c-trieda-sedan-63-amg-336kw-a7-aj-na-splatky-protiucet_4_small.webp"},{"id":114325,"max":"https:\/\/cdn.assetlog.ai\/assets\/143902\/mercedes-benz-c-trieda-sedan-63-amg-336kw-a7-aj-na-splatky-protiucet_5_max.webp","medium":"https:\/\/cdn.assetlog.ai\/assets\/143902\/mercedes-benz-c-trieda-sedan-63-amg-336kw-a7-aj-na-splatky-protiucet_5_medium.webp","small":"https:\/\/cdn.assetlog.ai\/assets\/143902\/mercedes-benz-c-trieda-sedan-63-amg-336kw-a7-aj-na-splatky-protiucet_5_small.webp"},{"id":114326,"max":"https:\/\/cdn.assetlog.ai\/assets\/143902\/mercedes-benz-c-trieda-sedan-63-amg-336kw-a7-aj-na-splatky-protiucet_6_max.webp","medium":"https:\/\/cdn.assetlog.ai\/assets\/143902\/mercedes-benz-c-trieda-sedan-63-amg-336kw-a7-aj-na-splatky-protiucet_6_medium.webp","small":"https:\/\/cdn.assetlog.ai\/assets\/143902\/mercedes-benz-c-trieda-sedan-63-amg-336kw-a7-aj-na-splatky-protiucet_6_small.webp"},{"id":114327,"max":"https:\/\/cdn.assetlog.ai\/assets\/143902\/mercedes-benz-c-trieda-sedan-63-amg-336kw-a7-aj-na-splatky-protiucet_7_max.webp","medium":"https:\/\/cdn.assetlog.ai\/assets\/143902\/mercedes-benz-c-trieda-sedan-63-amg-336kw-a7-aj-na-splatky-protiucet_7_medium.webp","small":"https:\/\/cdn.assetlog.ai\/assets\/143902\/mercedes-benz-c-trieda-sedan-63-amg-336kw-a7-aj-na-splatky-protiucet_7_small.webp"},{"id":114328,"max":"https:\/\/cdn.assetlog.ai\/assets\/143902\/mercedes-benz-c-trieda-sedan-63-amg-336kw-a7-aj-na-splatky-protiucet_8_max.webp","medium":"https:\/\/cdn.assetlog.ai\/assets\/143902\/mercedes-benz-c-trieda-sedan-63-amg-336kw-a7-aj-na-splatky-protiucet_8_medium.webp","small":"https:\/\/cdn.assetlog.ai\/assets\/143902\/mercedes-benz-c-trieda-sedan-63-amg-336kw-a7-aj-na-splatky-protiucet_8_small.webp"},{"id":114329,"max":"https:\/\/cdn.assetlog.ai\/assets\/143902\/mercedes-benz-c-trieda-sedan-63-amg-336kw-a7-aj-na-splatky-protiucet_9_max.webp","medium":"https:\/\/cdn.assetlog.ai\/assets\/143902\/mercedes-benz-c-trieda-sedan-63-amg-336kw-a7-aj-na-splatky-protiucet_9_medium.webp","small":"https:\/\/cdn.assetlog.ai\/assets\/143902\/mercedes-benz-c-trieda-sedan-63-amg-336kw-a7-aj-na-splatky-protiucet_9_small.webp"},{"id":114330,"max":"https:\/\/cdn.assetlog.ai\/assets\/143902\/mercedes-benz-c-trieda-sedan-63-amg-336kw-a7-aj-na-splatky-protiucet_10_max.webp","medium":"https:\/\/cdn.assetlog.ai\/assets\/143902\/mercedes-benz-c-trieda-sedan-63-amg-336kw-a7-aj-na-splatky-protiucet_10_medium.webp","small":"https:\/\/cdn.assetlog.ai\/assets\/143902\/mercedes-benz-c-trieda-sedan-63-amg-336kw-a7-aj-na-splatky-protiucet_10_small.webp"},{"id":114331,"max":"https:\/\/cdn.assetlog.ai\/assets\/143902\/mercedes-benz-c-trieda-sedan-63-amg-336kw-a7-aj-na-splatky-protiucet_11_max.webp","medium":"https:\/\/cdn.assetlog.ai\/assets\/143902\/mercedes-benz-c-trieda-sedan-63-amg-336kw-a7-aj-na-splatky-protiucet_11_medium.webp","small":"https:\/\/cdn.assetlog.ai\/assets\/143902\/mercedes-benz-c-trieda-sedan-63-amg-336kw-a7-aj-na-splatky-protiucet_11_small.webp"},{"id":114332,"max":"https:\/\/cdn.assetlog.ai\/assets\/143902\/mercedes-benz-c-trieda-sedan-63-amg-336kw-a7-aj-na-splatky-protiucet_12_max.webp","medium":"https:\/\/cdn.assetlog.ai\/assets\/143902\/mercedes-benz-c-trieda-sedan-63-amg-336kw-a7-aj-na-splatky-protiucet_12_medium.webp","small":"https:\/\/cdn.assetlog.ai\/assets\/143902\/mercedes-benz-c-trieda-sedan-63-amg-336kw-a7-aj-na-splatky-protiucet_12_small.webp"},{"id":114333,"max":"https:\/\/cdn.assetlog.ai\/assets\/143902\/mercedes-benz-c-trieda-sedan-63-amg-336kw-a7-aj-na-splatky-protiucet_13_max.webp","medium":"https:\/\/cdn.assetlog.ai\/assets\/143902\/mercedes-benz-c-trieda-sedan-63-amg-336kw-a7-aj-na-splatky-protiucet_13_medium.webp","small":"https:\/\/cdn.assetlog.ai\/assets\/143902\/mercedes-benz-c-trieda-sedan-63-amg-336kw-a7-aj-na-splatky-protiucet_13_small.webp"},{"id":114334,"max":"https:\/\/cdn.assetlog.ai\/assets\/143902\/mercedes-benz-c-trieda-sedan-63-amg-336kw-a7-aj-na-splatky-protiucet_14_max.webp","medium":"https:\/\/cdn.assetlog.ai\/assets\/143902\/mercedes-benz-c-trieda-sedan-63-amg-336kw-a7-aj-na-splatky-protiucet_14_medium.webp","small":"https:\/\/cdn.assetlog.ai\/assets\/143902\/mercedes-benz-c-trieda-sedan-63-amg-336kw-a7-aj-na-splatky-protiucet_14_small.webp"},{"id":114335,"max":"https:\/\/cdn.assetlog.ai\/assets\/143902\/mercedes-benz-c-trieda-sedan-63-amg-336kw-a7-aj-na-splatky-protiucet_15_max.webp","medium":"https:\/\/cdn.assetlog.ai\/assets\/143902\/mercedes-benz-c-trieda-sedan-63-amg-336kw-a7-aj-na-splatky-protiucet_15_medium.webp","small":"https:\/\/cdn.assetlog.ai\/assets\/143902\/mercedes-benz-c-trieda-sedan-63-amg-336kw-a7-aj-na-splatky-protiucet_15_small.webp"},{"id":114336,"max":"https:\/\/cdn.assetlog.ai\/assets\/143902\/mercedes-benz-c-trieda-sedan-63-amg-336kw-a7-aj-na-splatky-protiucet_16_max.webp","medium":"https:\/\/cdn.assetlog.ai\/assets\/143902\/mercedes-benz-c-trieda-sedan-63-amg-336kw-a7-aj-na-splatky-protiucet_16_medium.webp","small":"https:\/\/cdn.assetlog.ai\/assets\/143902\/mercedes-benz-c-trieda-sedan-63-amg-336kw-a7-aj-na-splatky-protiucet_16_small.webp"},{"id":114337,"max":"https:\/\/cdn.assetlog.ai\/assets\/143902\/mercedes-benz-c-trieda-sedan-63-amg-336kw-a7-aj-na-splatky-protiucet_17_max.webp","medium":"https:\/\/cdn.assetlog.ai\/assets\/143902\/mercedes-benz-c-trieda-sedan-63-amg-336kw-a7-aj-na-splatky-protiucet_17_medium.webp","small":"https:\/\/cdn.assetlog.ai\/assets\/143902\/mercedes-benz-c-trieda-sedan-63-amg-336kw-a7-aj-na-splatky-protiucet_17_small.webp"},{"id":114338,"max":"https:\/\/cdn.assetlog.ai\/assets\/143902\/mercedes-benz-c-trieda-sedan-63-amg-336kw-a7-aj-na-splatky-protiucet_18_max.webp","medium":"https:\/\/cdn.assetlog.ai\/assets\/143902\/mercedes-benz-c-trieda-sedan-63-amg-336kw-a7-aj-na-splatky-protiucet_18_medium.webp","small":"https:\/\/cdn.assetlog.ai\/assets\/143902\/mercedes-benz-c-trieda-sedan-63-amg-336kw-a7-aj-na-splatky-protiucet_18_small.webp"},{"id":114339,"max":"https:\/\/cdn.assetlog.ai\/assets\/143902\/mercedes-benz-c-trieda-sedan-63-amg-336kw-a7-aj-na-splatky-protiucet_19_max.webp","medium":"https:\/\/cdn.assetlog.ai\/assets\/143902\/mercedes-benz-c-trieda-sedan-63-amg-336kw-a7-aj-na-splatky-protiucet_19_medium.webp","small":"https:\/\/cdn.assetlog.ai\/assets\/143902\/mercedes-benz-c-trieda-sedan-63-amg-336kw-a7-aj-na-splatky-protiucet_19_small.webp"},{"id":114340,"max":"https:\/\/cdn.assetlog.ai\/assets\/143902\/mercedes-benz-c-trieda-sedan-63-amg-336kw-a7-aj-na-splatky-protiucet_20_max.webp","medium":"https:\/\/cdn.assetlog.ai\/assets\/143902\/mercedes-benz-c-trieda-sedan-63-amg-336kw-a7-aj-na-splatky-protiucet_20_medium.webp","small":"https:\/\/cdn.assetlog.ai\/assets\/143902\/mercedes-benz-c-trieda-sedan-63-amg-336kw-a7-aj-na-splatky-protiucet_20_small.webp"},{"id":114341,"max":"https:\/\/cdn.assetlog.ai\/assets\/143902\/mercedes-benz-c-trieda-sedan-63-amg-336kw-a7-aj-na-splatky-protiucet_21_max.webp","medium":"https:\/\/cdn.assetlog.ai\/assets\/143902\/mercedes-benz-c-trieda-sedan-63-amg-336kw-a7-aj-na-splatky-protiucet_21_medium.webp","small":"https:\/\/cdn.assetlog.ai\/assets\/143902\/mercedes-benz-c-trieda-sedan-63-amg-336kw-a7-aj-na-splatky-protiucet_21_small.webp"},{"id":114342,"max":"https:\/\/cdn.assetlog.ai\/assets\/143902\/mercedes-benz-c-trieda-sedan-63-amg-336kw-a7-aj-na-splatky-protiucet_22_max.webp","medium":"https:\/\/cdn.assetlog.ai\/assets\/143902\/mercedes-benz-c-trieda-sedan-63-amg-336kw-a7-aj-na-splatky-protiucet_22_medium.webp","small":"https:\/\/cdn.assetlog.ai\/assets\/143902\/mercedes-benz-c-trieda-sedan-63-amg-336kw-a7-aj-na-splatky-protiucet_22_small.webp"},{"id":114343,"max":"https:\/\/cdn.assetlog.ai\/assets\/143902\/mercedes-benz-c-trieda-sedan-63-amg-336kw-a7-aj-na-splatky-protiucet_23_max.webp","medium":"https:\/\/cdn.assetlog.ai\/assets\/143902\/mercedes-benz-c-trieda-sedan-63-amg-336kw-a7-aj-na-splatky-protiucet_23_medium.webp","small":"https:\/\/cdn.assetlog.ai\/assets\/143902\/mercedes-benz-c-trieda-sedan-63-amg-336kw-a7-aj-na-splatky-protiucet_23_small.webp"},{"id":114344,"max":"https:\/\/cdn.assetlog.ai\/assets\/143902\/mercedes-benz-c-trieda-sedan-63-amg-336kw-a7-aj-na-splatky-protiucet_24_max.webp","medium":"https:\/\/cdn.assetlog.ai\/assets\/143902\/mercedes-benz-c-trieda-sedan-63-amg-336kw-a7-aj-na-splatky-protiucet_24_medium.webp","small":"https:\/\/cdn.assetlog.ai\/assets\/143902\/mercedes-benz-c-trieda-sedan-63-amg-336kw-a7-aj-na-splatky-protiucet_24_small.webp"},{"id":114345,"max":"https:\/\/cdn.assetlog.ai\/assets\/143902\/mercedes-benz-c-trieda-sedan-63-amg-336kw-a7-aj-na-splatky-protiucet_25_max.webp","medium":"https:\/\/cdn.assetlog.ai\/assets\/143902\/mercedes-benz-c-trieda-sedan-63-amg-336kw-a7-aj-na-splatky-protiucet_25_medium.webp","small":"https:\/\/cdn.assetlog.ai\/assets\/143902\/mercedes-benz-c-trieda-sedan-63-amg-336kw-a7-aj-na-splatky-protiucet_25_small.webp"},{"id":114346,"max":"https:\/\/cdn.assetlog.ai\/assets\/143902\/mercedes-benz-c-trieda-sedan-63-amg-336kw-a7-aj-na-splatky-protiucet_26_max.webp","medium":"https:\/\/cdn.assetlog.ai\/assets\/143902\/mercedes-benz-c-trieda-sedan-63-amg-336kw-a7-aj-na-splatky-protiucet_26_medium.webp","small":"https:\/\/cdn.assetlog.ai\/assets\/143902\/mercedes-benz-c-trieda-sedan-63-amg-336kw-a7-aj-na-splatky-protiucet_26_small.webp"},{"id":114347,"max":"https:\/\/cdn.assetlog.ai\/assets\/143902\/mercedes-benz-c-trieda-sedan-63-amg-336kw-a7-aj-na-splatky-protiucet_27_max.webp","medium":"https:\/\/cdn.assetlog.ai\/assets\/143902\/mercedes-benz-c-trieda-sedan-63-amg-336kw-a7-aj-na-splatky-protiucet_27_medium.webp","small":"https:\/\/cdn.assetlog.ai\/assets\/143902\/mercedes-benz-c-trieda-sedan-63-amg-336kw-a7-aj-na-splatky-protiucet_27_small.webp"},{"id":114348,"max":"https:\/\/cdn.assetlog.ai\/assets\/143902\/mercedes-benz-c-trieda-sedan-63-amg-336kw-a7-aj-na-splatky-protiucet_28_max.webp","medium":"https:\/\/cdn.assetlog.ai\/assets\/143902\/mercedes-benz-c-trieda-sedan-63-amg-336kw-a7-aj-na-splatky-protiucet_28_medium.webp","small":"https:\/\/cdn.assetlog.ai\/assets\/143902\/mercedes-benz-c-trieda-sedan-63-amg-336kw-a7-aj-na-splatky-protiucet_28_small.webp"},{"id":114349,"max":"https:\/\/cdn.assetlog.ai\/assets\/143902\/mercedes-benz-c-trieda-sedan-63-amg-336kw-a7-aj-na-splatky-protiucet_29_max.webp","medium":"https:\/\/cdn.assetlog.ai\/assets\/143902\/mercedes-benz-c-trieda-sedan-63-amg-336kw-a7-aj-na-splatky-protiucet_29_medium.webp","small":"https:\/\/cdn.assetlog.ai\/assets\/143902\/mercedes-benz-c-trieda-sedan-63-amg-336kw-a7-aj-na-splatky-protiucet_29_small.webp"},{"id":114350,"max":"https:\/\/cdn.assetlog.ai\/assets\/143902\/mercedes-benz-c-trieda-sedan-63-amg-336kw-a7-aj-na-splatky-protiucet_30_max.webp","medium":"https:\/\/cdn.assetlog.ai\/assets\/143902\/mercedes-benz-c-trieda-sedan-63-amg-336kw-a7-aj-na-splatky-protiucet_30_medium.webp","small":"https:\/\/cdn.assetlog.ai\/assets\/143902\/mercedes-benz-c-trieda-sedan-63-amg-336kw-a7-aj-na-splatky-protiucet_30_small.webp"},{"id":114351,"max":"https:\/\/cdn.assetlog.ai\/assets\/143902\/mercedes-benz-c-trieda-sedan-63-amg-336kw-a7-aj-na-splatky-protiucet_31_max.webp","medium":"https:\/\/cdn.assetlog.ai\/assets\/143902\/mercedes-benz-c-trieda-sedan-63-amg-336kw-a7-aj-na-splatky-protiucet_31_medium.webp","small":"https:\/\/cdn.assetlog.ai\/assets\/143902\/mercedes-benz-c-trieda-sedan-63-amg-336kw-a7-aj-na-splatky-protiucet_31_small.webp"},{"id":114352,"max":"https:\/\/cdn.assetlog.ai\/assets\/143902\/mercedes-benz-c-trieda-sedan-63-amg-336kw-a7-aj-na-splatky-protiucet_32_max.webp","medium":"https:\/\/cdn.assetlog.ai\/assets\/143902\/mercedes-benz-c-trieda-sedan-63-amg-336kw-a7-aj-na-splatky-protiucet_32_medium.webp","small":"https:\/\/cdn.assetlog.ai\/assets\/143902\/mercedes-benz-c-trieda-sedan-63-amg-336kw-a7-aj-na-splatky-protiucet_32_small.webp"},{"id":114353,"max":"https:\/\/cdn.assetlog.ai\/assets\/143902\/mercedes-benz-c-trieda-sedan-63-amg-336kw-a7-aj-na-splatky-protiucet_33_max.webp","medium":"https:\/\/cdn.assetlog.ai\/assets\/143902\/mercedes-benz-c-trieda-sedan-63-amg-336kw-a7-aj-na-splatky-protiucet_33_medium.webp","small":"https:\/\/cdn.assetlog.ai\/assets\/143902\/mercedes-benz-c-trieda-sedan-63-amg-336kw-a7-aj-na-splatky-protiucet_33_small.webp"},{"id":114354,"max":"https:\/\/cdn.assetlog.ai\/assets\/143902\/mercedes-benz-c-trieda-sedan-63-amg-336kw-a7-aj-na-splatky-protiucet_34_max.webp","medium":"https:\/\/cdn.assetlog.ai\/assets\/143902\/mercedes-benz-c-trieda-sedan-63-amg-336kw-a7-aj-na-splatky-protiucet_34_medium.webp","small":"https:\/\/cdn.assetlog.ai\/assets\/143902\/mercedes-benz-c-trieda-sedan-63-amg-336kw-a7-aj-na-splatky-protiucet_34_small.webp"},{"id":114355,"max":"https:\/\/cdn.assetlog.ai\/assets\/143902\/mercedes-benz-c-trieda-sedan-63-amg-336kw-a7-aj-na-splatky-protiucet_35_max.webp","medium":"https:\/\/cdn.assetlog.ai\/assets\/143902\/mercedes-benz-c-trieda-sedan-63-amg-336kw-a7-aj-na-splatky-protiucet_35_medium.webp","small":"https:\/\/cdn.assetlog.ai\/assets\/143902\/mercedes-benz-c-trieda-sedan-63-amg-336kw-a7-aj-na-splatky-protiucet_35_small.webp"},{"id":114356,"max":"https:\/\/cdn.assetlog.ai\/assets\/143902\/mercedes-benz-c-trieda-sedan-63-amg-336kw-a7-aj-na-splatky-protiucet_36_max.webp","medium":"https:\/\/cdn.assetlog.ai\/assets\/143902\/mercedes-benz-c-trieda-sedan-63-amg-336kw-a7-aj-na-splatky-protiucet_36_medium.webp","small":"https:\/\/cdn.assetlog.ai\/assets\/143902\/mercedes-benz-c-trieda-sedan-63-amg-336kw-a7-aj-na-splatky-protiucet_36_small.webp"},{"id":114357,"max":"https:\/\/cdn.assetlog.ai\/assets\/143902\/mercedes-benz-c-trieda-sedan-63-amg-336kw-a7-aj-na-splatky-protiucet_37_max.webp","medium":"https:\/\/cdn.assetlog.ai\/assets\/143902\/mercedes-benz-c-trieda-sedan-63-amg-336kw-a7-aj-na-splatky-protiucet_37_medium.webp","small":"https:\/\/cdn.assetlog.ai\/assets\/143902\/mercedes-benz-c-trieda-sedan-63-amg-336kw-a7-aj-na-splatky-protiucet_37_small.webp"}],"published_at":null,"expires_at":null,"created_at":"2026-08-13T03:40:10+00:00","updated_at":"2026-09-02T03:41:18+00:00"}}