{"data":{"id":176727,"slug":"mercedes-benz-c-trieda-sedan-c220-cdi","type":"vehicle","title":"Mercedes-Benz C Class Sedan C220 CDI","description":"The vehicle has passed insurance record checks, execution checks, paint thickness measurement, and document verification. Physically inspected and also verified through the vehicle's operational records registry.\n\nWe offer favorable financing in monthly installments, so you can enjoy your new car immediately without waiting with 0% down payment and installments up to 96 months.\n\nIf you already own a vehicle, you don't need to worry about selling it - we'll take it directly from you in return. Just come to us with it, we'll evaluate it and deduct the costs from the value of your new car. You'll save time, hassle and money, and the entire process will be quick and easy - you'll drive away in your new car without unnecessary paperwork.\n\nTHE VEHICLE IS LOCATED IN Tren\u010d\u00edn. We are happy to provide more information at telephone number +421 32 222 59 19. MOT valid until: 2027-07-25.\n\nTechnical Details\n\nYear of manufacture: 06\/11, 2148cc, 125kW (170PS), Drive: Rear-wheel drive, Manual (6-speed), Diesel, EURO 5, 4-door, (5-seater), 317,000km, White metallic, VIN WDD2040021A574121\n\nVehicle Consumption (l\/100km)\n\nIn city: 8.2, outside city: 4.9, combined: 6.1\n\nLeasing possible, Credit available, Authenticity check","language":"cs","is_translated":true,"title_original":"Mercedes-Benz C trieda Sedan C220 CDI","description_original":"Vozidlo pro\u0161lo kontrolou z\u00e1znam\u016f o poji\u0161t\u011bn\u00ed, exekuc\u00ed, m\u011b\u0159en\u00edm laku a kontrolou doklad\u016f. Zkontrolov\u00e1no fyzicky, tak\u00e9 prost\u0159ednictv\u00edm registru provozn\u00edch z\u00e1znam\u016f vozidla.\n\nNab\u00edz\u00edme v\u00fdhodn\u00e9 financov\u00e1n\u00ed na m\u011bs\u00ed\u010dn\u00ed spl\u00e1tky, tak\u017ee si sv\u016fj nov\u00fd v\u016fz m\u016f\u017eete u\u017e\u00edvat hned a bez \u010dek\u00e1n\u00ed s akontac\u00ed 0 % a spl\u00e1tkami a\u017e na 96 m\u011bs\u00edc\u016f.\n\nPokud ji\u017e v\u016fz vlastn\u00edte, nemus\u00edte se zab\u00fdvat jeho prodejem - na opl\u00e1tku si ho od v\u00e1s p\u0159\u00edmo vezmeme. Sta\u010d\u00ed, kdy\u017e k n\u00e1m s n\u00edm p\u0159ijdete, my ho ocen\u00edme a n\u00e1klady ode\u010dteme od hodnoty va\u0161eho nov\u00e9ho vozu. U\u0161et\u0159\u00edte tak \u010das, starosti i pen\u00edze a cel\u00fd proces bude rychl\u00fd a snadn\u00fd - odjedete rovnou ve sv\u00e9m nov\u00e9m voze bez zbyte\u010dn\u00e9ho pap\u00edrov\u00e1n\u00ed.\n\nVOZIDLO SE NACH\u00c1Z\u00cd V Tren\u010d\u00edne. V\u00edce informac\u00ed v\u00e1m r\u00e1di poskytneme na telefonn\u00edm \u010d\u00edsle +421 32 222 59 19. STK platn\u00e1 do: 2027-07-25.\n\nTechnick\u00e9 \u00fadaje\n\nv.v.: 06\/11, 2148cm\u00b3, 125kW (170PS), Pohon: Pohon zadn\u00edch kol, Manu\u00e1ln\u00ed (6 st.), Diesel, EURO 5, 4 dv., (5-m\u00edstn\u00fd), 317 000km, B\u00edl\u00e1 metal\u00edza, VIN WDD2040021A574121\n\nSpot\u0159eba vozidla (l\/100km)\n\nVe m\u011bst\u011b: 8.2, mimo m\u011bsto: 4.9, kombinovan\u00e1: 6.1\n\nMo\u017en\u00fd leasing, Mo\u017en\u00fd \u00fav\u011br, Kontrola originality","price":"132199.00","currency":"CZK","status":"active","noindex":true,"location":{"address":null,"full_address":null,"city":"Tren\u010d\u00edn","country":"SK","latitude":48.8922719,"longitude":18.0387465},"metadata":{"vin":"WDD2040021A574121","fuel":"diesel","year":2011,"brand":"Mercedes-Benz","color":"White","doors":4,"drive":"Rear-wheel drive","model":"C trieda","seats":5,"region":"Tren\u010diansky kraj","mileage":317000,"emisions":"Euro 5","features":["Posilova\u010d \u0159\u00edzen\u00ed","ABS","ESP","Protiprokluzov\u00fd syst\u00e9m kol (TC, ASR)","ISOFIX na zadn\u00edch sedadlech","Deaktivace airbagu spolujezdce","Senzor tlaku","Sledov\u00e1n\u00ed \u00fanavy \u0159idi\u010de","Centr\u00e1ln\u00ed zamyk\u00e1n\u00ed","Zadn\u00ed el. stahovateln\u00e1 okna","El. nastaviteln\u00e1 p\u0159edn\u00ed sedadla","Elektricky nastaviteln\u00e1 zp\u011btn\u00e1 zrc\u00e1tka","Automatick\u00e1 2-z\u00f3nov\u00e1 klimatizace","Centr\u00e1ln\u00ed zamyk\u00e1n\u00ed na d\u00e1lkov\u00e9 ovl\u00e1d\u00e1n\u00ed","Autor\u00e1dio","Multifunk\u010dn\u00ed volant","Loketn\u00ed op\u011brka vp\u0159edu","Ost\u0159ikova\u010de sv\u011btlomet\u016f","Lit\u00e1 kola","Mlhovky","Imobiliz\u00e9r","Palubn\u00ed po\u010d\u00edta\u010d","Navigace","Tempomat","Vyh\u0159\u00edvan\u00e1 sedadla","Elektricky vyh\u0159\u00edvan\u00e1 zp\u011btn\u00e1 zrc\u00e1tka","F\u00f3lie","Senzor st\u011bra\u010d\u016f","Sv\u011bteln\u00fd senzor","P\u0159edn\u00ed a zadn\u00ed parkovac\u00ed senzory","Bluetooth","Denn\u00ed sv\u00edcen\u00ed","Mo\u017en\u00fd leasing","Mo\u017en\u00fd \u00faver","Kontrola originality","Ko\u017een\u00fd paket","Odo-pass"],"power_kw":125,"body_type":"Sedan","condition":"Used","transmission":"manual","vat_deductible":false,"consumption_city":8.2,"translation_hash":"89628049b61325000f81ca137f17a635c23fdbaf","vehicle_category":"car","engine_volume_cm3":2148,"first_registration":"2011-06-01","translation_status":"done","consumption_highway":4.9,"consumption_combined":6.1},"user_id":49,"is_sponsored":false,"views_count":5,"ai_views_count":9,"ai_vendor_counts":{"meta":4,"other":2,"openai":2,"anthropic":1},"visibility":"public","submission_source":null,"submission_ai_name":null,"has_owner_email":true,"can_contact_owner":true,"phone":"+421 32 222 59 19","owner_email":"mikuska@autorro.sk","user":{"id":49,"slug":"rudolf-mikuska-49","name":"Rudolf Miku\u0161ka","bio":"Prodejce. P\u016fsob\u00edm v showroome v Tren\u010d\u00edne.\n\nP\u016fsobnost: Tren\u010d\u00edn","nationality":"SK","languages":["cs","sk"],"service_areas":[],"card_style":null,"card_palette":null,"avatar_url":"https:\/\/cdn.assetlog.ai\/avatars\/49\/avatar_max.webp?v=1786535213","avatar_thumb_url":"https:\/\/cdn.assetlog.ai\/avatars\/49\/avatar_small.webp?v=1786535213","reviews_count":0,"avg_rating":null,"seller_badge":"silver","can_calendar":true,"joined_at":"2026-06-07T14:20:24+00:00","primary_intent":null,"seeking":[],"public_assets_count":46,"public_prompts_count":0,"followers_count":0},"images":[{"id":139138,"max":"https:\/\/cdn.assetlog.ai\/assets\/176727\/mercedes-benz-c-trieda-sedan-c220-cdi_1_max.webp","medium":"https:\/\/cdn.assetlog.ai\/assets\/176727\/mercedes-benz-c-trieda-sedan-c220-cdi_1_medium.webp","small":"https:\/\/cdn.assetlog.ai\/assets\/176727\/mercedes-benz-c-trieda-sedan-c220-cdi_1_small.webp"},{"id":139139,"max":"https:\/\/cdn.assetlog.ai\/assets\/176727\/mercedes-benz-c-trieda-sedan-c220-cdi_2_max.webp","medium":"https:\/\/cdn.assetlog.ai\/assets\/176727\/mercedes-benz-c-trieda-sedan-c220-cdi_2_medium.webp","small":"https:\/\/cdn.assetlog.ai\/assets\/176727\/mercedes-benz-c-trieda-sedan-c220-cdi_2_small.webp"},{"id":139140,"max":"https:\/\/cdn.assetlog.ai\/assets\/176727\/mercedes-benz-c-trieda-sedan-c220-cdi_3_max.webp","medium":"https:\/\/cdn.assetlog.ai\/assets\/176727\/mercedes-benz-c-trieda-sedan-c220-cdi_3_medium.webp","small":"https:\/\/cdn.assetlog.ai\/assets\/176727\/mercedes-benz-c-trieda-sedan-c220-cdi_3_small.webp"},{"id":139141,"max":"https:\/\/cdn.assetlog.ai\/assets\/176727\/mercedes-benz-c-trieda-sedan-c220-cdi_4_max.webp","medium":"https:\/\/cdn.assetlog.ai\/assets\/176727\/mercedes-benz-c-trieda-sedan-c220-cdi_4_medium.webp","small":"https:\/\/cdn.assetlog.ai\/assets\/176727\/mercedes-benz-c-trieda-sedan-c220-cdi_4_small.webp"},{"id":139142,"max":"https:\/\/cdn.assetlog.ai\/assets\/176727\/mercedes-benz-c-trieda-sedan-c220-cdi_5_max.webp","medium":"https:\/\/cdn.assetlog.ai\/assets\/176727\/mercedes-benz-c-trieda-sedan-c220-cdi_5_medium.webp","small":"https:\/\/cdn.assetlog.ai\/assets\/176727\/mercedes-benz-c-trieda-sedan-c220-cdi_5_small.webp"},{"id":139143,"max":"https:\/\/cdn.assetlog.ai\/assets\/176727\/mercedes-benz-c-trieda-sedan-c220-cdi_6_max.webp","medium":"https:\/\/cdn.assetlog.ai\/assets\/176727\/mercedes-benz-c-trieda-sedan-c220-cdi_6_medium.webp","small":"https:\/\/cdn.assetlog.ai\/assets\/176727\/mercedes-benz-c-trieda-sedan-c220-cdi_6_small.webp"},{"id":139144,"max":"https:\/\/cdn.assetlog.ai\/assets\/176727\/mercedes-benz-c-trieda-sedan-c220-cdi_7_max.webp","medium":"https:\/\/cdn.assetlog.ai\/assets\/176727\/mercedes-benz-c-trieda-sedan-c220-cdi_7_medium.webp","small":"https:\/\/cdn.assetlog.ai\/assets\/176727\/mercedes-benz-c-trieda-sedan-c220-cdi_7_small.webp"},{"id":139145,"max":"https:\/\/cdn.assetlog.ai\/assets\/176727\/mercedes-benz-c-trieda-sedan-c220-cdi_8_max.webp","medium":"https:\/\/cdn.assetlog.ai\/assets\/176727\/mercedes-benz-c-trieda-sedan-c220-cdi_8_medium.webp","small":"https:\/\/cdn.assetlog.ai\/assets\/176727\/mercedes-benz-c-trieda-sedan-c220-cdi_8_small.webp"},{"id":139146,"max":"https:\/\/cdn.assetlog.ai\/assets\/176727\/mercedes-benz-c-trieda-sedan-c220-cdi_9_max.webp","medium":"https:\/\/cdn.assetlog.ai\/assets\/176727\/mercedes-benz-c-trieda-sedan-c220-cdi_9_medium.webp","small":"https:\/\/cdn.assetlog.ai\/assets\/176727\/mercedes-benz-c-trieda-sedan-c220-cdi_9_small.webp"},{"id":139147,"max":"https:\/\/cdn.assetlog.ai\/assets\/176727\/mercedes-benz-c-trieda-sedan-c220-cdi_10_max.webp","medium":"https:\/\/cdn.assetlog.ai\/assets\/176727\/mercedes-benz-c-trieda-sedan-c220-cdi_10_medium.webp","small":"https:\/\/cdn.assetlog.ai\/assets\/176727\/mercedes-benz-c-trieda-sedan-c220-cdi_10_small.webp"},{"id":139148,"max":"https:\/\/cdn.assetlog.ai\/assets\/176727\/mercedes-benz-c-trieda-sedan-c220-cdi_11_max.webp","medium":"https:\/\/cdn.assetlog.ai\/assets\/176727\/mercedes-benz-c-trieda-sedan-c220-cdi_11_medium.webp","small":"https:\/\/cdn.assetlog.ai\/assets\/176727\/mercedes-benz-c-trieda-sedan-c220-cdi_11_small.webp"},{"id":139149,"max":"https:\/\/cdn.assetlog.ai\/assets\/176727\/mercedes-benz-c-trieda-sedan-c220-cdi_12_max.webp","medium":"https:\/\/cdn.assetlog.ai\/assets\/176727\/mercedes-benz-c-trieda-sedan-c220-cdi_12_medium.webp","small":"https:\/\/cdn.assetlog.ai\/assets\/176727\/mercedes-benz-c-trieda-sedan-c220-cdi_12_small.webp"},{"id":139150,"max":"https:\/\/cdn.assetlog.ai\/assets\/176727\/mercedes-benz-c-trieda-sedan-c220-cdi_13_max.webp","medium":"https:\/\/cdn.assetlog.ai\/assets\/176727\/mercedes-benz-c-trieda-sedan-c220-cdi_13_medium.webp","small":"https:\/\/cdn.assetlog.ai\/assets\/176727\/mercedes-benz-c-trieda-sedan-c220-cdi_13_small.webp"},{"id":139151,"max":"https:\/\/cdn.assetlog.ai\/assets\/176727\/mercedes-benz-c-trieda-sedan-c220-cdi_14_max.webp","medium":"https:\/\/cdn.assetlog.ai\/assets\/176727\/mercedes-benz-c-trieda-sedan-c220-cdi_14_medium.webp","small":"https:\/\/cdn.assetlog.ai\/assets\/176727\/mercedes-benz-c-trieda-sedan-c220-cdi_14_small.webp"},{"id":139152,"max":"https:\/\/cdn.assetlog.ai\/assets\/176727\/mercedes-benz-c-trieda-sedan-c220-cdi_15_max.webp","medium":"https:\/\/cdn.assetlog.ai\/assets\/176727\/mercedes-benz-c-trieda-sedan-c220-cdi_15_medium.webp","small":"https:\/\/cdn.assetlog.ai\/assets\/176727\/mercedes-benz-c-trieda-sedan-c220-cdi_15_small.webp"},{"id":139153,"max":"https:\/\/cdn.assetlog.ai\/assets\/176727\/mercedes-benz-c-trieda-sedan-c220-cdi_16_max.webp","medium":"https:\/\/cdn.assetlog.ai\/assets\/176727\/mercedes-benz-c-trieda-sedan-c220-cdi_16_medium.webp","small":"https:\/\/cdn.assetlog.ai\/assets\/176727\/mercedes-benz-c-trieda-sedan-c220-cdi_16_small.webp"},{"id":139154,"max":"https:\/\/cdn.assetlog.ai\/assets\/176727\/mercedes-benz-c-trieda-sedan-c220-cdi_17_max.webp","medium":"https:\/\/cdn.assetlog.ai\/assets\/176727\/mercedes-benz-c-trieda-sedan-c220-cdi_17_medium.webp","small":"https:\/\/cdn.assetlog.ai\/assets\/176727\/mercedes-benz-c-trieda-sedan-c220-cdi_17_small.webp"},{"id":139155,"max":"https:\/\/cdn.assetlog.ai\/assets\/176727\/mercedes-benz-c-trieda-sedan-c220-cdi_18_max.webp","medium":"https:\/\/cdn.assetlog.ai\/assets\/176727\/mercedes-benz-c-trieda-sedan-c220-cdi_18_medium.webp","small":"https:\/\/cdn.assetlog.ai\/assets\/176727\/mercedes-benz-c-trieda-sedan-c220-cdi_18_small.webp"},{"id":139156,"max":"https:\/\/cdn.assetlog.ai\/assets\/176727\/mercedes-benz-c-trieda-sedan-c220-cdi_19_max.webp","medium":"https:\/\/cdn.assetlog.ai\/assets\/176727\/mercedes-benz-c-trieda-sedan-c220-cdi_19_medium.webp","small":"https:\/\/cdn.assetlog.ai\/assets\/176727\/mercedes-benz-c-trieda-sedan-c220-cdi_19_small.webp"},{"id":139157,"max":"https:\/\/cdn.assetlog.ai\/assets\/176727\/mercedes-benz-c-trieda-sedan-c220-cdi_20_max.webp","medium":"https:\/\/cdn.assetlog.ai\/assets\/176727\/mercedes-benz-c-trieda-sedan-c220-cdi_20_medium.webp","small":"https:\/\/cdn.assetlog.ai\/assets\/176727\/mercedes-benz-c-trieda-sedan-c220-cdi_20_small.webp"},{"id":139158,"max":"https:\/\/cdn.assetlog.ai\/assets\/176727\/mercedes-benz-c-trieda-sedan-c220-cdi_21_max.webp","medium":"https:\/\/cdn.assetlog.ai\/assets\/176727\/mercedes-benz-c-trieda-sedan-c220-cdi_21_medium.webp","small":"https:\/\/cdn.assetlog.ai\/assets\/176727\/mercedes-benz-c-trieda-sedan-c220-cdi_21_small.webp"},{"id":139159,"max":"https:\/\/cdn.assetlog.ai\/assets\/176727\/mercedes-benz-c-trieda-sedan-c220-cdi_22_max.webp","medium":"https:\/\/cdn.assetlog.ai\/assets\/176727\/mercedes-benz-c-trieda-sedan-c220-cdi_22_medium.webp","small":"https:\/\/cdn.assetlog.ai\/assets\/176727\/mercedes-benz-c-trieda-sedan-c220-cdi_22_small.webp"},{"id":139160,"max":"https:\/\/cdn.assetlog.ai\/assets\/176727\/mercedes-benz-c-trieda-sedan-c220-cdi_23_max.webp","medium":"https:\/\/cdn.assetlog.ai\/assets\/176727\/mercedes-benz-c-trieda-sedan-c220-cdi_23_medium.webp","small":"https:\/\/cdn.assetlog.ai\/assets\/176727\/mercedes-benz-c-trieda-sedan-c220-cdi_23_small.webp"}],"published_at":null,"expires_at":null,"created_at":"2026-08-28T03:41:29+00:00","updated_at":"2026-09-01T03:40:34+00:00"}}