{"data":{"id":1083,"slug":"mercedes-benz-cls-kupe-450-mhev-4matic-at-270kw-2019-aj-na-splatky-protiucet","type":"vehicle","title":"Mercedes-Benz CLS Coupe 450 mHEV 4MATIC A\/T, 270kW (2019) \/ NOW ON INSTALLMENTS \/ TRADE-IN \/","description":"Commission sale - you buy the vehicle directly from the owner.\n\nCOMMUNICATION: SK, HU, EN\nFINANCING \/ WARRANTY \/ TRADE-IN\n\nThe Mercedes-Benz CLS 450 mHEV 4MATIC represents a combination of elegant design, sporting character and first-class comfort. A powerful petrol engine with mild-hybrid technology and 270 kW output, combined with an automatic transmission and 4MATIC all-wheel drive, offers supreme dynamism and confidence on every road. The CLS model impresses with its iconic four-door coupe silhouette, luxurious interior and driving experience that perfectly combines the comfort of a sedan with sporting elegance.\n\nVehicle history:\n- The vehicle was imported from Germany in March 2023 \u2013 with 20,283 km on the odometer.\n- First owner in Slovakia, who was very careful and maintained the vehicle excellently.\n\nThe vehicle was regularly serviced according to service intervals.\n- 108,098 km \u2013 engine oil and filter replacement\n\nThe vehicle is equipped with aluminium wheels with summer tyres 245\/40\/R19 Barum Bravuris 6.\n\nThe vehicle has passed insurance records check, execution check, paint thickness measurement and document verification. Physically inspected and also through the vehicle operating records registry. The mileage may be subject to further additions.\n\nWe offer attractive financing in monthly installments, so you can enjoy your new car immediately and without waiting with 0% down payment and installments up to 96 months. Through the Autorro stand you can fill out a non-binding financing form.\nFor your greater convenience and peace of mind, we can also provide you with an extended warranty of up to 12 - 36 months.\n\nIf you already own a car, we will take it from you directly in exchange - we will evaluate it and deduct its value from the price of your new vehicle.\n\nThe equipment listed above is for informational purposes only and does not constitute a legal claim. The seller reserves the right for unintentional errors in the description.\n\nWe are happy to provide you with further information on 0949 394 685. The vehicle is located in \u0160a\u013ea.\n\nVehicle number: SA422EA. Technical certificate valid until: 14 July 2028. Technical inspection valid until: 14 July 2028.\n\nTechnical specifications\n\nYear of manufacture: 05\/19, 2999 cm\u00b3, 270kW (367 PS), Vehicle generation: , Drive: 4\u00d74, Automatic transmission (9-speed), Petrol, EURO 6, 4-door, (5-seater), 109,098 km, Red metallic, VIN WDD2573591A041491\n\nVehicle consumption (l\/100km)\n\nCity: 10.8, Out of town: 6.5, Combined: 8\n\nImported, Leasing possible, Credit available, Authenticity check","language":"cs","is_translated":true,"title_original":"Mercedes-Benz CLS Kup\u00e9 450 mHEV 4MATIC A\/T, 270kW (2019) \/ AJ NA SPL\u00c1TKY \/ PROTI\u00da\u010cET \/","description_original":"Komisn\u00ed prodej - vozidlo kupujete p\u0159\u00edmo od majitele.\n\nKOMUNIKACE: SK, HU, EN\nFINANCOV\u00c1N\u00cd \/ Z\u00c1RUKA \/ PROTI\u00da\u010cET\n\nMercedes-Benz CLS 450 mHEV 4MATIC p\u0159edstavuje spojen\u00ed elegantn\u00edho designu, sportovn\u00edho charakteru a prvot\u0159\u00eddn\u00edho komfortu. V\u00fdkonn\u00fd benz\u00ednov\u00fd motor s mild-hybridn\u00ed technologi\u00ed a v\u00fdkonem 270 kW v kombinaci s automatickou p\u0159evodovkou a pohonem v\u0161ech kol 4MATIC nab\u00edz\u00ed suver\u00e9nn\u00ed dynamiku i jistotu na ka\u017ed\u00e9 silnici. Model CLS zaujme svou ikonickou siluetou \u010dty\u0159dve\u0159ov\u00e9ho kup\u00e9, luxusn\u00edm interi\u00e9rem a j\u00edzdn\u00edm z\u00e1\u017eitkem, kter\u00fd dokonale spojuje komfort limuz\u00edny se sportovn\u00ed eleganc\u00ed.\n\nHistorie vozidla:\n- Vozidlo bylo dovezeno z N\u011bmecka v b\u0159eznu 2023 \u2013 s najet\u00fdmi 20 283 km.\n- Prvn\u00ed majitel na Slovensku, kter\u00fd byl velmi pe\u010dliv\u00fd a o vozidlo se skv\u011ble staral.\n\nVozidlo bylo pravideln\u011b servisov\u00e1no v souladu se servisn\u00edmi intervaly.\n- 108 098 km \u2013 v\u00fdm\u011bna motorov\u00e9ho oleje a filtr\u016f\n\nVozidlo je vybaveno hlin\u00edkov\u00fdmi r\u00e1fky s letn\u00edmi pneumatikami 245\/40\/R19 zna\u010dky Barum Bravuris 6.\n\nVozidlo pro\u0161lo kontrolou z\u00e1znam\u016f o poji\u0161t\u011bn\u00ed, exekuc\u00ed, m\u011b\u0159en\u00edm laku a kontrolou doklad\u016f. Zkontrolov\u00e1no fyzicky, tak\u00e9 prost\u0159ednictv\u00edm registru provozn\u00edch z\u00e1znam\u016f vozidla. Najet\u00e9 kilometry mohou b\u00fdt je\u0161t\u011b p\u0159i\u010dteny.\n\nNab\u00edz\u00edme v\u00fdhodn\u00e9 financov\u00e1n\u00ed na m\u011bs\u00ed\u010dn\u00ed spl\u00e1tky, tak\u017ee si sv\u016fj nov\u00fd v\u016fz m\u016f\u017eete u\u017e\u00edvat hned a bez \u010dek\u00e1n\u00ed s akontac\u00ed 0 % a spl\u00e1tkami a\u017e na 96 m\u011bs\u00edc\u016f. Prost\u0159ednictv\u00edm st\u00e1nku Autorro m\u016f\u017eete vyplnit nez\u00e1vazn\u00fd formul\u00e1\u0159 pro financov\u00e1n\u00ed.\nPro va\u0161e v\u011bt\u0161\u00ed pohodl\u00ed a jistotu v\u00e1m m\u016f\u017eeme poskytnout tak\u00e9 prodlou\u017eenou z\u00e1ruku a\u017e na 12 - 36 m\u011bs\u00edc\u016f.\n\nPokud ji\u017e n\u011bjak\u00e9 auto vlastn\u00edte, vezmeme si ho od v\u00e1s p\u0159\u00edmo na opl\u00e1tku - ocen\u00edme ho a jeho cenu ode\u010dteme od hodnoty va\u0161eho nov\u00e9ho vozu.\n\nV\u00fd\u0161e uveden\u00e9 vybaven\u00ed m\u00e1 pouze informativn\u00ed charakter a nezakl\u00e1d\u00e1 pr\u00e1vn\u00ed n\u00e1rok. Prod\u00e1vaj\u00edc\u00ed si vyhrazuje pr\u00e1vo na ne\u00famysln\u00e9 chyby v popisu.\n\nDal\u0161\u00ed informace v\u00e1m r\u00e1di poskytneme na telefonn\u00edm \u010d\u00edsle 0949 394 685. Vozidlo se nach\u00e1z\u00ed v \u0160ali.\n\n\u010c\u00edslo vozidla: SA422EA. Platnost technick\u00e9ho osv\u011bd\u010den\u00ed do: 14. 7. 2028. Platnost technick\u00e9 kontroly do: 14. 7. 2028.\n\nTechnick\u00e9 \u00fadaje\n\nv.v.: 05\/19, 2999cm\u00b3, 270kW (367PS), Generace vozidla: , Pohon: 4\u00d74, Automatick\u00e1 p\u0159evodovka (9 st.), Benz\u00edn, EURO 6, 4 dv., (5-m\u00edstn\u00fd), 109 098km, \u010cerven\u00e1 metal\u00edza, VIN WDD2573591A041491\n\nSpot\u0159eba vozidla (l\/100km)\n\nVe m\u011bst\u011b: 10.8, mimo m\u011bsto: 6.5, kombinovan\u00e1: 8\n\nDovezen\u00e9, Mo\u017en\u00fd leasing, Mo\u017en\u00fd \u00fav\u011br, Kontrola originality","price":"845358.00","currency":"CZK","status":"active","noindex":true,"location":{"address":null,"full_address":null,"city":"\u0160a\u013ea","country":"SK","latitude":48.151379,"longitude":17.8748587},"metadata":{"vin":"WDD2573591A041491","fuel":"petrol","year":2019,"brand":"Mercedes-Benz","color":"Red","doors":4,"drive":"AWD \/ 4x4","model":"CLS","seats":5,"region":"Nitriansky kraj","mileage":109098,"emisions":"Euro 6","features":["Alarm","EBD\/EBV","ABS","ESP","Protiprokluzov\u00fd syst\u00e9m kol (TC, ASR)","ADS","DSC\/DTC","Brzdov\u00fd asistent (EBA, BAS)","ISOFIX na zadn\u00edch sedadlech","Deaktivace airbagu spolujezdce","Nat\u00e1\u010dec\u00ed sv\u011btlomety","Senzor tlaku","Syst\u00e9m rozpozn\u00e1v\u00e1n\u00ed dopravn\u00edch zna\u010dek","Sledov\u00e1n\u00ed \u00fanavy \u0159idi\u010de","360\u00b0 monitorovac\u00ed syst\u00e9m (AVM)","Asistent d\u00e1lkov\u00fdch sv\u011btel (HBA)","Centr\u00e1ln\u00ed zamyk\u00e1n\u00ed","Zadn\u00ed el. stahovateln\u00e1 okna","El. nastaviteln\u00e1 p\u0159edn\u00ed sedadla","Elektricky nastaviteln\u00e1 zp\u011btn\u00e1 zrc\u00e1tka","Centr\u00e1ln\u00ed zamyk\u00e1n\u00ed na d\u00e1lkov\u00e9 ovl\u00e1d\u00e1n\u00ed","Automatick\u00e1 4-z\u00f3nov\u00e1 klimatizace","Autor\u00e1dio","Multifunk\u010dn\u00ed volant","Loketn\u00ed op\u011brka vp\u0159edu","Start\/Stop syst\u00e9m","Vzduchov\u00e9 odpru\u017een\u00ed","Klimatizovan\u00e1 p\u0159ihr\u00e1dka","Ost\u0159ikova\u010de sv\u011btlomet\u016f","Apple Car Play","Android Auto","Welcome light","Digit\u00e1ln\u00ed p\u0159\u00edstrojov\u00e1 deska","Lit\u00e1 kola","Imobiliz\u00e9r","Palubn\u00ed po\u010d\u00edta\u010d","Navigace","Automatick\u00e9 parkov\u00e1n\u00ed","St\u0159e\u0161n\u00ed okno","Ko\u017een\u00fd interi\u00e9r","Vyh\u0159\u00edvan\u00e1 sedadla","F\u00f3lie","Senzor st\u011bra\u010d\u016f","Sv\u011bteln\u00fd senzor","P\u0159edn\u00ed a zadn\u00ed parkovac\u00ed senzory","Adaptivn\u00ed tempomat","Bezkl\u00ed\u010dov\u00fd vstup","El. ovl\u00e1dan\u00fd kufr","Elektrick\u00e9 dov\u00edr\u00e1n\u00ed zavazadlov\u00e9ho prostoru","Mas\u00e1\u017en\u00ed sedadlo \u0159idi\u010de","Panoramatick\u00e1 st\u0159echa","Bluetooth","Denn\u00ed sv\u00edcen\u00ed","LED sv\u011btlomety","Pam\u011b\u0165 nastaven\u00ed sedadla \u0159idi\u010de","Ambientn\u00ed LED osv\u011btlen\u00ed interi\u00e9ru","Dovezen\u00e9","Mo\u017en\u00fd leasing","Mo\u017en\u00fd \u00faver","Kontrola originality","Adaptivn\u00ed podvozek","ko\u017een\u00fd paket","Odo-pass","asistent udr\u017eov\u00e1n\u00ed j\u00edzdn\u00edho pruhu","asistent rozjezdu do kopce","Syst\u00e9m sledov\u00e1n\u00ed mrtv\u00e9ho \u00fahlu","LCD panel","sportovn\u00ed sedadla","volba j\u00edzdn\u00edch re\u017eim\u016f","pr\u00e9miov\u00fd audiosyst\u00e9m BURMESTER","elektricky sklopn\u00e1 zp\u011btn\u00e1 zrc\u00e1tka","elektricky nastaviteln\u00fd volant","ochrana chodc\u016f"],"power_kw":270,"body_type":"Sedan","condition":"Used","transmission":"automatic","vat_deductible":false,"consumption_city":10.8,"translation_hash":"7b7d74caab4c4da38a2d933ed3c4a2c37b90325b","vehicle_category":"car","engine_volume_cm3":2999,"first_registration":"2019-05-01","translation_status":"done","consumption_highway":6.5,"consumption_combined":8},"user_id":34,"is_sponsored":false,"views_count":32,"ai_views_count":18,"ai_vendor_counts":{"meta":4,"other":4,"google":1,"openai":4,"anthropic":4,"microsoft":1},"visibility":"public","submission_source":null,"submission_ai_name":null,"has_owner_email":true,"can_contact_owner":true,"phone":"0949 394 685","owner_email":"forro@autorro.sk","user":{"id":34,"slug":"balint-forro-34","name":"B\u00e1lint Forr\u00f3","bio":"Makl\u00e9r. P\u016fsob\u00edm v Dunajskej Strede, Galante a okol\u00ed.\n\nP\u016fsobnost: Dunajsk\u00e1 Streda, Galanta","nationality":"SK","languages":["cs","sk"],"service_areas":[],"card_style":null,"card_palette":null,"avatar_url":"https:\/\/cdn.assetlog.ai\/avatars\/34\/avatar_max.webp?v=1786535213","avatar_thumb_url":"https:\/\/cdn.assetlog.ai\/avatars\/34\/avatar_small.webp?v=1786535213","reviews_count":0,"avg_rating":null,"seller_badge":"silver","can_calendar":true,"joined_at":"2026-06-07T07:44:52+00:00","primary_intent":null,"seeking":[],"asset_types":["vehicle"],"public_assets_count":47,"public_prompts_count":0,"followers_count":0},"images":[{"id":36331,"max":"https:\/\/cdn.assetlog.ai\/assets\/1083\/mercedes-benz-cls-kupe-450-4matic-nelakovane-aj-na-splatky-protiucet_1_max.webp","medium":"https:\/\/cdn.assetlog.ai\/assets\/1083\/mercedes-benz-cls-kupe-450-4matic-nelakovane-aj-na-splatky-protiucet_1_medium.webp","small":"https:\/\/cdn.assetlog.ai\/assets\/1083\/mercedes-benz-cls-kupe-450-4matic-nelakovane-aj-na-splatky-protiucet_1_small.webp"},{"id":36332,"max":"https:\/\/cdn.assetlog.ai\/assets\/1083\/mercedes-benz-cls-kupe-450-4matic-nelakovane-aj-na-splatky-protiucet_2_max.webp","medium":"https:\/\/cdn.assetlog.ai\/assets\/1083\/mercedes-benz-cls-kupe-450-4matic-nelakovane-aj-na-splatky-protiucet_2_medium.webp","small":"https:\/\/cdn.assetlog.ai\/assets\/1083\/mercedes-benz-cls-kupe-450-4matic-nelakovane-aj-na-splatky-protiucet_2_small.webp"},{"id":36333,"max":"https:\/\/cdn.assetlog.ai\/assets\/1083\/mercedes-benz-cls-kupe-450-4matic-nelakovane-aj-na-splatky-protiucet_3_max.webp","medium":"https:\/\/cdn.assetlog.ai\/assets\/1083\/mercedes-benz-cls-kupe-450-4matic-nelakovane-aj-na-splatky-protiucet_3_medium.webp","small":"https:\/\/cdn.assetlog.ai\/assets\/1083\/mercedes-benz-cls-kupe-450-4matic-nelakovane-aj-na-splatky-protiucet_3_small.webp"},{"id":36334,"max":"https:\/\/cdn.assetlog.ai\/assets\/1083\/mercedes-benz-cls-kupe-450-4matic-nelakovane-aj-na-splatky-protiucet_4_max.webp","medium":"https:\/\/cdn.assetlog.ai\/assets\/1083\/mercedes-benz-cls-kupe-450-4matic-nelakovane-aj-na-splatky-protiucet_4_medium.webp","small":"https:\/\/cdn.assetlog.ai\/assets\/1083\/mercedes-benz-cls-kupe-450-4matic-nelakovane-aj-na-splatky-protiucet_4_small.webp"},{"id":36335,"max":"https:\/\/cdn.assetlog.ai\/assets\/1083\/mercedes-benz-cls-kupe-450-4matic-nelakovane-aj-na-splatky-protiucet_5_max.webp","medium":"https:\/\/cdn.assetlog.ai\/assets\/1083\/mercedes-benz-cls-kupe-450-4matic-nelakovane-aj-na-splatky-protiucet_5_medium.webp","small":"https:\/\/cdn.assetlog.ai\/assets\/1083\/mercedes-benz-cls-kupe-450-4matic-nelakovane-aj-na-splatky-protiucet_5_small.webp"},{"id":36336,"max":"https:\/\/cdn.assetlog.ai\/assets\/1083\/mercedes-benz-cls-kupe-450-4matic-nelakovane-aj-na-splatky-protiucet_6_max.webp","medium":"https:\/\/cdn.assetlog.ai\/assets\/1083\/mercedes-benz-cls-kupe-450-4matic-nelakovane-aj-na-splatky-protiucet_6_medium.webp","small":"https:\/\/cdn.assetlog.ai\/assets\/1083\/mercedes-benz-cls-kupe-450-4matic-nelakovane-aj-na-splatky-protiucet_6_small.webp"},{"id":36337,"max":"https:\/\/cdn.assetlog.ai\/assets\/1083\/mercedes-benz-cls-kupe-450-4matic-nelakovane-aj-na-splatky-protiucet_7_max.webp","medium":"https:\/\/cdn.assetlog.ai\/assets\/1083\/mercedes-benz-cls-kupe-450-4matic-nelakovane-aj-na-splatky-protiucet_7_medium.webp","small":"https:\/\/cdn.assetlog.ai\/assets\/1083\/mercedes-benz-cls-kupe-450-4matic-nelakovane-aj-na-splatky-protiucet_7_small.webp"},{"id":36338,"max":"https:\/\/cdn.assetlog.ai\/assets\/1083\/mercedes-benz-cls-kupe-450-4matic-nelakovane-aj-na-splatky-protiucet_8_max.webp","medium":"https:\/\/cdn.assetlog.ai\/assets\/1083\/mercedes-benz-cls-kupe-450-4matic-nelakovane-aj-na-splatky-protiucet_8_medium.webp","small":"https:\/\/cdn.assetlog.ai\/assets\/1083\/mercedes-benz-cls-kupe-450-4matic-nelakovane-aj-na-splatky-protiucet_8_small.webp"},{"id":36339,"max":"https:\/\/cdn.assetlog.ai\/assets\/1083\/mercedes-benz-cls-kupe-450-4matic-nelakovane-aj-na-splatky-protiucet_9_max.webp","medium":"https:\/\/cdn.assetlog.ai\/assets\/1083\/mercedes-benz-cls-kupe-450-4matic-nelakovane-aj-na-splatky-protiucet_9_medium.webp","small":"https:\/\/cdn.assetlog.ai\/assets\/1083\/mercedes-benz-cls-kupe-450-4matic-nelakovane-aj-na-splatky-protiucet_9_small.webp"},{"id":36340,"max":"https:\/\/cdn.assetlog.ai\/assets\/1083\/mercedes-benz-cls-kupe-450-4matic-nelakovane-aj-na-splatky-protiucet_10_max.webp","medium":"https:\/\/cdn.assetlog.ai\/assets\/1083\/mercedes-benz-cls-kupe-450-4matic-nelakovane-aj-na-splatky-protiucet_10_medium.webp","small":"https:\/\/cdn.assetlog.ai\/assets\/1083\/mercedes-benz-cls-kupe-450-4matic-nelakovane-aj-na-splatky-protiucet_10_small.webp"},{"id":36342,"max":"https:\/\/cdn.assetlog.ai\/assets\/1083\/mercedes-benz-cls-kupe-450-4matic-nelakovane-aj-na-splatky-protiucet_11_max.webp","medium":"https:\/\/cdn.assetlog.ai\/assets\/1083\/mercedes-benz-cls-kupe-450-4matic-nelakovane-aj-na-splatky-protiucet_11_medium.webp","small":"https:\/\/cdn.assetlog.ai\/assets\/1083\/mercedes-benz-cls-kupe-450-4matic-nelakovane-aj-na-splatky-protiucet_11_small.webp"},{"id":36341,"max":"https:\/\/cdn.assetlog.ai\/assets\/1083\/mercedes-benz-cls-kupe-450-4matic-nelakovane-aj-na-splatky-protiucet_12_max.webp","medium":"https:\/\/cdn.assetlog.ai\/assets\/1083\/mercedes-benz-cls-kupe-450-4matic-nelakovane-aj-na-splatky-protiucet_12_medium.webp","small":"https:\/\/cdn.assetlog.ai\/assets\/1083\/mercedes-benz-cls-kupe-450-4matic-nelakovane-aj-na-splatky-protiucet_12_small.webp"},{"id":36343,"max":"https:\/\/cdn.assetlog.ai\/assets\/1083\/mercedes-benz-cls-kupe-450-4matic-nelakovane-aj-na-splatky-protiucet_13_max.webp","medium":"https:\/\/cdn.assetlog.ai\/assets\/1083\/mercedes-benz-cls-kupe-450-4matic-nelakovane-aj-na-splatky-protiucet_13_medium.webp","small":"https:\/\/cdn.assetlog.ai\/assets\/1083\/mercedes-benz-cls-kupe-450-4matic-nelakovane-aj-na-splatky-protiucet_13_small.webp"},{"id":36344,"max":"https:\/\/cdn.assetlog.ai\/assets\/1083\/mercedes-benz-cls-kupe-450-4matic-nelakovane-aj-na-splatky-protiucet_14_max.webp","medium":"https:\/\/cdn.assetlog.ai\/assets\/1083\/mercedes-benz-cls-kupe-450-4matic-nelakovane-aj-na-splatky-protiucet_14_medium.webp","small":"https:\/\/cdn.assetlog.ai\/assets\/1083\/mercedes-benz-cls-kupe-450-4matic-nelakovane-aj-na-splatky-protiucet_14_small.webp"},{"id":36346,"max":"https:\/\/cdn.assetlog.ai\/assets\/1083\/mercedes-benz-cls-kupe-450-4matic-nelakovane-aj-na-splatky-protiucet_15_max.webp","medium":"https:\/\/cdn.assetlog.ai\/assets\/1083\/mercedes-benz-cls-kupe-450-4matic-nelakovane-aj-na-splatky-protiucet_15_medium.webp","small":"https:\/\/cdn.assetlog.ai\/assets\/1083\/mercedes-benz-cls-kupe-450-4matic-nelakovane-aj-na-splatky-protiucet_15_small.webp"},{"id":36345,"max":"https:\/\/cdn.assetlog.ai\/assets\/1083\/mercedes-benz-cls-kupe-450-4matic-nelakovane-aj-na-splatky-protiucet_16_max.webp","medium":"https:\/\/cdn.assetlog.ai\/assets\/1083\/mercedes-benz-cls-kupe-450-4matic-nelakovane-aj-na-splatky-protiucet_16_medium.webp","small":"https:\/\/cdn.assetlog.ai\/assets\/1083\/mercedes-benz-cls-kupe-450-4matic-nelakovane-aj-na-splatky-protiucet_16_small.webp"},{"id":36348,"max":"https:\/\/cdn.assetlog.ai\/assets\/1083\/mercedes-benz-cls-kupe-450-4matic-nelakovane-aj-na-splatky-protiucet_17_max.webp","medium":"https:\/\/cdn.assetlog.ai\/assets\/1083\/mercedes-benz-cls-kupe-450-4matic-nelakovane-aj-na-splatky-protiucet_17_medium.webp","small":"https:\/\/cdn.assetlog.ai\/assets\/1083\/mercedes-benz-cls-kupe-450-4matic-nelakovane-aj-na-splatky-protiucet_17_small.webp"},{"id":36347,"max":"https:\/\/cdn.assetlog.ai\/assets\/1083\/mercedes-benz-cls-kupe-450-4matic-nelakovane-aj-na-splatky-protiucet_18_max.webp","medium":"https:\/\/cdn.assetlog.ai\/assets\/1083\/mercedes-benz-cls-kupe-450-4matic-nelakovane-aj-na-splatky-protiucet_18_medium.webp","small":"https:\/\/cdn.assetlog.ai\/assets\/1083\/mercedes-benz-cls-kupe-450-4matic-nelakovane-aj-na-splatky-protiucet_18_small.webp"},{"id":36349,"max":"https:\/\/cdn.assetlog.ai\/assets\/1083\/mercedes-benz-cls-kupe-450-4matic-nelakovane-aj-na-splatky-protiucet_19_max.webp","medium":"https:\/\/cdn.assetlog.ai\/assets\/1083\/mercedes-benz-cls-kupe-450-4matic-nelakovane-aj-na-splatky-protiucet_19_medium.webp","small":"https:\/\/cdn.assetlog.ai\/assets\/1083\/mercedes-benz-cls-kupe-450-4matic-nelakovane-aj-na-splatky-protiucet_19_small.webp"},{"id":36350,"max":"https:\/\/cdn.assetlog.ai\/assets\/1083\/mercedes-benz-cls-kupe-450-4matic-nelakovane-aj-na-splatky-protiucet_20_max.webp","medium":"https:\/\/cdn.assetlog.ai\/assets\/1083\/mercedes-benz-cls-kupe-450-4matic-nelakovane-aj-na-splatky-protiucet_20_medium.webp","small":"https:\/\/cdn.assetlog.ai\/assets\/1083\/mercedes-benz-cls-kupe-450-4matic-nelakovane-aj-na-splatky-protiucet_20_small.webp"},{"id":36351,"max":"https:\/\/cdn.assetlog.ai\/assets\/1083\/mercedes-benz-cls-kupe-450-4matic-nelakovane-aj-na-splatky-protiucet_21_max.webp","medium":"https:\/\/cdn.assetlog.ai\/assets\/1083\/mercedes-benz-cls-kupe-450-4matic-nelakovane-aj-na-splatky-protiucet_21_medium.webp","small":"https:\/\/cdn.assetlog.ai\/assets\/1083\/mercedes-benz-cls-kupe-450-4matic-nelakovane-aj-na-splatky-protiucet_21_small.webp"},{"id":36352,"max":"https:\/\/cdn.assetlog.ai\/assets\/1083\/mercedes-benz-cls-kupe-450-4matic-nelakovane-aj-na-splatky-protiucet_22_max.webp","medium":"https:\/\/cdn.assetlog.ai\/assets\/1083\/mercedes-benz-cls-kupe-450-4matic-nelakovane-aj-na-splatky-protiucet_22_medium.webp","small":"https:\/\/cdn.assetlog.ai\/assets\/1083\/mercedes-benz-cls-kupe-450-4matic-nelakovane-aj-na-splatky-protiucet_22_small.webp"},{"id":36353,"max":"https:\/\/cdn.assetlog.ai\/assets\/1083\/mercedes-benz-cls-kupe-450-4matic-nelakovane-aj-na-splatky-protiucet_23_max.webp","medium":"https:\/\/cdn.assetlog.ai\/assets\/1083\/mercedes-benz-cls-kupe-450-4matic-nelakovane-aj-na-splatky-protiucet_23_medium.webp","small":"https:\/\/cdn.assetlog.ai\/assets\/1083\/mercedes-benz-cls-kupe-450-4matic-nelakovane-aj-na-splatky-protiucet_23_small.webp"},{"id":36354,"max":"https:\/\/cdn.assetlog.ai\/assets\/1083\/mercedes-benz-cls-kupe-450-4matic-nelakovane-aj-na-splatky-protiucet_24_max.webp","medium":"https:\/\/cdn.assetlog.ai\/assets\/1083\/mercedes-benz-cls-kupe-450-4matic-nelakovane-aj-na-splatky-protiucet_24_medium.webp","small":"https:\/\/cdn.assetlog.ai\/assets\/1083\/mercedes-benz-cls-kupe-450-4matic-nelakovane-aj-na-splatky-protiucet_24_small.webp"},{"id":36355,"max":"https:\/\/cdn.assetlog.ai\/assets\/1083\/mercedes-benz-cls-kupe-450-4matic-nelakovane-aj-na-splatky-protiucet_25_max.webp","medium":"https:\/\/cdn.assetlog.ai\/assets\/1083\/mercedes-benz-cls-kupe-450-4matic-nelakovane-aj-na-splatky-protiucet_25_medium.webp","small":"https:\/\/cdn.assetlog.ai\/assets\/1083\/mercedes-benz-cls-kupe-450-4matic-nelakovane-aj-na-splatky-protiucet_25_small.webp"},{"id":36356,"max":"https:\/\/cdn.assetlog.ai\/assets\/1083\/mercedes-benz-cls-kupe-450-4matic-nelakovane-aj-na-splatky-protiucet_26_max.webp","medium":"https:\/\/cdn.assetlog.ai\/assets\/1083\/mercedes-benz-cls-kupe-450-4matic-nelakovane-aj-na-splatky-protiucet_26_medium.webp","small":"https:\/\/cdn.assetlog.ai\/assets\/1083\/mercedes-benz-cls-kupe-450-4matic-nelakovane-aj-na-splatky-protiucet_26_small.webp"},{"id":36357,"max":"https:\/\/cdn.assetlog.ai\/assets\/1083\/mercedes-benz-cls-kupe-450-4matic-nelakovane-aj-na-splatky-protiucet_27_max.webp","medium":"https:\/\/cdn.assetlog.ai\/assets\/1083\/mercedes-benz-cls-kupe-450-4matic-nelakovane-aj-na-splatky-protiucet_27_medium.webp","small":"https:\/\/cdn.assetlog.ai\/assets\/1083\/mercedes-benz-cls-kupe-450-4matic-nelakovane-aj-na-splatky-protiucet_27_small.webp"},{"id":36358,"max":"https:\/\/cdn.assetlog.ai\/assets\/1083\/mercedes-benz-cls-kupe-450-4matic-nelakovane-aj-na-splatky-protiucet_28_max.webp","medium":"https:\/\/cdn.assetlog.ai\/assets\/1083\/mercedes-benz-cls-kupe-450-4matic-nelakovane-aj-na-splatky-protiucet_28_medium.webp","small":"https:\/\/cdn.assetlog.ai\/assets\/1083\/mercedes-benz-cls-kupe-450-4matic-nelakovane-aj-na-splatky-protiucet_28_small.webp"},{"id":36359,"max":"https:\/\/cdn.assetlog.ai\/assets\/1083\/mercedes-benz-cls-kupe-450-4matic-nelakovane-aj-na-splatky-protiucet_29_max.webp","medium":"https:\/\/cdn.assetlog.ai\/assets\/1083\/mercedes-benz-cls-kupe-450-4matic-nelakovane-aj-na-splatky-protiucet_29_medium.webp","small":"https:\/\/cdn.assetlog.ai\/assets\/1083\/mercedes-benz-cls-kupe-450-4matic-nelakovane-aj-na-splatky-protiucet_29_small.webp"},{"id":36360,"max":"https:\/\/cdn.assetlog.ai\/assets\/1083\/mercedes-benz-cls-kupe-450-4matic-nelakovane-aj-na-splatky-protiucet_30_max.webp","medium":"https:\/\/cdn.assetlog.ai\/assets\/1083\/mercedes-benz-cls-kupe-450-4matic-nelakovane-aj-na-splatky-protiucet_30_medium.webp","small":"https:\/\/cdn.assetlog.ai\/assets\/1083\/mercedes-benz-cls-kupe-450-4matic-nelakovane-aj-na-splatky-protiucet_30_small.webp"},{"id":36361,"max":"https:\/\/cdn.assetlog.ai\/assets\/1083\/mercedes-benz-cls-kupe-450-4matic-nelakovane-aj-na-splatky-protiucet_31_max.webp","medium":"https:\/\/cdn.assetlog.ai\/assets\/1083\/mercedes-benz-cls-kupe-450-4matic-nelakovane-aj-na-splatky-protiucet_31_medium.webp","small":"https:\/\/cdn.assetlog.ai\/assets\/1083\/mercedes-benz-cls-kupe-450-4matic-nelakovane-aj-na-splatky-protiucet_31_small.webp"},{"id":36363,"max":"https:\/\/cdn.assetlog.ai\/assets\/1083\/mercedes-benz-cls-kupe-450-4matic-nelakovane-aj-na-splatky-protiucet_32_max.webp","medium":"https:\/\/cdn.assetlog.ai\/assets\/1083\/mercedes-benz-cls-kupe-450-4matic-nelakovane-aj-na-splatky-protiucet_32_medium.webp","small":"https:\/\/cdn.assetlog.ai\/assets\/1083\/mercedes-benz-cls-kupe-450-4matic-nelakovane-aj-na-splatky-protiucet_32_small.webp"},{"id":36362,"max":"https:\/\/cdn.assetlog.ai\/assets\/1083\/mercedes-benz-cls-kupe-450-4matic-nelakovane-aj-na-splatky-protiucet_33_max.webp","medium":"https:\/\/cdn.assetlog.ai\/assets\/1083\/mercedes-benz-cls-kupe-450-4matic-nelakovane-aj-na-splatky-protiucet_33_medium.webp","small":"https:\/\/cdn.assetlog.ai\/assets\/1083\/mercedes-benz-cls-kupe-450-4matic-nelakovane-aj-na-splatky-protiucet_33_small.webp"},{"id":36364,"max":"https:\/\/cdn.assetlog.ai\/assets\/1083\/mercedes-benz-cls-kupe-450-4matic-nelakovane-aj-na-splatky-protiucet_34_max.webp","medium":"https:\/\/cdn.assetlog.ai\/assets\/1083\/mercedes-benz-cls-kupe-450-4matic-nelakovane-aj-na-splatky-protiucet_34_medium.webp","small":"https:\/\/cdn.assetlog.ai\/assets\/1083\/mercedes-benz-cls-kupe-450-4matic-nelakovane-aj-na-splatky-protiucet_34_small.webp"},{"id":36365,"max":"https:\/\/cdn.assetlog.ai\/assets\/1083\/mercedes-benz-cls-kupe-450-4matic-nelakovane-aj-na-splatky-protiucet_35_max.webp","medium":"https:\/\/cdn.assetlog.ai\/assets\/1083\/mercedes-benz-cls-kupe-450-4matic-nelakovane-aj-na-splatky-protiucet_35_medium.webp","small":"https:\/\/cdn.assetlog.ai\/assets\/1083\/mercedes-benz-cls-kupe-450-4matic-nelakovane-aj-na-splatky-protiucet_35_small.webp"},{"id":36366,"max":"https:\/\/cdn.assetlog.ai\/assets\/1083\/mercedes-benz-cls-kupe-450-4matic-nelakovane-aj-na-splatky-protiucet_36_max.webp","medium":"https:\/\/cdn.assetlog.ai\/assets\/1083\/mercedes-benz-cls-kupe-450-4matic-nelakovane-aj-na-splatky-protiucet_36_medium.webp","small":"https:\/\/cdn.assetlog.ai\/assets\/1083\/mercedes-benz-cls-kupe-450-4matic-nelakovane-aj-na-splatky-protiucet_36_small.webp"},{"id":36367,"max":"https:\/\/cdn.assetlog.ai\/assets\/1083\/mercedes-benz-cls-kupe-450-4matic-nelakovane-aj-na-splatky-protiucet_37_max.webp","medium":"https:\/\/cdn.assetlog.ai\/assets\/1083\/mercedes-benz-cls-kupe-450-4matic-nelakovane-aj-na-splatky-protiucet_37_medium.webp","small":"https:\/\/cdn.assetlog.ai\/assets\/1083\/mercedes-benz-cls-kupe-450-4matic-nelakovane-aj-na-splatky-protiucet_37_small.webp"},{"id":36368,"max":"https:\/\/cdn.assetlog.ai\/assets\/1083\/mercedes-benz-cls-kupe-450-4matic-nelakovane-aj-na-splatky-protiucet_38_max.webp","medium":"https:\/\/cdn.assetlog.ai\/assets\/1083\/mercedes-benz-cls-kupe-450-4matic-nelakovane-aj-na-splatky-protiucet_38_medium.webp","small":"https:\/\/cdn.assetlog.ai\/assets\/1083\/mercedes-benz-cls-kupe-450-4matic-nelakovane-aj-na-splatky-protiucet_38_small.webp"},{"id":36369,"max":"https:\/\/cdn.assetlog.ai\/assets\/1083\/mercedes-benz-cls-kupe-450-4matic-nelakovane-aj-na-splatky-protiucet_39_max.webp","medium":"https:\/\/cdn.assetlog.ai\/assets\/1083\/mercedes-benz-cls-kupe-450-4matic-nelakovane-aj-na-splatky-protiucet_39_medium.webp","small":"https:\/\/cdn.assetlog.ai\/assets\/1083\/mercedes-benz-cls-kupe-450-4matic-nelakovane-aj-na-splatky-protiucet_39_small.webp"},{"id":36370,"max":"https:\/\/cdn.assetlog.ai\/assets\/1083\/mercedes-benz-cls-kupe-450-4matic-nelakovane-aj-na-splatky-protiucet_40_max.webp","medium":"https:\/\/cdn.assetlog.ai\/assets\/1083\/mercedes-benz-cls-kupe-450-4matic-nelakovane-aj-na-splatky-protiucet_40_medium.webp","small":"https:\/\/cdn.assetlog.ai\/assets\/1083\/mercedes-benz-cls-kupe-450-4matic-nelakovane-aj-na-splatky-protiucet_40_small.webp"}],"published_at":null,"expires_at":null,"created_at":"2026-06-07T14:22:16+00:00","updated_at":"2026-09-02T03:41:32+00:00"}}