{"data":{"id":176716,"slug":"mercedes-benz-e-trieda-kombi-e-200-t-avantgarde-mhev-at-150-kw-2024-aj-na-splatky-protiuc","type":"vehicle","title":"Mercedes-Benz E-Class Estate E 200 T Avantgarde mHEV A\/T, 150 kW (2024) \/ FINANCING AVAILABLE \/ TRADE-IN","description":"FINANCING \/ TRADE-IN \/ WARRANTY\nCommission sale - you purchase the vehicle directly from the owner.\n\nMercedes-Benz E 200 T in AVANTGARDE version \u2013 nearly new vehicle in excellent condition, with very low mileage and factory warranty until 11\/2027. The vehicle has no insurance claims and is in original paint. Stylish and elegant estate combines the typical comfort of the Mercedes-Benz brand, modern design and economical mild-hybrid drive mHEV with 150 kW power combined with an automatic transmission. The vehicle impresses with rich equipment, which includes LED High Performance headlights, parking assistant with parking camera, navigation, adaptive cruise control, automatic dual-zone climate control, heated and electrically adjustable front seats, ambient lighting, virtual cockpit, keyless start and door opening, or electrically operated tailgate. This is an ideal combination of comfort, technology and practicality for daily driving and long trips.\n\nWe offer favorable financing options with monthly installments, so you can enjoy your new vehicle immediately, without unnecessary waiting, with down payments from 0% and installments up to 96 months. On the Autorro website, you can fill out a non-binding financing form.\n\nFor your greater convenience and peace of mind, we can provide you with extended warranty of up to 12-36 months.\n\nIf you already own a vehicle, you don't have to worry about selling it - in exchange we will take it directly from you. Just come to us with it, we will evaluate it and deduct the costs from the value of your new vehicle. This way you save time, hassle and money and the entire process will be quick and easy - you drive away in your new vehicle without unnecessary paperwork.\n\nTHE VEHICLE IS LOCATED IN Bratislava. More information will be provided to you at telephone number 0949 895 200.\n\nProduct number: AA201ZI.\n\nTechnical specifications\n\nYear: 06\/24, 1999 cm\u00b3, 150 kW (204 HP), Vehicle generation: , Drive: Rear-wheel drive, Automatic transmission (9-speed), Petrol, EURO 6, 5-door, (5-seater), 25,148 km, Grey metallic, VIN W1KLH5AB1RA074351\n\nVehicle fuel consumption (l\/100 km)\n\nIn city: , outside city: , combined:\n\nService book, Imported, Never damaged, Leasing possible, Credit possible, Under warranty, Original inspection, Complete service history","language":"cs","is_translated":true,"title_original":"Mercedes-Benz E trieda Kombi E 200 T Avantgarde mHEV A\/T, 150 kW (2024) \/ AJ NA SPL\u00c1TKY \/ PROTI\u00da\u010c","description_original":"FINANCOV\u00c1N\u00cd \/ PROTI\u00da\u010cET \/ Z\u00c1RUKA\nKomisn\u00ed prodej - vozidlo kupujete p\u0159\u00edmo od majitele.\n\nMercedes-Benz E 200 T ve verzi AVANTGARDE \u2013 t\u00e9m\u011b\u0159 nov\u00e9 vozidlo v excelentn\u00edm stavu, s velmi n\u00edzk\u00fdm po\u010dtem najet\u00fdch kilometr\u016f a tov\u00e1rn\u00ed z\u00e1rukou do 11\/2027. Vozidlo nem\u00e1 \u017e\u00e1dn\u00e9 pojistn\u00e9 ud\u00e1losti a je v p\u016fvodn\u00edm laku. Stylov\u00e9 a elegantn\u00ed kombi spojuje typick\u00fd komfort zna\u010dky Mercedes-Benz, modern\u00ed design a \u00fasporn\u00fd mild-hybridn\u00ed pohon mHEV s v\u00fdkonem 150 kW v kombinaci s automatickou p\u0159evodovkou. Vozidlo zaujme bohatou v\u00fdbavou, jej\u00ed\u017e sou\u010d\u00e1st\u00ed jsou LED-High Performance sv\u011btlomety, parkovac\u00ed asistent s parkovac\u00ed kamerou, navigace, adaptivn\u00ed tempomat, automatick\u00e1 dvouz\u00f3nov\u00e1 klimatizace, vyh\u0159\u00edvan\u00e1 a elektricky nastaviteln\u00e1 p\u0159edn\u00ed sedadla, ambientn\u00ed osv\u011btlen\u00ed, virtu\u00e1ln\u00ed kokpit, bezkl\u00ed\u010dov\u00e9 startov\u00e1n\u00ed a otev\u00edr\u00e1n\u00ed dve\u0159\u00ed \u010di elektricky ovl\u00e1dan\u00e9 v\u00edko zavazadlov\u00e9ho prostoru. Jedn\u00e1 se o ide\u00e1ln\u00ed kombinaci komfortu, technologi\u00ed a prakti\u010dnosti pro ka\u017edodenn\u00ed j\u00edzdu i dlouh\u00e9 cesty.\n\nNab\u00edz\u00edme mo\u017enost v\u00fdhodn\u00e9ho financov\u00e1n\u00ed s m\u011bs\u00ed\u010dn\u00edmi spl\u00e1tkami, tak\u017ee si sv\u00e9 nov\u00e9 vozidlo m\u016f\u017eete u\u017e\u00edt ihned, bez zbyte\u010dn\u00e9ho \u010dek\u00e1n\u00ed, s akontac\u00ed od 0 % a spl\u00e1tkami a\u017e na 96 m\u011bs\u00edc\u016f. Na str\u00e1nk\u00e1ch Autorro m\u016f\u017eete vyplnit nez\u00e1vazn\u00fd formul\u00e1\u0159 pro financov\u00e1n\u00ed.\n\nPro va\u0161e v\u011bt\u0161\u00ed pohodl\u00ed a jistotu v\u00e1m m\u016f\u017eeme poskytnout prodlou\u017eenou z\u00e1ruku a\u017e na 12-36 m\u011bs\u00edc\u016f.\n\nPokud ji\u017e v\u016fz vlastn\u00edte, nemus\u00edte se zab\u00fdvat jeho prodejem - na opl\u00e1tku si ho od v\u00e1s p\u0159\u00edmo vezmeme. Sta\u010d\u00ed, kdy\u017e k n\u00e1m s n\u00edm p\u0159ijdete, my ho ocen\u00edme a n\u00e1klady ode\u010dteme od hodnoty va\u0161eho nov\u00e9ho vozu. U\u0161et\u0159\u00edte tak \u010das, starosti i pen\u00edze a cel\u00fd proces bude rychl\u00fd a snadn\u00fd - odjedete rovnou ve sv\u00e9m nov\u00e9m voze bez zbyte\u010dn\u00e9ho pap\u00edrov\u00e1n\u00ed.\n\nVOZIDLO SE NACH\u00c1Z\u00cd V Bratislave. Viac inform\u00e1ci\u00ed V\u00e1m poskytneme na telefonn\u00edm \u010d\u00edsle 0949 895 200.\n\n\u010c\u00edslo v\u00fdrobku: AA201ZI.\n\nTechnick\u00e9 \u00fadaje\n\nv.v.: 06\/24, 1999cm\u00b3, 150kW (204PS), Generace vozidla: , Pohon: Pohon zadn\u00edch kol, Automatick\u00e1 p\u0159evodovka (9 st.), Benz\u00edn, EURO 6, 5 dv., (5-m\u00edstn\u00fd), 25 148km, \u0160ed\u00e1 metal\u00edza, VIN W1KLH5AB1RA074351\n\nSpot\u0159eba vozidla (l\/100km)\n\nVe m\u011bst\u011b: , mimo m\u011bsto: , kombinovan\u00e1:\n\nServisn\u00ed kn\u00ed\u017eka, Dovezen\u00e9, Nikdy neb\u00faran\u00e9, Mo\u017en\u00fd leasing, Mo\u017en\u00fd \u00fav\u011br, V z\u00e1ruce, Kontrola originality, \u00dapln\u00e1 servisn\u00ed historie","price":"1255039.00","currency":"CZK","status":"active","noindex":true,"location":{"address":null,"full_address":null,"city":"Bratislava","country":"SK","latitude":48.1516988,"longitude":17.1093063},"metadata":{"vin":"W1KLH5AB1RA074351","fuel":"petrol","year":2024,"brand":"Mercedes-Benz","color":"Grey","doors":5,"drive":"Rear-wheel drive","model":"E trieda T","seats":5,"region":"Bratislavsk\u00fd kraj","mileage":25148,"emisions":"Euro 6","features":["Alarm","EBD\/EBV","ABS","ESP","Protiprokluzov\u00fd syst\u00e9m kol (TC, ASR)","ADS","Brzdov\u00fd asistent (EBA, BAS)","ISOFIX na zadn\u00edch sedadlech","Deaktivace airbagu spolujezdce","Senzor tlaku","Syst\u00e9m rozpozn\u00e1v\u00e1n\u00ed dopravn\u00edch zna\u010dek","Sledov\u00e1n\u00ed \u00fanavy \u0159idi\u010de","Asistent d\u00e1lkov\u00fdch sv\u011btel (HBA)","Centr\u00e1ln\u00ed zamyk\u00e1n\u00ed","Zadn\u00ed el. stahovateln\u00e1 okna","El. nastaviteln\u00e1 p\u0159edn\u00ed sedadla","Elektricky nastaviteln\u00e1 zp\u011btn\u00e1 zrc\u00e1tka","Automatick\u00e1 2-z\u00f3nov\u00e1 klimatizace","Centr\u00e1ln\u00ed zamyk\u00e1n\u00ed na d\u00e1lkov\u00e9 ovl\u00e1d\u00e1n\u00ed","Autor\u00e1dio","Multifunk\u010dn\u00ed volant","Loketn\u00ed op\u011brka vp\u0159edu","Start\/Stop syst\u00e9m","Klimatizovan\u00e1 p\u0159ihr\u00e1dka","Apple Car Play","Android Auto","Welcome light","Digit\u00e1ln\u00ed p\u0159\u00edstrojov\u00e1 deska","Bezdr\u00e1tov\u00e1 nab\u00edje\u010dka mobiln\u00edch telefon\u016f","Lit\u00e1 kola","Mlhovky","Imobiliz\u00e9r","Palubn\u00ed po\u010d\u00edta\u010d","Navigace","Automatick\u00e9 parkov\u00e1n\u00ed","Ko\u017een\u00fd interi\u00e9r","Vyh\u0159\u00edvan\u00e1 sedadla","Elektricky vyh\u0159\u00edvan\u00e1 zp\u011btn\u00e1 zrc\u00e1tka","Senzor st\u011bra\u010d\u016f","Sv\u011bteln\u00fd senzor","Parkovac\u00ed kamera","P\u0159edn\u00ed a zadn\u00ed parkovac\u00ed senzory","Adaptivn\u00ed tempomat","Bezkl\u00ed\u010dov\u00fd vstup","El. ovl\u00e1dan\u00fd kufr","Elektrick\u00e9 dov\u00edr\u00e1n\u00ed zavazadlov\u00e9ho prostoru","Bluetooth","Vyh\u0159\u00edvan\u00fd volant","Denn\u00ed sv\u00edcen\u00ed","LED sv\u011btlomety","Dotykov\u00e1 obrazovka","Bezdotykov\u00e9 ovl\u00e1d\u00e1n\u00ed v\u00edka zavazadlov\u00e9ho prostoru","Ambientn\u00ed LED osv\u011btlen\u00ed interi\u00e9ru","Serv. kni\u017eka","Dovezen\u00e9","Nikdy neb\u00faran\u00e9","Mo\u017en\u00fd leasing","Mo\u017en\u00fd \u00faver","v z\u00e1ruke","Kontrola originality","\u00dapln\u00e1 servisn\u00e1 hist\u00f3ria","Adaptivn\u00ed podvozek","Ko\u017een\u00fd paket","Odo-pass","Asistent udr\u017eov\u00e1n\u00ed j\u00edzdn\u00edho pruhu","Asistent rozjezdu do kopce","Kontrola mrtv\u00e9ho \u00fahlu","Multimedi\u00e1ln\u00ed syst\u00e9m MBUX","LED-High Performance sv\u011btlomety","Drive Select (j\u00edzdy re\u017eimy)","elektricky sklopn\u00e1 zp\u011btn\u00e1 zrc\u00e1tka","rozpozn\u00e1v\u00e1n\u00ed chodc\u016f"],"power_kw":150,"body_type":"Estate","condition":"Used","transmission":"automatic","vat_deductible":false,"consumption_city":null,"translation_hash":"384d1bb29b311ab9d2dd52856da2946f129aee81","vehicle_category":"car","engine_volume_cm3":1999,"first_registration":"2024-06-01","translation_status":"done","consumption_highway":null,"consumption_combined":null},"user_id":18,"is_sponsored":false,"views_count":4,"ai_views_count":11,"ai_vendor_counts":{"meta":6,"other":2,"openai":2,"anthropic":1},"visibility":"public","submission_source":null,"submission_ai_name":null,"has_owner_email":true,"can_contact_owner":true,"phone":"+421 949 895 200","owner_email":"mikus@autorro.sk","user":{"id":18,"slug":"ing-jan-mikus-18","name":"Ing. J\u00e1n Miku\u0161","bio":"Makl\u00e9r. P\u016fsob\u00edm v Bratislave a okol\u00ed.\n\nP\u016fsobnost: Bratislava","nationality":"SK","languages":["cs","sk"],"service_areas":[],"card_style":null,"card_palette":null,"avatar_url":"https:\/\/cdn.assetlog.ai\/avatars\/18\/avatar_max.webp?v=1786535213","avatar_thumb_url":"https:\/\/cdn.assetlog.ai\/avatars\/18\/avatar_small.webp?v=1786535213","reviews_count":0,"avg_rating":null,"seller_badge":"silver","can_calendar":true,"joined_at":"2026-06-07T07:44:42+00:00","primary_intent":null,"seeking":[],"public_assets_count":62,"public_prompts_count":0,"followers_count":0},"images":[{"id":138741,"max":"https:\/\/cdn.assetlog.ai\/assets\/176716\/mercedes-benz-e-trieda-kombi-e-200-t-avantgarde-mhev-at-150-kw-2024-aj-na-splatky-protiuc_1_max.webp","medium":"https:\/\/cdn.assetlog.ai\/assets\/176716\/mercedes-benz-e-trieda-kombi-e-200-t-avantgarde-mhev-at-150-kw-2024-aj-na-splatky-protiuc_1_medium.webp","small":"https:\/\/cdn.assetlog.ai\/assets\/176716\/mercedes-benz-e-trieda-kombi-e-200-t-avantgarde-mhev-at-150-kw-2024-aj-na-splatky-protiuc_1_small.webp"},{"id":138742,"max":"https:\/\/cdn.assetlog.ai\/assets\/176716\/mercedes-benz-e-trieda-kombi-e-200-t-avantgarde-mhev-at-150-kw-2024-aj-na-splatky-protiuc_2_max.webp","medium":"https:\/\/cdn.assetlog.ai\/assets\/176716\/mercedes-benz-e-trieda-kombi-e-200-t-avantgarde-mhev-at-150-kw-2024-aj-na-splatky-protiuc_2_medium.webp","small":"https:\/\/cdn.assetlog.ai\/assets\/176716\/mercedes-benz-e-trieda-kombi-e-200-t-avantgarde-mhev-at-150-kw-2024-aj-na-splatky-protiuc_2_small.webp"},{"id":138743,"max":"https:\/\/cdn.assetlog.ai\/assets\/176716\/mercedes-benz-e-trieda-kombi-e-200-t-avantgarde-mhev-at-150-kw-2024-aj-na-splatky-protiuc_3_max.webp","medium":"https:\/\/cdn.assetlog.ai\/assets\/176716\/mercedes-benz-e-trieda-kombi-e-200-t-avantgarde-mhev-at-150-kw-2024-aj-na-splatky-protiuc_3_medium.webp","small":"https:\/\/cdn.assetlog.ai\/assets\/176716\/mercedes-benz-e-trieda-kombi-e-200-t-avantgarde-mhev-at-150-kw-2024-aj-na-splatky-protiuc_3_small.webp"},{"id":138744,"max":"https:\/\/cdn.assetlog.ai\/assets\/176716\/mercedes-benz-e-trieda-kombi-e-200-t-avantgarde-mhev-at-150-kw-2024-aj-na-splatky-protiuc_4_max.webp","medium":"https:\/\/cdn.assetlog.ai\/assets\/176716\/mercedes-benz-e-trieda-kombi-e-200-t-avantgarde-mhev-at-150-kw-2024-aj-na-splatky-protiuc_4_medium.webp","small":"https:\/\/cdn.assetlog.ai\/assets\/176716\/mercedes-benz-e-trieda-kombi-e-200-t-avantgarde-mhev-at-150-kw-2024-aj-na-splatky-protiuc_4_small.webp"},{"id":138745,"max":"https:\/\/cdn.assetlog.ai\/assets\/176716\/mercedes-benz-e-trieda-kombi-e-200-t-avantgarde-mhev-at-150-kw-2024-aj-na-splatky-protiuc_5_max.webp","medium":"https:\/\/cdn.assetlog.ai\/assets\/176716\/mercedes-benz-e-trieda-kombi-e-200-t-avantgarde-mhev-at-150-kw-2024-aj-na-splatky-protiuc_5_medium.webp","small":"https:\/\/cdn.assetlog.ai\/assets\/176716\/mercedes-benz-e-trieda-kombi-e-200-t-avantgarde-mhev-at-150-kw-2024-aj-na-splatky-protiuc_5_small.webp"},{"id":138746,"max":"https:\/\/cdn.assetlog.ai\/assets\/176716\/mercedes-benz-e-trieda-kombi-e-200-t-avantgarde-mhev-at-150-kw-2024-aj-na-splatky-protiuc_6_max.webp","medium":"https:\/\/cdn.assetlog.ai\/assets\/176716\/mercedes-benz-e-trieda-kombi-e-200-t-avantgarde-mhev-at-150-kw-2024-aj-na-splatky-protiuc_6_medium.webp","small":"https:\/\/cdn.assetlog.ai\/assets\/176716\/mercedes-benz-e-trieda-kombi-e-200-t-avantgarde-mhev-at-150-kw-2024-aj-na-splatky-protiuc_6_small.webp"},{"id":138747,"max":"https:\/\/cdn.assetlog.ai\/assets\/176716\/mercedes-benz-e-trieda-kombi-e-200-t-avantgarde-mhev-at-150-kw-2024-aj-na-splatky-protiuc_7_max.webp","medium":"https:\/\/cdn.assetlog.ai\/assets\/176716\/mercedes-benz-e-trieda-kombi-e-200-t-avantgarde-mhev-at-150-kw-2024-aj-na-splatky-protiuc_7_medium.webp","small":"https:\/\/cdn.assetlog.ai\/assets\/176716\/mercedes-benz-e-trieda-kombi-e-200-t-avantgarde-mhev-at-150-kw-2024-aj-na-splatky-protiuc_7_small.webp"},{"id":138748,"max":"https:\/\/cdn.assetlog.ai\/assets\/176716\/mercedes-benz-e-trieda-kombi-e-200-t-avantgarde-mhev-at-150-kw-2024-aj-na-splatky-protiuc_8_max.webp","medium":"https:\/\/cdn.assetlog.ai\/assets\/176716\/mercedes-benz-e-trieda-kombi-e-200-t-avantgarde-mhev-at-150-kw-2024-aj-na-splatky-protiuc_8_medium.webp","small":"https:\/\/cdn.assetlog.ai\/assets\/176716\/mercedes-benz-e-trieda-kombi-e-200-t-avantgarde-mhev-at-150-kw-2024-aj-na-splatky-protiuc_8_small.webp"},{"id":138749,"max":"https:\/\/cdn.assetlog.ai\/assets\/176716\/mercedes-benz-e-trieda-kombi-e-200-t-avantgarde-mhev-at-150-kw-2024-aj-na-splatky-protiuc_9_max.webp","medium":"https:\/\/cdn.assetlog.ai\/assets\/176716\/mercedes-benz-e-trieda-kombi-e-200-t-avantgarde-mhev-at-150-kw-2024-aj-na-splatky-protiuc_9_medium.webp","small":"https:\/\/cdn.assetlog.ai\/assets\/176716\/mercedes-benz-e-trieda-kombi-e-200-t-avantgarde-mhev-at-150-kw-2024-aj-na-splatky-protiuc_9_small.webp"},{"id":138750,"max":"https:\/\/cdn.assetlog.ai\/assets\/176716\/mercedes-benz-e-trieda-kombi-e-200-t-avantgarde-mhev-at-150-kw-2024-aj-na-splatky-protiuc_10_max.webp","medium":"https:\/\/cdn.assetlog.ai\/assets\/176716\/mercedes-benz-e-trieda-kombi-e-200-t-avantgarde-mhev-at-150-kw-2024-aj-na-splatky-protiuc_10_medium.webp","small":"https:\/\/cdn.assetlog.ai\/assets\/176716\/mercedes-benz-e-trieda-kombi-e-200-t-avantgarde-mhev-at-150-kw-2024-aj-na-splatky-protiuc_10_small.webp"},{"id":138751,"max":"https:\/\/cdn.assetlog.ai\/assets\/176716\/mercedes-benz-e-trieda-kombi-e-200-t-avantgarde-mhev-at-150-kw-2024-aj-na-splatky-protiuc_11_max.webp","medium":"https:\/\/cdn.assetlog.ai\/assets\/176716\/mercedes-benz-e-trieda-kombi-e-200-t-avantgarde-mhev-at-150-kw-2024-aj-na-splatky-protiuc_11_medium.webp","small":"https:\/\/cdn.assetlog.ai\/assets\/176716\/mercedes-benz-e-trieda-kombi-e-200-t-avantgarde-mhev-at-150-kw-2024-aj-na-splatky-protiuc_11_small.webp"},{"id":138752,"max":"https:\/\/cdn.assetlog.ai\/assets\/176716\/mercedes-benz-e-trieda-kombi-e-200-t-avantgarde-mhev-at-150-kw-2024-aj-na-splatky-protiuc_12_max.webp","medium":"https:\/\/cdn.assetlog.ai\/assets\/176716\/mercedes-benz-e-trieda-kombi-e-200-t-avantgarde-mhev-at-150-kw-2024-aj-na-splatky-protiuc_12_medium.webp","small":"https:\/\/cdn.assetlog.ai\/assets\/176716\/mercedes-benz-e-trieda-kombi-e-200-t-avantgarde-mhev-at-150-kw-2024-aj-na-splatky-protiuc_12_small.webp"},{"id":138753,"max":"https:\/\/cdn.assetlog.ai\/assets\/176716\/mercedes-benz-e-trieda-kombi-e-200-t-avantgarde-mhev-at-150-kw-2024-aj-na-splatky-protiuc_13_max.webp","medium":"https:\/\/cdn.assetlog.ai\/assets\/176716\/mercedes-benz-e-trieda-kombi-e-200-t-avantgarde-mhev-at-150-kw-2024-aj-na-splatky-protiuc_13_medium.webp","small":"https:\/\/cdn.assetlog.ai\/assets\/176716\/mercedes-benz-e-trieda-kombi-e-200-t-avantgarde-mhev-at-150-kw-2024-aj-na-splatky-protiuc_13_small.webp"},{"id":138754,"max":"https:\/\/cdn.assetlog.ai\/assets\/176716\/mercedes-benz-e-trieda-kombi-e-200-t-avantgarde-mhev-at-150-kw-2024-aj-na-splatky-protiuc_14_max.webp","medium":"https:\/\/cdn.assetlog.ai\/assets\/176716\/mercedes-benz-e-trieda-kombi-e-200-t-avantgarde-mhev-at-150-kw-2024-aj-na-splatky-protiuc_14_medium.webp","small":"https:\/\/cdn.assetlog.ai\/assets\/176716\/mercedes-benz-e-trieda-kombi-e-200-t-avantgarde-mhev-at-150-kw-2024-aj-na-splatky-protiuc_14_small.webp"},{"id":138755,"max":"https:\/\/cdn.assetlog.ai\/assets\/176716\/mercedes-benz-e-trieda-kombi-e-200-t-avantgarde-mhev-at-150-kw-2024-aj-na-splatky-protiuc_15_max.webp","medium":"https:\/\/cdn.assetlog.ai\/assets\/176716\/mercedes-benz-e-trieda-kombi-e-200-t-avantgarde-mhev-at-150-kw-2024-aj-na-splatky-protiuc_15_medium.webp","small":"https:\/\/cdn.assetlog.ai\/assets\/176716\/mercedes-benz-e-trieda-kombi-e-200-t-avantgarde-mhev-at-150-kw-2024-aj-na-splatky-protiuc_15_small.webp"},{"id":138756,"max":"https:\/\/cdn.assetlog.ai\/assets\/176716\/mercedes-benz-e-trieda-kombi-e-200-t-avantgarde-mhev-at-150-kw-2024-aj-na-splatky-protiuc_16_max.webp","medium":"https:\/\/cdn.assetlog.ai\/assets\/176716\/mercedes-benz-e-trieda-kombi-e-200-t-avantgarde-mhev-at-150-kw-2024-aj-na-splatky-protiuc_16_medium.webp","small":"https:\/\/cdn.assetlog.ai\/assets\/176716\/mercedes-benz-e-trieda-kombi-e-200-t-avantgarde-mhev-at-150-kw-2024-aj-na-splatky-protiuc_16_small.webp"},{"id":138757,"max":"https:\/\/cdn.assetlog.ai\/assets\/176716\/mercedes-benz-e-trieda-kombi-e-200-t-avantgarde-mhev-at-150-kw-2024-aj-na-splatky-protiuc_17_max.webp","medium":"https:\/\/cdn.assetlog.ai\/assets\/176716\/mercedes-benz-e-trieda-kombi-e-200-t-avantgarde-mhev-at-150-kw-2024-aj-na-splatky-protiuc_17_medium.webp","small":"https:\/\/cdn.assetlog.ai\/assets\/176716\/mercedes-benz-e-trieda-kombi-e-200-t-avantgarde-mhev-at-150-kw-2024-aj-na-splatky-protiuc_17_small.webp"},{"id":138758,"max":"https:\/\/cdn.assetlog.ai\/assets\/176716\/mercedes-benz-e-trieda-kombi-e-200-t-avantgarde-mhev-at-150-kw-2024-aj-na-splatky-protiuc_18_max.webp","medium":"https:\/\/cdn.assetlog.ai\/assets\/176716\/mercedes-benz-e-trieda-kombi-e-200-t-avantgarde-mhev-at-150-kw-2024-aj-na-splatky-protiuc_18_medium.webp","small":"https:\/\/cdn.assetlog.ai\/assets\/176716\/mercedes-benz-e-trieda-kombi-e-200-t-avantgarde-mhev-at-150-kw-2024-aj-na-splatky-protiuc_18_small.webp"},{"id":138759,"max":"https:\/\/cdn.assetlog.ai\/assets\/176716\/mercedes-benz-e-trieda-kombi-e-200-t-avantgarde-mhev-at-150-kw-2024-aj-na-splatky-protiuc_19_max.webp","medium":"https:\/\/cdn.assetlog.ai\/assets\/176716\/mercedes-benz-e-trieda-kombi-e-200-t-avantgarde-mhev-at-150-kw-2024-aj-na-splatky-protiuc_19_medium.webp","small":"https:\/\/cdn.assetlog.ai\/assets\/176716\/mercedes-benz-e-trieda-kombi-e-200-t-avantgarde-mhev-at-150-kw-2024-aj-na-splatky-protiuc_19_small.webp"},{"id":138760,"max":"https:\/\/cdn.assetlog.ai\/assets\/176716\/mercedes-benz-e-trieda-kombi-e-200-t-avantgarde-mhev-at-150-kw-2024-aj-na-splatky-protiuc_20_max.webp","medium":"https:\/\/cdn.assetlog.ai\/assets\/176716\/mercedes-benz-e-trieda-kombi-e-200-t-avantgarde-mhev-at-150-kw-2024-aj-na-splatky-protiuc_20_medium.webp","small":"https:\/\/cdn.assetlog.ai\/assets\/176716\/mercedes-benz-e-trieda-kombi-e-200-t-avantgarde-mhev-at-150-kw-2024-aj-na-splatky-protiuc_20_small.webp"},{"id":138761,"max":"https:\/\/cdn.assetlog.ai\/assets\/176716\/mercedes-benz-e-trieda-kombi-e-200-t-avantgarde-mhev-at-150-kw-2024-aj-na-splatky-protiuc_21_max.webp","medium":"https:\/\/cdn.assetlog.ai\/assets\/176716\/mercedes-benz-e-trieda-kombi-e-200-t-avantgarde-mhev-at-150-kw-2024-aj-na-splatky-protiuc_21_medium.webp","small":"https:\/\/cdn.assetlog.ai\/assets\/176716\/mercedes-benz-e-trieda-kombi-e-200-t-avantgarde-mhev-at-150-kw-2024-aj-na-splatky-protiuc_21_small.webp"},{"id":138762,"max":"https:\/\/cdn.assetlog.ai\/assets\/176716\/mercedes-benz-e-trieda-kombi-e-200-t-avantgarde-mhev-at-150-kw-2024-aj-na-splatky-protiuc_22_max.webp","medium":"https:\/\/cdn.assetlog.ai\/assets\/176716\/mercedes-benz-e-trieda-kombi-e-200-t-avantgarde-mhev-at-150-kw-2024-aj-na-splatky-protiuc_22_medium.webp","small":"https:\/\/cdn.assetlog.ai\/assets\/176716\/mercedes-benz-e-trieda-kombi-e-200-t-avantgarde-mhev-at-150-kw-2024-aj-na-splatky-protiuc_22_small.webp"},{"id":138763,"max":"https:\/\/cdn.assetlog.ai\/assets\/176716\/mercedes-benz-e-trieda-kombi-e-200-t-avantgarde-mhev-at-150-kw-2024-aj-na-splatky-protiuc_23_max.webp","medium":"https:\/\/cdn.assetlog.ai\/assets\/176716\/mercedes-benz-e-trieda-kombi-e-200-t-avantgarde-mhev-at-150-kw-2024-aj-na-splatky-protiuc_23_medium.webp","small":"https:\/\/cdn.assetlog.ai\/assets\/176716\/mercedes-benz-e-trieda-kombi-e-200-t-avantgarde-mhev-at-150-kw-2024-aj-na-splatky-protiuc_23_small.webp"},{"id":138764,"max":"https:\/\/cdn.assetlog.ai\/assets\/176716\/mercedes-benz-e-trieda-kombi-e-200-t-avantgarde-mhev-at-150-kw-2024-aj-na-splatky-protiuc_24_max.webp","medium":"https:\/\/cdn.assetlog.ai\/assets\/176716\/mercedes-benz-e-trieda-kombi-e-200-t-avantgarde-mhev-at-150-kw-2024-aj-na-splatky-protiuc_24_medium.webp","small":"https:\/\/cdn.assetlog.ai\/assets\/176716\/mercedes-benz-e-trieda-kombi-e-200-t-avantgarde-mhev-at-150-kw-2024-aj-na-splatky-protiuc_24_small.webp"},{"id":138765,"max":"https:\/\/cdn.assetlog.ai\/assets\/176716\/mercedes-benz-e-trieda-kombi-e-200-t-avantgarde-mhev-at-150-kw-2024-aj-na-splatky-protiuc_25_max.webp","medium":"https:\/\/cdn.assetlog.ai\/assets\/176716\/mercedes-benz-e-trieda-kombi-e-200-t-avantgarde-mhev-at-150-kw-2024-aj-na-splatky-protiuc_25_medium.webp","small":"https:\/\/cdn.assetlog.ai\/assets\/176716\/mercedes-benz-e-trieda-kombi-e-200-t-avantgarde-mhev-at-150-kw-2024-aj-na-splatky-protiuc_25_small.webp"},{"id":138766,"max":"https:\/\/cdn.assetlog.ai\/assets\/176716\/mercedes-benz-e-trieda-kombi-e-200-t-avantgarde-mhev-at-150-kw-2024-aj-na-splatky-protiuc_26_max.webp","medium":"https:\/\/cdn.assetlog.ai\/assets\/176716\/mercedes-benz-e-trieda-kombi-e-200-t-avantgarde-mhev-at-150-kw-2024-aj-na-splatky-protiuc_26_medium.webp","small":"https:\/\/cdn.assetlog.ai\/assets\/176716\/mercedes-benz-e-trieda-kombi-e-200-t-avantgarde-mhev-at-150-kw-2024-aj-na-splatky-protiuc_26_small.webp"},{"id":138767,"max":"https:\/\/cdn.assetlog.ai\/assets\/176716\/mercedes-benz-e-trieda-kombi-e-200-t-avantgarde-mhev-at-150-kw-2024-aj-na-splatky-protiuc_27_max.webp","medium":"https:\/\/cdn.assetlog.ai\/assets\/176716\/mercedes-benz-e-trieda-kombi-e-200-t-avantgarde-mhev-at-150-kw-2024-aj-na-splatky-protiuc_27_medium.webp","small":"https:\/\/cdn.assetlog.ai\/assets\/176716\/mercedes-benz-e-trieda-kombi-e-200-t-avantgarde-mhev-at-150-kw-2024-aj-na-splatky-protiuc_27_small.webp"},{"id":138768,"max":"https:\/\/cdn.assetlog.ai\/assets\/176716\/mercedes-benz-e-trieda-kombi-e-200-t-avantgarde-mhev-at-150-kw-2024-aj-na-splatky-protiuc_28_max.webp","medium":"https:\/\/cdn.assetlog.ai\/assets\/176716\/mercedes-benz-e-trieda-kombi-e-200-t-avantgarde-mhev-at-150-kw-2024-aj-na-splatky-protiuc_28_medium.webp","small":"https:\/\/cdn.assetlog.ai\/assets\/176716\/mercedes-benz-e-trieda-kombi-e-200-t-avantgarde-mhev-at-150-kw-2024-aj-na-splatky-protiuc_28_small.webp"},{"id":138769,"max":"https:\/\/cdn.assetlog.ai\/assets\/176716\/mercedes-benz-e-trieda-kombi-e-200-t-avantgarde-mhev-at-150-kw-2024-aj-na-splatky-protiuc_29_max.webp","medium":"https:\/\/cdn.assetlog.ai\/assets\/176716\/mercedes-benz-e-trieda-kombi-e-200-t-avantgarde-mhev-at-150-kw-2024-aj-na-splatky-protiuc_29_medium.webp","small":"https:\/\/cdn.assetlog.ai\/assets\/176716\/mercedes-benz-e-trieda-kombi-e-200-t-avantgarde-mhev-at-150-kw-2024-aj-na-splatky-protiuc_29_small.webp"},{"id":138770,"max":"https:\/\/cdn.assetlog.ai\/assets\/176716\/mercedes-benz-e-trieda-kombi-e-200-t-avantgarde-mhev-at-150-kw-2024-aj-na-splatky-protiuc_30_max.webp","medium":"https:\/\/cdn.assetlog.ai\/assets\/176716\/mercedes-benz-e-trieda-kombi-e-200-t-avantgarde-mhev-at-150-kw-2024-aj-na-splatky-protiuc_30_medium.webp","small":"https:\/\/cdn.assetlog.ai\/assets\/176716\/mercedes-benz-e-trieda-kombi-e-200-t-avantgarde-mhev-at-150-kw-2024-aj-na-splatky-protiuc_30_small.webp"},{"id":138771,"max":"https:\/\/cdn.assetlog.ai\/assets\/176716\/mercedes-benz-e-trieda-kombi-e-200-t-avantgarde-mhev-at-150-kw-2024-aj-na-splatky-protiuc_31_max.webp","medium":"https:\/\/cdn.assetlog.ai\/assets\/176716\/mercedes-benz-e-trieda-kombi-e-200-t-avantgarde-mhev-at-150-kw-2024-aj-na-splatky-protiuc_31_medium.webp","small":"https:\/\/cdn.assetlog.ai\/assets\/176716\/mercedes-benz-e-trieda-kombi-e-200-t-avantgarde-mhev-at-150-kw-2024-aj-na-splatky-protiuc_31_small.webp"},{"id":138772,"max":"https:\/\/cdn.assetlog.ai\/assets\/176716\/mercedes-benz-e-trieda-kombi-e-200-t-avantgarde-mhev-at-150-kw-2024-aj-na-splatky-protiuc_32_max.webp","medium":"https:\/\/cdn.assetlog.ai\/assets\/176716\/mercedes-benz-e-trieda-kombi-e-200-t-avantgarde-mhev-at-150-kw-2024-aj-na-splatky-protiuc_32_medium.webp","small":"https:\/\/cdn.assetlog.ai\/assets\/176716\/mercedes-benz-e-trieda-kombi-e-200-t-avantgarde-mhev-at-150-kw-2024-aj-na-splatky-protiuc_32_small.webp"},{"id":138773,"max":"https:\/\/cdn.assetlog.ai\/assets\/176716\/mercedes-benz-e-trieda-kombi-e-200-t-avantgarde-mhev-at-150-kw-2024-aj-na-splatky-protiuc_33_max.webp","medium":"https:\/\/cdn.assetlog.ai\/assets\/176716\/mercedes-benz-e-trieda-kombi-e-200-t-avantgarde-mhev-at-150-kw-2024-aj-na-splatky-protiuc_33_medium.webp","small":"https:\/\/cdn.assetlog.ai\/assets\/176716\/mercedes-benz-e-trieda-kombi-e-200-t-avantgarde-mhev-at-150-kw-2024-aj-na-splatky-protiuc_33_small.webp"},{"id":138774,"max":"https:\/\/cdn.assetlog.ai\/assets\/176716\/mercedes-benz-e-trieda-kombi-e-200-t-avantgarde-mhev-at-150-kw-2024-aj-na-splatky-protiuc_34_max.webp","medium":"https:\/\/cdn.assetlog.ai\/assets\/176716\/mercedes-benz-e-trieda-kombi-e-200-t-avantgarde-mhev-at-150-kw-2024-aj-na-splatky-protiuc_34_medium.webp","small":"https:\/\/cdn.assetlog.ai\/assets\/176716\/mercedes-benz-e-trieda-kombi-e-200-t-avantgarde-mhev-at-150-kw-2024-aj-na-splatky-protiuc_34_small.webp"},{"id":138775,"max":"https:\/\/cdn.assetlog.ai\/assets\/176716\/mercedes-benz-e-trieda-kombi-e-200-t-avantgarde-mhev-at-150-kw-2024-aj-na-splatky-protiuc_35_max.webp","medium":"https:\/\/cdn.assetlog.ai\/assets\/176716\/mercedes-benz-e-trieda-kombi-e-200-t-avantgarde-mhev-at-150-kw-2024-aj-na-splatky-protiuc_35_medium.webp","small":"https:\/\/cdn.assetlog.ai\/assets\/176716\/mercedes-benz-e-trieda-kombi-e-200-t-avantgarde-mhev-at-150-kw-2024-aj-na-splatky-protiuc_35_small.webp"},{"id":138776,"max":"https:\/\/cdn.assetlog.ai\/assets\/176716\/mercedes-benz-e-trieda-kombi-e-200-t-avantgarde-mhev-at-150-kw-2024-aj-na-splatky-protiuc_36_max.webp","medium":"https:\/\/cdn.assetlog.ai\/assets\/176716\/mercedes-benz-e-trieda-kombi-e-200-t-avantgarde-mhev-at-150-kw-2024-aj-na-splatky-protiuc_36_medium.webp","small":"https:\/\/cdn.assetlog.ai\/assets\/176716\/mercedes-benz-e-trieda-kombi-e-200-t-avantgarde-mhev-at-150-kw-2024-aj-na-splatky-protiuc_36_small.webp"},{"id":138777,"max":"https:\/\/cdn.assetlog.ai\/assets\/176716\/mercedes-benz-e-trieda-kombi-e-200-t-avantgarde-mhev-at-150-kw-2024-aj-na-splatky-protiuc_37_max.webp","medium":"https:\/\/cdn.assetlog.ai\/assets\/176716\/mercedes-benz-e-trieda-kombi-e-200-t-avantgarde-mhev-at-150-kw-2024-aj-na-splatky-protiuc_37_medium.webp","small":"https:\/\/cdn.assetlog.ai\/assets\/176716\/mercedes-benz-e-trieda-kombi-e-200-t-avantgarde-mhev-at-150-kw-2024-aj-na-splatky-protiuc_37_small.webp"},{"id":138778,"max":"https:\/\/cdn.assetlog.ai\/assets\/176716\/mercedes-benz-e-trieda-kombi-e-200-t-avantgarde-mhev-at-150-kw-2024-aj-na-splatky-protiuc_38_max.webp","medium":"https:\/\/cdn.assetlog.ai\/assets\/176716\/mercedes-benz-e-trieda-kombi-e-200-t-avantgarde-mhev-at-150-kw-2024-aj-na-splatky-protiuc_38_medium.webp","small":"https:\/\/cdn.assetlog.ai\/assets\/176716\/mercedes-benz-e-trieda-kombi-e-200-t-avantgarde-mhev-at-150-kw-2024-aj-na-splatky-protiuc_38_small.webp"},{"id":138779,"max":"https:\/\/cdn.assetlog.ai\/assets\/176716\/mercedes-benz-e-trieda-kombi-e-200-t-avantgarde-mhev-at-150-kw-2024-aj-na-splatky-protiuc_39_max.webp","medium":"https:\/\/cdn.assetlog.ai\/assets\/176716\/mercedes-benz-e-trieda-kombi-e-200-t-avantgarde-mhev-at-150-kw-2024-aj-na-splatky-protiuc_39_medium.webp","small":"https:\/\/cdn.assetlog.ai\/assets\/176716\/mercedes-benz-e-trieda-kombi-e-200-t-avantgarde-mhev-at-150-kw-2024-aj-na-splatky-protiuc_39_small.webp"},{"id":138780,"max":"https:\/\/cdn.assetlog.ai\/assets\/176716\/mercedes-benz-e-trieda-kombi-e-200-t-avantgarde-mhev-at-150-kw-2024-aj-na-splatky-protiuc_40_max.webp","medium":"https:\/\/cdn.assetlog.ai\/assets\/176716\/mercedes-benz-e-trieda-kombi-e-200-t-avantgarde-mhev-at-150-kw-2024-aj-na-splatky-protiuc_40_medium.webp","small":"https:\/\/cdn.assetlog.ai\/assets\/176716\/mercedes-benz-e-trieda-kombi-e-200-t-avantgarde-mhev-at-150-kw-2024-aj-na-splatky-protiuc_40_small.webp"}],"published_at":null,"expires_at":null,"created_at":"2026-08-28T03:41:15+00:00","updated_at":"2026-09-01T03:40:31+00:00"}}