{"data":{"id":168417,"slug":"mercedes-benz-e-trieda-sedan-220-d","type":"vehicle","title":"Mercedes-Benz E Class Sedan 220 D","description":"Commission sale - you are purchasing the vehicle directly from the owner.\n\nPremium Mercedes-Benz E Class sedan, W213 generation, 220d version. The vehicle is equipped with a proven, exceptionally economical and refined four-cylinder diesel engine paired with a smooth 9-speed automatic transmission 9G-TRONIC. The vehicle offers first-class soundproofing, maximum driving comfort and a representative appearance. Regularly maintained and ready for immediate use. The vehicle is from the first owner and was purchased in Slovakia. Service was performed exclusively at an authorized Mercedes service center, and the vehicle comes with a complete electronic service history. At 155,000 km, the complete brakes were replaced \u2013 front and rear. At 135,000 km, the automatic transmission fluid was replaced. Engine oil is changed annually. The vehicle includes a seasonal set of tires on rims; summer tires are currently installed. Upon request, a video tour can be sent via WhatsApp.\n\nThe vehicle has passed insurance record verification, execution checks, paint thickness measurement and document verification. Inspected physically and also through the vehicle operating records registry.\n\nWe offer favorable financing in monthly installments, so you can enjoy your new vehicle immediately and without waiting with 0% down payment and installments up to 96 months.\n\nFor your greater convenience and peace of mind, we can provide you with an extended warranty of up to 12-36 months.\n\nIf you already own a vehicle, you don't have to deal with its sale - we will take it directly from you instead. Just come to us with it, we will appraise it and deduct the costs from the value of your new vehicle. This way you will save time, worry and money and the entire process will be quick and easy - you'll drive away in your new vehicle without unnecessary paperwork.\n\nVEHICLE IS LOCATED IN P\u00fachov. More information is available at telephone number 0904 201 313. License plate: PU946BP. Technical inspection valid until: 2028-06-26. Emissions inspection valid until: 2028-06-26.\n\nTechnical specifications\n\nYear: 06\/16, 1950 cc, 143 kW (194 hp), Vehicle generation: , Drive: Rear-wheel drive, Automatic transmission (9-speed), Diesel, EURO 6, 4-door, (5-seater), 171,829 km, Grey metallic, VIN WDD2130041A054663\n\nVehicle consumption (l\/100 km)\n\nIn city: 4.7, outside city: 4.1, combined: 4.3\n\nFirst owner, Service booklet, Garaged, Never damaged, Leasing possible, Purchased as new in Slovakia, Trade-in possible, Loan possible, Complete service history","language":"cs","is_translated":true,"title_original":"Mercedes-Benz E trieda Sedan 220 D","description_original":"Komisn\u00ed prodej - vozidlo kupujete p\u0159\u00edmo od majitele.\n\nPr\u00e9miov\u00fd sedan Mercedes-Benz t\u0159\u00eddy E generace W213 ve verzi 220d. V\u016fz je vybaven osv\u011bd\u010den\u00fdm, mimo\u0159\u00e1dn\u011b \u00fasporn\u00fdm a kultivovan\u00fdm \u010dty\u0159v\u00e1lcov\u00fdm vzn\u011btov\u00fdm motorem spojen\u00fdm s plynule \u0159ad\u00edc\u00ed 9stup\u0148ovou automatickou p\u0159evodovkou 9G-TRONIC. V\u016fz nab\u00edz\u00ed prvot\u0159\u00eddn\u00ed odhlu\u010dn\u011bn\u00ed, maxim\u00e1ln\u00ed j\u00edzdn\u00ed komfort a reprezentativn\u00ed vzhled. Pravideln\u011b udr\u017eovan\u00fd a p\u0159ipraven\u00fd k okam\u017eit\u00e9mu pou\u017eit\u00ed. V\u016fz poch\u00e1z\u00ed od prvn\u00edho majitele a byl zakoupen na Slovensku. Servis byl prov\u00e1d\u011bn v\u00fdhradn\u011b v autorizovan\u00e9m servisu Mercedes, k vozu samoz\u0159ejm\u011b pat\u0159\u00ed kompletn\u00ed elektronick\u00e1 servisn\u00ed historie. P\u0159i 155 000 km byly vym\u011bn\u011bny kompletn\u00ed brzdy \u2013 p\u0159edn\u00ed i zadn\u00ed. P\u0159i 135 000 km byla vym\u011bn\u011bna kapalina v automatick\u00e9 p\u0159evodovce. Motorov\u00fd olej se m\u011bn\u00ed ka\u017edoro\u010dn\u011b. Sou\u010d\u00e1st\u00ed vozu je sez\u00f3nn\u00ed sada pneumatik na r\u00e1fc\u00edch, v sou\u010dasn\u00e9 dob\u011b jsou nasazeny letn\u00ed pneumatiky. Na po\u017e\u00e1d\u00e1n\u00ed je mo\u017en\u00e9 zaslat videoprohl\u00eddku prost\u0159ednictv\u00edm aplikace WhatsApp.\n\nVozidlo pro\u0161lo kontrolou z\u00e1znam\u016f o poji\u0161t\u011bn\u00ed, exekuc\u00ed, m\u011b\u0159en\u00edm laku a kontrolou doklad\u016f. Zkontrolov\u00e1no fyzicky, tak\u00e9 prost\u0159ednictv\u00edm registru provozn\u00edch z\u00e1znam\u016f vozidla.\n\nNab\u00edz\u00edme v\u00fdhodn\u00e9 financov\u00e1n\u00ed na m\u011bs\u00ed\u010dn\u00ed spl\u00e1tky, tak\u017ee si sv\u016fj nov\u00fd v\u016fz m\u016f\u017eete u\u017e\u00edvat hned a bez \u010dek\u00e1n\u00ed s akontac\u00ed 0 % a spl\u00e1tkami a\u017e na 96 m\u011bs\u00edc\u016f.\n\nPro va\u0161e v\u011bt\u0161\u00ed pohodl\u00ed a jistotu v\u00e1m m\u016f\u017eeme poskytnout prodlou\u017eenou z\u00e1ruku a\u017e na 12-36 m\u011bs\u00edc\u016f.\n\nPokud ji\u017e v\u016fz vlastn\u00edte, nemus\u00edte se zab\u00fdvat jeho prodejem - na opl\u00e1tku si ho od v\u00e1s p\u0159\u00edmo vezmeme. Sta\u010d\u00ed, kdy\u017e k n\u00e1m s n\u00edm p\u0159ijdete, my ho ocen\u00edme a n\u00e1klady ode\u010dteme od hodnoty va\u0161eho nov\u00e9ho vozu. U\u0161et\u0159\u00edte tak \u010das, starosti i pen\u00edze a cel\u00fd proces bude rychl\u00fd a snadn\u00fd - odjedete rovnou ve sv\u00e9m nov\u00e9m voze bez zbyte\u010dn\u00e9ho pap\u00edrov\u00e1n\u00ed.\n\nVOZIDLO SE NACH\u00c1Z\u00cd V P\u00fachove. V\u00edce informac\u00ed v\u00e1m r\u00e1di poskytneme na telefonn\u00edm \u010d\u00edsle 0904 201 313. E\u010cV: PU946BP. EK platn\u00e1 do: 2028-06-26. STK platn\u00e1 do: 2028-06-26.\n\nTechnick\u00e9 \u00fadaje\n\nv.v.: 06\/16, 1950cm\u00b3, 143kW (194PS), Generace vozidla: , Pohon: Pohon zadn\u00edch kol, Automatick\u00e1 p\u0159evodovka (9 st.), Diesel, EURO 6, 4 dv., (5-m\u00edstn\u00fd), 171 829km, \u0160ed\u00e1 metal\u00edza, VIN WDD2130041A054663\n\nSpot\u0159eba vozidla (l\/100km)\n\nVe m\u011bst\u011b: 4.7, mimo m\u011bsto: 4.1, kombinovan\u00e1: 4.3\n\nPrvn\u00ed majitel, Servisn\u00ed kn\u00ed\u017eka, Gar\u00e1\u017eovan\u00e9, Nikdy neb\u00faran\u00e9, Mo\u017en\u00fd leasing, Jako nov\u00e9 koupen\u00e9 v SR, Mo\u017en\u00e1 v\u00fdm\u011bna, Mo\u017en\u00fd \u00fav\u011br, \u00dapln\u00e1 servisn\u00ed historie","price":"506279.00","currency":"CZK","status":"active","noindex":true,"location":{"address":null,"full_address":null,"city":"P\u00fachov","country":"SK","latitude":49.123928,"longitude":18.3239559},"metadata":{"vin":"WDD2130041A054663","fuel":"diesel","year":2016,"brand":"Mercedes-Benz","color":"Grey","doors":4,"drive":"Rear-wheel drive","model":"E trieda","seats":5,"region":"Tren\u010diansky kraj","mileage":171829,"emisions":"Euro 6","features":["Alarm","ABS","ESP","Brzdov\u00fd asistent (EBA, BAS)","ISOFIX na zadn\u00edch sedadlech","Deaktivace airbagu spolujezdce","Nat\u00e1\u010dec\u00ed sv\u011btlomety","Senzor tlaku","Sledov\u00e1n\u00ed \u00fanavy \u0159idi\u010de","T\u00eds\u0148ov\u00e9 vol\u00e1n\u00ed","Asistent d\u00e1lkov\u00fdch sv\u011btel (HBA)","Centr\u00e1ln\u00ed zamyk\u00e1n\u00ed","Zadn\u00ed el. stahovateln\u00e1 okna","El. nastaviteln\u00e1 p\u0159edn\u00ed sedadla","Elektricky nastaviteln\u00e1 zp\u011btn\u00e1 zrc\u00e1tka","Automatick\u00e1 2-z\u00f3nov\u00e1 klimatizace","Centr\u00e1ln\u00ed zamyk\u00e1n\u00ed na d\u00e1lkov\u00e9 ovl\u00e1d\u00e1n\u00ed","Autor\u00e1dio","Multifunk\u010dn\u00ed volant","Loketn\u00ed op\u011brka vp\u0159edu","Start\/Stop syst\u00e9m","Venkovn\u00ed teplom\u011br","Klimatizovan\u00e1 p\u0159ihr\u00e1dka","Apple Car Play","Android Auto","Welcome light","P\u00e1dla pod volantem","Lit\u00e1 kola","Imobiliz\u00e9r","Palubn\u00ed po\u010d\u00edta\u010d","Navigace","Automatick\u00e9 parkov\u00e1n\u00ed","Tempomat","Ko\u017een\u00fd interi\u00e9r","Vyh\u0159\u00edvan\u00e1 sedadla","Elektricky vyh\u0159\u00edvan\u00e1 zp\u011btn\u00e1 zrc\u00e1tka","Senzor st\u011bra\u010d\u016f","Sv\u011bteln\u00fd senzor","Zimn\u00ed sada kol","Parkovac\u00ed kamera","P\u0159edn\u00ed a zadn\u00ed parkovac\u00ed senzory","Ventilovan\u00e1 p\u0159edn\u00ed sedadla","Bluetooth","Denn\u00ed sv\u00edcen\u00ed","LED sv\u011btlomety","Ambientn\u00ed LED osv\u011btlen\u00ed interi\u00e9ru","Prv\u00fd majite\u013e","Serv. kni\u017eka","Gar\u00e1\u017eovan\u00e9","Nikdy neb\u00faran\u00e9","Mo\u017en\u00fd leasing","Ako nov\u00e9 k\u00fapen\u00e9 v SR","Mo\u017en\u00e1 v\u00fdmena","Mo\u017en\u00fd \u00faver","\u00dapln\u00e1 servisn\u00e1 hist\u00f3ria","Ko\u017een\u00fd bal\u00ed\u010dek","Odo-pass","Asistent udr\u017eov\u00e1n\u00ed j\u00edzdn\u00edho pruhu","Asistent rozjezdu do kopce","Sledov\u00e1n\u00ed mrtv\u00e9ho \u00fahlu","Drive Select (j\u00edzadn\u00ed re\u017eimy)","elektricky sklopn\u00e1 zp\u011btn\u00e1 zrc\u00e1tka"],"power_kw":143,"body_type":"Sedan","condition":"Used","transmission":"automatic","vat_deductible":false,"consumption_city":4.7,"translation_hash":"8302c36ab7162aad53bdcd084e35e0004f60b9d5","vehicle_category":"car","engine_volume_cm3":1950,"first_registration":"2016-06-01","translation_status":"done","consumption_highway":4.1,"consumption_combined":4.3},"user_id":21,"is_sponsored":false,"views_count":3,"ai_views_count":9,"ai_vendor_counts":{"meta":5,"other":2,"openai":1,"anthropic":1},"visibility":"public","submission_source":null,"submission_ai_name":null,"has_owner_email":true,"can_contact_owner":true,"phone":"0904 201 313","owner_email":"kucerka@autorro.sk","user":{"id":21,"slug":"tomas-kucerka-21","name":"Tom\u00e1\u0161 Ku\u010derka","bio":"Makl\u00e9r. P\u016fsob\u00edm v Dubnici n\/V, Ilave, P\u00fachove a okol\u00ed.\n\nP\u016fsobnost: Ilava, P\u00fachov","nationality":"SK","languages":["cs","sk"],"service_areas":[],"card_style":null,"card_palette":null,"avatar_url":"https:\/\/cdn.assetlog.ai\/avatars\/21\/avatar_max.webp?v=1786535213","avatar_thumb_url":"https:\/\/cdn.assetlog.ai\/avatars\/21\/avatar_small.webp?v=1786535213","reviews_count":0,"avg_rating":null,"seller_badge":"silver","can_calendar":true,"joined_at":"2026-06-07T07:44:43+00:00","primary_intent":null,"seeking":[],"public_assets_count":32,"public_prompts_count":0,"followers_count":0},"images":[{"id":135891,"max":"https:\/\/cdn.assetlog.ai\/assets\/168417\/mercedes-benz-e-trieda-sedan-220-d_1_max.webp","medium":"https:\/\/cdn.assetlog.ai\/assets\/168417\/mercedes-benz-e-trieda-sedan-220-d_1_medium.webp","small":"https:\/\/cdn.assetlog.ai\/assets\/168417\/mercedes-benz-e-trieda-sedan-220-d_1_small.webp"},{"id":135892,"max":"https:\/\/cdn.assetlog.ai\/assets\/168417\/mercedes-benz-e-trieda-sedan-220-d_2_max.webp","medium":"https:\/\/cdn.assetlog.ai\/assets\/168417\/mercedes-benz-e-trieda-sedan-220-d_2_medium.webp","small":"https:\/\/cdn.assetlog.ai\/assets\/168417\/mercedes-benz-e-trieda-sedan-220-d_2_small.webp"},{"id":135893,"max":"https:\/\/cdn.assetlog.ai\/assets\/168417\/mercedes-benz-e-trieda-sedan-220-d_3_max.webp","medium":"https:\/\/cdn.assetlog.ai\/assets\/168417\/mercedes-benz-e-trieda-sedan-220-d_3_medium.webp","small":"https:\/\/cdn.assetlog.ai\/assets\/168417\/mercedes-benz-e-trieda-sedan-220-d_3_small.webp"},{"id":135894,"max":"https:\/\/cdn.assetlog.ai\/assets\/168417\/mercedes-benz-e-trieda-sedan-220-d_4_max.webp","medium":"https:\/\/cdn.assetlog.ai\/assets\/168417\/mercedes-benz-e-trieda-sedan-220-d_4_medium.webp","small":"https:\/\/cdn.assetlog.ai\/assets\/168417\/mercedes-benz-e-trieda-sedan-220-d_4_small.webp"},{"id":135895,"max":"https:\/\/cdn.assetlog.ai\/assets\/168417\/mercedes-benz-e-trieda-sedan-220-d_5_max.webp","medium":"https:\/\/cdn.assetlog.ai\/assets\/168417\/mercedes-benz-e-trieda-sedan-220-d_5_medium.webp","small":"https:\/\/cdn.assetlog.ai\/assets\/168417\/mercedes-benz-e-trieda-sedan-220-d_5_small.webp"},{"id":135896,"max":"https:\/\/cdn.assetlog.ai\/assets\/168417\/mercedes-benz-e-trieda-sedan-220-d_6_max.webp","medium":"https:\/\/cdn.assetlog.ai\/assets\/168417\/mercedes-benz-e-trieda-sedan-220-d_6_medium.webp","small":"https:\/\/cdn.assetlog.ai\/assets\/168417\/mercedes-benz-e-trieda-sedan-220-d_6_small.webp"},{"id":135897,"max":"https:\/\/cdn.assetlog.ai\/assets\/168417\/mercedes-benz-e-trieda-sedan-220-d_7_max.webp","medium":"https:\/\/cdn.assetlog.ai\/assets\/168417\/mercedes-benz-e-trieda-sedan-220-d_7_medium.webp","small":"https:\/\/cdn.assetlog.ai\/assets\/168417\/mercedes-benz-e-trieda-sedan-220-d_7_small.webp"},{"id":135898,"max":"https:\/\/cdn.assetlog.ai\/assets\/168417\/mercedes-benz-e-trieda-sedan-220-d_8_max.webp","medium":"https:\/\/cdn.assetlog.ai\/assets\/168417\/mercedes-benz-e-trieda-sedan-220-d_8_medium.webp","small":"https:\/\/cdn.assetlog.ai\/assets\/168417\/mercedes-benz-e-trieda-sedan-220-d_8_small.webp"},{"id":135899,"max":"https:\/\/cdn.assetlog.ai\/assets\/168417\/mercedes-benz-e-trieda-sedan-220-d_9_max.webp","medium":"https:\/\/cdn.assetlog.ai\/assets\/168417\/mercedes-benz-e-trieda-sedan-220-d_9_medium.webp","small":"https:\/\/cdn.assetlog.ai\/assets\/168417\/mercedes-benz-e-trieda-sedan-220-d_9_small.webp"},{"id":135900,"max":"https:\/\/cdn.assetlog.ai\/assets\/168417\/mercedes-benz-e-trieda-sedan-220-d_10_max.webp","medium":"https:\/\/cdn.assetlog.ai\/assets\/168417\/mercedes-benz-e-trieda-sedan-220-d_10_medium.webp","small":"https:\/\/cdn.assetlog.ai\/assets\/168417\/mercedes-benz-e-trieda-sedan-220-d_10_small.webp"},{"id":135901,"max":"https:\/\/cdn.assetlog.ai\/assets\/168417\/mercedes-benz-e-trieda-sedan-220-d_11_max.webp","medium":"https:\/\/cdn.assetlog.ai\/assets\/168417\/mercedes-benz-e-trieda-sedan-220-d_11_medium.webp","small":"https:\/\/cdn.assetlog.ai\/assets\/168417\/mercedes-benz-e-trieda-sedan-220-d_11_small.webp"},{"id":135902,"max":"https:\/\/cdn.assetlog.ai\/assets\/168417\/mercedes-benz-e-trieda-sedan-220-d_12_max.webp","medium":"https:\/\/cdn.assetlog.ai\/assets\/168417\/mercedes-benz-e-trieda-sedan-220-d_12_medium.webp","small":"https:\/\/cdn.assetlog.ai\/assets\/168417\/mercedes-benz-e-trieda-sedan-220-d_12_small.webp"},{"id":135903,"max":"https:\/\/cdn.assetlog.ai\/assets\/168417\/mercedes-benz-e-trieda-sedan-220-d_13_max.webp","medium":"https:\/\/cdn.assetlog.ai\/assets\/168417\/mercedes-benz-e-trieda-sedan-220-d_13_medium.webp","small":"https:\/\/cdn.assetlog.ai\/assets\/168417\/mercedes-benz-e-trieda-sedan-220-d_13_small.webp"},{"id":135904,"max":"https:\/\/cdn.assetlog.ai\/assets\/168417\/mercedes-benz-e-trieda-sedan-220-d_14_max.webp","medium":"https:\/\/cdn.assetlog.ai\/assets\/168417\/mercedes-benz-e-trieda-sedan-220-d_14_medium.webp","small":"https:\/\/cdn.assetlog.ai\/assets\/168417\/mercedes-benz-e-trieda-sedan-220-d_14_small.webp"},{"id":135905,"max":"https:\/\/cdn.assetlog.ai\/assets\/168417\/mercedes-benz-e-trieda-sedan-220-d_15_max.webp","medium":"https:\/\/cdn.assetlog.ai\/assets\/168417\/mercedes-benz-e-trieda-sedan-220-d_15_medium.webp","small":"https:\/\/cdn.assetlog.ai\/assets\/168417\/mercedes-benz-e-trieda-sedan-220-d_15_small.webp"},{"id":135906,"max":"https:\/\/cdn.assetlog.ai\/assets\/168417\/mercedes-benz-e-trieda-sedan-220-d_16_max.webp","medium":"https:\/\/cdn.assetlog.ai\/assets\/168417\/mercedes-benz-e-trieda-sedan-220-d_16_medium.webp","small":"https:\/\/cdn.assetlog.ai\/assets\/168417\/mercedes-benz-e-trieda-sedan-220-d_16_small.webp"},{"id":135907,"max":"https:\/\/cdn.assetlog.ai\/assets\/168417\/mercedes-benz-e-trieda-sedan-220-d_17_max.webp","medium":"https:\/\/cdn.assetlog.ai\/assets\/168417\/mercedes-benz-e-trieda-sedan-220-d_17_medium.webp","small":"https:\/\/cdn.assetlog.ai\/assets\/168417\/mercedes-benz-e-trieda-sedan-220-d_17_small.webp"},{"id":135908,"max":"https:\/\/cdn.assetlog.ai\/assets\/168417\/mercedes-benz-e-trieda-sedan-220-d_18_max.webp","medium":"https:\/\/cdn.assetlog.ai\/assets\/168417\/mercedes-benz-e-trieda-sedan-220-d_18_medium.webp","small":"https:\/\/cdn.assetlog.ai\/assets\/168417\/mercedes-benz-e-trieda-sedan-220-d_18_small.webp"},{"id":135909,"max":"https:\/\/cdn.assetlog.ai\/assets\/168417\/mercedes-benz-e-trieda-sedan-220-d_19_max.webp","medium":"https:\/\/cdn.assetlog.ai\/assets\/168417\/mercedes-benz-e-trieda-sedan-220-d_19_medium.webp","small":"https:\/\/cdn.assetlog.ai\/assets\/168417\/mercedes-benz-e-trieda-sedan-220-d_19_small.webp"},{"id":135910,"max":"https:\/\/cdn.assetlog.ai\/assets\/168417\/mercedes-benz-e-trieda-sedan-220-d_20_max.webp","medium":"https:\/\/cdn.assetlog.ai\/assets\/168417\/mercedes-benz-e-trieda-sedan-220-d_20_medium.webp","small":"https:\/\/cdn.assetlog.ai\/assets\/168417\/mercedes-benz-e-trieda-sedan-220-d_20_small.webp"},{"id":135911,"max":"https:\/\/cdn.assetlog.ai\/assets\/168417\/mercedes-benz-e-trieda-sedan-220-d_21_max.webp","medium":"https:\/\/cdn.assetlog.ai\/assets\/168417\/mercedes-benz-e-trieda-sedan-220-d_21_medium.webp","small":"https:\/\/cdn.assetlog.ai\/assets\/168417\/mercedes-benz-e-trieda-sedan-220-d_21_small.webp"},{"id":135912,"max":"https:\/\/cdn.assetlog.ai\/assets\/168417\/mercedes-benz-e-trieda-sedan-220-d_22_max.webp","medium":"https:\/\/cdn.assetlog.ai\/assets\/168417\/mercedes-benz-e-trieda-sedan-220-d_22_medium.webp","small":"https:\/\/cdn.assetlog.ai\/assets\/168417\/mercedes-benz-e-trieda-sedan-220-d_22_small.webp"},{"id":135913,"max":"https:\/\/cdn.assetlog.ai\/assets\/168417\/mercedes-benz-e-trieda-sedan-220-d_23_max.webp","medium":"https:\/\/cdn.assetlog.ai\/assets\/168417\/mercedes-benz-e-trieda-sedan-220-d_23_medium.webp","small":"https:\/\/cdn.assetlog.ai\/assets\/168417\/mercedes-benz-e-trieda-sedan-220-d_23_small.webp"},{"id":135914,"max":"https:\/\/cdn.assetlog.ai\/assets\/168417\/mercedes-benz-e-trieda-sedan-220-d_24_max.webp","medium":"https:\/\/cdn.assetlog.ai\/assets\/168417\/mercedes-benz-e-trieda-sedan-220-d_24_medium.webp","small":"https:\/\/cdn.assetlog.ai\/assets\/168417\/mercedes-benz-e-trieda-sedan-220-d_24_small.webp"},{"id":135915,"max":"https:\/\/cdn.assetlog.ai\/assets\/168417\/mercedes-benz-e-trieda-sedan-220-d_25_max.webp","medium":"https:\/\/cdn.assetlog.ai\/assets\/168417\/mercedes-benz-e-trieda-sedan-220-d_25_medium.webp","small":"https:\/\/cdn.assetlog.ai\/assets\/168417\/mercedes-benz-e-trieda-sedan-220-d_25_small.webp"},{"id":135916,"max":"https:\/\/cdn.assetlog.ai\/assets\/168417\/mercedes-benz-e-trieda-sedan-220-d_26_max.webp","medium":"https:\/\/cdn.assetlog.ai\/assets\/168417\/mercedes-benz-e-trieda-sedan-220-d_26_medium.webp","small":"https:\/\/cdn.assetlog.ai\/assets\/168417\/mercedes-benz-e-trieda-sedan-220-d_26_small.webp"},{"id":135917,"max":"https:\/\/cdn.assetlog.ai\/assets\/168417\/mercedes-benz-e-trieda-sedan-220-d_27_max.webp","medium":"https:\/\/cdn.assetlog.ai\/assets\/168417\/mercedes-benz-e-trieda-sedan-220-d_27_medium.webp","small":"https:\/\/cdn.assetlog.ai\/assets\/168417\/mercedes-benz-e-trieda-sedan-220-d_27_small.webp"},{"id":135918,"max":"https:\/\/cdn.assetlog.ai\/assets\/168417\/mercedes-benz-e-trieda-sedan-220-d_28_max.webp","medium":"https:\/\/cdn.assetlog.ai\/assets\/168417\/mercedes-benz-e-trieda-sedan-220-d_28_medium.webp","small":"https:\/\/cdn.assetlog.ai\/assets\/168417\/mercedes-benz-e-trieda-sedan-220-d_28_small.webp"},{"id":135919,"max":"https:\/\/cdn.assetlog.ai\/assets\/168417\/mercedes-benz-e-trieda-sedan-220-d_29_max.webp","medium":"https:\/\/cdn.assetlog.ai\/assets\/168417\/mercedes-benz-e-trieda-sedan-220-d_29_medium.webp","small":"https:\/\/cdn.assetlog.ai\/assets\/168417\/mercedes-benz-e-trieda-sedan-220-d_29_small.webp"},{"id":135920,"max":"https:\/\/cdn.assetlog.ai\/assets\/168417\/mercedes-benz-e-trieda-sedan-220-d_30_max.webp","medium":"https:\/\/cdn.assetlog.ai\/assets\/168417\/mercedes-benz-e-trieda-sedan-220-d_30_medium.webp","small":"https:\/\/cdn.assetlog.ai\/assets\/168417\/mercedes-benz-e-trieda-sedan-220-d_30_small.webp"},{"id":135921,"max":"https:\/\/cdn.assetlog.ai\/assets\/168417\/mercedes-benz-e-trieda-sedan-220-d_31_max.webp","medium":"https:\/\/cdn.assetlog.ai\/assets\/168417\/mercedes-benz-e-trieda-sedan-220-d_31_medium.webp","small":"https:\/\/cdn.assetlog.ai\/assets\/168417\/mercedes-benz-e-trieda-sedan-220-d_31_small.webp"},{"id":135922,"max":"https:\/\/cdn.assetlog.ai\/assets\/168417\/mercedes-benz-e-trieda-sedan-220-d_32_max.webp","medium":"https:\/\/cdn.assetlog.ai\/assets\/168417\/mercedes-benz-e-trieda-sedan-220-d_32_medium.webp","small":"https:\/\/cdn.assetlog.ai\/assets\/168417\/mercedes-benz-e-trieda-sedan-220-d_32_small.webp"},{"id":135923,"max":"https:\/\/cdn.assetlog.ai\/assets\/168417\/mercedes-benz-e-trieda-sedan-220-d_33_max.webp","medium":"https:\/\/cdn.assetlog.ai\/assets\/168417\/mercedes-benz-e-trieda-sedan-220-d_33_medium.webp","small":"https:\/\/cdn.assetlog.ai\/assets\/168417\/mercedes-benz-e-trieda-sedan-220-d_33_small.webp"},{"id":135924,"max":"https:\/\/cdn.assetlog.ai\/assets\/168417\/mercedes-benz-e-trieda-sedan-220-d_34_max.webp","medium":"https:\/\/cdn.assetlog.ai\/assets\/168417\/mercedes-benz-e-trieda-sedan-220-d_34_medium.webp","small":"https:\/\/cdn.assetlog.ai\/assets\/168417\/mercedes-benz-e-trieda-sedan-220-d_34_small.webp"},{"id":135925,"max":"https:\/\/cdn.assetlog.ai\/assets\/168417\/mercedes-benz-e-trieda-sedan-220-d_35_max.webp","medium":"https:\/\/cdn.assetlog.ai\/assets\/168417\/mercedes-benz-e-trieda-sedan-220-d_35_medium.webp","small":"https:\/\/cdn.assetlog.ai\/assets\/168417\/mercedes-benz-e-trieda-sedan-220-d_35_small.webp"},{"id":135926,"max":"https:\/\/cdn.assetlog.ai\/assets\/168417\/mercedes-benz-e-trieda-sedan-220-d_36_max.webp","medium":"https:\/\/cdn.assetlog.ai\/assets\/168417\/mercedes-benz-e-trieda-sedan-220-d_36_medium.webp","small":"https:\/\/cdn.assetlog.ai\/assets\/168417\/mercedes-benz-e-trieda-sedan-220-d_36_small.webp"},{"id":135927,"max":"https:\/\/cdn.assetlog.ai\/assets\/168417\/mercedes-benz-e-trieda-sedan-220-d_37_max.webp","medium":"https:\/\/cdn.assetlog.ai\/assets\/168417\/mercedes-benz-e-trieda-sedan-220-d_37_medium.webp","small":"https:\/\/cdn.assetlog.ai\/assets\/168417\/mercedes-benz-e-trieda-sedan-220-d_37_small.webp"},{"id":135928,"max":"https:\/\/cdn.assetlog.ai\/assets\/168417\/mercedes-benz-e-trieda-sedan-220-d_38_max.webp","medium":"https:\/\/cdn.assetlog.ai\/assets\/168417\/mercedes-benz-e-trieda-sedan-220-d_38_medium.webp","small":"https:\/\/cdn.assetlog.ai\/assets\/168417\/mercedes-benz-e-trieda-sedan-220-d_38_small.webp"},{"id":135929,"max":"https:\/\/cdn.assetlog.ai\/assets\/168417\/mercedes-benz-e-trieda-sedan-220-d_39_max.webp","medium":"https:\/\/cdn.assetlog.ai\/assets\/168417\/mercedes-benz-e-trieda-sedan-220-d_39_medium.webp","small":"https:\/\/cdn.assetlog.ai\/assets\/168417\/mercedes-benz-e-trieda-sedan-220-d_39_small.webp"},{"id":135930,"max":"https:\/\/cdn.assetlog.ai\/assets\/168417\/mercedes-benz-e-trieda-sedan-220-d_40_max.webp","medium":"https:\/\/cdn.assetlog.ai\/assets\/168417\/mercedes-benz-e-trieda-sedan-220-d_40_medium.webp","small":"https:\/\/cdn.assetlog.ai\/assets\/168417\/mercedes-benz-e-trieda-sedan-220-d_40_small.webp"}],"published_at":null,"expires_at":null,"created_at":"2026-08-23T03:42:01+00:00","updated_at":"2026-09-01T03:40:51+00:00"}}