{"data":{"id":142822,"slug":"mercedes-benz-e-trieda-sedan-220-d-mhev-at-aj-na-splatky-protiucet","type":"vehicle","title":"Mercedes-Benz E Class Sedan 220 d mHEV A\/T \/ AJ INSTALLMENT PAYMENTS \/ TRADE-IN \/","description":"Commission sale \u2013 you are buying the vehicle directly from the owner.\n\nThe Mercedes-Benz E 220 d mHEV 4MATIC represents an elegant and dynamic choice for demanding drivers. The vehicle is equipped with an economical diesel engine with mild-hybrid technology, all-wheel drive 4MATIC, and a 9-speed automatic transmission, offering comfortable driving, plenty of power, and excellent efficiency even on longer journeys.\nThe vehicle comes from the first owner, was purchased in Slovakia, is in top condition, with complete service history and service booklet. The car includes an attractive AMG package for both exterior and interior, as well as numerous optional features.\nA major advantage is the vehicle warranty for 4 years or up to 125,000 km traveled, which covers all vehicle components. Also included is prepaid service for the next 4 years, including provision of a replacement vehicle during service work.\n\nWe offer favorable financing options with monthly installments, so you can enjoy your new vehicle immediately, without unnecessary waiting, with a down payment from 0% and payments extending up to 96 months. On the Autorro website, you can fill out a non-binding financing form.\n\nFor your greater convenience and peace of mind, we can provide you with extended warranty coverage from 12-36 months.\n\nIf you already own a vehicle, you don't need to worry about selling it - in return, we will take it directly from you. Just come to us with it, we will evaluate it, and the amount will be deducted from the value of your new vehicle. This way you save time, hassle, and money, and the entire process will be quick and easy - you drive away in your new vehicle without unnecessary paperwork.\n\nTHE VEHICLE IS LOCATED IN Nitra.\nMore information available at telephone number 0917645476. Registration plate: AB414HG. Technical inspection valid until: 2030-05-01. Emissions test valid until: 2030-05-01.\n\nTechnical Specifications\n\nM.Y.: 05\/26, 1993cc, 145kW (197hp), Drive: 4\u00d74, Automatic transmission (9-speed), Diesel, EURO 6, 4-door, (5-seater), 20,760 km, Black metallic, VIN W1KLF0FB5TA278725\n\nFirst owner, Never wrecked, Leasing possible, Like new purchased in Slovakia, VAT deduction possible, Trade-in possible, Financing available, Under warranty, Top condition, Complete service history, Low fuel consumption","language":"cs","is_translated":true,"title_original":"Mercedes-Benz E trieda Sedan 220 d mHEV A\/T \/ AJ NA SPL\u00c1TKY \/ PROTI\u00da\u010cET \/","description_original":"Prodej na komisi \u2013 vozidlo kupujete p\u0159\u00edmo od majitele.\n\nMercedes-Benz E 220 d mHEV 4MATIC p\u0159edstavuje elegantn\u00ed a z\u00e1rove\u0148 dynamickou volbu pro n\u00e1ro\u010dn\u00e9 \u0159idi\u010de. Vozidlo je vybaveno \u00fasporn\u00fdm dieselov\u00fdm motorem s mild-hybridn\u00ed technologi\u00ed, pohonem v\u0161ech kol 4MATIC a 9stup\u0148ovou automatickou p\u0159evodovkou, d\u00edky \u010demu\u017e nab\u00edz\u00ed pohodlnou j\u00edzdu, dostatek v\u00fdkonu a velmi dobrou \u00fa\u010dinnost i p\u0159i del\u0161\u00edch cest\u00e1ch.\nVozidlo poch\u00e1z\u00ed od prvn\u00edho majitele, bylo zakoupeno na Slovensku, je ve \u0161pi\u010dkov\u00e9m stavu, s kompletn\u00ed servisn\u00ed histori\u00ed a servisn\u00ed kn\u00ed\u017ekou. Sou\u010d\u00e1st\u00ed vozu je atraktivn\u00ed bal\u00ed\u010dek AMG v exteri\u00e9ru i interi\u00e9ru a \u0159ada voliteln\u00e9 v\u00fdbavy.\nVelkou v\u00fdhodou je z\u00e1ruka na vozidlo po dobu 4 let nebo do ujet\u00ed 125 000 km, kter\u00e1 pokr\u00fdv\u00e1 v\u0161echny sou\u010d\u00e1sti vozidla. Sou\u010d\u00e1st\u00ed je tak\u00e9 p\u0159edplacen\u00fd servis na dal\u0161\u00ed 4 roky, v\u010detn\u011b zaji\u0161t\u011bn\u00ed n\u00e1hradn\u00edho vozidla b\u011bhem servisn\u00edch z\u00e1sah\u016f.\n\nNab\u00edz\u00edme mo\u017enost v\u00fdhodn\u00e9ho financov\u00e1n\u00ed s m\u011bs\u00ed\u010dn\u00edmi spl\u00e1tkami, tak\u017ee si sv\u00e9 nov\u00e9 vozidlo m\u016f\u017eete u\u017e\u00edt ihned, bez zbyte\u010dn\u00e9ho \u010dek\u00e1n\u00ed, s akontac\u00ed od 0 % a spl\u00e1tkami a\u017e na 96 m\u011bs\u00edc\u016f. Na str\u00e1nk\u00e1ch Autorro m\u016f\u017eete vyplnit nez\u00e1vazn\u00fd formul\u00e1\u0159 pro financov\u00e1n\u00ed.\n\nPro va\u0161e v\u011bt\u0161\u00ed pohodl\u00ed a jistotu v\u00e1m m\u016f\u017eeme poskytnout prodlou\u017eenou z\u00e1ruku a\u017e na 12-36 m\u011bs\u00edc\u016f.\n\nPokud ji\u017e v\u016fz vlastn\u00edte, nemus\u00edte se zab\u00fdvat jeho prodejem - na opl\u00e1tku si ho od v\u00e1s p\u0159\u00edmo vezmeme. Sta\u010d\u00ed, kdy\u017e k n\u00e1m s n\u00edm p\u0159ijdete, my ho ocen\u00edme a n\u00e1klady ode\u010dteme od hodnoty va\u0161eho nov\u00e9ho vozu. U\u0161et\u0159\u00edte tak \u010das, starosti i pen\u00edze a cel\u00fd proces bude rychl\u00fd a snadn\u00fd - odjedete rovnou ve sv\u00e9m nov\u00e9m voze bez zbyte\u010dn\u00e9ho pap\u00edrov\u00e1n\u00ed.\n\nVOZIDLO SE NACH\u00c1Z\u00cd V Nitre.\nViac inform\u00e1ci\u00ed V\u00e1m poskytneme na telefonn\u00edm \u010d\u00edsle 0917645476. E\u010cV: AB414HG. EK platn\u00e1 do: 2030-05-01. STK platn\u00e1 do: 2030-05-01.\n\nTechnick\u00e9 \u00fadaje\n\nv.v.: 05\/26, 1993cm\u00b3, 145kW (197PS), Pohon: 4\u00d74, Automatick\u00e1 p\u0159evodovka (9 st.), Diesel, EURO 6, 4 dv., (5-m\u00edstn\u00fd), 20 760km, \u010cern\u00e1 metal\u00edza, VIN W1KLF0FB5TA278725\n\nPrvn\u00ed majitel, Nikdy neb\u00faran\u00e9, Mo\u017en\u00fd leasing, Jako nov\u00e9 koupen\u00e9 v SR, Mo\u017en\u00fd odpo\u010det DPH, Mo\u017en\u00e1 v\u00fdm\u011bna, Mo\u017en\u00fd \u00fav\u011br, V z\u00e1ruce, TOP stav, \u00dapln\u00e1 servisn\u00ed historie, N\u00edzk\u00e1 spot\u0159eba","price":"2001863.00","currency":"CZK","status":"active","noindex":true,"location":{"address":null,"full_address":null,"city":"Nitra","country":"SK","latitude":48.31295,"longitude":18.0894593},"metadata":{"vin":"W1KLF0FB5TA278725","fuel":"diesel","year":2026,"brand":"Mercedes-Benz","color":"Black","doors":4,"drive":"AWD \/ 4x4","model":"E trieda","seats":5,"region":"Nitriansky kraj","mileage":20760,"emisions":"Euro 6","features":["Alarm","EBD\/EBV","Posilova\u010d \u0159\u00edzen\u00ed","ABS","ESP","Protiprokluzov\u00fd syst\u00e9m kol (TC, ASR)","ADS","DSC\/DTC","Brzdov\u00fd asistent (EBA, BAS)","ISOFIX na zadn\u00edch sedadlech","Deaktivace airbagu spolujezdce","Nat\u00e1\u010dec\u00ed sv\u011btlomety","Senzor tlaku","Syst\u00e9m rozpozn\u00e1v\u00e1n\u00ed dopravn\u00edch zna\u010dek","Sledov\u00e1n\u00ed \u00fanavy \u0159idi\u010de","360\u00b0 monitorovac\u00ed syst\u00e9m (AVM)","Asistent d\u00e1lkov\u00fdch sv\u011btel (HBA)","Centr\u00e1ln\u00ed zamyk\u00e1n\u00ed","Zadn\u00ed el. stahovateln\u00e1 okna","El. nastaviteln\u00e1 p\u0159edn\u00ed sedadla","Elektricky nastaviteln\u00e1 zp\u011btn\u00e1 zrc\u00e1tka","Automatick\u00e1 2-z\u00f3nov\u00e1 klimatizace","Centr\u00e1ln\u00ed zamyk\u00e1n\u00ed na d\u00e1lkov\u00e9 ovl\u00e1d\u00e1n\u00ed","Autor\u00e1dio","Nez\u00e1visl\u00e9 topen\u00ed","Multifunk\u010dn\u00ed volant","Loketn\u00ed op\u011brka vp\u0159edu","Head-up display","Start\/Stop syst\u00e9m","Venkovn\u00ed teplom\u011br","Klimatizovan\u00e1 p\u0159ihr\u00e1dka","Ost\u0159ikova\u010de sv\u011btlomet\u016f","Apple Car Play","Android Auto","Welcome light","Digit\u00e1ln\u00ed p\u0159\u00edstrojov\u00e1 deska","P\u00e1dla pod volantem","Bezdr\u00e1tov\u00e1 nab\u00edje\u010dka mobiln\u00edch telefon\u016f","Lit\u00e1 kola","Mlhovky","Imobiliz\u00e9r","Palubn\u00ed po\u010d\u00edta\u010d","Navigace","Automatick\u00e9 parkov\u00e1n\u00ed","Ko\u017een\u00fd interi\u00e9r","Vyh\u0159\u00edvan\u00e1 sedadla","Elektricky vyh\u0159\u00edvan\u00e1 zp\u011btn\u00e1 zrc\u00e1tka","F\u00f3lie","Senzor st\u011bra\u010d\u016f","Sv\u011bteln\u00fd senzor","Parkovac\u00ed kamera","P\u0159edn\u00ed a zadn\u00ed parkovac\u00ed senzory","Adaptivn\u00ed tempomat","No\u010dn\u00ed vid\u011bn\u00ed","Bezkl\u00ed\u010dov\u00fd vstup","El. ovl\u00e1dan\u00fd kufr","Elektrick\u00e9 dov\u00edr\u00e1n\u00ed zavazadlov\u00e9ho prostoru","Mas\u00e1\u017en\u00ed sedadlo \u0159idi\u010de","Ventilovan\u00e1 p\u0159edn\u00ed sedadla","Ventilovan\u00e1 zadn\u00ed sedadla","Vyh\u0159\u00edvan\u00e1 zadn\u00ed sedadla","Bluetooth","Vyh\u0159\u00edvan\u00fd volant","Denn\u00ed sv\u00edcen\u00ed","LED sv\u011btlomety","Bezdotykov\u00e9 ovl\u00e1d\u00e1n\u00ed v\u00edka zavazadlov\u00e9ho prostoru","Pam\u011b\u0165 nastaven\u00ed sedadla \u0159idi\u010de","Ambientn\u00ed LED osv\u011btlen\u00ed interi\u00e9ru","Prv\u00fd majite\u013e","Nikdy neb\u00faran\u00e9","Mo\u017en\u00fd leasing","Ako nov\u00e9 k\u00fapen\u00e9 v SR","Mo\u017en\u00fd odpo\u010det DPH","Mo\u017en\u00e1 v\u00fdmena","Mo\u017en\u00fd \u00faver","v z\u00e1ruke","TOP stav!","\u00dapln\u00e1 servisn\u00e1 hist\u00f3ria","N\u00edzka spotreba","Adaptivn\u00ed podvozek","Ko\u017een\u00fd paket","Odo-pass","Asistent udr\u017eov\u00e1n\u00ed j\u00edzdn\u00edho pruhu","Asistent rozjezdu do kopce","Sledov\u00e1n\u00ed mrtv\u00e9ho \u00fahlu","TV","LCD panel","Drive Select (j\u00edzdy re\u017eimy)","audio syst\u00e9m BURMESTER","elektricky sklopn\u00e1 zp\u011btn\u00e1 zrc\u00e1tka","ovl\u00e1d\u00e1n\u00ed gesty","elektricky nastaviteln\u00fd volant","rozpozn\u00e1v\u00e1n\u00ed chodc\u016f"],"power_kw":145,"body_type":"Sedan","condition":"Used","transmission":"automatic","vat_deductible":true,"consumption_city":null,"translation_hash":"4c2660a55527c3df46f878a7e5304d2842991bde","vehicle_category":"car","engine_volume_cm3":1993,"first_registration":"2026-05-01","translation_status":"done","consumption_highway":null,"consumption_combined":null},"user_id":63,"is_sponsored":false,"views_count":11,"ai_views_count":6,"ai_vendor_counts":{"meta":3,"openai":2,"anthropic":1},"visibility":"public","submission_source":null,"submission_ai_name":null,"has_owner_email":true,"can_contact_owner":true,"phone":"0917 645 476","owner_email":"cintala@autorro.sk","user":{"id":63,"slug":"david-cintala-63","name":"D\u00e1vid \u010cintala","bio":"Makl\u00e9r. P\u016fsob\u00edm v Nitre a okol\u00ed.\n\nP\u016fsobnost: Nitra","nationality":"SK","languages":["cs","sk"],"service_areas":[],"card_style":null,"card_palette":null,"avatar_url":"https:\/\/cdn.assetlog.ai\/avatars\/63\/avatar_max.webp?v=1786535213","avatar_thumb_url":"https:\/\/cdn.assetlog.ai\/avatars\/63\/avatar_small.webp?v=1786535213","reviews_count":0,"avg_rating":null,"seller_badge":"silver","can_calendar":true,"joined_at":"2026-06-07T14:23:24+00:00","primary_intent":null,"seeking":[],"public_assets_count":53,"public_prompts_count":0,"followers_count":0},"images":[{"id":112201,"max":"https:\/\/cdn.assetlog.ai\/assets\/142822\/mercedes-benz-e-trieda-sedan-220-d-mhev-at-aj-na-splatky-protiucet_1_max.webp","medium":"https:\/\/cdn.assetlog.ai\/assets\/142822\/mercedes-benz-e-trieda-sedan-220-d-mhev-at-aj-na-splatky-protiucet_1_medium.webp","small":"https:\/\/cdn.assetlog.ai\/assets\/142822\/mercedes-benz-e-trieda-sedan-220-d-mhev-at-aj-na-splatky-protiucet_1_small.webp"},{"id":112202,"max":"https:\/\/cdn.assetlog.ai\/assets\/142822\/mercedes-benz-e-trieda-sedan-220-d-mhev-at-aj-na-splatky-protiucet_2_max.webp","medium":"https:\/\/cdn.assetlog.ai\/assets\/142822\/mercedes-benz-e-trieda-sedan-220-d-mhev-at-aj-na-splatky-protiucet_2_medium.webp","small":"https:\/\/cdn.assetlog.ai\/assets\/142822\/mercedes-benz-e-trieda-sedan-220-d-mhev-at-aj-na-splatky-protiucet_2_small.webp"},{"id":112203,"max":"https:\/\/cdn.assetlog.ai\/assets\/142822\/mercedes-benz-e-trieda-sedan-220-d-mhev-at-aj-na-splatky-protiucet_3_max.webp","medium":"https:\/\/cdn.assetlog.ai\/assets\/142822\/mercedes-benz-e-trieda-sedan-220-d-mhev-at-aj-na-splatky-protiucet_3_medium.webp","small":"https:\/\/cdn.assetlog.ai\/assets\/142822\/mercedes-benz-e-trieda-sedan-220-d-mhev-at-aj-na-splatky-protiucet_3_small.webp"},{"id":112204,"max":"https:\/\/cdn.assetlog.ai\/assets\/142822\/mercedes-benz-e-trieda-sedan-220-d-mhev-at-aj-na-splatky-protiucet_4_max.webp","medium":"https:\/\/cdn.assetlog.ai\/assets\/142822\/mercedes-benz-e-trieda-sedan-220-d-mhev-at-aj-na-splatky-protiucet_4_medium.webp","small":"https:\/\/cdn.assetlog.ai\/assets\/142822\/mercedes-benz-e-trieda-sedan-220-d-mhev-at-aj-na-splatky-protiucet_4_small.webp"},{"id":112205,"max":"https:\/\/cdn.assetlog.ai\/assets\/142822\/mercedes-benz-e-trieda-sedan-220-d-mhev-at-aj-na-splatky-protiucet_5_max.webp","medium":"https:\/\/cdn.assetlog.ai\/assets\/142822\/mercedes-benz-e-trieda-sedan-220-d-mhev-at-aj-na-splatky-protiucet_5_medium.webp","small":"https:\/\/cdn.assetlog.ai\/assets\/142822\/mercedes-benz-e-trieda-sedan-220-d-mhev-at-aj-na-splatky-protiucet_5_small.webp"},{"id":112206,"max":"https:\/\/cdn.assetlog.ai\/assets\/142822\/mercedes-benz-e-trieda-sedan-220-d-mhev-at-aj-na-splatky-protiucet_6_max.webp","medium":"https:\/\/cdn.assetlog.ai\/assets\/142822\/mercedes-benz-e-trieda-sedan-220-d-mhev-at-aj-na-splatky-protiucet_6_medium.webp","small":"https:\/\/cdn.assetlog.ai\/assets\/142822\/mercedes-benz-e-trieda-sedan-220-d-mhev-at-aj-na-splatky-protiucet_6_small.webp"},{"id":112207,"max":"https:\/\/cdn.assetlog.ai\/assets\/142822\/mercedes-benz-e-trieda-sedan-220-d-mhev-at-aj-na-splatky-protiucet_7_max.webp","medium":"https:\/\/cdn.assetlog.ai\/assets\/142822\/mercedes-benz-e-trieda-sedan-220-d-mhev-at-aj-na-splatky-protiucet_7_medium.webp","small":"https:\/\/cdn.assetlog.ai\/assets\/142822\/mercedes-benz-e-trieda-sedan-220-d-mhev-at-aj-na-splatky-protiucet_7_small.webp"},{"id":112208,"max":"https:\/\/cdn.assetlog.ai\/assets\/142822\/mercedes-benz-e-trieda-sedan-220-d-mhev-at-aj-na-splatky-protiucet_8_max.webp","medium":"https:\/\/cdn.assetlog.ai\/assets\/142822\/mercedes-benz-e-trieda-sedan-220-d-mhev-at-aj-na-splatky-protiucet_8_medium.webp","small":"https:\/\/cdn.assetlog.ai\/assets\/142822\/mercedes-benz-e-trieda-sedan-220-d-mhev-at-aj-na-splatky-protiucet_8_small.webp"},{"id":112209,"max":"https:\/\/cdn.assetlog.ai\/assets\/142822\/mercedes-benz-e-trieda-sedan-220-d-mhev-at-aj-na-splatky-protiucet_9_max.webp","medium":"https:\/\/cdn.assetlog.ai\/assets\/142822\/mercedes-benz-e-trieda-sedan-220-d-mhev-at-aj-na-splatky-protiucet_9_medium.webp","small":"https:\/\/cdn.assetlog.ai\/assets\/142822\/mercedes-benz-e-trieda-sedan-220-d-mhev-at-aj-na-splatky-protiucet_9_small.webp"},{"id":112210,"max":"https:\/\/cdn.assetlog.ai\/assets\/142822\/mercedes-benz-e-trieda-sedan-220-d-mhev-at-aj-na-splatky-protiucet_10_max.webp","medium":"https:\/\/cdn.assetlog.ai\/assets\/142822\/mercedes-benz-e-trieda-sedan-220-d-mhev-at-aj-na-splatky-protiucet_10_medium.webp","small":"https:\/\/cdn.assetlog.ai\/assets\/142822\/mercedes-benz-e-trieda-sedan-220-d-mhev-at-aj-na-splatky-protiucet_10_small.webp"},{"id":112211,"max":"https:\/\/cdn.assetlog.ai\/assets\/142822\/mercedes-benz-e-trieda-sedan-220-d-mhev-at-aj-na-splatky-protiucet_11_max.webp","medium":"https:\/\/cdn.assetlog.ai\/assets\/142822\/mercedes-benz-e-trieda-sedan-220-d-mhev-at-aj-na-splatky-protiucet_11_medium.webp","small":"https:\/\/cdn.assetlog.ai\/assets\/142822\/mercedes-benz-e-trieda-sedan-220-d-mhev-at-aj-na-splatky-protiucet_11_small.webp"},{"id":112212,"max":"https:\/\/cdn.assetlog.ai\/assets\/142822\/mercedes-benz-e-trieda-sedan-220-d-mhev-at-aj-na-splatky-protiucet_12_max.webp","medium":"https:\/\/cdn.assetlog.ai\/assets\/142822\/mercedes-benz-e-trieda-sedan-220-d-mhev-at-aj-na-splatky-protiucet_12_medium.webp","small":"https:\/\/cdn.assetlog.ai\/assets\/142822\/mercedes-benz-e-trieda-sedan-220-d-mhev-at-aj-na-splatky-protiucet_12_small.webp"},{"id":112213,"max":"https:\/\/cdn.assetlog.ai\/assets\/142822\/mercedes-benz-e-trieda-sedan-220-d-mhev-at-aj-na-splatky-protiucet_13_max.webp","medium":"https:\/\/cdn.assetlog.ai\/assets\/142822\/mercedes-benz-e-trieda-sedan-220-d-mhev-at-aj-na-splatky-protiucet_13_medium.webp","small":"https:\/\/cdn.assetlog.ai\/assets\/142822\/mercedes-benz-e-trieda-sedan-220-d-mhev-at-aj-na-splatky-protiucet_13_small.webp"},{"id":112214,"max":"https:\/\/cdn.assetlog.ai\/assets\/142822\/mercedes-benz-e-trieda-sedan-220-d-mhev-at-aj-na-splatky-protiucet_14_max.webp","medium":"https:\/\/cdn.assetlog.ai\/assets\/142822\/mercedes-benz-e-trieda-sedan-220-d-mhev-at-aj-na-splatky-protiucet_14_medium.webp","small":"https:\/\/cdn.assetlog.ai\/assets\/142822\/mercedes-benz-e-trieda-sedan-220-d-mhev-at-aj-na-splatky-protiucet_14_small.webp"},{"id":112215,"max":"https:\/\/cdn.assetlog.ai\/assets\/142822\/mercedes-benz-e-trieda-sedan-220-d-mhev-at-aj-na-splatky-protiucet_15_max.webp","medium":"https:\/\/cdn.assetlog.ai\/assets\/142822\/mercedes-benz-e-trieda-sedan-220-d-mhev-at-aj-na-splatky-protiucet_15_medium.webp","small":"https:\/\/cdn.assetlog.ai\/assets\/142822\/mercedes-benz-e-trieda-sedan-220-d-mhev-at-aj-na-splatky-protiucet_15_small.webp"},{"id":112216,"max":"https:\/\/cdn.assetlog.ai\/assets\/142822\/mercedes-benz-e-trieda-sedan-220-d-mhev-at-aj-na-splatky-protiucet_16_max.webp","medium":"https:\/\/cdn.assetlog.ai\/assets\/142822\/mercedes-benz-e-trieda-sedan-220-d-mhev-at-aj-na-splatky-protiucet_16_medium.webp","small":"https:\/\/cdn.assetlog.ai\/assets\/142822\/mercedes-benz-e-trieda-sedan-220-d-mhev-at-aj-na-splatky-protiucet_16_small.webp"},{"id":112217,"max":"https:\/\/cdn.assetlog.ai\/assets\/142822\/mercedes-benz-e-trieda-sedan-220-d-mhev-at-aj-na-splatky-protiucet_17_max.webp","medium":"https:\/\/cdn.assetlog.ai\/assets\/142822\/mercedes-benz-e-trieda-sedan-220-d-mhev-at-aj-na-splatky-protiucet_17_medium.webp","small":"https:\/\/cdn.assetlog.ai\/assets\/142822\/mercedes-benz-e-trieda-sedan-220-d-mhev-at-aj-na-splatky-protiucet_17_small.webp"},{"id":112218,"max":"https:\/\/cdn.assetlog.ai\/assets\/142822\/mercedes-benz-e-trieda-sedan-220-d-mhev-at-aj-na-splatky-protiucet_18_max.webp","medium":"https:\/\/cdn.assetlog.ai\/assets\/142822\/mercedes-benz-e-trieda-sedan-220-d-mhev-at-aj-na-splatky-protiucet_18_medium.webp","small":"https:\/\/cdn.assetlog.ai\/assets\/142822\/mercedes-benz-e-trieda-sedan-220-d-mhev-at-aj-na-splatky-protiucet_18_small.webp"},{"id":112219,"max":"https:\/\/cdn.assetlog.ai\/assets\/142822\/mercedes-benz-e-trieda-sedan-220-d-mhev-at-aj-na-splatky-protiucet_19_max.webp","medium":"https:\/\/cdn.assetlog.ai\/assets\/142822\/mercedes-benz-e-trieda-sedan-220-d-mhev-at-aj-na-splatky-protiucet_19_medium.webp","small":"https:\/\/cdn.assetlog.ai\/assets\/142822\/mercedes-benz-e-trieda-sedan-220-d-mhev-at-aj-na-splatky-protiucet_19_small.webp"},{"id":112220,"max":"https:\/\/cdn.assetlog.ai\/assets\/142822\/mercedes-benz-e-trieda-sedan-220-d-mhev-at-aj-na-splatky-protiucet_20_max.webp","medium":"https:\/\/cdn.assetlog.ai\/assets\/142822\/mercedes-benz-e-trieda-sedan-220-d-mhev-at-aj-na-splatky-protiucet_20_medium.webp","small":"https:\/\/cdn.assetlog.ai\/assets\/142822\/mercedes-benz-e-trieda-sedan-220-d-mhev-at-aj-na-splatky-protiucet_20_small.webp"},{"id":112221,"max":"https:\/\/cdn.assetlog.ai\/assets\/142822\/mercedes-benz-e-trieda-sedan-220-d-mhev-at-aj-na-splatky-protiucet_21_max.webp","medium":"https:\/\/cdn.assetlog.ai\/assets\/142822\/mercedes-benz-e-trieda-sedan-220-d-mhev-at-aj-na-splatky-protiucet_21_medium.webp","small":"https:\/\/cdn.assetlog.ai\/assets\/142822\/mercedes-benz-e-trieda-sedan-220-d-mhev-at-aj-na-splatky-protiucet_21_small.webp"},{"id":112222,"max":"https:\/\/cdn.assetlog.ai\/assets\/142822\/mercedes-benz-e-trieda-sedan-220-d-mhev-at-aj-na-splatky-protiucet_22_max.webp","medium":"https:\/\/cdn.assetlog.ai\/assets\/142822\/mercedes-benz-e-trieda-sedan-220-d-mhev-at-aj-na-splatky-protiucet_22_medium.webp","small":"https:\/\/cdn.assetlog.ai\/assets\/142822\/mercedes-benz-e-trieda-sedan-220-d-mhev-at-aj-na-splatky-protiucet_22_small.webp"},{"id":112223,"max":"https:\/\/cdn.assetlog.ai\/assets\/142822\/mercedes-benz-e-trieda-sedan-220-d-mhev-at-aj-na-splatky-protiucet_23_max.webp","medium":"https:\/\/cdn.assetlog.ai\/assets\/142822\/mercedes-benz-e-trieda-sedan-220-d-mhev-at-aj-na-splatky-protiucet_23_medium.webp","small":"https:\/\/cdn.assetlog.ai\/assets\/142822\/mercedes-benz-e-trieda-sedan-220-d-mhev-at-aj-na-splatky-protiucet_23_small.webp"},{"id":112224,"max":"https:\/\/cdn.assetlog.ai\/assets\/142822\/mercedes-benz-e-trieda-sedan-220-d-mhev-at-aj-na-splatky-protiucet_24_max.webp","medium":"https:\/\/cdn.assetlog.ai\/assets\/142822\/mercedes-benz-e-trieda-sedan-220-d-mhev-at-aj-na-splatky-protiucet_24_medium.webp","small":"https:\/\/cdn.assetlog.ai\/assets\/142822\/mercedes-benz-e-trieda-sedan-220-d-mhev-at-aj-na-splatky-protiucet_24_small.webp"},{"id":112225,"max":"https:\/\/cdn.assetlog.ai\/assets\/142822\/mercedes-benz-e-trieda-sedan-220-d-mhev-at-aj-na-splatky-protiucet_25_max.webp","medium":"https:\/\/cdn.assetlog.ai\/assets\/142822\/mercedes-benz-e-trieda-sedan-220-d-mhev-at-aj-na-splatky-protiucet_25_medium.webp","small":"https:\/\/cdn.assetlog.ai\/assets\/142822\/mercedes-benz-e-trieda-sedan-220-d-mhev-at-aj-na-splatky-protiucet_25_small.webp"},{"id":112226,"max":"https:\/\/cdn.assetlog.ai\/assets\/142822\/mercedes-benz-e-trieda-sedan-220-d-mhev-at-aj-na-splatky-protiucet_26_max.webp","medium":"https:\/\/cdn.assetlog.ai\/assets\/142822\/mercedes-benz-e-trieda-sedan-220-d-mhev-at-aj-na-splatky-protiucet_26_medium.webp","small":"https:\/\/cdn.assetlog.ai\/assets\/142822\/mercedes-benz-e-trieda-sedan-220-d-mhev-at-aj-na-splatky-protiucet_26_small.webp"},{"id":112227,"max":"https:\/\/cdn.assetlog.ai\/assets\/142822\/mercedes-benz-e-trieda-sedan-220-d-mhev-at-aj-na-splatky-protiucet_27_max.webp","medium":"https:\/\/cdn.assetlog.ai\/assets\/142822\/mercedes-benz-e-trieda-sedan-220-d-mhev-at-aj-na-splatky-protiucet_27_medium.webp","small":"https:\/\/cdn.assetlog.ai\/assets\/142822\/mercedes-benz-e-trieda-sedan-220-d-mhev-at-aj-na-splatky-protiucet_27_small.webp"},{"id":112228,"max":"https:\/\/cdn.assetlog.ai\/assets\/142822\/mercedes-benz-e-trieda-sedan-220-d-mhev-at-aj-na-splatky-protiucet_28_max.webp","medium":"https:\/\/cdn.assetlog.ai\/assets\/142822\/mercedes-benz-e-trieda-sedan-220-d-mhev-at-aj-na-splatky-protiucet_28_medium.webp","small":"https:\/\/cdn.assetlog.ai\/assets\/142822\/mercedes-benz-e-trieda-sedan-220-d-mhev-at-aj-na-splatky-protiucet_28_small.webp"},{"id":112229,"max":"https:\/\/cdn.assetlog.ai\/assets\/142822\/mercedes-benz-e-trieda-sedan-220-d-mhev-at-aj-na-splatky-protiucet_29_max.webp","medium":"https:\/\/cdn.assetlog.ai\/assets\/142822\/mercedes-benz-e-trieda-sedan-220-d-mhev-at-aj-na-splatky-protiucet_29_medium.webp","small":"https:\/\/cdn.assetlog.ai\/assets\/142822\/mercedes-benz-e-trieda-sedan-220-d-mhev-at-aj-na-splatky-protiucet_29_small.webp"},{"id":112230,"max":"https:\/\/cdn.assetlog.ai\/assets\/142822\/mercedes-benz-e-trieda-sedan-220-d-mhev-at-aj-na-splatky-protiucet_30_max.webp","medium":"https:\/\/cdn.assetlog.ai\/assets\/142822\/mercedes-benz-e-trieda-sedan-220-d-mhev-at-aj-na-splatky-protiucet_30_medium.webp","small":"https:\/\/cdn.assetlog.ai\/assets\/142822\/mercedes-benz-e-trieda-sedan-220-d-mhev-at-aj-na-splatky-protiucet_30_small.webp"},{"id":112231,"max":"https:\/\/cdn.assetlog.ai\/assets\/142822\/mercedes-benz-e-trieda-sedan-220-d-mhev-at-aj-na-splatky-protiucet_31_max.webp","medium":"https:\/\/cdn.assetlog.ai\/assets\/142822\/mercedes-benz-e-trieda-sedan-220-d-mhev-at-aj-na-splatky-protiucet_31_medium.webp","small":"https:\/\/cdn.assetlog.ai\/assets\/142822\/mercedes-benz-e-trieda-sedan-220-d-mhev-at-aj-na-splatky-protiucet_31_small.webp"},{"id":112232,"max":"https:\/\/cdn.assetlog.ai\/assets\/142822\/mercedes-benz-e-trieda-sedan-220-d-mhev-at-aj-na-splatky-protiucet_32_max.webp","medium":"https:\/\/cdn.assetlog.ai\/assets\/142822\/mercedes-benz-e-trieda-sedan-220-d-mhev-at-aj-na-splatky-protiucet_32_medium.webp","small":"https:\/\/cdn.assetlog.ai\/assets\/142822\/mercedes-benz-e-trieda-sedan-220-d-mhev-at-aj-na-splatky-protiucet_32_small.webp"},{"id":112233,"max":"https:\/\/cdn.assetlog.ai\/assets\/142822\/mercedes-benz-e-trieda-sedan-220-d-mhev-at-aj-na-splatky-protiucet_33_max.webp","medium":"https:\/\/cdn.assetlog.ai\/assets\/142822\/mercedes-benz-e-trieda-sedan-220-d-mhev-at-aj-na-splatky-protiucet_33_medium.webp","small":"https:\/\/cdn.assetlog.ai\/assets\/142822\/mercedes-benz-e-trieda-sedan-220-d-mhev-at-aj-na-splatky-protiucet_33_small.webp"},{"id":112234,"max":"https:\/\/cdn.assetlog.ai\/assets\/142822\/mercedes-benz-e-trieda-sedan-220-d-mhev-at-aj-na-splatky-protiucet_34_max.webp","medium":"https:\/\/cdn.assetlog.ai\/assets\/142822\/mercedes-benz-e-trieda-sedan-220-d-mhev-at-aj-na-splatky-protiucet_34_medium.webp","small":"https:\/\/cdn.assetlog.ai\/assets\/142822\/mercedes-benz-e-trieda-sedan-220-d-mhev-at-aj-na-splatky-protiucet_34_small.webp"},{"id":112235,"max":"https:\/\/cdn.assetlog.ai\/assets\/142822\/mercedes-benz-e-trieda-sedan-220-d-mhev-at-aj-na-splatky-protiucet_35_max.webp","medium":"https:\/\/cdn.assetlog.ai\/assets\/142822\/mercedes-benz-e-trieda-sedan-220-d-mhev-at-aj-na-splatky-protiucet_35_medium.webp","small":"https:\/\/cdn.assetlog.ai\/assets\/142822\/mercedes-benz-e-trieda-sedan-220-d-mhev-at-aj-na-splatky-protiucet_35_small.webp"},{"id":112236,"max":"https:\/\/cdn.assetlog.ai\/assets\/142822\/mercedes-benz-e-trieda-sedan-220-d-mhev-at-aj-na-splatky-protiucet_36_max.webp","medium":"https:\/\/cdn.assetlog.ai\/assets\/142822\/mercedes-benz-e-trieda-sedan-220-d-mhev-at-aj-na-splatky-protiucet_36_medium.webp","small":"https:\/\/cdn.assetlog.ai\/assets\/142822\/mercedes-benz-e-trieda-sedan-220-d-mhev-at-aj-na-splatky-protiucet_36_small.webp"},{"id":112237,"max":"https:\/\/cdn.assetlog.ai\/assets\/142822\/mercedes-benz-e-trieda-sedan-220-d-mhev-at-aj-na-splatky-protiucet_37_max.webp","medium":"https:\/\/cdn.assetlog.ai\/assets\/142822\/mercedes-benz-e-trieda-sedan-220-d-mhev-at-aj-na-splatky-protiucet_37_medium.webp","small":"https:\/\/cdn.assetlog.ai\/assets\/142822\/mercedes-benz-e-trieda-sedan-220-d-mhev-at-aj-na-splatky-protiucet_37_small.webp"},{"id":112238,"max":"https:\/\/cdn.assetlog.ai\/assets\/142822\/mercedes-benz-e-trieda-sedan-220-d-mhev-at-aj-na-splatky-protiucet_38_max.webp","medium":"https:\/\/cdn.assetlog.ai\/assets\/142822\/mercedes-benz-e-trieda-sedan-220-d-mhev-at-aj-na-splatky-protiucet_38_medium.webp","small":"https:\/\/cdn.assetlog.ai\/assets\/142822\/mercedes-benz-e-trieda-sedan-220-d-mhev-at-aj-na-splatky-protiucet_38_small.webp"},{"id":112239,"max":"https:\/\/cdn.assetlog.ai\/assets\/142822\/mercedes-benz-e-trieda-sedan-220-d-mhev-at-aj-na-splatky-protiucet_39_max.webp","medium":"https:\/\/cdn.assetlog.ai\/assets\/142822\/mercedes-benz-e-trieda-sedan-220-d-mhev-at-aj-na-splatky-protiucet_39_medium.webp","small":"https:\/\/cdn.assetlog.ai\/assets\/142822\/mercedes-benz-e-trieda-sedan-220-d-mhev-at-aj-na-splatky-protiucet_39_small.webp"},{"id":112240,"max":"https:\/\/cdn.assetlog.ai\/assets\/142822\/mercedes-benz-e-trieda-sedan-220-d-mhev-at-aj-na-splatky-protiucet_40_max.webp","medium":"https:\/\/cdn.assetlog.ai\/assets\/142822\/mercedes-benz-e-trieda-sedan-220-d-mhev-at-aj-na-splatky-protiucet_40_medium.webp","small":"https:\/\/cdn.assetlog.ai\/assets\/142822\/mercedes-benz-e-trieda-sedan-220-d-mhev-at-aj-na-splatky-protiucet_40_small.webp"}],"published_at":null,"expires_at":null,"created_at":"2026-08-09T03:40:04+00:00","updated_at":"2026-09-01T03:41:24+00:00"}}