{"data":{"id":141,"slug":"mercedes-benz-e-trieda-sedan-300-mhev-at-aj-na-splatky-protiucet","type":"vehicle","title":"Mercedes-Benz E Class Sedan 300 mHEV A\/T \/ AVAILABLE FOR INSTALLMENT \/ TRADE-IN \/","description":"The Mercedes-Benz E 300 is a modern luxury mid-size sedan with mild-hybrid drive that combines performance, comfort, and advanced technology.\n\nThe vehicle has not been in an accident and has passed insurance record checks, execution checks, paint thickness measurement, and document verification. Physically inspected and also verified through the vehicle's operational records registry.\n\nWe offer favorable financing with monthly installments, so you can enjoy your new car immediately without waiting with 0% down payment and installments up to 96 months.\n\nFor your greater convenience and peace of mind, we can provide you with an extended warranty of up to 12-36 months.\n\nIf you already own a vehicle, you don't need to worry about selling it - we will take it directly from you in return. Just come to us with it, we will evaluate it and deduct the value from your new car's price. You will save time, hassle, and money and the entire process will be quick and easy - you will drive away in your new car without unnecessary paperwork.\n\nTHE VEHICLE IS LOCATED IN BRATISLAVA. We will be happy to provide you with more information at phone number 0910 678 408. License plate: AA996DF. Vehicle registration valid until: 2028-01-08. Technical inspection valid until: 2028-01-08.\n\nTechnical specifications\n\nProduction: 06\/21, 1991cc, 190kW (258 HP), Vehicle generation: , Drive: Rear-wheel drive, Automatic transmission (9-speed), Petrol, EURO , 4-door, (5-seater), 55,936 km, Gray metallic, VIN W1K2130831A961720\n\nVehicle fuel consumption (l\/100km)\n\nCity: 8.9, highway: 5.3, combined: 6.6\n\nService book, Imported, Garage kept, Never damaged, Leasing possible, VAT deduction possible, Loan possible, Top condition, Authenticity check","language":"cs","is_translated":true,"title_original":"Mercedes-Benz E trieda Sedan 300 mHEV A\/T \/ AJ NA SPL\u00c1TKY \/ PROTI\u00da\u010cET \/","description_original":"Mercedes-Benz E 300 je modern\u00ed luxusn\u00ed sedan st\u0159edn\u00ed t\u0159\u00eddy s mild-hybridn\u00edm pohonem, kter\u00fd kombinuje v\u00fdkon, komfort a vysp\u011bl\u00e9 technologie.\n\nVozidlo nebylo havarovan\u00e9 a pro\u0161lo kontrolou z\u00e1znam\u016f o poji\u0161t\u011bn\u00ed, exekuc\u00ed, m\u011b\u0159en\u00edm laku a kontrolou doklad\u016f. Prov\u011b\u0159eno fyzicky, tak\u00e9 prost\u0159ednictv\u00edm registru provozn\u00edch z\u00e1znam\u016f vozidla.\n\nNab\u00edz\u00edme v\u00fdhodn\u00e9 financov\u00e1n\u00ed na m\u011bs\u00ed\u010dn\u00ed spl\u00e1tky, tak\u017ee si sv\u016fj nov\u00fd v\u016fz m\u016f\u017eete u\u017e\u00edvat hned a bez \u010dek\u00e1n\u00ed s akontac\u00ed 0 % a spl\u00e1tkami a\u017e na 96 m\u011bs\u00edc\u016f.\n\nPro va\u0161e v\u011bt\u0161\u00ed pohodl\u00ed a jistotu v\u00e1m m\u016f\u017eeme poskytnout prodlou\u017eenou z\u00e1ruku a\u017e na 12-36 m\u011bs\u00edc\u016f.\n\nPokud ji\u017e v\u016fz vlastn\u00edte, nemus\u00edte se zab\u00fdvat jeho prodejem - na opl\u00e1tku si ho od v\u00e1s p\u0159\u00edmo vezmeme. Sta\u010d\u00ed, kdy\u017e k n\u00e1m s n\u00edm p\u0159ijdete, my ho ocen\u00edme a n\u00e1klady ode\u010dteme od hodnoty va\u0161eho nov\u00e9ho vozu. U\u0161et\u0159\u00edte tak \u010das, starosti i pen\u00edze a cel\u00fd proces bude rychl\u00fd a snadn\u00fd - odjedete rovnou ve sv\u00e9m nov\u00e9m voze bez zbyte\u010dn\u00e9ho pap\u00edrov\u00e1n\u00ed.\n\nVOZIDLO SE NACH\u00c1Z\u00cd V meste BRATISLAVA. V\u00edce informac\u00ed v\u00e1m r\u00e1di poskytneme na telefonn\u00edm \u010d\u00edsle 0910 678 408. E\u010cV: AA996DF. EK platn\u00e1 do: 2028-01-08. STK platn\u00e1 do: 2028-01-08.\n\nTechnick\u00e9 \u00fadaje\n\nv.v.: 06\/21, 1991cm\u00b3, 190kW (258PS), Generace vozidla: , Pohon: Pohon zadn\u00edch kol, Automatick\u00e1 p\u0159evodovka (9 st.), Benz\u00edn, EURO , 4 dv., (5-m\u00edstn\u00fd), 55 936km, \u0160ed\u00e1 metal\u00edza, VIN W1K2130831A961720\n\nSpot\u0159eba vozidla (l\/100km)\n\nVe m\u011bst\u011b: 8.9, mimo m\u011bsto: 5.3, kombinovan\u00e1: 6.6\n\nServisn\u00ed kn\u00ed\u017eka, Dovezen\u00e9, Gar\u00e1\u017eovan\u00e9, Nikdy neb\u00faran\u00e9, Mo\u017en\u00fd leasing, Mo\u017en\u00fd odpo\u010det DPH, Mo\u017en\u00fd \u00fav\u011br, TOP stav, Kontrola originality","price":"943168.00","currency":"CZK","status":"active","noindex":true,"location":{"address":null,"full_address":null,"city":"Bratislava","country":"SK","latitude":48.1516988,"longitude":17.1093063},"metadata":{"vin":"W1K2130831A961720","fuel":"petrol","year":2021,"brand":"Mercedes","color":"Grey","doors":4,"drive":"Rear-wheel drive","model":"E trieda","seats":5,"region":"Bratislavsk\u00fd kraj","mileage":55936,"emisions":"1","features":["Alarm","EBD\/EBV","ABS","ESP","Protiprokluzov\u00fd syst\u00e9m kol (TC, ASR)","ADS","DSC\/DTC","Brzdov\u00fd asistent (EBA, BAS)","ISOFIX na zadn\u00edch sedadlech","Nat\u00e1\u010dec\u00ed sv\u011btlomety","Senzor tlaku","7x airbag","Syst\u00e9m rozpozn\u00e1v\u00e1n\u00ed dopravn\u00edch zna\u010dek","Varov\u00e1n\u00ed o vzd\u00e1lenosti (BAS Plus)","Sledov\u00e1n\u00ed \u00fanavy \u0159idi\u010de","T\u00eds\u0148ov\u00e9 vol\u00e1n\u00ed","Upozorn\u011bn\u00ed na p\u0159ij\u00ed\u017ed\u011bj\u00edc\u00ed vozidla p\u0159i couv\u00e1n\u00ed (RCTA)","360\u00b0 monitorovac\u00ed syst\u00e9m (AVM)","Asistent d\u00e1lkov\u00fdch sv\u011btel (HBA)","Automatick\u00e9 zabrzd\u011bn\u00ed v kopci","Hl\u00edd\u00e1n\u00ed jizdn\u00edho pruhu","Centr\u00e1ln\u00ed zamyk\u00e1n\u00ed","Zadn\u00ed el. stahovateln\u00e1 okna","El. nastaviteln\u00e1 p\u0159edn\u00ed sedadla","Elektricky nastaviteln\u00e1 zp\u011btn\u00e1 zrc\u00e1tka","Automatick\u00e1 2-z\u00f3nov\u00e1 klimatizace","Centr\u00e1ln\u00ed zamyk\u00e1n\u00ed na d\u00e1lkov\u00e9 ovl\u00e1d\u00e1n\u00ed","Autor\u00e1dio","Vyh\u0159\u00edvan\u00e9 \u010deln\u00ed sklo","Multifunk\u010dn\u00ed volant","Loketn\u00ed op\u011brka vp\u0159edu","Head-up display","Start\/Stop syst\u00e9m","Vzduchov\u00e9 odpru\u017een\u00ed","Venkovn\u00ed teplom\u011br","Klimatizovan\u00e1 p\u0159ihr\u00e1dka","Apple Car Play","Android Auto","Welcome light","Digit\u00e1ln\u00ed p\u0159\u00edstrojov\u00e1 deska","P\u00e1dla pod volantem","Bezdr\u00e1tov\u00e1 nab\u00edje\u010dka mobiln\u00edch telefon\u016f","Atermick\u00e9 \u010deln\u00ed sklo","Lit\u00e1 kola","Imobiliz\u00e9r","Palubn\u00ed po\u010d\u00edta\u010d","Navigace","Automatick\u00e9 parkov\u00e1n\u00ed","Vyh\u0159\u00edvan\u00e1 sedadla","Elektricky vyh\u0159\u00edvan\u00e1 zp\u011btn\u00e1 zrc\u00e1tka","Senzor st\u011bra\u010d\u016f","Sv\u011bteln\u00fd senzor","Zimn\u00ed sada kol","Parkovac\u00ed kamera","P\u0159edn\u00ed a zadn\u00ed parkovac\u00ed senzory","Adaptivn\u00ed tempomat","Bezkl\u00ed\u010dov\u00fd vstup","Elektrick\u00e9 dov\u00edr\u00e1n\u00ed zavazadlov\u00e9ho prostoru","Mas\u00e1\u017en\u00ed sedadlo \u0159idi\u010de","Ventilovan\u00e1 p\u0159edn\u00ed sedadla","Bluetooth","Denn\u00ed sv\u00edcen\u00ed","LED sv\u011btlomety","Dotykov\u00e1 obrazovka","Pam\u011b\u0165 nastaven\u00ed sedadla \u0159idi\u010de","Wifi hotspot","LED matrixov\u00e9 sv\u011btlomety","Ambientn\u00ed LED osv\u011btlen\u00ed interi\u00e9ru","Serv. kni\u017eka","Dovezen\u00e9","Gar\u00e1\u017eovan\u00e9","Nikdy neb\u00faran\u00e9","Mo\u017en\u00fd leasing","Mo\u017en\u00fd odpo\u010det DPH","Mo\u017en\u00fd \u00faver","TOP stav!","Kontrola originality","Adaptivn\u00ed podvozek","Ko\u017een\u00fd paket","Odo-pass","Asistent udr\u017eov\u00e1n\u00ed v j\u00edzdn\u00edm pruhu","Asistent rozjezdu do kopce","Hl\u00edd\u00e1n\u00ed mrtv\u00e9ho \u00fahlu","2x kl\u00ed\u010de od vozu","Nov\u00e9 letn\u00ed pneumatiky."],"power_kw":190,"body_type":"Sedan","condition":"Used","transmission":"automatic","vat_deductible":true,"consumption_city":8.9,"translation_hash":"7744df08f2f40dacd7d3ed03a059d11025457dcc","vehicle_category":"car","engine_volume_cm3":1991,"first_registration":"2021-06-01","translation_status":"done","consumption_highway":5.3,"consumption_combined":6.6},"user_id":24,"is_sponsored":false,"views_count":21,"ai_views_count":9,"ai_vendor_counts":{"other":3,"openai":3,"anthropic":3},"visibility":"public","submission_source":null,"submission_ai_name":null,"has_owner_email":true,"can_contact_owner":true,"phone":"0910 678 408","owner_email":"pavelka@autorro.sk","user":{"id":24,"slug":"jonathan-pavelka-24","name":"Jonath\u00e1n Pavelka","bio":"Makl\u00e9r. P\u016fsob\u00edm v Malack\u00e1ch a okol\u00ed.\n\nP\u016fsobnost: Malacky","nationality":"SK","languages":["cs","sk"],"service_areas":[],"card_style":null,"card_palette":null,"avatar_url":"https:\/\/cdn.assetlog.ai\/avatars\/24\/avatar_max.webp?v=1786535213","avatar_thumb_url":"https:\/\/cdn.assetlog.ai\/avatars\/24\/avatar_small.webp?v=1786535213","reviews_count":0,"avg_rating":null,"seller_badge":"silver","can_calendar":true,"joined_at":"2026-06-07T07:44:44+00:00","primary_intent":null,"seeking":[],"public_assets_count":23,"public_prompts_count":0,"followers_count":0},"images":[{"id":4134,"max":"https:\/\/cdn.assetlog.ai\/assets\/141\/mercedes-benz-e-trieda-sedan-300-mhev-at-aj-na-splatky-protiucet_1_max.webp","medium":"https:\/\/cdn.assetlog.ai\/assets\/141\/mercedes-benz-e-trieda-sedan-300-mhev-at-aj-na-splatky-protiucet_1_medium.webp","small":"https:\/\/cdn.assetlog.ai\/assets\/141\/mercedes-benz-e-trieda-sedan-300-mhev-at-aj-na-splatky-protiucet_1_small.webp"},{"id":4135,"max":"https:\/\/cdn.assetlog.ai\/assets\/141\/mercedes-benz-e-trieda-sedan-300-mhev-at-aj-na-splatky-protiucet_2_max.webp","medium":"https:\/\/cdn.assetlog.ai\/assets\/141\/mercedes-benz-e-trieda-sedan-300-mhev-at-aj-na-splatky-protiucet_2_medium.webp","small":"https:\/\/cdn.assetlog.ai\/assets\/141\/mercedes-benz-e-trieda-sedan-300-mhev-at-aj-na-splatky-protiucet_2_small.webp"},{"id":4136,"max":"https:\/\/cdn.assetlog.ai\/assets\/141\/mercedes-benz-e-trieda-sedan-300-mhev-at-aj-na-splatky-protiucet_3_max.webp","medium":"https:\/\/cdn.assetlog.ai\/assets\/141\/mercedes-benz-e-trieda-sedan-300-mhev-at-aj-na-splatky-protiucet_3_medium.webp","small":"https:\/\/cdn.assetlog.ai\/assets\/141\/mercedes-benz-e-trieda-sedan-300-mhev-at-aj-na-splatky-protiucet_3_small.webp"},{"id":4137,"max":"https:\/\/cdn.assetlog.ai\/assets\/141\/mercedes-benz-e-trieda-sedan-300-mhev-at-aj-na-splatky-protiucet_4_max.webp","medium":"https:\/\/cdn.assetlog.ai\/assets\/141\/mercedes-benz-e-trieda-sedan-300-mhev-at-aj-na-splatky-protiucet_4_medium.webp","small":"https:\/\/cdn.assetlog.ai\/assets\/141\/mercedes-benz-e-trieda-sedan-300-mhev-at-aj-na-splatky-protiucet_4_small.webp"},{"id":4138,"max":"https:\/\/cdn.assetlog.ai\/assets\/141\/mercedes-benz-e-trieda-sedan-300-mhev-at-aj-na-splatky-protiucet_5_max.webp","medium":"https:\/\/cdn.assetlog.ai\/assets\/141\/mercedes-benz-e-trieda-sedan-300-mhev-at-aj-na-splatky-protiucet_5_medium.webp","small":"https:\/\/cdn.assetlog.ai\/assets\/141\/mercedes-benz-e-trieda-sedan-300-mhev-at-aj-na-splatky-protiucet_5_small.webp"},{"id":4139,"max":"https:\/\/cdn.assetlog.ai\/assets\/141\/mercedes-benz-e-trieda-sedan-300-mhev-at-aj-na-splatky-protiucet_6_max.webp","medium":"https:\/\/cdn.assetlog.ai\/assets\/141\/mercedes-benz-e-trieda-sedan-300-mhev-at-aj-na-splatky-protiucet_6_medium.webp","small":"https:\/\/cdn.assetlog.ai\/assets\/141\/mercedes-benz-e-trieda-sedan-300-mhev-at-aj-na-splatky-protiucet_6_small.webp"},{"id":4140,"max":"https:\/\/cdn.assetlog.ai\/assets\/141\/mercedes-benz-e-trieda-sedan-300-mhev-at-aj-na-splatky-protiucet_7_max.webp","medium":"https:\/\/cdn.assetlog.ai\/assets\/141\/mercedes-benz-e-trieda-sedan-300-mhev-at-aj-na-splatky-protiucet_7_medium.webp","small":"https:\/\/cdn.assetlog.ai\/assets\/141\/mercedes-benz-e-trieda-sedan-300-mhev-at-aj-na-splatky-protiucet_7_small.webp"},{"id":4141,"max":"https:\/\/cdn.assetlog.ai\/assets\/141\/mercedes-benz-e-trieda-sedan-300-mhev-at-aj-na-splatky-protiucet_8_max.webp","medium":"https:\/\/cdn.assetlog.ai\/assets\/141\/mercedes-benz-e-trieda-sedan-300-mhev-at-aj-na-splatky-protiucet_8_medium.webp","small":"https:\/\/cdn.assetlog.ai\/assets\/141\/mercedes-benz-e-trieda-sedan-300-mhev-at-aj-na-splatky-protiucet_8_small.webp"},{"id":4142,"max":"https:\/\/cdn.assetlog.ai\/assets\/141\/mercedes-benz-e-trieda-sedan-300-mhev-at-aj-na-splatky-protiucet_9_max.webp","medium":"https:\/\/cdn.assetlog.ai\/assets\/141\/mercedes-benz-e-trieda-sedan-300-mhev-at-aj-na-splatky-protiucet_9_medium.webp","small":"https:\/\/cdn.assetlog.ai\/assets\/141\/mercedes-benz-e-trieda-sedan-300-mhev-at-aj-na-splatky-protiucet_9_small.webp"},{"id":4143,"max":"https:\/\/cdn.assetlog.ai\/assets\/141\/mercedes-benz-e-trieda-sedan-300-mhev-at-aj-na-splatky-protiucet_10_max.webp","medium":"https:\/\/cdn.assetlog.ai\/assets\/141\/mercedes-benz-e-trieda-sedan-300-mhev-at-aj-na-splatky-protiucet_10_medium.webp","small":"https:\/\/cdn.assetlog.ai\/assets\/141\/mercedes-benz-e-trieda-sedan-300-mhev-at-aj-na-splatky-protiucet_10_small.webp"},{"id":4144,"max":"https:\/\/cdn.assetlog.ai\/assets\/141\/mercedes-benz-e-trieda-sedan-300-mhev-at-aj-na-splatky-protiucet_11_max.webp","medium":"https:\/\/cdn.assetlog.ai\/assets\/141\/mercedes-benz-e-trieda-sedan-300-mhev-at-aj-na-splatky-protiucet_11_medium.webp","small":"https:\/\/cdn.assetlog.ai\/assets\/141\/mercedes-benz-e-trieda-sedan-300-mhev-at-aj-na-splatky-protiucet_11_small.webp"},{"id":4145,"max":"https:\/\/cdn.assetlog.ai\/assets\/141\/mercedes-benz-e-trieda-sedan-300-mhev-at-aj-na-splatky-protiucet_12_max.webp","medium":"https:\/\/cdn.assetlog.ai\/assets\/141\/mercedes-benz-e-trieda-sedan-300-mhev-at-aj-na-splatky-protiucet_12_medium.webp","small":"https:\/\/cdn.assetlog.ai\/assets\/141\/mercedes-benz-e-trieda-sedan-300-mhev-at-aj-na-splatky-protiucet_12_small.webp"},{"id":4146,"max":"https:\/\/cdn.assetlog.ai\/assets\/141\/mercedes-benz-e-trieda-sedan-300-mhev-at-aj-na-splatky-protiucet_13_max.webp","medium":"https:\/\/cdn.assetlog.ai\/assets\/141\/mercedes-benz-e-trieda-sedan-300-mhev-at-aj-na-splatky-protiucet_13_medium.webp","small":"https:\/\/cdn.assetlog.ai\/assets\/141\/mercedes-benz-e-trieda-sedan-300-mhev-at-aj-na-splatky-protiucet_13_small.webp"},{"id":4147,"max":"https:\/\/cdn.assetlog.ai\/assets\/141\/mercedes-benz-e-trieda-sedan-300-mhev-at-aj-na-splatky-protiucet_14_max.webp","medium":"https:\/\/cdn.assetlog.ai\/assets\/141\/mercedes-benz-e-trieda-sedan-300-mhev-at-aj-na-splatky-protiucet_14_medium.webp","small":"https:\/\/cdn.assetlog.ai\/assets\/141\/mercedes-benz-e-trieda-sedan-300-mhev-at-aj-na-splatky-protiucet_14_small.webp"},{"id":4148,"max":"https:\/\/cdn.assetlog.ai\/assets\/141\/mercedes-benz-e-trieda-sedan-300-mhev-at-aj-na-splatky-protiucet_15_max.webp","medium":"https:\/\/cdn.assetlog.ai\/assets\/141\/mercedes-benz-e-trieda-sedan-300-mhev-at-aj-na-splatky-protiucet_15_medium.webp","small":"https:\/\/cdn.assetlog.ai\/assets\/141\/mercedes-benz-e-trieda-sedan-300-mhev-at-aj-na-splatky-protiucet_15_small.webp"},{"id":4149,"max":"https:\/\/cdn.assetlog.ai\/assets\/141\/mercedes-benz-e-trieda-sedan-300-mhev-at-aj-na-splatky-protiucet_16_max.webp","medium":"https:\/\/cdn.assetlog.ai\/assets\/141\/mercedes-benz-e-trieda-sedan-300-mhev-at-aj-na-splatky-protiucet_16_medium.webp","small":"https:\/\/cdn.assetlog.ai\/assets\/141\/mercedes-benz-e-trieda-sedan-300-mhev-at-aj-na-splatky-protiucet_16_small.webp"},{"id":4150,"max":"https:\/\/cdn.assetlog.ai\/assets\/141\/mercedes-benz-e-trieda-sedan-300-mhev-at-aj-na-splatky-protiucet_17_max.webp","medium":"https:\/\/cdn.assetlog.ai\/assets\/141\/mercedes-benz-e-trieda-sedan-300-mhev-at-aj-na-splatky-protiucet_17_medium.webp","small":"https:\/\/cdn.assetlog.ai\/assets\/141\/mercedes-benz-e-trieda-sedan-300-mhev-at-aj-na-splatky-protiucet_17_small.webp"},{"id":4151,"max":"https:\/\/cdn.assetlog.ai\/assets\/141\/mercedes-benz-e-trieda-sedan-300-mhev-at-aj-na-splatky-protiucet_18_max.webp","medium":"https:\/\/cdn.assetlog.ai\/assets\/141\/mercedes-benz-e-trieda-sedan-300-mhev-at-aj-na-splatky-protiucet_18_medium.webp","small":"https:\/\/cdn.assetlog.ai\/assets\/141\/mercedes-benz-e-trieda-sedan-300-mhev-at-aj-na-splatky-protiucet_18_small.webp"},{"id":4152,"max":"https:\/\/cdn.assetlog.ai\/assets\/141\/mercedes-benz-e-trieda-sedan-300-mhev-at-aj-na-splatky-protiucet_19_max.webp","medium":"https:\/\/cdn.assetlog.ai\/assets\/141\/mercedes-benz-e-trieda-sedan-300-mhev-at-aj-na-splatky-protiucet_19_medium.webp","small":"https:\/\/cdn.assetlog.ai\/assets\/141\/mercedes-benz-e-trieda-sedan-300-mhev-at-aj-na-splatky-protiucet_19_small.webp"},{"id":4153,"max":"https:\/\/cdn.assetlog.ai\/assets\/141\/mercedes-benz-e-trieda-sedan-300-mhev-at-aj-na-splatky-protiucet_20_max.webp","medium":"https:\/\/cdn.assetlog.ai\/assets\/141\/mercedes-benz-e-trieda-sedan-300-mhev-at-aj-na-splatky-protiucet_20_medium.webp","small":"https:\/\/cdn.assetlog.ai\/assets\/141\/mercedes-benz-e-trieda-sedan-300-mhev-at-aj-na-splatky-protiucet_20_small.webp"},{"id":4154,"max":"https:\/\/cdn.assetlog.ai\/assets\/141\/mercedes-benz-e-trieda-sedan-300-mhev-at-aj-na-splatky-protiucet_21_max.webp","medium":"https:\/\/cdn.assetlog.ai\/assets\/141\/mercedes-benz-e-trieda-sedan-300-mhev-at-aj-na-splatky-protiucet_21_medium.webp","small":"https:\/\/cdn.assetlog.ai\/assets\/141\/mercedes-benz-e-trieda-sedan-300-mhev-at-aj-na-splatky-protiucet_21_small.webp"},{"id":4155,"max":"https:\/\/cdn.assetlog.ai\/assets\/141\/mercedes-benz-e-trieda-sedan-300-mhev-at-aj-na-splatky-protiucet_22_max.webp","medium":"https:\/\/cdn.assetlog.ai\/assets\/141\/mercedes-benz-e-trieda-sedan-300-mhev-at-aj-na-splatky-protiucet_22_medium.webp","small":"https:\/\/cdn.assetlog.ai\/assets\/141\/mercedes-benz-e-trieda-sedan-300-mhev-at-aj-na-splatky-protiucet_22_small.webp"},{"id":4156,"max":"https:\/\/cdn.assetlog.ai\/assets\/141\/mercedes-benz-e-trieda-sedan-300-mhev-at-aj-na-splatky-protiucet_23_max.webp","medium":"https:\/\/cdn.assetlog.ai\/assets\/141\/mercedes-benz-e-trieda-sedan-300-mhev-at-aj-na-splatky-protiucet_23_medium.webp","small":"https:\/\/cdn.assetlog.ai\/assets\/141\/mercedes-benz-e-trieda-sedan-300-mhev-at-aj-na-splatky-protiucet_23_small.webp"},{"id":4157,"max":"https:\/\/cdn.assetlog.ai\/assets\/141\/mercedes-benz-e-trieda-sedan-300-mhev-at-aj-na-splatky-protiucet_24_max.webp","medium":"https:\/\/cdn.assetlog.ai\/assets\/141\/mercedes-benz-e-trieda-sedan-300-mhev-at-aj-na-splatky-protiucet_24_medium.webp","small":"https:\/\/cdn.assetlog.ai\/assets\/141\/mercedes-benz-e-trieda-sedan-300-mhev-at-aj-na-splatky-protiucet_24_small.webp"},{"id":4158,"max":"https:\/\/cdn.assetlog.ai\/assets\/141\/mercedes-benz-e-trieda-sedan-300-mhev-at-aj-na-splatky-protiucet_25_max.webp","medium":"https:\/\/cdn.assetlog.ai\/assets\/141\/mercedes-benz-e-trieda-sedan-300-mhev-at-aj-na-splatky-protiucet_25_medium.webp","small":"https:\/\/cdn.assetlog.ai\/assets\/141\/mercedes-benz-e-trieda-sedan-300-mhev-at-aj-na-splatky-protiucet_25_small.webp"},{"id":4159,"max":"https:\/\/cdn.assetlog.ai\/assets\/141\/mercedes-benz-e-trieda-sedan-300-mhev-at-aj-na-splatky-protiucet_26_max.webp","medium":"https:\/\/cdn.assetlog.ai\/assets\/141\/mercedes-benz-e-trieda-sedan-300-mhev-at-aj-na-splatky-protiucet_26_medium.webp","small":"https:\/\/cdn.assetlog.ai\/assets\/141\/mercedes-benz-e-trieda-sedan-300-mhev-at-aj-na-splatky-protiucet_26_small.webp"},{"id":4160,"max":"https:\/\/cdn.assetlog.ai\/assets\/141\/mercedes-benz-e-trieda-sedan-300-mhev-at-aj-na-splatky-protiucet_27_max.webp","medium":"https:\/\/cdn.assetlog.ai\/assets\/141\/mercedes-benz-e-trieda-sedan-300-mhev-at-aj-na-splatky-protiucet_27_medium.webp","small":"https:\/\/cdn.assetlog.ai\/assets\/141\/mercedes-benz-e-trieda-sedan-300-mhev-at-aj-na-splatky-protiucet_27_small.webp"},{"id":4161,"max":"https:\/\/cdn.assetlog.ai\/assets\/141\/mercedes-benz-e-trieda-sedan-300-mhev-at-aj-na-splatky-protiucet_28_max.webp","medium":"https:\/\/cdn.assetlog.ai\/assets\/141\/mercedes-benz-e-trieda-sedan-300-mhev-at-aj-na-splatky-protiucet_28_medium.webp","small":"https:\/\/cdn.assetlog.ai\/assets\/141\/mercedes-benz-e-trieda-sedan-300-mhev-at-aj-na-splatky-protiucet_28_small.webp"},{"id":4162,"max":"https:\/\/cdn.assetlog.ai\/assets\/141\/mercedes-benz-e-trieda-sedan-300-mhev-at-aj-na-splatky-protiucet_29_max.webp","medium":"https:\/\/cdn.assetlog.ai\/assets\/141\/mercedes-benz-e-trieda-sedan-300-mhev-at-aj-na-splatky-protiucet_29_medium.webp","small":"https:\/\/cdn.assetlog.ai\/assets\/141\/mercedes-benz-e-trieda-sedan-300-mhev-at-aj-na-splatky-protiucet_29_small.webp"},{"id":4163,"max":"https:\/\/cdn.assetlog.ai\/assets\/141\/mercedes-benz-e-trieda-sedan-300-mhev-at-aj-na-splatky-protiucet_30_max.webp","medium":"https:\/\/cdn.assetlog.ai\/assets\/141\/mercedes-benz-e-trieda-sedan-300-mhev-at-aj-na-splatky-protiucet_30_medium.webp","small":"https:\/\/cdn.assetlog.ai\/assets\/141\/mercedes-benz-e-trieda-sedan-300-mhev-at-aj-na-splatky-protiucet_30_small.webp"},{"id":4164,"max":"https:\/\/cdn.assetlog.ai\/assets\/141\/mercedes-benz-e-trieda-sedan-300-mhev-at-aj-na-splatky-protiucet_31_max.webp","medium":"https:\/\/cdn.assetlog.ai\/assets\/141\/mercedes-benz-e-trieda-sedan-300-mhev-at-aj-na-splatky-protiucet_31_medium.webp","small":"https:\/\/cdn.assetlog.ai\/assets\/141\/mercedes-benz-e-trieda-sedan-300-mhev-at-aj-na-splatky-protiucet_31_small.webp"},{"id":4165,"max":"https:\/\/cdn.assetlog.ai\/assets\/141\/mercedes-benz-e-trieda-sedan-300-mhev-at-aj-na-splatky-protiucet_32_max.webp","medium":"https:\/\/cdn.assetlog.ai\/assets\/141\/mercedes-benz-e-trieda-sedan-300-mhev-at-aj-na-splatky-protiucet_32_medium.webp","small":"https:\/\/cdn.assetlog.ai\/assets\/141\/mercedes-benz-e-trieda-sedan-300-mhev-at-aj-na-splatky-protiucet_32_small.webp"},{"id":4166,"max":"https:\/\/cdn.assetlog.ai\/assets\/141\/mercedes-benz-e-trieda-sedan-300-mhev-at-aj-na-splatky-protiucet_33_max.webp","medium":"https:\/\/cdn.assetlog.ai\/assets\/141\/mercedes-benz-e-trieda-sedan-300-mhev-at-aj-na-splatky-protiucet_33_medium.webp","small":"https:\/\/cdn.assetlog.ai\/assets\/141\/mercedes-benz-e-trieda-sedan-300-mhev-at-aj-na-splatky-protiucet_33_small.webp"},{"id":4167,"max":"https:\/\/cdn.assetlog.ai\/assets\/141\/mercedes-benz-e-trieda-sedan-300-mhev-at-aj-na-splatky-protiucet_34_max.webp","medium":"https:\/\/cdn.assetlog.ai\/assets\/141\/mercedes-benz-e-trieda-sedan-300-mhev-at-aj-na-splatky-protiucet_34_medium.webp","small":"https:\/\/cdn.assetlog.ai\/assets\/141\/mercedes-benz-e-trieda-sedan-300-mhev-at-aj-na-splatky-protiucet_34_small.webp"},{"id":4168,"max":"https:\/\/cdn.assetlog.ai\/assets\/141\/mercedes-benz-e-trieda-sedan-300-mhev-at-aj-na-splatky-protiucet_35_max.webp","medium":"https:\/\/cdn.assetlog.ai\/assets\/141\/mercedes-benz-e-trieda-sedan-300-mhev-at-aj-na-splatky-protiucet_35_medium.webp","small":"https:\/\/cdn.assetlog.ai\/assets\/141\/mercedes-benz-e-trieda-sedan-300-mhev-at-aj-na-splatky-protiucet_35_small.webp"},{"id":4169,"max":"https:\/\/cdn.assetlog.ai\/assets\/141\/mercedes-benz-e-trieda-sedan-300-mhev-at-aj-na-splatky-protiucet_36_max.webp","medium":"https:\/\/cdn.assetlog.ai\/assets\/141\/mercedes-benz-e-trieda-sedan-300-mhev-at-aj-na-splatky-protiucet_36_medium.webp","small":"https:\/\/cdn.assetlog.ai\/assets\/141\/mercedes-benz-e-trieda-sedan-300-mhev-at-aj-na-splatky-protiucet_36_small.webp"},{"id":4170,"max":"https:\/\/cdn.assetlog.ai\/assets\/141\/mercedes-benz-e-trieda-sedan-300-mhev-at-aj-na-splatky-protiucet_37_max.webp","medium":"https:\/\/cdn.assetlog.ai\/assets\/141\/mercedes-benz-e-trieda-sedan-300-mhev-at-aj-na-splatky-protiucet_37_medium.webp","small":"https:\/\/cdn.assetlog.ai\/assets\/141\/mercedes-benz-e-trieda-sedan-300-mhev-at-aj-na-splatky-protiucet_37_small.webp"},{"id":4171,"max":"https:\/\/cdn.assetlog.ai\/assets\/141\/mercedes-benz-e-trieda-sedan-300-mhev-at-aj-na-splatky-protiucet_38_max.webp","medium":"https:\/\/cdn.assetlog.ai\/assets\/141\/mercedes-benz-e-trieda-sedan-300-mhev-at-aj-na-splatky-protiucet_38_medium.webp","small":"https:\/\/cdn.assetlog.ai\/assets\/141\/mercedes-benz-e-trieda-sedan-300-mhev-at-aj-na-splatky-protiucet_38_small.webp"},{"id":4172,"max":"https:\/\/cdn.assetlog.ai\/assets\/141\/mercedes-benz-e-trieda-sedan-300-mhev-at-aj-na-splatky-protiucet_39_max.webp","medium":"https:\/\/cdn.assetlog.ai\/assets\/141\/mercedes-benz-e-trieda-sedan-300-mhev-at-aj-na-splatky-protiucet_39_medium.webp","small":"https:\/\/cdn.assetlog.ai\/assets\/141\/mercedes-benz-e-trieda-sedan-300-mhev-at-aj-na-splatky-protiucet_39_small.webp"},{"id":4173,"max":"https:\/\/cdn.assetlog.ai\/assets\/141\/mercedes-benz-e-trieda-sedan-300-mhev-at-aj-na-splatky-protiucet_40_max.webp","medium":"https:\/\/cdn.assetlog.ai\/assets\/141\/mercedes-benz-e-trieda-sedan-300-mhev-at-aj-na-splatky-protiucet_40_medium.webp","small":"https:\/\/cdn.assetlog.ai\/assets\/141\/mercedes-benz-e-trieda-sedan-300-mhev-at-aj-na-splatky-protiucet_40_small.webp"}],"published_at":null,"expires_at":null,"created_at":"2026-06-07T14:20:23+00:00","updated_at":"2026-09-01T03:42:20+00:00"}}