{"data":{"id":142918,"slug":"mercedes-benz-e-trieda-sedan-e53-amg-4matic-320kw-a9-zaruka-aj-na-splatky-protiucet","type":"vehicle","title":"Mercedes-Benz E Class Sedan E53 AMG 4MATIC+ \/ 320kW \/ A9 \/ WARRANTY \/ ENGLISH AVAILABLE \/ INSTALLMENTS \/ TRADE-IN","description":"The propulsion is handled by a powerful six-cylinder gasoline engine, which in combination with the AMG automatic transmission and intelligent 4MATIC+ all-wheel drive offers impressive dynamics, instantaneous response and excellent traction. At the same time, the vehicle provides comfortable driving both for everyday use and on longer journeys.\n\nService at 130,000 km:\n\nTransmission oil change\nDistribution transmission oil change\nDifferential oil change\n\nAdditional information:\n\nComplete service history\nElectronic service booklet\nPurchased in Slovakia\nMatte paint\n2 vehicle keys\nSecond set of wheels with winter tires\n\nThe Mercedes-Benz E 53 AMG 4MATIC+ is a sportily designed premium wagon that combines elegant design, luxurious interior and exceptional driving characteristics. The distinctive AMG appearance, matte paint and 4MATIC+ all-wheel drive give the vehicle a pronounced sporty character while maintaining a high level of comfort and practicality.\n\nWe offer favorable financing in monthly installments, so you can enjoy your new vehicle right away without waiting with 0% down payment and installments up to 96 months.\n\nThe vehicle has passed insurance records verification, execution check, paint thickness measurement and document verification. Physically inspected, also through the vehicle operating records registry.\n\nFor your greater convenience and peace of mind, we can provide you with an extended warranty for up to 12-36 months.\n\nIf you already own a vehicle, you don't have to worry about selling it - in return we will take it directly from you. Just come to us with it, we will appraise it and deduct the value from your new vehicle. This way you save time, worry and money and the whole process will be quick and easy - you drive away in your new vehicle without unnecessary paperwork.\n\nTHE VEHICLE IS LOCATED IN Poprad.\nMore information will be provided to you with pleasure by phone number +421 904 607 647 Registration number: AA687EE. MOT valid until: 2027-04-17. STK valid until: 2027-04-17.\n\nTechnical specifications\n\nFirst registration: 11\/18, 2999 cm\u00b3, 320kW (435 PS), Vehicle generation: , Drive: 4\u00d74, Automatic transmission (9 speed), Gasoline, EURO 6, 4-door, (5-seater), 140,927 km, Gray metallic, VIN WDD2130611A584249\n\nFuel consumption (l\/100km)\n\nCity: 11.5, Highway: 7.1, Combined: 8.7\n\nLeasing possible, Like new purchased in Slovakia, Loan possible, Complete service history","language":"cs","is_translated":true,"title_original":"Mercedes-Benz E trieda Sedan E53 AMG 4MATIC+ \/ 320kW \/ A9 \/ Z\u00c1RUKA \/ AJ NA SPL\u00c1TKY \/ PROTI\u00da\u010cET","description_original":"O pohon se star\u00e1 v\u00fdkonn\u00fd \u0161estiv\u00e1lcov\u00fd benz\u00ednov\u00fd motor, kter\u00fd v kombinaci s automatickou p\u0159evodovkou AMG a inteligentn\u00edm pohonem 4MATIC+ nab\u00edz\u00ed p\u016fsobivou dynamiku, okam\u017eit\u00e9 reakce a vynikaj\u00edc\u00ed trakci. V\u016fz z\u00e1rove\u0148 poskytuje pohodlnou j\u00edzdu jak p\u0159i ka\u017edodenn\u00edm pou\u017e\u00edv\u00e1n\u00ed, tak i na del\u0161\u00edch cest\u00e1ch.\n\nServis p\u0159i 130 000 km:\n\nV\u00fdm\u011bna oleje v p\u0159evodovce\nV\u00fdm\u011bna oleje v rozd\u011blovac\u00ed p\u0159evodovce\nV\u00fdm\u011bna oleje v diferenci\u00e1lech\n\nDal\u0161\u00ed informace:\n\nKompletn\u00ed servisn\u00ed historie\nElektronick\u00e1 servisn\u00ed kn\u00ed\u017eka\nZakoupeno na Slovensku\nMatn\u00fd lak\n2 kl\u00ed\u010de od vozidla\nDruh\u00e1 sada kol se zimn\u00edmi pneumatikami\n\nMercedes-Benz E 53 AMG 4MATIC+ je sportovn\u011b lad\u011bn\u00e9 pr\u00e9miov\u00e9 kombi, kter\u00e9 spojuje elegantn\u00ed design, luxusn\u00ed interi\u00e9r a v\u00fdjime\u010dn\u00e9 j\u00edzdn\u00ed vlastnosti. Charakteristick\u00fd vzhled AMG, matn\u00fd lak a pohon v\u0161ech kol 4MATIC+ dod\u00e1vaj\u00ed vozu v\u00fdrazn\u00fd sportovn\u00ed charakter, p\u0159i\u010dem\u017e si zachov\u00e1v\u00e1 vysokou \u00farove\u0148 komfortu i prakti\u010dnosti.\n\nNab\u00edz\u00edme v\u00fdhodn\u00e9 financov\u00e1n\u00ed na m\u011bs\u00ed\u010dn\u00ed spl\u00e1tky, tak\u017ee si sv\u016fj nov\u00fd v\u016fz m\u016f\u017eete u\u017e\u00edvat hned a bez \u010dek\u00e1n\u00ed s akontac\u00ed 0 % a spl\u00e1tkami a\u017e na 96 m\u011bs\u00edc\u016f.\n\nVozidlo pro\u0161lo kontrolou z\u00e1znam\u016f o poji\u0161t\u011bn\u00ed, exekuc\u00ed, m\u011b\u0159en\u00edm laku a kontrolou doklad\u016f. Zkontrolov\u00e1no fyzicky, tak\u00e9 prost\u0159ednictv\u00edm registru provozn\u00edch z\u00e1znam\u016f vozidla.\n\nPro va\u0161e v\u011bt\u0161\u00ed pohodl\u00ed a jistotu v\u00e1m m\u016f\u017eeme poskytnout prodlou\u017eenou z\u00e1ruku a\u017e na 12-36 m\u011bs\u00edc\u016f.\n\nPokud ji\u017e v\u016fz vlastn\u00edte, nemus\u00edte se zab\u00fdvat jeho prodejem - na opl\u00e1tku si ho od v\u00e1s p\u0159\u00edmo vezmeme. Sta\u010d\u00ed, kdy\u017e k n\u00e1m s n\u00edm p\u0159ijdete, my ho ocen\u00edme a n\u00e1klady ode\u010dteme od hodnoty va\u0161eho nov\u00e9ho vozu. U\u0161et\u0159\u00edte tak \u010das, starosti i pen\u00edze a cel\u00fd proces bude rychl\u00fd a snadn\u00fd - odjedete rovnou ve sv\u00e9m nov\u00e9m voze bez zbyte\u010dn\u00e9ho pap\u00edrov\u00e1n\u00ed.\n\nVOZIDLO SE NACH\u00c1Z\u00cd V Poprade.\nViac inform\u00e1ci\u00ed V\u00e1m ve\u013emi r\u00e1d poskytnem na tel. \u010d\u00edsle +421 904 607 647 E\u010cV: AA687EE. EK platn\u00e1 do: 2027-04-17. STK platn\u00e1 do: 2027-04-17.\n\nTechnick\u00e9 \u00fadaje\n\nv.v.: 11\/18, 2999cm\u00b3, 320kW (435PS), Generace vozidla: , Pohon: 4\u00d74, Automatick\u00e1 p\u0159evodovka (9 st.), Benz\u00edn, EURO 6, 4 dv., (5-m\u00edstn\u00fd), 140 927km, \u0160ed\u00e1 metal\u00edza, VIN WDD2130611A584249\n\nSpot\u0159eba vozidla (l\/100km)\n\nVe m\u011bst\u011b: 11.5, mimo m\u011bsto: 7.1, kombinovan\u00e1: 8.7\n\nMo\u017en\u00fd leasing, Jako nov\u00e9 koupen\u00e9 v SR, Mo\u017en\u00fd \u00fav\u011br, \u00dapln\u00e1 servisn\u00ed historie","price":"1017012.00","currency":"CZK","status":"active","noindex":true,"location":{"address":null,"full_address":null,"city":"Poprad","country":"SK","latitude":49.0541521,"longitude":20.2976401},"metadata":{"vin":"WDD2130611A584249","fuel":"petrol","year":2018,"brand":"Mercedes-Benz","color":"Grey","doors":4,"drive":"AWD \/ 4x4","model":"E trieda","seats":5,"region":"Pre\u0161ovsk\u00fd kraj","mileage":140927,"emisions":"Euro 6","features":["Alarm","EBD\/EBV","ABS","ESP","Brzdov\u00fd asistent (EBA, BAS)","ISOFIX na zadn\u00edch sedadlech","Deaktivace airbagu spolujezdce","Nat\u00e1\u010dec\u00ed sv\u011btlomety","Senzor tlaku","Syst\u00e9m rozpozn\u00e1v\u00e1n\u00ed dopravn\u00edch zna\u010dek","Sledov\u00e1n\u00ed \u00fanavy \u0159idi\u010de","T\u00eds\u0148ov\u00e9 vol\u00e1n\u00ed","360\u00b0 monitorovac\u00ed syst\u00e9m (AVM)","Asistent d\u00e1lkov\u00fdch sv\u011btel (HBA)","Centr\u00e1ln\u00ed zamyk\u00e1n\u00ed","Zadn\u00ed el. stahovateln\u00e1 okna","El. nastaviteln\u00e1 p\u0159edn\u00ed sedadla","Elektricky nastaviteln\u00e1 zp\u011btn\u00e1 zrc\u00e1tka","Centr\u00e1ln\u00ed zamyk\u00e1n\u00ed na d\u00e1lkov\u00e9 ovl\u00e1d\u00e1n\u00ed","Autor\u00e1dio","Multifunk\u010dn\u00ed volant","Loketn\u00ed op\u011brka vp\u0159edu","Head-up display","Start\/Stop syst\u00e9m","Vzduchov\u00e9 odpru\u017een\u00ed","Klimatizovan\u00e1 p\u0159ihr\u00e1dka","Automatick\u00e1 3-z\u00f3nov\u00e1 klimatizace","Apple Car Play","Android Auto","Welcome light","Digit\u00e1ln\u00ed p\u0159\u00edstrojov\u00e1 deska","P\u00e1dla pod volantem","Bezdr\u00e1tov\u00e1 nab\u00edje\u010dka mobiln\u00edch telefon\u016f","Lit\u00e1 kola","Palubn\u00ed po\u010d\u00edta\u010d","Navigace","Automatick\u00e9 parkov\u00e1n\u00ed","Ko\u017een\u00fd interi\u00e9r","Vyh\u0159\u00edvan\u00e1 sedadla","Elektricky vyh\u0159\u00edvan\u00e1 zp\u011btn\u00e1 zrc\u00e1tka","Senzor st\u011bra\u010d\u016f","Sv\u011bteln\u00fd senzor","Zimn\u00ed sada kol","Parkovac\u00ed kamera","P\u0159edn\u00ed a zadn\u00ed parkovac\u00ed senzory","Adaptivn\u00ed tempomat","Bezkl\u00ed\u010dov\u00fd vstup","El. ovl\u00e1dan\u00fd kufr","Elektrick\u00e9 dov\u00edr\u00e1n\u00ed zavazadlov\u00e9ho prostoru","Mas\u00e1\u017en\u00ed sedadlo \u0159idi\u010de","Panoramatick\u00e1 st\u0159echa","Bluetooth","Denn\u00ed sv\u00edcen\u00ed","LED sv\u011btlomety","Pam\u011b\u0165 nastaven\u00ed sedadla \u0159idi\u010de","Ambientn\u00ed LED osv\u011btlen\u00ed interi\u00e9ru","Mo\u017en\u00fd leasing","Ako nov\u00e9 k\u00fapen\u00e9 v SR","Mo\u017en\u00fd \u00faver","\u00dapln\u00e1 servisn\u00e1 hist\u00f3ria","Adaptivn\u00ed podvozek","Ko\u017een\u00fd paket","Odo-pass","Asistent udr\u017eov\u00e1n\u00ed v j\u00edzdn\u00edm pruhu","Asistent rozjezdu do kopce","Hl\u00edd\u00e1n\u00ed mrtv\u00e9ho \u00fahlu"],"power_kw":320,"body_type":"Sedan","condition":"Used","transmission":"automatic","vat_deductible":false,"consumption_city":11.5,"translation_hash":"c2a13ddf784684c16168053d69c25a43be182d55","vehicle_category":"car","engine_volume_cm3":2999,"first_registration":"2018-11-01","translation_status":"done","consumption_highway":7.1,"consumption_combined":8.7},"user_id":70,"is_sponsored":false,"views_count":11,"ai_views_count":12,"ai_vendor_counts":{"meta":6,"other":2,"openai":3,"anthropic":1},"visibility":"public","submission_source":null,"submission_ai_name":null,"has_owner_email":true,"can_contact_owner":true,"phone":"0904 607 647","owner_email":"zustiak@autorro.sk","user":{"id":70,"slug":"lubomir-zustiak-70","name":"\u013dubom\u00edr Zu\u0161tiak","bio":"Makl\u00e9r. P\u016fsob\u00edm v Poprade a okol\u00ed.\n\nP\u016fsobnost: Poprad","nationality":null,"languages":[],"service_areas":[],"card_style":null,"card_palette":null,"avatar_url":"https:\/\/cdn.assetlog.ai\/avatars\/70\/avatar_max.webp?v=1786535213","avatar_thumb_url":"https:\/\/cdn.assetlog.ai\/avatars\/70\/avatar_small.webp?v=1786535213","reviews_count":0,"avg_rating":null,"seller_badge":"silver","can_calendar":true},"images":[{"id":113128,"max":"https:\/\/cdn.assetlog.ai\/assets\/142918\/mercedes-benz-e-trieda-sedan-e53-amg-4matic-320kw-a9-zaruka-aj-na-splatky-protiucet_1_max.webp","medium":"https:\/\/cdn.assetlog.ai\/assets\/142918\/mercedes-benz-e-trieda-sedan-e53-amg-4matic-320kw-a9-zaruka-aj-na-splatky-protiucet_1_medium.webp","small":"https:\/\/cdn.assetlog.ai\/assets\/142918\/mercedes-benz-e-trieda-sedan-e53-amg-4matic-320kw-a9-zaruka-aj-na-splatky-protiucet_1_small.webp"},{"id":113129,"max":"https:\/\/cdn.assetlog.ai\/assets\/142918\/mercedes-benz-e-trieda-sedan-e53-amg-4matic-320kw-a9-zaruka-aj-na-splatky-protiucet_2_max.webp","medium":"https:\/\/cdn.assetlog.ai\/assets\/142918\/mercedes-benz-e-trieda-sedan-e53-amg-4matic-320kw-a9-zaruka-aj-na-splatky-protiucet_2_medium.webp","small":"https:\/\/cdn.assetlog.ai\/assets\/142918\/mercedes-benz-e-trieda-sedan-e53-amg-4matic-320kw-a9-zaruka-aj-na-splatky-protiucet_2_small.webp"},{"id":113130,"max":"https:\/\/cdn.assetlog.ai\/assets\/142918\/mercedes-benz-e-trieda-sedan-e53-amg-4matic-320kw-a9-zaruka-aj-na-splatky-protiucet_3_max.webp","medium":"https:\/\/cdn.assetlog.ai\/assets\/142918\/mercedes-benz-e-trieda-sedan-e53-amg-4matic-320kw-a9-zaruka-aj-na-splatky-protiucet_3_medium.webp","small":"https:\/\/cdn.assetlog.ai\/assets\/142918\/mercedes-benz-e-trieda-sedan-e53-amg-4matic-320kw-a9-zaruka-aj-na-splatky-protiucet_3_small.webp"},{"id":113131,"max":"https:\/\/cdn.assetlog.ai\/assets\/142918\/mercedes-benz-e-trieda-sedan-e53-amg-4matic-320kw-a9-zaruka-aj-na-splatky-protiucet_4_max.webp","medium":"https:\/\/cdn.assetlog.ai\/assets\/142918\/mercedes-benz-e-trieda-sedan-e53-amg-4matic-320kw-a9-zaruka-aj-na-splatky-protiucet_4_medium.webp","small":"https:\/\/cdn.assetlog.ai\/assets\/142918\/mercedes-benz-e-trieda-sedan-e53-amg-4matic-320kw-a9-zaruka-aj-na-splatky-protiucet_4_small.webp"},{"id":113132,"max":"https:\/\/cdn.assetlog.ai\/assets\/142918\/mercedes-benz-e-trieda-sedan-e53-amg-4matic-320kw-a9-zaruka-aj-na-splatky-protiucet_5_max.webp","medium":"https:\/\/cdn.assetlog.ai\/assets\/142918\/mercedes-benz-e-trieda-sedan-e53-amg-4matic-320kw-a9-zaruka-aj-na-splatky-protiucet_5_medium.webp","small":"https:\/\/cdn.assetlog.ai\/assets\/142918\/mercedes-benz-e-trieda-sedan-e53-amg-4matic-320kw-a9-zaruka-aj-na-splatky-protiucet_5_small.webp"},{"id":113133,"max":"https:\/\/cdn.assetlog.ai\/assets\/142918\/mercedes-benz-e-trieda-sedan-e53-amg-4matic-320kw-a9-zaruka-aj-na-splatky-protiucet_6_max.webp","medium":"https:\/\/cdn.assetlog.ai\/assets\/142918\/mercedes-benz-e-trieda-sedan-e53-amg-4matic-320kw-a9-zaruka-aj-na-splatky-protiucet_6_medium.webp","small":"https:\/\/cdn.assetlog.ai\/assets\/142918\/mercedes-benz-e-trieda-sedan-e53-amg-4matic-320kw-a9-zaruka-aj-na-splatky-protiucet_6_small.webp"},{"id":113134,"max":"https:\/\/cdn.assetlog.ai\/assets\/142918\/mercedes-benz-e-trieda-sedan-e53-amg-4matic-320kw-a9-zaruka-aj-na-splatky-protiucet_7_max.webp","medium":"https:\/\/cdn.assetlog.ai\/assets\/142918\/mercedes-benz-e-trieda-sedan-e53-amg-4matic-320kw-a9-zaruka-aj-na-splatky-protiucet_7_medium.webp","small":"https:\/\/cdn.assetlog.ai\/assets\/142918\/mercedes-benz-e-trieda-sedan-e53-amg-4matic-320kw-a9-zaruka-aj-na-splatky-protiucet_7_small.webp"},{"id":113135,"max":"https:\/\/cdn.assetlog.ai\/assets\/142918\/mercedes-benz-e-trieda-sedan-e53-amg-4matic-320kw-a9-zaruka-aj-na-splatky-protiucet_8_max.webp","medium":"https:\/\/cdn.assetlog.ai\/assets\/142918\/mercedes-benz-e-trieda-sedan-e53-amg-4matic-320kw-a9-zaruka-aj-na-splatky-protiucet_8_medium.webp","small":"https:\/\/cdn.assetlog.ai\/assets\/142918\/mercedes-benz-e-trieda-sedan-e53-amg-4matic-320kw-a9-zaruka-aj-na-splatky-protiucet_8_small.webp"},{"id":113136,"max":"https:\/\/cdn.assetlog.ai\/assets\/142918\/mercedes-benz-e-trieda-sedan-e53-amg-4matic-320kw-a9-zaruka-aj-na-splatky-protiucet_9_max.webp","medium":"https:\/\/cdn.assetlog.ai\/assets\/142918\/mercedes-benz-e-trieda-sedan-e53-amg-4matic-320kw-a9-zaruka-aj-na-splatky-protiucet_9_medium.webp","small":"https:\/\/cdn.assetlog.ai\/assets\/142918\/mercedes-benz-e-trieda-sedan-e53-amg-4matic-320kw-a9-zaruka-aj-na-splatky-protiucet_9_small.webp"},{"id":113137,"max":"https:\/\/cdn.assetlog.ai\/assets\/142918\/mercedes-benz-e-trieda-sedan-e53-amg-4matic-320kw-a9-zaruka-aj-na-splatky-protiucet_10_max.webp","medium":"https:\/\/cdn.assetlog.ai\/assets\/142918\/mercedes-benz-e-trieda-sedan-e53-amg-4matic-320kw-a9-zaruka-aj-na-splatky-protiucet_10_medium.webp","small":"https:\/\/cdn.assetlog.ai\/assets\/142918\/mercedes-benz-e-trieda-sedan-e53-amg-4matic-320kw-a9-zaruka-aj-na-splatky-protiucet_10_small.webp"},{"id":113138,"max":"https:\/\/cdn.assetlog.ai\/assets\/142918\/mercedes-benz-e-trieda-sedan-e53-amg-4matic-320kw-a9-zaruka-aj-na-splatky-protiucet_11_max.webp","medium":"https:\/\/cdn.assetlog.ai\/assets\/142918\/mercedes-benz-e-trieda-sedan-e53-amg-4matic-320kw-a9-zaruka-aj-na-splatky-protiucet_11_medium.webp","small":"https:\/\/cdn.assetlog.ai\/assets\/142918\/mercedes-benz-e-trieda-sedan-e53-amg-4matic-320kw-a9-zaruka-aj-na-splatky-protiucet_11_small.webp"},{"id":113139,"max":"https:\/\/cdn.assetlog.ai\/assets\/142918\/mercedes-benz-e-trieda-sedan-e53-amg-4matic-320kw-a9-zaruka-aj-na-splatky-protiucet_12_max.webp","medium":"https:\/\/cdn.assetlog.ai\/assets\/142918\/mercedes-benz-e-trieda-sedan-e53-amg-4matic-320kw-a9-zaruka-aj-na-splatky-protiucet_12_medium.webp","small":"https:\/\/cdn.assetlog.ai\/assets\/142918\/mercedes-benz-e-trieda-sedan-e53-amg-4matic-320kw-a9-zaruka-aj-na-splatky-protiucet_12_small.webp"},{"id":113140,"max":"https:\/\/cdn.assetlog.ai\/assets\/142918\/mercedes-benz-e-trieda-sedan-e53-amg-4matic-320kw-a9-zaruka-aj-na-splatky-protiucet_13_max.webp","medium":"https:\/\/cdn.assetlog.ai\/assets\/142918\/mercedes-benz-e-trieda-sedan-e53-amg-4matic-320kw-a9-zaruka-aj-na-splatky-protiucet_13_medium.webp","small":"https:\/\/cdn.assetlog.ai\/assets\/142918\/mercedes-benz-e-trieda-sedan-e53-amg-4matic-320kw-a9-zaruka-aj-na-splatky-protiucet_13_small.webp"},{"id":113141,"max":"https:\/\/cdn.assetlog.ai\/assets\/142918\/mercedes-benz-e-trieda-sedan-e53-amg-4matic-320kw-a9-zaruka-aj-na-splatky-protiucet_14_max.webp","medium":"https:\/\/cdn.assetlog.ai\/assets\/142918\/mercedes-benz-e-trieda-sedan-e53-amg-4matic-320kw-a9-zaruka-aj-na-splatky-protiucet_14_medium.webp","small":"https:\/\/cdn.assetlog.ai\/assets\/142918\/mercedes-benz-e-trieda-sedan-e53-amg-4matic-320kw-a9-zaruka-aj-na-splatky-protiucet_14_small.webp"},{"id":113142,"max":"https:\/\/cdn.assetlog.ai\/assets\/142918\/mercedes-benz-e-trieda-sedan-e53-amg-4matic-320kw-a9-zaruka-aj-na-splatky-protiucet_15_max.webp","medium":"https:\/\/cdn.assetlog.ai\/assets\/142918\/mercedes-benz-e-trieda-sedan-e53-amg-4matic-320kw-a9-zaruka-aj-na-splatky-protiucet_15_medium.webp","small":"https:\/\/cdn.assetlog.ai\/assets\/142918\/mercedes-benz-e-trieda-sedan-e53-amg-4matic-320kw-a9-zaruka-aj-na-splatky-protiucet_15_small.webp"},{"id":113143,"max":"https:\/\/cdn.assetlog.ai\/assets\/142918\/mercedes-benz-e-trieda-sedan-e53-amg-4matic-320kw-a9-zaruka-aj-na-splatky-protiucet_16_max.webp","medium":"https:\/\/cdn.assetlog.ai\/assets\/142918\/mercedes-benz-e-trieda-sedan-e53-amg-4matic-320kw-a9-zaruka-aj-na-splatky-protiucet_16_medium.webp","small":"https:\/\/cdn.assetlog.ai\/assets\/142918\/mercedes-benz-e-trieda-sedan-e53-amg-4matic-320kw-a9-zaruka-aj-na-splatky-protiucet_16_small.webp"},{"id":113144,"max":"https:\/\/cdn.assetlog.ai\/assets\/142918\/mercedes-benz-e-trieda-sedan-e53-amg-4matic-320kw-a9-zaruka-aj-na-splatky-protiucet_17_max.webp","medium":"https:\/\/cdn.assetlog.ai\/assets\/142918\/mercedes-benz-e-trieda-sedan-e53-amg-4matic-320kw-a9-zaruka-aj-na-splatky-protiucet_17_medium.webp","small":"https:\/\/cdn.assetlog.ai\/assets\/142918\/mercedes-benz-e-trieda-sedan-e53-amg-4matic-320kw-a9-zaruka-aj-na-splatky-protiucet_17_small.webp"},{"id":113145,"max":"https:\/\/cdn.assetlog.ai\/assets\/142918\/mercedes-benz-e-trieda-sedan-e53-amg-4matic-320kw-a9-zaruka-aj-na-splatky-protiucet_18_max.webp","medium":"https:\/\/cdn.assetlog.ai\/assets\/142918\/mercedes-benz-e-trieda-sedan-e53-amg-4matic-320kw-a9-zaruka-aj-na-splatky-protiucet_18_medium.webp","small":"https:\/\/cdn.assetlog.ai\/assets\/142918\/mercedes-benz-e-trieda-sedan-e53-amg-4matic-320kw-a9-zaruka-aj-na-splatky-protiucet_18_small.webp"},{"id":113146,"max":"https:\/\/cdn.assetlog.ai\/assets\/142918\/mercedes-benz-e-trieda-sedan-e53-amg-4matic-320kw-a9-zaruka-aj-na-splatky-protiucet_19_max.webp","medium":"https:\/\/cdn.assetlog.ai\/assets\/142918\/mercedes-benz-e-trieda-sedan-e53-amg-4matic-320kw-a9-zaruka-aj-na-splatky-protiucet_19_medium.webp","small":"https:\/\/cdn.assetlog.ai\/assets\/142918\/mercedes-benz-e-trieda-sedan-e53-amg-4matic-320kw-a9-zaruka-aj-na-splatky-protiucet_19_small.webp"},{"id":113147,"max":"https:\/\/cdn.assetlog.ai\/assets\/142918\/mercedes-benz-e-trieda-sedan-e53-amg-4matic-320kw-a9-zaruka-aj-na-splatky-protiucet_20_max.webp","medium":"https:\/\/cdn.assetlog.ai\/assets\/142918\/mercedes-benz-e-trieda-sedan-e53-amg-4matic-320kw-a9-zaruka-aj-na-splatky-protiucet_20_medium.webp","small":"https:\/\/cdn.assetlog.ai\/assets\/142918\/mercedes-benz-e-trieda-sedan-e53-amg-4matic-320kw-a9-zaruka-aj-na-splatky-protiucet_20_small.webp"},{"id":113148,"max":"https:\/\/cdn.assetlog.ai\/assets\/142918\/mercedes-benz-e-trieda-sedan-e53-amg-4matic-320kw-a9-zaruka-aj-na-splatky-protiucet_21_max.webp","medium":"https:\/\/cdn.assetlog.ai\/assets\/142918\/mercedes-benz-e-trieda-sedan-e53-amg-4matic-320kw-a9-zaruka-aj-na-splatky-protiucet_21_medium.webp","small":"https:\/\/cdn.assetlog.ai\/assets\/142918\/mercedes-benz-e-trieda-sedan-e53-amg-4matic-320kw-a9-zaruka-aj-na-splatky-protiucet_21_small.webp"},{"id":113149,"max":"https:\/\/cdn.assetlog.ai\/assets\/142918\/mercedes-benz-e-trieda-sedan-e53-amg-4matic-320kw-a9-zaruka-aj-na-splatky-protiucet_22_max.webp","medium":"https:\/\/cdn.assetlog.ai\/assets\/142918\/mercedes-benz-e-trieda-sedan-e53-amg-4matic-320kw-a9-zaruka-aj-na-splatky-protiucet_22_medium.webp","small":"https:\/\/cdn.assetlog.ai\/assets\/142918\/mercedes-benz-e-trieda-sedan-e53-amg-4matic-320kw-a9-zaruka-aj-na-splatky-protiucet_22_small.webp"},{"id":113150,"max":"https:\/\/cdn.assetlog.ai\/assets\/142918\/mercedes-benz-e-trieda-sedan-e53-amg-4matic-320kw-a9-zaruka-aj-na-splatky-protiucet_23_max.webp","medium":"https:\/\/cdn.assetlog.ai\/assets\/142918\/mercedes-benz-e-trieda-sedan-e53-amg-4matic-320kw-a9-zaruka-aj-na-splatky-protiucet_23_medium.webp","small":"https:\/\/cdn.assetlog.ai\/assets\/142918\/mercedes-benz-e-trieda-sedan-e53-amg-4matic-320kw-a9-zaruka-aj-na-splatky-protiucet_23_small.webp"},{"id":113151,"max":"https:\/\/cdn.assetlog.ai\/assets\/142918\/mercedes-benz-e-trieda-sedan-e53-amg-4matic-320kw-a9-zaruka-aj-na-splatky-protiucet_24_max.webp","medium":"https:\/\/cdn.assetlog.ai\/assets\/142918\/mercedes-benz-e-trieda-sedan-e53-amg-4matic-320kw-a9-zaruka-aj-na-splatky-protiucet_24_medium.webp","small":"https:\/\/cdn.assetlog.ai\/assets\/142918\/mercedes-benz-e-trieda-sedan-e53-amg-4matic-320kw-a9-zaruka-aj-na-splatky-protiucet_24_small.webp"},{"id":113152,"max":"https:\/\/cdn.assetlog.ai\/assets\/142918\/mercedes-benz-e-trieda-sedan-e53-amg-4matic-320kw-a9-zaruka-aj-na-splatky-protiucet_25_max.webp","medium":"https:\/\/cdn.assetlog.ai\/assets\/142918\/mercedes-benz-e-trieda-sedan-e53-amg-4matic-320kw-a9-zaruka-aj-na-splatky-protiucet_25_medium.webp","small":"https:\/\/cdn.assetlog.ai\/assets\/142918\/mercedes-benz-e-trieda-sedan-e53-amg-4matic-320kw-a9-zaruka-aj-na-splatky-protiucet_25_small.webp"},{"id":113153,"max":"https:\/\/cdn.assetlog.ai\/assets\/142918\/mercedes-benz-e-trieda-sedan-e53-amg-4matic-320kw-a9-zaruka-aj-na-splatky-protiucet_26_max.webp","medium":"https:\/\/cdn.assetlog.ai\/assets\/142918\/mercedes-benz-e-trieda-sedan-e53-amg-4matic-320kw-a9-zaruka-aj-na-splatky-protiucet_26_medium.webp","small":"https:\/\/cdn.assetlog.ai\/assets\/142918\/mercedes-benz-e-trieda-sedan-e53-amg-4matic-320kw-a9-zaruka-aj-na-splatky-protiucet_26_small.webp"},{"id":113154,"max":"https:\/\/cdn.assetlog.ai\/assets\/142918\/mercedes-benz-e-trieda-sedan-e53-amg-4matic-320kw-a9-zaruka-aj-na-splatky-protiucet_27_max.webp","medium":"https:\/\/cdn.assetlog.ai\/assets\/142918\/mercedes-benz-e-trieda-sedan-e53-amg-4matic-320kw-a9-zaruka-aj-na-splatky-protiucet_27_medium.webp","small":"https:\/\/cdn.assetlog.ai\/assets\/142918\/mercedes-benz-e-trieda-sedan-e53-amg-4matic-320kw-a9-zaruka-aj-na-splatky-protiucet_27_small.webp"},{"id":113155,"max":"https:\/\/cdn.assetlog.ai\/assets\/142918\/mercedes-benz-e-trieda-sedan-e53-amg-4matic-320kw-a9-zaruka-aj-na-splatky-protiucet_28_max.webp","medium":"https:\/\/cdn.assetlog.ai\/assets\/142918\/mercedes-benz-e-trieda-sedan-e53-amg-4matic-320kw-a9-zaruka-aj-na-splatky-protiucet_28_medium.webp","small":"https:\/\/cdn.assetlog.ai\/assets\/142918\/mercedes-benz-e-trieda-sedan-e53-amg-4matic-320kw-a9-zaruka-aj-na-splatky-protiucet_28_small.webp"},{"id":113156,"max":"https:\/\/cdn.assetlog.ai\/assets\/142918\/mercedes-benz-e-trieda-sedan-e53-amg-4matic-320kw-a9-zaruka-aj-na-splatky-protiucet_29_max.webp","medium":"https:\/\/cdn.assetlog.ai\/assets\/142918\/mercedes-benz-e-trieda-sedan-e53-amg-4matic-320kw-a9-zaruka-aj-na-splatky-protiucet_29_medium.webp","small":"https:\/\/cdn.assetlog.ai\/assets\/142918\/mercedes-benz-e-trieda-sedan-e53-amg-4matic-320kw-a9-zaruka-aj-na-splatky-protiucet_29_small.webp"},{"id":113157,"max":"https:\/\/cdn.assetlog.ai\/assets\/142918\/mercedes-benz-e-trieda-sedan-e53-amg-4matic-320kw-a9-zaruka-aj-na-splatky-protiucet_30_max.webp","medium":"https:\/\/cdn.assetlog.ai\/assets\/142918\/mercedes-benz-e-trieda-sedan-e53-amg-4matic-320kw-a9-zaruka-aj-na-splatky-protiucet_30_medium.webp","small":"https:\/\/cdn.assetlog.ai\/assets\/142918\/mercedes-benz-e-trieda-sedan-e53-amg-4matic-320kw-a9-zaruka-aj-na-splatky-protiucet_30_small.webp"},{"id":113158,"max":"https:\/\/cdn.assetlog.ai\/assets\/142918\/mercedes-benz-e-trieda-sedan-e53-amg-4matic-320kw-a9-zaruka-aj-na-splatky-protiucet_31_max.webp","medium":"https:\/\/cdn.assetlog.ai\/assets\/142918\/mercedes-benz-e-trieda-sedan-e53-amg-4matic-320kw-a9-zaruka-aj-na-splatky-protiucet_31_medium.webp","small":"https:\/\/cdn.assetlog.ai\/assets\/142918\/mercedes-benz-e-trieda-sedan-e53-amg-4matic-320kw-a9-zaruka-aj-na-splatky-protiucet_31_small.webp"},{"id":113159,"max":"https:\/\/cdn.assetlog.ai\/assets\/142918\/mercedes-benz-e-trieda-sedan-e53-amg-4matic-320kw-a9-zaruka-aj-na-splatky-protiucet_32_max.webp","medium":"https:\/\/cdn.assetlog.ai\/assets\/142918\/mercedes-benz-e-trieda-sedan-e53-amg-4matic-320kw-a9-zaruka-aj-na-splatky-protiucet_32_medium.webp","small":"https:\/\/cdn.assetlog.ai\/assets\/142918\/mercedes-benz-e-trieda-sedan-e53-amg-4matic-320kw-a9-zaruka-aj-na-splatky-protiucet_32_small.webp"},{"id":113160,"max":"https:\/\/cdn.assetlog.ai\/assets\/142918\/mercedes-benz-e-trieda-sedan-e53-amg-4matic-320kw-a9-zaruka-aj-na-splatky-protiucet_33_max.webp","medium":"https:\/\/cdn.assetlog.ai\/assets\/142918\/mercedes-benz-e-trieda-sedan-e53-amg-4matic-320kw-a9-zaruka-aj-na-splatky-protiucet_33_medium.webp","small":"https:\/\/cdn.assetlog.ai\/assets\/142918\/mercedes-benz-e-trieda-sedan-e53-amg-4matic-320kw-a9-zaruka-aj-na-splatky-protiucet_33_small.webp"},{"id":113161,"max":"https:\/\/cdn.assetlog.ai\/assets\/142918\/mercedes-benz-e-trieda-sedan-e53-amg-4matic-320kw-a9-zaruka-aj-na-splatky-protiucet_34_max.webp","medium":"https:\/\/cdn.assetlog.ai\/assets\/142918\/mercedes-benz-e-trieda-sedan-e53-amg-4matic-320kw-a9-zaruka-aj-na-splatky-protiucet_34_medium.webp","small":"https:\/\/cdn.assetlog.ai\/assets\/142918\/mercedes-benz-e-trieda-sedan-e53-amg-4matic-320kw-a9-zaruka-aj-na-splatky-protiucet_34_small.webp"},{"id":113162,"max":"https:\/\/cdn.assetlog.ai\/assets\/142918\/mercedes-benz-e-trieda-sedan-e53-amg-4matic-320kw-a9-zaruka-aj-na-splatky-protiucet_35_max.webp","medium":"https:\/\/cdn.assetlog.ai\/assets\/142918\/mercedes-benz-e-trieda-sedan-e53-amg-4matic-320kw-a9-zaruka-aj-na-splatky-protiucet_35_medium.webp","small":"https:\/\/cdn.assetlog.ai\/assets\/142918\/mercedes-benz-e-trieda-sedan-e53-amg-4matic-320kw-a9-zaruka-aj-na-splatky-protiucet_35_small.webp"},{"id":113163,"max":"https:\/\/cdn.assetlog.ai\/assets\/142918\/mercedes-benz-e-trieda-sedan-e53-amg-4matic-320kw-a9-zaruka-aj-na-splatky-protiucet_36_max.webp","medium":"https:\/\/cdn.assetlog.ai\/assets\/142918\/mercedes-benz-e-trieda-sedan-e53-amg-4matic-320kw-a9-zaruka-aj-na-splatky-protiucet_36_medium.webp","small":"https:\/\/cdn.assetlog.ai\/assets\/142918\/mercedes-benz-e-trieda-sedan-e53-amg-4matic-320kw-a9-zaruka-aj-na-splatky-protiucet_36_small.webp"},{"id":113164,"max":"https:\/\/cdn.assetlog.ai\/assets\/142918\/mercedes-benz-e-trieda-sedan-e53-amg-4matic-320kw-a9-zaruka-aj-na-splatky-protiucet_37_max.webp","medium":"https:\/\/cdn.assetlog.ai\/assets\/142918\/mercedes-benz-e-trieda-sedan-e53-amg-4matic-320kw-a9-zaruka-aj-na-splatky-protiucet_37_medium.webp","small":"https:\/\/cdn.assetlog.ai\/assets\/142918\/mercedes-benz-e-trieda-sedan-e53-amg-4matic-320kw-a9-zaruka-aj-na-splatky-protiucet_37_small.webp"},{"id":113165,"max":"https:\/\/cdn.assetlog.ai\/assets\/142918\/mercedes-benz-e-trieda-sedan-e53-amg-4matic-320kw-a9-zaruka-aj-na-splatky-protiucet_38_max.webp","medium":"https:\/\/cdn.assetlog.ai\/assets\/142918\/mercedes-benz-e-trieda-sedan-e53-amg-4matic-320kw-a9-zaruka-aj-na-splatky-protiucet_38_medium.webp","small":"https:\/\/cdn.assetlog.ai\/assets\/142918\/mercedes-benz-e-trieda-sedan-e53-amg-4matic-320kw-a9-zaruka-aj-na-splatky-protiucet_38_small.webp"},{"id":113166,"max":"https:\/\/cdn.assetlog.ai\/assets\/142918\/mercedes-benz-e-trieda-sedan-e53-amg-4matic-320kw-a9-zaruka-aj-na-splatky-protiucet_39_max.webp","medium":"https:\/\/cdn.assetlog.ai\/assets\/142918\/mercedes-benz-e-trieda-sedan-e53-amg-4matic-320kw-a9-zaruka-aj-na-splatky-protiucet_39_medium.webp","small":"https:\/\/cdn.assetlog.ai\/assets\/142918\/mercedes-benz-e-trieda-sedan-e53-amg-4matic-320kw-a9-zaruka-aj-na-splatky-protiucet_39_small.webp"},{"id":113167,"max":"https:\/\/cdn.assetlog.ai\/assets\/142918\/mercedes-benz-e-trieda-sedan-e53-amg-4matic-320kw-a9-zaruka-aj-na-splatky-protiucet_40_max.webp","medium":"https:\/\/cdn.assetlog.ai\/assets\/142918\/mercedes-benz-e-trieda-sedan-e53-amg-4matic-320kw-a9-zaruka-aj-na-splatky-protiucet_40_medium.webp","small":"https:\/\/cdn.assetlog.ai\/assets\/142918\/mercedes-benz-e-trieda-sedan-e53-amg-4matic-320kw-a9-zaruka-aj-na-splatky-protiucet_40_small.webp"}],"published_at":null,"expires_at":null,"created_at":"2026-08-11T03:40:10+00:00","updated_at":"2026-09-01T03:41:23+00:00"}}