{"data":{"id":144439,"slug":"mercedes-benz-glb-250-4matic-165kw-at8-aj-na-splatky-protiucet","type":"vehicle","title":"Mercedes-Benz GLB 250 4MATIC 165kW AT\/8 \/ AJ ON INSTALLMENTS \/ TRADE-IN","description":"Commission sale - you purchase the vehicle directly from the owner.\n\nI am selling a Mercedes-Benz GLB 250 4MATIC, year of manufacture 2020, SUV body type. The vehicle comes with two keys. The vehicle has undergone service: at 65,000 kilometers, brake discs and brake pads were replaced on both the front and rear axles. At 81,500 kilometers, the timing belt, transmission oil, differential oil and differential oil were replaced.\n\nThe vehicle has passed an insurance records check, execution check, paint thickness measurement and document verification. Physically inspected, as well as through the vehicle operating records registry.\n\nWe offer favorable financing for monthly installments, so you can enjoy your new car immediately without waiting with 0% down payment and installments up to 96 months.\n\nFor your greater convenience and peace of mind, we can provide you with an extended warranty of up to 12-36 months.\n\nIf you already own a car, you don't have to worry about selling it - in exchange, we will take it directly from you. Just come to us with it, we will evaluate it and deduct the costs from the value of your new car. This way you save time, worries and money and the entire process will be quick and easy - you drive away in your new car without unnecessary paperwork.\n\nTHE VEHICLE IS LOCATED IN N\u00e1mestovo. More information is available at telephone number 0917 578 666. REG: 032TCE. MOT valid until: 2028-07-24. Technical inspection valid until: 2028-07-24.\n\nTechnical Specifications\n\nYear\/Month: 01\/20, 1991cc, 165kW (224PS), Drive: 4\u00d74, Automatic transmission (8-speed), Petrol, EURO 6, 5-door, (7-seater), 93,000km, White, VIN WDC4M4HB2LW011080\n\nVehicle Consumption (l\/100km)\n\nUrban: 9.1, Extra-urban: 6.1, Combined: 7.2\n\nLeasing possible, Financing possible","language":"cs","is_translated":true,"title_original":"Mercedes-Benz GLB 250 4MATIC 165kW AT\/8 \/ AJ NA SPL\u00c1TKY \/ PROTI\u00da\u010cET","description_original":"Komisn\u00ed prodej - vozidlo kupujete p\u0159\u00edmo od majitele.\n\nProd\u00e1v\u00e1m Mercedes-Benz GLB 250 4MATIC, rok v\u00fdroby 2020, karoserie SUV. K vozidlu pat\u0159\u00ed dva kl\u00ed\u010de. Vozidlo pro\u0161lo servisem: p\u0159i 65 000 kilometrech byly na p\u0159edn\u00ed i zadn\u00ed n\u00e1prav\u011b vym\u011bn\u011bny brzdov\u00e9 kotou\u010de a brzdov\u00e9 desti\u010dky. P\u0159i najet\u00fdch 81 500 kilometrech byly vym\u011bn\u011bny rozvody, olej v p\u0159evodovce, olej v rozd\u011blovac\u00ed p\u0159evodovce a tak\u00e9 olej v diferenci\u00e1lu.\n\nVozidlo pro\u0161lo kontrolou z\u00e1znam\u016f o poji\u0161t\u011bn\u00ed, exekuc\u00ed, m\u011b\u0159en\u00edm laku a kontrolou doklad\u016f. Zkontrolov\u00e1no fyzicky, tak\u00e9 prost\u0159ednictv\u00edm registru provozn\u00edch z\u00e1znam\u016f vozidla.\n\nNab\u00edz\u00edme v\u00fdhodn\u00e9 financov\u00e1n\u00ed na m\u011bs\u00ed\u010dn\u00ed spl\u00e1tky, tak\u017ee si sv\u016fj nov\u00fd v\u016fz m\u016f\u017eete u\u017e\u00edvat hned a bez \u010dek\u00e1n\u00ed s akontac\u00ed 0 % a spl\u00e1tkami a\u017e na 96 m\u011bs\u00edc\u016f.\n\nPro va\u0161e v\u011bt\u0161\u00ed pohodl\u00ed a jistotu v\u00e1m m\u016f\u017eeme poskytnout prodlou\u017eenou z\u00e1ruku a\u017e na 12-36 m\u011bs\u00edc\u016f.\n\nPokud ji\u017e v\u016fz vlastn\u00edte, nemus\u00edte se zab\u00fdvat jeho prodejem - na opl\u00e1tku si ho od v\u00e1s p\u0159\u00edmo vezmeme. Sta\u010d\u00ed, kdy\u017e k n\u00e1m s n\u00edm p\u0159ijdete, my ho ocen\u00edme a n\u00e1klady ode\u010dteme od hodnoty va\u0161eho nov\u00e9ho vozu. U\u0161et\u0159\u00edte tak \u010das, starosti i pen\u00edze a cel\u00fd proces bude rychl\u00fd a snadn\u00fd - odjedete rovnou ve sv\u00e9m nov\u00e9m voze bez zbyte\u010dn\u00e9ho pap\u00edrov\u00e1n\u00ed.\n\nVOZIDLO SE NACH\u00c1Z\u00cd V N\u00e1mestove. V\u00edce informac\u00ed v\u00e1m r\u00e1di poskytneme na telefonn\u00edm \u010d\u00edsle 0917 578 666. E\u010cV: 032TCE. EK platn\u00e1 do: 2028-07-24. STK platn\u00e1 do: 2028-07-24.\n\nTechnick\u00e9 \u00fadaje\n\nv.v.: 01\/20, 1991cm\u00b3, 165kW (224PS), Pohon: 4\u00d74, Automatick\u00e1 p\u0159evodovka (8 st.), Benz\u00edn, EURO 6, 5 dv., (7-m\u00edstn\u00fd), 93 000km, B\u00edl\u00e1, VIN WDC4M4HB2LW011080\n\nSpot\u0159eba vozidla (l\/100km)\n\nVe m\u011bst\u011b: 9.1, mimo m\u011bsto: 6.1, kombinovan\u00e1: 7.2\n\nMo\u017en\u00fd leasing, Mo\u017en\u00fd \u00fav\u011br","price":"629218.00","currency":"CZK","status":"active","noindex":true,"location":{"address":null,"full_address":null,"city":"N\u00e1mestovo","country":"SK","latitude":49.4095122,"longitude":19.4803756},"metadata":{"vin":"WDC4M4HB2LW011080","fuel":"petrol","year":2020,"brand":"Mercedes-Benz","color":"White","doors":5,"drive":"AWD \/ 4x4","model":"GLB","seats":5,"region":"\u017dilinsk\u00fd kraj","mileage":93000,"emisions":"Euro 6","features":["Alarm","EBD\/EBV","Posilova\u010d \u0159\u00edzen\u00ed","ABS","ESP","Brzdov\u00fd asistent (EBA, BAS)","ISOFIX na zadn\u00edch sedadlech","Deaktivace airbagu spolujezdce","Senzor tlaku","Centr\u00e1ln\u00ed zamyk\u00e1n\u00ed","Zadn\u00ed el. stahovateln\u00e1 okna","El. nastaviteln\u00e1 p\u0159edn\u00ed sedadla","Elektricky nastaviteln\u00e1 zp\u011btn\u00e1 zrc\u00e1tka","Automatick\u00e1 2-z\u00f3nov\u00e1 klimatizace","Centr\u00e1ln\u00ed zamyk\u00e1n\u00ed na d\u00e1lkov\u00e9 ovl\u00e1d\u00e1n\u00ed","Autor\u00e1dio","Vyh\u0159\u00edvan\u00e9 \u010deln\u00ed sklo","Multifunk\u010dn\u00ed volant","Loketn\u00ed op\u011brka vp\u0159edu","Start\/Stop syst\u00e9m","Klimatizovan\u00e1 p\u0159ihr\u00e1dka","Apple Car Play","Android Auto","Digit\u00e1ln\u00ed p\u0159\u00edstrojov\u00e1 deska","Lit\u00e1 kola","Mlhovky","Imobiliz\u00e9r","Palubn\u00ed po\u010d\u00edta\u010d","Navigace","St\u0159e\u0161n\u00ed okno","St\u0159e\u0161n\u00ed nosi\u010d","Tempomat","Ko\u017een\u00fd interi\u00e9r","Elektricky vyh\u0159\u00edvan\u00e1 zp\u011btn\u00e1 zrc\u00e1tka","F\u00f3lie","Senzor st\u011bra\u010d\u016f","Parkovac\u00ed kamera","Bezkl\u00ed\u010dov\u00fd vstup","El. ovl\u00e1dan\u00fd kufr","Elektrick\u00e9 dov\u00edr\u00e1n\u00ed zavazadlov\u00e9ho prostoru","Mas\u00e1\u017en\u00ed sedadlo \u0159idi\u010de","Panoramatick\u00e1 st\u0159echa","Bluetooth","LED sv\u011btlomety","Pam\u011b\u0165 nastaven\u00ed sedadla \u0159idi\u010de","Mo\u017en\u00fd leasing","Mo\u017en\u00fd \u00faver","Ko\u017een\u00fd bal\u00ed\u010dek","Odo-pass","Asistent rozjezdu do kopce","Sledov\u00e1n\u00ed mrtv\u00e9ho \u00fahlu","na LCD displeji","Drive Select (j\u00edzdy re\u017eimy)","Pr\u00e9miov\u00fd audiosyst\u00e9m (B&O, Harman, Bose...)","Elektricky sklopn\u00e1 zp\u011btn\u00e1 zrc\u00e1tka"],"power_kw":165,"body_type":"SUV","condition":"Used","transmission":"automatic","vat_deductible":false,"consumption_city":9.1,"translation_hash":"a473b76ff1c97ff3a2b53a5d63b188aa63bd2a2d","vehicle_category":"car","engine_volume_cm3":1991,"first_registration":"2020-01-01","translation_status":"done","consumption_highway":6.1,"consumption_combined":7.2},"user_id":58,"is_sponsored":false,"views_count":15,"ai_views_count":7,"ai_vendor_counts":{"meta":3,"other":1,"openai":2,"anthropic":1},"visibility":"public","submission_source":null,"submission_ai_name":null,"has_owner_email":true,"can_contact_owner":true,"phone":"0917 578 666","owner_email":"varadova@autorro.sk","user":{"id":58,"slug":"irena-varadova-58","name":"Irena Varadov\u00e1","bio":"Makl\u00e9rka. P\u016fsob\u00edm v N\u00e1mestove a okol\u00ed.\n\nP\u016fsobnost: N\u00e1mestovo","nationality":"SK","languages":["cs","sk"],"service_areas":[],"card_style":null,"card_palette":null,"avatar_url":"https:\/\/cdn.assetlog.ai\/avatars\/58\/avatar_max.webp?v=1786535213","avatar_thumb_url":"https:\/\/cdn.assetlog.ai\/avatars\/58\/avatar_small.webp?v=1786535213","reviews_count":0,"avg_rating":null,"seller_badge":"silver","can_calendar":true,"joined_at":"2026-06-07T14:20:41+00:00","primary_intent":null,"seeking":[],"public_assets_count":44,"public_prompts_count":0,"followers_count":0},"images":[{"id":115274,"max":"https:\/\/cdn.assetlog.ai\/assets\/144439\/mercedes-benz-glb-250-4matic-165kw-at8-aj-na-splatky-protiucet_1_max.webp","medium":"https:\/\/cdn.assetlog.ai\/assets\/144439\/mercedes-benz-glb-250-4matic-165kw-at8-aj-na-splatky-protiucet_1_medium.webp","small":"https:\/\/cdn.assetlog.ai\/assets\/144439\/mercedes-benz-glb-250-4matic-165kw-at8-aj-na-splatky-protiucet_1_small.webp"},{"id":115275,"max":"https:\/\/cdn.assetlog.ai\/assets\/144439\/mercedes-benz-glb-250-4matic-165kw-at8-aj-na-splatky-protiucet_2_max.webp","medium":"https:\/\/cdn.assetlog.ai\/assets\/144439\/mercedes-benz-glb-250-4matic-165kw-at8-aj-na-splatky-protiucet_2_medium.webp","small":"https:\/\/cdn.assetlog.ai\/assets\/144439\/mercedes-benz-glb-250-4matic-165kw-at8-aj-na-splatky-protiucet_2_small.webp"},{"id":115276,"max":"https:\/\/cdn.assetlog.ai\/assets\/144439\/mercedes-benz-glb-250-4matic-165kw-at8-aj-na-splatky-protiucet_3_max.webp","medium":"https:\/\/cdn.assetlog.ai\/assets\/144439\/mercedes-benz-glb-250-4matic-165kw-at8-aj-na-splatky-protiucet_3_medium.webp","small":"https:\/\/cdn.assetlog.ai\/assets\/144439\/mercedes-benz-glb-250-4matic-165kw-at8-aj-na-splatky-protiucet_3_small.webp"},{"id":115277,"max":"https:\/\/cdn.assetlog.ai\/assets\/144439\/mercedes-benz-glb-250-4matic-165kw-at8-aj-na-splatky-protiucet_4_max.webp","medium":"https:\/\/cdn.assetlog.ai\/assets\/144439\/mercedes-benz-glb-250-4matic-165kw-at8-aj-na-splatky-protiucet_4_medium.webp","small":"https:\/\/cdn.assetlog.ai\/assets\/144439\/mercedes-benz-glb-250-4matic-165kw-at8-aj-na-splatky-protiucet_4_small.webp"},{"id":115278,"max":"https:\/\/cdn.assetlog.ai\/assets\/144439\/mercedes-benz-glb-250-4matic-165kw-at8-aj-na-splatky-protiucet_5_max.webp","medium":"https:\/\/cdn.assetlog.ai\/assets\/144439\/mercedes-benz-glb-250-4matic-165kw-at8-aj-na-splatky-protiucet_5_medium.webp","small":"https:\/\/cdn.assetlog.ai\/assets\/144439\/mercedes-benz-glb-250-4matic-165kw-at8-aj-na-splatky-protiucet_5_small.webp"},{"id":115279,"max":"https:\/\/cdn.assetlog.ai\/assets\/144439\/mercedes-benz-glb-250-4matic-165kw-at8-aj-na-splatky-protiucet_6_max.webp","medium":"https:\/\/cdn.assetlog.ai\/assets\/144439\/mercedes-benz-glb-250-4matic-165kw-at8-aj-na-splatky-protiucet_6_medium.webp","small":"https:\/\/cdn.assetlog.ai\/assets\/144439\/mercedes-benz-glb-250-4matic-165kw-at8-aj-na-splatky-protiucet_6_small.webp"},{"id":115280,"max":"https:\/\/cdn.assetlog.ai\/assets\/144439\/mercedes-benz-glb-250-4matic-165kw-at8-aj-na-splatky-protiucet_7_max.webp","medium":"https:\/\/cdn.assetlog.ai\/assets\/144439\/mercedes-benz-glb-250-4matic-165kw-at8-aj-na-splatky-protiucet_7_medium.webp","small":"https:\/\/cdn.assetlog.ai\/assets\/144439\/mercedes-benz-glb-250-4matic-165kw-at8-aj-na-splatky-protiucet_7_small.webp"},{"id":115281,"max":"https:\/\/cdn.assetlog.ai\/assets\/144439\/mercedes-benz-glb-250-4matic-165kw-at8-aj-na-splatky-protiucet_8_max.webp","medium":"https:\/\/cdn.assetlog.ai\/assets\/144439\/mercedes-benz-glb-250-4matic-165kw-at8-aj-na-splatky-protiucet_8_medium.webp","small":"https:\/\/cdn.assetlog.ai\/assets\/144439\/mercedes-benz-glb-250-4matic-165kw-at8-aj-na-splatky-protiucet_8_small.webp"},{"id":115282,"max":"https:\/\/cdn.assetlog.ai\/assets\/144439\/mercedes-benz-glb-250-4matic-165kw-at8-aj-na-splatky-protiucet_9_max.webp","medium":"https:\/\/cdn.assetlog.ai\/assets\/144439\/mercedes-benz-glb-250-4matic-165kw-at8-aj-na-splatky-protiucet_9_medium.webp","small":"https:\/\/cdn.assetlog.ai\/assets\/144439\/mercedes-benz-glb-250-4matic-165kw-at8-aj-na-splatky-protiucet_9_small.webp"},{"id":115283,"max":"https:\/\/cdn.assetlog.ai\/assets\/144439\/mercedes-benz-glb-250-4matic-165kw-at8-aj-na-splatky-protiucet_10_max.webp","medium":"https:\/\/cdn.assetlog.ai\/assets\/144439\/mercedes-benz-glb-250-4matic-165kw-at8-aj-na-splatky-protiucet_10_medium.webp","small":"https:\/\/cdn.assetlog.ai\/assets\/144439\/mercedes-benz-glb-250-4matic-165kw-at8-aj-na-splatky-protiucet_10_small.webp"},{"id":115284,"max":"https:\/\/cdn.assetlog.ai\/assets\/144439\/mercedes-benz-glb-250-4matic-165kw-at8-aj-na-splatky-protiucet_11_max.webp","medium":"https:\/\/cdn.assetlog.ai\/assets\/144439\/mercedes-benz-glb-250-4matic-165kw-at8-aj-na-splatky-protiucet_11_medium.webp","small":"https:\/\/cdn.assetlog.ai\/assets\/144439\/mercedes-benz-glb-250-4matic-165kw-at8-aj-na-splatky-protiucet_11_small.webp"},{"id":115285,"max":"https:\/\/cdn.assetlog.ai\/assets\/144439\/mercedes-benz-glb-250-4matic-165kw-at8-aj-na-splatky-protiucet_12_max.webp","medium":"https:\/\/cdn.assetlog.ai\/assets\/144439\/mercedes-benz-glb-250-4matic-165kw-at8-aj-na-splatky-protiucet_12_medium.webp","small":"https:\/\/cdn.assetlog.ai\/assets\/144439\/mercedes-benz-glb-250-4matic-165kw-at8-aj-na-splatky-protiucet_12_small.webp"},{"id":115286,"max":"https:\/\/cdn.assetlog.ai\/assets\/144439\/mercedes-benz-glb-250-4matic-165kw-at8-aj-na-splatky-protiucet_13_max.webp","medium":"https:\/\/cdn.assetlog.ai\/assets\/144439\/mercedes-benz-glb-250-4matic-165kw-at8-aj-na-splatky-protiucet_13_medium.webp","small":"https:\/\/cdn.assetlog.ai\/assets\/144439\/mercedes-benz-glb-250-4matic-165kw-at8-aj-na-splatky-protiucet_13_small.webp"},{"id":115287,"max":"https:\/\/cdn.assetlog.ai\/assets\/144439\/mercedes-benz-glb-250-4matic-165kw-at8-aj-na-splatky-protiucet_14_max.webp","medium":"https:\/\/cdn.assetlog.ai\/assets\/144439\/mercedes-benz-glb-250-4matic-165kw-at8-aj-na-splatky-protiucet_14_medium.webp","small":"https:\/\/cdn.assetlog.ai\/assets\/144439\/mercedes-benz-glb-250-4matic-165kw-at8-aj-na-splatky-protiucet_14_small.webp"},{"id":115288,"max":"https:\/\/cdn.assetlog.ai\/assets\/144439\/mercedes-benz-glb-250-4matic-165kw-at8-aj-na-splatky-protiucet_15_max.webp","medium":"https:\/\/cdn.assetlog.ai\/assets\/144439\/mercedes-benz-glb-250-4matic-165kw-at8-aj-na-splatky-protiucet_15_medium.webp","small":"https:\/\/cdn.assetlog.ai\/assets\/144439\/mercedes-benz-glb-250-4matic-165kw-at8-aj-na-splatky-protiucet_15_small.webp"},{"id":115289,"max":"https:\/\/cdn.assetlog.ai\/assets\/144439\/mercedes-benz-glb-250-4matic-165kw-at8-aj-na-splatky-protiucet_16_max.webp","medium":"https:\/\/cdn.assetlog.ai\/assets\/144439\/mercedes-benz-glb-250-4matic-165kw-at8-aj-na-splatky-protiucet_16_medium.webp","small":"https:\/\/cdn.assetlog.ai\/assets\/144439\/mercedes-benz-glb-250-4matic-165kw-at8-aj-na-splatky-protiucet_16_small.webp"},{"id":115290,"max":"https:\/\/cdn.assetlog.ai\/assets\/144439\/mercedes-benz-glb-250-4matic-165kw-at8-aj-na-splatky-protiucet_17_max.webp","medium":"https:\/\/cdn.assetlog.ai\/assets\/144439\/mercedes-benz-glb-250-4matic-165kw-at8-aj-na-splatky-protiucet_17_medium.webp","small":"https:\/\/cdn.assetlog.ai\/assets\/144439\/mercedes-benz-glb-250-4matic-165kw-at8-aj-na-splatky-protiucet_17_small.webp"},{"id":115291,"max":"https:\/\/cdn.assetlog.ai\/assets\/144439\/mercedes-benz-glb-250-4matic-165kw-at8-aj-na-splatky-protiucet_18_max.webp","medium":"https:\/\/cdn.assetlog.ai\/assets\/144439\/mercedes-benz-glb-250-4matic-165kw-at8-aj-na-splatky-protiucet_18_medium.webp","small":"https:\/\/cdn.assetlog.ai\/assets\/144439\/mercedes-benz-glb-250-4matic-165kw-at8-aj-na-splatky-protiucet_18_small.webp"},{"id":115292,"max":"https:\/\/cdn.assetlog.ai\/assets\/144439\/mercedes-benz-glb-250-4matic-165kw-at8-aj-na-splatky-protiucet_19_max.webp","medium":"https:\/\/cdn.assetlog.ai\/assets\/144439\/mercedes-benz-glb-250-4matic-165kw-at8-aj-na-splatky-protiucet_19_medium.webp","small":"https:\/\/cdn.assetlog.ai\/assets\/144439\/mercedes-benz-glb-250-4matic-165kw-at8-aj-na-splatky-protiucet_19_small.webp"},{"id":115293,"max":"https:\/\/cdn.assetlog.ai\/assets\/144439\/mercedes-benz-glb-250-4matic-165kw-at8-aj-na-splatky-protiucet_20_max.webp","medium":"https:\/\/cdn.assetlog.ai\/assets\/144439\/mercedes-benz-glb-250-4matic-165kw-at8-aj-na-splatky-protiucet_20_medium.webp","small":"https:\/\/cdn.assetlog.ai\/assets\/144439\/mercedes-benz-glb-250-4matic-165kw-at8-aj-na-splatky-protiucet_20_small.webp"},{"id":115294,"max":"https:\/\/cdn.assetlog.ai\/assets\/144439\/mercedes-benz-glb-250-4matic-165kw-at8-aj-na-splatky-protiucet_21_max.webp","medium":"https:\/\/cdn.assetlog.ai\/assets\/144439\/mercedes-benz-glb-250-4matic-165kw-at8-aj-na-splatky-protiucet_21_medium.webp","small":"https:\/\/cdn.assetlog.ai\/assets\/144439\/mercedes-benz-glb-250-4matic-165kw-at8-aj-na-splatky-protiucet_21_small.webp"},{"id":115295,"max":"https:\/\/cdn.assetlog.ai\/assets\/144439\/mercedes-benz-glb-250-4matic-165kw-at8-aj-na-splatky-protiucet_22_max.webp","medium":"https:\/\/cdn.assetlog.ai\/assets\/144439\/mercedes-benz-glb-250-4matic-165kw-at8-aj-na-splatky-protiucet_22_medium.webp","small":"https:\/\/cdn.assetlog.ai\/assets\/144439\/mercedes-benz-glb-250-4matic-165kw-at8-aj-na-splatky-protiucet_22_small.webp"},{"id":115296,"max":"https:\/\/cdn.assetlog.ai\/assets\/144439\/mercedes-benz-glb-250-4matic-165kw-at8-aj-na-splatky-protiucet_23_max.webp","medium":"https:\/\/cdn.assetlog.ai\/assets\/144439\/mercedes-benz-glb-250-4matic-165kw-at8-aj-na-splatky-protiucet_23_medium.webp","small":"https:\/\/cdn.assetlog.ai\/assets\/144439\/mercedes-benz-glb-250-4matic-165kw-at8-aj-na-splatky-protiucet_23_small.webp"},{"id":115297,"max":"https:\/\/cdn.assetlog.ai\/assets\/144439\/mercedes-benz-glb-250-4matic-165kw-at8-aj-na-splatky-protiucet_24_max.webp","medium":"https:\/\/cdn.assetlog.ai\/assets\/144439\/mercedes-benz-glb-250-4matic-165kw-at8-aj-na-splatky-protiucet_24_medium.webp","small":"https:\/\/cdn.assetlog.ai\/assets\/144439\/mercedes-benz-glb-250-4matic-165kw-at8-aj-na-splatky-protiucet_24_small.webp"},{"id":115298,"max":"https:\/\/cdn.assetlog.ai\/assets\/144439\/mercedes-benz-glb-250-4matic-165kw-at8-aj-na-splatky-protiucet_25_max.webp","medium":"https:\/\/cdn.assetlog.ai\/assets\/144439\/mercedes-benz-glb-250-4matic-165kw-at8-aj-na-splatky-protiucet_25_medium.webp","small":"https:\/\/cdn.assetlog.ai\/assets\/144439\/mercedes-benz-glb-250-4matic-165kw-at8-aj-na-splatky-protiucet_25_small.webp"},{"id":115299,"max":"https:\/\/cdn.assetlog.ai\/assets\/144439\/mercedes-benz-glb-250-4matic-165kw-at8-aj-na-splatky-protiucet_26_max.webp","medium":"https:\/\/cdn.assetlog.ai\/assets\/144439\/mercedes-benz-glb-250-4matic-165kw-at8-aj-na-splatky-protiucet_26_medium.webp","small":"https:\/\/cdn.assetlog.ai\/assets\/144439\/mercedes-benz-glb-250-4matic-165kw-at8-aj-na-splatky-protiucet_26_small.webp"},{"id":115300,"max":"https:\/\/cdn.assetlog.ai\/assets\/144439\/mercedes-benz-glb-250-4matic-165kw-at8-aj-na-splatky-protiucet_27_max.webp","medium":"https:\/\/cdn.assetlog.ai\/assets\/144439\/mercedes-benz-glb-250-4matic-165kw-at8-aj-na-splatky-protiucet_27_medium.webp","small":"https:\/\/cdn.assetlog.ai\/assets\/144439\/mercedes-benz-glb-250-4matic-165kw-at8-aj-na-splatky-protiucet_27_small.webp"},{"id":115301,"max":"https:\/\/cdn.assetlog.ai\/assets\/144439\/mercedes-benz-glb-250-4matic-165kw-at8-aj-na-splatky-protiucet_28_max.webp","medium":"https:\/\/cdn.assetlog.ai\/assets\/144439\/mercedes-benz-glb-250-4matic-165kw-at8-aj-na-splatky-protiucet_28_medium.webp","small":"https:\/\/cdn.assetlog.ai\/assets\/144439\/mercedes-benz-glb-250-4matic-165kw-at8-aj-na-splatky-protiucet_28_small.webp"},{"id":115302,"max":"https:\/\/cdn.assetlog.ai\/assets\/144439\/mercedes-benz-glb-250-4matic-165kw-at8-aj-na-splatky-protiucet_29_max.webp","medium":"https:\/\/cdn.assetlog.ai\/assets\/144439\/mercedes-benz-glb-250-4matic-165kw-at8-aj-na-splatky-protiucet_29_medium.webp","small":"https:\/\/cdn.assetlog.ai\/assets\/144439\/mercedes-benz-glb-250-4matic-165kw-at8-aj-na-splatky-protiucet_29_small.webp"},{"id":115303,"max":"https:\/\/cdn.assetlog.ai\/assets\/144439\/mercedes-benz-glb-250-4matic-165kw-at8-aj-na-splatky-protiucet_30_max.webp","medium":"https:\/\/cdn.assetlog.ai\/assets\/144439\/mercedes-benz-glb-250-4matic-165kw-at8-aj-na-splatky-protiucet_30_medium.webp","small":"https:\/\/cdn.assetlog.ai\/assets\/144439\/mercedes-benz-glb-250-4matic-165kw-at8-aj-na-splatky-protiucet_30_small.webp"},{"id":115304,"max":"https:\/\/cdn.assetlog.ai\/assets\/144439\/mercedes-benz-glb-250-4matic-165kw-at8-aj-na-splatky-protiucet_31_max.webp","medium":"https:\/\/cdn.assetlog.ai\/assets\/144439\/mercedes-benz-glb-250-4matic-165kw-at8-aj-na-splatky-protiucet_31_medium.webp","small":"https:\/\/cdn.assetlog.ai\/assets\/144439\/mercedes-benz-glb-250-4matic-165kw-at8-aj-na-splatky-protiucet_31_small.webp"},{"id":115305,"max":"https:\/\/cdn.assetlog.ai\/assets\/144439\/mercedes-benz-glb-250-4matic-165kw-at8-aj-na-splatky-protiucet_32_max.webp","medium":"https:\/\/cdn.assetlog.ai\/assets\/144439\/mercedes-benz-glb-250-4matic-165kw-at8-aj-na-splatky-protiucet_32_medium.webp","small":"https:\/\/cdn.assetlog.ai\/assets\/144439\/mercedes-benz-glb-250-4matic-165kw-at8-aj-na-splatky-protiucet_32_small.webp"},{"id":115306,"max":"https:\/\/cdn.assetlog.ai\/assets\/144439\/mercedes-benz-glb-250-4matic-165kw-at8-aj-na-splatky-protiucet_33_max.webp","medium":"https:\/\/cdn.assetlog.ai\/assets\/144439\/mercedes-benz-glb-250-4matic-165kw-at8-aj-na-splatky-protiucet_33_medium.webp","small":"https:\/\/cdn.assetlog.ai\/assets\/144439\/mercedes-benz-glb-250-4matic-165kw-at8-aj-na-splatky-protiucet_33_small.webp"},{"id":115307,"max":"https:\/\/cdn.assetlog.ai\/assets\/144439\/mercedes-benz-glb-250-4matic-165kw-at8-aj-na-splatky-protiucet_34_max.webp","medium":"https:\/\/cdn.assetlog.ai\/assets\/144439\/mercedes-benz-glb-250-4matic-165kw-at8-aj-na-splatky-protiucet_34_medium.webp","small":"https:\/\/cdn.assetlog.ai\/assets\/144439\/mercedes-benz-glb-250-4matic-165kw-at8-aj-na-splatky-protiucet_34_small.webp"},{"id":115308,"max":"https:\/\/cdn.assetlog.ai\/assets\/144439\/mercedes-benz-glb-250-4matic-165kw-at8-aj-na-splatky-protiucet_35_max.webp","medium":"https:\/\/cdn.assetlog.ai\/assets\/144439\/mercedes-benz-glb-250-4matic-165kw-at8-aj-na-splatky-protiucet_35_medium.webp","small":"https:\/\/cdn.assetlog.ai\/assets\/144439\/mercedes-benz-glb-250-4matic-165kw-at8-aj-na-splatky-protiucet_35_small.webp"},{"id":115309,"max":"https:\/\/cdn.assetlog.ai\/assets\/144439\/mercedes-benz-glb-250-4matic-165kw-at8-aj-na-splatky-protiucet_36_max.webp","medium":"https:\/\/cdn.assetlog.ai\/assets\/144439\/mercedes-benz-glb-250-4matic-165kw-at8-aj-na-splatky-protiucet_36_medium.webp","small":"https:\/\/cdn.assetlog.ai\/assets\/144439\/mercedes-benz-glb-250-4matic-165kw-at8-aj-na-splatky-protiucet_36_small.webp"},{"id":115310,"max":"https:\/\/cdn.assetlog.ai\/assets\/144439\/mercedes-benz-glb-250-4matic-165kw-at8-aj-na-splatky-protiucet_37_max.webp","medium":"https:\/\/cdn.assetlog.ai\/assets\/144439\/mercedes-benz-glb-250-4matic-165kw-at8-aj-na-splatky-protiucet_37_medium.webp","small":"https:\/\/cdn.assetlog.ai\/assets\/144439\/mercedes-benz-glb-250-4matic-165kw-at8-aj-na-splatky-protiucet_37_small.webp"},{"id":115311,"max":"https:\/\/cdn.assetlog.ai\/assets\/144439\/mercedes-benz-glb-250-4matic-165kw-at8-aj-na-splatky-protiucet_38_max.webp","medium":"https:\/\/cdn.assetlog.ai\/assets\/144439\/mercedes-benz-glb-250-4matic-165kw-at8-aj-na-splatky-protiucet_38_medium.webp","small":"https:\/\/cdn.assetlog.ai\/assets\/144439\/mercedes-benz-glb-250-4matic-165kw-at8-aj-na-splatky-protiucet_38_small.webp"}],"published_at":null,"expires_at":null,"created_at":"2026-08-14T03:40:22+00:00","updated_at":"2026-09-01T03:41:08+00:00"}}