{"data":{"id":177371,"slug":"mercedes-benz-glc-kupe-350d-4matic-190kw258hp-at9-190kw-aj-na-splatky-protiucet","type":"vehicle","title":"Mercedes-Benz GLC Coupe 350d 4MATIC 190kW 258HP AT\/9 190kW \/ FOR SALE ON INSTALLMENTS \/ TRADE-IN","description":"Commission sale - you purchase the vehicle directly from the owner.\n\nI am selling a Mercedes-Benz GLC Coupe 350d 4MATIC with a 9-speed automatic transmission and 190 kW (258 HP) power. The vehicle was purchased new in Slovakia and is being sold by the second owner. The car includes two keys, service booklet and complete service history; the vehicle has been serviced at an authorized Mercedes-Benz service center throughout its lifetime. Seasonal tire change is also included in the sale.\n\nThe vehicle has passed insurance record checks, execution searches, paint thickness measurement and document verification. Physically inspected and also verified through the vehicle operational records register.\n\nWe offer favorable financing for monthly installments, so you can enjoy your new car immediately without waiting with a 0% down payment and installments up to 96 months.\n\nFor your greater comfort and peace of mind, we can provide an extended warranty of up to 12-36 months.\n\nIf you already own a car, you don't have to worry about selling it - we will take it directly from you. Just come to us with it, we will evaluate it and deduct the value from your new car. This way you will save time, stress and money and the entire process will be quick and easy - you drive away in your new car without unnecessary paperwork.\n\nVEHICLE LOCATED IN Bansk\u00e1 Bystrica.\nMore information about the vehicle will be provided at phone number 0904 440 337. License plate: BB584GD. Vehicle registration valid until: 2026-11-19. Technical inspection valid until: 2026-11-19.\n\nTechnical specifications\n\nYear: 06\/18, 2987cc, 190kW (258PS), Drive: 4\u00d74, Automatic transmission (9 speed), Diesel, EURO 6, 5 door, (5-seater), 103,898 km, Black, VIN WDC2533251F295252\n\nVehicle consumption (l\/100km)\n\nUrban: 7.2, extra-urban: 5.7, combined: 6.2\n\nService booklet, Leasing possible, Like new purchased in Slovakia, Loan possible, Full service history","language":"cs","is_translated":true,"title_original":"Mercedes-Benz GLC Kup\u00e9 350d 4MATIC 190kW258HP AT\/9 190kW \/ AJ NA SPL\u00c1TKY \/ PROTI\u00da\u010cET","description_original":"Komisn\u00ed prodej - vozidlo kupujete p\u0159\u00edmo od majitele.\n\nProd\u00e1v\u00e1m Mercedes-Benz GLC Coup\u00e9 350d 4MATIC s 9stup\u0148ovou automatickou p\u0159evodovkou a v\u00fdkonem 190 kW (258 HP). Vozidlo bylo zakoupeno jako nov\u00e9 na Slovensku a prod\u00e1v\u00e1 se po druh\u00e9m majiteli. Sou\u010d\u00e1st\u00ed vozu jsou dva kl\u00ed\u010de, servisn\u00ed kn\u00ed\u017eka a kompletn\u00ed servisn\u00ed historie; vozidlo bylo po celou dobu servisov\u00e1no v autorizovan\u00e9m servisu Mercedes-Benz. Sou\u010d\u00e1st\u00ed prodeje je tak\u00e9 sez\u00f3nn\u00ed v\u00fdm\u011bna pneumatik.\n\nVozidlo pro\u0161lo kontrolou z\u00e1znam\u016f o poji\u0161t\u011bn\u00ed, exekuc\u00ed, m\u011b\u0159en\u00edm laku a kontrolou doklad\u016f. Zkontrolov\u00e1no fyzicky, tak\u00e9 prost\u0159ednictv\u00edm registru provozn\u00edch z\u00e1znam\u016f vozidla.\n\nNab\u00edz\u00edme v\u00fdhodn\u00e9 financov\u00e1n\u00ed na m\u011bs\u00ed\u010dn\u00ed spl\u00e1tky, tak\u017ee si sv\u016fj nov\u00fd v\u016fz m\u016f\u017eete u\u017e\u00edvat hned a bez \u010dek\u00e1n\u00ed s akontac\u00ed 0 % a spl\u00e1tkami a\u017e na 96 m\u011bs\u00edc\u016f.\n\nPro va\u0161e v\u011bt\u0161\u00ed pohodl\u00ed a jistotu v\u00e1m m\u016f\u017eeme poskytnout prodlou\u017eenou z\u00e1ruku a\u017e na 12-36 m\u011bs\u00edc\u016f.\n\nPokud ji\u017e v\u016fz vlastn\u00edte, nemus\u00edte se zab\u00fdvat jeho prodejem - na opl\u00e1tku si ho od v\u00e1s p\u0159\u00edmo vezmeme. Sta\u010d\u00ed, kdy\u017e k n\u00e1m s n\u00edm p\u0159ijdete, my ho ocen\u00edme a n\u00e1klady ode\u010dteme od hodnoty va\u0161eho nov\u00e9ho vozu. U\u0161et\u0159\u00edte tak \u010das, starosti i pen\u00edze a cel\u00fd proces bude rychl\u00fd a snadn\u00fd - odjedete rovnou ve sv\u00e9m nov\u00e9m voze bez zbyte\u010dn\u00e9ho pap\u00edrov\u00e1n\u00ed.\n\nVOZIDLO SE NACH\u00c1Z\u00cd V Banskej Bystrici.\nViac inform\u00e1ci\u00ed o vozidle V\u00e1m poskytneme na telefonn\u00edm \u010d\u00edsle 0904 440 337. E\u010cV: BB584GD. EK platn\u00e1 do: 2026-11-19. STK platn\u00e1 do: 2026-11-19.\n\nTechnick\u00e9 \u00fadaje\n\nv.v.: 06\/18, 2987cm\u00b3, 190kW (258PS), Pohon: 4\u00d74, Automatick\u00e1 p\u0159evodovka (9 st.), Diesel, EURO 6, 5 dv., (5-m\u00edstn\u00fd), 103 898km, \u010cern\u00e1, VIN WDC2533251F295252\n\nSpot\u0159eba vozidla (l\/100km)\n\nVe m\u011bst\u011b: 7.2, mimo m\u011bsto: 5.7, kombinovan\u00e1: 6.2\n\nServisn\u00ed kn\u00ed\u017eka, Mo\u017en\u00fd leasing, Jako nov\u00e9 koupen\u00e9 v SR, Mo\u017en\u00fd \u00fav\u011br, \u00dapln\u00e1 servisn\u00ed historie","price":"700109.00","currency":"CZK","status":"active","noindex":true,"location":{"address":null,"full_address":null,"city":"Bansk\u00e1 Bystrica","country":"SK","latitude":48.735429,"longitude":19.1457338},"metadata":{"vin":"WDC2533251F295252","fuel":"diesel","year":2018,"brand":"Mercedes-Benz","color":"Black","doors":5,"drive":"AWD \/ 4x4","model":"GLC Kup\u00e9","seats":5,"region":"Banskobystrick\u00fd kraj","mileage":103898,"emisions":"Euro 6","features":["Alarm","Posilova\u010d \u0159\u00edzen\u00ed","ABS","ESP","Brzdov\u00fd asistent (EBA, BAS)","ISOFIX na zadn\u00edch sedadlech","Deaktivace airbagu spolujezdce","Asistent d\u00e1lkov\u00fdch sv\u011btel (HBA)","Centr\u00e1ln\u00ed zamyk\u00e1n\u00ed","Zadn\u00ed el. stahovateln\u00e1 okna","El. nastaviteln\u00e1 p\u0159edn\u00ed sedadla","Elektricky nastaviteln\u00e1 zp\u011btn\u00e1 zrc\u00e1tka","Automatick\u00e1 2-z\u00f3nov\u00e1 klimatizace","Centr\u00e1ln\u00ed zamyk\u00e1n\u00ed na d\u00e1lkov\u00e9 ovl\u00e1d\u00e1n\u00ed","Autor\u00e1dio","Vyh\u0159\u00edvan\u00e9 \u010deln\u00ed sklo","Multifunk\u010dn\u00ed volant","Loketn\u00ed op\u011brka vp\u0159edu","Start\/Stop syst\u00e9m","Lit\u00e1 kola","Imobiliz\u00e9r","Palubn\u00ed po\u010d\u00edta\u010d","Navigace","Automatick\u00e9 parkov\u00e1n\u00ed","Tempomat","Vyh\u0159\u00edvan\u00e1 sedadla","Senzor st\u011bra\u010d\u016f","Sv\u011bteln\u00fd senzor","Zimn\u00ed sada kol","Parkovac\u00ed kamera","P\u0159edn\u00ed a zadn\u00ed parkovac\u00ed senzory","Adaptivn\u00ed tempomat","El. ovl\u00e1dan\u00fd kufr","Elektrick\u00e9 dov\u00edr\u00e1n\u00ed zavazadlov\u00e9ho prostoru","Ventilovan\u00e1 p\u0159edn\u00ed sedadla","Bluetooth","Denn\u00ed sv\u00edcen\u00ed","LED sv\u011btlomety","Ambientn\u00ed LED osv\u011btlen\u00ed interi\u00e9ru","Serv. kni\u017eka","Mo\u017en\u00fd leasing","Ako nov\u00e9 k\u00fapen\u00e9 v SR","Mo\u017en\u00fd \u00faver","\u00dapln\u00e1 servisn\u00e1 hist\u00f3ria","Ko\u017een\u00fd bal\u00ed\u010dek","Odo-pass","Asisten\u010dn\u00ed syst\u00e9m pro sledov\u00e1n\u00ed mrtv\u00e9ho \u00fahlu"],"power_kw":190,"body_type":"SUV","condition":"Used","transmission":"automatic","vat_deductible":false,"consumption_city":7.2,"translation_hash":"fca792340caee401ce9c05e84ca50f60949ccfd4","vehicle_category":"car","engine_volume_cm3":2987,"first_registration":"2018-06-01","translation_status":"done","consumption_highway":5.7,"consumption_combined":6.2},"user_id":35,"is_sponsored":false,"views_count":3,"ai_views_count":3,"ai_vendor_counts":{"other":2,"anthropic":1},"visibility":"public","submission_source":null,"submission_ai_name":null,"has_owner_email":true,"can_contact_owner":true,"phone":"0904 440 337","owner_email":"cik@autorro.sk","user":{"id":35,"slug":"andrej-cik-35","name":"Andrej \u010c\u00edk","bio":"Makl\u00e9r. P\u016fsob\u00edm v Banskej Bystrici a okol\u00ed.\n\nP\u016fsobnost: Bansk\u00e1 Bystrica","nationality":"SK","languages":["cs","sk"],"service_areas":[],"card_style":null,"card_palette":null,"avatar_url":"https:\/\/cdn.assetlog.ai\/avatars\/35\/avatar_max.webp?v=1786535213","avatar_thumb_url":"https:\/\/cdn.assetlog.ai\/avatars\/35\/avatar_small.webp?v=1786535213","reviews_count":0,"avg_rating":null,"seller_badge":"silver","can_calendar":true,"joined_at":"2026-06-07T07:44:52+00:00","primary_intent":null,"seeking":[],"public_assets_count":48,"public_prompts_count":0,"followers_count":0},"images":[{"id":139484,"max":"https:\/\/cdn.assetlog.ai\/assets\/177371\/mercedes-benz-glc-kupe-350d-4matic-190kw258hp-at9-190kw-aj-na-splatky-protiucet_1_max.webp","medium":"https:\/\/cdn.assetlog.ai\/assets\/177371\/mercedes-benz-glc-kupe-350d-4matic-190kw258hp-at9-190kw-aj-na-splatky-protiucet_1_medium.webp","small":"https:\/\/cdn.assetlog.ai\/assets\/177371\/mercedes-benz-glc-kupe-350d-4matic-190kw258hp-at9-190kw-aj-na-splatky-protiucet_1_small.webp"},{"id":139485,"max":"https:\/\/cdn.assetlog.ai\/assets\/177371\/mercedes-benz-glc-kupe-350d-4matic-190kw258hp-at9-190kw-aj-na-splatky-protiucet_2_max.webp","medium":"https:\/\/cdn.assetlog.ai\/assets\/177371\/mercedes-benz-glc-kupe-350d-4matic-190kw258hp-at9-190kw-aj-na-splatky-protiucet_2_medium.webp","small":"https:\/\/cdn.assetlog.ai\/assets\/177371\/mercedes-benz-glc-kupe-350d-4matic-190kw258hp-at9-190kw-aj-na-splatky-protiucet_2_small.webp"},{"id":139486,"max":"https:\/\/cdn.assetlog.ai\/assets\/177371\/mercedes-benz-glc-kupe-350d-4matic-190kw258hp-at9-190kw-aj-na-splatky-protiucet_3_max.webp","medium":"https:\/\/cdn.assetlog.ai\/assets\/177371\/mercedes-benz-glc-kupe-350d-4matic-190kw258hp-at9-190kw-aj-na-splatky-protiucet_3_medium.webp","small":"https:\/\/cdn.assetlog.ai\/assets\/177371\/mercedes-benz-glc-kupe-350d-4matic-190kw258hp-at9-190kw-aj-na-splatky-protiucet_3_small.webp"},{"id":139487,"max":"https:\/\/cdn.assetlog.ai\/assets\/177371\/mercedes-benz-glc-kupe-350d-4matic-190kw258hp-at9-190kw-aj-na-splatky-protiucet_4_max.webp","medium":"https:\/\/cdn.assetlog.ai\/assets\/177371\/mercedes-benz-glc-kupe-350d-4matic-190kw258hp-at9-190kw-aj-na-splatky-protiucet_4_medium.webp","small":"https:\/\/cdn.assetlog.ai\/assets\/177371\/mercedes-benz-glc-kupe-350d-4matic-190kw258hp-at9-190kw-aj-na-splatky-protiucet_4_small.webp"},{"id":139488,"max":"https:\/\/cdn.assetlog.ai\/assets\/177371\/mercedes-benz-glc-kupe-350d-4matic-190kw258hp-at9-190kw-aj-na-splatky-protiucet_5_max.webp","medium":"https:\/\/cdn.assetlog.ai\/assets\/177371\/mercedes-benz-glc-kupe-350d-4matic-190kw258hp-at9-190kw-aj-na-splatky-protiucet_5_medium.webp","small":"https:\/\/cdn.assetlog.ai\/assets\/177371\/mercedes-benz-glc-kupe-350d-4matic-190kw258hp-at9-190kw-aj-na-splatky-protiucet_5_small.webp"},{"id":139489,"max":"https:\/\/cdn.assetlog.ai\/assets\/177371\/mercedes-benz-glc-kupe-350d-4matic-190kw258hp-at9-190kw-aj-na-splatky-protiucet_6_max.webp","medium":"https:\/\/cdn.assetlog.ai\/assets\/177371\/mercedes-benz-glc-kupe-350d-4matic-190kw258hp-at9-190kw-aj-na-splatky-protiucet_6_medium.webp","small":"https:\/\/cdn.assetlog.ai\/assets\/177371\/mercedes-benz-glc-kupe-350d-4matic-190kw258hp-at9-190kw-aj-na-splatky-protiucet_6_small.webp"},{"id":139490,"max":"https:\/\/cdn.assetlog.ai\/assets\/177371\/mercedes-benz-glc-kupe-350d-4matic-190kw258hp-at9-190kw-aj-na-splatky-protiucet_7_max.webp","medium":"https:\/\/cdn.assetlog.ai\/assets\/177371\/mercedes-benz-glc-kupe-350d-4matic-190kw258hp-at9-190kw-aj-na-splatky-protiucet_7_medium.webp","small":"https:\/\/cdn.assetlog.ai\/assets\/177371\/mercedes-benz-glc-kupe-350d-4matic-190kw258hp-at9-190kw-aj-na-splatky-protiucet_7_small.webp"},{"id":139491,"max":"https:\/\/cdn.assetlog.ai\/assets\/177371\/mercedes-benz-glc-kupe-350d-4matic-190kw258hp-at9-190kw-aj-na-splatky-protiucet_8_max.webp","medium":"https:\/\/cdn.assetlog.ai\/assets\/177371\/mercedes-benz-glc-kupe-350d-4matic-190kw258hp-at9-190kw-aj-na-splatky-protiucet_8_medium.webp","small":"https:\/\/cdn.assetlog.ai\/assets\/177371\/mercedes-benz-glc-kupe-350d-4matic-190kw258hp-at9-190kw-aj-na-splatky-protiucet_8_small.webp"},{"id":139492,"max":"https:\/\/cdn.assetlog.ai\/assets\/177371\/mercedes-benz-glc-kupe-350d-4matic-190kw258hp-at9-190kw-aj-na-splatky-protiucet_9_max.webp","medium":"https:\/\/cdn.assetlog.ai\/assets\/177371\/mercedes-benz-glc-kupe-350d-4matic-190kw258hp-at9-190kw-aj-na-splatky-protiucet_9_medium.webp","small":"https:\/\/cdn.assetlog.ai\/assets\/177371\/mercedes-benz-glc-kupe-350d-4matic-190kw258hp-at9-190kw-aj-na-splatky-protiucet_9_small.webp"},{"id":139493,"max":"https:\/\/cdn.assetlog.ai\/assets\/177371\/mercedes-benz-glc-kupe-350d-4matic-190kw258hp-at9-190kw-aj-na-splatky-protiucet_10_max.webp","medium":"https:\/\/cdn.assetlog.ai\/assets\/177371\/mercedes-benz-glc-kupe-350d-4matic-190kw258hp-at9-190kw-aj-na-splatky-protiucet_10_medium.webp","small":"https:\/\/cdn.assetlog.ai\/assets\/177371\/mercedes-benz-glc-kupe-350d-4matic-190kw258hp-at9-190kw-aj-na-splatky-protiucet_10_small.webp"},{"id":139494,"max":"https:\/\/cdn.assetlog.ai\/assets\/177371\/mercedes-benz-glc-kupe-350d-4matic-190kw258hp-at9-190kw-aj-na-splatky-protiucet_11_max.webp","medium":"https:\/\/cdn.assetlog.ai\/assets\/177371\/mercedes-benz-glc-kupe-350d-4matic-190kw258hp-at9-190kw-aj-na-splatky-protiucet_11_medium.webp","small":"https:\/\/cdn.assetlog.ai\/assets\/177371\/mercedes-benz-glc-kupe-350d-4matic-190kw258hp-at9-190kw-aj-na-splatky-protiucet_11_small.webp"},{"id":139495,"max":"https:\/\/cdn.assetlog.ai\/assets\/177371\/mercedes-benz-glc-kupe-350d-4matic-190kw258hp-at9-190kw-aj-na-splatky-protiucet_12_max.webp","medium":"https:\/\/cdn.assetlog.ai\/assets\/177371\/mercedes-benz-glc-kupe-350d-4matic-190kw258hp-at9-190kw-aj-na-splatky-protiucet_12_medium.webp","small":"https:\/\/cdn.assetlog.ai\/assets\/177371\/mercedes-benz-glc-kupe-350d-4matic-190kw258hp-at9-190kw-aj-na-splatky-protiucet_12_small.webp"},{"id":139496,"max":"https:\/\/cdn.assetlog.ai\/assets\/177371\/mercedes-benz-glc-kupe-350d-4matic-190kw258hp-at9-190kw-aj-na-splatky-protiucet_13_max.webp","medium":"https:\/\/cdn.assetlog.ai\/assets\/177371\/mercedes-benz-glc-kupe-350d-4matic-190kw258hp-at9-190kw-aj-na-splatky-protiucet_13_medium.webp","small":"https:\/\/cdn.assetlog.ai\/assets\/177371\/mercedes-benz-glc-kupe-350d-4matic-190kw258hp-at9-190kw-aj-na-splatky-protiucet_13_small.webp"},{"id":139497,"max":"https:\/\/cdn.assetlog.ai\/assets\/177371\/mercedes-benz-glc-kupe-350d-4matic-190kw258hp-at9-190kw-aj-na-splatky-protiucet_14_max.webp","medium":"https:\/\/cdn.assetlog.ai\/assets\/177371\/mercedes-benz-glc-kupe-350d-4matic-190kw258hp-at9-190kw-aj-na-splatky-protiucet_14_medium.webp","small":"https:\/\/cdn.assetlog.ai\/assets\/177371\/mercedes-benz-glc-kupe-350d-4matic-190kw258hp-at9-190kw-aj-na-splatky-protiucet_14_small.webp"},{"id":139498,"max":"https:\/\/cdn.assetlog.ai\/assets\/177371\/mercedes-benz-glc-kupe-350d-4matic-190kw258hp-at9-190kw-aj-na-splatky-protiucet_15_max.webp","medium":"https:\/\/cdn.assetlog.ai\/assets\/177371\/mercedes-benz-glc-kupe-350d-4matic-190kw258hp-at9-190kw-aj-na-splatky-protiucet_15_medium.webp","small":"https:\/\/cdn.assetlog.ai\/assets\/177371\/mercedes-benz-glc-kupe-350d-4matic-190kw258hp-at9-190kw-aj-na-splatky-protiucet_15_small.webp"},{"id":139499,"max":"https:\/\/cdn.assetlog.ai\/assets\/177371\/mercedes-benz-glc-kupe-350d-4matic-190kw258hp-at9-190kw-aj-na-splatky-protiucet_16_max.webp","medium":"https:\/\/cdn.assetlog.ai\/assets\/177371\/mercedes-benz-glc-kupe-350d-4matic-190kw258hp-at9-190kw-aj-na-splatky-protiucet_16_medium.webp","small":"https:\/\/cdn.assetlog.ai\/assets\/177371\/mercedes-benz-glc-kupe-350d-4matic-190kw258hp-at9-190kw-aj-na-splatky-protiucet_16_small.webp"},{"id":139500,"max":"https:\/\/cdn.assetlog.ai\/assets\/177371\/mercedes-benz-glc-kupe-350d-4matic-190kw258hp-at9-190kw-aj-na-splatky-protiucet_17_max.webp","medium":"https:\/\/cdn.assetlog.ai\/assets\/177371\/mercedes-benz-glc-kupe-350d-4matic-190kw258hp-at9-190kw-aj-na-splatky-protiucet_17_medium.webp","small":"https:\/\/cdn.assetlog.ai\/assets\/177371\/mercedes-benz-glc-kupe-350d-4matic-190kw258hp-at9-190kw-aj-na-splatky-protiucet_17_small.webp"},{"id":139501,"max":"https:\/\/cdn.assetlog.ai\/assets\/177371\/mercedes-benz-glc-kupe-350d-4matic-190kw258hp-at9-190kw-aj-na-splatky-protiucet_18_max.webp","medium":"https:\/\/cdn.assetlog.ai\/assets\/177371\/mercedes-benz-glc-kupe-350d-4matic-190kw258hp-at9-190kw-aj-na-splatky-protiucet_18_medium.webp","small":"https:\/\/cdn.assetlog.ai\/assets\/177371\/mercedes-benz-glc-kupe-350d-4matic-190kw258hp-at9-190kw-aj-na-splatky-protiucet_18_small.webp"},{"id":139502,"max":"https:\/\/cdn.assetlog.ai\/assets\/177371\/mercedes-benz-glc-kupe-350d-4matic-190kw258hp-at9-190kw-aj-na-splatky-protiucet_19_max.webp","medium":"https:\/\/cdn.assetlog.ai\/assets\/177371\/mercedes-benz-glc-kupe-350d-4matic-190kw258hp-at9-190kw-aj-na-splatky-protiucet_19_medium.webp","small":"https:\/\/cdn.assetlog.ai\/assets\/177371\/mercedes-benz-glc-kupe-350d-4matic-190kw258hp-at9-190kw-aj-na-splatky-protiucet_19_small.webp"},{"id":139503,"max":"https:\/\/cdn.assetlog.ai\/assets\/177371\/mercedes-benz-glc-kupe-350d-4matic-190kw258hp-at9-190kw-aj-na-splatky-protiucet_20_max.webp","medium":"https:\/\/cdn.assetlog.ai\/assets\/177371\/mercedes-benz-glc-kupe-350d-4matic-190kw258hp-at9-190kw-aj-na-splatky-protiucet_20_medium.webp","small":"https:\/\/cdn.assetlog.ai\/assets\/177371\/mercedes-benz-glc-kupe-350d-4matic-190kw258hp-at9-190kw-aj-na-splatky-protiucet_20_small.webp"},{"id":139504,"max":"https:\/\/cdn.assetlog.ai\/assets\/177371\/mercedes-benz-glc-kupe-350d-4matic-190kw258hp-at9-190kw-aj-na-splatky-protiucet_21_max.webp","medium":"https:\/\/cdn.assetlog.ai\/assets\/177371\/mercedes-benz-glc-kupe-350d-4matic-190kw258hp-at9-190kw-aj-na-splatky-protiucet_21_medium.webp","small":"https:\/\/cdn.assetlog.ai\/assets\/177371\/mercedes-benz-glc-kupe-350d-4matic-190kw258hp-at9-190kw-aj-na-splatky-protiucet_21_small.webp"},{"id":139505,"max":"https:\/\/cdn.assetlog.ai\/assets\/177371\/mercedes-benz-glc-kupe-350d-4matic-190kw258hp-at9-190kw-aj-na-splatky-protiucet_22_max.webp","medium":"https:\/\/cdn.assetlog.ai\/assets\/177371\/mercedes-benz-glc-kupe-350d-4matic-190kw258hp-at9-190kw-aj-na-splatky-protiucet_22_medium.webp","small":"https:\/\/cdn.assetlog.ai\/assets\/177371\/mercedes-benz-glc-kupe-350d-4matic-190kw258hp-at9-190kw-aj-na-splatky-protiucet_22_small.webp"},{"id":139506,"max":"https:\/\/cdn.assetlog.ai\/assets\/177371\/mercedes-benz-glc-kupe-350d-4matic-190kw258hp-at9-190kw-aj-na-splatky-protiucet_23_max.webp","medium":"https:\/\/cdn.assetlog.ai\/assets\/177371\/mercedes-benz-glc-kupe-350d-4matic-190kw258hp-at9-190kw-aj-na-splatky-protiucet_23_medium.webp","small":"https:\/\/cdn.assetlog.ai\/assets\/177371\/mercedes-benz-glc-kupe-350d-4matic-190kw258hp-at9-190kw-aj-na-splatky-protiucet_23_small.webp"},{"id":139507,"max":"https:\/\/cdn.assetlog.ai\/assets\/177371\/mercedes-benz-glc-kupe-350d-4matic-190kw258hp-at9-190kw-aj-na-splatky-protiucet_24_max.webp","medium":"https:\/\/cdn.assetlog.ai\/assets\/177371\/mercedes-benz-glc-kupe-350d-4matic-190kw258hp-at9-190kw-aj-na-splatky-protiucet_24_medium.webp","small":"https:\/\/cdn.assetlog.ai\/assets\/177371\/mercedes-benz-glc-kupe-350d-4matic-190kw258hp-at9-190kw-aj-na-splatky-protiucet_24_small.webp"},{"id":139508,"max":"https:\/\/cdn.assetlog.ai\/assets\/177371\/mercedes-benz-glc-kupe-350d-4matic-190kw258hp-at9-190kw-aj-na-splatky-protiucet_25_max.webp","medium":"https:\/\/cdn.assetlog.ai\/assets\/177371\/mercedes-benz-glc-kupe-350d-4matic-190kw258hp-at9-190kw-aj-na-splatky-protiucet_25_medium.webp","small":"https:\/\/cdn.assetlog.ai\/assets\/177371\/mercedes-benz-glc-kupe-350d-4matic-190kw258hp-at9-190kw-aj-na-splatky-protiucet_25_small.webp"},{"id":139509,"max":"https:\/\/cdn.assetlog.ai\/assets\/177371\/mercedes-benz-glc-kupe-350d-4matic-190kw258hp-at9-190kw-aj-na-splatky-protiucet_26_max.webp","medium":"https:\/\/cdn.assetlog.ai\/assets\/177371\/mercedes-benz-glc-kupe-350d-4matic-190kw258hp-at9-190kw-aj-na-splatky-protiucet_26_medium.webp","small":"https:\/\/cdn.assetlog.ai\/assets\/177371\/mercedes-benz-glc-kupe-350d-4matic-190kw258hp-at9-190kw-aj-na-splatky-protiucet_26_small.webp"},{"id":139510,"max":"https:\/\/cdn.assetlog.ai\/assets\/177371\/mercedes-benz-glc-kupe-350d-4matic-190kw258hp-at9-190kw-aj-na-splatky-protiucet_27_max.webp","medium":"https:\/\/cdn.assetlog.ai\/assets\/177371\/mercedes-benz-glc-kupe-350d-4matic-190kw258hp-at9-190kw-aj-na-splatky-protiucet_27_medium.webp","small":"https:\/\/cdn.assetlog.ai\/assets\/177371\/mercedes-benz-glc-kupe-350d-4matic-190kw258hp-at9-190kw-aj-na-splatky-protiucet_27_small.webp"},{"id":139511,"max":"https:\/\/cdn.assetlog.ai\/assets\/177371\/mercedes-benz-glc-kupe-350d-4matic-190kw258hp-at9-190kw-aj-na-splatky-protiucet_28_max.webp","medium":"https:\/\/cdn.assetlog.ai\/assets\/177371\/mercedes-benz-glc-kupe-350d-4matic-190kw258hp-at9-190kw-aj-na-splatky-protiucet_28_medium.webp","small":"https:\/\/cdn.assetlog.ai\/assets\/177371\/mercedes-benz-glc-kupe-350d-4matic-190kw258hp-at9-190kw-aj-na-splatky-protiucet_28_small.webp"},{"id":139512,"max":"https:\/\/cdn.assetlog.ai\/assets\/177371\/mercedes-benz-glc-kupe-350d-4matic-190kw258hp-at9-190kw-aj-na-splatky-protiucet_29_max.webp","medium":"https:\/\/cdn.assetlog.ai\/assets\/177371\/mercedes-benz-glc-kupe-350d-4matic-190kw258hp-at9-190kw-aj-na-splatky-protiucet_29_medium.webp","small":"https:\/\/cdn.assetlog.ai\/assets\/177371\/mercedes-benz-glc-kupe-350d-4matic-190kw258hp-at9-190kw-aj-na-splatky-protiucet_29_small.webp"},{"id":139513,"max":"https:\/\/cdn.assetlog.ai\/assets\/177371\/mercedes-benz-glc-kupe-350d-4matic-190kw258hp-at9-190kw-aj-na-splatky-protiucet_30_max.webp","medium":"https:\/\/cdn.assetlog.ai\/assets\/177371\/mercedes-benz-glc-kupe-350d-4matic-190kw258hp-at9-190kw-aj-na-splatky-protiucet_30_medium.webp","small":"https:\/\/cdn.assetlog.ai\/assets\/177371\/mercedes-benz-glc-kupe-350d-4matic-190kw258hp-at9-190kw-aj-na-splatky-protiucet_30_small.webp"},{"id":139514,"max":"https:\/\/cdn.assetlog.ai\/assets\/177371\/mercedes-benz-glc-kupe-350d-4matic-190kw258hp-at9-190kw-aj-na-splatky-protiucet_31_max.webp","medium":"https:\/\/cdn.assetlog.ai\/assets\/177371\/mercedes-benz-glc-kupe-350d-4matic-190kw258hp-at9-190kw-aj-na-splatky-protiucet_31_medium.webp","small":"https:\/\/cdn.assetlog.ai\/assets\/177371\/mercedes-benz-glc-kupe-350d-4matic-190kw258hp-at9-190kw-aj-na-splatky-protiucet_31_small.webp"},{"id":139515,"max":"https:\/\/cdn.assetlog.ai\/assets\/177371\/mercedes-benz-glc-kupe-350d-4matic-190kw258hp-at9-190kw-aj-na-splatky-protiucet_32_max.webp","medium":"https:\/\/cdn.assetlog.ai\/assets\/177371\/mercedes-benz-glc-kupe-350d-4matic-190kw258hp-at9-190kw-aj-na-splatky-protiucet_32_medium.webp","small":"https:\/\/cdn.assetlog.ai\/assets\/177371\/mercedes-benz-glc-kupe-350d-4matic-190kw258hp-at9-190kw-aj-na-splatky-protiucet_32_small.webp"},{"id":139516,"max":"https:\/\/cdn.assetlog.ai\/assets\/177371\/mercedes-benz-glc-kupe-350d-4matic-190kw258hp-at9-190kw-aj-na-splatky-protiucet_33_max.webp","medium":"https:\/\/cdn.assetlog.ai\/assets\/177371\/mercedes-benz-glc-kupe-350d-4matic-190kw258hp-at9-190kw-aj-na-splatky-protiucet_33_medium.webp","small":"https:\/\/cdn.assetlog.ai\/assets\/177371\/mercedes-benz-glc-kupe-350d-4matic-190kw258hp-at9-190kw-aj-na-splatky-protiucet_33_small.webp"},{"id":139517,"max":"https:\/\/cdn.assetlog.ai\/assets\/177371\/mercedes-benz-glc-kupe-350d-4matic-190kw258hp-at9-190kw-aj-na-splatky-protiucet_34_max.webp","medium":"https:\/\/cdn.assetlog.ai\/assets\/177371\/mercedes-benz-glc-kupe-350d-4matic-190kw258hp-at9-190kw-aj-na-splatky-protiucet_34_medium.webp","small":"https:\/\/cdn.assetlog.ai\/assets\/177371\/mercedes-benz-glc-kupe-350d-4matic-190kw258hp-at9-190kw-aj-na-splatky-protiucet_34_small.webp"},{"id":139518,"max":"https:\/\/cdn.assetlog.ai\/assets\/177371\/mercedes-benz-glc-kupe-350d-4matic-190kw258hp-at9-190kw-aj-na-splatky-protiucet_35_max.webp","medium":"https:\/\/cdn.assetlog.ai\/assets\/177371\/mercedes-benz-glc-kupe-350d-4matic-190kw258hp-at9-190kw-aj-na-splatky-protiucet_35_medium.webp","small":"https:\/\/cdn.assetlog.ai\/assets\/177371\/mercedes-benz-glc-kupe-350d-4matic-190kw258hp-at9-190kw-aj-na-splatky-protiucet_35_small.webp"},{"id":139519,"max":"https:\/\/cdn.assetlog.ai\/assets\/177371\/mercedes-benz-glc-kupe-350d-4matic-190kw258hp-at9-190kw-aj-na-splatky-protiucet_36_max.webp","medium":"https:\/\/cdn.assetlog.ai\/assets\/177371\/mercedes-benz-glc-kupe-350d-4matic-190kw258hp-at9-190kw-aj-na-splatky-protiucet_36_medium.webp","small":"https:\/\/cdn.assetlog.ai\/assets\/177371\/mercedes-benz-glc-kupe-350d-4matic-190kw258hp-at9-190kw-aj-na-splatky-protiucet_36_small.webp"},{"id":139520,"max":"https:\/\/cdn.assetlog.ai\/assets\/177371\/mercedes-benz-glc-kupe-350d-4matic-190kw258hp-at9-190kw-aj-na-splatky-protiucet_37_max.webp","medium":"https:\/\/cdn.assetlog.ai\/assets\/177371\/mercedes-benz-glc-kupe-350d-4matic-190kw258hp-at9-190kw-aj-na-splatky-protiucet_37_medium.webp","small":"https:\/\/cdn.assetlog.ai\/assets\/177371\/mercedes-benz-glc-kupe-350d-4matic-190kw258hp-at9-190kw-aj-na-splatky-protiucet_37_small.webp"},{"id":139521,"max":"https:\/\/cdn.assetlog.ai\/assets\/177371\/mercedes-benz-glc-kupe-350d-4matic-190kw258hp-at9-190kw-aj-na-splatky-protiucet_38_max.webp","medium":"https:\/\/cdn.assetlog.ai\/assets\/177371\/mercedes-benz-glc-kupe-350d-4matic-190kw258hp-at9-190kw-aj-na-splatky-protiucet_38_medium.webp","small":"https:\/\/cdn.assetlog.ai\/assets\/177371\/mercedes-benz-glc-kupe-350d-4matic-190kw258hp-at9-190kw-aj-na-splatky-protiucet_38_small.webp"},{"id":139522,"max":"https:\/\/cdn.assetlog.ai\/assets\/177371\/mercedes-benz-glc-kupe-350d-4matic-190kw258hp-at9-190kw-aj-na-splatky-protiucet_39_max.webp","medium":"https:\/\/cdn.assetlog.ai\/assets\/177371\/mercedes-benz-glc-kupe-350d-4matic-190kw258hp-at9-190kw-aj-na-splatky-protiucet_39_medium.webp","small":"https:\/\/cdn.assetlog.ai\/assets\/177371\/mercedes-benz-glc-kupe-350d-4matic-190kw258hp-at9-190kw-aj-na-splatky-protiucet_39_small.webp"},{"id":139523,"max":"https:\/\/cdn.assetlog.ai\/assets\/177371\/mercedes-benz-glc-kupe-350d-4matic-190kw258hp-at9-190kw-aj-na-splatky-protiucet_40_max.webp","medium":"https:\/\/cdn.assetlog.ai\/assets\/177371\/mercedes-benz-glc-kupe-350d-4matic-190kw258hp-at9-190kw-aj-na-splatky-protiucet_40_medium.webp","small":"https:\/\/cdn.assetlog.ai\/assets\/177371\/mercedes-benz-glc-kupe-350d-4matic-190kw258hp-at9-190kw-aj-na-splatky-protiucet_40_small.webp"}],"published_at":null,"expires_at":null,"created_at":"2026-08-29T03:45:34+00:00","updated_at":"2026-09-01T19:01:37+00:00"}}