{"data":{"id":116964,"slug":"mercedes-benz-glc-suv-220d-4matic-aj-na-splatky-protiucet","type":"vehicle","title":"Mercedes-Benz GLC SUV 220d 4Matic \/ AVAILABLE FOR INSTALLMENTS \/ TRADE-IN","description":"Commission sale - you are buying the vehicle directly from the owner.\n\nI am selling a Mercedes-Benz GLC 220d with intelligent all-wheel drive (4Matic) and automatic transmission. The vehicle comes from the first owner and includes 2 keys. A complete service history is available for the vehicle. Rich and practical equipment includes original electrically controlled tow hook, powerful front LED High Performance headlights, camera, Apple CarPlay and Android Auto and more.\n\nThe vehicle has passed insurance records check, execution check, paint thickness measurement and document verification. Physically inspected, also through the vehicle operating records registry.\n\nWe offer favorable financing with monthly installments, so you can enjoy your new vehicle right away without waiting with 0% down payment and installments up to 96 months.\n\nFor your greater convenience and peace of mind, we can provide you with extended warranty up to 12-36 months.\n\nIf you already own a vehicle, you don't have to worry about selling it - in return we will take it directly from you. Just come to us with it, we will evaluate it and deduct the costs from the value of your new vehicle. You will save time, hassle and money and the entire process will be quick and easy - you will drive away in your new vehicle without unnecessary paperwork.\n\nVEHICLE LOCATED IN \u017dilina. For more information, we will be happy to help you at phone number 0910 212 629. Emission test valid until: 2026-08-31. Technical inspection valid until: 2026-08-31.\n\nTechnical data\n\nYear of manufacture: 08\/22, 1950cc, 143kW (194PS), Drive: 4\u00d74, Automatic transmission (9-speed), Diesel, EURO 6, 5-door, (5-seater), 21,808 km, Black, VIN W1N2539151V393615\n\nVehicle consumption (l\/100km)\n\nUrban: 5.8, Extra-urban: 4.9, Combined: 5.2\n\nFirst owner, Leasing possible, Loan possible, Complete service history","language":"cs","is_translated":true,"title_original":"Mercedes-Benz GLC SUV 220d 4Matic \/ AJ NA SPL\u00c1TKY \/ PROTI\u00da\u010cET","description_original":"Komisn\u00ed prodej - vozidlo kupujete p\u0159\u00edmo od majitele.\n\nProd\u00e1v\u00e1m Mercedes-Benz GLC 220d s inteligentn\u00edm pohonem v\u0161ech \u010dty\u0159 kol (4Matic) a automatickou p\u0159evodovkou. V\u016fz poch\u00e1z\u00ed od prvn\u00edho majitele a jsou k n\u011bmu p\u0159ilo\u017eeny 2 kl\u00ed\u010de. K vozidlu je k dispozici kompletn\u00ed servisn\u00ed historie. Bohat\u00e1 a praktick\u00e1 v\u00fdbava zahrnuje origin\u00e1ln\u00ed elektricky ovl\u00e1dan\u00e9 ta\u017en\u00e9 za\u0159\u00edzen\u00ed, v\u00fdkonn\u00e9 p\u0159edn\u00ed LED High Performance sv\u011btlomety, kameru, Apple CarPlay a Android Auto a dal\u0161\u00ed.\n\nVozidlo pro\u0161lo kontrolou z\u00e1znam\u016f o poji\u0161t\u011bn\u00ed, exekuc\u00ed, m\u011b\u0159en\u00edm laku a kontrolou doklad\u016f. Zkontrolov\u00e1no fyzicky, tak\u00e9 prost\u0159ednictv\u00edm registru provozn\u00edch z\u00e1znam\u016f vozidla.\n\nNab\u00edz\u00edme v\u00fdhodn\u00e9 financov\u00e1n\u00ed na m\u011bs\u00ed\u010dn\u00ed spl\u00e1tky, tak\u017ee si sv\u016fj nov\u00fd v\u016fz m\u016f\u017eete u\u017e\u00edvat hned a bez \u010dek\u00e1n\u00ed s akontac\u00ed 0 % a spl\u00e1tkami a\u017e na 96 m\u011bs\u00edc\u016f.\n\nPro va\u0161e v\u011bt\u0161\u00ed pohodl\u00ed a jistotu v\u00e1m m\u016f\u017eeme poskytnout prodlou\u017eenou z\u00e1ruku a\u017e na 12-36 m\u011bs\u00edc\u016f.\n\nPokud ji\u017e v\u016fz vlastn\u00edte, nemus\u00edte se zab\u00fdvat jeho prodejem - na opl\u00e1tku si ho od v\u00e1s p\u0159\u00edmo vezmeme. Sta\u010d\u00ed, kdy\u017e k n\u00e1m s n\u00edm p\u0159ijdete, my ho ocen\u00edme a n\u00e1klady ode\u010dteme od hodnoty va\u0161eho nov\u00e9ho vozu. U\u0161et\u0159\u00edte tak \u010das, starosti i pen\u00edze a cel\u00fd proces bude rychl\u00fd a snadn\u00fd - odjedete rovnou ve sv\u00e9m nov\u00e9m voze bez zbyte\u010dn\u00e9ho pap\u00edrov\u00e1n\u00ed.\n\nVOZIDLO SE NACH\u00c1Z\u00cd V \u017diline. V\u00edce informac\u00ed v\u00e1m r\u00e1di poskytneme na telefonn\u00edm \u010d\u00edsle 0910 212 629. EK platn\u00e1 do: 2026-08-31. STK platn\u00e1 do: 2026-08-31.\n\nTechnick\u00e9 \u00fadaje\n\nv.v.: 08\/22, 1950cm\u00b3, 143kW (194PS), Pohon: 4\u00d74, Automatick\u00e1 p\u0159evodovka (9 st.), Diesel, EURO 6, 5 dv., (5-m\u00edstn\u00fd), 21 808km, \u010cern\u00e1, VIN W1N2539151V393615\n\nSpot\u0159eba vozidla (l\/100km)\n\nVe m\u011bst\u011b: 5.8, mimo m\u011bsto: 4.9, kombinovan\u00e1: 5.2\n\nPrvn\u00ed majitel, Mo\u017en\u00fd leasing, Mo\u017en\u00fd \u00fav\u011br, \u00dapln\u00e1 servisn\u00ed historie","price":"895528.00","currency":"CZK","status":"active","noindex":true,"location":{"address":null,"full_address":null,"city":"\u017dilina","country":"SK","latitude":49.2234674,"longitude":18.7393139},"metadata":{"vin":"W1N2539151V393615","fuel":"diesel","year":2022,"brand":"Mercedes","color":"Black","doors":5,"drive":"AWD \/ 4x4","model":"GLC","seats":5,"region":"\u017dilinsk\u00fd kraj","mileage":21808,"emisions":"Euro 6","features":["Alarm","Posilova\u010d \u0159\u00edzen\u00ed","ABS","ESP","Protiprokluzov\u00fd syst\u00e9m kol (TC, ASR)","Brzdov\u00fd asistent (EBA, BAS)","ISOFIX na zadn\u00edch sedadlech","Deaktivace airbagu spolujezdce","Nat\u00e1\u010dec\u00ed sv\u011btlomety","Senzor tlaku","Syst\u00e9m rozpozn\u00e1v\u00e1n\u00ed dopravn\u00edch zna\u010dek","Sledov\u00e1n\u00ed \u00fanavy \u0159idi\u010de","Asistent d\u00e1lkov\u00fdch sv\u011btel (HBA)","Centr\u00e1ln\u00ed zamyk\u00e1n\u00ed","Zadn\u00ed el. stahovateln\u00e1 okna","El. nastaviteln\u00e1 p\u0159edn\u00ed sedadla","Elektricky nastaviteln\u00e1 zp\u011btn\u00e1 zrc\u00e1tka","Automatick\u00e1 2-z\u00f3nov\u00e1 klimatizace","Centr\u00e1ln\u00ed zamyk\u00e1n\u00ed na d\u00e1lkov\u00e9 ovl\u00e1d\u00e1n\u00ed","Autor\u00e1dio","Multifunk\u010dn\u00ed volant","Loketn\u00ed op\u011brka vp\u0159edu","Start\/Stop syst\u00e9m","Klimatizovan\u00e1 p\u0159ihr\u00e1dka","Apple Car Play","Android Auto","Welcome light","Lit\u00e1 kola","Mlhovky","Imobiliz\u00e9r","Palubn\u00ed po\u010d\u00edta\u010d","Navigace","St\u0159e\u0161n\u00ed nosi\u010d","Ta\u017en\u00e9 za\u0159\u00edzen\u00ed","Tempomat","Elektricky vyh\u0159\u00edvan\u00e1 zp\u011btn\u00e1 zrc\u00e1tka","Senzor st\u011bra\u010d\u016f","Sv\u011bteln\u00fd senzor","Parkovac\u00ed kamera","P\u0159edn\u00ed a zadn\u00ed parkovac\u00ed senzory","Bluetooth","LED sv\u011btlomety","Prv\u00fd majite\u013e","Mo\u017en\u00fd leasing","Mo\u017en\u00fd \u00faver","\u00dapln\u00e1 servisn\u00e1 hist\u00f3ria","Adaptivn\u00ed podvozek","Ko\u017een\u00fd paket","Odo-pass","Asistent rozjezdu do kopce","MSR","Drive Select (j\u00edzdy re\u017eimy)","Elektricky sklopn\u00e1 zp\u011btn\u00e1 zrc\u00e1tka","Rozpozn\u00e1v\u00e1n\u00ed chodc\u016f","origin\u00e1ln\u00ed elektricky ovl\u00e1dan\u00e9 ta\u017en\u00e9 za\u0159\u00edzen\u00ed","LED High Performance sv\u011btla"],"power_kw":143,"body_type":"SUV","condition":"Used","transmission":"automatic","vat_deductible":false,"consumption_city":5.8,"translation_hash":"ead3de4c73eeed9b123ae5cebcc72ea219b54116","vehicle_category":"car","engine_volume_cm3":1950,"first_registration":"2022-08-01","translation_status":"done","consumption_highway":4.9,"consumption_combined":5.2},"user_id":32,"is_sponsored":false,"views_count":13,"ai_views_count":10,"ai_vendor_counts":{"other":1,"openai":5,"anthropic":4},"visibility":"public","submission_source":null,"submission_ai_name":null,"has_owner_email":true,"can_contact_owner":true,"phone":"0910 212 629","owner_email":"smiesko@autorro.sk","user":{"id":32,"slug":"tomas-smiesko-32","name":"Tom\u00e1\u0161 Smie\u0161ko","bio":"Makl\u00e9r. P\u016fsob\u00edm v \u017diline a okol\u00ed.\n\nP\u016fsobnost: \u017dilina","nationality":"SK","languages":["cs","sk"],"service_areas":[],"card_style":null,"card_palette":null,"avatar_url":"https:\/\/cdn.assetlog.ai\/avatars\/32\/avatar_max.webp?v=1786535213","avatar_thumb_url":"https:\/\/cdn.assetlog.ai\/avatars\/32\/avatar_small.webp?v=1786535213","reviews_count":0,"avg_rating":null,"seller_badge":"silver","can_calendar":true,"joined_at":"2026-06-07T07:44:49+00:00","primary_intent":null,"seeking":[],"public_assets_count":25,"public_prompts_count":0,"followers_count":0},"images":[{"id":96000,"max":"https:\/\/cdn.assetlog.ai\/assets\/116964\/mercedes-benz-gle-suv-220d-4matic-aj-na-splatky-protiucet_1_max.webp","medium":"https:\/\/cdn.assetlog.ai\/assets\/116964\/mercedes-benz-gle-suv-220d-4matic-aj-na-splatky-protiucet_1_medium.webp","small":"https:\/\/cdn.assetlog.ai\/assets\/116964\/mercedes-benz-gle-suv-220d-4matic-aj-na-splatky-protiucet_1_small.webp"},{"id":96001,"max":"https:\/\/cdn.assetlog.ai\/assets\/116964\/mercedes-benz-gle-suv-220d-4matic-aj-na-splatky-protiucet_2_max.webp","medium":"https:\/\/cdn.assetlog.ai\/assets\/116964\/mercedes-benz-gle-suv-220d-4matic-aj-na-splatky-protiucet_2_medium.webp","small":"https:\/\/cdn.assetlog.ai\/assets\/116964\/mercedes-benz-gle-suv-220d-4matic-aj-na-splatky-protiucet_2_small.webp"},{"id":96002,"max":"https:\/\/cdn.assetlog.ai\/assets\/116964\/mercedes-benz-gle-suv-220d-4matic-aj-na-splatky-protiucet_3_max.webp","medium":"https:\/\/cdn.assetlog.ai\/assets\/116964\/mercedes-benz-gle-suv-220d-4matic-aj-na-splatky-protiucet_3_medium.webp","small":"https:\/\/cdn.assetlog.ai\/assets\/116964\/mercedes-benz-gle-suv-220d-4matic-aj-na-splatky-protiucet_3_small.webp"},{"id":96003,"max":"https:\/\/cdn.assetlog.ai\/assets\/116964\/mercedes-benz-gle-suv-220d-4matic-aj-na-splatky-protiucet_4_max.webp","medium":"https:\/\/cdn.assetlog.ai\/assets\/116964\/mercedes-benz-gle-suv-220d-4matic-aj-na-splatky-protiucet_4_medium.webp","small":"https:\/\/cdn.assetlog.ai\/assets\/116964\/mercedes-benz-gle-suv-220d-4matic-aj-na-splatky-protiucet_4_small.webp"},{"id":96004,"max":"https:\/\/cdn.assetlog.ai\/assets\/116964\/mercedes-benz-gle-suv-220d-4matic-aj-na-splatky-protiucet_5_max.webp","medium":"https:\/\/cdn.assetlog.ai\/assets\/116964\/mercedes-benz-gle-suv-220d-4matic-aj-na-splatky-protiucet_5_medium.webp","small":"https:\/\/cdn.assetlog.ai\/assets\/116964\/mercedes-benz-gle-suv-220d-4matic-aj-na-splatky-protiucet_5_small.webp"},{"id":96005,"max":"https:\/\/cdn.assetlog.ai\/assets\/116964\/mercedes-benz-gle-suv-220d-4matic-aj-na-splatky-protiucet_6_max.webp","medium":"https:\/\/cdn.assetlog.ai\/assets\/116964\/mercedes-benz-gle-suv-220d-4matic-aj-na-splatky-protiucet_6_medium.webp","small":"https:\/\/cdn.assetlog.ai\/assets\/116964\/mercedes-benz-gle-suv-220d-4matic-aj-na-splatky-protiucet_6_small.webp"},{"id":96006,"max":"https:\/\/cdn.assetlog.ai\/assets\/116964\/mercedes-benz-gle-suv-220d-4matic-aj-na-splatky-protiucet_7_max.webp","medium":"https:\/\/cdn.assetlog.ai\/assets\/116964\/mercedes-benz-gle-suv-220d-4matic-aj-na-splatky-protiucet_7_medium.webp","small":"https:\/\/cdn.assetlog.ai\/assets\/116964\/mercedes-benz-gle-suv-220d-4matic-aj-na-splatky-protiucet_7_small.webp"},{"id":96007,"max":"https:\/\/cdn.assetlog.ai\/assets\/116964\/mercedes-benz-gle-suv-220d-4matic-aj-na-splatky-protiucet_8_max.webp","medium":"https:\/\/cdn.assetlog.ai\/assets\/116964\/mercedes-benz-gle-suv-220d-4matic-aj-na-splatky-protiucet_8_medium.webp","small":"https:\/\/cdn.assetlog.ai\/assets\/116964\/mercedes-benz-gle-suv-220d-4matic-aj-na-splatky-protiucet_8_small.webp"},{"id":96008,"max":"https:\/\/cdn.assetlog.ai\/assets\/116964\/mercedes-benz-gle-suv-220d-4matic-aj-na-splatky-protiucet_9_max.webp","medium":"https:\/\/cdn.assetlog.ai\/assets\/116964\/mercedes-benz-gle-suv-220d-4matic-aj-na-splatky-protiucet_9_medium.webp","small":"https:\/\/cdn.assetlog.ai\/assets\/116964\/mercedes-benz-gle-suv-220d-4matic-aj-na-splatky-protiucet_9_small.webp"},{"id":96009,"max":"https:\/\/cdn.assetlog.ai\/assets\/116964\/mercedes-benz-gle-suv-220d-4matic-aj-na-splatky-protiucet_10_max.webp","medium":"https:\/\/cdn.assetlog.ai\/assets\/116964\/mercedes-benz-gle-suv-220d-4matic-aj-na-splatky-protiucet_10_medium.webp","small":"https:\/\/cdn.assetlog.ai\/assets\/116964\/mercedes-benz-gle-suv-220d-4matic-aj-na-splatky-protiucet_10_small.webp"},{"id":96010,"max":"https:\/\/cdn.assetlog.ai\/assets\/116964\/mercedes-benz-gle-suv-220d-4matic-aj-na-splatky-protiucet_11_max.webp","medium":"https:\/\/cdn.assetlog.ai\/assets\/116964\/mercedes-benz-gle-suv-220d-4matic-aj-na-splatky-protiucet_11_medium.webp","small":"https:\/\/cdn.assetlog.ai\/assets\/116964\/mercedes-benz-gle-suv-220d-4matic-aj-na-splatky-protiucet_11_small.webp"},{"id":96011,"max":"https:\/\/cdn.assetlog.ai\/assets\/116964\/mercedes-benz-gle-suv-220d-4matic-aj-na-splatky-protiucet_12_max.webp","medium":"https:\/\/cdn.assetlog.ai\/assets\/116964\/mercedes-benz-gle-suv-220d-4matic-aj-na-splatky-protiucet_12_medium.webp","small":"https:\/\/cdn.assetlog.ai\/assets\/116964\/mercedes-benz-gle-suv-220d-4matic-aj-na-splatky-protiucet_12_small.webp"},{"id":96012,"max":"https:\/\/cdn.assetlog.ai\/assets\/116964\/mercedes-benz-gle-suv-220d-4matic-aj-na-splatky-protiucet_13_max.webp","medium":"https:\/\/cdn.assetlog.ai\/assets\/116964\/mercedes-benz-gle-suv-220d-4matic-aj-na-splatky-protiucet_13_medium.webp","small":"https:\/\/cdn.assetlog.ai\/assets\/116964\/mercedes-benz-gle-suv-220d-4matic-aj-na-splatky-protiucet_13_small.webp"},{"id":96013,"max":"https:\/\/cdn.assetlog.ai\/assets\/116964\/mercedes-benz-gle-suv-220d-4matic-aj-na-splatky-protiucet_14_max.webp","medium":"https:\/\/cdn.assetlog.ai\/assets\/116964\/mercedes-benz-gle-suv-220d-4matic-aj-na-splatky-protiucet_14_medium.webp","small":"https:\/\/cdn.assetlog.ai\/assets\/116964\/mercedes-benz-gle-suv-220d-4matic-aj-na-splatky-protiucet_14_small.webp"},{"id":96014,"max":"https:\/\/cdn.assetlog.ai\/assets\/116964\/mercedes-benz-gle-suv-220d-4matic-aj-na-splatky-protiucet_15_max.webp","medium":"https:\/\/cdn.assetlog.ai\/assets\/116964\/mercedes-benz-gle-suv-220d-4matic-aj-na-splatky-protiucet_15_medium.webp","small":"https:\/\/cdn.assetlog.ai\/assets\/116964\/mercedes-benz-gle-suv-220d-4matic-aj-na-splatky-protiucet_15_small.webp"},{"id":96015,"max":"https:\/\/cdn.assetlog.ai\/assets\/116964\/mercedes-benz-gle-suv-220d-4matic-aj-na-splatky-protiucet_16_max.webp","medium":"https:\/\/cdn.assetlog.ai\/assets\/116964\/mercedes-benz-gle-suv-220d-4matic-aj-na-splatky-protiucet_16_medium.webp","small":"https:\/\/cdn.assetlog.ai\/assets\/116964\/mercedes-benz-gle-suv-220d-4matic-aj-na-splatky-protiucet_16_small.webp"},{"id":96016,"max":"https:\/\/cdn.assetlog.ai\/assets\/116964\/mercedes-benz-gle-suv-220d-4matic-aj-na-splatky-protiucet_17_max.webp","medium":"https:\/\/cdn.assetlog.ai\/assets\/116964\/mercedes-benz-gle-suv-220d-4matic-aj-na-splatky-protiucet_17_medium.webp","small":"https:\/\/cdn.assetlog.ai\/assets\/116964\/mercedes-benz-gle-suv-220d-4matic-aj-na-splatky-protiucet_17_small.webp"},{"id":96017,"max":"https:\/\/cdn.assetlog.ai\/assets\/116964\/mercedes-benz-gle-suv-220d-4matic-aj-na-splatky-protiucet_18_max.webp","medium":"https:\/\/cdn.assetlog.ai\/assets\/116964\/mercedes-benz-gle-suv-220d-4matic-aj-na-splatky-protiucet_18_medium.webp","small":"https:\/\/cdn.assetlog.ai\/assets\/116964\/mercedes-benz-gle-suv-220d-4matic-aj-na-splatky-protiucet_18_small.webp"},{"id":96018,"max":"https:\/\/cdn.assetlog.ai\/assets\/116964\/mercedes-benz-gle-suv-220d-4matic-aj-na-splatky-protiucet_19_max.webp","medium":"https:\/\/cdn.assetlog.ai\/assets\/116964\/mercedes-benz-gle-suv-220d-4matic-aj-na-splatky-protiucet_19_medium.webp","small":"https:\/\/cdn.assetlog.ai\/assets\/116964\/mercedes-benz-gle-suv-220d-4matic-aj-na-splatky-protiucet_19_small.webp"},{"id":96019,"max":"https:\/\/cdn.assetlog.ai\/assets\/116964\/mercedes-benz-gle-suv-220d-4matic-aj-na-splatky-protiucet_20_max.webp","medium":"https:\/\/cdn.assetlog.ai\/assets\/116964\/mercedes-benz-gle-suv-220d-4matic-aj-na-splatky-protiucet_20_medium.webp","small":"https:\/\/cdn.assetlog.ai\/assets\/116964\/mercedes-benz-gle-suv-220d-4matic-aj-na-splatky-protiucet_20_small.webp"},{"id":96020,"max":"https:\/\/cdn.assetlog.ai\/assets\/116964\/mercedes-benz-gle-suv-220d-4matic-aj-na-splatky-protiucet_21_max.webp","medium":"https:\/\/cdn.assetlog.ai\/assets\/116964\/mercedes-benz-gle-suv-220d-4matic-aj-na-splatky-protiucet_21_medium.webp","small":"https:\/\/cdn.assetlog.ai\/assets\/116964\/mercedes-benz-gle-suv-220d-4matic-aj-na-splatky-protiucet_21_small.webp"},{"id":96021,"max":"https:\/\/cdn.assetlog.ai\/assets\/116964\/mercedes-benz-gle-suv-220d-4matic-aj-na-splatky-protiucet_22_max.webp","medium":"https:\/\/cdn.assetlog.ai\/assets\/116964\/mercedes-benz-gle-suv-220d-4matic-aj-na-splatky-protiucet_22_medium.webp","small":"https:\/\/cdn.assetlog.ai\/assets\/116964\/mercedes-benz-gle-suv-220d-4matic-aj-na-splatky-protiucet_22_small.webp"},{"id":96022,"max":"https:\/\/cdn.assetlog.ai\/assets\/116964\/mercedes-benz-gle-suv-220d-4matic-aj-na-splatky-protiucet_23_max.webp","medium":"https:\/\/cdn.assetlog.ai\/assets\/116964\/mercedes-benz-gle-suv-220d-4matic-aj-na-splatky-protiucet_23_medium.webp","small":"https:\/\/cdn.assetlog.ai\/assets\/116964\/mercedes-benz-gle-suv-220d-4matic-aj-na-splatky-protiucet_23_small.webp"},{"id":96023,"max":"https:\/\/cdn.assetlog.ai\/assets\/116964\/mercedes-benz-gle-suv-220d-4matic-aj-na-splatky-protiucet_24_max.webp","medium":"https:\/\/cdn.assetlog.ai\/assets\/116964\/mercedes-benz-gle-suv-220d-4matic-aj-na-splatky-protiucet_24_medium.webp","small":"https:\/\/cdn.assetlog.ai\/assets\/116964\/mercedes-benz-gle-suv-220d-4matic-aj-na-splatky-protiucet_24_small.webp"},{"id":96024,"max":"https:\/\/cdn.assetlog.ai\/assets\/116964\/mercedes-benz-gle-suv-220d-4matic-aj-na-splatky-protiucet_25_max.webp","medium":"https:\/\/cdn.assetlog.ai\/assets\/116964\/mercedes-benz-gle-suv-220d-4matic-aj-na-splatky-protiucet_25_medium.webp","small":"https:\/\/cdn.assetlog.ai\/assets\/116964\/mercedes-benz-gle-suv-220d-4matic-aj-na-splatky-protiucet_25_small.webp"},{"id":96025,"max":"https:\/\/cdn.assetlog.ai\/assets\/116964\/mercedes-benz-gle-suv-220d-4matic-aj-na-splatky-protiucet_26_max.webp","medium":"https:\/\/cdn.assetlog.ai\/assets\/116964\/mercedes-benz-gle-suv-220d-4matic-aj-na-splatky-protiucet_26_medium.webp","small":"https:\/\/cdn.assetlog.ai\/assets\/116964\/mercedes-benz-gle-suv-220d-4matic-aj-na-splatky-protiucet_26_small.webp"},{"id":96026,"max":"https:\/\/cdn.assetlog.ai\/assets\/116964\/mercedes-benz-gle-suv-220d-4matic-aj-na-splatky-protiucet_27_max.webp","medium":"https:\/\/cdn.assetlog.ai\/assets\/116964\/mercedes-benz-gle-suv-220d-4matic-aj-na-splatky-protiucet_27_medium.webp","small":"https:\/\/cdn.assetlog.ai\/assets\/116964\/mercedes-benz-gle-suv-220d-4matic-aj-na-splatky-protiucet_27_small.webp"},{"id":96027,"max":"https:\/\/cdn.assetlog.ai\/assets\/116964\/mercedes-benz-gle-suv-220d-4matic-aj-na-splatky-protiucet_28_max.webp","medium":"https:\/\/cdn.assetlog.ai\/assets\/116964\/mercedes-benz-gle-suv-220d-4matic-aj-na-splatky-protiucet_28_medium.webp","small":"https:\/\/cdn.assetlog.ai\/assets\/116964\/mercedes-benz-gle-suv-220d-4matic-aj-na-splatky-protiucet_28_small.webp"},{"id":96028,"max":"https:\/\/cdn.assetlog.ai\/assets\/116964\/mercedes-benz-gle-suv-220d-4matic-aj-na-splatky-protiucet_29_max.webp","medium":"https:\/\/cdn.assetlog.ai\/assets\/116964\/mercedes-benz-gle-suv-220d-4matic-aj-na-splatky-protiucet_29_medium.webp","small":"https:\/\/cdn.assetlog.ai\/assets\/116964\/mercedes-benz-gle-suv-220d-4matic-aj-na-splatky-protiucet_29_small.webp"},{"id":96029,"max":"https:\/\/cdn.assetlog.ai\/assets\/116964\/mercedes-benz-gle-suv-220d-4matic-aj-na-splatky-protiucet_30_max.webp","medium":"https:\/\/cdn.assetlog.ai\/assets\/116964\/mercedes-benz-gle-suv-220d-4matic-aj-na-splatky-protiucet_30_medium.webp","small":"https:\/\/cdn.assetlog.ai\/assets\/116964\/mercedes-benz-gle-suv-220d-4matic-aj-na-splatky-protiucet_30_small.webp"},{"id":96030,"max":"https:\/\/cdn.assetlog.ai\/assets\/116964\/mercedes-benz-gle-suv-220d-4matic-aj-na-splatky-protiucet_31_max.webp","medium":"https:\/\/cdn.assetlog.ai\/assets\/116964\/mercedes-benz-gle-suv-220d-4matic-aj-na-splatky-protiucet_31_medium.webp","small":"https:\/\/cdn.assetlog.ai\/assets\/116964\/mercedes-benz-gle-suv-220d-4matic-aj-na-splatky-protiucet_31_small.webp"},{"id":96031,"max":"https:\/\/cdn.assetlog.ai\/assets\/116964\/mercedes-benz-gle-suv-220d-4matic-aj-na-splatky-protiucet_32_max.webp","medium":"https:\/\/cdn.assetlog.ai\/assets\/116964\/mercedes-benz-gle-suv-220d-4matic-aj-na-splatky-protiucet_32_medium.webp","small":"https:\/\/cdn.assetlog.ai\/assets\/116964\/mercedes-benz-gle-suv-220d-4matic-aj-na-splatky-protiucet_32_small.webp"},{"id":96032,"max":"https:\/\/cdn.assetlog.ai\/assets\/116964\/mercedes-benz-gle-suv-220d-4matic-aj-na-splatky-protiucet_33_max.webp","medium":"https:\/\/cdn.assetlog.ai\/assets\/116964\/mercedes-benz-gle-suv-220d-4matic-aj-na-splatky-protiucet_33_medium.webp","small":"https:\/\/cdn.assetlog.ai\/assets\/116964\/mercedes-benz-gle-suv-220d-4matic-aj-na-splatky-protiucet_33_small.webp"},{"id":96033,"max":"https:\/\/cdn.assetlog.ai\/assets\/116964\/mercedes-benz-gle-suv-220d-4matic-aj-na-splatky-protiucet_34_max.webp","medium":"https:\/\/cdn.assetlog.ai\/assets\/116964\/mercedes-benz-gle-suv-220d-4matic-aj-na-splatky-protiucet_34_medium.webp","small":"https:\/\/cdn.assetlog.ai\/assets\/116964\/mercedes-benz-gle-suv-220d-4matic-aj-na-splatky-protiucet_34_small.webp"},{"id":96034,"max":"https:\/\/cdn.assetlog.ai\/assets\/116964\/mercedes-benz-gle-suv-220d-4matic-aj-na-splatky-protiucet_35_max.webp","medium":"https:\/\/cdn.assetlog.ai\/assets\/116964\/mercedes-benz-gle-suv-220d-4matic-aj-na-splatky-protiucet_35_medium.webp","small":"https:\/\/cdn.assetlog.ai\/assets\/116964\/mercedes-benz-gle-suv-220d-4matic-aj-na-splatky-protiucet_35_small.webp"},{"id":96035,"max":"https:\/\/cdn.assetlog.ai\/assets\/116964\/mercedes-benz-gle-suv-220d-4matic-aj-na-splatky-protiucet_36_max.webp","medium":"https:\/\/cdn.assetlog.ai\/assets\/116964\/mercedes-benz-gle-suv-220d-4matic-aj-na-splatky-protiucet_36_medium.webp","small":"https:\/\/cdn.assetlog.ai\/assets\/116964\/mercedes-benz-gle-suv-220d-4matic-aj-na-splatky-protiucet_36_small.webp"},{"id":96036,"max":"https:\/\/cdn.assetlog.ai\/assets\/116964\/mercedes-benz-gle-suv-220d-4matic-aj-na-splatky-protiucet_37_max.webp","medium":"https:\/\/cdn.assetlog.ai\/assets\/116964\/mercedes-benz-gle-suv-220d-4matic-aj-na-splatky-protiucet_37_medium.webp","small":"https:\/\/cdn.assetlog.ai\/assets\/116964\/mercedes-benz-gle-suv-220d-4matic-aj-na-splatky-protiucet_37_small.webp"},{"id":96037,"max":"https:\/\/cdn.assetlog.ai\/assets\/116964\/mercedes-benz-gle-suv-220d-4matic-aj-na-splatky-protiucet_38_max.webp","medium":"https:\/\/cdn.assetlog.ai\/assets\/116964\/mercedes-benz-gle-suv-220d-4matic-aj-na-splatky-protiucet_38_medium.webp","small":"https:\/\/cdn.assetlog.ai\/assets\/116964\/mercedes-benz-gle-suv-220d-4matic-aj-na-splatky-protiucet_38_small.webp"},{"id":96038,"max":"https:\/\/cdn.assetlog.ai\/assets\/116964\/mercedes-benz-gle-suv-220d-4matic-aj-na-splatky-protiucet_39_max.webp","medium":"https:\/\/cdn.assetlog.ai\/assets\/116964\/mercedes-benz-gle-suv-220d-4matic-aj-na-splatky-protiucet_39_medium.webp","small":"https:\/\/cdn.assetlog.ai\/assets\/116964\/mercedes-benz-gle-suv-220d-4matic-aj-na-splatky-protiucet_39_small.webp"},{"id":96039,"max":"https:\/\/cdn.assetlog.ai\/assets\/116964\/mercedes-benz-gle-suv-220d-4matic-aj-na-splatky-protiucet_40_max.webp","medium":"https:\/\/cdn.assetlog.ai\/assets\/116964\/mercedes-benz-gle-suv-220d-4matic-aj-na-splatky-protiucet_40_medium.webp","small":"https:\/\/cdn.assetlog.ai\/assets\/116964\/mercedes-benz-gle-suv-220d-4matic-aj-na-splatky-protiucet_40_small.webp"}],"published_at":null,"expires_at":null,"created_at":"2026-07-11T03:40:07+00:00","updated_at":"2026-09-02T03:42:08+00:00"}}