{"data":{"id":161440,"slug":"mercedes-benz-glc-suv-mercedes-amg-63-s-4matic-at-375kw-2019-aj-na-splatky-protiucet","type":"vehicle","title":"Mercedes-Benz GLC SUV Mercedes-AMG 63 S 4MATIC+ A\/T, 375kW (2019) \/ FOR INSTALLMENTS \/ TRADE-IN ACCEPTED","description":"**Mercedes-AMG GLC 63 S 4MATIC+ \u2013 when you want an SUV but don't want to give up real power.**\n\nThis is not just another city SUV. Under the hood it has **375 kW (510 horsepower)** and 4MATIC+ drive, so when you want it, it will very quickly remind you that you're sitting in an AMG. At the same time, it offers comfort and equipment that make it a pleasant companion even during regular driving. In short, a car that can be comfortable when needed, and really sharp when given the chance.\n\nLuxury equipment:\n- Full LED Matrix headlights\n- 360\u00b0 camera\n- Parking assistant\n- Parking sensors front and rear\n- Adaptive cruise control\n- Navigation system\n- Automatic 3-zone climate control\n- Heated front and rear seats\n- Electrically adjustable front seats with memory\n- Premium Burmester audio system\n- Panoramic roof\n- Head-up display\n- Virtual cockpit\n- Ambient lighting\n- Contactless start\n- Wireless smartphone charging\n- Apple CarPlay \/ Android Auto\n- Electrically controlled trunk\n- Adaptive suspension with pneumatic suspension\n\n**The GLC 63 S is simply a combination that makes sense \u2013 a comfortable premium SUV for everyday use that has enough power under the hood so you won't get bored with it.** And when someone looks at you a little too confidently at the traffic light, the AMG introduces itself.\n\nVehicle history:\n- Vehicle was imported from Germany in June 2025 \u2013 with 38,819 km on the odometer.\n- First owner in Slovakia, who took excellent care of the vehicle.\n\nThe vehicle was serviced regularly in accordance with service intervals exclusively at the authorized MB Pre\u0161ov service center and previously at an authorized MB service center in Germany (all documented)\n- at 45,000 km, engine oil and filters were changed, as well as transmission oil\n\nThe vehicle is equipped with aluminum wheels with summer tires R21 (two sizes) \u2013 mounted in summer 2026; the car also comes with seasonal winter tires that were in use for one season 2025\/2026, without wheels.\n\nInvestment of 7,000 \u20ac after purchase in Germany:\n- Matte PPF film on entire vehicle\n- Ceramic paint protection\n- Modified exhaust pipe\n\nThe vehicle is (verified by paint thickness measurement) \u2013 of course verified through the Vehicle Operating Records Registry \u2013 AUTOPASS (records of enforcement proceedings and insurance, blocks and liens) and ODOPASS (odometer verification). It is in perfect condition both visually and mechanically.\n\n***If interested, feel free to contact me anytime at 0902239802***\n\nFinancing available.\n\nVEHICLE LOCATED IN Ko\u0161ice.\n\nVehicle number: AA038UD. Technical certificate valid until: 19.06.2027. Technical inspection valid until: 19.06.2027.\n\nTechnical specifications\n\nFirst registration: 10\/19, 3982 cm\u00b3, 375 kW (510 PS), Vehicle generation: , Drive: 4\u00d74, Automatic transmission (9 speed), Petrol, EURO 6, 5 doors, (5-seater), 50,067 km, Blue metallic, VIN WDC2539891F737872\n\nVehicle consumption (l\/100km)\n\nCity: 14.1, Highway: 8.7, Combined: 10.7\n\nImported, Leasing possible, Credit possible, Top condition, Originality check","language":"cs","is_translated":true,"title_original":"Mercedes-Benz GLC SUV Mercedes-AMG  63 S 4MATIC+ A\/T, 375kW (2019) \/ AJ NA SPL\u00c1TKY \/ PROTI\u00da\u010cET","description_original":"**Mercedes-AMG GLC 63 S 4MATIC+ \u2013 kdy\u017e chcete SUV, ale nechcete se vzd\u00e1t po\u0159\u00e1dn\u00e9ho v\u00fdkonu.**\n\nTohle nen\u00ed jen dal\u0161\u00ed SUV do m\u011bsta. Pod kapotou m\u00e1 **375 kW (510 kon\u00ed)** a pohon 4MATIC+, tak\u017ee kdy\u017e budete cht\u00edt, velmi rychle v\u00e1m p\u0159ipomene, \u017ee sed\u00edte v AMG. Z\u00e1rove\u0148 nab\u00edz\u00ed komfort a v\u00fdbavu, d\u00edky nim\u017e je p\u0159\u00edjemn\u00fdm spole\u010dn\u00edkem i p\u0159i b\u011b\u017en\u00e9m je\u017ed\u011bn\u00ed. Zkr\u00e1tka auto, kter\u00e9 um\u00ed b\u00fdt pohodln\u00e9, kdy\u017e je t\u0159eba, a po\u0159\u00e1dn\u011b ostr\u00e9, kdy\u017e dostane prostor.\n\nLuxusn\u00ed v\u00fdbava:\n- Full LED Matrix sv\u011btlomety\n- 360\u00b0 kamera\n- Parkovac\u00ed asistent\n- Parkovac\u00ed senzory vp\u0159edu i vzadu\n- Adaptivn\u00ed tempomat\n- Naviga\u010dn\u00ed syst\u00e9m\n- Automatick\u00e1 3z\u00f3nov\u00e1 klimatizace\n- Vyh\u0159\u00edvan\u00e1 p\u0159edn\u00ed i zadn\u00ed sedadla\n- Elektricky nastaviteln\u00e1 p\u0159edn\u00ed sedadla s pam\u011bt\u00ed\n- Pr\u00e9miov\u00fd audiosyst\u00e9m Burmester\n- Panoramatick\u00e1 st\u0159echa\n- Head-up displej\n- Virtu\u00e1ln\u00ed kokpit\n- Ambientn\u00ed osv\u011btlen\u00ed\n- Bezkontaktn\u00ed startov\u00e1n\u00ed\n- Bezdr\u00e1tov\u00e9 nab\u00edjen\u00ed smartphonu\n- Apple CarPlay \/ Android Auto\n- Elektricky ovl\u00e1dan\u00fd zavazadlov\u00fd prostor\n- Adaptivn\u00ed podvozek s pneumatick\u00fdm odpru\u017een\u00edm\n\n**GLC 63 S je prost\u011b kombinace, kter\u00e1 d\u00e1v\u00e1 smysl \u2013 pohodln\u00e9 pr\u00e9miov\u00e9 SUV pro ka\u017edodenn\u00ed pou\u017eit\u00ed, kter\u00e9 m\u00e1 pod kapotou dostatek v\u00fdkonu na to, abyste se s n\u00edm jen tak nenudili.** A kdy\u017e se na v\u00e1s n\u011bkdo na semaforu d\u00edv\u00e1 a\u017e p\u0159\u00edli\u0161 sebev\u011bdom\u011b, AMG se p\u0159edstav\u00ed samo.\n\nHistorie vozidla:\n- Vozidlo bylo dovezeno z N\u011bmecka v \u010dervnu 2025 \u2013 s najet\u00fdmi 38 819 km.\n- Prvn\u00ed majitel na Slovensku, kter\u00fd se o vozidlo pe\u010dliv\u011b staral.\n\nVozidlo bylo pravideln\u011b servisov\u00e1no v souladu se servisn\u00edmi intervaly v\u00fdhradn\u011b v autorizovan\u00e9m servisu MB Pre\u0161ov a p\u0159edt\u00edm v autorizovan\u00e9m servisu MB v N\u011bmecku (v\u0161e dolo\u017eiteln\u00e9)\n- p\u0159i 45 000 km byla provedena v\u00fdm\u011bna motorov\u00e9ho oleje a filtr\u016f, oleje v p\u0159evodovce\n\nVozidlo je vybaveno hlin\u00edkov\u00fdmi r\u00e1fky s letn\u00edmi pneumatikami R21 (dvojrozm\u011br) \u2013 namontovan\u00e9 v l\u00e9t\u011b 2026; k vozu pat\u0159\u00ed tak\u00e9 sez\u00f3nn\u00ed zimn\u00ed pneumatiky, kter\u00e9 byly v provozu jednu sez\u00f3nu 2025\/2026, bez r\u00e1fk\u016f.\n\nInvestice ve v\u00fd\u0161i 7 000 \u20ac po koupi v N\u011bmecku:\n- Matn\u00e1 f\u00f3lie PPF po cel\u00e9m voze\n- Keramick\u00e1 ochrana laku\n- Upravovan\u00e1 v\u00fdfukov\u00e1 trubka\n\nV\u016fz je (ov\u011b\u0159eno m\u011b\u0159en\u00edm laku) - ov\u011b\u0159uje se samoz\u0159ejm\u011b prost\u0159ednictv\u00edm Registru provozn\u00edch z\u00e1znam\u016f vozidel -AUTOPASS (z\u00e1znamy o exekuc\u00edch a poji\u0161t\u011bn\u00ed, blokac\u00edch a z\u00e1stav\u00e1ch) a ODOPASS (ov\u011b\u0159en\u00ed po\u010dtu najet\u00fdch kilometr\u016f). Je v perfektn\u00edm stavu jak po vizu\u00e1ln\u00ed, tak po motorick\u00e9 str\u00e1nce.\n\n***V p\u0159\u00edpad\u011b z\u00e1jmu m\u011b nev\u00e1hejte kdykoli kontaktovat na tel. 0902239802***\n\nMo\u017enost financov\u00e1n\u00ed.\n\nVOZIDLO SE NACH\u00c1Z\u00cd V Ko\u0161iciach.\n\n\u010c\u00edslo vozidla: AA038UD. Platnost technick\u00e9ho osv\u011bd\u010den\u00ed do: 19.06.2027. Platnost technick\u00e9 kontroly do: 19.06.2027.\n\nTechnick\u00e9 \u00fadaje\n\nv.v.: 10\/19, 3982cm\u00b3, 375kW (510PS), Generace vozidla: , Pohon: 4\u00d74, Automatick\u00e1 p\u0159evodovka (9 st.), Benz\u00edn, EURO 6, 5 dv., (5-m\u00edstn\u00fd), 50 067km, Modr\u00e1 metal\u00edza, VIN WDC2539891F737872\n\nSpot\u0159eba vozidla (l\/100km)\n\nVe m\u011bst\u011b: 14.1, mimo m\u011bsto: 8.7, kombinovan\u00e1: 10.7\n\nDovezen\u00e9, Mo\u017en\u00fd leasing, Mo\u017en\u00fd \u00fav\u011br, TOP stav, Kontrola originality","price":"1438710.00","currency":"CZK","status":"active","noindex":true,"location":{"address":null,"full_address":null,"city":"Ko\u0161ice","country":"SK","latitude":48.7172272,"longitude":21.2496774},"metadata":{"vin":"WDC2539891F737872","fuel":"petrol","year":2019,"brand":"Mercedes-Benz","color":"Blue","doors":5,"drive":"AWD \/ 4x4","model":"GLC","seats":5,"region":"Ko\u0161ick\u00fd kraj","mileage":50067,"emisions":"Euro 6","features":["Alarm","EBD\/EBV","Posilova\u010d \u0159\u00edzen\u00ed","ABS","ESP","Brzdov\u00fd asistent (EBA, BAS)","ISOFIX na zadn\u00edch sedadlech","Deaktivace airbagu spolujezdce","Senzor tlaku","Syst\u00e9m rozpozn\u00e1v\u00e1n\u00ed dopravn\u00edch zna\u010dek","Varov\u00e1n\u00ed o vzd\u00e1lenosti (BAS Plus)","Sledov\u00e1n\u00ed \u00fanavy \u0159idi\u010de","T\u00eds\u0148ov\u00e9 vol\u00e1n\u00ed","Upozorn\u011bn\u00ed na p\u0159ij\u00ed\u017ed\u011bj\u00edc\u00ed vozidla p\u0159i couv\u00e1n\u00ed (RCTA)","Asistent d\u00e1lkov\u00fdch sv\u011btel (HBA)","Centr\u00e1ln\u00ed zamyk\u00e1n\u00ed","Zadn\u00ed el. stahovateln\u00e1 okna","El. nastaviteln\u00e1 p\u0159edn\u00ed sedadla","Elektricky nastaviteln\u00e1 zp\u011btn\u00e1 zrc\u00e1tka","Centr\u00e1ln\u00ed zamyk\u00e1n\u00ed na d\u00e1lkov\u00e9 ovl\u00e1d\u00e1n\u00ed","Autor\u00e1dio","Multifunk\u010dn\u00ed volant","Loketn\u00ed op\u011brka vp\u0159edu","Head-up display","Start\/Stop syst\u00e9m","Vzduchov\u00e9 odpru\u017een\u00ed","Venkovn\u00ed teplom\u011br","Automatick\u00e1 3-z\u00f3nov\u00e1 klimatizace","Apple Car Play","Android Auto","Welcome light","Digit\u00e1ln\u00ed p\u0159\u00edstrojov\u00e1 deska","P\u00e1dla pod volantem","Bezdr\u00e1tov\u00e1 nab\u00edje\u010dka mobiln\u00edch telefon\u016f","Lit\u00e1 kola","Mlhovky","Imobiliz\u00e9r","Palubn\u00ed po\u010d\u00edta\u010d","Navigace","Automatick\u00e9 parkov\u00e1n\u00ed","St\u0159e\u0161n\u00ed nosi\u010d","Ko\u017een\u00fd interi\u00e9r","Vyh\u0159\u00edvan\u00e1 sedadla","Elektricky vyh\u0159\u00edvan\u00e1 zp\u011btn\u00e1 zrc\u00e1tka","F\u00f3lie","Senzor st\u011bra\u010d\u016f","Sv\u011bteln\u00fd senzor","Zimn\u00ed sada kol","P\u0159edn\u00ed a zadn\u00ed parkovac\u00ed senzory","Adaptivn\u00ed tempomat","El. ovl\u00e1dan\u00fd kufr","Elektrick\u00e9 dov\u00edr\u00e1n\u00ed zavazadlov\u00e9ho prostoru","Vyh\u0159\u00edvan\u00e1 zadn\u00ed sedadla","Panoramatick\u00e1 st\u0159echa","Bluetooth","Denn\u00ed sv\u00edcen\u00ed","LED sv\u011btlomety","Dotykov\u00e1 obrazovka","Pam\u011b\u0165 nastaven\u00ed sedadla \u0159idi\u010de","LED matrixov\u00e9 sv\u011btlomety","Ambientn\u00ed LED osv\u011btlen\u00ed interi\u00e9ru","Dovezen\u00e9","Mo\u017en\u00fd leasing","Mo\u017en\u00fd \u00faver","TOP stav!","Kontrola originality","Adaptivn\u00ed podvozek","ko\u017een\u00fd paket","Odo-pass","asistent udr\u017eov\u00e1n\u00ed j\u00edzdn\u00edho pruhu","asistent rozjezdu do kopce","Sledov\u00e1n\u00ed mrtv\u00e9ho \u00fahlu","pr\u00e9miov\u00fd audiosyst\u00e9m BURMESTER","zp\u011btn\u00e1 zrc\u00e1tka a kliky dve\u0159\u00ed lakovan\u00e9 v barv\u011b karoserie","sportovn\u00ed volant","sportovn\u00ed sedadla","vyh\u0159\u00edvan\u00e9 zadn\u00ed sklo","dr\u017e\u00e1ky na n\u00e1poje","volba j\u00edzdn\u00edch re\u017eim\u016f","elektronick\u00e1 parkovac\u00ed brzda","adaptivn\u00ed podvozek s pneumatick\u00fdm odpru\u017een\u00edm","elektricky sklopn\u00e1 zp\u011btn\u00e1 zrc\u00e1tka","ochrana chodc\u016f","nerezov\u00e9 sportovn\u00ed ped\u00e1ly","nerezov\u00e9 prahov\u00e9 li\u0161ty","roz\u0161\u00ed\u0159en\u00e9 hlasov\u00e9 ovl\u00e1d\u00e1n\u00ed (MBUX)","zadn\u00ed spoiler","elektricky ovl\u00e1dan\u00e9 automatick\u00e9 zadn\u00ed v\u00edko","sportovn\u00ed v\u00fdfuk","karbon-keramick\u00e9 brzdy"],"power_kw":375,"body_type":"SUV","condition":"Used","transmission":"automatic","vat_deductible":false,"consumption_city":14.1,"translation_hash":"f38ce9fba96e6df9b8729214997caaf167beb20e","vehicle_category":"car","engine_volume_cm3":3982,"first_registration":"2019-10-01","translation_status":"done","consumption_highway":8.7,"consumption_combined":10.7},"user_id":22,"is_sponsored":false,"views_count":12,"ai_views_count":11,"ai_vendor_counts":{"meta":5,"other":1,"openai":3,"anthropic":2},"visibility":"public","submission_source":null,"submission_ai_name":null,"has_owner_email":true,"can_contact_owner":true,"phone":"0902 239 802","owner_email":"hazlinsky@autorro.sk","user":{"id":22,"slug":"ing-jaroslav-hazlinsky-22","name":"Ing. Jaroslav Ha\u017elinsk\u00fd","bio":"Makl\u00e9r. P\u016fsob\u00edm v Ko\u0161iciach a okol\u00ed.\n\nP\u016fsobnost: Ko\u0161ice","nationality":"SK","languages":["cs","sk"],"service_areas":[],"card_style":null,"card_palette":null,"avatar_url":"https:\/\/cdn.assetlog.ai\/avatars\/22\/avatar_max.webp?v=1786535213","avatar_thumb_url":"https:\/\/cdn.assetlog.ai\/avatars\/22\/avatar_small.webp?v=1786535213","reviews_count":0,"avg_rating":null,"seller_badge":"silver","can_calendar":true},"images":[{"id":132833,"max":"https:\/\/cdn.assetlog.ai\/assets\/161440\/mercedes-benz-glc-suv-mercedes-amg-63-s-4matic-at-375kw-2019-aj-na-splatky-protiucet_1_max.webp","medium":"https:\/\/cdn.assetlog.ai\/assets\/161440\/mercedes-benz-glc-suv-mercedes-amg-63-s-4matic-at-375kw-2019-aj-na-splatky-protiucet_1_medium.webp","small":"https:\/\/cdn.assetlog.ai\/assets\/161440\/mercedes-benz-glc-suv-mercedes-amg-63-s-4matic-at-375kw-2019-aj-na-splatky-protiucet_1_small.webp"},{"id":132834,"max":"https:\/\/cdn.assetlog.ai\/assets\/161440\/mercedes-benz-glc-suv-mercedes-amg-63-s-4matic-at-375kw-2019-aj-na-splatky-protiucet_2_max.webp","medium":"https:\/\/cdn.assetlog.ai\/assets\/161440\/mercedes-benz-glc-suv-mercedes-amg-63-s-4matic-at-375kw-2019-aj-na-splatky-protiucet_2_medium.webp","small":"https:\/\/cdn.assetlog.ai\/assets\/161440\/mercedes-benz-glc-suv-mercedes-amg-63-s-4matic-at-375kw-2019-aj-na-splatky-protiucet_2_small.webp"},{"id":132835,"max":"https:\/\/cdn.assetlog.ai\/assets\/161440\/mercedes-benz-glc-suv-mercedes-amg-63-s-4matic-at-375kw-2019-aj-na-splatky-protiucet_3_max.webp","medium":"https:\/\/cdn.assetlog.ai\/assets\/161440\/mercedes-benz-glc-suv-mercedes-amg-63-s-4matic-at-375kw-2019-aj-na-splatky-protiucet_3_medium.webp","small":"https:\/\/cdn.assetlog.ai\/assets\/161440\/mercedes-benz-glc-suv-mercedes-amg-63-s-4matic-at-375kw-2019-aj-na-splatky-protiucet_3_small.webp"},{"id":132836,"max":"https:\/\/cdn.assetlog.ai\/assets\/161440\/mercedes-benz-glc-suv-mercedes-amg-63-s-4matic-at-375kw-2019-aj-na-splatky-protiucet_4_max.webp","medium":"https:\/\/cdn.assetlog.ai\/assets\/161440\/mercedes-benz-glc-suv-mercedes-amg-63-s-4matic-at-375kw-2019-aj-na-splatky-protiucet_4_medium.webp","small":"https:\/\/cdn.assetlog.ai\/assets\/161440\/mercedes-benz-glc-suv-mercedes-amg-63-s-4matic-at-375kw-2019-aj-na-splatky-protiucet_4_small.webp"},{"id":132837,"max":"https:\/\/cdn.assetlog.ai\/assets\/161440\/mercedes-benz-glc-suv-mercedes-amg-63-s-4matic-at-375kw-2019-aj-na-splatky-protiucet_5_max.webp","medium":"https:\/\/cdn.assetlog.ai\/assets\/161440\/mercedes-benz-glc-suv-mercedes-amg-63-s-4matic-at-375kw-2019-aj-na-splatky-protiucet_5_medium.webp","small":"https:\/\/cdn.assetlog.ai\/assets\/161440\/mercedes-benz-glc-suv-mercedes-amg-63-s-4matic-at-375kw-2019-aj-na-splatky-protiucet_5_small.webp"},{"id":132838,"max":"https:\/\/cdn.assetlog.ai\/assets\/161440\/mercedes-benz-glc-suv-mercedes-amg-63-s-4matic-at-375kw-2019-aj-na-splatky-protiucet_6_max.webp","medium":"https:\/\/cdn.assetlog.ai\/assets\/161440\/mercedes-benz-glc-suv-mercedes-amg-63-s-4matic-at-375kw-2019-aj-na-splatky-protiucet_6_medium.webp","small":"https:\/\/cdn.assetlog.ai\/assets\/161440\/mercedes-benz-glc-suv-mercedes-amg-63-s-4matic-at-375kw-2019-aj-na-splatky-protiucet_6_small.webp"},{"id":132839,"max":"https:\/\/cdn.assetlog.ai\/assets\/161440\/mercedes-benz-glc-suv-mercedes-amg-63-s-4matic-at-375kw-2019-aj-na-splatky-protiucet_7_max.webp","medium":"https:\/\/cdn.assetlog.ai\/assets\/161440\/mercedes-benz-glc-suv-mercedes-amg-63-s-4matic-at-375kw-2019-aj-na-splatky-protiucet_7_medium.webp","small":"https:\/\/cdn.assetlog.ai\/assets\/161440\/mercedes-benz-glc-suv-mercedes-amg-63-s-4matic-at-375kw-2019-aj-na-splatky-protiucet_7_small.webp"},{"id":132840,"max":"https:\/\/cdn.assetlog.ai\/assets\/161440\/mercedes-benz-glc-suv-mercedes-amg-63-s-4matic-at-375kw-2019-aj-na-splatky-protiucet_8_max.webp","medium":"https:\/\/cdn.assetlog.ai\/assets\/161440\/mercedes-benz-glc-suv-mercedes-amg-63-s-4matic-at-375kw-2019-aj-na-splatky-protiucet_8_medium.webp","small":"https:\/\/cdn.assetlog.ai\/assets\/161440\/mercedes-benz-glc-suv-mercedes-amg-63-s-4matic-at-375kw-2019-aj-na-splatky-protiucet_8_small.webp"},{"id":132841,"max":"https:\/\/cdn.assetlog.ai\/assets\/161440\/mercedes-benz-glc-suv-mercedes-amg-63-s-4matic-at-375kw-2019-aj-na-splatky-protiucet_9_max.webp","medium":"https:\/\/cdn.assetlog.ai\/assets\/161440\/mercedes-benz-glc-suv-mercedes-amg-63-s-4matic-at-375kw-2019-aj-na-splatky-protiucet_9_medium.webp","small":"https:\/\/cdn.assetlog.ai\/assets\/161440\/mercedes-benz-glc-suv-mercedes-amg-63-s-4matic-at-375kw-2019-aj-na-splatky-protiucet_9_small.webp"},{"id":132842,"max":"https:\/\/cdn.assetlog.ai\/assets\/161440\/mercedes-benz-glc-suv-mercedes-amg-63-s-4matic-at-375kw-2019-aj-na-splatky-protiucet_10_max.webp","medium":"https:\/\/cdn.assetlog.ai\/assets\/161440\/mercedes-benz-glc-suv-mercedes-amg-63-s-4matic-at-375kw-2019-aj-na-splatky-protiucet_10_medium.webp","small":"https:\/\/cdn.assetlog.ai\/assets\/161440\/mercedes-benz-glc-suv-mercedes-amg-63-s-4matic-at-375kw-2019-aj-na-splatky-protiucet_10_small.webp"},{"id":132843,"max":"https:\/\/cdn.assetlog.ai\/assets\/161440\/mercedes-benz-glc-suv-mercedes-amg-63-s-4matic-at-375kw-2019-aj-na-splatky-protiucet_11_max.webp","medium":"https:\/\/cdn.assetlog.ai\/assets\/161440\/mercedes-benz-glc-suv-mercedes-amg-63-s-4matic-at-375kw-2019-aj-na-splatky-protiucet_11_medium.webp","small":"https:\/\/cdn.assetlog.ai\/assets\/161440\/mercedes-benz-glc-suv-mercedes-amg-63-s-4matic-at-375kw-2019-aj-na-splatky-protiucet_11_small.webp"},{"id":132844,"max":"https:\/\/cdn.assetlog.ai\/assets\/161440\/mercedes-benz-glc-suv-mercedes-amg-63-s-4matic-at-375kw-2019-aj-na-splatky-protiucet_12_max.webp","medium":"https:\/\/cdn.assetlog.ai\/assets\/161440\/mercedes-benz-glc-suv-mercedes-amg-63-s-4matic-at-375kw-2019-aj-na-splatky-protiucet_12_medium.webp","small":"https:\/\/cdn.assetlog.ai\/assets\/161440\/mercedes-benz-glc-suv-mercedes-amg-63-s-4matic-at-375kw-2019-aj-na-splatky-protiucet_12_small.webp"},{"id":132845,"max":"https:\/\/cdn.assetlog.ai\/assets\/161440\/mercedes-benz-glc-suv-mercedes-amg-63-s-4matic-at-375kw-2019-aj-na-splatky-protiucet_13_max.webp","medium":"https:\/\/cdn.assetlog.ai\/assets\/161440\/mercedes-benz-glc-suv-mercedes-amg-63-s-4matic-at-375kw-2019-aj-na-splatky-protiucet_13_medium.webp","small":"https:\/\/cdn.assetlog.ai\/assets\/161440\/mercedes-benz-glc-suv-mercedes-amg-63-s-4matic-at-375kw-2019-aj-na-splatky-protiucet_13_small.webp"},{"id":132846,"max":"https:\/\/cdn.assetlog.ai\/assets\/161440\/mercedes-benz-glc-suv-mercedes-amg-63-s-4matic-at-375kw-2019-aj-na-splatky-protiucet_14_max.webp","medium":"https:\/\/cdn.assetlog.ai\/assets\/161440\/mercedes-benz-glc-suv-mercedes-amg-63-s-4matic-at-375kw-2019-aj-na-splatky-protiucet_14_medium.webp","small":"https:\/\/cdn.assetlog.ai\/assets\/161440\/mercedes-benz-glc-suv-mercedes-amg-63-s-4matic-at-375kw-2019-aj-na-splatky-protiucet_14_small.webp"},{"id":132847,"max":"https:\/\/cdn.assetlog.ai\/assets\/161440\/mercedes-benz-glc-suv-mercedes-amg-63-s-4matic-at-375kw-2019-aj-na-splatky-protiucet_15_max.webp","medium":"https:\/\/cdn.assetlog.ai\/assets\/161440\/mercedes-benz-glc-suv-mercedes-amg-63-s-4matic-at-375kw-2019-aj-na-splatky-protiucet_15_medium.webp","small":"https:\/\/cdn.assetlog.ai\/assets\/161440\/mercedes-benz-glc-suv-mercedes-amg-63-s-4matic-at-375kw-2019-aj-na-splatky-protiucet_15_small.webp"},{"id":132848,"max":"https:\/\/cdn.assetlog.ai\/assets\/161440\/mercedes-benz-glc-suv-mercedes-amg-63-s-4matic-at-375kw-2019-aj-na-splatky-protiucet_16_max.webp","medium":"https:\/\/cdn.assetlog.ai\/assets\/161440\/mercedes-benz-glc-suv-mercedes-amg-63-s-4matic-at-375kw-2019-aj-na-splatky-protiucet_16_medium.webp","small":"https:\/\/cdn.assetlog.ai\/assets\/161440\/mercedes-benz-glc-suv-mercedes-amg-63-s-4matic-at-375kw-2019-aj-na-splatky-protiucet_16_small.webp"},{"id":132849,"max":"https:\/\/cdn.assetlog.ai\/assets\/161440\/mercedes-benz-glc-suv-mercedes-amg-63-s-4matic-at-375kw-2019-aj-na-splatky-protiucet_17_max.webp","medium":"https:\/\/cdn.assetlog.ai\/assets\/161440\/mercedes-benz-glc-suv-mercedes-amg-63-s-4matic-at-375kw-2019-aj-na-splatky-protiucet_17_medium.webp","small":"https:\/\/cdn.assetlog.ai\/assets\/161440\/mercedes-benz-glc-suv-mercedes-amg-63-s-4matic-at-375kw-2019-aj-na-splatky-protiucet_17_small.webp"},{"id":132850,"max":"https:\/\/cdn.assetlog.ai\/assets\/161440\/mercedes-benz-glc-suv-mercedes-amg-63-s-4matic-at-375kw-2019-aj-na-splatky-protiucet_18_max.webp","medium":"https:\/\/cdn.assetlog.ai\/assets\/161440\/mercedes-benz-glc-suv-mercedes-amg-63-s-4matic-at-375kw-2019-aj-na-splatky-protiucet_18_medium.webp","small":"https:\/\/cdn.assetlog.ai\/assets\/161440\/mercedes-benz-glc-suv-mercedes-amg-63-s-4matic-at-375kw-2019-aj-na-splatky-protiucet_18_small.webp"},{"id":132851,"max":"https:\/\/cdn.assetlog.ai\/assets\/161440\/mercedes-benz-glc-suv-mercedes-amg-63-s-4matic-at-375kw-2019-aj-na-splatky-protiucet_19_max.webp","medium":"https:\/\/cdn.assetlog.ai\/assets\/161440\/mercedes-benz-glc-suv-mercedes-amg-63-s-4matic-at-375kw-2019-aj-na-splatky-protiucet_19_medium.webp","small":"https:\/\/cdn.assetlog.ai\/assets\/161440\/mercedes-benz-glc-suv-mercedes-amg-63-s-4matic-at-375kw-2019-aj-na-splatky-protiucet_19_small.webp"},{"id":132852,"max":"https:\/\/cdn.assetlog.ai\/assets\/161440\/mercedes-benz-glc-suv-mercedes-amg-63-s-4matic-at-375kw-2019-aj-na-splatky-protiucet_20_max.webp","medium":"https:\/\/cdn.assetlog.ai\/assets\/161440\/mercedes-benz-glc-suv-mercedes-amg-63-s-4matic-at-375kw-2019-aj-na-splatky-protiucet_20_medium.webp","small":"https:\/\/cdn.assetlog.ai\/assets\/161440\/mercedes-benz-glc-suv-mercedes-amg-63-s-4matic-at-375kw-2019-aj-na-splatky-protiucet_20_small.webp"},{"id":132853,"max":"https:\/\/cdn.assetlog.ai\/assets\/161440\/mercedes-benz-glc-suv-mercedes-amg-63-s-4matic-at-375kw-2019-aj-na-splatky-protiucet_21_max.webp","medium":"https:\/\/cdn.assetlog.ai\/assets\/161440\/mercedes-benz-glc-suv-mercedes-amg-63-s-4matic-at-375kw-2019-aj-na-splatky-protiucet_21_medium.webp","small":"https:\/\/cdn.assetlog.ai\/assets\/161440\/mercedes-benz-glc-suv-mercedes-amg-63-s-4matic-at-375kw-2019-aj-na-splatky-protiucet_21_small.webp"},{"id":132854,"max":"https:\/\/cdn.assetlog.ai\/assets\/161440\/mercedes-benz-glc-suv-mercedes-amg-63-s-4matic-at-375kw-2019-aj-na-splatky-protiucet_22_max.webp","medium":"https:\/\/cdn.assetlog.ai\/assets\/161440\/mercedes-benz-glc-suv-mercedes-amg-63-s-4matic-at-375kw-2019-aj-na-splatky-protiucet_22_medium.webp","small":"https:\/\/cdn.assetlog.ai\/assets\/161440\/mercedes-benz-glc-suv-mercedes-amg-63-s-4matic-at-375kw-2019-aj-na-splatky-protiucet_22_small.webp"},{"id":132855,"max":"https:\/\/cdn.assetlog.ai\/assets\/161440\/mercedes-benz-glc-suv-mercedes-amg-63-s-4matic-at-375kw-2019-aj-na-splatky-protiucet_23_max.webp","medium":"https:\/\/cdn.assetlog.ai\/assets\/161440\/mercedes-benz-glc-suv-mercedes-amg-63-s-4matic-at-375kw-2019-aj-na-splatky-protiucet_23_medium.webp","small":"https:\/\/cdn.assetlog.ai\/assets\/161440\/mercedes-benz-glc-suv-mercedes-amg-63-s-4matic-at-375kw-2019-aj-na-splatky-protiucet_23_small.webp"},{"id":132856,"max":"https:\/\/cdn.assetlog.ai\/assets\/161440\/mercedes-benz-glc-suv-mercedes-amg-63-s-4matic-at-375kw-2019-aj-na-splatky-protiucet_24_max.webp","medium":"https:\/\/cdn.assetlog.ai\/assets\/161440\/mercedes-benz-glc-suv-mercedes-amg-63-s-4matic-at-375kw-2019-aj-na-splatky-protiucet_24_medium.webp","small":"https:\/\/cdn.assetlog.ai\/assets\/161440\/mercedes-benz-glc-suv-mercedes-amg-63-s-4matic-at-375kw-2019-aj-na-splatky-protiucet_24_small.webp"},{"id":132857,"max":"https:\/\/cdn.assetlog.ai\/assets\/161440\/mercedes-benz-glc-suv-mercedes-amg-63-s-4matic-at-375kw-2019-aj-na-splatky-protiucet_25_max.webp","medium":"https:\/\/cdn.assetlog.ai\/assets\/161440\/mercedes-benz-glc-suv-mercedes-amg-63-s-4matic-at-375kw-2019-aj-na-splatky-protiucet_25_medium.webp","small":"https:\/\/cdn.assetlog.ai\/assets\/161440\/mercedes-benz-glc-suv-mercedes-amg-63-s-4matic-at-375kw-2019-aj-na-splatky-protiucet_25_small.webp"},{"id":132858,"max":"https:\/\/cdn.assetlog.ai\/assets\/161440\/mercedes-benz-glc-suv-mercedes-amg-63-s-4matic-at-375kw-2019-aj-na-splatky-protiucet_26_max.webp","medium":"https:\/\/cdn.assetlog.ai\/assets\/161440\/mercedes-benz-glc-suv-mercedes-amg-63-s-4matic-at-375kw-2019-aj-na-splatky-protiucet_26_medium.webp","small":"https:\/\/cdn.assetlog.ai\/assets\/161440\/mercedes-benz-glc-suv-mercedes-amg-63-s-4matic-at-375kw-2019-aj-na-splatky-protiucet_26_small.webp"},{"id":132859,"max":"https:\/\/cdn.assetlog.ai\/assets\/161440\/mercedes-benz-glc-suv-mercedes-amg-63-s-4matic-at-375kw-2019-aj-na-splatky-protiucet_27_max.webp","medium":"https:\/\/cdn.assetlog.ai\/assets\/161440\/mercedes-benz-glc-suv-mercedes-amg-63-s-4matic-at-375kw-2019-aj-na-splatky-protiucet_27_medium.webp","small":"https:\/\/cdn.assetlog.ai\/assets\/161440\/mercedes-benz-glc-suv-mercedes-amg-63-s-4matic-at-375kw-2019-aj-na-splatky-protiucet_27_small.webp"},{"id":132860,"max":"https:\/\/cdn.assetlog.ai\/assets\/161440\/mercedes-benz-glc-suv-mercedes-amg-63-s-4matic-at-375kw-2019-aj-na-splatky-protiucet_28_max.webp","medium":"https:\/\/cdn.assetlog.ai\/assets\/161440\/mercedes-benz-glc-suv-mercedes-amg-63-s-4matic-at-375kw-2019-aj-na-splatky-protiucet_28_medium.webp","small":"https:\/\/cdn.assetlog.ai\/assets\/161440\/mercedes-benz-glc-suv-mercedes-amg-63-s-4matic-at-375kw-2019-aj-na-splatky-protiucet_28_small.webp"},{"id":132861,"max":"https:\/\/cdn.assetlog.ai\/assets\/161440\/mercedes-benz-glc-suv-mercedes-amg-63-s-4matic-at-375kw-2019-aj-na-splatky-protiucet_29_max.webp","medium":"https:\/\/cdn.assetlog.ai\/assets\/161440\/mercedes-benz-glc-suv-mercedes-amg-63-s-4matic-at-375kw-2019-aj-na-splatky-protiucet_29_medium.webp","small":"https:\/\/cdn.assetlog.ai\/assets\/161440\/mercedes-benz-glc-suv-mercedes-amg-63-s-4matic-at-375kw-2019-aj-na-splatky-protiucet_29_small.webp"},{"id":132862,"max":"https:\/\/cdn.assetlog.ai\/assets\/161440\/mercedes-benz-glc-suv-mercedes-amg-63-s-4matic-at-375kw-2019-aj-na-splatky-protiucet_30_max.webp","medium":"https:\/\/cdn.assetlog.ai\/assets\/161440\/mercedes-benz-glc-suv-mercedes-amg-63-s-4matic-at-375kw-2019-aj-na-splatky-protiucet_30_medium.webp","small":"https:\/\/cdn.assetlog.ai\/assets\/161440\/mercedes-benz-glc-suv-mercedes-amg-63-s-4matic-at-375kw-2019-aj-na-splatky-protiucet_30_small.webp"},{"id":132863,"max":"https:\/\/cdn.assetlog.ai\/assets\/161440\/mercedes-benz-glc-suv-mercedes-amg-63-s-4matic-at-375kw-2019-aj-na-splatky-protiucet_31_max.webp","medium":"https:\/\/cdn.assetlog.ai\/assets\/161440\/mercedes-benz-glc-suv-mercedes-amg-63-s-4matic-at-375kw-2019-aj-na-splatky-protiucet_31_medium.webp","small":"https:\/\/cdn.assetlog.ai\/assets\/161440\/mercedes-benz-glc-suv-mercedes-amg-63-s-4matic-at-375kw-2019-aj-na-splatky-protiucet_31_small.webp"},{"id":132864,"max":"https:\/\/cdn.assetlog.ai\/assets\/161440\/mercedes-benz-glc-suv-mercedes-amg-63-s-4matic-at-375kw-2019-aj-na-splatky-protiucet_32_max.webp","medium":"https:\/\/cdn.assetlog.ai\/assets\/161440\/mercedes-benz-glc-suv-mercedes-amg-63-s-4matic-at-375kw-2019-aj-na-splatky-protiucet_32_medium.webp","small":"https:\/\/cdn.assetlog.ai\/assets\/161440\/mercedes-benz-glc-suv-mercedes-amg-63-s-4matic-at-375kw-2019-aj-na-splatky-protiucet_32_small.webp"},{"id":132865,"max":"https:\/\/cdn.assetlog.ai\/assets\/161440\/mercedes-benz-glc-suv-mercedes-amg-63-s-4matic-at-375kw-2019-aj-na-splatky-protiucet_33_max.webp","medium":"https:\/\/cdn.assetlog.ai\/assets\/161440\/mercedes-benz-glc-suv-mercedes-amg-63-s-4matic-at-375kw-2019-aj-na-splatky-protiucet_33_medium.webp","small":"https:\/\/cdn.assetlog.ai\/assets\/161440\/mercedes-benz-glc-suv-mercedes-amg-63-s-4matic-at-375kw-2019-aj-na-splatky-protiucet_33_small.webp"},{"id":132866,"max":"https:\/\/cdn.assetlog.ai\/assets\/161440\/mercedes-benz-glc-suv-mercedes-amg-63-s-4matic-at-375kw-2019-aj-na-splatky-protiucet_34_max.webp","medium":"https:\/\/cdn.assetlog.ai\/assets\/161440\/mercedes-benz-glc-suv-mercedes-amg-63-s-4matic-at-375kw-2019-aj-na-splatky-protiucet_34_medium.webp","small":"https:\/\/cdn.assetlog.ai\/assets\/161440\/mercedes-benz-glc-suv-mercedes-amg-63-s-4matic-at-375kw-2019-aj-na-splatky-protiucet_34_small.webp"},{"id":132867,"max":"https:\/\/cdn.assetlog.ai\/assets\/161440\/mercedes-benz-glc-suv-mercedes-amg-63-s-4matic-at-375kw-2019-aj-na-splatky-protiucet_35_max.webp","medium":"https:\/\/cdn.assetlog.ai\/assets\/161440\/mercedes-benz-glc-suv-mercedes-amg-63-s-4matic-at-375kw-2019-aj-na-splatky-protiucet_35_medium.webp","small":"https:\/\/cdn.assetlog.ai\/assets\/161440\/mercedes-benz-glc-suv-mercedes-amg-63-s-4matic-at-375kw-2019-aj-na-splatky-protiucet_35_small.webp"},{"id":132868,"max":"https:\/\/cdn.assetlog.ai\/assets\/161440\/mercedes-benz-glc-suv-mercedes-amg-63-s-4matic-at-375kw-2019-aj-na-splatky-protiucet_36_max.webp","medium":"https:\/\/cdn.assetlog.ai\/assets\/161440\/mercedes-benz-glc-suv-mercedes-amg-63-s-4matic-at-375kw-2019-aj-na-splatky-protiucet_36_medium.webp","small":"https:\/\/cdn.assetlog.ai\/assets\/161440\/mercedes-benz-glc-suv-mercedes-amg-63-s-4matic-at-375kw-2019-aj-na-splatky-protiucet_36_small.webp"},{"id":132869,"max":"https:\/\/cdn.assetlog.ai\/assets\/161440\/mercedes-benz-glc-suv-mercedes-amg-63-s-4matic-at-375kw-2019-aj-na-splatky-protiucet_37_max.webp","medium":"https:\/\/cdn.assetlog.ai\/assets\/161440\/mercedes-benz-glc-suv-mercedes-amg-63-s-4matic-at-375kw-2019-aj-na-splatky-protiucet_37_medium.webp","small":"https:\/\/cdn.assetlog.ai\/assets\/161440\/mercedes-benz-glc-suv-mercedes-amg-63-s-4matic-at-375kw-2019-aj-na-splatky-protiucet_37_small.webp"},{"id":132870,"max":"https:\/\/cdn.assetlog.ai\/assets\/161440\/mercedes-benz-glc-suv-mercedes-amg-63-s-4matic-at-375kw-2019-aj-na-splatky-protiucet_38_max.webp","medium":"https:\/\/cdn.assetlog.ai\/assets\/161440\/mercedes-benz-glc-suv-mercedes-amg-63-s-4matic-at-375kw-2019-aj-na-splatky-protiucet_38_medium.webp","small":"https:\/\/cdn.assetlog.ai\/assets\/161440\/mercedes-benz-glc-suv-mercedes-amg-63-s-4matic-at-375kw-2019-aj-na-splatky-protiucet_38_small.webp"},{"id":132871,"max":"https:\/\/cdn.assetlog.ai\/assets\/161440\/mercedes-benz-glc-suv-mercedes-amg-63-s-4matic-at-375kw-2019-aj-na-splatky-protiucet_39_max.webp","medium":"https:\/\/cdn.assetlog.ai\/assets\/161440\/mercedes-benz-glc-suv-mercedes-amg-63-s-4matic-at-375kw-2019-aj-na-splatky-protiucet_39_medium.webp","small":"https:\/\/cdn.assetlog.ai\/assets\/161440\/mercedes-benz-glc-suv-mercedes-amg-63-s-4matic-at-375kw-2019-aj-na-splatky-protiucet_39_small.webp"},{"id":132872,"max":"https:\/\/cdn.assetlog.ai\/assets\/161440\/mercedes-benz-glc-suv-mercedes-amg-63-s-4matic-at-375kw-2019-aj-na-splatky-protiucet_40_max.webp","medium":"https:\/\/cdn.assetlog.ai\/assets\/161440\/mercedes-benz-glc-suv-mercedes-amg-63-s-4matic-at-375kw-2019-aj-na-splatky-protiucet_40_medium.webp","small":"https:\/\/cdn.assetlog.ai\/assets\/161440\/mercedes-benz-glc-suv-mercedes-amg-63-s-4matic-at-375kw-2019-aj-na-splatky-protiucet_40_small.webp"}],"published_at":null,"expires_at":null,"created_at":"2026-08-19T03:40:05+00:00","updated_at":"2026-09-01T03:41:02+00:00"}}