{"data":{"id":177389,"slug":"mercedes-benz-gle-suv-300d-7-miest","type":"vehicle","title":"Mercedes-Benz GLE SUV 300d 7 SEATER","description":"Beautiful GLE model in perfect visual and technical condition, powerful yet economical and undemanding 300d engine, high equipment level and 7 seats for passengers. Regular service, completely new brakes front and rear, complete brake discs including brake pads. Wheels from the GLE 63 AMG model! Vehicle condition: \"get in and enjoy the ride\".\n\nThe vehicle was not in an accident. It has passed insurance record verification, execution record verification, paint thickness measurement and documentation verification. Physically inspected, also through the vehicle service record registry.\n\nWe offer favorable financing on monthly installments, so you can enjoy your new vehicle immediately and without waiting with 0% down payment and installments up to 96 months.\n\nIf you already own a vehicle, you don't need to worry about selling it - in return we will take it directly from you. Just come to us with it, we will evaluate it and deduct the costs from the value of your new vehicle. This way you save time, hassle and money, and the entire process will be quick and easy - you'll drive away in your new vehicle without unnecessary paperwork.\n\nTHE VEHICLE IS LOCATED IN Tren\u010d\u00edn. We are happy to provide you with more information at +421 32 222 59 19\n\nVAT deduction is NOT possible. MOT validity until: 19. 8. 2027.\n\nTechnical specifications\n\nYear of manufacture: 06\/21, 1950cm\u00b3, 180kW (245PS), Drive: 4\u00d74, Automatic transmission (9 speed), Diesel, EURO, 5 door, (7-seater), 54,130km, White metallic, VIN WDC1671191A009056\n\nVehicle fuel consumption (l\/100km)\n\nCity: 5.8, highway: 4.7, combined: 5.1\n\nGaraged, Never damaged, Leasing possible, Credit possible, Top condition, Authenticity verification","language":"cs","is_translated":true,"title_original":"Mercedes-Benz GLE SUV 300d 7 MIEST","description_original":"N\u00e1dhern\u00fd model GLE v perfektn\u00edm vizu\u00e1ln\u00edm i technick\u00e9m stavu, v\u00fdkonn\u00fd a z\u00e1rove\u0148 \u00fasporn\u00fd a nen\u00e1ro\u010dn\u00fd motor 300d, vysok\u00e1 \u00farove\u0148 v\u00fdbavy a 7 sedadel pro pos\u00e1dku. Pravideln\u00fd servis, zcela nov\u00e9 brzdy vp\u0159edu i vzadu, kompletn\u00ed brzdov\u00e9 kotou\u010de v\u010detn\u011b brzdov\u00fdch desti\u010dek. Kola z modelu GLE 63 AMG! Stav vozidla: \u201enasedn\u011bte a u\u017eijte si j\u00edzdu\u201c.\n\nVozidlo nebylo havarovan\u00e9. Pro\u0161lo kontrolou z\u00e1znam\u016f o poji\u0161t\u011bn\u00ed, kontrolou z\u00e1znam\u016f o exekuci, kontrolou m\u011b\u0159en\u00ed laku a kontrolou doklad\u016f. Zkontrolov\u00e1no fyzicky, tak\u00e9 prost\u0159ednictv\u00edm registru provozn\u00edch z\u00e1znam\u016f vozidla.\n\nNab\u00edz\u00edme v\u00fdhodn\u00e9 financov\u00e1n\u00ed na m\u011bs\u00ed\u010dn\u00ed spl\u00e1tky, tak\u017ee si sv\u016fj nov\u00fd v\u016fz m\u016f\u017eete u\u017e\u00edvat hned a bez \u010dek\u00e1n\u00ed s akontac\u00ed 0 % a spl\u00e1tkami a\u017e na 96 m\u011bs\u00edc\u016f.\n\nPokud ji\u017e v\u016fz vlastn\u00edte, nemus\u00edte se zab\u00fdvat jeho prodejem - na opl\u00e1tku si ho od v\u00e1s p\u0159\u00edmo vezmeme. Sta\u010d\u00ed, kdy\u017e k n\u00e1m s n\u00edm p\u0159ijdete, my ho ocen\u00edme a n\u00e1klady ode\u010dteme od hodnoty va\u0161eho nov\u00e9ho vozu. U\u0161et\u0159\u00edte tak \u010das, starosti i pen\u00edze a cel\u00fd proces bude rychl\u00fd a snadn\u00fd - odjedete rovnou ve sv\u00e9m nov\u00e9m voze bez zbyte\u010dn\u00e9ho pap\u00edrov\u00e1n\u00ed.\n\nVOZIDLO SE NACH\u00c1Z\u00cd V Tren\u010d\u00edne. V\u00edce informac\u00ed v\u00e1m r\u00e1di poskytneme na telefonn\u00edm \u010d\u00edsle +421 32 222 59 19\n\nOdpo\u010det DPH NEN\u00cd mo\u017en\u00fd. Platnost STK do: 19. 8. 2027.\n\nTechnick\u00e9 \u00fadaje\n\nv.v.: 06\/21, 1950cm\u00b3, 180kW (245PS), Pohon: 4\u00d74, Automatick\u00e1 p\u0159evodovka (9 st.), Diesel, EURO , 5 dv., (7-m\u00edstn\u00fd), 54 130km, B\u00edl\u00e1 metal\u00edza, VIN WDC1671191A009056\n\nSpot\u0159eba vozidla (l\/100km)\n\nVe m\u011bst\u011b: 5.8, mimo m\u011bsto: 4.7, kombinovan\u00e1: 5.1\n\nGar\u00e1\u017eovan\u00e9, Nikdy neb\u00faran\u00e9, Mo\u017en\u00fd leasing, Mo\u017en\u00fd \u00fav\u011br, TOP stav, Kontrola originality","price":"1303319.00","currency":"CZK","status":"active","noindex":true,"location":{"address":null,"full_address":null,"city":"Tren\u010d\u00edn","country":"SK","latitude":48.8922719,"longitude":18.0387465},"metadata":{"vin":"WDC1671191A009056","fuel":"diesel","year":2021,"brand":"Mercedes-Benz","color":"White","doors":5,"drive":"AWD \/ 4x4","model":"GLE trieda","seats":7,"region":"Tren\u010diansky kraj","mileage":54130,"emisions":"Euro 6","features":["Alarm","ABS","ESP","Protiprokluzov\u00fd syst\u00e9m kol (TC, ASR)","Brzdov\u00fd asistent (EBA, BAS)","ISOFIX na zadn\u00edch sedadlech","Deaktivace airbagu spolujezdce","Nat\u00e1\u010dec\u00ed sv\u011btlomety","Senzor tlaku","Syst\u00e9m rozpozn\u00e1v\u00e1n\u00ed dopravn\u00edch zna\u010dek","Varov\u00e1n\u00ed o vzd\u00e1lenosti (BAS Plus)","Sledov\u00e1n\u00ed \u00fanavy \u0159idi\u010de","T\u00eds\u0148ov\u00e9 vol\u00e1n\u00ed","Upozorn\u011bn\u00ed na p\u0159ij\u00ed\u017ed\u011bj\u00edc\u00ed vozidla p\u0159i couv\u00e1n\u00ed (RCTA)","360\u00b0 monitorovac\u00ed syst\u00e9m (AVM)","Asistent d\u00e1lkov\u00fdch sv\u011btel (HBA)","Centr\u00e1ln\u00ed zamyk\u00e1n\u00ed","Zadn\u00ed el. stahovateln\u00e1 okna","El. nastaviteln\u00e1 p\u0159edn\u00ed sedadla","Elektricky nastaviteln\u00e1 zp\u011btn\u00e1 zrc\u00e1tka","Centr\u00e1ln\u00ed zamyk\u00e1n\u00ed na d\u00e1lkov\u00e9 ovl\u00e1d\u00e1n\u00ed","Automatick\u00e1 4-z\u00f3nov\u00e1 klimatizace","Autor\u00e1dio","Multifunk\u010dn\u00ed volant","Loketn\u00ed op\u011brka vp\u0159edu","Head-up display","Start\/Stop syst\u00e9m","Vzduchov\u00e9 odpru\u017een\u00ed","Klimatizovan\u00e1 p\u0159ihr\u00e1dka","Ost\u0159ikova\u010de sv\u011btlomet\u016f","Apple Car Play","Android Auto","Welcome light","Digit\u00e1ln\u00ed p\u0159\u00edstrojov\u00e1 deska","P\u00e1dla pod volantem","Lit\u00e1 kola","Mlhovky","Imobiliz\u00e9r","Palubn\u00ed po\u010d\u00edta\u010d","Navigace","Automatick\u00e9 parkov\u00e1n\u00ed","St\u0159e\u0161n\u00ed okno","Ta\u017en\u00e9 za\u0159\u00edzen\u00ed","Ko\u017een\u00fd interi\u00e9r","Vyh\u0159\u00edvan\u00e1 sedadla","Elektricky vyh\u0159\u00edvan\u00e1 zp\u011btn\u00e1 zrc\u00e1tka","Senzor st\u011bra\u010d\u016f","Sv\u011bteln\u00fd senzor","Elektrick\u00e9 st\u0159e\u0161n\u00ed okno","Parkovac\u00ed kamera","Zadn\u00ed parkovac\u00ed senzory","Adaptivn\u00ed tempomat","Elektrick\u00e9 dov\u00edr\u00e1n\u00ed v\u0161ech dve\u0159\u00ed","Bezkl\u00ed\u010dov\u00fd vstup","El. ovl\u00e1dan\u00fd kufr","Elektrick\u00e9 dov\u00edr\u00e1n\u00ed zavazadlov\u00e9ho prostoru","Mas\u00e1\u017en\u00ed sedadlo \u0159idi\u010de","Panoramatick\u00e1 st\u0159echa","Bluetooth","Denn\u00ed sv\u00edcen\u00ed","LED sv\u011btlomety","Bezdotykov\u00e9 ovl\u00e1d\u00e1n\u00ed v\u00edka zavazadlov\u00e9ho prostoru","Pam\u011b\u0165 nastaven\u00ed sedadla \u0159idi\u010de","LED matrixov\u00e9 sv\u011btlomety","Ambientn\u00ed LED osv\u011btlen\u00ed interi\u00e9ru","Gar\u00e1\u017eovan\u00e9","Nikdy neb\u00faran\u00e9","Mo\u017en\u00fd leasing","Mo\u017en\u00fd \u00faver","TOP stav!","Kontrola originality","Ko\u017een\u00fd bal\u00ed\u010dek","Odo-pass","Asistent udr\u017eov\u00e1n\u00ed j\u00edzdn\u00edho pruhu","Asistent rozjezdu do kopce","Sledov\u00e1n\u00ed mrtv\u00e9ho \u00fahlu","Syst\u00e9m Burmester"],"power_kw":180,"body_type":"SUV","condition":"Used","transmission":"automatic","vat_deductible":false,"consumption_city":5.8,"translation_hash":"e7f1880c44e6ead761e3fd530d533ca0a46f1237","vehicle_category":"car","engine_volume_cm3":1950,"first_registration":"2021-06-01","translation_status":"done","consumption_highway":4.7,"consumption_combined":5.1},"user_id":49,"is_sponsored":false,"views_count":4,"ai_views_count":8,"ai_vendor_counts":{"meta":5,"other":2,"anthropic":1},"visibility":"public","submission_source":null,"submission_ai_name":null,"has_owner_email":true,"can_contact_owner":true,"phone":"+421 32 222 59 19","owner_email":"mikuska@autorro.sk","user":{"id":49,"slug":"rudolf-mikuska-49","name":"Rudolf Miku\u0161ka","bio":"Prodejce. P\u016fsob\u00edm v showroome v Tren\u010d\u00edne.\n\nP\u016fsobnost: Tren\u010d\u00edn","nationality":"SK","languages":["cs","sk"],"service_areas":[],"card_style":null,"card_palette":null,"avatar_url":"https:\/\/cdn.assetlog.ai\/avatars\/49\/avatar_max.webp?v=1786535213","avatar_thumb_url":"https:\/\/cdn.assetlog.ai\/avatars\/49\/avatar_small.webp?v=1786535213","reviews_count":0,"avg_rating":null,"seller_badge":"silver","can_calendar":true,"joined_at":"2026-06-07T14:20:24+00:00","primary_intent":null,"seeking":[],"public_assets_count":46,"public_prompts_count":0,"followers_count":0},"images":[{"id":140116,"max":"https:\/\/cdn.assetlog.ai\/assets\/177389\/mercedes-benz-gle-suv-300d-7-miest_1_max.webp","medium":"https:\/\/cdn.assetlog.ai\/assets\/177389\/mercedes-benz-gle-suv-300d-7-miest_1_medium.webp","small":"https:\/\/cdn.assetlog.ai\/assets\/177389\/mercedes-benz-gle-suv-300d-7-miest_1_small.webp"},{"id":140117,"max":"https:\/\/cdn.assetlog.ai\/assets\/177389\/mercedes-benz-gle-suv-300d-7-miest_2_max.webp","medium":"https:\/\/cdn.assetlog.ai\/assets\/177389\/mercedes-benz-gle-suv-300d-7-miest_2_medium.webp","small":"https:\/\/cdn.assetlog.ai\/assets\/177389\/mercedes-benz-gle-suv-300d-7-miest_2_small.webp"},{"id":140118,"max":"https:\/\/cdn.assetlog.ai\/assets\/177389\/mercedes-benz-gle-suv-300d-7-miest_3_max.webp","medium":"https:\/\/cdn.assetlog.ai\/assets\/177389\/mercedes-benz-gle-suv-300d-7-miest_3_medium.webp","small":"https:\/\/cdn.assetlog.ai\/assets\/177389\/mercedes-benz-gle-suv-300d-7-miest_3_small.webp"},{"id":140119,"max":"https:\/\/cdn.assetlog.ai\/assets\/177389\/mercedes-benz-gle-suv-300d-7-miest_4_max.webp","medium":"https:\/\/cdn.assetlog.ai\/assets\/177389\/mercedes-benz-gle-suv-300d-7-miest_4_medium.webp","small":"https:\/\/cdn.assetlog.ai\/assets\/177389\/mercedes-benz-gle-suv-300d-7-miest_4_small.webp"},{"id":140120,"max":"https:\/\/cdn.assetlog.ai\/assets\/177389\/mercedes-benz-gle-suv-300d-7-miest_5_max.webp","medium":"https:\/\/cdn.assetlog.ai\/assets\/177389\/mercedes-benz-gle-suv-300d-7-miest_5_medium.webp","small":"https:\/\/cdn.assetlog.ai\/assets\/177389\/mercedes-benz-gle-suv-300d-7-miest_5_small.webp"},{"id":140121,"max":"https:\/\/cdn.assetlog.ai\/assets\/177389\/mercedes-benz-gle-suv-300d-7-miest_6_max.webp","medium":"https:\/\/cdn.assetlog.ai\/assets\/177389\/mercedes-benz-gle-suv-300d-7-miest_6_medium.webp","small":"https:\/\/cdn.assetlog.ai\/assets\/177389\/mercedes-benz-gle-suv-300d-7-miest_6_small.webp"},{"id":140122,"max":"https:\/\/cdn.assetlog.ai\/assets\/177389\/mercedes-benz-gle-suv-300d-7-miest_7_max.webp","medium":"https:\/\/cdn.assetlog.ai\/assets\/177389\/mercedes-benz-gle-suv-300d-7-miest_7_medium.webp","small":"https:\/\/cdn.assetlog.ai\/assets\/177389\/mercedes-benz-gle-suv-300d-7-miest_7_small.webp"},{"id":140123,"max":"https:\/\/cdn.assetlog.ai\/assets\/177389\/mercedes-benz-gle-suv-300d-7-miest_8_max.webp","medium":"https:\/\/cdn.assetlog.ai\/assets\/177389\/mercedes-benz-gle-suv-300d-7-miest_8_medium.webp","small":"https:\/\/cdn.assetlog.ai\/assets\/177389\/mercedes-benz-gle-suv-300d-7-miest_8_small.webp"},{"id":140124,"max":"https:\/\/cdn.assetlog.ai\/assets\/177389\/mercedes-benz-gle-suv-300d-7-miest_9_max.webp","medium":"https:\/\/cdn.assetlog.ai\/assets\/177389\/mercedes-benz-gle-suv-300d-7-miest_9_medium.webp","small":"https:\/\/cdn.assetlog.ai\/assets\/177389\/mercedes-benz-gle-suv-300d-7-miest_9_small.webp"},{"id":140125,"max":"https:\/\/cdn.assetlog.ai\/assets\/177389\/mercedes-benz-gle-suv-300d-7-miest_10_max.webp","medium":"https:\/\/cdn.assetlog.ai\/assets\/177389\/mercedes-benz-gle-suv-300d-7-miest_10_medium.webp","small":"https:\/\/cdn.assetlog.ai\/assets\/177389\/mercedes-benz-gle-suv-300d-7-miest_10_small.webp"},{"id":140126,"max":"https:\/\/cdn.assetlog.ai\/assets\/177389\/mercedes-benz-gle-suv-300d-7-miest_11_max.webp","medium":"https:\/\/cdn.assetlog.ai\/assets\/177389\/mercedes-benz-gle-suv-300d-7-miest_11_medium.webp","small":"https:\/\/cdn.assetlog.ai\/assets\/177389\/mercedes-benz-gle-suv-300d-7-miest_11_small.webp"},{"id":140127,"max":"https:\/\/cdn.assetlog.ai\/assets\/177389\/mercedes-benz-gle-suv-300d-7-miest_12_max.webp","medium":"https:\/\/cdn.assetlog.ai\/assets\/177389\/mercedes-benz-gle-suv-300d-7-miest_12_medium.webp","small":"https:\/\/cdn.assetlog.ai\/assets\/177389\/mercedes-benz-gle-suv-300d-7-miest_12_small.webp"},{"id":140128,"max":"https:\/\/cdn.assetlog.ai\/assets\/177389\/mercedes-benz-gle-suv-300d-7-miest_13_max.webp","medium":"https:\/\/cdn.assetlog.ai\/assets\/177389\/mercedes-benz-gle-suv-300d-7-miest_13_medium.webp","small":"https:\/\/cdn.assetlog.ai\/assets\/177389\/mercedes-benz-gle-suv-300d-7-miest_13_small.webp"},{"id":140129,"max":"https:\/\/cdn.assetlog.ai\/assets\/177389\/mercedes-benz-gle-suv-300d-7-miest_14_max.webp","medium":"https:\/\/cdn.assetlog.ai\/assets\/177389\/mercedes-benz-gle-suv-300d-7-miest_14_medium.webp","small":"https:\/\/cdn.assetlog.ai\/assets\/177389\/mercedes-benz-gle-suv-300d-7-miest_14_small.webp"},{"id":140130,"max":"https:\/\/cdn.assetlog.ai\/assets\/177389\/mercedes-benz-gle-suv-300d-7-miest_15_max.webp","medium":"https:\/\/cdn.assetlog.ai\/assets\/177389\/mercedes-benz-gle-suv-300d-7-miest_15_medium.webp","small":"https:\/\/cdn.assetlog.ai\/assets\/177389\/mercedes-benz-gle-suv-300d-7-miest_15_small.webp"},{"id":140131,"max":"https:\/\/cdn.assetlog.ai\/assets\/177389\/mercedes-benz-gle-suv-300d-7-miest_16_max.webp","medium":"https:\/\/cdn.assetlog.ai\/assets\/177389\/mercedes-benz-gle-suv-300d-7-miest_16_medium.webp","small":"https:\/\/cdn.assetlog.ai\/assets\/177389\/mercedes-benz-gle-suv-300d-7-miest_16_small.webp"},{"id":140132,"max":"https:\/\/cdn.assetlog.ai\/assets\/177389\/mercedes-benz-gle-suv-300d-7-miest_17_max.webp","medium":"https:\/\/cdn.assetlog.ai\/assets\/177389\/mercedes-benz-gle-suv-300d-7-miest_17_medium.webp","small":"https:\/\/cdn.assetlog.ai\/assets\/177389\/mercedes-benz-gle-suv-300d-7-miest_17_small.webp"},{"id":140133,"max":"https:\/\/cdn.assetlog.ai\/assets\/177389\/mercedes-benz-gle-suv-300d-7-miest_18_max.webp","medium":"https:\/\/cdn.assetlog.ai\/assets\/177389\/mercedes-benz-gle-suv-300d-7-miest_18_medium.webp","small":"https:\/\/cdn.assetlog.ai\/assets\/177389\/mercedes-benz-gle-suv-300d-7-miest_18_small.webp"},{"id":140134,"max":"https:\/\/cdn.assetlog.ai\/assets\/177389\/mercedes-benz-gle-suv-300d-7-miest_19_max.webp","medium":"https:\/\/cdn.assetlog.ai\/assets\/177389\/mercedes-benz-gle-suv-300d-7-miest_19_medium.webp","small":"https:\/\/cdn.assetlog.ai\/assets\/177389\/mercedes-benz-gle-suv-300d-7-miest_19_small.webp"},{"id":140135,"max":"https:\/\/cdn.assetlog.ai\/assets\/177389\/mercedes-benz-gle-suv-300d-7-miest_20_max.webp","medium":"https:\/\/cdn.assetlog.ai\/assets\/177389\/mercedes-benz-gle-suv-300d-7-miest_20_medium.webp","small":"https:\/\/cdn.assetlog.ai\/assets\/177389\/mercedes-benz-gle-suv-300d-7-miest_20_small.webp"},{"id":140136,"max":"https:\/\/cdn.assetlog.ai\/assets\/177389\/mercedes-benz-gle-suv-300d-7-miest_21_max.webp","medium":"https:\/\/cdn.assetlog.ai\/assets\/177389\/mercedes-benz-gle-suv-300d-7-miest_21_medium.webp","small":"https:\/\/cdn.assetlog.ai\/assets\/177389\/mercedes-benz-gle-suv-300d-7-miest_21_small.webp"},{"id":140137,"max":"https:\/\/cdn.assetlog.ai\/assets\/177389\/mercedes-benz-gle-suv-300d-7-miest_22_max.webp","medium":"https:\/\/cdn.assetlog.ai\/assets\/177389\/mercedes-benz-gle-suv-300d-7-miest_22_medium.webp","small":"https:\/\/cdn.assetlog.ai\/assets\/177389\/mercedes-benz-gle-suv-300d-7-miest_22_small.webp"},{"id":140138,"max":"https:\/\/cdn.assetlog.ai\/assets\/177389\/mercedes-benz-gle-suv-300d-7-miest_23_max.webp","medium":"https:\/\/cdn.assetlog.ai\/assets\/177389\/mercedes-benz-gle-suv-300d-7-miest_23_medium.webp","small":"https:\/\/cdn.assetlog.ai\/assets\/177389\/mercedes-benz-gle-suv-300d-7-miest_23_small.webp"},{"id":140139,"max":"https:\/\/cdn.assetlog.ai\/assets\/177389\/mercedes-benz-gle-suv-300d-7-miest_24_max.webp","medium":"https:\/\/cdn.assetlog.ai\/assets\/177389\/mercedes-benz-gle-suv-300d-7-miest_24_medium.webp","small":"https:\/\/cdn.assetlog.ai\/assets\/177389\/mercedes-benz-gle-suv-300d-7-miest_24_small.webp"},{"id":140140,"max":"https:\/\/cdn.assetlog.ai\/assets\/177389\/mercedes-benz-gle-suv-300d-7-miest_25_max.webp","medium":"https:\/\/cdn.assetlog.ai\/assets\/177389\/mercedes-benz-gle-suv-300d-7-miest_25_medium.webp","small":"https:\/\/cdn.assetlog.ai\/assets\/177389\/mercedes-benz-gle-suv-300d-7-miest_25_small.webp"},{"id":140141,"max":"https:\/\/cdn.assetlog.ai\/assets\/177389\/mercedes-benz-gle-suv-300d-7-miest_26_max.webp","medium":"https:\/\/cdn.assetlog.ai\/assets\/177389\/mercedes-benz-gle-suv-300d-7-miest_26_medium.webp","small":"https:\/\/cdn.assetlog.ai\/assets\/177389\/mercedes-benz-gle-suv-300d-7-miest_26_small.webp"},{"id":140142,"max":"https:\/\/cdn.assetlog.ai\/assets\/177389\/mercedes-benz-gle-suv-300d-7-miest_27_max.webp","medium":"https:\/\/cdn.assetlog.ai\/assets\/177389\/mercedes-benz-gle-suv-300d-7-miest_27_medium.webp","small":"https:\/\/cdn.assetlog.ai\/assets\/177389\/mercedes-benz-gle-suv-300d-7-miest_27_small.webp"},{"id":140143,"max":"https:\/\/cdn.assetlog.ai\/assets\/177389\/mercedes-benz-gle-suv-300d-7-miest_28_max.webp","medium":"https:\/\/cdn.assetlog.ai\/assets\/177389\/mercedes-benz-gle-suv-300d-7-miest_28_medium.webp","small":"https:\/\/cdn.assetlog.ai\/assets\/177389\/mercedes-benz-gle-suv-300d-7-miest_28_small.webp"},{"id":140144,"max":"https:\/\/cdn.assetlog.ai\/assets\/177389\/mercedes-benz-gle-suv-300d-7-miest_29_max.webp","medium":"https:\/\/cdn.assetlog.ai\/assets\/177389\/mercedes-benz-gle-suv-300d-7-miest_29_medium.webp","small":"https:\/\/cdn.assetlog.ai\/assets\/177389\/mercedes-benz-gle-suv-300d-7-miest_29_small.webp"},{"id":140145,"max":"https:\/\/cdn.assetlog.ai\/assets\/177389\/mercedes-benz-gle-suv-300d-7-miest_30_max.webp","medium":"https:\/\/cdn.assetlog.ai\/assets\/177389\/mercedes-benz-gle-suv-300d-7-miest_30_medium.webp","small":"https:\/\/cdn.assetlog.ai\/assets\/177389\/mercedes-benz-gle-suv-300d-7-miest_30_small.webp"},{"id":140146,"max":"https:\/\/cdn.assetlog.ai\/assets\/177389\/mercedes-benz-gle-suv-300d-7-miest_31_max.webp","medium":"https:\/\/cdn.assetlog.ai\/assets\/177389\/mercedes-benz-gle-suv-300d-7-miest_31_medium.webp","small":"https:\/\/cdn.assetlog.ai\/assets\/177389\/mercedes-benz-gle-suv-300d-7-miest_31_small.webp"},{"id":140147,"max":"https:\/\/cdn.assetlog.ai\/assets\/177389\/mercedes-benz-gle-suv-300d-7-miest_32_max.webp","medium":"https:\/\/cdn.assetlog.ai\/assets\/177389\/mercedes-benz-gle-suv-300d-7-miest_32_medium.webp","small":"https:\/\/cdn.assetlog.ai\/assets\/177389\/mercedes-benz-gle-suv-300d-7-miest_32_small.webp"},{"id":140148,"max":"https:\/\/cdn.assetlog.ai\/assets\/177389\/mercedes-benz-gle-suv-300d-7-miest_33_max.webp","medium":"https:\/\/cdn.assetlog.ai\/assets\/177389\/mercedes-benz-gle-suv-300d-7-miest_33_medium.webp","small":"https:\/\/cdn.assetlog.ai\/assets\/177389\/mercedes-benz-gle-suv-300d-7-miest_33_small.webp"},{"id":140149,"max":"https:\/\/cdn.assetlog.ai\/assets\/177389\/mercedes-benz-gle-suv-300d-7-miest_34_max.webp","medium":"https:\/\/cdn.assetlog.ai\/assets\/177389\/mercedes-benz-gle-suv-300d-7-miest_34_medium.webp","small":"https:\/\/cdn.assetlog.ai\/assets\/177389\/mercedes-benz-gle-suv-300d-7-miest_34_small.webp"}],"published_at":null,"expires_at":null,"created_at":"2026-08-29T03:46:22+00:00","updated_at":"2026-09-01T03:40:31+00:00"}}