{"data":{"id":121010,"slug":"mercedes-benz-gle-suv-350d-4matic-190kw-aj-na-splatky-protiucet","type":"vehicle","title":"Mercedes-Benz GLE SUV 350d 4MATIC 190kW \/ ON INSTALLMENTS \/ TRADE-IN AVAILABLE","description":"Commission sale - you are purchasing the vehicle directly from the owner.\n\nCOMMUNICATION: SK, HU, EN\n\nFINANCING \/ WARRANTY \/ TRADE-IN\n\nMercedes-Benz GLE 350 d with all-wheel drive (4MATIC) and automatic transmission. The vehicle is painted in elegant dark gray metallic and comes with 2 keys. Complete service history is available for this vehicle, and throughout the current owner's period of ownership, the vehicle has been serviced at an authorized service center. VAT deduction can be claimed for this vehicle.\n\nThe vehicle has undergone an inspection of insurance records, execution records, paint thickness control and documentation. It has been checked physically and through the vehicle operation records register. The mileage may still increase.\n\nWe offer favorable financing options with monthly installments, so you can enjoy your new vehicle immediately, without unnecessary waiting, with down payments from 0% and installments up to 96 months. On the Autorro website, you can fill out a non-binding financing form.\n\nFor your greater comfort and peace of mind, we can provide you with an extended warranty of up to 12-36 months.\n\nIf you already own a car, we will take it from you directly as a trade-in value \u2013 we will assess it and deduct its price from the price of your new vehicle.\n\nThe above equipment is for informational purposes only and does not create a legal claim. The seller reserves the right for unintentional errors in the description.\n\nWe are happy to provide you with further information at telephone number 0949 394 685; the vehicle is located in Horn\u00e9 M\u00fdto near DS. License plate: DS983GM. Technical inspection valid until: 23. 1. 2027. MOT valid until: 23. 1. 2027.\n\nTechnical specifications\n\nFirst registration: 02\/17, 2987cc, 190kW (258PS), Drive: 4\u00d74, Automatic transmission (9-speed), Diesel, EURO 6, 5-door, (5-seater), 296,044km, Dark gray metallic, VIN WDC1660241A684740\n\nVehicle fuel consumption (l\/100km)\n\nCity: 7.3, Highway: 6.2, Combined: 6.6\n\nLeasing available, VAT deduction available, Loan available, Full service history","language":"cs","is_translated":true,"title_original":"Mercedes-Benz GLE SUV 350d 4MATIC 190kW \/ AJ NA SPL\u00c1TKY \/ PROTI\u00da\u010cET","description_original":"Komisn\u00ed prodej - vozidlo kupujete p\u0159\u00edmo od majitele.\n\nKOMUNIKACE: SK, HU, EN\n\nFINANCOV\u00c1N\u00cd \/ Z\u00c1RUKA \/ PROTI\u00da\u010cET\n\nMercedes-Benz GLE 350 d s pohonem v\u0161ech \u010dty\u0159 kol (4MATIC) a automatickou p\u0159evodovkou. Vozidlo je lakov\u00e1no v elegantn\u00ed tmav\u011b \u0161ed\u00e9 metal\u00edze a sou\u010d\u00e1st\u00ed v\u00fdbavy jsou 2 kl\u00ed\u010de. K vozu je k dispozici kompletn\u00ed servisn\u00ed historie, p\u0159i\u010dem\u017e po celou dobu vlastnictv\u00ed sou\u010dasn\u00e9ho majitele bylo vozidlo servisov\u00e1no v autorizovan\u00e9m servisu. U tohoto vozidla je mo\u017en\u00e9 uplatnit odpo\u010det DPH.\n\nVozidlo pro\u0161lo kontrolou pojistn\u00fdch z\u00e1znam\u016f, z\u00e1znam\u016f o exekuc\u00edch, kontrolou tlou\u0161\u0165ky laku a doklad\u016f. Bylo zkontrolov\u00e1no fyzicky i prost\u0159ednictv\u00edm registru provozn\u00edch z\u00e1znam\u016f vozidla. Po\u010det najet\u00fdch kilometr\u016f se je\u0161t\u011b m\u016f\u017ee zv\u00fd\u0161it.\n\nNab\u00edz\u00edme mo\u017enost v\u00fdhodn\u00e9ho financov\u00e1n\u00ed s m\u011bs\u00ed\u010dn\u00edmi spl\u00e1tkami, tak\u017ee si sv\u00e9 nov\u00e9 vozidlo m\u016f\u017eete u\u017e\u00edt ihned, bez zbyte\u010dn\u00e9ho \u010dek\u00e1n\u00ed, s akontac\u00ed od 0 % a spl\u00e1tkami a\u017e na 96 m\u011bs\u00edc\u016f. Na str\u00e1nk\u00e1ch Autorro m\u016f\u017eete vyplnit nez\u00e1vazn\u00fd formul\u00e1\u0159 pro financov\u00e1n\u00ed.\n\nPro va\u0161e v\u011bt\u0161\u00ed pohodl\u00ed a jistotu v\u00e1m m\u016f\u017eeme poskytnout prodlou\u017eenou z\u00e1ruku a\u017e na 12-36 m\u011bs\u00edc\u016f.\n\nPokud ji\u017e vlastn\u00edte auto, p\u0159evezmeme ho od v\u00e1s p\u0159\u00edmo jako protihodnotu \u2013 ocen\u00edme ho a jeho cenu v\u00e1m ode\u010dteme z ceny nov\u00e9ho vozidla.\n\nV\u00fd\u0161e uveden\u00e9 vybaven\u00ed m\u00e1 pouze informativn\u00ed charakter a nezakl\u00e1d\u00e1 pr\u00e1vn\u00ed n\u00e1rok. Prod\u00e1vaj\u00edc\u00ed si vyhrazuje pr\u00e1vo na ne\u00famysln\u00e9 chyby v popisu.\n\nDal\u0161\u00ed informace v\u00e1m r\u00e1di poskytneme na telefonn\u00edm \u010d\u00edsle 0949 394 685; vozidlo se nach\u00e1z\u00ed v obci Horn\u00e9 M\u00fdto u DS. E\u010cV: DS983GM. EK platn\u00e1 do: 23. 1. 2027. STK platn\u00e1 do: 23. 1. 2027.\n\nTechnick\u00e9 \u00fadaje\n\nv.v.: 02\/17, 2987cm\u00b3, 190kW (258PS), Pohon: 4\u00d74, Automatick\u00e1 p\u0159evodovka (9 st.), Diesel, EURO 6, 5 dv., (5-m\u00edstn\u00fd), 296 044km, \u0160ed\u00e1 tmav\u00e1 metal\u00edza, VIN WDC1660241A684740\n\nSpot\u0159eba vozidla (l\/100km)\n\nVe m\u011bst\u011b: 7.3, mimo m\u011bsto: 6.2, kombinovan\u00e1: 6.6\n\nMo\u017en\u00fd leasing, Mo\u017en\u00fd odpo\u010det DPH, Mo\u017en\u00fd \u00fav\u011br, \u00dapln\u00e1 servisn\u00ed historie","price":"483858.00","currency":"CZK","status":"active","noindex":true,"location":{"address":null,"full_address":null,"city":"Dunajsk\u00e1 Streda","country":"SK","latitude":47.9956165,"longitude":17.6162934},"metadata":{"vin":"WDC1660241A684740","fuel":"diesel","year":2017,"brand":"Mercedes","color":"Grey","doors":5,"drive":"AWD \/ 4x4","model":"GLE trieda","seats":5,"region":"Trnavsk\u00fd kraj","mileage":296044,"emisions":"Euro 6","features":["Alarm","EBD\/EBV","Posilova\u010d \u0159\u00edzen\u00ed","ABS","ESP","Protiprokluzov\u00fd syst\u00e9m kol (TC, ASR)","ADS","DSC\/DTC","Brzdov\u00fd asistent (EBA, BAS)","ISOFIX na zadn\u00edch sedadlech","Deaktivace airbagu spolujezdce","Senzor tlaku","CD p\u0159ehr\u00e1va\u010d","Centr\u00e1ln\u00ed zamyk\u00e1n\u00ed","Zadn\u00ed el. stahovateln\u00e1 okna","El. nastaviteln\u00e1 p\u0159edn\u00ed sedadla","Elektricky nastaviteln\u00e1 zp\u011btn\u00e1 zrc\u00e1tka","Automatick\u00e1 2-z\u00f3nov\u00e1 klimatizace","Centr\u00e1ln\u00ed zamyk\u00e1n\u00ed na d\u00e1lkov\u00e9 ovl\u00e1d\u00e1n\u00ed","Autor\u00e1dio","Multifunk\u010dn\u00ed volant","Loketn\u00ed op\u011brka vp\u0159edu","Vzduchov\u00e9 odpru\u017een\u00ed","Ost\u0159ikova\u010de sv\u011btlomet\u016f","Welcome light","Imobiliz\u00e9r","Palubn\u00ed po\u010d\u00edta\u010d","Navigace","Ta\u017en\u00e9 za\u0159\u00edzen\u00ed","Tempomat","Ko\u017een\u00fd interi\u00e9r","Vyh\u0159\u00edvan\u00e1 sedadla","Senzor st\u011bra\u010d\u016f","Sv\u011bteln\u00fd senzor","Start\/Stop syst\u00e9m","P\u0159edn\u00ed a zadn\u00ed parkovac\u00ed senzory","El. ovl\u00e1dan\u00fd kufr","Elektrick\u00e9 dov\u00edr\u00e1n\u00ed zavazadlov\u00e9ho prostoru","Bluetooth","Denn\u00ed sv\u00edcen\u00ed","LED sv\u011btlomety","Ambientn\u00ed LED osv\u011btlen\u00ed interi\u00e9ru","Mo\u017en\u00fd leasing","Mo\u017en\u00fd odpo\u010det DPH","Mo\u017en\u00fd \u00faver","\u00dapln\u00e1 servisn\u00e1 hist\u00f3ria","Adaptivn\u00ed podvozek","Ko\u017een\u00fd paket","Odo-pass","Asistent rozjezdu do kopce","Kontrola mrtv\u00e9ho \u00fahlu","MSR","LCD panel","Drive Select (j\u00edzadn\u00ed re\u017eimy)","Elektricky sklopn\u00e1 zp\u011btn\u00e1 zrc\u00e1tka"],"power_kw":190,"body_type":"SUV","condition":"Used","transmission":"automatic","vat_deductible":true,"consumption_city":7.3,"translation_hash":"ee81b23f55a63b2ef34085b72d594f72f61461b6","vehicle_category":"car","engine_volume_cm3":2987,"first_registration":"2017-02-01","translation_status":"done","consumption_highway":6.2,"consumption_combined":6.6},"user_id":34,"is_sponsored":false,"views_count":22,"ai_views_count":9,"ai_vendor_counts":{"openai":5,"anthropic":3,"microsoft":1},"visibility":"public","submission_source":null,"submission_ai_name":null,"has_owner_email":true,"can_contact_owner":true,"phone":"0949 394 685","owner_email":"forro@autorro.sk","user":{"id":34,"slug":"balint-forro-34","name":"B\u00e1lint Forr\u00f3","bio":"Makl\u00e9r. P\u016fsob\u00edm v Dunajskej Strede, Galante a okol\u00ed.\n\nP\u016fsobnost: Dunajsk\u00e1 Streda, Galanta","nationality":"SK","languages":["cs","sk"],"service_areas":[],"card_style":null,"card_palette":null,"avatar_url":"https:\/\/cdn.assetlog.ai\/avatars\/34\/avatar_max.webp?v=1786535213","avatar_thumb_url":"https:\/\/cdn.assetlog.ai\/avatars\/34\/avatar_small.webp?v=1786535213","reviews_count":0,"avg_rating":null,"seller_badge":"silver","can_calendar":true,"joined_at":"2026-06-07T07:44:52+00:00","primary_intent":null,"seeking":[],"public_assets_count":47,"public_prompts_count":0,"followers_count":0},"images":[{"id":98592,"max":"https:\/\/cdn.assetlog.ai\/assets\/121010\/mercedes-benz-gle-suv-350d-4matic-190kw-aj-na-splatky-protiucet_1_max.webp","medium":"https:\/\/cdn.assetlog.ai\/assets\/121010\/mercedes-benz-gle-suv-350d-4matic-190kw-aj-na-splatky-protiucet_1_medium.webp","small":"https:\/\/cdn.assetlog.ai\/assets\/121010\/mercedes-benz-gle-suv-350d-4matic-190kw-aj-na-splatky-protiucet_1_small.webp"},{"id":98593,"max":"https:\/\/cdn.assetlog.ai\/assets\/121010\/mercedes-benz-gle-suv-350d-4matic-190kw-aj-na-splatky-protiucet_2_max.webp","medium":"https:\/\/cdn.assetlog.ai\/assets\/121010\/mercedes-benz-gle-suv-350d-4matic-190kw-aj-na-splatky-protiucet_2_medium.webp","small":"https:\/\/cdn.assetlog.ai\/assets\/121010\/mercedes-benz-gle-suv-350d-4matic-190kw-aj-na-splatky-protiucet_2_small.webp"},{"id":98594,"max":"https:\/\/cdn.assetlog.ai\/assets\/121010\/mercedes-benz-gle-suv-350d-4matic-190kw-aj-na-splatky-protiucet_3_max.webp","medium":"https:\/\/cdn.assetlog.ai\/assets\/121010\/mercedes-benz-gle-suv-350d-4matic-190kw-aj-na-splatky-protiucet_3_medium.webp","small":"https:\/\/cdn.assetlog.ai\/assets\/121010\/mercedes-benz-gle-suv-350d-4matic-190kw-aj-na-splatky-protiucet_3_small.webp"},{"id":98595,"max":"https:\/\/cdn.assetlog.ai\/assets\/121010\/mercedes-benz-gle-suv-350d-4matic-190kw-aj-na-splatky-protiucet_4_max.webp","medium":"https:\/\/cdn.assetlog.ai\/assets\/121010\/mercedes-benz-gle-suv-350d-4matic-190kw-aj-na-splatky-protiucet_4_medium.webp","small":"https:\/\/cdn.assetlog.ai\/assets\/121010\/mercedes-benz-gle-suv-350d-4matic-190kw-aj-na-splatky-protiucet_4_small.webp"},{"id":98596,"max":"https:\/\/cdn.assetlog.ai\/assets\/121010\/mercedes-benz-gle-suv-350d-4matic-190kw-aj-na-splatky-protiucet_5_max.webp","medium":"https:\/\/cdn.assetlog.ai\/assets\/121010\/mercedes-benz-gle-suv-350d-4matic-190kw-aj-na-splatky-protiucet_5_medium.webp","small":"https:\/\/cdn.assetlog.ai\/assets\/121010\/mercedes-benz-gle-suv-350d-4matic-190kw-aj-na-splatky-protiucet_5_small.webp"},{"id":98597,"max":"https:\/\/cdn.assetlog.ai\/assets\/121010\/mercedes-benz-gle-suv-350d-4matic-190kw-aj-na-splatky-protiucet_6_max.webp","medium":"https:\/\/cdn.assetlog.ai\/assets\/121010\/mercedes-benz-gle-suv-350d-4matic-190kw-aj-na-splatky-protiucet_6_medium.webp","small":"https:\/\/cdn.assetlog.ai\/assets\/121010\/mercedes-benz-gle-suv-350d-4matic-190kw-aj-na-splatky-protiucet_6_small.webp"},{"id":98598,"max":"https:\/\/cdn.assetlog.ai\/assets\/121010\/mercedes-benz-gle-suv-350d-4matic-190kw-aj-na-splatky-protiucet_7_max.webp","medium":"https:\/\/cdn.assetlog.ai\/assets\/121010\/mercedes-benz-gle-suv-350d-4matic-190kw-aj-na-splatky-protiucet_7_medium.webp","small":"https:\/\/cdn.assetlog.ai\/assets\/121010\/mercedes-benz-gle-suv-350d-4matic-190kw-aj-na-splatky-protiucet_7_small.webp"},{"id":98599,"max":"https:\/\/cdn.assetlog.ai\/assets\/121010\/mercedes-benz-gle-suv-350d-4matic-190kw-aj-na-splatky-protiucet_8_max.webp","medium":"https:\/\/cdn.assetlog.ai\/assets\/121010\/mercedes-benz-gle-suv-350d-4matic-190kw-aj-na-splatky-protiucet_8_medium.webp","small":"https:\/\/cdn.assetlog.ai\/assets\/121010\/mercedes-benz-gle-suv-350d-4matic-190kw-aj-na-splatky-protiucet_8_small.webp"},{"id":98600,"max":"https:\/\/cdn.assetlog.ai\/assets\/121010\/mercedes-benz-gle-suv-350d-4matic-190kw-aj-na-splatky-protiucet_9_max.webp","medium":"https:\/\/cdn.assetlog.ai\/assets\/121010\/mercedes-benz-gle-suv-350d-4matic-190kw-aj-na-splatky-protiucet_9_medium.webp","small":"https:\/\/cdn.assetlog.ai\/assets\/121010\/mercedes-benz-gle-suv-350d-4matic-190kw-aj-na-splatky-protiucet_9_small.webp"},{"id":98601,"max":"https:\/\/cdn.assetlog.ai\/assets\/121010\/mercedes-benz-gle-suv-350d-4matic-190kw-aj-na-splatky-protiucet_10_max.webp","medium":"https:\/\/cdn.assetlog.ai\/assets\/121010\/mercedes-benz-gle-suv-350d-4matic-190kw-aj-na-splatky-protiucet_10_medium.webp","small":"https:\/\/cdn.assetlog.ai\/assets\/121010\/mercedes-benz-gle-suv-350d-4matic-190kw-aj-na-splatky-protiucet_10_small.webp"},{"id":98602,"max":"https:\/\/cdn.assetlog.ai\/assets\/121010\/mercedes-benz-gle-suv-350d-4matic-190kw-aj-na-splatky-protiucet_11_max.webp","medium":"https:\/\/cdn.assetlog.ai\/assets\/121010\/mercedes-benz-gle-suv-350d-4matic-190kw-aj-na-splatky-protiucet_11_medium.webp","small":"https:\/\/cdn.assetlog.ai\/assets\/121010\/mercedes-benz-gle-suv-350d-4matic-190kw-aj-na-splatky-protiucet_11_small.webp"},{"id":98603,"max":"https:\/\/cdn.assetlog.ai\/assets\/121010\/mercedes-benz-gle-suv-350d-4matic-190kw-aj-na-splatky-protiucet_12_max.webp","medium":"https:\/\/cdn.assetlog.ai\/assets\/121010\/mercedes-benz-gle-suv-350d-4matic-190kw-aj-na-splatky-protiucet_12_medium.webp","small":"https:\/\/cdn.assetlog.ai\/assets\/121010\/mercedes-benz-gle-suv-350d-4matic-190kw-aj-na-splatky-protiucet_12_small.webp"},{"id":98604,"max":"https:\/\/cdn.assetlog.ai\/assets\/121010\/mercedes-benz-gle-suv-350d-4matic-190kw-aj-na-splatky-protiucet_13_max.webp","medium":"https:\/\/cdn.assetlog.ai\/assets\/121010\/mercedes-benz-gle-suv-350d-4matic-190kw-aj-na-splatky-protiucet_13_medium.webp","small":"https:\/\/cdn.assetlog.ai\/assets\/121010\/mercedes-benz-gle-suv-350d-4matic-190kw-aj-na-splatky-protiucet_13_small.webp"},{"id":98605,"max":"https:\/\/cdn.assetlog.ai\/assets\/121010\/mercedes-benz-gle-suv-350d-4matic-190kw-aj-na-splatky-protiucet_14_max.webp","medium":"https:\/\/cdn.assetlog.ai\/assets\/121010\/mercedes-benz-gle-suv-350d-4matic-190kw-aj-na-splatky-protiucet_14_medium.webp","small":"https:\/\/cdn.assetlog.ai\/assets\/121010\/mercedes-benz-gle-suv-350d-4matic-190kw-aj-na-splatky-protiucet_14_small.webp"},{"id":98606,"max":"https:\/\/cdn.assetlog.ai\/assets\/121010\/mercedes-benz-gle-suv-350d-4matic-190kw-aj-na-splatky-protiucet_15_max.webp","medium":"https:\/\/cdn.assetlog.ai\/assets\/121010\/mercedes-benz-gle-suv-350d-4matic-190kw-aj-na-splatky-protiucet_15_medium.webp","small":"https:\/\/cdn.assetlog.ai\/assets\/121010\/mercedes-benz-gle-suv-350d-4matic-190kw-aj-na-splatky-protiucet_15_small.webp"},{"id":98607,"max":"https:\/\/cdn.assetlog.ai\/assets\/121010\/mercedes-benz-gle-suv-350d-4matic-190kw-aj-na-splatky-protiucet_16_max.webp","medium":"https:\/\/cdn.assetlog.ai\/assets\/121010\/mercedes-benz-gle-suv-350d-4matic-190kw-aj-na-splatky-protiucet_16_medium.webp","small":"https:\/\/cdn.assetlog.ai\/assets\/121010\/mercedes-benz-gle-suv-350d-4matic-190kw-aj-na-splatky-protiucet_16_small.webp"},{"id":98608,"max":"https:\/\/cdn.assetlog.ai\/assets\/121010\/mercedes-benz-gle-suv-350d-4matic-190kw-aj-na-splatky-protiucet_17_max.webp","medium":"https:\/\/cdn.assetlog.ai\/assets\/121010\/mercedes-benz-gle-suv-350d-4matic-190kw-aj-na-splatky-protiucet_17_medium.webp","small":"https:\/\/cdn.assetlog.ai\/assets\/121010\/mercedes-benz-gle-suv-350d-4matic-190kw-aj-na-splatky-protiucet_17_small.webp"},{"id":98609,"max":"https:\/\/cdn.assetlog.ai\/assets\/121010\/mercedes-benz-gle-suv-350d-4matic-190kw-aj-na-splatky-protiucet_18_max.webp","medium":"https:\/\/cdn.assetlog.ai\/assets\/121010\/mercedes-benz-gle-suv-350d-4matic-190kw-aj-na-splatky-protiucet_18_medium.webp","small":"https:\/\/cdn.assetlog.ai\/assets\/121010\/mercedes-benz-gle-suv-350d-4matic-190kw-aj-na-splatky-protiucet_18_small.webp"},{"id":98610,"max":"https:\/\/cdn.assetlog.ai\/assets\/121010\/mercedes-benz-gle-suv-350d-4matic-190kw-aj-na-splatky-protiucet_19_max.webp","medium":"https:\/\/cdn.assetlog.ai\/assets\/121010\/mercedes-benz-gle-suv-350d-4matic-190kw-aj-na-splatky-protiucet_19_medium.webp","small":"https:\/\/cdn.assetlog.ai\/assets\/121010\/mercedes-benz-gle-suv-350d-4matic-190kw-aj-na-splatky-protiucet_19_small.webp"},{"id":98611,"max":"https:\/\/cdn.assetlog.ai\/assets\/121010\/mercedes-benz-gle-suv-350d-4matic-190kw-aj-na-splatky-protiucet_20_max.webp","medium":"https:\/\/cdn.assetlog.ai\/assets\/121010\/mercedes-benz-gle-suv-350d-4matic-190kw-aj-na-splatky-protiucet_20_medium.webp","small":"https:\/\/cdn.assetlog.ai\/assets\/121010\/mercedes-benz-gle-suv-350d-4matic-190kw-aj-na-splatky-protiucet_20_small.webp"},{"id":98612,"max":"https:\/\/cdn.assetlog.ai\/assets\/121010\/mercedes-benz-gle-suv-350d-4matic-190kw-aj-na-splatky-protiucet_21_max.webp","medium":"https:\/\/cdn.assetlog.ai\/assets\/121010\/mercedes-benz-gle-suv-350d-4matic-190kw-aj-na-splatky-protiucet_21_medium.webp","small":"https:\/\/cdn.assetlog.ai\/assets\/121010\/mercedes-benz-gle-suv-350d-4matic-190kw-aj-na-splatky-protiucet_21_small.webp"},{"id":98613,"max":"https:\/\/cdn.assetlog.ai\/assets\/121010\/mercedes-benz-gle-suv-350d-4matic-190kw-aj-na-splatky-protiucet_22_max.webp","medium":"https:\/\/cdn.assetlog.ai\/assets\/121010\/mercedes-benz-gle-suv-350d-4matic-190kw-aj-na-splatky-protiucet_22_medium.webp","small":"https:\/\/cdn.assetlog.ai\/assets\/121010\/mercedes-benz-gle-suv-350d-4matic-190kw-aj-na-splatky-protiucet_22_small.webp"},{"id":98614,"max":"https:\/\/cdn.assetlog.ai\/assets\/121010\/mercedes-benz-gle-suv-350d-4matic-190kw-aj-na-splatky-protiucet_23_max.webp","medium":"https:\/\/cdn.assetlog.ai\/assets\/121010\/mercedes-benz-gle-suv-350d-4matic-190kw-aj-na-splatky-protiucet_23_medium.webp","small":"https:\/\/cdn.assetlog.ai\/assets\/121010\/mercedes-benz-gle-suv-350d-4matic-190kw-aj-na-splatky-protiucet_23_small.webp"},{"id":98615,"max":"https:\/\/cdn.assetlog.ai\/assets\/121010\/mercedes-benz-gle-suv-350d-4matic-190kw-aj-na-splatky-protiucet_24_max.webp","medium":"https:\/\/cdn.assetlog.ai\/assets\/121010\/mercedes-benz-gle-suv-350d-4matic-190kw-aj-na-splatky-protiucet_24_medium.webp","small":"https:\/\/cdn.assetlog.ai\/assets\/121010\/mercedes-benz-gle-suv-350d-4matic-190kw-aj-na-splatky-protiucet_24_small.webp"},{"id":98616,"max":"https:\/\/cdn.assetlog.ai\/assets\/121010\/mercedes-benz-gle-suv-350d-4matic-190kw-aj-na-splatky-protiucet_25_max.webp","medium":"https:\/\/cdn.assetlog.ai\/assets\/121010\/mercedes-benz-gle-suv-350d-4matic-190kw-aj-na-splatky-protiucet_25_medium.webp","small":"https:\/\/cdn.assetlog.ai\/assets\/121010\/mercedes-benz-gle-suv-350d-4matic-190kw-aj-na-splatky-protiucet_25_small.webp"},{"id":98617,"max":"https:\/\/cdn.assetlog.ai\/assets\/121010\/mercedes-benz-gle-suv-350d-4matic-190kw-aj-na-splatky-protiucet_26_max.webp","medium":"https:\/\/cdn.assetlog.ai\/assets\/121010\/mercedes-benz-gle-suv-350d-4matic-190kw-aj-na-splatky-protiucet_26_medium.webp","small":"https:\/\/cdn.assetlog.ai\/assets\/121010\/mercedes-benz-gle-suv-350d-4matic-190kw-aj-na-splatky-protiucet_26_small.webp"},{"id":98618,"max":"https:\/\/cdn.assetlog.ai\/assets\/121010\/mercedes-benz-gle-suv-350d-4matic-190kw-aj-na-splatky-protiucet_27_max.webp","medium":"https:\/\/cdn.assetlog.ai\/assets\/121010\/mercedes-benz-gle-suv-350d-4matic-190kw-aj-na-splatky-protiucet_27_medium.webp","small":"https:\/\/cdn.assetlog.ai\/assets\/121010\/mercedes-benz-gle-suv-350d-4matic-190kw-aj-na-splatky-protiucet_27_small.webp"},{"id":98619,"max":"https:\/\/cdn.assetlog.ai\/assets\/121010\/mercedes-benz-gle-suv-350d-4matic-190kw-aj-na-splatky-protiucet_28_max.webp","medium":"https:\/\/cdn.assetlog.ai\/assets\/121010\/mercedes-benz-gle-suv-350d-4matic-190kw-aj-na-splatky-protiucet_28_medium.webp","small":"https:\/\/cdn.assetlog.ai\/assets\/121010\/mercedes-benz-gle-suv-350d-4matic-190kw-aj-na-splatky-protiucet_28_small.webp"},{"id":98620,"max":"https:\/\/cdn.assetlog.ai\/assets\/121010\/mercedes-benz-gle-suv-350d-4matic-190kw-aj-na-splatky-protiucet_29_max.webp","medium":"https:\/\/cdn.assetlog.ai\/assets\/121010\/mercedes-benz-gle-suv-350d-4matic-190kw-aj-na-splatky-protiucet_29_medium.webp","small":"https:\/\/cdn.assetlog.ai\/assets\/121010\/mercedes-benz-gle-suv-350d-4matic-190kw-aj-na-splatky-protiucet_29_small.webp"},{"id":98621,"max":"https:\/\/cdn.assetlog.ai\/assets\/121010\/mercedes-benz-gle-suv-350d-4matic-190kw-aj-na-splatky-protiucet_30_max.webp","medium":"https:\/\/cdn.assetlog.ai\/assets\/121010\/mercedes-benz-gle-suv-350d-4matic-190kw-aj-na-splatky-protiucet_30_medium.webp","small":"https:\/\/cdn.assetlog.ai\/assets\/121010\/mercedes-benz-gle-suv-350d-4matic-190kw-aj-na-splatky-protiucet_30_small.webp"},{"id":98622,"max":"https:\/\/cdn.assetlog.ai\/assets\/121010\/mercedes-benz-gle-suv-350d-4matic-190kw-aj-na-splatky-protiucet_31_max.webp","medium":"https:\/\/cdn.assetlog.ai\/assets\/121010\/mercedes-benz-gle-suv-350d-4matic-190kw-aj-na-splatky-protiucet_31_medium.webp","small":"https:\/\/cdn.assetlog.ai\/assets\/121010\/mercedes-benz-gle-suv-350d-4matic-190kw-aj-na-splatky-protiucet_31_small.webp"},{"id":98623,"max":"https:\/\/cdn.assetlog.ai\/assets\/121010\/mercedes-benz-gle-suv-350d-4matic-190kw-aj-na-splatky-protiucet_32_max.webp","medium":"https:\/\/cdn.assetlog.ai\/assets\/121010\/mercedes-benz-gle-suv-350d-4matic-190kw-aj-na-splatky-protiucet_32_medium.webp","small":"https:\/\/cdn.assetlog.ai\/assets\/121010\/mercedes-benz-gle-suv-350d-4matic-190kw-aj-na-splatky-protiucet_32_small.webp"},{"id":98624,"max":"https:\/\/cdn.assetlog.ai\/assets\/121010\/mercedes-benz-gle-suv-350d-4matic-190kw-aj-na-splatky-protiucet_33_max.webp","medium":"https:\/\/cdn.assetlog.ai\/assets\/121010\/mercedes-benz-gle-suv-350d-4matic-190kw-aj-na-splatky-protiucet_33_medium.webp","small":"https:\/\/cdn.assetlog.ai\/assets\/121010\/mercedes-benz-gle-suv-350d-4matic-190kw-aj-na-splatky-protiucet_33_small.webp"},{"id":98625,"max":"https:\/\/cdn.assetlog.ai\/assets\/121010\/mercedes-benz-gle-suv-350d-4matic-190kw-aj-na-splatky-protiucet_34_max.webp","medium":"https:\/\/cdn.assetlog.ai\/assets\/121010\/mercedes-benz-gle-suv-350d-4matic-190kw-aj-na-splatky-protiucet_34_medium.webp","small":"https:\/\/cdn.assetlog.ai\/assets\/121010\/mercedes-benz-gle-suv-350d-4matic-190kw-aj-na-splatky-protiucet_34_small.webp"},{"id":98626,"max":"https:\/\/cdn.assetlog.ai\/assets\/121010\/mercedes-benz-gle-suv-350d-4matic-190kw-aj-na-splatky-protiucet_35_max.webp","medium":"https:\/\/cdn.assetlog.ai\/assets\/121010\/mercedes-benz-gle-suv-350d-4matic-190kw-aj-na-splatky-protiucet_35_medium.webp","small":"https:\/\/cdn.assetlog.ai\/assets\/121010\/mercedes-benz-gle-suv-350d-4matic-190kw-aj-na-splatky-protiucet_35_small.webp"},{"id":98627,"max":"https:\/\/cdn.assetlog.ai\/assets\/121010\/mercedes-benz-gle-suv-350d-4matic-190kw-aj-na-splatky-protiucet_36_max.webp","medium":"https:\/\/cdn.assetlog.ai\/assets\/121010\/mercedes-benz-gle-suv-350d-4matic-190kw-aj-na-splatky-protiucet_36_medium.webp","small":"https:\/\/cdn.assetlog.ai\/assets\/121010\/mercedes-benz-gle-suv-350d-4matic-190kw-aj-na-splatky-protiucet_36_small.webp"},{"id":98628,"max":"https:\/\/cdn.assetlog.ai\/assets\/121010\/mercedes-benz-gle-suv-350d-4matic-190kw-aj-na-splatky-protiucet_37_max.webp","medium":"https:\/\/cdn.assetlog.ai\/assets\/121010\/mercedes-benz-gle-suv-350d-4matic-190kw-aj-na-splatky-protiucet_37_medium.webp","small":"https:\/\/cdn.assetlog.ai\/assets\/121010\/mercedes-benz-gle-suv-350d-4matic-190kw-aj-na-splatky-protiucet_37_small.webp"},{"id":98629,"max":"https:\/\/cdn.assetlog.ai\/assets\/121010\/mercedes-benz-gle-suv-350d-4matic-190kw-aj-na-splatky-protiucet_38_max.webp","medium":"https:\/\/cdn.assetlog.ai\/assets\/121010\/mercedes-benz-gle-suv-350d-4matic-190kw-aj-na-splatky-protiucet_38_medium.webp","small":"https:\/\/cdn.assetlog.ai\/assets\/121010\/mercedes-benz-gle-suv-350d-4matic-190kw-aj-na-splatky-protiucet_38_small.webp"},{"id":98630,"max":"https:\/\/cdn.assetlog.ai\/assets\/121010\/mercedes-benz-gle-suv-350d-4matic-190kw-aj-na-splatky-protiucet_39_max.webp","medium":"https:\/\/cdn.assetlog.ai\/assets\/121010\/mercedes-benz-gle-suv-350d-4matic-190kw-aj-na-splatky-protiucet_39_medium.webp","small":"https:\/\/cdn.assetlog.ai\/assets\/121010\/mercedes-benz-gle-suv-350d-4matic-190kw-aj-na-splatky-protiucet_39_small.webp"},{"id":98631,"max":"https:\/\/cdn.assetlog.ai\/assets\/121010\/mercedes-benz-gle-suv-350d-4matic-190kw-aj-na-splatky-protiucet_40_max.webp","medium":"https:\/\/cdn.assetlog.ai\/assets\/121010\/mercedes-benz-gle-suv-350d-4matic-190kw-aj-na-splatky-protiucet_40_medium.webp","small":"https:\/\/cdn.assetlog.ai\/assets\/121010\/mercedes-benz-gle-suv-350d-4matic-190kw-aj-na-splatky-protiucet_40_small.webp"}],"published_at":null,"expires_at":null,"created_at":"2026-07-16T03:40:05+00:00","updated_at":"2026-09-01T03:41:30+00:00"}}