{"data":{"id":172885,"slug":"mercedes-benz-gle-suv-350d-4matic-200kw-a9-zaruka-aj-na-splatky-protiucet","type":"vehicle","title":"Mercedes-Benz GLE SUV 350d 4MATIC \/ 200kW \/ A9 \/ WARRANTY \/ AVAILABLE IN INSTALLMENTS \/ TRADE-IN","description":"Mercedes-Benz GLE 350d 4MATIC is a luxurious and spacious SUV that offers high comfort, excellent driving characteristics, and a powerful diesel engine. Thanks to the 4MATIC all-wheel drive, it ensures safety and stability even in demanding driving conditions.\n\nThe vehicle was purchased in Slovakia and throughout its operation has been used by the first owner. The car has complete service history maintained at an authorized Mercedes-Benz service in Tren\u010d\u00edn.\n\nService at 60,000 km:\n\nAutomatic transmission oil change\n\nAdditional information:\n\n1st owner\nPurchased in Slovakia\nComplete service history\n4MATIC drive\nAMG Line \u2013 exterior + interior\n\nCommission sale - you purchase the vehicle directly from the owner.\n\nThe vehicle has passed inspection of insurance records, execution checks, paint thickness measurement, and documentation verification. Physically inspected and also verified through the vehicle operating records register.\n\nWe offer attractive financing in monthly installments, so you can enjoy your new car immediately without waiting, with 0% down payment and installments up to 96 months.\n\nFor your greater convenience and peace of mind, we can provide you with extended warranty coverage for 12-36 months.\n\nIf you already own a vehicle, you don't need to worry about selling it - in return, we will take it directly from you. Just come to us with it, we will evaluate it and deduct the value from your new vehicle's price. This way you'll save time, hassle, and money, and the entire process will be quick and easy - you'll drive away in your new vehicle without unnecessary paperwork.\n\nTHE VEHICLE IS LOCATED IN Topo\u013e\u010dany.\nFor more information, I am happy to assist you at phone number 0950 362 104. (also WhatsApp - 24\/7) License plate: TO007ET. Registration valid until: 2028-07-02. Technical inspection valid until: 2028-07-02.\n\nTechnical specifications\n\nYear of manufacture: 07\/20, 2925cm\u00b3, 200kW (272PS), Vehicle generation: , Drive: 4\u00d74, Automatic transmission (9-speed), Diesel, EURO 6, 5-door, (5-seater), 102,545 km, Blue metallic, VIN W1N1671211A221773\n\nVehicle fuel consumption (l\/100km)\n\nCity: 7.3, highway: 4.9, combined: 5.8\n\nFirst owner, Leasing possible, Purchased as new in Slovakia, VAT deduction possible, Financing available, Complete service history","language":"cs","is_translated":true,"title_original":"Mercedes-Benz GLE SUV 350d 4MATIC \/ 200kW \/ A9 \/ Z\u00c1RUKA \/ AJ NA SPL\u00c1TKY \/ PROTI\u00da\u010cET","description_original":"Mercedes-Benz GLE 350d 4MATIC je luxusn\u00ed a prostorn\u00e9 SUV, kter\u00e9 nab\u00edz\u00ed vysok\u00fd komfort, vynikaj\u00edc\u00ed j\u00edzdn\u00ed vlastnosti a v\u00fdkonn\u00fd dieselov\u00fd motor. D\u00edky pohonu v\u0161ech kol 4MATIC zaji\u0161\u0165uje jistotu a stabilitu i v n\u00e1ro\u010dn\u011bj\u0161\u00edch j\u00edzdn\u00edch podm\u00ednk\u00e1ch.\n\nVozidlo bylo zakoupeno na Slovensku a po celou dobu jeho provozu ho u\u017e\u00edval prvn\u00ed majitel. Auto m\u00e1 kompletn\u00ed servisn\u00ed historii vedenou v autorizovan\u00e9m servisu Mercedes-Benz v Tren\u010d\u00edn\u011b.\n\nServis p\u0159i 60 000 km:\n\nV\u00fdm\u011bna oleje v automatick\u00e9 p\u0159evodovce\n\nDal\u0161\u00ed informace:\n\n1. majitel\nZakoupeno na Slovensku\nKompletn\u00ed servisn\u00ed historie\nPohon 4MATIC\nAMG Line \u2013 exteri\u00e9r + interi\u00e9r\n\nKomisn\u00ed prodej - vozidlo kupujete p\u0159\u00edmo od majitele.\n\nVozidlo pro\u0161lo kontrolou z\u00e1znam\u016f o poji\u0161t\u011bn\u00ed, exekuc\u00ed, m\u011b\u0159en\u00edm laku a kontrolou doklad\u016f. Zkontrolov\u00e1no fyzicky, tak\u00e9 prost\u0159ednictv\u00edm registru provozn\u00edch z\u00e1znam\u016f vozidla.\n\nNab\u00edz\u00edme v\u00fdhodn\u00e9 financov\u00e1n\u00ed na m\u011bs\u00ed\u010dn\u00ed spl\u00e1tky, tak\u017ee si sv\u016fj nov\u00fd v\u016fz m\u016f\u017eete u\u017e\u00edvat hned a bez \u010dek\u00e1n\u00ed s akontac\u00ed 0 % a spl\u00e1tkami a\u017e na 96 m\u011bs\u00edc\u016f.\n\nPro va\u0161e v\u011bt\u0161\u00ed pohodl\u00ed a jistotu v\u00e1m m\u016f\u017eeme poskytnout prodlou\u017eenou z\u00e1ruku a\u017e na 12-36 m\u011bs\u00edc\u016f.\n\nPokud ji\u017e v\u016fz vlastn\u00edte, nemus\u00edte se zab\u00fdvat jeho prodejem - na opl\u00e1tku si ho od v\u00e1s p\u0159\u00edmo vezmeme. Sta\u010d\u00ed, kdy\u017e k n\u00e1m s n\u00edm p\u0159ijdete, my ho ocen\u00edme a n\u00e1klady ode\u010dteme od hodnoty va\u0161eho nov\u00e9ho vozu. U\u0161et\u0159\u00edte tak \u010das, starosti i pen\u00edze a cel\u00fd proces bude rychl\u00fd a snadn\u00fd - odjedete rovnou ve sv\u00e9m nov\u00e9m voze bez zbyte\u010dn\u00e9ho pap\u00edrov\u00e1n\u00ed.\n\nVOZIDLO SE NACH\u00c1Z\u00cd V Topo\u013e\u010danoch.\nViac inform\u00e1ci\u00ed V\u00e1m r\u00e1d poskytnem na telefonn\u00edm \u010d\u00edsle 0950 362 104. ( aj WhatsApp - NONSTOP ) E\u010cV: TO007ET. EK platn\u00e1 do: 2028-07-02. STK platn\u00e1 do: 2028-07-02.\n\nTechnick\u00e9 \u00fadaje\n\nv.v.: 07\/20, 2925cm\u00b3, 200kW (272PS), Generace vozidla: , Pohon: 4\u00d74, Automatick\u00e1 p\u0159evodovka (9 st.), Diesel, EURO 6, 5 dv., (5-m\u00edstn\u00fd), 102 545km, Modr\u00e1 metal\u00edza, VIN W1N1671211A221773\n\nSpot\u0159eba vozidla (l\/100km)\n\nVe m\u011bst\u011b: 7.3, mimo m\u011bsto: 4.9, kombinovan\u00e1: 5.8\n\nPrvn\u00ed majitel, Mo\u017en\u00fd leasing, Jako nov\u00e9 koupen\u00e9 v SR, Mo\u017en\u00fd odpo\u010det DPH, Mo\u017en\u00fd \u00fav\u011br, \u00dapln\u00e1 servisn\u00ed historie","price":"1204509.00","currency":"CZK","status":"active","noindex":true,"location":{"address":null,"full_address":null,"city":"Topo\u013e\u010dany","country":"SK","latitude":48.5594345,"longitude":18.1754394},"metadata":{"vin":"W1N1671211A221773","fuel":"diesel","year":2020,"brand":"Mercedes-Benz","color":"Blue","doors":5,"drive":"AWD \/ 4x4","model":"GLE trieda","seats":5,"region":"Nitriansky kraj","mileage":102545,"emisions":"Euro 6","features":["Alarm","8x airbag","EBD\/EBV","ABS","ESP","Protiprokluzov\u00fd syst\u00e9m kol (TC, ASR)","Brzdov\u00fd asistent (EBA, BAS)","ISOFIX na zadn\u00edch sedadlech","Deaktivace airbagu spolujezdce","Nat\u00e1\u010dec\u00ed sv\u011btlomety","Senzor tlaku","Syst\u00e9m rozpozn\u00e1v\u00e1n\u00ed dopravn\u00edch zna\u010dek","Sledov\u00e1n\u00ed \u00fanavy \u0159idi\u010de","T\u00eds\u0148ov\u00e9 vol\u00e1n\u00ed","360\u00b0 monitorovac\u00ed syst\u00e9m (AVM)","Asistent d\u00e1lkov\u00fdch sv\u011btel (HBA)","Automatick\u00e1 klimatizace","Centr\u00e1ln\u00ed zamyk\u00e1n\u00ed","Zadn\u00ed el. stahovateln\u00e1 okna","El. nastaviteln\u00e1 p\u0159edn\u00ed sedadla","Elektricky nastaviteln\u00e1 zp\u011btn\u00e1 zrc\u00e1tka","Centr\u00e1ln\u00ed zamyk\u00e1n\u00ed na d\u00e1lkov\u00e9 ovl\u00e1d\u00e1n\u00ed","Autor\u00e1dio","Vyh\u0159\u00edvan\u00e9 \u010deln\u00ed sklo","Multifunk\u010dn\u00ed volant","Loketn\u00ed op\u011brka vp\u0159edu","Start\/Stop syst\u00e9m","Vzduchov\u00e9 odpru\u017een\u00ed","Klimatizovan\u00e1 p\u0159ihr\u00e1dka","Apple Car Play","Android Auto","Welcome light","Digit\u00e1ln\u00ed p\u0159\u00edstrojov\u00e1 deska","P\u00e1dla pod volantem","Bezdr\u00e1tov\u00e1 nab\u00edje\u010dka mobiln\u00edch telefon\u016f","Lit\u00e1 kola","Mlhovky","Palubn\u00ed po\u010d\u00edta\u010d","Navigace","Automatick\u00e9 parkov\u00e1n\u00ed","Ta\u017en\u00e9 za\u0159\u00edzen\u00ed","Ko\u017een\u00fd interi\u00e9r","Vyh\u0159\u00edvan\u00e1 sedadla","Elektricky vyh\u0159\u00edvan\u00e1 zp\u011btn\u00e1 zrc\u00e1tka","Senzor st\u011bra\u010d\u016f","Sv\u011bteln\u00fd senzor","Parkovac\u00ed kamera","P\u0159edn\u00ed a zadn\u00ed parkovac\u00ed senzory","Adaptivn\u00ed tempomat","Bezkl\u00ed\u010dov\u00fd vstup","El. ovl\u00e1dan\u00fd kufr","Elektrick\u00e9 dov\u00edr\u00e1n\u00ed zavazadlov\u00e9ho prostoru","Bluetooth","Denn\u00ed sv\u00edcen\u00ed","LED sv\u011btlomety","Bezdotykov\u00e9 ovl\u00e1d\u00e1n\u00ed v\u00edka zavazadlov\u00e9ho prostoru","Pam\u011b\u0165 nastaven\u00ed sedadla \u0159idi\u010de","Ambientn\u00ed LED osv\u011btlen\u00ed interi\u00e9ru","Prv\u00fd majite\u013e","Mo\u017en\u00fd leasing","Ako nov\u00e9 k\u00fapen\u00e9 v SR","Mo\u017en\u00fd odpo\u010det DPH","Mo\u017en\u00fd \u00faver","\u00dapln\u00e1 servisn\u00e1 hist\u00f3ria","Adaptivn\u00ed podvozek","Odo-pass","Asistent udr\u017eov\u00e1n\u00ed j\u00edzdn\u00edho pruhu","Asistent rozjezdu do kopce","Kontrola mrtv\u00e9ho \u00fahlu","Pohon 4MATIC","Bal\u00ed\u010dek AMG Line Exteri\u00e9r + Interi\u00e9r","Vzduchov\u00e9 odpru\u017een\u00ed AIR BODY CONTROL s nastavitelnou v\u00fd\u0161kou a tuhost\u00ed","Sv\u011btlomety MULTIBEAM LED s adaptivn\u00edm asistentem d\u00e1lkov\u00fdch sv\u011btel Plus","Bal\u00ed\u010dek j\u00edzdn\u00edch asistent\u016f s adaptivn\u00edm tempomatem DISTRONIC PLUS","Parkovac\u00ed bal\u00ed\u010dek s 360\u00b0 kamerami","Elektricky sklopn\u00e9 ta\u017en\u00e9 za\u0159\u00edzen\u00ed se zv\u00fd\u0161enou nosnost\u00ed na 3 500 kg a stabilizac\u00ed p\u0159\u00edv\u011bsu ESP","Pam\u011b\u0165ov\u00fd bal\u00ed\u010dek (elektricky nastaviteln\u00e1 sedadla \u0159idi\u010de a spolujezdce s pam\u011bt\u00ed a elektricky nastaviteln\u00fd volant)","vyh\u0159\u00edvan\u00e1 p\u0159edn\u00ed i zadn\u00ed sedadla","bal\u00ed\u010dek Keyless-Go s bezdotykov\u00fdm otev\u00edr\u00e1n\u00edm zavazadlov\u00e9ho prostoru EASY-PACK","Dvojit\u00fd \u0161iroko\u00fahl\u00fd kokpit 12","3&quot","s navigac\u00ed MBUX","bezdr\u00e1tov\u00e9 nab\u00edjen\u00ed smartphonu","dekorativn\u00ed prvky interi\u00e9ru z p\u0159\u00edrodn\u00edho dubov\u00e9ho d\u0159eva","t\u00f3novan\u00e1 zadn\u00ed skla","20&quot","lit\u00e1 kola AMG."],"power_kw":200,"body_type":"SUV","condition":"Used","transmission":"automatic","vat_deductible":true,"consumption_city":7.3,"translation_hash":"7edec4fc46ee02566c70581ce7cd051438159541","vehicle_category":"car","engine_volume_cm3":2925,"first_registration":"2020-07-01","translation_status":"done","consumption_highway":4.9,"consumption_combined":5.8},"user_id":60,"is_sponsored":false,"views_count":2,"ai_views_count":9,"ai_vendor_counts":{"meta":5,"other":2,"openai":1,"anthropic":1},"visibility":"public","submission_source":null,"submission_ai_name":null,"has_owner_email":true,"can_contact_owner":true,"phone":"0950 362 104","owner_email":"skovajsa@autorro.sk","user":{"id":60,"slug":"jan-skovajsa-60","name":"J\u00e1n Skovajsa","bio":"Makl\u00e9r. P\u016fsob\u00edm v B\u00e1novciach nad Bebravou, Partiz\u00e1nskom a okol\u00ed.\n\nP\u016fsobnost: B\u00e1novce nad Bebravou, Partiz\u00e1nske","nationality":"SK","languages":["cs","sk"],"service_areas":[],"card_style":null,"card_palette":null,"avatar_url":"https:\/\/cdn.assetlog.ai\/avatars\/60\/avatar_max.webp?v=1786535213","avatar_thumb_url":"https:\/\/cdn.assetlog.ai\/avatars\/60\/avatar_small.webp?v=1786535213","reviews_count":0,"avg_rating":null,"seller_badge":"silver","can_calendar":true,"joined_at":"2026-06-07T14:20:53+00:00","primary_intent":null,"seeking":[],"public_assets_count":33,"public_prompts_count":0,"followers_count":0},"images":[{"id":137566,"max":"https:\/\/cdn.assetlog.ai\/assets\/172885\/mercedes-benz-gle-suv-350d-4matic-200kw-a9-zaruka-aj-na-splatky-protiucet_1_max.webp","medium":"https:\/\/cdn.assetlog.ai\/assets\/172885\/mercedes-benz-gle-suv-350d-4matic-200kw-a9-zaruka-aj-na-splatky-protiucet_1_medium.webp","small":"https:\/\/cdn.assetlog.ai\/assets\/172885\/mercedes-benz-gle-suv-350d-4matic-200kw-a9-zaruka-aj-na-splatky-protiucet_1_small.webp"},{"id":137567,"max":"https:\/\/cdn.assetlog.ai\/assets\/172885\/mercedes-benz-gle-suv-350d-4matic-200kw-a9-zaruka-aj-na-splatky-protiucet_2_max.webp","medium":"https:\/\/cdn.assetlog.ai\/assets\/172885\/mercedes-benz-gle-suv-350d-4matic-200kw-a9-zaruka-aj-na-splatky-protiucet_2_medium.webp","small":"https:\/\/cdn.assetlog.ai\/assets\/172885\/mercedes-benz-gle-suv-350d-4matic-200kw-a9-zaruka-aj-na-splatky-protiucet_2_small.webp"},{"id":137568,"max":"https:\/\/cdn.assetlog.ai\/assets\/172885\/mercedes-benz-gle-suv-350d-4matic-200kw-a9-zaruka-aj-na-splatky-protiucet_3_max.webp","medium":"https:\/\/cdn.assetlog.ai\/assets\/172885\/mercedes-benz-gle-suv-350d-4matic-200kw-a9-zaruka-aj-na-splatky-protiucet_3_medium.webp","small":"https:\/\/cdn.assetlog.ai\/assets\/172885\/mercedes-benz-gle-suv-350d-4matic-200kw-a9-zaruka-aj-na-splatky-protiucet_3_small.webp"},{"id":137569,"max":"https:\/\/cdn.assetlog.ai\/assets\/172885\/mercedes-benz-gle-suv-350d-4matic-200kw-a9-zaruka-aj-na-splatky-protiucet_4_max.webp","medium":"https:\/\/cdn.assetlog.ai\/assets\/172885\/mercedes-benz-gle-suv-350d-4matic-200kw-a9-zaruka-aj-na-splatky-protiucet_4_medium.webp","small":"https:\/\/cdn.assetlog.ai\/assets\/172885\/mercedes-benz-gle-suv-350d-4matic-200kw-a9-zaruka-aj-na-splatky-protiucet_4_small.webp"},{"id":137570,"max":"https:\/\/cdn.assetlog.ai\/assets\/172885\/mercedes-benz-gle-suv-350d-4matic-200kw-a9-zaruka-aj-na-splatky-protiucet_5_max.webp","medium":"https:\/\/cdn.assetlog.ai\/assets\/172885\/mercedes-benz-gle-suv-350d-4matic-200kw-a9-zaruka-aj-na-splatky-protiucet_5_medium.webp","small":"https:\/\/cdn.assetlog.ai\/assets\/172885\/mercedes-benz-gle-suv-350d-4matic-200kw-a9-zaruka-aj-na-splatky-protiucet_5_small.webp"},{"id":137571,"max":"https:\/\/cdn.assetlog.ai\/assets\/172885\/mercedes-benz-gle-suv-350d-4matic-200kw-a9-zaruka-aj-na-splatky-protiucet_6_max.webp","medium":"https:\/\/cdn.assetlog.ai\/assets\/172885\/mercedes-benz-gle-suv-350d-4matic-200kw-a9-zaruka-aj-na-splatky-protiucet_6_medium.webp","small":"https:\/\/cdn.assetlog.ai\/assets\/172885\/mercedes-benz-gle-suv-350d-4matic-200kw-a9-zaruka-aj-na-splatky-protiucet_6_small.webp"},{"id":137572,"max":"https:\/\/cdn.assetlog.ai\/assets\/172885\/mercedes-benz-gle-suv-350d-4matic-200kw-a9-zaruka-aj-na-splatky-protiucet_7_max.webp","medium":"https:\/\/cdn.assetlog.ai\/assets\/172885\/mercedes-benz-gle-suv-350d-4matic-200kw-a9-zaruka-aj-na-splatky-protiucet_7_medium.webp","small":"https:\/\/cdn.assetlog.ai\/assets\/172885\/mercedes-benz-gle-suv-350d-4matic-200kw-a9-zaruka-aj-na-splatky-protiucet_7_small.webp"},{"id":137573,"max":"https:\/\/cdn.assetlog.ai\/assets\/172885\/mercedes-benz-gle-suv-350d-4matic-200kw-a9-zaruka-aj-na-splatky-protiucet_8_max.webp","medium":"https:\/\/cdn.assetlog.ai\/assets\/172885\/mercedes-benz-gle-suv-350d-4matic-200kw-a9-zaruka-aj-na-splatky-protiucet_8_medium.webp","small":"https:\/\/cdn.assetlog.ai\/assets\/172885\/mercedes-benz-gle-suv-350d-4matic-200kw-a9-zaruka-aj-na-splatky-protiucet_8_small.webp"},{"id":137574,"max":"https:\/\/cdn.assetlog.ai\/assets\/172885\/mercedes-benz-gle-suv-350d-4matic-200kw-a9-zaruka-aj-na-splatky-protiucet_9_max.webp","medium":"https:\/\/cdn.assetlog.ai\/assets\/172885\/mercedes-benz-gle-suv-350d-4matic-200kw-a9-zaruka-aj-na-splatky-protiucet_9_medium.webp","small":"https:\/\/cdn.assetlog.ai\/assets\/172885\/mercedes-benz-gle-suv-350d-4matic-200kw-a9-zaruka-aj-na-splatky-protiucet_9_small.webp"},{"id":137575,"max":"https:\/\/cdn.assetlog.ai\/assets\/172885\/mercedes-benz-gle-suv-350d-4matic-200kw-a9-zaruka-aj-na-splatky-protiucet_10_max.webp","medium":"https:\/\/cdn.assetlog.ai\/assets\/172885\/mercedes-benz-gle-suv-350d-4matic-200kw-a9-zaruka-aj-na-splatky-protiucet_10_medium.webp","small":"https:\/\/cdn.assetlog.ai\/assets\/172885\/mercedes-benz-gle-suv-350d-4matic-200kw-a9-zaruka-aj-na-splatky-protiucet_10_small.webp"},{"id":137576,"max":"https:\/\/cdn.assetlog.ai\/assets\/172885\/mercedes-benz-gle-suv-350d-4matic-200kw-a9-zaruka-aj-na-splatky-protiucet_11_max.webp","medium":"https:\/\/cdn.assetlog.ai\/assets\/172885\/mercedes-benz-gle-suv-350d-4matic-200kw-a9-zaruka-aj-na-splatky-protiucet_11_medium.webp","small":"https:\/\/cdn.assetlog.ai\/assets\/172885\/mercedes-benz-gle-suv-350d-4matic-200kw-a9-zaruka-aj-na-splatky-protiucet_11_small.webp"},{"id":137577,"max":"https:\/\/cdn.assetlog.ai\/assets\/172885\/mercedes-benz-gle-suv-350d-4matic-200kw-a9-zaruka-aj-na-splatky-protiucet_12_max.webp","medium":"https:\/\/cdn.assetlog.ai\/assets\/172885\/mercedes-benz-gle-suv-350d-4matic-200kw-a9-zaruka-aj-na-splatky-protiucet_12_medium.webp","small":"https:\/\/cdn.assetlog.ai\/assets\/172885\/mercedes-benz-gle-suv-350d-4matic-200kw-a9-zaruka-aj-na-splatky-protiucet_12_small.webp"},{"id":137578,"max":"https:\/\/cdn.assetlog.ai\/assets\/172885\/mercedes-benz-gle-suv-350d-4matic-200kw-a9-zaruka-aj-na-splatky-protiucet_13_max.webp","medium":"https:\/\/cdn.assetlog.ai\/assets\/172885\/mercedes-benz-gle-suv-350d-4matic-200kw-a9-zaruka-aj-na-splatky-protiucet_13_medium.webp","small":"https:\/\/cdn.assetlog.ai\/assets\/172885\/mercedes-benz-gle-suv-350d-4matic-200kw-a9-zaruka-aj-na-splatky-protiucet_13_small.webp"},{"id":137579,"max":"https:\/\/cdn.assetlog.ai\/assets\/172885\/mercedes-benz-gle-suv-350d-4matic-200kw-a9-zaruka-aj-na-splatky-protiucet_14_max.webp","medium":"https:\/\/cdn.assetlog.ai\/assets\/172885\/mercedes-benz-gle-suv-350d-4matic-200kw-a9-zaruka-aj-na-splatky-protiucet_14_medium.webp","small":"https:\/\/cdn.assetlog.ai\/assets\/172885\/mercedes-benz-gle-suv-350d-4matic-200kw-a9-zaruka-aj-na-splatky-protiucet_14_small.webp"},{"id":137580,"max":"https:\/\/cdn.assetlog.ai\/assets\/172885\/mercedes-benz-gle-suv-350d-4matic-200kw-a9-zaruka-aj-na-splatky-protiucet_15_max.webp","medium":"https:\/\/cdn.assetlog.ai\/assets\/172885\/mercedes-benz-gle-suv-350d-4matic-200kw-a9-zaruka-aj-na-splatky-protiucet_15_medium.webp","small":"https:\/\/cdn.assetlog.ai\/assets\/172885\/mercedes-benz-gle-suv-350d-4matic-200kw-a9-zaruka-aj-na-splatky-protiucet_15_small.webp"},{"id":137581,"max":"https:\/\/cdn.assetlog.ai\/assets\/172885\/mercedes-benz-gle-suv-350d-4matic-200kw-a9-zaruka-aj-na-splatky-protiucet_16_max.webp","medium":"https:\/\/cdn.assetlog.ai\/assets\/172885\/mercedes-benz-gle-suv-350d-4matic-200kw-a9-zaruka-aj-na-splatky-protiucet_16_medium.webp","small":"https:\/\/cdn.assetlog.ai\/assets\/172885\/mercedes-benz-gle-suv-350d-4matic-200kw-a9-zaruka-aj-na-splatky-protiucet_16_small.webp"},{"id":137582,"max":"https:\/\/cdn.assetlog.ai\/assets\/172885\/mercedes-benz-gle-suv-350d-4matic-200kw-a9-zaruka-aj-na-splatky-protiucet_17_max.webp","medium":"https:\/\/cdn.assetlog.ai\/assets\/172885\/mercedes-benz-gle-suv-350d-4matic-200kw-a9-zaruka-aj-na-splatky-protiucet_17_medium.webp","small":"https:\/\/cdn.assetlog.ai\/assets\/172885\/mercedes-benz-gle-suv-350d-4matic-200kw-a9-zaruka-aj-na-splatky-protiucet_17_small.webp"},{"id":137583,"max":"https:\/\/cdn.assetlog.ai\/assets\/172885\/mercedes-benz-gle-suv-350d-4matic-200kw-a9-zaruka-aj-na-splatky-protiucet_18_max.webp","medium":"https:\/\/cdn.assetlog.ai\/assets\/172885\/mercedes-benz-gle-suv-350d-4matic-200kw-a9-zaruka-aj-na-splatky-protiucet_18_medium.webp","small":"https:\/\/cdn.assetlog.ai\/assets\/172885\/mercedes-benz-gle-suv-350d-4matic-200kw-a9-zaruka-aj-na-splatky-protiucet_18_small.webp"},{"id":137584,"max":"https:\/\/cdn.assetlog.ai\/assets\/172885\/mercedes-benz-gle-suv-350d-4matic-200kw-a9-zaruka-aj-na-splatky-protiucet_19_max.webp","medium":"https:\/\/cdn.assetlog.ai\/assets\/172885\/mercedes-benz-gle-suv-350d-4matic-200kw-a9-zaruka-aj-na-splatky-protiucet_19_medium.webp","small":"https:\/\/cdn.assetlog.ai\/assets\/172885\/mercedes-benz-gle-suv-350d-4matic-200kw-a9-zaruka-aj-na-splatky-protiucet_19_small.webp"},{"id":137585,"max":"https:\/\/cdn.assetlog.ai\/assets\/172885\/mercedes-benz-gle-suv-350d-4matic-200kw-a9-zaruka-aj-na-splatky-protiucet_20_max.webp","medium":"https:\/\/cdn.assetlog.ai\/assets\/172885\/mercedes-benz-gle-suv-350d-4matic-200kw-a9-zaruka-aj-na-splatky-protiucet_20_medium.webp","small":"https:\/\/cdn.assetlog.ai\/assets\/172885\/mercedes-benz-gle-suv-350d-4matic-200kw-a9-zaruka-aj-na-splatky-protiucet_20_small.webp"},{"id":137586,"max":"https:\/\/cdn.assetlog.ai\/assets\/172885\/mercedes-benz-gle-suv-350d-4matic-200kw-a9-zaruka-aj-na-splatky-protiucet_21_max.webp","medium":"https:\/\/cdn.assetlog.ai\/assets\/172885\/mercedes-benz-gle-suv-350d-4matic-200kw-a9-zaruka-aj-na-splatky-protiucet_21_medium.webp","small":"https:\/\/cdn.assetlog.ai\/assets\/172885\/mercedes-benz-gle-suv-350d-4matic-200kw-a9-zaruka-aj-na-splatky-protiucet_21_small.webp"},{"id":137587,"max":"https:\/\/cdn.assetlog.ai\/assets\/172885\/mercedes-benz-gle-suv-350d-4matic-200kw-a9-zaruka-aj-na-splatky-protiucet_22_max.webp","medium":"https:\/\/cdn.assetlog.ai\/assets\/172885\/mercedes-benz-gle-suv-350d-4matic-200kw-a9-zaruka-aj-na-splatky-protiucet_22_medium.webp","small":"https:\/\/cdn.assetlog.ai\/assets\/172885\/mercedes-benz-gle-suv-350d-4matic-200kw-a9-zaruka-aj-na-splatky-protiucet_22_small.webp"},{"id":137588,"max":"https:\/\/cdn.assetlog.ai\/assets\/172885\/mercedes-benz-gle-suv-350d-4matic-200kw-a9-zaruka-aj-na-splatky-protiucet_23_max.webp","medium":"https:\/\/cdn.assetlog.ai\/assets\/172885\/mercedes-benz-gle-suv-350d-4matic-200kw-a9-zaruka-aj-na-splatky-protiucet_23_medium.webp","small":"https:\/\/cdn.assetlog.ai\/assets\/172885\/mercedes-benz-gle-suv-350d-4matic-200kw-a9-zaruka-aj-na-splatky-protiucet_23_small.webp"},{"id":137589,"max":"https:\/\/cdn.assetlog.ai\/assets\/172885\/mercedes-benz-gle-suv-350d-4matic-200kw-a9-zaruka-aj-na-splatky-protiucet_24_max.webp","medium":"https:\/\/cdn.assetlog.ai\/assets\/172885\/mercedes-benz-gle-suv-350d-4matic-200kw-a9-zaruka-aj-na-splatky-protiucet_24_medium.webp","small":"https:\/\/cdn.assetlog.ai\/assets\/172885\/mercedes-benz-gle-suv-350d-4matic-200kw-a9-zaruka-aj-na-splatky-protiucet_24_small.webp"},{"id":137590,"max":"https:\/\/cdn.assetlog.ai\/assets\/172885\/mercedes-benz-gle-suv-350d-4matic-200kw-a9-zaruka-aj-na-splatky-protiucet_25_max.webp","medium":"https:\/\/cdn.assetlog.ai\/assets\/172885\/mercedes-benz-gle-suv-350d-4matic-200kw-a9-zaruka-aj-na-splatky-protiucet_25_medium.webp","small":"https:\/\/cdn.assetlog.ai\/assets\/172885\/mercedes-benz-gle-suv-350d-4matic-200kw-a9-zaruka-aj-na-splatky-protiucet_25_small.webp"},{"id":137591,"max":"https:\/\/cdn.assetlog.ai\/assets\/172885\/mercedes-benz-gle-suv-350d-4matic-200kw-a9-zaruka-aj-na-splatky-protiucet_26_max.webp","medium":"https:\/\/cdn.assetlog.ai\/assets\/172885\/mercedes-benz-gle-suv-350d-4matic-200kw-a9-zaruka-aj-na-splatky-protiucet_26_medium.webp","small":"https:\/\/cdn.assetlog.ai\/assets\/172885\/mercedes-benz-gle-suv-350d-4matic-200kw-a9-zaruka-aj-na-splatky-protiucet_26_small.webp"},{"id":137592,"max":"https:\/\/cdn.assetlog.ai\/assets\/172885\/mercedes-benz-gle-suv-350d-4matic-200kw-a9-zaruka-aj-na-splatky-protiucet_27_max.webp","medium":"https:\/\/cdn.assetlog.ai\/assets\/172885\/mercedes-benz-gle-suv-350d-4matic-200kw-a9-zaruka-aj-na-splatky-protiucet_27_medium.webp","small":"https:\/\/cdn.assetlog.ai\/assets\/172885\/mercedes-benz-gle-suv-350d-4matic-200kw-a9-zaruka-aj-na-splatky-protiucet_27_small.webp"},{"id":137593,"max":"https:\/\/cdn.assetlog.ai\/assets\/172885\/mercedes-benz-gle-suv-350d-4matic-200kw-a9-zaruka-aj-na-splatky-protiucet_28_max.webp","medium":"https:\/\/cdn.assetlog.ai\/assets\/172885\/mercedes-benz-gle-suv-350d-4matic-200kw-a9-zaruka-aj-na-splatky-protiucet_28_medium.webp","small":"https:\/\/cdn.assetlog.ai\/assets\/172885\/mercedes-benz-gle-suv-350d-4matic-200kw-a9-zaruka-aj-na-splatky-protiucet_28_small.webp"},{"id":137594,"max":"https:\/\/cdn.assetlog.ai\/assets\/172885\/mercedes-benz-gle-suv-350d-4matic-200kw-a9-zaruka-aj-na-splatky-protiucet_29_max.webp","medium":"https:\/\/cdn.assetlog.ai\/assets\/172885\/mercedes-benz-gle-suv-350d-4matic-200kw-a9-zaruka-aj-na-splatky-protiucet_29_medium.webp","small":"https:\/\/cdn.assetlog.ai\/assets\/172885\/mercedes-benz-gle-suv-350d-4matic-200kw-a9-zaruka-aj-na-splatky-protiucet_29_small.webp"},{"id":137595,"max":"https:\/\/cdn.assetlog.ai\/assets\/172885\/mercedes-benz-gle-suv-350d-4matic-200kw-a9-zaruka-aj-na-splatky-protiucet_30_max.webp","medium":"https:\/\/cdn.assetlog.ai\/assets\/172885\/mercedes-benz-gle-suv-350d-4matic-200kw-a9-zaruka-aj-na-splatky-protiucet_30_medium.webp","small":"https:\/\/cdn.assetlog.ai\/assets\/172885\/mercedes-benz-gle-suv-350d-4matic-200kw-a9-zaruka-aj-na-splatky-protiucet_30_small.webp"},{"id":137596,"max":"https:\/\/cdn.assetlog.ai\/assets\/172885\/mercedes-benz-gle-suv-350d-4matic-200kw-a9-zaruka-aj-na-splatky-protiucet_31_max.webp","medium":"https:\/\/cdn.assetlog.ai\/assets\/172885\/mercedes-benz-gle-suv-350d-4matic-200kw-a9-zaruka-aj-na-splatky-protiucet_31_medium.webp","small":"https:\/\/cdn.assetlog.ai\/assets\/172885\/mercedes-benz-gle-suv-350d-4matic-200kw-a9-zaruka-aj-na-splatky-protiucet_31_small.webp"},{"id":137597,"max":"https:\/\/cdn.assetlog.ai\/assets\/172885\/mercedes-benz-gle-suv-350d-4matic-200kw-a9-zaruka-aj-na-splatky-protiucet_32_max.webp","medium":"https:\/\/cdn.assetlog.ai\/assets\/172885\/mercedes-benz-gle-suv-350d-4matic-200kw-a9-zaruka-aj-na-splatky-protiucet_32_medium.webp","small":"https:\/\/cdn.assetlog.ai\/assets\/172885\/mercedes-benz-gle-suv-350d-4matic-200kw-a9-zaruka-aj-na-splatky-protiucet_32_small.webp"},{"id":137598,"max":"https:\/\/cdn.assetlog.ai\/assets\/172885\/mercedes-benz-gle-suv-350d-4matic-200kw-a9-zaruka-aj-na-splatky-protiucet_33_max.webp","medium":"https:\/\/cdn.assetlog.ai\/assets\/172885\/mercedes-benz-gle-suv-350d-4matic-200kw-a9-zaruka-aj-na-splatky-protiucet_33_medium.webp","small":"https:\/\/cdn.assetlog.ai\/assets\/172885\/mercedes-benz-gle-suv-350d-4matic-200kw-a9-zaruka-aj-na-splatky-protiucet_33_small.webp"},{"id":137599,"max":"https:\/\/cdn.assetlog.ai\/assets\/172885\/mercedes-benz-gle-suv-350d-4matic-200kw-a9-zaruka-aj-na-splatky-protiucet_34_max.webp","medium":"https:\/\/cdn.assetlog.ai\/assets\/172885\/mercedes-benz-gle-suv-350d-4matic-200kw-a9-zaruka-aj-na-splatky-protiucet_34_medium.webp","small":"https:\/\/cdn.assetlog.ai\/assets\/172885\/mercedes-benz-gle-suv-350d-4matic-200kw-a9-zaruka-aj-na-splatky-protiucet_34_small.webp"},{"id":137600,"max":"https:\/\/cdn.assetlog.ai\/assets\/172885\/mercedes-benz-gle-suv-350d-4matic-200kw-a9-zaruka-aj-na-splatky-protiucet_35_max.webp","medium":"https:\/\/cdn.assetlog.ai\/assets\/172885\/mercedes-benz-gle-suv-350d-4matic-200kw-a9-zaruka-aj-na-splatky-protiucet_35_medium.webp","small":"https:\/\/cdn.assetlog.ai\/assets\/172885\/mercedes-benz-gle-suv-350d-4matic-200kw-a9-zaruka-aj-na-splatky-protiucet_35_small.webp"},{"id":137601,"max":"https:\/\/cdn.assetlog.ai\/assets\/172885\/mercedes-benz-gle-suv-350d-4matic-200kw-a9-zaruka-aj-na-splatky-protiucet_36_max.webp","medium":"https:\/\/cdn.assetlog.ai\/assets\/172885\/mercedes-benz-gle-suv-350d-4matic-200kw-a9-zaruka-aj-na-splatky-protiucet_36_medium.webp","small":"https:\/\/cdn.assetlog.ai\/assets\/172885\/mercedes-benz-gle-suv-350d-4matic-200kw-a9-zaruka-aj-na-splatky-protiucet_36_small.webp"},{"id":137602,"max":"https:\/\/cdn.assetlog.ai\/assets\/172885\/mercedes-benz-gle-suv-350d-4matic-200kw-a9-zaruka-aj-na-splatky-protiucet_37_max.webp","medium":"https:\/\/cdn.assetlog.ai\/assets\/172885\/mercedes-benz-gle-suv-350d-4matic-200kw-a9-zaruka-aj-na-splatky-protiucet_37_medium.webp","small":"https:\/\/cdn.assetlog.ai\/assets\/172885\/mercedes-benz-gle-suv-350d-4matic-200kw-a9-zaruka-aj-na-splatky-protiucet_37_small.webp"},{"id":137603,"max":"https:\/\/cdn.assetlog.ai\/assets\/172885\/mercedes-benz-gle-suv-350d-4matic-200kw-a9-zaruka-aj-na-splatky-protiucet_38_max.webp","medium":"https:\/\/cdn.assetlog.ai\/assets\/172885\/mercedes-benz-gle-suv-350d-4matic-200kw-a9-zaruka-aj-na-splatky-protiucet_38_medium.webp","small":"https:\/\/cdn.assetlog.ai\/assets\/172885\/mercedes-benz-gle-suv-350d-4matic-200kw-a9-zaruka-aj-na-splatky-protiucet_38_small.webp"},{"id":137604,"max":"https:\/\/cdn.assetlog.ai\/assets\/172885\/mercedes-benz-gle-suv-350d-4matic-200kw-a9-zaruka-aj-na-splatky-protiucet_39_max.webp","medium":"https:\/\/cdn.assetlog.ai\/assets\/172885\/mercedes-benz-gle-suv-350d-4matic-200kw-a9-zaruka-aj-na-splatky-protiucet_39_medium.webp","small":"https:\/\/cdn.assetlog.ai\/assets\/172885\/mercedes-benz-gle-suv-350d-4matic-200kw-a9-zaruka-aj-na-splatky-protiucet_39_small.webp"},{"id":137605,"max":"https:\/\/cdn.assetlog.ai\/assets\/172885\/mercedes-benz-gle-suv-350d-4matic-200kw-a9-zaruka-aj-na-splatky-protiucet_40_max.webp","medium":"https:\/\/cdn.assetlog.ai\/assets\/172885\/mercedes-benz-gle-suv-350d-4matic-200kw-a9-zaruka-aj-na-splatky-protiucet_40_medium.webp","small":"https:\/\/cdn.assetlog.ai\/assets\/172885\/mercedes-benz-gle-suv-350d-4matic-200kw-a9-zaruka-aj-na-splatky-protiucet_40_small.webp"}],"published_at":null,"expires_at":null,"created_at":"2026-08-26T03:41:06+00:00","updated_at":"2026-09-01T03:40:48+00:00"}}