{"data":{"id":161444,"slug":"mercedes-benz-gle-trieda-350de-4matic-zaruka-aj-na-splatky-protiucet","type":"vehicle","title":"Mercedes-Benz GLE Class 350de 4MATIC \/ WARRANTY \/ INSTALLMENT PLANS AVAILABLE \/ TRADE-IN ACCEPTED","description":"The Mercedes-Benz GLE 350de 4MATIC is a luxurious and spacious SUV that combines comfort, performance, and modern plug-in hybrid technology. The combination of a diesel engine and electric motor offers high torque, refined driving, and the option of economical electric-only driving.\n\nThe vehicle was purchased in Slovakia, has only one previous owner, and complete service history. A major advantage is the still-valid warranty.\n\nAdditional Information:\n\n1st owner\nPurchased in Slovakia\nComplete service history\nVehicle under warranty\n4MATIC drivetrain\nPlug-in hybrid 350de\nSet of winter tires\n\nWe offer convenient financing with monthly installments, so you can enjoy your new vehicle right away without waiting - with 0% down payment and payments available up to 96 months.\n\nThe vehicle has passed insurance record verification, lien checks, paint depth measurement, and document inspection. Physically inspected, also through the vehicle operational record registry.\n\nFor your greater convenience and peace of mind, we can provide you with an extended warranty of up to 12-36 months.\n\nIf you already own a vehicle, you don't need to worry about selling it - in exchange, we'll take it directly from you. Simply come to us with it, we'll appraise it, and deduct the value from your new vehicle's price. You'll save time, hassle, and money, and the entire process will be quick and easy - you'll drive away in your new vehicle without unnecessary paperwork.\n\nTHE VEHICLE IS LOCATED IN Poprad.\nI will be happy to provide you with more information at +421 949 669 433. License plate: PP664FG. Registration valid until: 2026-11-08. Technical inspection valid until: 2026-11-08.\n\nTechnical Specifications\n\nYear: 11\/22, 1950cc, 143kW (194hp), Vehicle generation: , Drivetrain: 4\u00d74, Automatic transmission (9-speed), Hybrid (electric + diesel), EURO 6, 4-door, (-seater), 100,000 km, Grey metallic, VIN W1NFB1HB5PA835363\n\nVehicle Consumption (l\/100km)\n\nIn city: , outside city: , combined:\n\nFirst owner, Leasing available, Like-new purchased in Slovakia, VAT deduction possible, Financing available, Under warranty, Complete service history","language":"cs","is_translated":true,"title_original":"Mercedes-Benz GLE Trieda 350de 4MATIC \/ Z\u00c1RUKA \/ AJ NA SPL\u00c1TKY \/ PROTI\u00da\u010cET","description_original":"Mercedes-Benz GLE 350de 4MATIC je luxusn\u00ed a prostorn\u00e9 SUV, kter\u00e9 spojuje komfort, v\u00fdkon a modern\u00ed plug-in hybridn\u00ed pohon. Kombinace dieselov\u00e9ho motoru a elektromotoru nab\u00edz\u00ed vysok\u00fd to\u010div\u00fd moment, kultivovanou j\u00edzdu a z\u00e1rove\u0148 mo\u017enost \u00fasporn\u00e9 j\u00edzdy na elektrickou energii.\n\nVozidlo bylo zakoupeno na Slovensku, m\u00e1 pouze jednoho p\u0159edchoz\u00edho majitele a kompletn\u00ed servisn\u00ed historii. Velkou v\u00fdhodou je tak\u00e9 st\u00e1le platn\u00e1 z\u00e1ruka.\n\nDal\u0161\u00ed informace:\n\n1. majitel\nZakoupeno na Slovensku\nKompletn\u00ed servisn\u00ed historie\nVozidlo v z\u00e1ruce\nPohon 4MATIC\nPlug-in hybrid 350de\nSada zimn\u00edch pneumatik\n\nNab\u00edz\u00edme v\u00fdhodn\u00e9 financov\u00e1n\u00ed na m\u011bs\u00ed\u010dn\u00ed spl\u00e1tky, tak\u017ee si sv\u016fj nov\u00fd v\u016fz m\u016f\u017eete u\u017e\u00edvat hned a bez \u010dek\u00e1n\u00ed s akontac\u00ed 0 % a spl\u00e1tkami a\u017e na 96 m\u011bs\u00edc\u016f.\n\nVozidlo pro\u0161lo kontrolou z\u00e1znam\u016f o poji\u0161t\u011bn\u00ed, exekuc\u00ed, m\u011b\u0159en\u00edm laku a kontrolou doklad\u016f. Zkontrolov\u00e1no fyzicky, tak\u00e9 prost\u0159ednictv\u00edm registru provozn\u00edch z\u00e1znam\u016f vozidla.\n\nPro va\u0161e v\u011bt\u0161\u00ed pohodl\u00ed a jistotu v\u00e1m m\u016f\u017eeme poskytnout prodlou\u017eenou z\u00e1ruku a\u017e na 12-36 m\u011bs\u00edc\u016f.\n\nPokud ji\u017e v\u016fz vlastn\u00edte, nemus\u00edte se zab\u00fdvat jeho prodejem - na opl\u00e1tku si ho od v\u00e1s p\u0159\u00edmo vezmeme. Sta\u010d\u00ed, kdy\u017e k n\u00e1m s n\u00edm p\u0159ijdete, my ho ocen\u00edme a n\u00e1klady ode\u010dteme od hodnoty va\u0161eho nov\u00e9ho vozu. U\u0161et\u0159\u00edte tak \u010das, starosti i pen\u00edze a cel\u00fd proces bude rychl\u00fd a snadn\u00fd - odjedete rovnou ve sv\u00e9m nov\u00e9m voze bez zbyte\u010dn\u00e9ho pap\u00edrov\u00e1n\u00ed.\n\nVOZIDLO SE NACH\u00c1Z\u00cd V Poprade.\nViac inform\u00e1ci\u00ed V\u00e1m ve\u013emi r\u00e1d poskytnem na tel. \u010d\u00edsle +421 949 669 433 E\u010cV: PP664FG. EK platn\u00e1 do: 2026-11-08. STK platn\u00e1 do: 2026-11-08.\n\nTechnick\u00e9 \u00fadaje\n\nv.v.: 11\/22, 1950cm\u00b3, 143kW (194PS), Generace vozidla: , Pohon: 4\u00d74, Automatick\u00e1 p\u0159evodovka (9 st.), Hybrid (elektro + diesel), EURO 6, 4 dv., (-m\u00edstn\u00fd), 100 000km, \u0160ed\u00e1 metal\u00edza, VIN W1NFB1HB5PA835363\n\nSpot\u0159eba vozidla (l\/100km)\n\nVe m\u011bst\u011b: , mimo m\u011bsto: , kombinovan\u00e1:\n\nPrvn\u00ed majitel, Mo\u017en\u00fd leasing, Jako nov\u00e9 koupen\u00e9 v SR, Mo\u017en\u00fd odpo\u010det DPH, Mo\u017en\u00fd \u00fav\u011br, V z\u00e1ruce, \u00dapln\u00e1 servisn\u00ed historie","price":"1254700.00","currency":"CZK","status":"active","noindex":true,"location":{"address":null,"full_address":null,"city":"Poprad","country":"SK","latitude":49.0541521,"longitude":20.2976401},"metadata":{"vin":"W1NFB1HB5PA835363","fuel":"petrol","year":2022,"brand":"Mercedes-Benz","color":"Grey","doors":4,"drive":"AWD \/ 4x4","model":"GLE trieda","seats":0,"region":"Pre\u0161ovsk\u00fd kraj","mileage":100000,"emisions":"Euro 6","features":["Alarm","EBD\/EBV","ABS","ESP","Brzdov\u00fd asistent (EBA, BAS)","ISOFIX na zadn\u00edch sedadlech","Deaktivace airbagu spolujezdce","Nat\u00e1\u010dec\u00ed sv\u011btlomety","Senzor tlaku","Syst\u00e9m rozpozn\u00e1v\u00e1n\u00ed dopravn\u00edch zna\u010dek","Sledov\u00e1n\u00ed \u00fanavy \u0159idi\u010de","360\u00b0 monitorovac\u00ed syst\u00e9m (AVM)","Asistent d\u00e1lkov\u00fdch sv\u011btel (HBA)","Centr\u00e1ln\u00ed zamyk\u00e1n\u00ed","Zadn\u00ed el. stahovateln\u00e1 okna","El. nastaviteln\u00e1 p\u0159edn\u00ed sedadla","Elektricky nastaviteln\u00e1 zp\u011btn\u00e1 zrc\u00e1tka","Automatick\u00e1 2-z\u00f3nov\u00e1 klimatizace","Centr\u00e1ln\u00ed zamyk\u00e1n\u00ed na d\u00e1lkov\u00e9 ovl\u00e1d\u00e1n\u00ed","Autor\u00e1dio","Multifunk\u010dn\u00ed volant","Loketn\u00ed op\u011brka vp\u0159edu","Start\/Stop syst\u00e9m","Apple Car Play","Android Auto","Welcome light","Digit\u00e1ln\u00ed p\u0159\u00edstrojov\u00e1 deska","P\u00e1dla pod volantem","Bezdr\u00e1tov\u00e1 nab\u00edje\u010dka mobiln\u00edch telefon\u016f","Lit\u00e1 kola","Palubn\u00ed po\u010d\u00edta\u010d","Navigace","St\u0159e\u0161n\u00ed okno","Ta\u017en\u00e9 za\u0159\u00edzen\u00ed","Vyh\u0159\u00edvan\u00e1 sedadla","Elektricky vyh\u0159\u00edvan\u00e1 zp\u011btn\u00e1 zrc\u00e1tka","Senzor st\u011bra\u010d\u016f","Sv\u011bteln\u00fd senzor","Zimn\u00ed sada kol","Parkovac\u00ed kamera","P\u0159edn\u00ed a zadn\u00ed parkovac\u00ed senzory","Adaptivn\u00ed tempomat","Bezkl\u00ed\u010dov\u00fd vstup","El. ovl\u00e1dan\u00fd kufr","Elektrick\u00e9 dov\u00edr\u00e1n\u00ed zavazadlov\u00e9ho prostoru","Panoramatick\u00e1 st\u0159echa","Bluetooth","Vyh\u0159\u00edvan\u00fd volant","LED sv\u011btlomety","Pam\u011b\u0165 nastaven\u00ed sedadla \u0159idi\u010de","Prv\u00fd majite\u013e","Mo\u017en\u00fd leasing","Ako nov\u00e9 k\u00fapen\u00e9 v SR","Mo\u017en\u00fd odpo\u010det DPH","Mo\u017en\u00fd \u00faver","v z\u00e1ruke","\u00dapln\u00e1 servisn\u00e1 hist\u00f3ria","Ko\u017een\u00fd paket","Odo-pass","Asistent udr\u017eov\u00e1n\u00ed v j\u00edzdn\u00edm pruhu","Asistent rozjezdu do kopce"],"power_kw":143,"body_type":"SUV","condition":"Used","transmission":"automatic","vat_deductible":true,"consumption_city":null,"translation_hash":"e98e7f5e29d45a7cca28ebba26db7492a0968b3b","vehicle_category":"car","engine_volume_cm3":1950,"first_registration":"2022-11-01","translation_status":"done","consumption_highway":null,"consumption_combined":null},"user_id":50,"is_sponsored":false,"views_count":6,"ai_views_count":10,"ai_vendor_counts":{"meta":5,"other":2,"openai":2,"anthropic":1},"visibility":"public","submission_source":null,"submission_ai_name":null,"has_owner_email":true,"can_contact_owner":true,"phone":"0949 669 433","owner_email":"matta@autorro.sk","user":{"id":50,"slug":"tomas-matta-50","name":"Tom\u00e1\u0161 Matta","bio":"Makl\u00e9r. P\u016fsob\u00edm v Poprade a okol\u00ed.\n\nP\u016fsobnost: Poprad","nationality":"SK","languages":["cs","sk"],"service_areas":[],"card_style":null,"card_palette":null,"avatar_url":"https:\/\/cdn.assetlog.ai\/avatars\/50\/avatar_max.webp?v=1786535213","avatar_thumb_url":"https:\/\/cdn.assetlog.ai\/avatars\/50\/avatar_small.webp?v=1786535213","reviews_count":0,"avg_rating":null,"seller_badge":"silver","can_calendar":true,"joined_at":"2026-06-07T14:20:25+00:00","primary_intent":null,"seeking":[],"public_assets_count":48,"public_prompts_count":0,"followers_count":0},"images":[{"id":132970,"max":"https:\/\/cdn.assetlog.ai\/assets\/161444\/mercedes-benz-gle-trieda-350de-4matic-zaruka-aj-na-splatky-protiucet_1_max.webp","medium":"https:\/\/cdn.assetlog.ai\/assets\/161444\/mercedes-benz-gle-trieda-350de-4matic-zaruka-aj-na-splatky-protiucet_1_medium.webp","small":"https:\/\/cdn.assetlog.ai\/assets\/161444\/mercedes-benz-gle-trieda-350de-4matic-zaruka-aj-na-splatky-protiucet_1_small.webp"},{"id":132971,"max":"https:\/\/cdn.assetlog.ai\/assets\/161444\/mercedes-benz-gle-trieda-350de-4matic-zaruka-aj-na-splatky-protiucet_2_max.webp","medium":"https:\/\/cdn.assetlog.ai\/assets\/161444\/mercedes-benz-gle-trieda-350de-4matic-zaruka-aj-na-splatky-protiucet_2_medium.webp","small":"https:\/\/cdn.assetlog.ai\/assets\/161444\/mercedes-benz-gle-trieda-350de-4matic-zaruka-aj-na-splatky-protiucet_2_small.webp"},{"id":132972,"max":"https:\/\/cdn.assetlog.ai\/assets\/161444\/mercedes-benz-gle-trieda-350de-4matic-zaruka-aj-na-splatky-protiucet_3_max.webp","medium":"https:\/\/cdn.assetlog.ai\/assets\/161444\/mercedes-benz-gle-trieda-350de-4matic-zaruka-aj-na-splatky-protiucet_3_medium.webp","small":"https:\/\/cdn.assetlog.ai\/assets\/161444\/mercedes-benz-gle-trieda-350de-4matic-zaruka-aj-na-splatky-protiucet_3_small.webp"},{"id":132973,"max":"https:\/\/cdn.assetlog.ai\/assets\/161444\/mercedes-benz-gle-trieda-350de-4matic-zaruka-aj-na-splatky-protiucet_4_max.webp","medium":"https:\/\/cdn.assetlog.ai\/assets\/161444\/mercedes-benz-gle-trieda-350de-4matic-zaruka-aj-na-splatky-protiucet_4_medium.webp","small":"https:\/\/cdn.assetlog.ai\/assets\/161444\/mercedes-benz-gle-trieda-350de-4matic-zaruka-aj-na-splatky-protiucet_4_small.webp"},{"id":132974,"max":"https:\/\/cdn.assetlog.ai\/assets\/161444\/mercedes-benz-gle-trieda-350de-4matic-zaruka-aj-na-splatky-protiucet_5_max.webp","medium":"https:\/\/cdn.assetlog.ai\/assets\/161444\/mercedes-benz-gle-trieda-350de-4matic-zaruka-aj-na-splatky-protiucet_5_medium.webp","small":"https:\/\/cdn.assetlog.ai\/assets\/161444\/mercedes-benz-gle-trieda-350de-4matic-zaruka-aj-na-splatky-protiucet_5_small.webp"},{"id":132975,"max":"https:\/\/cdn.assetlog.ai\/assets\/161444\/mercedes-benz-gle-trieda-350de-4matic-zaruka-aj-na-splatky-protiucet_6_max.webp","medium":"https:\/\/cdn.assetlog.ai\/assets\/161444\/mercedes-benz-gle-trieda-350de-4matic-zaruka-aj-na-splatky-protiucet_6_medium.webp","small":"https:\/\/cdn.assetlog.ai\/assets\/161444\/mercedes-benz-gle-trieda-350de-4matic-zaruka-aj-na-splatky-protiucet_6_small.webp"},{"id":132976,"max":"https:\/\/cdn.assetlog.ai\/assets\/161444\/mercedes-benz-gle-trieda-350de-4matic-zaruka-aj-na-splatky-protiucet_7_max.webp","medium":"https:\/\/cdn.assetlog.ai\/assets\/161444\/mercedes-benz-gle-trieda-350de-4matic-zaruka-aj-na-splatky-protiucet_7_medium.webp","small":"https:\/\/cdn.assetlog.ai\/assets\/161444\/mercedes-benz-gle-trieda-350de-4matic-zaruka-aj-na-splatky-protiucet_7_small.webp"},{"id":132977,"max":"https:\/\/cdn.assetlog.ai\/assets\/161444\/mercedes-benz-gle-trieda-350de-4matic-zaruka-aj-na-splatky-protiucet_8_max.webp","medium":"https:\/\/cdn.assetlog.ai\/assets\/161444\/mercedes-benz-gle-trieda-350de-4matic-zaruka-aj-na-splatky-protiucet_8_medium.webp","small":"https:\/\/cdn.assetlog.ai\/assets\/161444\/mercedes-benz-gle-trieda-350de-4matic-zaruka-aj-na-splatky-protiucet_8_small.webp"},{"id":132978,"max":"https:\/\/cdn.assetlog.ai\/assets\/161444\/mercedes-benz-gle-trieda-350de-4matic-zaruka-aj-na-splatky-protiucet_9_max.webp","medium":"https:\/\/cdn.assetlog.ai\/assets\/161444\/mercedes-benz-gle-trieda-350de-4matic-zaruka-aj-na-splatky-protiucet_9_medium.webp","small":"https:\/\/cdn.assetlog.ai\/assets\/161444\/mercedes-benz-gle-trieda-350de-4matic-zaruka-aj-na-splatky-protiucet_9_small.webp"},{"id":132979,"max":"https:\/\/cdn.assetlog.ai\/assets\/161444\/mercedes-benz-gle-trieda-350de-4matic-zaruka-aj-na-splatky-protiucet_10_max.webp","medium":"https:\/\/cdn.assetlog.ai\/assets\/161444\/mercedes-benz-gle-trieda-350de-4matic-zaruka-aj-na-splatky-protiucet_10_medium.webp","small":"https:\/\/cdn.assetlog.ai\/assets\/161444\/mercedes-benz-gle-trieda-350de-4matic-zaruka-aj-na-splatky-protiucet_10_small.webp"},{"id":132980,"max":"https:\/\/cdn.assetlog.ai\/assets\/161444\/mercedes-benz-gle-trieda-350de-4matic-zaruka-aj-na-splatky-protiucet_11_max.webp","medium":"https:\/\/cdn.assetlog.ai\/assets\/161444\/mercedes-benz-gle-trieda-350de-4matic-zaruka-aj-na-splatky-protiucet_11_medium.webp","small":"https:\/\/cdn.assetlog.ai\/assets\/161444\/mercedes-benz-gle-trieda-350de-4matic-zaruka-aj-na-splatky-protiucet_11_small.webp"},{"id":132981,"max":"https:\/\/cdn.assetlog.ai\/assets\/161444\/mercedes-benz-gle-trieda-350de-4matic-zaruka-aj-na-splatky-protiucet_12_max.webp","medium":"https:\/\/cdn.assetlog.ai\/assets\/161444\/mercedes-benz-gle-trieda-350de-4matic-zaruka-aj-na-splatky-protiucet_12_medium.webp","small":"https:\/\/cdn.assetlog.ai\/assets\/161444\/mercedes-benz-gle-trieda-350de-4matic-zaruka-aj-na-splatky-protiucet_12_small.webp"},{"id":132982,"max":"https:\/\/cdn.assetlog.ai\/assets\/161444\/mercedes-benz-gle-trieda-350de-4matic-zaruka-aj-na-splatky-protiucet_13_max.webp","medium":"https:\/\/cdn.assetlog.ai\/assets\/161444\/mercedes-benz-gle-trieda-350de-4matic-zaruka-aj-na-splatky-protiucet_13_medium.webp","small":"https:\/\/cdn.assetlog.ai\/assets\/161444\/mercedes-benz-gle-trieda-350de-4matic-zaruka-aj-na-splatky-protiucet_13_small.webp"},{"id":132983,"max":"https:\/\/cdn.assetlog.ai\/assets\/161444\/mercedes-benz-gle-trieda-350de-4matic-zaruka-aj-na-splatky-protiucet_14_max.webp","medium":"https:\/\/cdn.assetlog.ai\/assets\/161444\/mercedes-benz-gle-trieda-350de-4matic-zaruka-aj-na-splatky-protiucet_14_medium.webp","small":"https:\/\/cdn.assetlog.ai\/assets\/161444\/mercedes-benz-gle-trieda-350de-4matic-zaruka-aj-na-splatky-protiucet_14_small.webp"},{"id":132984,"max":"https:\/\/cdn.assetlog.ai\/assets\/161444\/mercedes-benz-gle-trieda-350de-4matic-zaruka-aj-na-splatky-protiucet_15_max.webp","medium":"https:\/\/cdn.assetlog.ai\/assets\/161444\/mercedes-benz-gle-trieda-350de-4matic-zaruka-aj-na-splatky-protiucet_15_medium.webp","small":"https:\/\/cdn.assetlog.ai\/assets\/161444\/mercedes-benz-gle-trieda-350de-4matic-zaruka-aj-na-splatky-protiucet_15_small.webp"},{"id":132985,"max":"https:\/\/cdn.assetlog.ai\/assets\/161444\/mercedes-benz-gle-trieda-350de-4matic-zaruka-aj-na-splatky-protiucet_16_max.webp","medium":"https:\/\/cdn.assetlog.ai\/assets\/161444\/mercedes-benz-gle-trieda-350de-4matic-zaruka-aj-na-splatky-protiucet_16_medium.webp","small":"https:\/\/cdn.assetlog.ai\/assets\/161444\/mercedes-benz-gle-trieda-350de-4matic-zaruka-aj-na-splatky-protiucet_16_small.webp"},{"id":132986,"max":"https:\/\/cdn.assetlog.ai\/assets\/161444\/mercedes-benz-gle-trieda-350de-4matic-zaruka-aj-na-splatky-protiucet_17_max.webp","medium":"https:\/\/cdn.assetlog.ai\/assets\/161444\/mercedes-benz-gle-trieda-350de-4matic-zaruka-aj-na-splatky-protiucet_17_medium.webp","small":"https:\/\/cdn.assetlog.ai\/assets\/161444\/mercedes-benz-gle-trieda-350de-4matic-zaruka-aj-na-splatky-protiucet_17_small.webp"},{"id":132987,"max":"https:\/\/cdn.assetlog.ai\/assets\/161444\/mercedes-benz-gle-trieda-350de-4matic-zaruka-aj-na-splatky-protiucet_18_max.webp","medium":"https:\/\/cdn.assetlog.ai\/assets\/161444\/mercedes-benz-gle-trieda-350de-4matic-zaruka-aj-na-splatky-protiucet_18_medium.webp","small":"https:\/\/cdn.assetlog.ai\/assets\/161444\/mercedes-benz-gle-trieda-350de-4matic-zaruka-aj-na-splatky-protiucet_18_small.webp"},{"id":132988,"max":"https:\/\/cdn.assetlog.ai\/assets\/161444\/mercedes-benz-gle-trieda-350de-4matic-zaruka-aj-na-splatky-protiucet_19_max.webp","medium":"https:\/\/cdn.assetlog.ai\/assets\/161444\/mercedes-benz-gle-trieda-350de-4matic-zaruka-aj-na-splatky-protiucet_19_medium.webp","small":"https:\/\/cdn.assetlog.ai\/assets\/161444\/mercedes-benz-gle-trieda-350de-4matic-zaruka-aj-na-splatky-protiucet_19_small.webp"},{"id":132989,"max":"https:\/\/cdn.assetlog.ai\/assets\/161444\/mercedes-benz-gle-trieda-350de-4matic-zaruka-aj-na-splatky-protiucet_20_max.webp","medium":"https:\/\/cdn.assetlog.ai\/assets\/161444\/mercedes-benz-gle-trieda-350de-4matic-zaruka-aj-na-splatky-protiucet_20_medium.webp","small":"https:\/\/cdn.assetlog.ai\/assets\/161444\/mercedes-benz-gle-trieda-350de-4matic-zaruka-aj-na-splatky-protiucet_20_small.webp"},{"id":132990,"max":"https:\/\/cdn.assetlog.ai\/assets\/161444\/mercedes-benz-gle-trieda-350de-4matic-zaruka-aj-na-splatky-protiucet_21_max.webp","medium":"https:\/\/cdn.assetlog.ai\/assets\/161444\/mercedes-benz-gle-trieda-350de-4matic-zaruka-aj-na-splatky-protiucet_21_medium.webp","small":"https:\/\/cdn.assetlog.ai\/assets\/161444\/mercedes-benz-gle-trieda-350de-4matic-zaruka-aj-na-splatky-protiucet_21_small.webp"},{"id":132991,"max":"https:\/\/cdn.assetlog.ai\/assets\/161444\/mercedes-benz-gle-trieda-350de-4matic-zaruka-aj-na-splatky-protiucet_22_max.webp","medium":"https:\/\/cdn.assetlog.ai\/assets\/161444\/mercedes-benz-gle-trieda-350de-4matic-zaruka-aj-na-splatky-protiucet_22_medium.webp","small":"https:\/\/cdn.assetlog.ai\/assets\/161444\/mercedes-benz-gle-trieda-350de-4matic-zaruka-aj-na-splatky-protiucet_22_small.webp"},{"id":132992,"max":"https:\/\/cdn.assetlog.ai\/assets\/161444\/mercedes-benz-gle-trieda-350de-4matic-zaruka-aj-na-splatky-protiucet_23_max.webp","medium":"https:\/\/cdn.assetlog.ai\/assets\/161444\/mercedes-benz-gle-trieda-350de-4matic-zaruka-aj-na-splatky-protiucet_23_medium.webp","small":"https:\/\/cdn.assetlog.ai\/assets\/161444\/mercedes-benz-gle-trieda-350de-4matic-zaruka-aj-na-splatky-protiucet_23_small.webp"},{"id":132993,"max":"https:\/\/cdn.assetlog.ai\/assets\/161444\/mercedes-benz-gle-trieda-350de-4matic-zaruka-aj-na-splatky-protiucet_24_max.webp","medium":"https:\/\/cdn.assetlog.ai\/assets\/161444\/mercedes-benz-gle-trieda-350de-4matic-zaruka-aj-na-splatky-protiucet_24_medium.webp","small":"https:\/\/cdn.assetlog.ai\/assets\/161444\/mercedes-benz-gle-trieda-350de-4matic-zaruka-aj-na-splatky-protiucet_24_small.webp"},{"id":132994,"max":"https:\/\/cdn.assetlog.ai\/assets\/161444\/mercedes-benz-gle-trieda-350de-4matic-zaruka-aj-na-splatky-protiucet_25_max.webp","medium":"https:\/\/cdn.assetlog.ai\/assets\/161444\/mercedes-benz-gle-trieda-350de-4matic-zaruka-aj-na-splatky-protiucet_25_medium.webp","small":"https:\/\/cdn.assetlog.ai\/assets\/161444\/mercedes-benz-gle-trieda-350de-4matic-zaruka-aj-na-splatky-protiucet_25_small.webp"},{"id":132995,"max":"https:\/\/cdn.assetlog.ai\/assets\/161444\/mercedes-benz-gle-trieda-350de-4matic-zaruka-aj-na-splatky-protiucet_26_max.webp","medium":"https:\/\/cdn.assetlog.ai\/assets\/161444\/mercedes-benz-gle-trieda-350de-4matic-zaruka-aj-na-splatky-protiucet_26_medium.webp","small":"https:\/\/cdn.assetlog.ai\/assets\/161444\/mercedes-benz-gle-trieda-350de-4matic-zaruka-aj-na-splatky-protiucet_26_small.webp"},{"id":132996,"max":"https:\/\/cdn.assetlog.ai\/assets\/161444\/mercedes-benz-gle-trieda-350de-4matic-zaruka-aj-na-splatky-protiucet_27_max.webp","medium":"https:\/\/cdn.assetlog.ai\/assets\/161444\/mercedes-benz-gle-trieda-350de-4matic-zaruka-aj-na-splatky-protiucet_27_medium.webp","small":"https:\/\/cdn.assetlog.ai\/assets\/161444\/mercedes-benz-gle-trieda-350de-4matic-zaruka-aj-na-splatky-protiucet_27_small.webp"},{"id":132997,"max":"https:\/\/cdn.assetlog.ai\/assets\/161444\/mercedes-benz-gle-trieda-350de-4matic-zaruka-aj-na-splatky-protiucet_28_max.webp","medium":"https:\/\/cdn.assetlog.ai\/assets\/161444\/mercedes-benz-gle-trieda-350de-4matic-zaruka-aj-na-splatky-protiucet_28_medium.webp","small":"https:\/\/cdn.assetlog.ai\/assets\/161444\/mercedes-benz-gle-trieda-350de-4matic-zaruka-aj-na-splatky-protiucet_28_small.webp"},{"id":132998,"max":"https:\/\/cdn.assetlog.ai\/assets\/161444\/mercedes-benz-gle-trieda-350de-4matic-zaruka-aj-na-splatky-protiucet_29_max.webp","medium":"https:\/\/cdn.assetlog.ai\/assets\/161444\/mercedes-benz-gle-trieda-350de-4matic-zaruka-aj-na-splatky-protiucet_29_medium.webp","small":"https:\/\/cdn.assetlog.ai\/assets\/161444\/mercedes-benz-gle-trieda-350de-4matic-zaruka-aj-na-splatky-protiucet_29_small.webp"},{"id":132999,"max":"https:\/\/cdn.assetlog.ai\/assets\/161444\/mercedes-benz-gle-trieda-350de-4matic-zaruka-aj-na-splatky-protiucet_30_max.webp","medium":"https:\/\/cdn.assetlog.ai\/assets\/161444\/mercedes-benz-gle-trieda-350de-4matic-zaruka-aj-na-splatky-protiucet_30_medium.webp","small":"https:\/\/cdn.assetlog.ai\/assets\/161444\/mercedes-benz-gle-trieda-350de-4matic-zaruka-aj-na-splatky-protiucet_30_small.webp"},{"id":133000,"max":"https:\/\/cdn.assetlog.ai\/assets\/161444\/mercedes-benz-gle-trieda-350de-4matic-zaruka-aj-na-splatky-protiucet_31_max.webp","medium":"https:\/\/cdn.assetlog.ai\/assets\/161444\/mercedes-benz-gle-trieda-350de-4matic-zaruka-aj-na-splatky-protiucet_31_medium.webp","small":"https:\/\/cdn.assetlog.ai\/assets\/161444\/mercedes-benz-gle-trieda-350de-4matic-zaruka-aj-na-splatky-protiucet_31_small.webp"},{"id":133001,"max":"https:\/\/cdn.assetlog.ai\/assets\/161444\/mercedes-benz-gle-trieda-350de-4matic-zaruka-aj-na-splatky-protiucet_32_max.webp","medium":"https:\/\/cdn.assetlog.ai\/assets\/161444\/mercedes-benz-gle-trieda-350de-4matic-zaruka-aj-na-splatky-protiucet_32_medium.webp","small":"https:\/\/cdn.assetlog.ai\/assets\/161444\/mercedes-benz-gle-trieda-350de-4matic-zaruka-aj-na-splatky-protiucet_32_small.webp"},{"id":133002,"max":"https:\/\/cdn.assetlog.ai\/assets\/161444\/mercedes-benz-gle-trieda-350de-4matic-zaruka-aj-na-splatky-protiucet_33_max.webp","medium":"https:\/\/cdn.assetlog.ai\/assets\/161444\/mercedes-benz-gle-trieda-350de-4matic-zaruka-aj-na-splatky-protiucet_33_medium.webp","small":"https:\/\/cdn.assetlog.ai\/assets\/161444\/mercedes-benz-gle-trieda-350de-4matic-zaruka-aj-na-splatky-protiucet_33_small.webp"},{"id":133003,"max":"https:\/\/cdn.assetlog.ai\/assets\/161444\/mercedes-benz-gle-trieda-350de-4matic-zaruka-aj-na-splatky-protiucet_34_max.webp","medium":"https:\/\/cdn.assetlog.ai\/assets\/161444\/mercedes-benz-gle-trieda-350de-4matic-zaruka-aj-na-splatky-protiucet_34_medium.webp","small":"https:\/\/cdn.assetlog.ai\/assets\/161444\/mercedes-benz-gle-trieda-350de-4matic-zaruka-aj-na-splatky-protiucet_34_small.webp"},{"id":133004,"max":"https:\/\/cdn.assetlog.ai\/assets\/161444\/mercedes-benz-gle-trieda-350de-4matic-zaruka-aj-na-splatky-protiucet_35_max.webp","medium":"https:\/\/cdn.assetlog.ai\/assets\/161444\/mercedes-benz-gle-trieda-350de-4matic-zaruka-aj-na-splatky-protiucet_35_medium.webp","small":"https:\/\/cdn.assetlog.ai\/assets\/161444\/mercedes-benz-gle-trieda-350de-4matic-zaruka-aj-na-splatky-protiucet_35_small.webp"},{"id":133005,"max":"https:\/\/cdn.assetlog.ai\/assets\/161444\/mercedes-benz-gle-trieda-350de-4matic-zaruka-aj-na-splatky-protiucet_36_max.webp","medium":"https:\/\/cdn.assetlog.ai\/assets\/161444\/mercedes-benz-gle-trieda-350de-4matic-zaruka-aj-na-splatky-protiucet_36_medium.webp","small":"https:\/\/cdn.assetlog.ai\/assets\/161444\/mercedes-benz-gle-trieda-350de-4matic-zaruka-aj-na-splatky-protiucet_36_small.webp"},{"id":133006,"max":"https:\/\/cdn.assetlog.ai\/assets\/161444\/mercedes-benz-gle-trieda-350de-4matic-zaruka-aj-na-splatky-protiucet_37_max.webp","medium":"https:\/\/cdn.assetlog.ai\/assets\/161444\/mercedes-benz-gle-trieda-350de-4matic-zaruka-aj-na-splatky-protiucet_37_medium.webp","small":"https:\/\/cdn.assetlog.ai\/assets\/161444\/mercedes-benz-gle-trieda-350de-4matic-zaruka-aj-na-splatky-protiucet_37_small.webp"},{"id":133007,"max":"https:\/\/cdn.assetlog.ai\/assets\/161444\/mercedes-benz-gle-trieda-350de-4matic-zaruka-aj-na-splatky-protiucet_38_max.webp","medium":"https:\/\/cdn.assetlog.ai\/assets\/161444\/mercedes-benz-gle-trieda-350de-4matic-zaruka-aj-na-splatky-protiucet_38_medium.webp","small":"https:\/\/cdn.assetlog.ai\/assets\/161444\/mercedes-benz-gle-trieda-350de-4matic-zaruka-aj-na-splatky-protiucet_38_small.webp"},{"id":133008,"max":"https:\/\/cdn.assetlog.ai\/assets\/161444\/mercedes-benz-gle-trieda-350de-4matic-zaruka-aj-na-splatky-protiucet_39_max.webp","medium":"https:\/\/cdn.assetlog.ai\/assets\/161444\/mercedes-benz-gle-trieda-350de-4matic-zaruka-aj-na-splatky-protiucet_39_medium.webp","small":"https:\/\/cdn.assetlog.ai\/assets\/161444\/mercedes-benz-gle-trieda-350de-4matic-zaruka-aj-na-splatky-protiucet_39_small.webp"},{"id":133009,"max":"https:\/\/cdn.assetlog.ai\/assets\/161444\/mercedes-benz-gle-trieda-350de-4matic-zaruka-aj-na-splatky-protiucet_40_max.webp","medium":"https:\/\/cdn.assetlog.ai\/assets\/161444\/mercedes-benz-gle-trieda-350de-4matic-zaruka-aj-na-splatky-protiucet_40_medium.webp","small":"https:\/\/cdn.assetlog.ai\/assets\/161444\/mercedes-benz-gle-trieda-350de-4matic-zaruka-aj-na-splatky-protiucet_40_small.webp"}],"published_at":null,"expires_at":null,"created_at":"2026-08-19T03:40:07+00:00","updated_at":"2026-09-01T03:41:03+00:00"}}