{"data":{"id":143894,"slug":"mercedes-benz-ml-350-bluetec-4matic-190kw-a7-aj-na-splatky-protiucet","type":"vehicle","title":"Mercedes-Benz ML 350 BlueTEC 4MATIC, 190kW, A7 \/ AJ ON INSTALLMENTS \/ TRADE-IN \/","description":"Sale on commission \u2013 you purchase the vehicle directly from the owner.\n\nMercedes-Benz ML is a comfortable and powerful SUV with all-wheel drive 4MATIC, suitable for everyday driving, long trips and challenging conditions. The powerful 350 BlueTEC diesel engine offers plenty of power and is also suitable for longer journeys.\nThe vehicle was purchased in Slovakia, has a complete service history and service booklet, and 2 keys are available. The vehicle is regularly serviced. The rear airbags were recently replaced.\nThe equipment includes an original Mercedes-Benz roof rack and Mercedes-Benz roof bars. The vehicle is equipped with summer Continental R20 tires and winter tires with DOT 2023 on R18 rims are also included.\n\nWe offer the option of favorable financing with monthly installments, so you can enjoy your new vehicle immediately, without unnecessary waiting, with a down payment from 0% and payments up to 96 months. On the Autorro website you can fill out a non-binding financing form.\n\nFor your greater convenience and peace of mind, we can provide you with an extended warranty of up to 12-36 months.\n\nIf you already own a vehicle, you don't have to worry about selling it - in return, we will take it directly from you. Just come to us with it, we will evaluate it and deduct the costs from the value of your new vehicle. This way you save time, hassle and money, and the whole process will be quick and easy - you drive away in your new vehicle without unnecessary paperwork.\n\nTHE VEHICLE IS LOCATED IN Levice.\nMore information is available at telephone number 0949 228 711. License plate: LV680FR. Registration valid until: 2027-06-11. MOT valid until: 2027-06-11.\n\nTechnical specifications\n\nYear of manufacture: 04\/15, 2987cc, 190kW (258 hp), Drive: 4\u00d74, Automatic transmission (7 speed), Diesel, EURO 6, 5 doors, (5-seater), 193,685 km, Dark blue metallic, VIN WDC1660241A521480\n\nService booklet, Never damaged, As new purchased in Slovakia, Trade-in possible, Financing available, Complete service history","language":"cs","is_translated":true,"title_original":"Mercedes-Benz ML 350 BlueTEC 4MATIC, 190kW, A7 \/ AJ NA SPL\u00c1TKY \/ PROTI\u00da\u010cET \/","description_original":"Prodej na provizi \u2013 vozidlo kupujete p\u0159\u00edmo od majitele.\n\nMercedes-Benz ML je komfortn\u00ed a v\u00fdkonn\u00e9 SUV s pohonem v\u0161ech kol 4MATIC, vhodn\u00e9 pro ka\u017edodenn\u00ed j\u00edzdu, dlouh\u00e9 cesty i n\u00e1ro\u010dn\u011bj\u0161\u00ed podm\u00ednky. V\u00fdkonn\u00fd dieselov\u00fd motor 350 BlueTEC nab\u00edz\u00ed dostatek v\u00fdkonu a z\u00e1rove\u0148 je vhodn\u00fd i na del\u0161\u00ed trasy.\nVozidlo bylo zakoupeno na Slovensku, m\u00e1 kompletn\u00ed servisn\u00ed historii a servisn\u00ed kn\u00ed\u017eku a k dispozici jsou 2 kl\u00ed\u010de. Vozidlo je pravideln\u011b servisov\u00e1no. Zadn\u00ed airbagy byly ned\u00e1vno vym\u011bn\u011bny.\nSou\u010d\u00e1st\u00ed v\u00fdbavy je origin\u00e1ln\u00ed st\u0159e\u0161n\u00ed nosi\u010d Mercedes-Benz a st\u0159e\u0161n\u00ed li\u017einy Mercedes-Benz. Vozidlo je obuto do letn\u00edch pneumatik Continental R20 a sou\u010d\u00e1st\u00ed v\u00fdbavy je tak\u00e9 zimn\u00ed sada s DOT 2023 na r\u00e1fc\u00edch R18.\n\nNab\u00edz\u00edme mo\u017enost v\u00fdhodn\u00e9ho financov\u00e1n\u00ed s m\u011bs\u00ed\u010dn\u00edmi spl\u00e1tkami, tak\u017ee si sv\u00e9 nov\u00e9 vozidlo m\u016f\u017eete u\u017e\u00edt ihned, bez zbyte\u010dn\u00e9ho \u010dek\u00e1n\u00ed, s akontac\u00ed od 0 % a spl\u00e1tkami a\u017e na 96 m\u011bs\u00edc\u016f. Na str\u00e1nk\u00e1ch Autorro m\u016f\u017eete vyplnit nez\u00e1vazn\u00fd formul\u00e1\u0159 pro financov\u00e1n\u00ed.\n\nPro va\u0161e v\u011bt\u0161\u00ed pohodl\u00ed a jistotu v\u00e1m m\u016f\u017eeme poskytnout prodlou\u017eenou z\u00e1ruku a\u017e na 12-36 m\u011bs\u00edc\u016f.\n\nPokud ji\u017e v\u016fz vlastn\u00edte, nemus\u00edte se zab\u00fdvat jeho prodejem - na opl\u00e1tku si ho od v\u00e1s p\u0159\u00edmo vezmeme. Sta\u010d\u00ed, kdy\u017e k n\u00e1m s n\u00edm p\u0159ijdete, my ho ocen\u00edme a n\u00e1klady ode\u010dteme od hodnoty va\u0161eho nov\u00e9ho vozu. U\u0161et\u0159\u00edte tak \u010das, starosti i pen\u00edze a cel\u00fd proces bude rychl\u00fd a snadn\u00fd - odjedete rovnou ve sv\u00e9m nov\u00e9m voze bez zbyte\u010dn\u00e9ho pap\u00edrov\u00e1n\u00ed.\n\nVOZIDLO SE NACH\u00c1Z\u00cd V Leviciach.\nViac inform\u00e1ci\u00ed V\u00e1m poskytneme na telefonn\u00edm \u010d\u00edsle 0949 228 711. E\u010cV: LV680FR. EK platn\u00e1 do: 2027-06-11. STK platn\u00e1 do: 2027-06-11.\n\nTechnick\u00e9 \u00fadaje\n\nv.v.: 04\/15, 2987cm\u00b3, 190kW (258PS), Pohon: 4\u00d74, Automatick\u00e1 p\u0159evodovka (7 st.), Diesel, EURO 6, 5 dv., (5-m\u00edstn\u00fd), 193 685km, Modr\u00e1 tmav\u00e1 metal\u00edza, VIN WDC1660241A521480\n\nServisn\u00ed kn\u00ed\u017eka, Nikdy neb\u00faran\u00e9, Jako nov\u00e9 koupen\u00e9 v SR, Mo\u017en\u00e1 v\u00fdm\u011bna, Mo\u017en\u00fd \u00fav\u011br, \u00dapln\u00e1 servisn\u00ed historie","price":"448475.00","currency":"CZK","status":"active","noindex":true,"location":{"address":null,"full_address":null,"city":"Levice","country":"SK","latitude":48.2163194,"longitude":18.6000869},"metadata":{"vin":"WDC1660241A521480","fuel":"diesel","year":2015,"brand":"Mercedes-Benz","color":"Blue","doors":5,"drive":"AWD \/ 4x4","model":"M trieda","seats":5,"region":"Nitriansky kraj","mileage":193685,"emisions":"Euro 6","features":["Alarm","EBD\/EBV","Posilova\u010d \u0159\u00edzen\u00ed","ABS","ESP","ISOFIX na zadn\u00edch sedadlech","Deaktivace airbagu spolujezdce","Nat\u00e1\u010dec\u00ed sv\u011btlomety","Senzor tlaku","Syst\u00e9m rozpozn\u00e1v\u00e1n\u00ed dopravn\u00edch zna\u010dek","Sledov\u00e1n\u00ed \u00fanavy \u0159idi\u010de","360\u00b0 monitorovac\u00ed syst\u00e9m (AVM)","Asistent d\u00e1lkov\u00fdch sv\u011btel (HBA)","Centr\u00e1ln\u00ed zamyk\u00e1n\u00ed","Zadn\u00ed el. stahovateln\u00e1 okna","El. nastaviteln\u00e1 p\u0159edn\u00ed sedadla","Elektricky nastaviteln\u00e1 zp\u011btn\u00e1 zrc\u00e1tka","Centr\u00e1ln\u00ed zamyk\u00e1n\u00ed na d\u00e1lkov\u00e9 ovl\u00e1d\u00e1n\u00ed","Autor\u00e1dio","Multifunk\u010dn\u00ed volant","Loketn\u00ed op\u011brka vp\u0159edu","Start\/Stop syst\u00e9m","Vzduchov\u00e9 odpru\u017een\u00ed","Venkovn\u00ed teplom\u011br","Klimatizovan\u00e1 p\u0159ihr\u00e1dka","Ost\u0159ikova\u010de sv\u011btlomet\u016f","Automatick\u00e1 3-z\u00f3nov\u00e1 klimatizace","Welcome light","P\u00e1dla pod volantem","Lit\u00e1 kola","Mlhovky","Imobiliz\u00e9r","Palubn\u00ed po\u010d\u00edta\u010d","Navigace","Automatick\u00e9 parkov\u00e1n\u00ed","St\u0159e\u0161n\u00ed nosi\u010d","Ta\u017en\u00e9 za\u0159\u00edzen\u00ed","Ko\u017een\u00fd interi\u00e9r","Vyh\u0159\u00edvan\u00e1 sedadla","Elektricky vyh\u0159\u00edvan\u00e1 zp\u011btn\u00e1 zrc\u00e1tka","F\u00f3lie","Senzor st\u011bra\u010d\u016f","Sv\u011bteln\u00fd senzor","Zimn\u00ed sada kol","Parkovac\u00ed kamera","P\u0159edn\u00ed a zadn\u00ed parkovac\u00ed senzory","Adaptivn\u00ed tempomat","Bezkl\u00ed\u010dov\u00fd vstup","El. ovl\u00e1dan\u00fd kufr","Elektrick\u00e9 dov\u00edr\u00e1n\u00ed zavazadlov\u00e9ho prostoru","Ventilovan\u00e1 p\u0159edn\u00ed sedadla","Vyh\u0159\u00edvan\u00e1 zadn\u00ed sedadla","Bluetooth","Serv. kni\u017eka","Nikdy neb\u00faran\u00e9","Ako nov\u00e9 k\u00fapen\u00e9 v SR","Mo\u017en\u00e1 v\u00fdmena","Mo\u017en\u00fd \u00faver","\u00dapln\u00e1 servisn\u00e1 hist\u00f3ria","Adaptivn\u00ed podvozek","Odo-pass","Asistent udr\u017eov\u00e1n\u00ed j\u00edzdn\u00edho pruhu","Asistent rozjezdu do kopce","Sledov\u00e1n\u00ed mrtv\u00e9ho \u00fahlu","LCD panel","CD m\u011bni\u010d","Elektricky sklopn\u00e1 zp\u011btn\u00e1 zrc\u00e1tka","Rozpozn\u00e1v\u00e1n\u00ed chodc\u016f"],"power_kw":190,"body_type":"SUV","condition":"Used","transmission":"automatic","vat_deductible":false,"consumption_city":null,"translation_hash":"8fce593bd4486787a87b60ac3d73bab532b6dd53","vehicle_category":"car","engine_volume_cm3":2987,"first_registration":"2015-04-01","translation_status":"done","consumption_highway":null,"consumption_combined":null},"user_id":16,"is_sponsored":false,"views_count":11,"ai_views_count":7,"ai_vendor_counts":{"meta":4,"openai":2,"anthropic":1},"visibility":"public","submission_source":null,"submission_ai_name":null,"has_owner_email":true,"can_contact_owner":true,"phone":"0949 228 711","owner_email":"petras@autorro.sk","user":{"id":16,"slug":"martin-petras-16","name":"Martin Petr\u00e1\u0161","bio":"Makl\u00e9r. P\u016fsob\u00edm v Leviciach a okol\u00ed.\n\nP\u016fsobnost: Levice","nationality":"SK","languages":["cs","sk"],"service_areas":[],"card_style":null,"card_palette":null,"avatar_url":"https:\/\/cdn.assetlog.ai\/avatars\/16\/avatar_max.webp?v=1786535213","avatar_thumb_url":"https:\/\/cdn.assetlog.ai\/avatars\/16\/avatar_small.webp?v=1786535213","reviews_count":0,"avg_rating":null,"seller_badge":"silver","can_calendar":true,"joined_at":"2026-06-07T07:44:40+00:00","primary_intent":null,"seeking":[],"public_assets_count":35,"public_prompts_count":0,"followers_count":0},"images":[{"id":114039,"max":"https:\/\/cdn.assetlog.ai\/assets\/143894\/mercedes-benz-ml-350-bluetec-4matic-190kw-a7-aj-na-splatky-protiucet_1_max.webp","medium":"https:\/\/cdn.assetlog.ai\/assets\/143894\/mercedes-benz-ml-350-bluetec-4matic-190kw-a7-aj-na-splatky-protiucet_1_medium.webp","small":"https:\/\/cdn.assetlog.ai\/assets\/143894\/mercedes-benz-ml-350-bluetec-4matic-190kw-a7-aj-na-splatky-protiucet_1_small.webp"},{"id":114040,"max":"https:\/\/cdn.assetlog.ai\/assets\/143894\/mercedes-benz-ml-350-bluetec-4matic-190kw-a7-aj-na-splatky-protiucet_2_max.webp","medium":"https:\/\/cdn.assetlog.ai\/assets\/143894\/mercedes-benz-ml-350-bluetec-4matic-190kw-a7-aj-na-splatky-protiucet_2_medium.webp","small":"https:\/\/cdn.assetlog.ai\/assets\/143894\/mercedes-benz-ml-350-bluetec-4matic-190kw-a7-aj-na-splatky-protiucet_2_small.webp"},{"id":114041,"max":"https:\/\/cdn.assetlog.ai\/assets\/143894\/mercedes-benz-ml-350-bluetec-4matic-190kw-a7-aj-na-splatky-protiucet_3_max.webp","medium":"https:\/\/cdn.assetlog.ai\/assets\/143894\/mercedes-benz-ml-350-bluetec-4matic-190kw-a7-aj-na-splatky-protiucet_3_medium.webp","small":"https:\/\/cdn.assetlog.ai\/assets\/143894\/mercedes-benz-ml-350-bluetec-4matic-190kw-a7-aj-na-splatky-protiucet_3_small.webp"},{"id":114042,"max":"https:\/\/cdn.assetlog.ai\/assets\/143894\/mercedes-benz-ml-350-bluetec-4matic-190kw-a7-aj-na-splatky-protiucet_4_max.webp","medium":"https:\/\/cdn.assetlog.ai\/assets\/143894\/mercedes-benz-ml-350-bluetec-4matic-190kw-a7-aj-na-splatky-protiucet_4_medium.webp","small":"https:\/\/cdn.assetlog.ai\/assets\/143894\/mercedes-benz-ml-350-bluetec-4matic-190kw-a7-aj-na-splatky-protiucet_4_small.webp"},{"id":114043,"max":"https:\/\/cdn.assetlog.ai\/assets\/143894\/mercedes-benz-ml-350-bluetec-4matic-190kw-a7-aj-na-splatky-protiucet_5_max.webp","medium":"https:\/\/cdn.assetlog.ai\/assets\/143894\/mercedes-benz-ml-350-bluetec-4matic-190kw-a7-aj-na-splatky-protiucet_5_medium.webp","small":"https:\/\/cdn.assetlog.ai\/assets\/143894\/mercedes-benz-ml-350-bluetec-4matic-190kw-a7-aj-na-splatky-protiucet_5_small.webp"},{"id":114044,"max":"https:\/\/cdn.assetlog.ai\/assets\/143894\/mercedes-benz-ml-350-bluetec-4matic-190kw-a7-aj-na-splatky-protiucet_6_max.webp","medium":"https:\/\/cdn.assetlog.ai\/assets\/143894\/mercedes-benz-ml-350-bluetec-4matic-190kw-a7-aj-na-splatky-protiucet_6_medium.webp","small":"https:\/\/cdn.assetlog.ai\/assets\/143894\/mercedes-benz-ml-350-bluetec-4matic-190kw-a7-aj-na-splatky-protiucet_6_small.webp"},{"id":114045,"max":"https:\/\/cdn.assetlog.ai\/assets\/143894\/mercedes-benz-ml-350-bluetec-4matic-190kw-a7-aj-na-splatky-protiucet_7_max.webp","medium":"https:\/\/cdn.assetlog.ai\/assets\/143894\/mercedes-benz-ml-350-bluetec-4matic-190kw-a7-aj-na-splatky-protiucet_7_medium.webp","small":"https:\/\/cdn.assetlog.ai\/assets\/143894\/mercedes-benz-ml-350-bluetec-4matic-190kw-a7-aj-na-splatky-protiucet_7_small.webp"},{"id":114046,"max":"https:\/\/cdn.assetlog.ai\/assets\/143894\/mercedes-benz-ml-350-bluetec-4matic-190kw-a7-aj-na-splatky-protiucet_8_max.webp","medium":"https:\/\/cdn.assetlog.ai\/assets\/143894\/mercedes-benz-ml-350-bluetec-4matic-190kw-a7-aj-na-splatky-protiucet_8_medium.webp","small":"https:\/\/cdn.assetlog.ai\/assets\/143894\/mercedes-benz-ml-350-bluetec-4matic-190kw-a7-aj-na-splatky-protiucet_8_small.webp"},{"id":114047,"max":"https:\/\/cdn.assetlog.ai\/assets\/143894\/mercedes-benz-ml-350-bluetec-4matic-190kw-a7-aj-na-splatky-protiucet_9_max.webp","medium":"https:\/\/cdn.assetlog.ai\/assets\/143894\/mercedes-benz-ml-350-bluetec-4matic-190kw-a7-aj-na-splatky-protiucet_9_medium.webp","small":"https:\/\/cdn.assetlog.ai\/assets\/143894\/mercedes-benz-ml-350-bluetec-4matic-190kw-a7-aj-na-splatky-protiucet_9_small.webp"},{"id":114048,"max":"https:\/\/cdn.assetlog.ai\/assets\/143894\/mercedes-benz-ml-350-bluetec-4matic-190kw-a7-aj-na-splatky-protiucet_10_max.webp","medium":"https:\/\/cdn.assetlog.ai\/assets\/143894\/mercedes-benz-ml-350-bluetec-4matic-190kw-a7-aj-na-splatky-protiucet_10_medium.webp","small":"https:\/\/cdn.assetlog.ai\/assets\/143894\/mercedes-benz-ml-350-bluetec-4matic-190kw-a7-aj-na-splatky-protiucet_10_small.webp"},{"id":114049,"max":"https:\/\/cdn.assetlog.ai\/assets\/143894\/mercedes-benz-ml-350-bluetec-4matic-190kw-a7-aj-na-splatky-protiucet_11_max.webp","medium":"https:\/\/cdn.assetlog.ai\/assets\/143894\/mercedes-benz-ml-350-bluetec-4matic-190kw-a7-aj-na-splatky-protiucet_11_medium.webp","small":"https:\/\/cdn.assetlog.ai\/assets\/143894\/mercedes-benz-ml-350-bluetec-4matic-190kw-a7-aj-na-splatky-protiucet_11_small.webp"},{"id":114050,"max":"https:\/\/cdn.assetlog.ai\/assets\/143894\/mercedes-benz-ml-350-bluetec-4matic-190kw-a7-aj-na-splatky-protiucet_12_max.webp","medium":"https:\/\/cdn.assetlog.ai\/assets\/143894\/mercedes-benz-ml-350-bluetec-4matic-190kw-a7-aj-na-splatky-protiucet_12_medium.webp","small":"https:\/\/cdn.assetlog.ai\/assets\/143894\/mercedes-benz-ml-350-bluetec-4matic-190kw-a7-aj-na-splatky-protiucet_12_small.webp"},{"id":114051,"max":"https:\/\/cdn.assetlog.ai\/assets\/143894\/mercedes-benz-ml-350-bluetec-4matic-190kw-a7-aj-na-splatky-protiucet_13_max.webp","medium":"https:\/\/cdn.assetlog.ai\/assets\/143894\/mercedes-benz-ml-350-bluetec-4matic-190kw-a7-aj-na-splatky-protiucet_13_medium.webp","small":"https:\/\/cdn.assetlog.ai\/assets\/143894\/mercedes-benz-ml-350-bluetec-4matic-190kw-a7-aj-na-splatky-protiucet_13_small.webp"},{"id":114052,"max":"https:\/\/cdn.assetlog.ai\/assets\/143894\/mercedes-benz-ml-350-bluetec-4matic-190kw-a7-aj-na-splatky-protiucet_14_max.webp","medium":"https:\/\/cdn.assetlog.ai\/assets\/143894\/mercedes-benz-ml-350-bluetec-4matic-190kw-a7-aj-na-splatky-protiucet_14_medium.webp","small":"https:\/\/cdn.assetlog.ai\/assets\/143894\/mercedes-benz-ml-350-bluetec-4matic-190kw-a7-aj-na-splatky-protiucet_14_small.webp"},{"id":114053,"max":"https:\/\/cdn.assetlog.ai\/assets\/143894\/mercedes-benz-ml-350-bluetec-4matic-190kw-a7-aj-na-splatky-protiucet_15_max.webp","medium":"https:\/\/cdn.assetlog.ai\/assets\/143894\/mercedes-benz-ml-350-bluetec-4matic-190kw-a7-aj-na-splatky-protiucet_15_medium.webp","small":"https:\/\/cdn.assetlog.ai\/assets\/143894\/mercedes-benz-ml-350-bluetec-4matic-190kw-a7-aj-na-splatky-protiucet_15_small.webp"},{"id":114054,"max":"https:\/\/cdn.assetlog.ai\/assets\/143894\/mercedes-benz-ml-350-bluetec-4matic-190kw-a7-aj-na-splatky-protiucet_16_max.webp","medium":"https:\/\/cdn.assetlog.ai\/assets\/143894\/mercedes-benz-ml-350-bluetec-4matic-190kw-a7-aj-na-splatky-protiucet_16_medium.webp","small":"https:\/\/cdn.assetlog.ai\/assets\/143894\/mercedes-benz-ml-350-bluetec-4matic-190kw-a7-aj-na-splatky-protiucet_16_small.webp"},{"id":114055,"max":"https:\/\/cdn.assetlog.ai\/assets\/143894\/mercedes-benz-ml-350-bluetec-4matic-190kw-a7-aj-na-splatky-protiucet_17_max.webp","medium":"https:\/\/cdn.assetlog.ai\/assets\/143894\/mercedes-benz-ml-350-bluetec-4matic-190kw-a7-aj-na-splatky-protiucet_17_medium.webp","small":"https:\/\/cdn.assetlog.ai\/assets\/143894\/mercedes-benz-ml-350-bluetec-4matic-190kw-a7-aj-na-splatky-protiucet_17_small.webp"},{"id":114056,"max":"https:\/\/cdn.assetlog.ai\/assets\/143894\/mercedes-benz-ml-350-bluetec-4matic-190kw-a7-aj-na-splatky-protiucet_18_max.webp","medium":"https:\/\/cdn.assetlog.ai\/assets\/143894\/mercedes-benz-ml-350-bluetec-4matic-190kw-a7-aj-na-splatky-protiucet_18_medium.webp","small":"https:\/\/cdn.assetlog.ai\/assets\/143894\/mercedes-benz-ml-350-bluetec-4matic-190kw-a7-aj-na-splatky-protiucet_18_small.webp"},{"id":114057,"max":"https:\/\/cdn.assetlog.ai\/assets\/143894\/mercedes-benz-ml-350-bluetec-4matic-190kw-a7-aj-na-splatky-protiucet_19_max.webp","medium":"https:\/\/cdn.assetlog.ai\/assets\/143894\/mercedes-benz-ml-350-bluetec-4matic-190kw-a7-aj-na-splatky-protiucet_19_medium.webp","small":"https:\/\/cdn.assetlog.ai\/assets\/143894\/mercedes-benz-ml-350-bluetec-4matic-190kw-a7-aj-na-splatky-protiucet_19_small.webp"},{"id":114058,"max":"https:\/\/cdn.assetlog.ai\/assets\/143894\/mercedes-benz-ml-350-bluetec-4matic-190kw-a7-aj-na-splatky-protiucet_20_max.webp","medium":"https:\/\/cdn.assetlog.ai\/assets\/143894\/mercedes-benz-ml-350-bluetec-4matic-190kw-a7-aj-na-splatky-protiucet_20_medium.webp","small":"https:\/\/cdn.assetlog.ai\/assets\/143894\/mercedes-benz-ml-350-bluetec-4matic-190kw-a7-aj-na-splatky-protiucet_20_small.webp"},{"id":114059,"max":"https:\/\/cdn.assetlog.ai\/assets\/143894\/mercedes-benz-ml-350-bluetec-4matic-190kw-a7-aj-na-splatky-protiucet_21_max.webp","medium":"https:\/\/cdn.assetlog.ai\/assets\/143894\/mercedes-benz-ml-350-bluetec-4matic-190kw-a7-aj-na-splatky-protiucet_21_medium.webp","small":"https:\/\/cdn.assetlog.ai\/assets\/143894\/mercedes-benz-ml-350-bluetec-4matic-190kw-a7-aj-na-splatky-protiucet_21_small.webp"},{"id":114060,"max":"https:\/\/cdn.assetlog.ai\/assets\/143894\/mercedes-benz-ml-350-bluetec-4matic-190kw-a7-aj-na-splatky-protiucet_22_max.webp","medium":"https:\/\/cdn.assetlog.ai\/assets\/143894\/mercedes-benz-ml-350-bluetec-4matic-190kw-a7-aj-na-splatky-protiucet_22_medium.webp","small":"https:\/\/cdn.assetlog.ai\/assets\/143894\/mercedes-benz-ml-350-bluetec-4matic-190kw-a7-aj-na-splatky-protiucet_22_small.webp"},{"id":114061,"max":"https:\/\/cdn.assetlog.ai\/assets\/143894\/mercedes-benz-ml-350-bluetec-4matic-190kw-a7-aj-na-splatky-protiucet_23_max.webp","medium":"https:\/\/cdn.assetlog.ai\/assets\/143894\/mercedes-benz-ml-350-bluetec-4matic-190kw-a7-aj-na-splatky-protiucet_23_medium.webp","small":"https:\/\/cdn.assetlog.ai\/assets\/143894\/mercedes-benz-ml-350-bluetec-4matic-190kw-a7-aj-na-splatky-protiucet_23_small.webp"},{"id":114062,"max":"https:\/\/cdn.assetlog.ai\/assets\/143894\/mercedes-benz-ml-350-bluetec-4matic-190kw-a7-aj-na-splatky-protiucet_24_max.webp","medium":"https:\/\/cdn.assetlog.ai\/assets\/143894\/mercedes-benz-ml-350-bluetec-4matic-190kw-a7-aj-na-splatky-protiucet_24_medium.webp","small":"https:\/\/cdn.assetlog.ai\/assets\/143894\/mercedes-benz-ml-350-bluetec-4matic-190kw-a7-aj-na-splatky-protiucet_24_small.webp"},{"id":114063,"max":"https:\/\/cdn.assetlog.ai\/assets\/143894\/mercedes-benz-ml-350-bluetec-4matic-190kw-a7-aj-na-splatky-protiucet_25_max.webp","medium":"https:\/\/cdn.assetlog.ai\/assets\/143894\/mercedes-benz-ml-350-bluetec-4matic-190kw-a7-aj-na-splatky-protiucet_25_medium.webp","small":"https:\/\/cdn.assetlog.ai\/assets\/143894\/mercedes-benz-ml-350-bluetec-4matic-190kw-a7-aj-na-splatky-protiucet_25_small.webp"},{"id":114064,"max":"https:\/\/cdn.assetlog.ai\/assets\/143894\/mercedes-benz-ml-350-bluetec-4matic-190kw-a7-aj-na-splatky-protiucet_26_max.webp","medium":"https:\/\/cdn.assetlog.ai\/assets\/143894\/mercedes-benz-ml-350-bluetec-4matic-190kw-a7-aj-na-splatky-protiucet_26_medium.webp","small":"https:\/\/cdn.assetlog.ai\/assets\/143894\/mercedes-benz-ml-350-bluetec-4matic-190kw-a7-aj-na-splatky-protiucet_26_small.webp"},{"id":114065,"max":"https:\/\/cdn.assetlog.ai\/assets\/143894\/mercedes-benz-ml-350-bluetec-4matic-190kw-a7-aj-na-splatky-protiucet_27_max.webp","medium":"https:\/\/cdn.assetlog.ai\/assets\/143894\/mercedes-benz-ml-350-bluetec-4matic-190kw-a7-aj-na-splatky-protiucet_27_medium.webp","small":"https:\/\/cdn.assetlog.ai\/assets\/143894\/mercedes-benz-ml-350-bluetec-4matic-190kw-a7-aj-na-splatky-protiucet_27_small.webp"},{"id":114066,"max":"https:\/\/cdn.assetlog.ai\/assets\/143894\/mercedes-benz-ml-350-bluetec-4matic-190kw-a7-aj-na-splatky-protiucet_28_max.webp","medium":"https:\/\/cdn.assetlog.ai\/assets\/143894\/mercedes-benz-ml-350-bluetec-4matic-190kw-a7-aj-na-splatky-protiucet_28_medium.webp","small":"https:\/\/cdn.assetlog.ai\/assets\/143894\/mercedes-benz-ml-350-bluetec-4matic-190kw-a7-aj-na-splatky-protiucet_28_small.webp"},{"id":114067,"max":"https:\/\/cdn.assetlog.ai\/assets\/143894\/mercedes-benz-ml-350-bluetec-4matic-190kw-a7-aj-na-splatky-protiucet_29_max.webp","medium":"https:\/\/cdn.assetlog.ai\/assets\/143894\/mercedes-benz-ml-350-bluetec-4matic-190kw-a7-aj-na-splatky-protiucet_29_medium.webp","small":"https:\/\/cdn.assetlog.ai\/assets\/143894\/mercedes-benz-ml-350-bluetec-4matic-190kw-a7-aj-na-splatky-protiucet_29_small.webp"},{"id":114068,"max":"https:\/\/cdn.assetlog.ai\/assets\/143894\/mercedes-benz-ml-350-bluetec-4matic-190kw-a7-aj-na-splatky-protiucet_30_max.webp","medium":"https:\/\/cdn.assetlog.ai\/assets\/143894\/mercedes-benz-ml-350-bluetec-4matic-190kw-a7-aj-na-splatky-protiucet_30_medium.webp","small":"https:\/\/cdn.assetlog.ai\/assets\/143894\/mercedes-benz-ml-350-bluetec-4matic-190kw-a7-aj-na-splatky-protiucet_30_small.webp"},{"id":114069,"max":"https:\/\/cdn.assetlog.ai\/assets\/143894\/mercedes-benz-ml-350-bluetec-4matic-190kw-a7-aj-na-splatky-protiucet_31_max.webp","medium":"https:\/\/cdn.assetlog.ai\/assets\/143894\/mercedes-benz-ml-350-bluetec-4matic-190kw-a7-aj-na-splatky-protiucet_31_medium.webp","small":"https:\/\/cdn.assetlog.ai\/assets\/143894\/mercedes-benz-ml-350-bluetec-4matic-190kw-a7-aj-na-splatky-protiucet_31_small.webp"},{"id":114070,"max":"https:\/\/cdn.assetlog.ai\/assets\/143894\/mercedes-benz-ml-350-bluetec-4matic-190kw-a7-aj-na-splatky-protiucet_32_max.webp","medium":"https:\/\/cdn.assetlog.ai\/assets\/143894\/mercedes-benz-ml-350-bluetec-4matic-190kw-a7-aj-na-splatky-protiucet_32_medium.webp","small":"https:\/\/cdn.assetlog.ai\/assets\/143894\/mercedes-benz-ml-350-bluetec-4matic-190kw-a7-aj-na-splatky-protiucet_32_small.webp"},{"id":114071,"max":"https:\/\/cdn.assetlog.ai\/assets\/143894\/mercedes-benz-ml-350-bluetec-4matic-190kw-a7-aj-na-splatky-protiucet_33_max.webp","medium":"https:\/\/cdn.assetlog.ai\/assets\/143894\/mercedes-benz-ml-350-bluetec-4matic-190kw-a7-aj-na-splatky-protiucet_33_medium.webp","small":"https:\/\/cdn.assetlog.ai\/assets\/143894\/mercedes-benz-ml-350-bluetec-4matic-190kw-a7-aj-na-splatky-protiucet_33_small.webp"},{"id":114072,"max":"https:\/\/cdn.assetlog.ai\/assets\/143894\/mercedes-benz-ml-350-bluetec-4matic-190kw-a7-aj-na-splatky-protiucet_34_max.webp","medium":"https:\/\/cdn.assetlog.ai\/assets\/143894\/mercedes-benz-ml-350-bluetec-4matic-190kw-a7-aj-na-splatky-protiucet_34_medium.webp","small":"https:\/\/cdn.assetlog.ai\/assets\/143894\/mercedes-benz-ml-350-bluetec-4matic-190kw-a7-aj-na-splatky-protiucet_34_small.webp"},{"id":114073,"max":"https:\/\/cdn.assetlog.ai\/assets\/143894\/mercedes-benz-ml-350-bluetec-4matic-190kw-a7-aj-na-splatky-protiucet_35_max.webp","medium":"https:\/\/cdn.assetlog.ai\/assets\/143894\/mercedes-benz-ml-350-bluetec-4matic-190kw-a7-aj-na-splatky-protiucet_35_medium.webp","small":"https:\/\/cdn.assetlog.ai\/assets\/143894\/mercedes-benz-ml-350-bluetec-4matic-190kw-a7-aj-na-splatky-protiucet_35_small.webp"},{"id":114074,"max":"https:\/\/cdn.assetlog.ai\/assets\/143894\/mercedes-benz-ml-350-bluetec-4matic-190kw-a7-aj-na-splatky-protiucet_36_max.webp","medium":"https:\/\/cdn.assetlog.ai\/assets\/143894\/mercedes-benz-ml-350-bluetec-4matic-190kw-a7-aj-na-splatky-protiucet_36_medium.webp","small":"https:\/\/cdn.assetlog.ai\/assets\/143894\/mercedes-benz-ml-350-bluetec-4matic-190kw-a7-aj-na-splatky-protiucet_36_small.webp"},{"id":114075,"max":"https:\/\/cdn.assetlog.ai\/assets\/143894\/mercedes-benz-ml-350-bluetec-4matic-190kw-a7-aj-na-splatky-protiucet_37_max.webp","medium":"https:\/\/cdn.assetlog.ai\/assets\/143894\/mercedes-benz-ml-350-bluetec-4matic-190kw-a7-aj-na-splatky-protiucet_37_medium.webp","small":"https:\/\/cdn.assetlog.ai\/assets\/143894\/mercedes-benz-ml-350-bluetec-4matic-190kw-a7-aj-na-splatky-protiucet_37_small.webp"},{"id":114076,"max":"https:\/\/cdn.assetlog.ai\/assets\/143894\/mercedes-benz-ml-350-bluetec-4matic-190kw-a7-aj-na-splatky-protiucet_38_max.webp","medium":"https:\/\/cdn.assetlog.ai\/assets\/143894\/mercedes-benz-ml-350-bluetec-4matic-190kw-a7-aj-na-splatky-protiucet_38_medium.webp","small":"https:\/\/cdn.assetlog.ai\/assets\/143894\/mercedes-benz-ml-350-bluetec-4matic-190kw-a7-aj-na-splatky-protiucet_38_small.webp"},{"id":114077,"max":"https:\/\/cdn.assetlog.ai\/assets\/143894\/mercedes-benz-ml-350-bluetec-4matic-190kw-a7-aj-na-splatky-protiucet_39_max.webp","medium":"https:\/\/cdn.assetlog.ai\/assets\/143894\/mercedes-benz-ml-350-bluetec-4matic-190kw-a7-aj-na-splatky-protiucet_39_medium.webp","small":"https:\/\/cdn.assetlog.ai\/assets\/143894\/mercedes-benz-ml-350-bluetec-4matic-190kw-a7-aj-na-splatky-protiucet_39_small.webp"},{"id":114078,"max":"https:\/\/cdn.assetlog.ai\/assets\/143894\/mercedes-benz-ml-350-bluetec-4matic-190kw-a7-aj-na-splatky-protiucet_40_max.webp","medium":"https:\/\/cdn.assetlog.ai\/assets\/143894\/mercedes-benz-ml-350-bluetec-4matic-190kw-a7-aj-na-splatky-protiucet_40_medium.webp","small":"https:\/\/cdn.assetlog.ai\/assets\/143894\/mercedes-benz-ml-350-bluetec-4matic-190kw-a7-aj-na-splatky-protiucet_40_small.webp"}],"published_at":null,"expires_at":null,"created_at":"2026-08-13T03:40:08+00:00","updated_at":"2026-09-01T03:41:16+00:00"}}