{"data":{"id":174838,"slug":"mercedes-benz-s-trieda-sedan-400d-4matic-243kw-a9-zaruka-aj-na-splatky-protiucet","type":"vehicle","title":"Mercedes-Benz S-Class Sedan 400d 4MATIC \/ 243kW \/ A9 \/ WARRANTY \/ ENGLISH AVAILABLE \/ INSTALLMENT PLANS \/ TRADE-IN","description":"The Mercedes-Benz S400d 4MATIC is a luxury sedan that offers top-class comfort, advanced technology, and a powerful diesel engine. The 4MATIC all-wheel drive ensures excellent traction and stability in all conditions.\n\nThe vehicle was purchased in Slovakia and has been used by the first owner throughout its service life. The car has a complete service history and is still under warranty.\n\nAdditional information:\n\n1st owner\nPurchased in Slovakia\nComplete service history\nVehicle under warranty\nSecond set of wheels with winter tires included with the vehicle\n\nCommission sale - you are buying the vehicle directly from the owner.\n\nWe offer favorable financing with monthly installments, so you can enjoy your new car immediately without waiting, with 0% down payment and installments up to 96 months.\n\nFor your greater convenience and peace of mind, we can provide you with extended warranty coverage up to 12-36 months.\n\nIf you already own a vehicle, you don't need to worry about selling it - we will take it directly from you in return. Just come to us with it, we will appraise it and deduct the amount from the value of your new car. You will save time, hassle and money, and the entire process will be quick and easy - you will drive away in your new car without unnecessary paperwork.\n\nTHE VEHICLE IS LOCATED IN Bratislava.\nMore information is available at telephone number 0910 678 408. License plate: BT456BK. Vehicle inspection valid until: 2027-01-17. Emissions test valid until: 2027-01-17.\n\nTechnical specifications\n\nYear of manufacture: 01\/21, 2925cc, 243kW (330HP), Vehicle generation: , Drive: 4\u00d74, Automatic transmission (9 speeds), Diesel, EURO 6, 4 doors, (5 seats), 112,597 km, Black metallic, VIN W1K2230331A005668\n\nVehicle fuel consumption (l\/100km)\n\nCity: 8.6, Highway: 5.1, Combined: 6.4\n\n1st owner, Leasing available, Like new purchased in Slovakia, VAT deduction possible, Financing available, Under warranty, Complete service history","language":"cs","is_translated":true,"title_original":"Mercedes-Benz S trieda Sedan 400d 4MATIC \/ 243kW \/ A9 \/ Z\u00c1RUKA \/ AJ NA SPL\u00c1TKY \/ PROTI\u00da\u010cET","description_original":"Mercedes-Benz S400d 4MATIC je luxusn\u00ed limuz\u00edna, kter\u00e1 nab\u00edz\u00ed \u0161pi\u010dkov\u00fd komfort, vysokou \u00farove\u0148 technologi\u00ed a v\u00fdkonn\u00fd dieselov\u00fd motor. Pohon v\u0161ech kol 4MATIC zaji\u0161\u0165uje vynikaj\u00edc\u00ed trakci a stabilitu za v\u0161ech podm\u00ednek.\n\nVozidlo bylo zakoupeno na Slovensku a po celou dobu provozu ho u\u017e\u00edval prvn\u00ed majitel. Auto m\u00e1 kompletn\u00ed servisn\u00ed historii a st\u00e1le je v z\u00e1ruce.\n\nDal\u0161\u00ed informace:\n\n1. majitel\nZakoupeno na Slovensku\nKompletn\u00ed servisn\u00ed historie\nVozidlo v z\u00e1ruce\nDruh\u00e1 sada kol se zimn\u00edmi pneumatikami k vozidlu\n\nKomisn\u00ed prodej - vozidlo kupujete p\u0159\u00edmo od majitele.\n\nNab\u00edz\u00edme v\u00fdhodn\u00e9 financov\u00e1n\u00ed na m\u011bs\u00ed\u010dn\u00ed spl\u00e1tky, tak\u017ee si sv\u016fj nov\u00fd v\u016fz m\u016f\u017eete u\u017e\u00edvat hned a bez \u010dek\u00e1n\u00ed s akontac\u00ed 0 % a spl\u00e1tkami a\u017e na 96 m\u011bs\u00edc\u016f.\n\nPro va\u0161e v\u011bt\u0161\u00ed pohodl\u00ed a jistotu v\u00e1m m\u016f\u017eeme poskytnout prodlou\u017eenou z\u00e1ruku a\u017e na 12-36 m\u011bs\u00edc\u016f.\n\nPokud ji\u017e v\u016fz vlastn\u00edte, nemus\u00edte se zab\u00fdvat jeho prodejem - na opl\u00e1tku si ho od v\u00e1s p\u0159\u00edmo vezmeme. Sta\u010d\u00ed, kdy\u017e k n\u00e1m s n\u00edm p\u0159ijdete, my ho ocen\u00edme a n\u00e1klady ode\u010dteme od hodnoty va\u0161eho nov\u00e9ho vozu. U\u0161et\u0159\u00edte tak \u010das, starosti i pen\u00edze a cel\u00fd proces bude rychl\u00fd a snadn\u00fd - odjedete rovnou ve sv\u00e9m nov\u00e9m voze bez zbyte\u010dn\u00e9ho pap\u00edrov\u00e1n\u00ed.\n\nVOZIDLO SE NACH\u00c1Z\u00cd V Bratislave.\nViac inform\u00e1ci\u00ed V\u00e1m poskytneme na telefonn\u00edm \u010d\u00edsle 0910 678 408. E\u010cV: BT456BK. EK platn\u00e1 do: 2027-01-17. STK platn\u00e1 do: 2027-01-17.\n\nTechnick\u00e9 \u00fadaje\n\nv.v.: 01\/21, 2925cm\u00b3, 243kW (330PS), Generace vozidla: , Pohon: 4\u00d74, Automatick\u00e1 p\u0159evodovka (9 st.), Diesel, EURO 6, 4 dv., (5-m\u00edstn\u00fd), 112 597km, \u010cern\u00e1 metal\u00edza, VIN W1K2230331A005668\n\nSpot\u0159eba vozidla (l\/100km)\n\nVe m\u011bst\u011b: 8.6, mimo m\u011bsto: 5.1, kombinovan\u00e1: 6.4\n\nPrvn\u00ed majitel, Mo\u017en\u00fd leasing, Jako nov\u00e9 koupen\u00e9 v SR, Mo\u017en\u00fd odpo\u010det DPH, Mo\u017en\u00fd \u00fav\u011br, V z\u00e1ruce, \u00dapln\u00e1 servisn\u00ed historie","price":"1614124.00","currency":"CZK","status":"active","noindex":true,"location":{"address":null,"full_address":null,"city":"Bratislava","country":"SK","latitude":48.1516988,"longitude":17.1093063},"metadata":{"vin":"W1K2230331A005668","fuel":"diesel","year":2021,"brand":"Mercedes-Benz","color":"Black","doors":4,"drive":"AWD \/ 4x4","model":"S trieda","seats":5,"region":"Bratislavsk\u00fd kraj","mileage":112597,"emisions":"Euro 6","features":["Alarm","ABS","ESP","Protiprokluzov\u00fd syst\u00e9m kol (TC, ASR)","DSC\/DTC","Brzdov\u00fd asistent (EBA, BAS)","ISOFIX na zadn\u00edch sedadlech","Deaktivace airbagu spolujezdce","Nat\u00e1\u010dec\u00ed sv\u011btlomety","Senzor tlaku","Syst\u00e9m rozpozn\u00e1v\u00e1n\u00ed dopravn\u00edch zna\u010dek","Sledov\u00e1n\u00ed \u00fanavy \u0159idi\u010de","T\u00eds\u0148ov\u00e9 vol\u00e1n\u00ed","360\u00b0 monitorovac\u00ed syst\u00e9m (AVM)","Asistent d\u00e1lkov\u00fdch sv\u011btel (HBA)","Centr\u00e1ln\u00ed zamyk\u00e1n\u00ed","Zadn\u00ed el. stahovateln\u00e1 okna","El. nastaviteln\u00e1 p\u0159edn\u00ed sedadla","Elektricky nastaviteln\u00e1 zp\u011btn\u00e1 zrc\u00e1tka","Centr\u00e1ln\u00ed zamyk\u00e1n\u00ed na d\u00e1lkov\u00e9 ovl\u00e1d\u00e1n\u00ed","Automatick\u00e1 4-z\u00f3nov\u00e1 klimatizace","Autor\u00e1dio","Vyh\u0159\u00edvan\u00e9 \u010deln\u00ed sklo","Multifunk\u010dn\u00ed volant","Loketn\u00ed op\u011brka vp\u0159edu","Head-up display","Start\/Stop syst\u00e9m","Vzduchov\u00e9 odpru\u017een\u00ed","Klimatizovan\u00e1 p\u0159ihr\u00e1dka","Apple Car Play","Android Auto","Welcome light","Digit\u00e1ln\u00ed p\u0159\u00edstrojov\u00e1 deska","P\u00e1dla pod volantem","Bezdr\u00e1tov\u00e1 nab\u00edje\u010dka mobiln\u00edch telefon\u016f","Lit\u00e1 kola","Palubn\u00ed po\u010d\u00edta\u010d","Navigace","Automatick\u00e9 parkov\u00e1n\u00ed","St\u0159e\u0161n\u00ed okno","Ko\u017een\u00fd interi\u00e9r","Vyh\u0159\u00edvan\u00e1 sedadla","Elektricky vyh\u0159\u00edvan\u00e1 zp\u011btn\u00e1 zrc\u00e1tka","Senzor st\u011bra\u010d\u016f","Sv\u011bteln\u00fd senzor","Zimn\u00ed sada kol","Parkovac\u00ed kamera","P\u0159edn\u00ed a zadn\u00ed parkovac\u00ed senzory","Adaptivn\u00ed tempomat","Elektrick\u00e9 dov\u00edr\u00e1n\u00ed v\u0161ech dve\u0159\u00ed","Bezkl\u00ed\u010dov\u00fd vstup","El. ovl\u00e1dan\u00fd kufr","Elektrick\u00e9 dov\u00edr\u00e1n\u00ed zavazadlov\u00e9ho prostoru","Mas\u00e1\u017en\u00ed sedadlo \u0159idi\u010de","Ventilovan\u00e1 p\u0159edn\u00ed sedadla","Panoramatick\u00e1 st\u0159echa","Bluetooth","Vyh\u0159\u00edvan\u00fd volant","Denn\u00ed sv\u00edcen\u00ed","LED sv\u011btlomety","Bezdotykov\u00e9 ovl\u00e1d\u00e1n\u00ed v\u00edka zavazadlov\u00e9ho prostoru","Pam\u011b\u0165 nastaven\u00ed sedadla \u0159idi\u010de","Ambientn\u00ed LED osv\u011btlen\u00ed interi\u00e9ru","Prv\u00fd majite\u013e","Mo\u017en\u00fd leasing","Ako nov\u00e9 k\u00fapen\u00e9 v SR","Mo\u017en\u00fd odpo\u010det DPH","Mo\u017en\u00fd \u00faver","v z\u00e1ruke","\u00dapln\u00e1 servisn\u00e1 hist\u00f3ria","Adaptivn\u00ed podvozek","Odo-pass","Asistent udr\u017eov\u00e1n\u00ed j\u00edzdn\u00edho pruhu","Asistent rozjezdu do kopce","Kontrola mrtv\u00e9ho \u00fahlu","Elektrick\u00e1 zadn\u00ed st\u00edn\u00edc\u00ed roleta na zadn\u00edm okn\u011b."],"power_kw":243,"body_type":"Sedan","condition":"Used","transmission":"automatic","vat_deductible":true,"consumption_city":8.6,"translation_hash":"3a3bddf0bb32e8488b6ae435bfd202183de3af69","vehicle_category":"car","engine_volume_cm3":2925,"first_registration":"2021-01-01","translation_status":"done","consumption_highway":5.1,"consumption_combined":6.4},"user_id":24,"is_sponsored":false,"views_count":5,"ai_views_count":10,"ai_vendor_counts":{"meta":6,"other":2,"openai":1,"anthropic":1},"visibility":"public","submission_source":null,"submission_ai_name":null,"has_owner_email":true,"can_contact_owner":true,"phone":"0910 678 408","owner_email":"pavelka@autorro.sk","user":{"id":24,"slug":"jonathan-pavelka-24","name":"Jonath\u00e1n Pavelka","bio":"Makl\u00e9r. P\u016fsob\u00edm v Malack\u00e1ch a okol\u00ed.\n\nP\u016fsobnost: Malacky","nationality":"SK","languages":["cs","sk"],"service_areas":[],"card_style":null,"card_palette":null,"avatar_url":"https:\/\/cdn.assetlog.ai\/avatars\/24\/avatar_max.webp?v=1786535213","avatar_thumb_url":"https:\/\/cdn.assetlog.ai\/avatars\/24\/avatar_small.webp?v=1786535213","reviews_count":0,"avg_rating":null,"seller_badge":"silver","can_calendar":true,"joined_at":"2026-06-07T07:44:44+00:00","primary_intent":null,"seeking":[],"public_assets_count":23,"public_prompts_count":0,"followers_count":0},"images":[{"id":138312,"max":"https:\/\/cdn.assetlog.ai\/assets\/174838\/mercedes-benz-s-trieda-sedan-400d-4matic-243kw-a9-zaruka-aj-na-splatky-protiucet_1_max.webp","medium":"https:\/\/cdn.assetlog.ai\/assets\/174838\/mercedes-benz-s-trieda-sedan-400d-4matic-243kw-a9-zaruka-aj-na-splatky-protiucet_1_medium.webp","small":"https:\/\/cdn.assetlog.ai\/assets\/174838\/mercedes-benz-s-trieda-sedan-400d-4matic-243kw-a9-zaruka-aj-na-splatky-protiucet_1_small.webp"},{"id":138313,"max":"https:\/\/cdn.assetlog.ai\/assets\/174838\/mercedes-benz-s-trieda-sedan-400d-4matic-243kw-a9-zaruka-aj-na-splatky-protiucet_2_max.webp","medium":"https:\/\/cdn.assetlog.ai\/assets\/174838\/mercedes-benz-s-trieda-sedan-400d-4matic-243kw-a9-zaruka-aj-na-splatky-protiucet_2_medium.webp","small":"https:\/\/cdn.assetlog.ai\/assets\/174838\/mercedes-benz-s-trieda-sedan-400d-4matic-243kw-a9-zaruka-aj-na-splatky-protiucet_2_small.webp"},{"id":138314,"max":"https:\/\/cdn.assetlog.ai\/assets\/174838\/mercedes-benz-s-trieda-sedan-400d-4matic-243kw-a9-zaruka-aj-na-splatky-protiucet_3_max.webp","medium":"https:\/\/cdn.assetlog.ai\/assets\/174838\/mercedes-benz-s-trieda-sedan-400d-4matic-243kw-a9-zaruka-aj-na-splatky-protiucet_3_medium.webp","small":"https:\/\/cdn.assetlog.ai\/assets\/174838\/mercedes-benz-s-trieda-sedan-400d-4matic-243kw-a9-zaruka-aj-na-splatky-protiucet_3_small.webp"},{"id":138315,"max":"https:\/\/cdn.assetlog.ai\/assets\/174838\/mercedes-benz-s-trieda-sedan-400d-4matic-243kw-a9-zaruka-aj-na-splatky-protiucet_4_max.webp","medium":"https:\/\/cdn.assetlog.ai\/assets\/174838\/mercedes-benz-s-trieda-sedan-400d-4matic-243kw-a9-zaruka-aj-na-splatky-protiucet_4_medium.webp","small":"https:\/\/cdn.assetlog.ai\/assets\/174838\/mercedes-benz-s-trieda-sedan-400d-4matic-243kw-a9-zaruka-aj-na-splatky-protiucet_4_small.webp"},{"id":138316,"max":"https:\/\/cdn.assetlog.ai\/assets\/174838\/mercedes-benz-s-trieda-sedan-400d-4matic-243kw-a9-zaruka-aj-na-splatky-protiucet_5_max.webp","medium":"https:\/\/cdn.assetlog.ai\/assets\/174838\/mercedes-benz-s-trieda-sedan-400d-4matic-243kw-a9-zaruka-aj-na-splatky-protiucet_5_medium.webp","small":"https:\/\/cdn.assetlog.ai\/assets\/174838\/mercedes-benz-s-trieda-sedan-400d-4matic-243kw-a9-zaruka-aj-na-splatky-protiucet_5_small.webp"},{"id":138317,"max":"https:\/\/cdn.assetlog.ai\/assets\/174838\/mercedes-benz-s-trieda-sedan-400d-4matic-243kw-a9-zaruka-aj-na-splatky-protiucet_6_max.webp","medium":"https:\/\/cdn.assetlog.ai\/assets\/174838\/mercedes-benz-s-trieda-sedan-400d-4matic-243kw-a9-zaruka-aj-na-splatky-protiucet_6_medium.webp","small":"https:\/\/cdn.assetlog.ai\/assets\/174838\/mercedes-benz-s-trieda-sedan-400d-4matic-243kw-a9-zaruka-aj-na-splatky-protiucet_6_small.webp"},{"id":138318,"max":"https:\/\/cdn.assetlog.ai\/assets\/174838\/mercedes-benz-s-trieda-sedan-400d-4matic-243kw-a9-zaruka-aj-na-splatky-protiucet_7_max.webp","medium":"https:\/\/cdn.assetlog.ai\/assets\/174838\/mercedes-benz-s-trieda-sedan-400d-4matic-243kw-a9-zaruka-aj-na-splatky-protiucet_7_medium.webp","small":"https:\/\/cdn.assetlog.ai\/assets\/174838\/mercedes-benz-s-trieda-sedan-400d-4matic-243kw-a9-zaruka-aj-na-splatky-protiucet_7_small.webp"},{"id":138319,"max":"https:\/\/cdn.assetlog.ai\/assets\/174838\/mercedes-benz-s-trieda-sedan-400d-4matic-243kw-a9-zaruka-aj-na-splatky-protiucet_8_max.webp","medium":"https:\/\/cdn.assetlog.ai\/assets\/174838\/mercedes-benz-s-trieda-sedan-400d-4matic-243kw-a9-zaruka-aj-na-splatky-protiucet_8_medium.webp","small":"https:\/\/cdn.assetlog.ai\/assets\/174838\/mercedes-benz-s-trieda-sedan-400d-4matic-243kw-a9-zaruka-aj-na-splatky-protiucet_8_small.webp"},{"id":138320,"max":"https:\/\/cdn.assetlog.ai\/assets\/174838\/mercedes-benz-s-trieda-sedan-400d-4matic-243kw-a9-zaruka-aj-na-splatky-protiucet_9_max.webp","medium":"https:\/\/cdn.assetlog.ai\/assets\/174838\/mercedes-benz-s-trieda-sedan-400d-4matic-243kw-a9-zaruka-aj-na-splatky-protiucet_9_medium.webp","small":"https:\/\/cdn.assetlog.ai\/assets\/174838\/mercedes-benz-s-trieda-sedan-400d-4matic-243kw-a9-zaruka-aj-na-splatky-protiucet_9_small.webp"},{"id":138321,"max":"https:\/\/cdn.assetlog.ai\/assets\/174838\/mercedes-benz-s-trieda-sedan-400d-4matic-243kw-a9-zaruka-aj-na-splatky-protiucet_10_max.webp","medium":"https:\/\/cdn.assetlog.ai\/assets\/174838\/mercedes-benz-s-trieda-sedan-400d-4matic-243kw-a9-zaruka-aj-na-splatky-protiucet_10_medium.webp","small":"https:\/\/cdn.assetlog.ai\/assets\/174838\/mercedes-benz-s-trieda-sedan-400d-4matic-243kw-a9-zaruka-aj-na-splatky-protiucet_10_small.webp"},{"id":138322,"max":"https:\/\/cdn.assetlog.ai\/assets\/174838\/mercedes-benz-s-trieda-sedan-400d-4matic-243kw-a9-zaruka-aj-na-splatky-protiucet_11_max.webp","medium":"https:\/\/cdn.assetlog.ai\/assets\/174838\/mercedes-benz-s-trieda-sedan-400d-4matic-243kw-a9-zaruka-aj-na-splatky-protiucet_11_medium.webp","small":"https:\/\/cdn.assetlog.ai\/assets\/174838\/mercedes-benz-s-trieda-sedan-400d-4matic-243kw-a9-zaruka-aj-na-splatky-protiucet_11_small.webp"},{"id":138323,"max":"https:\/\/cdn.assetlog.ai\/assets\/174838\/mercedes-benz-s-trieda-sedan-400d-4matic-243kw-a9-zaruka-aj-na-splatky-protiucet_12_max.webp","medium":"https:\/\/cdn.assetlog.ai\/assets\/174838\/mercedes-benz-s-trieda-sedan-400d-4matic-243kw-a9-zaruka-aj-na-splatky-protiucet_12_medium.webp","small":"https:\/\/cdn.assetlog.ai\/assets\/174838\/mercedes-benz-s-trieda-sedan-400d-4matic-243kw-a9-zaruka-aj-na-splatky-protiucet_12_small.webp"},{"id":138324,"max":"https:\/\/cdn.assetlog.ai\/assets\/174838\/mercedes-benz-s-trieda-sedan-400d-4matic-243kw-a9-zaruka-aj-na-splatky-protiucet_13_max.webp","medium":"https:\/\/cdn.assetlog.ai\/assets\/174838\/mercedes-benz-s-trieda-sedan-400d-4matic-243kw-a9-zaruka-aj-na-splatky-protiucet_13_medium.webp","small":"https:\/\/cdn.assetlog.ai\/assets\/174838\/mercedes-benz-s-trieda-sedan-400d-4matic-243kw-a9-zaruka-aj-na-splatky-protiucet_13_small.webp"},{"id":138325,"max":"https:\/\/cdn.assetlog.ai\/assets\/174838\/mercedes-benz-s-trieda-sedan-400d-4matic-243kw-a9-zaruka-aj-na-splatky-protiucet_14_max.webp","medium":"https:\/\/cdn.assetlog.ai\/assets\/174838\/mercedes-benz-s-trieda-sedan-400d-4matic-243kw-a9-zaruka-aj-na-splatky-protiucet_14_medium.webp","small":"https:\/\/cdn.assetlog.ai\/assets\/174838\/mercedes-benz-s-trieda-sedan-400d-4matic-243kw-a9-zaruka-aj-na-splatky-protiucet_14_small.webp"},{"id":138326,"max":"https:\/\/cdn.assetlog.ai\/assets\/174838\/mercedes-benz-s-trieda-sedan-400d-4matic-243kw-a9-zaruka-aj-na-splatky-protiucet_15_max.webp","medium":"https:\/\/cdn.assetlog.ai\/assets\/174838\/mercedes-benz-s-trieda-sedan-400d-4matic-243kw-a9-zaruka-aj-na-splatky-protiucet_15_medium.webp","small":"https:\/\/cdn.assetlog.ai\/assets\/174838\/mercedes-benz-s-trieda-sedan-400d-4matic-243kw-a9-zaruka-aj-na-splatky-protiucet_15_small.webp"},{"id":138327,"max":"https:\/\/cdn.assetlog.ai\/assets\/174838\/mercedes-benz-s-trieda-sedan-400d-4matic-243kw-a9-zaruka-aj-na-splatky-protiucet_16_max.webp","medium":"https:\/\/cdn.assetlog.ai\/assets\/174838\/mercedes-benz-s-trieda-sedan-400d-4matic-243kw-a9-zaruka-aj-na-splatky-protiucet_16_medium.webp","small":"https:\/\/cdn.assetlog.ai\/assets\/174838\/mercedes-benz-s-trieda-sedan-400d-4matic-243kw-a9-zaruka-aj-na-splatky-protiucet_16_small.webp"},{"id":138328,"max":"https:\/\/cdn.assetlog.ai\/assets\/174838\/mercedes-benz-s-trieda-sedan-400d-4matic-243kw-a9-zaruka-aj-na-splatky-protiucet_17_max.webp","medium":"https:\/\/cdn.assetlog.ai\/assets\/174838\/mercedes-benz-s-trieda-sedan-400d-4matic-243kw-a9-zaruka-aj-na-splatky-protiucet_17_medium.webp","small":"https:\/\/cdn.assetlog.ai\/assets\/174838\/mercedes-benz-s-trieda-sedan-400d-4matic-243kw-a9-zaruka-aj-na-splatky-protiucet_17_small.webp"},{"id":138329,"max":"https:\/\/cdn.assetlog.ai\/assets\/174838\/mercedes-benz-s-trieda-sedan-400d-4matic-243kw-a9-zaruka-aj-na-splatky-protiucet_18_max.webp","medium":"https:\/\/cdn.assetlog.ai\/assets\/174838\/mercedes-benz-s-trieda-sedan-400d-4matic-243kw-a9-zaruka-aj-na-splatky-protiucet_18_medium.webp","small":"https:\/\/cdn.assetlog.ai\/assets\/174838\/mercedes-benz-s-trieda-sedan-400d-4matic-243kw-a9-zaruka-aj-na-splatky-protiucet_18_small.webp"},{"id":138330,"max":"https:\/\/cdn.assetlog.ai\/assets\/174838\/mercedes-benz-s-trieda-sedan-400d-4matic-243kw-a9-zaruka-aj-na-splatky-protiucet_19_max.webp","medium":"https:\/\/cdn.assetlog.ai\/assets\/174838\/mercedes-benz-s-trieda-sedan-400d-4matic-243kw-a9-zaruka-aj-na-splatky-protiucet_19_medium.webp","small":"https:\/\/cdn.assetlog.ai\/assets\/174838\/mercedes-benz-s-trieda-sedan-400d-4matic-243kw-a9-zaruka-aj-na-splatky-protiucet_19_small.webp"},{"id":138331,"max":"https:\/\/cdn.assetlog.ai\/assets\/174838\/mercedes-benz-s-trieda-sedan-400d-4matic-243kw-a9-zaruka-aj-na-splatky-protiucet_20_max.webp","medium":"https:\/\/cdn.assetlog.ai\/assets\/174838\/mercedes-benz-s-trieda-sedan-400d-4matic-243kw-a9-zaruka-aj-na-splatky-protiucet_20_medium.webp","small":"https:\/\/cdn.assetlog.ai\/assets\/174838\/mercedes-benz-s-trieda-sedan-400d-4matic-243kw-a9-zaruka-aj-na-splatky-protiucet_20_small.webp"},{"id":138332,"max":"https:\/\/cdn.assetlog.ai\/assets\/174838\/mercedes-benz-s-trieda-sedan-400d-4matic-243kw-a9-zaruka-aj-na-splatky-protiucet_21_max.webp","medium":"https:\/\/cdn.assetlog.ai\/assets\/174838\/mercedes-benz-s-trieda-sedan-400d-4matic-243kw-a9-zaruka-aj-na-splatky-protiucet_21_medium.webp","small":"https:\/\/cdn.assetlog.ai\/assets\/174838\/mercedes-benz-s-trieda-sedan-400d-4matic-243kw-a9-zaruka-aj-na-splatky-protiucet_21_small.webp"},{"id":138333,"max":"https:\/\/cdn.assetlog.ai\/assets\/174838\/mercedes-benz-s-trieda-sedan-400d-4matic-243kw-a9-zaruka-aj-na-splatky-protiucet_22_max.webp","medium":"https:\/\/cdn.assetlog.ai\/assets\/174838\/mercedes-benz-s-trieda-sedan-400d-4matic-243kw-a9-zaruka-aj-na-splatky-protiucet_22_medium.webp","small":"https:\/\/cdn.assetlog.ai\/assets\/174838\/mercedes-benz-s-trieda-sedan-400d-4matic-243kw-a9-zaruka-aj-na-splatky-protiucet_22_small.webp"},{"id":138334,"max":"https:\/\/cdn.assetlog.ai\/assets\/174838\/mercedes-benz-s-trieda-sedan-400d-4matic-243kw-a9-zaruka-aj-na-splatky-protiucet_23_max.webp","medium":"https:\/\/cdn.assetlog.ai\/assets\/174838\/mercedes-benz-s-trieda-sedan-400d-4matic-243kw-a9-zaruka-aj-na-splatky-protiucet_23_medium.webp","small":"https:\/\/cdn.assetlog.ai\/assets\/174838\/mercedes-benz-s-trieda-sedan-400d-4matic-243kw-a9-zaruka-aj-na-splatky-protiucet_23_small.webp"},{"id":138335,"max":"https:\/\/cdn.assetlog.ai\/assets\/174838\/mercedes-benz-s-trieda-sedan-400d-4matic-243kw-a9-zaruka-aj-na-splatky-protiucet_24_max.webp","medium":"https:\/\/cdn.assetlog.ai\/assets\/174838\/mercedes-benz-s-trieda-sedan-400d-4matic-243kw-a9-zaruka-aj-na-splatky-protiucet_24_medium.webp","small":"https:\/\/cdn.assetlog.ai\/assets\/174838\/mercedes-benz-s-trieda-sedan-400d-4matic-243kw-a9-zaruka-aj-na-splatky-protiucet_24_small.webp"},{"id":138336,"max":"https:\/\/cdn.assetlog.ai\/assets\/174838\/mercedes-benz-s-trieda-sedan-400d-4matic-243kw-a9-zaruka-aj-na-splatky-protiucet_25_max.webp","medium":"https:\/\/cdn.assetlog.ai\/assets\/174838\/mercedes-benz-s-trieda-sedan-400d-4matic-243kw-a9-zaruka-aj-na-splatky-protiucet_25_medium.webp","small":"https:\/\/cdn.assetlog.ai\/assets\/174838\/mercedes-benz-s-trieda-sedan-400d-4matic-243kw-a9-zaruka-aj-na-splatky-protiucet_25_small.webp"},{"id":138337,"max":"https:\/\/cdn.assetlog.ai\/assets\/174838\/mercedes-benz-s-trieda-sedan-400d-4matic-243kw-a9-zaruka-aj-na-splatky-protiucet_26_max.webp","medium":"https:\/\/cdn.assetlog.ai\/assets\/174838\/mercedes-benz-s-trieda-sedan-400d-4matic-243kw-a9-zaruka-aj-na-splatky-protiucet_26_medium.webp","small":"https:\/\/cdn.assetlog.ai\/assets\/174838\/mercedes-benz-s-trieda-sedan-400d-4matic-243kw-a9-zaruka-aj-na-splatky-protiucet_26_small.webp"},{"id":138338,"max":"https:\/\/cdn.assetlog.ai\/assets\/174838\/mercedes-benz-s-trieda-sedan-400d-4matic-243kw-a9-zaruka-aj-na-splatky-protiucet_27_max.webp","medium":"https:\/\/cdn.assetlog.ai\/assets\/174838\/mercedes-benz-s-trieda-sedan-400d-4matic-243kw-a9-zaruka-aj-na-splatky-protiucet_27_medium.webp","small":"https:\/\/cdn.assetlog.ai\/assets\/174838\/mercedes-benz-s-trieda-sedan-400d-4matic-243kw-a9-zaruka-aj-na-splatky-protiucet_27_small.webp"},{"id":138339,"max":"https:\/\/cdn.assetlog.ai\/assets\/174838\/mercedes-benz-s-trieda-sedan-400d-4matic-243kw-a9-zaruka-aj-na-splatky-protiucet_28_max.webp","medium":"https:\/\/cdn.assetlog.ai\/assets\/174838\/mercedes-benz-s-trieda-sedan-400d-4matic-243kw-a9-zaruka-aj-na-splatky-protiucet_28_medium.webp","small":"https:\/\/cdn.assetlog.ai\/assets\/174838\/mercedes-benz-s-trieda-sedan-400d-4matic-243kw-a9-zaruka-aj-na-splatky-protiucet_28_small.webp"},{"id":138340,"max":"https:\/\/cdn.assetlog.ai\/assets\/174838\/mercedes-benz-s-trieda-sedan-400d-4matic-243kw-a9-zaruka-aj-na-splatky-protiucet_29_max.webp","medium":"https:\/\/cdn.assetlog.ai\/assets\/174838\/mercedes-benz-s-trieda-sedan-400d-4matic-243kw-a9-zaruka-aj-na-splatky-protiucet_29_medium.webp","small":"https:\/\/cdn.assetlog.ai\/assets\/174838\/mercedes-benz-s-trieda-sedan-400d-4matic-243kw-a9-zaruka-aj-na-splatky-protiucet_29_small.webp"},{"id":138341,"max":"https:\/\/cdn.assetlog.ai\/assets\/174838\/mercedes-benz-s-trieda-sedan-400d-4matic-243kw-a9-zaruka-aj-na-splatky-protiucet_30_max.webp","medium":"https:\/\/cdn.assetlog.ai\/assets\/174838\/mercedes-benz-s-trieda-sedan-400d-4matic-243kw-a9-zaruka-aj-na-splatky-protiucet_30_medium.webp","small":"https:\/\/cdn.assetlog.ai\/assets\/174838\/mercedes-benz-s-trieda-sedan-400d-4matic-243kw-a9-zaruka-aj-na-splatky-protiucet_30_small.webp"},{"id":138342,"max":"https:\/\/cdn.assetlog.ai\/assets\/174838\/mercedes-benz-s-trieda-sedan-400d-4matic-243kw-a9-zaruka-aj-na-splatky-protiucet_31_max.webp","medium":"https:\/\/cdn.assetlog.ai\/assets\/174838\/mercedes-benz-s-trieda-sedan-400d-4matic-243kw-a9-zaruka-aj-na-splatky-protiucet_31_medium.webp","small":"https:\/\/cdn.assetlog.ai\/assets\/174838\/mercedes-benz-s-trieda-sedan-400d-4matic-243kw-a9-zaruka-aj-na-splatky-protiucet_31_small.webp"},{"id":138343,"max":"https:\/\/cdn.assetlog.ai\/assets\/174838\/mercedes-benz-s-trieda-sedan-400d-4matic-243kw-a9-zaruka-aj-na-splatky-protiucet_32_max.webp","medium":"https:\/\/cdn.assetlog.ai\/assets\/174838\/mercedes-benz-s-trieda-sedan-400d-4matic-243kw-a9-zaruka-aj-na-splatky-protiucet_32_medium.webp","small":"https:\/\/cdn.assetlog.ai\/assets\/174838\/mercedes-benz-s-trieda-sedan-400d-4matic-243kw-a9-zaruka-aj-na-splatky-protiucet_32_small.webp"},{"id":138344,"max":"https:\/\/cdn.assetlog.ai\/assets\/174838\/mercedes-benz-s-trieda-sedan-400d-4matic-243kw-a9-zaruka-aj-na-splatky-protiucet_33_max.webp","medium":"https:\/\/cdn.assetlog.ai\/assets\/174838\/mercedes-benz-s-trieda-sedan-400d-4matic-243kw-a9-zaruka-aj-na-splatky-protiucet_33_medium.webp","small":"https:\/\/cdn.assetlog.ai\/assets\/174838\/mercedes-benz-s-trieda-sedan-400d-4matic-243kw-a9-zaruka-aj-na-splatky-protiucet_33_small.webp"},{"id":138345,"max":"https:\/\/cdn.assetlog.ai\/assets\/174838\/mercedes-benz-s-trieda-sedan-400d-4matic-243kw-a9-zaruka-aj-na-splatky-protiucet_34_max.webp","medium":"https:\/\/cdn.assetlog.ai\/assets\/174838\/mercedes-benz-s-trieda-sedan-400d-4matic-243kw-a9-zaruka-aj-na-splatky-protiucet_34_medium.webp","small":"https:\/\/cdn.assetlog.ai\/assets\/174838\/mercedes-benz-s-trieda-sedan-400d-4matic-243kw-a9-zaruka-aj-na-splatky-protiucet_34_small.webp"},{"id":138346,"max":"https:\/\/cdn.assetlog.ai\/assets\/174838\/mercedes-benz-s-trieda-sedan-400d-4matic-243kw-a9-zaruka-aj-na-splatky-protiucet_35_max.webp","medium":"https:\/\/cdn.assetlog.ai\/assets\/174838\/mercedes-benz-s-trieda-sedan-400d-4matic-243kw-a9-zaruka-aj-na-splatky-protiucet_35_medium.webp","small":"https:\/\/cdn.assetlog.ai\/assets\/174838\/mercedes-benz-s-trieda-sedan-400d-4matic-243kw-a9-zaruka-aj-na-splatky-protiucet_35_small.webp"},{"id":138347,"max":"https:\/\/cdn.assetlog.ai\/assets\/174838\/mercedes-benz-s-trieda-sedan-400d-4matic-243kw-a9-zaruka-aj-na-splatky-protiucet_36_max.webp","medium":"https:\/\/cdn.assetlog.ai\/assets\/174838\/mercedes-benz-s-trieda-sedan-400d-4matic-243kw-a9-zaruka-aj-na-splatky-protiucet_36_medium.webp","small":"https:\/\/cdn.assetlog.ai\/assets\/174838\/mercedes-benz-s-trieda-sedan-400d-4matic-243kw-a9-zaruka-aj-na-splatky-protiucet_36_small.webp"},{"id":138348,"max":"https:\/\/cdn.assetlog.ai\/assets\/174838\/mercedes-benz-s-trieda-sedan-400d-4matic-243kw-a9-zaruka-aj-na-splatky-protiucet_37_max.webp","medium":"https:\/\/cdn.assetlog.ai\/assets\/174838\/mercedes-benz-s-trieda-sedan-400d-4matic-243kw-a9-zaruka-aj-na-splatky-protiucet_37_medium.webp","small":"https:\/\/cdn.assetlog.ai\/assets\/174838\/mercedes-benz-s-trieda-sedan-400d-4matic-243kw-a9-zaruka-aj-na-splatky-protiucet_37_small.webp"},{"id":138349,"max":"https:\/\/cdn.assetlog.ai\/assets\/174838\/mercedes-benz-s-trieda-sedan-400d-4matic-243kw-a9-zaruka-aj-na-splatky-protiucet_38_max.webp","medium":"https:\/\/cdn.assetlog.ai\/assets\/174838\/mercedes-benz-s-trieda-sedan-400d-4matic-243kw-a9-zaruka-aj-na-splatky-protiucet_38_medium.webp","small":"https:\/\/cdn.assetlog.ai\/assets\/174838\/mercedes-benz-s-trieda-sedan-400d-4matic-243kw-a9-zaruka-aj-na-splatky-protiucet_38_small.webp"},{"id":138350,"max":"https:\/\/cdn.assetlog.ai\/assets\/174838\/mercedes-benz-s-trieda-sedan-400d-4matic-243kw-a9-zaruka-aj-na-splatky-protiucet_39_max.webp","medium":"https:\/\/cdn.assetlog.ai\/assets\/174838\/mercedes-benz-s-trieda-sedan-400d-4matic-243kw-a9-zaruka-aj-na-splatky-protiucet_39_medium.webp","small":"https:\/\/cdn.assetlog.ai\/assets\/174838\/mercedes-benz-s-trieda-sedan-400d-4matic-243kw-a9-zaruka-aj-na-splatky-protiucet_39_small.webp"},{"id":138351,"max":"https:\/\/cdn.assetlog.ai\/assets\/174838\/mercedes-benz-s-trieda-sedan-400d-4matic-243kw-a9-zaruka-aj-na-splatky-protiucet_40_max.webp","medium":"https:\/\/cdn.assetlog.ai\/assets\/174838\/mercedes-benz-s-trieda-sedan-400d-4matic-243kw-a9-zaruka-aj-na-splatky-protiucet_40_medium.webp","small":"https:\/\/cdn.assetlog.ai\/assets\/174838\/mercedes-benz-s-trieda-sedan-400d-4matic-243kw-a9-zaruka-aj-na-splatky-protiucet_40_small.webp"}],"published_at":null,"expires_at":null,"created_at":"2026-08-27T03:40:26+00:00","updated_at":"2026-09-01T03:40:37+00:00"}}