{"data":{"id":174842,"slug":"mercedes-benz-v-trieda-v220-2014-rwd-120kw-mt6-aj-na-splatky-protiucet","type":"vehicle","title":"Mercedes-Benz V Class V220 2014 RWD 120kW MT\/6 \/ INSTALLMENTS AVAILABLE \/ TRADE-IN ACCEPTED","description":"Commission sale - you buy the vehicle directly from the owner.\n\nI am selling a Mercedes-Benz V Class, year of manufacture 2014, with rear-wheel drive (RWD). The vehicle was purchased as new in Slovakia and comes with two keys. At 510,000 kilometers, the vehicle underwent brake system service, during which brake discs and brake pads were replaced on both the front and rear axles. The sale includes seasonal tire replacement and the vehicle comes with original Mercedes-Benz aluminum wheels.\n\nThe vehicle has passed insurance record verification, execution checks, paint thickness measurement, and document verification. Physically inspected, also verified through the vehicle operating records register.\n\nWe offer attractive financing with monthly installments, so you can enjoy your new car immediately without waiting, with 0% down payment and installments up to 96 months.\n\nIf you already own a vehicle, you don't need to worry about selling it - we will take it directly from you in return. Just come to us with it, we will evaluate it and deduct the costs from the value of your new car. This way you save time, hassle and money, and the entire process will be quick and easy - you drive away in your new car without unnecessary paperwork.\n\nTHE VEHICLE IS LOCATED IN Brezno.\nMore information available at phone number 0915 330 807. Registration number: BL399ID. Technical inspection valid until: 2027-07-08. Emissions test valid until: 2027-07-08.\n\nTechnical specifications\n\nYear: 09\/14, 2143 cm\u00b3, 120kW (163 PS), Drive: Rear-wheel drive, Manual (6-speed), Diesel, EURO 6, 5-door, (8-seater), 535,139 km, White, VIN WDF44781313007996\n\nFuel consumption (l\/100 km)\n\nCity: 6.8, Highway: 5, Combined: 5.7\n\nLeasing available, Purchased as new in Slovakia, Credit available","language":"cs","is_translated":true,"title_original":"Mercedes-Benz V trieda V220 2014 RWD 120kW MT\/6 \/ AJ NA SPL\u00c1TKY \/ PROTI\u00da\u010cET","description_original":"Komisn\u00ed prodej - vozidlo kupujete p\u0159\u00edmo od majitele.\n\nProd\u00e1v\u00e1m Mercedes-Benz t\u0159\u00eddy V, rok v\u00fdroby 2014, s pohonem zadn\u00edch kol (RWD). Vozidlo bylo zakoupeno jako nov\u00e9 na Slovensku a jsou k n\u011bmu p\u0159ilo\u017eeny dva kl\u00ed\u010de. P\u0159i najet\u00fdch 510 000 kilometrech pro\u0161lo vozidlo servisem brzdov\u00e9ho syst\u00e9mu, p\u0159i kter\u00e9m byly na p\u0159edn\u00ed i zadn\u00ed n\u00e1prav\u011b vym\u011bn\u011bny brzdov\u00e9 kotou\u010de a brzdov\u00e9 desti\u010dky. Sou\u010d\u00e1st\u00ed prodeje je sez\u00f3nn\u00ed v\u00fdm\u011bna pneumatik a k vozidlu pat\u0159\u00ed origin\u00e1ln\u00ed hlin\u00edkov\u00e9 disky zna\u010dky Mercedes-Benz.\n\nVozidlo pro\u0161lo kontrolou z\u00e1znam\u016f o poji\u0161t\u011bn\u00ed, exekuc\u00ed, m\u011b\u0159en\u00edm laku a kontrolou doklad\u016f. Zkontrolov\u00e1no fyzicky, tak\u00e9 prost\u0159ednictv\u00edm registru provozn\u00edch z\u00e1znam\u016f vozidla.\n\nNab\u00edz\u00edme v\u00fdhodn\u00e9 financov\u00e1n\u00ed na m\u011bs\u00ed\u010dn\u00ed spl\u00e1tky, tak\u017ee si sv\u016fj nov\u00fd v\u016fz m\u016f\u017eete u\u017e\u00edvat hned a bez \u010dek\u00e1n\u00ed s akontac\u00ed 0 % a spl\u00e1tkami a\u017e na 96 m\u011bs\u00edc\u016f.\n\nPokud ji\u017e v\u016fz vlastn\u00edte, nemus\u00edte se zab\u00fdvat jeho prodejem - na opl\u00e1tku si ho od v\u00e1s p\u0159\u00edmo vezmeme. Sta\u010d\u00ed, kdy\u017e k n\u00e1m s n\u00edm p\u0159ijdete, my ho ocen\u00edme a n\u00e1klady ode\u010dteme od hodnoty va\u0161eho nov\u00e9ho vozu. U\u0161et\u0159\u00edte tak \u010das, starosti i pen\u00edze a cel\u00fd proces bude rychl\u00fd a snadn\u00fd - odjedete rovnou ve sv\u00e9m nov\u00e9m voze bez zbyte\u010dn\u00e9ho pap\u00edrov\u00e1n\u00ed.\n\nVOZIDLO SE NACH\u00c1Z\u00cd V Brezne.\nViac inform\u00e1ci\u00ed V\u00e1m poskytneme na telefonn\u00edm \u010d\u00edsle 0915 330 807. E\u010cV: BL399ID. EK platn\u00e1 do: 2027-07-08. STK platn\u00e1 do: 2027-07-08.\n\nTechnick\u00e9 \u00fadaje\n\nv.v.: 09\/14, 2143cm\u00b3, 120kW (163PS), Pohon: Pohon zadn\u00edch kol, Manu\u00e1ln\u00ed (6 st.), Diesel, EURO 6, 5 dv., (8-m\u00edstn\u00fd), 535 139km, B\u00edl\u00e1, VIN WDF44781313007996\n\nSpot\u0159eba vozidla (l\/100km)\n\nVe m\u011bst\u011b: 6.8, mimo m\u011bsto: 5, kombinovan\u00e1: 5.7\n\nMo\u017en\u00fd leasing, Jako nov\u00e9 koupen\u00e9 v SR, Mo\u017en\u00fd \u00fav\u011br","price":"450577.00","currency":"CZK","status":"active","noindex":true,"location":{"address":null,"full_address":null,"city":"Brezno","country":"SK","latitude":48.8053349,"longitude":19.6409612},"metadata":{"vin":"WDF44781313007996","fuel":"diesel","year":2014,"brand":"Mercedes-Benz","color":"White","doors":5,"drive":"Rear-wheel drive","model":"V trieda","seats":8,"region":"Banskobystrick\u00fd kraj","mileage":535139,"emisions":"Euro 6","features":["6x airbag","EBD\/EBV","Posilova\u010d \u0159\u00edzen\u00ed","ABS","ESP","Protiprokluzov\u00fd syst\u00e9m kol (TC, ASR)","Brzdov\u00fd asistent (EBA, BAS)","ISOFIX na zadn\u00edch sedadlech","Deaktivace airbagu spolujezdce","Senzor tlaku","Asistent d\u00e1lkov\u00fdch sv\u011btel (HBA)","CD p\u0159ehr\u00e1va\u010d","Centr\u00e1ln\u00ed zamyk\u00e1n\u00ed","P\u0159edn\u00ed el. stahovateln\u00e1 okna","El. nastaviteln\u00e1 p\u0159edn\u00ed sedadla","Elektricky nastaviteln\u00e1 zp\u011btn\u00e1 zrc\u00e1tka","Centr\u00e1ln\u00ed zamyk\u00e1n\u00ed na d\u00e1lkov\u00e9 ovl\u00e1d\u00e1n\u00ed","Autor\u00e1dio","Vyh\u0159\u00edvan\u00e9 \u010deln\u00ed sklo","Multifunk\u010dn\u00ed volant","Loketn\u00ed op\u011brka vp\u0159edu","Klimatizovan\u00e1 p\u0159ihr\u00e1dka","Automatick\u00e1 3-z\u00f3nov\u00e1 klimatizace","Lit\u00e1 kola","Mlhovky","Imobiliz\u00e9r","Palubn\u00ed po\u010d\u00edta\u010d","Ta\u017en\u00e9 za\u0159\u00edzen\u00ed","Tempomat","Elektricky vyh\u0159\u00edvan\u00e1 zp\u011btn\u00e1 zrc\u00e1tka","Senzor st\u011bra\u010d\u016f","Sv\u011bteln\u00fd senzor","Zimn\u00ed sada kol","P\u0159edn\u00ed a zadn\u00ed parkovac\u00ed senzory","Bezkl\u00ed\u010dov\u00fd vstup","Bluetooth","Mo\u017en\u00fd leasing","Ako nov\u00e9 k\u00fapen\u00e9 v SR","Mo\u017en\u00fd \u00faver","Odo-pass","Asistent udr\u017eov\u00e1n\u00ed j\u00edzdn\u00edho pruhu","Asistent rozjezdu do kopce","LCD displej","Elektricky sklopn\u00e1 zp\u011btn\u00e1 zrc\u00e1tka"],"power_kw":120,"body_type":"MPV","condition":"Used","transmission":"manual","vat_deductible":false,"consumption_city":6.8,"translation_hash":"cf3c00a3b2ad152712bbf3b77d83d5a658a96908","vehicle_category":"car","engine_volume_cm3":2143,"first_registration":"2014-09-01","translation_status":"done","consumption_highway":5,"consumption_combined":5.7},"user_id":77,"is_sponsored":false,"views_count":6,"ai_views_count":11,"ai_vendor_counts":{"meta":6,"other":2,"openai":1,"anthropic":2},"visibility":"public","submission_source":null,"submission_ai_name":null,"has_owner_email":true,"can_contact_owner":true,"phone":"0915 330 807","owner_email":"pinter@autorro.sk","user":{"id":77,"slug":"mgr-matej-pinter-77","name":"Mgr. Matej Pint\u00e9r","bio":"Makl\u00e9r. P\u016fsob\u00edm v Brezne, Banskej Bystrici a okol\u00ed.\n\nP\u016fsobnost: Brezno, Bansk\u00e1 Bystrica","nationality":null,"languages":[],"service_areas":[],"card_style":null,"card_palette":null,"avatar_url":"https:\/\/cdn.assetlog.ai\/avatars\/77\/avatar_max.webp?v=1786535213","avatar_thumb_url":"https:\/\/cdn.assetlog.ai\/avatars\/77\/avatar_small.webp?v=1786535213","reviews_count":0,"avg_rating":null,"seller_badge":"silver","can_calendar":true,"joined_at":"2026-08-11T03:40:05+00:00","primary_intent":null,"seeking":[],"public_assets_count":14,"public_prompts_count":0,"followers_count":0},"images":[{"id":138454,"max":"https:\/\/cdn.assetlog.ai\/assets\/174842\/mercedes-benz-v-trieda-v220-2014-rwd-120kw-mt6-aj-na-splatky-protiucet_1_max.webp","medium":"https:\/\/cdn.assetlog.ai\/assets\/174842\/mercedes-benz-v-trieda-v220-2014-rwd-120kw-mt6-aj-na-splatky-protiucet_1_medium.webp","small":"https:\/\/cdn.assetlog.ai\/assets\/174842\/mercedes-benz-v-trieda-v220-2014-rwd-120kw-mt6-aj-na-splatky-protiucet_1_small.webp"},{"id":138455,"max":"https:\/\/cdn.assetlog.ai\/assets\/174842\/mercedes-benz-v-trieda-v220-2014-rwd-120kw-mt6-aj-na-splatky-protiucet_2_max.webp","medium":"https:\/\/cdn.assetlog.ai\/assets\/174842\/mercedes-benz-v-trieda-v220-2014-rwd-120kw-mt6-aj-na-splatky-protiucet_2_medium.webp","small":"https:\/\/cdn.assetlog.ai\/assets\/174842\/mercedes-benz-v-trieda-v220-2014-rwd-120kw-mt6-aj-na-splatky-protiucet_2_small.webp"},{"id":138456,"max":"https:\/\/cdn.assetlog.ai\/assets\/174842\/mercedes-benz-v-trieda-v220-2014-rwd-120kw-mt6-aj-na-splatky-protiucet_3_max.webp","medium":"https:\/\/cdn.assetlog.ai\/assets\/174842\/mercedes-benz-v-trieda-v220-2014-rwd-120kw-mt6-aj-na-splatky-protiucet_3_medium.webp","small":"https:\/\/cdn.assetlog.ai\/assets\/174842\/mercedes-benz-v-trieda-v220-2014-rwd-120kw-mt6-aj-na-splatky-protiucet_3_small.webp"},{"id":138457,"max":"https:\/\/cdn.assetlog.ai\/assets\/174842\/mercedes-benz-v-trieda-v220-2014-rwd-120kw-mt6-aj-na-splatky-protiucet_4_max.webp","medium":"https:\/\/cdn.assetlog.ai\/assets\/174842\/mercedes-benz-v-trieda-v220-2014-rwd-120kw-mt6-aj-na-splatky-protiucet_4_medium.webp","small":"https:\/\/cdn.assetlog.ai\/assets\/174842\/mercedes-benz-v-trieda-v220-2014-rwd-120kw-mt6-aj-na-splatky-protiucet_4_small.webp"},{"id":138458,"max":"https:\/\/cdn.assetlog.ai\/assets\/174842\/mercedes-benz-v-trieda-v220-2014-rwd-120kw-mt6-aj-na-splatky-protiucet_5_max.webp","medium":"https:\/\/cdn.assetlog.ai\/assets\/174842\/mercedes-benz-v-trieda-v220-2014-rwd-120kw-mt6-aj-na-splatky-protiucet_5_medium.webp","small":"https:\/\/cdn.assetlog.ai\/assets\/174842\/mercedes-benz-v-trieda-v220-2014-rwd-120kw-mt6-aj-na-splatky-protiucet_5_small.webp"},{"id":138459,"max":"https:\/\/cdn.assetlog.ai\/assets\/174842\/mercedes-benz-v-trieda-v220-2014-rwd-120kw-mt6-aj-na-splatky-protiucet_6_max.webp","medium":"https:\/\/cdn.assetlog.ai\/assets\/174842\/mercedes-benz-v-trieda-v220-2014-rwd-120kw-mt6-aj-na-splatky-protiucet_6_medium.webp","small":"https:\/\/cdn.assetlog.ai\/assets\/174842\/mercedes-benz-v-trieda-v220-2014-rwd-120kw-mt6-aj-na-splatky-protiucet_6_small.webp"},{"id":138460,"max":"https:\/\/cdn.assetlog.ai\/assets\/174842\/mercedes-benz-v-trieda-v220-2014-rwd-120kw-mt6-aj-na-splatky-protiucet_7_max.webp","medium":"https:\/\/cdn.assetlog.ai\/assets\/174842\/mercedes-benz-v-trieda-v220-2014-rwd-120kw-mt6-aj-na-splatky-protiucet_7_medium.webp","small":"https:\/\/cdn.assetlog.ai\/assets\/174842\/mercedes-benz-v-trieda-v220-2014-rwd-120kw-mt6-aj-na-splatky-protiucet_7_small.webp"},{"id":138461,"max":"https:\/\/cdn.assetlog.ai\/assets\/174842\/mercedes-benz-v-trieda-v220-2014-rwd-120kw-mt6-aj-na-splatky-protiucet_8_max.webp","medium":"https:\/\/cdn.assetlog.ai\/assets\/174842\/mercedes-benz-v-trieda-v220-2014-rwd-120kw-mt6-aj-na-splatky-protiucet_8_medium.webp","small":"https:\/\/cdn.assetlog.ai\/assets\/174842\/mercedes-benz-v-trieda-v220-2014-rwd-120kw-mt6-aj-na-splatky-protiucet_8_small.webp"},{"id":138462,"max":"https:\/\/cdn.assetlog.ai\/assets\/174842\/mercedes-benz-v-trieda-v220-2014-rwd-120kw-mt6-aj-na-splatky-protiucet_9_max.webp","medium":"https:\/\/cdn.assetlog.ai\/assets\/174842\/mercedes-benz-v-trieda-v220-2014-rwd-120kw-mt6-aj-na-splatky-protiucet_9_medium.webp","small":"https:\/\/cdn.assetlog.ai\/assets\/174842\/mercedes-benz-v-trieda-v220-2014-rwd-120kw-mt6-aj-na-splatky-protiucet_9_small.webp"},{"id":138463,"max":"https:\/\/cdn.assetlog.ai\/assets\/174842\/mercedes-benz-v-trieda-v220-2014-rwd-120kw-mt6-aj-na-splatky-protiucet_10_max.webp","medium":"https:\/\/cdn.assetlog.ai\/assets\/174842\/mercedes-benz-v-trieda-v220-2014-rwd-120kw-mt6-aj-na-splatky-protiucet_10_medium.webp","small":"https:\/\/cdn.assetlog.ai\/assets\/174842\/mercedes-benz-v-trieda-v220-2014-rwd-120kw-mt6-aj-na-splatky-protiucet_10_small.webp"},{"id":138464,"max":"https:\/\/cdn.assetlog.ai\/assets\/174842\/mercedes-benz-v-trieda-v220-2014-rwd-120kw-mt6-aj-na-splatky-protiucet_11_max.webp","medium":"https:\/\/cdn.assetlog.ai\/assets\/174842\/mercedes-benz-v-trieda-v220-2014-rwd-120kw-mt6-aj-na-splatky-protiucet_11_medium.webp","small":"https:\/\/cdn.assetlog.ai\/assets\/174842\/mercedes-benz-v-trieda-v220-2014-rwd-120kw-mt6-aj-na-splatky-protiucet_11_small.webp"},{"id":138465,"max":"https:\/\/cdn.assetlog.ai\/assets\/174842\/mercedes-benz-v-trieda-v220-2014-rwd-120kw-mt6-aj-na-splatky-protiucet_12_max.webp","medium":"https:\/\/cdn.assetlog.ai\/assets\/174842\/mercedes-benz-v-trieda-v220-2014-rwd-120kw-mt6-aj-na-splatky-protiucet_12_medium.webp","small":"https:\/\/cdn.assetlog.ai\/assets\/174842\/mercedes-benz-v-trieda-v220-2014-rwd-120kw-mt6-aj-na-splatky-protiucet_12_small.webp"},{"id":138466,"max":"https:\/\/cdn.assetlog.ai\/assets\/174842\/mercedes-benz-v-trieda-v220-2014-rwd-120kw-mt6-aj-na-splatky-protiucet_13_max.webp","medium":"https:\/\/cdn.assetlog.ai\/assets\/174842\/mercedes-benz-v-trieda-v220-2014-rwd-120kw-mt6-aj-na-splatky-protiucet_13_medium.webp","small":"https:\/\/cdn.assetlog.ai\/assets\/174842\/mercedes-benz-v-trieda-v220-2014-rwd-120kw-mt6-aj-na-splatky-protiucet_13_small.webp"},{"id":138467,"max":"https:\/\/cdn.assetlog.ai\/assets\/174842\/mercedes-benz-v-trieda-v220-2014-rwd-120kw-mt6-aj-na-splatky-protiucet_14_max.webp","medium":"https:\/\/cdn.assetlog.ai\/assets\/174842\/mercedes-benz-v-trieda-v220-2014-rwd-120kw-mt6-aj-na-splatky-protiucet_14_medium.webp","small":"https:\/\/cdn.assetlog.ai\/assets\/174842\/mercedes-benz-v-trieda-v220-2014-rwd-120kw-mt6-aj-na-splatky-protiucet_14_small.webp"},{"id":138468,"max":"https:\/\/cdn.assetlog.ai\/assets\/174842\/mercedes-benz-v-trieda-v220-2014-rwd-120kw-mt6-aj-na-splatky-protiucet_15_max.webp","medium":"https:\/\/cdn.assetlog.ai\/assets\/174842\/mercedes-benz-v-trieda-v220-2014-rwd-120kw-mt6-aj-na-splatky-protiucet_15_medium.webp","small":"https:\/\/cdn.assetlog.ai\/assets\/174842\/mercedes-benz-v-trieda-v220-2014-rwd-120kw-mt6-aj-na-splatky-protiucet_15_small.webp"},{"id":138469,"max":"https:\/\/cdn.assetlog.ai\/assets\/174842\/mercedes-benz-v-trieda-v220-2014-rwd-120kw-mt6-aj-na-splatky-protiucet_16_max.webp","medium":"https:\/\/cdn.assetlog.ai\/assets\/174842\/mercedes-benz-v-trieda-v220-2014-rwd-120kw-mt6-aj-na-splatky-protiucet_16_medium.webp","small":"https:\/\/cdn.assetlog.ai\/assets\/174842\/mercedes-benz-v-trieda-v220-2014-rwd-120kw-mt6-aj-na-splatky-protiucet_16_small.webp"},{"id":138470,"max":"https:\/\/cdn.assetlog.ai\/assets\/174842\/mercedes-benz-v-trieda-v220-2014-rwd-120kw-mt6-aj-na-splatky-protiucet_17_max.webp","medium":"https:\/\/cdn.assetlog.ai\/assets\/174842\/mercedes-benz-v-trieda-v220-2014-rwd-120kw-mt6-aj-na-splatky-protiucet_17_medium.webp","small":"https:\/\/cdn.assetlog.ai\/assets\/174842\/mercedes-benz-v-trieda-v220-2014-rwd-120kw-mt6-aj-na-splatky-protiucet_17_small.webp"},{"id":138471,"max":"https:\/\/cdn.assetlog.ai\/assets\/174842\/mercedes-benz-v-trieda-v220-2014-rwd-120kw-mt6-aj-na-splatky-protiucet_18_max.webp","medium":"https:\/\/cdn.assetlog.ai\/assets\/174842\/mercedes-benz-v-trieda-v220-2014-rwd-120kw-mt6-aj-na-splatky-protiucet_18_medium.webp","small":"https:\/\/cdn.assetlog.ai\/assets\/174842\/mercedes-benz-v-trieda-v220-2014-rwd-120kw-mt6-aj-na-splatky-protiucet_18_small.webp"},{"id":138472,"max":"https:\/\/cdn.assetlog.ai\/assets\/174842\/mercedes-benz-v-trieda-v220-2014-rwd-120kw-mt6-aj-na-splatky-protiucet_19_max.webp","medium":"https:\/\/cdn.assetlog.ai\/assets\/174842\/mercedes-benz-v-trieda-v220-2014-rwd-120kw-mt6-aj-na-splatky-protiucet_19_medium.webp","small":"https:\/\/cdn.assetlog.ai\/assets\/174842\/mercedes-benz-v-trieda-v220-2014-rwd-120kw-mt6-aj-na-splatky-protiucet_19_small.webp"},{"id":138473,"max":"https:\/\/cdn.assetlog.ai\/assets\/174842\/mercedes-benz-v-trieda-v220-2014-rwd-120kw-mt6-aj-na-splatky-protiucet_20_max.webp","medium":"https:\/\/cdn.assetlog.ai\/assets\/174842\/mercedes-benz-v-trieda-v220-2014-rwd-120kw-mt6-aj-na-splatky-protiucet_20_medium.webp","small":"https:\/\/cdn.assetlog.ai\/assets\/174842\/mercedes-benz-v-trieda-v220-2014-rwd-120kw-mt6-aj-na-splatky-protiucet_20_small.webp"},{"id":138474,"max":"https:\/\/cdn.assetlog.ai\/assets\/174842\/mercedes-benz-v-trieda-v220-2014-rwd-120kw-mt6-aj-na-splatky-protiucet_21_max.webp","medium":"https:\/\/cdn.assetlog.ai\/assets\/174842\/mercedes-benz-v-trieda-v220-2014-rwd-120kw-mt6-aj-na-splatky-protiucet_21_medium.webp","small":"https:\/\/cdn.assetlog.ai\/assets\/174842\/mercedes-benz-v-trieda-v220-2014-rwd-120kw-mt6-aj-na-splatky-protiucet_21_small.webp"},{"id":138475,"max":"https:\/\/cdn.assetlog.ai\/assets\/174842\/mercedes-benz-v-trieda-v220-2014-rwd-120kw-mt6-aj-na-splatky-protiucet_22_max.webp","medium":"https:\/\/cdn.assetlog.ai\/assets\/174842\/mercedes-benz-v-trieda-v220-2014-rwd-120kw-mt6-aj-na-splatky-protiucet_22_medium.webp","small":"https:\/\/cdn.assetlog.ai\/assets\/174842\/mercedes-benz-v-trieda-v220-2014-rwd-120kw-mt6-aj-na-splatky-protiucet_22_small.webp"},{"id":138476,"max":"https:\/\/cdn.assetlog.ai\/assets\/174842\/mercedes-benz-v-trieda-v220-2014-rwd-120kw-mt6-aj-na-splatky-protiucet_23_max.webp","medium":"https:\/\/cdn.assetlog.ai\/assets\/174842\/mercedes-benz-v-trieda-v220-2014-rwd-120kw-mt6-aj-na-splatky-protiucet_23_medium.webp","small":"https:\/\/cdn.assetlog.ai\/assets\/174842\/mercedes-benz-v-trieda-v220-2014-rwd-120kw-mt6-aj-na-splatky-protiucet_23_small.webp"},{"id":138477,"max":"https:\/\/cdn.assetlog.ai\/assets\/174842\/mercedes-benz-v-trieda-v220-2014-rwd-120kw-mt6-aj-na-splatky-protiucet_24_max.webp","medium":"https:\/\/cdn.assetlog.ai\/assets\/174842\/mercedes-benz-v-trieda-v220-2014-rwd-120kw-mt6-aj-na-splatky-protiucet_24_medium.webp","small":"https:\/\/cdn.assetlog.ai\/assets\/174842\/mercedes-benz-v-trieda-v220-2014-rwd-120kw-mt6-aj-na-splatky-protiucet_24_small.webp"},{"id":138478,"max":"https:\/\/cdn.assetlog.ai\/assets\/174842\/mercedes-benz-v-trieda-v220-2014-rwd-120kw-mt6-aj-na-splatky-protiucet_25_max.webp","medium":"https:\/\/cdn.assetlog.ai\/assets\/174842\/mercedes-benz-v-trieda-v220-2014-rwd-120kw-mt6-aj-na-splatky-protiucet_25_medium.webp","small":"https:\/\/cdn.assetlog.ai\/assets\/174842\/mercedes-benz-v-trieda-v220-2014-rwd-120kw-mt6-aj-na-splatky-protiucet_25_small.webp"},{"id":138479,"max":"https:\/\/cdn.assetlog.ai\/assets\/174842\/mercedes-benz-v-trieda-v220-2014-rwd-120kw-mt6-aj-na-splatky-protiucet_26_max.webp","medium":"https:\/\/cdn.assetlog.ai\/assets\/174842\/mercedes-benz-v-trieda-v220-2014-rwd-120kw-mt6-aj-na-splatky-protiucet_26_medium.webp","small":"https:\/\/cdn.assetlog.ai\/assets\/174842\/mercedes-benz-v-trieda-v220-2014-rwd-120kw-mt6-aj-na-splatky-protiucet_26_small.webp"},{"id":138480,"max":"https:\/\/cdn.assetlog.ai\/assets\/174842\/mercedes-benz-v-trieda-v220-2014-rwd-120kw-mt6-aj-na-splatky-protiucet_27_max.webp","medium":"https:\/\/cdn.assetlog.ai\/assets\/174842\/mercedes-benz-v-trieda-v220-2014-rwd-120kw-mt6-aj-na-splatky-protiucet_27_medium.webp","small":"https:\/\/cdn.assetlog.ai\/assets\/174842\/mercedes-benz-v-trieda-v220-2014-rwd-120kw-mt6-aj-na-splatky-protiucet_27_small.webp"},{"id":138481,"max":"https:\/\/cdn.assetlog.ai\/assets\/174842\/mercedes-benz-v-trieda-v220-2014-rwd-120kw-mt6-aj-na-splatky-protiucet_28_max.webp","medium":"https:\/\/cdn.assetlog.ai\/assets\/174842\/mercedes-benz-v-trieda-v220-2014-rwd-120kw-mt6-aj-na-splatky-protiucet_28_medium.webp","small":"https:\/\/cdn.assetlog.ai\/assets\/174842\/mercedes-benz-v-trieda-v220-2014-rwd-120kw-mt6-aj-na-splatky-protiucet_28_small.webp"},{"id":138482,"max":"https:\/\/cdn.assetlog.ai\/assets\/174842\/mercedes-benz-v-trieda-v220-2014-rwd-120kw-mt6-aj-na-splatky-protiucet_29_max.webp","medium":"https:\/\/cdn.assetlog.ai\/assets\/174842\/mercedes-benz-v-trieda-v220-2014-rwd-120kw-mt6-aj-na-splatky-protiucet_29_medium.webp","small":"https:\/\/cdn.assetlog.ai\/assets\/174842\/mercedes-benz-v-trieda-v220-2014-rwd-120kw-mt6-aj-na-splatky-protiucet_29_small.webp"},{"id":138483,"max":"https:\/\/cdn.assetlog.ai\/assets\/174842\/mercedes-benz-v-trieda-v220-2014-rwd-120kw-mt6-aj-na-splatky-protiucet_30_max.webp","medium":"https:\/\/cdn.assetlog.ai\/assets\/174842\/mercedes-benz-v-trieda-v220-2014-rwd-120kw-mt6-aj-na-splatky-protiucet_30_medium.webp","small":"https:\/\/cdn.assetlog.ai\/assets\/174842\/mercedes-benz-v-trieda-v220-2014-rwd-120kw-mt6-aj-na-splatky-protiucet_30_small.webp"},{"id":138484,"max":"https:\/\/cdn.assetlog.ai\/assets\/174842\/mercedes-benz-v-trieda-v220-2014-rwd-120kw-mt6-aj-na-splatky-protiucet_31_max.webp","medium":"https:\/\/cdn.assetlog.ai\/assets\/174842\/mercedes-benz-v-trieda-v220-2014-rwd-120kw-mt6-aj-na-splatky-protiucet_31_medium.webp","small":"https:\/\/cdn.assetlog.ai\/assets\/174842\/mercedes-benz-v-trieda-v220-2014-rwd-120kw-mt6-aj-na-splatky-protiucet_31_small.webp"},{"id":138485,"max":"https:\/\/cdn.assetlog.ai\/assets\/174842\/mercedes-benz-v-trieda-v220-2014-rwd-120kw-mt6-aj-na-splatky-protiucet_32_max.webp","medium":"https:\/\/cdn.assetlog.ai\/assets\/174842\/mercedes-benz-v-trieda-v220-2014-rwd-120kw-mt6-aj-na-splatky-protiucet_32_medium.webp","small":"https:\/\/cdn.assetlog.ai\/assets\/174842\/mercedes-benz-v-trieda-v220-2014-rwd-120kw-mt6-aj-na-splatky-protiucet_32_small.webp"},{"id":138486,"max":"https:\/\/cdn.assetlog.ai\/assets\/174842\/mercedes-benz-v-trieda-v220-2014-rwd-120kw-mt6-aj-na-splatky-protiucet_33_max.webp","medium":"https:\/\/cdn.assetlog.ai\/assets\/174842\/mercedes-benz-v-trieda-v220-2014-rwd-120kw-mt6-aj-na-splatky-protiucet_33_medium.webp","small":"https:\/\/cdn.assetlog.ai\/assets\/174842\/mercedes-benz-v-trieda-v220-2014-rwd-120kw-mt6-aj-na-splatky-protiucet_33_small.webp"},{"id":138487,"max":"https:\/\/cdn.assetlog.ai\/assets\/174842\/mercedes-benz-v-trieda-v220-2014-rwd-120kw-mt6-aj-na-splatky-protiucet_34_max.webp","medium":"https:\/\/cdn.assetlog.ai\/assets\/174842\/mercedes-benz-v-trieda-v220-2014-rwd-120kw-mt6-aj-na-splatky-protiucet_34_medium.webp","small":"https:\/\/cdn.assetlog.ai\/assets\/174842\/mercedes-benz-v-trieda-v220-2014-rwd-120kw-mt6-aj-na-splatky-protiucet_34_small.webp"},{"id":138488,"max":"https:\/\/cdn.assetlog.ai\/assets\/174842\/mercedes-benz-v-trieda-v220-2014-rwd-120kw-mt6-aj-na-splatky-protiucet_35_max.webp","medium":"https:\/\/cdn.assetlog.ai\/assets\/174842\/mercedes-benz-v-trieda-v220-2014-rwd-120kw-mt6-aj-na-splatky-protiucet_35_medium.webp","small":"https:\/\/cdn.assetlog.ai\/assets\/174842\/mercedes-benz-v-trieda-v220-2014-rwd-120kw-mt6-aj-na-splatky-protiucet_35_small.webp"},{"id":138489,"max":"https:\/\/cdn.assetlog.ai\/assets\/174842\/mercedes-benz-v-trieda-v220-2014-rwd-120kw-mt6-aj-na-splatky-protiucet_36_max.webp","medium":"https:\/\/cdn.assetlog.ai\/assets\/174842\/mercedes-benz-v-trieda-v220-2014-rwd-120kw-mt6-aj-na-splatky-protiucet_36_medium.webp","small":"https:\/\/cdn.assetlog.ai\/assets\/174842\/mercedes-benz-v-trieda-v220-2014-rwd-120kw-mt6-aj-na-splatky-protiucet_36_small.webp"},{"id":138490,"max":"https:\/\/cdn.assetlog.ai\/assets\/174842\/mercedes-benz-v-trieda-v220-2014-rwd-120kw-mt6-aj-na-splatky-protiucet_37_max.webp","medium":"https:\/\/cdn.assetlog.ai\/assets\/174842\/mercedes-benz-v-trieda-v220-2014-rwd-120kw-mt6-aj-na-splatky-protiucet_37_medium.webp","small":"https:\/\/cdn.assetlog.ai\/assets\/174842\/mercedes-benz-v-trieda-v220-2014-rwd-120kw-mt6-aj-na-splatky-protiucet_37_small.webp"},{"id":138491,"max":"https:\/\/cdn.assetlog.ai\/assets\/174842\/mercedes-benz-v-trieda-v220-2014-rwd-120kw-mt6-aj-na-splatky-protiucet_38_max.webp","medium":"https:\/\/cdn.assetlog.ai\/assets\/174842\/mercedes-benz-v-trieda-v220-2014-rwd-120kw-mt6-aj-na-splatky-protiucet_38_medium.webp","small":"https:\/\/cdn.assetlog.ai\/assets\/174842\/mercedes-benz-v-trieda-v220-2014-rwd-120kw-mt6-aj-na-splatky-protiucet_38_small.webp"},{"id":138492,"max":"https:\/\/cdn.assetlog.ai\/assets\/174842\/mercedes-benz-v-trieda-v220-2014-rwd-120kw-mt6-aj-na-splatky-protiucet_39_max.webp","medium":"https:\/\/cdn.assetlog.ai\/assets\/174842\/mercedes-benz-v-trieda-v220-2014-rwd-120kw-mt6-aj-na-splatky-protiucet_39_medium.webp","small":"https:\/\/cdn.assetlog.ai\/assets\/174842\/mercedes-benz-v-trieda-v220-2014-rwd-120kw-mt6-aj-na-splatky-protiucet_39_small.webp"},{"id":138493,"max":"https:\/\/cdn.assetlog.ai\/assets\/174842\/mercedes-benz-v-trieda-v220-2014-rwd-120kw-mt6-aj-na-splatky-protiucet_40_max.webp","medium":"https:\/\/cdn.assetlog.ai\/assets\/174842\/mercedes-benz-v-trieda-v220-2014-rwd-120kw-mt6-aj-na-splatky-protiucet_40_medium.webp","small":"https:\/\/cdn.assetlog.ai\/assets\/174842\/mercedes-benz-v-trieda-v220-2014-rwd-120kw-mt6-aj-na-splatky-protiucet_40_small.webp"}],"published_at":null,"expires_at":null,"created_at":"2026-08-27T03:40:28+00:00","updated_at":"2026-09-01T06:27:13+00:00"}}