{"data":{"id":183511,"slug":"mottagningsskoterska-till-vardcentral","type":"job","title":"Reception Nurse for Health Center","description":"W\u00e4sterl\u00e4karna Redegatan is now seeking a reception nurse for standard work at a health center.\nThis position is a full-time temporary assignment starting in January 2027 or by agreement.\nWe welcome applicants with experience in vaccination work and who have worked with travel vaccination counseling.\nW\u00e4sterl\u00e4karna has been active in Western Gothenburg since 1994. The company is owned and operated by three physicians who all work in the business. The company provides primary care and rehabilitation within the healthcare choice of the V\u00e4stra G\u00f6taland region.\nWe have two health centers and one rehabilitation unit within Healthcare Choice VGR.\nW\u00e4sterl\u00e4karna has approximately 31,500 listed patients and 170 employees.\nWe have tailored primary care for our elderly patients through our 70+ clinic.\nWe have two child health centers in our operations.\nOur rehabilitation unit provides physiotherapy and occupational therapy for all age groups and diagnoses, both on an individual level and in groups.\nWe offer you a workplace with mandatory coffee breaks, short decision-making processes, continuous professional development, and a place in a professional, stable, and welcoming team.\nWelcome to submit your application!","language":"sv","is_translated":true,"title_original":"Mottagningssk\u00f6terska till v\u00e5rdcentral.","description_original":"Till W\u00e4sterl\u00e4karna Redegatan s\u00f6ker vi nu en mottagningssk\u00f6terska f\u00f6r sedvanligt arbete p\u00e5 v\u00e5rdcentral. \nTj\u00e4nsten \u00e4r ett vikariat p\u00e5 heltid och tilltr\u00e4des i januari 2027 eller enligt \u00f6verenskommelse. \nVi ser g\u00e4rna att du som s\u00f6ker har erfarenhet av vaccinationsarbete och har arbetat med resevaccinationsr\u00e5dgivning.\nVi p\u00e5 W\u00e4sterl\u00e4karna har varit verksamma i V\u00e4stra G\u00f6teborg sedan 1994. F\u00f6retaget \u00e4gs och drivs av tre l\u00e4kare som alla arbetar i verksamheten. F\u00f6retaget bedriver prim\u00e4rv\u00e5rd och rehab inom v\u00e5rdval V\u00e4stra G\u00f6talandsregionen.\nVi har tv\u00e5 v\u00e5rdcentraler och en rehabenhet inom V\u00e5rdval VGR.\nW\u00e4sterl\u00e4karna har ca 31 500 listade patienter och 170 anst\u00e4llda.\nVi har skr\u00e4ddarsytt prim\u00e4rv\u00e5rden f\u00f6r v\u00e5ra \u00e4ldre patienter genom\n mottagningen 70+.\nVi har tv\u00e5 barnav\u00e5rdscentraler i v\u00e5r verksamhet.\nV\u00e5r rehabenhet bedriver fysioterapi och arbetsterapi f\u00f6r alla\n\u00e5ldersgrupper och diagnoser, b\u00e5de p\u00e5 individniv\u00e5 och i grupp.\nVi erbjuder dig en arbetsplats med obligatoriska kafferaster, korta beslutsv\u00e4gar, kontinuerlig fortbildning och en plats i ett professionellt, best\u00e4ndigt och v\u00e4lkomnande team.\nV\u00e4lkommen med Din ans\u00f6kan!","price":null,"currency":"SEK","status":"active","noindex":true,"location":{"address":"Redegatan 1b","full_address":null,"city":"V\u00c4STRA FR\u00d6LUNDA","country":"SE","latitude":57.673105035568,"longitude":11.881910646274},"metadata":{"region":"V\u00e4stra G\u00f6talands l\u00e4n","duration":"12 m\u00e5nader \u2013 upp till 2 \u00e5r","employer":"W\u00e4sterl\u00e4karna AB","postcode":"42677","positions":1,"profession":"Sjuksk\u00f6terska, grundutbildad","salary_type":"Fast m\u00e5nads- vecko- eller timl\u00f6n","employer_url":"https:\/\/wasterlakarna.se\/redegatan\/","scope_of_work":"100\u2013100 %","working_hours":"Heltid","contact_person":"Pernilla  Gustafsson","employment_type":"temporary","occupation_field":"H\u00e4lso- och sjukv\u00e5rd","employer_workplace":"W\u00c4STERL\u00c4KARNA AB","experience_required":true,"employment_type_label":"Vikariat"},"user_id":null,"is_sponsored":false,"views_count":0,"ai_views_count":3,"ai_vendor_counts":{"meta":2,"anthropic":1},"visibility":"public","submission_source":null,"submission_ai_name":null,"has_owner_email":true,"can_contact_owner":true,"phone":null,"owner_email":"pernilla.gustafsson@wasterlakarna.se","images":[],"published_at":"2026-09-02T14:00:45+00:00","expires_at":"2026-09-30T23:59:59+00:00","created_at":"2026-09-03T03:16:57+00:00","updated_at":"2026-09-04T03:17:07+00:00"}}