{"data":{"id":172883,"slug":"opel-astra-j-20-cdti-143kw-aj-na-splatky-protiucet","type":"vehicle","title":"Opel Astra J 2.0 CDTI 143kW \/ BUY ON INSTALMENTS \/ TRADE-IN ACCEPTED","description":"\u2714Service\nRegular oil changes approximately every 10,000 km, new battery, timing belt replaced at 173,000 km, dual-mass flywheel and clutch replaced.\n\nThe vehicle was inspected before being put up for sale.\n\n\u2714Overall condition\nEngine is dry, no fluid leaks, unwanted noises or vibrations.\nBrakes work well, no steering wheel vibration.\nBody is rust-free.\nInterior is in excellent condition.\nMOT-Emissions test valid until: 23.7.2028\n\nThe vehicle was not involved in a traffic accident and has no insurance claims. Legally in order \u2013 no liens, leasing, loans or execution blocks.\n---\n\u2714In brief\nOpel Astra J with a powerful diesel engine delivering 143 kW offers solid performance, low fuel consumption while remaining a practical vehicle for everyday use. Regularly serviced vehicle that has been well maintained and is ready for further operation.\n\n\u2714You can also purchase on instalments and use your car as a trade-in.\n\n\u2714Sale arranged by Autorro Prievidza. You are buying directly from the owner.\n\n\u2714Contact: Peter Mjartan\n- 0950 224 271 \u2013 also via WhatsApp\n- 0952 532 818\n\nIf I don't answer, I'll call you back.\n\nTechnical specifications\n\nFirst registration: 05\/14, 1956 cm\u00b3, 143 kW (194 PS), Drive: Front-wheel drive, Manual (6 gears), Diesel, EURO 5, 5 doors, (5-seater), 230,677 km, Black metallic, VIN W0LPF6ER1EG068425\n\nVehicle consumption (l\/100 km)\n\nCity: 6.2, Highway: 4.4, Combined: 5.1\n\nFinancing available, Loan available","language":"cs","is_translated":true,"title_original":"Opel Astra J 2.0 CDTI 143kW \/ AJ NA SPL\u00c1TKY \/ PROTI\u00da\u010cET","description_original":"\u2714Servis\nPravideln\u00e1 v\u00fdm\u011bna oleje p\u0159ibli\u017en\u011b ka\u017ed\u00fdch 10 000 km, nov\u00e1 baterie, vym\u011bn\u011bn\u00e9 rozvody p\u0159i 173 000 km, vym\u011bn\u011bn\u00fd dvouhmotov\u00fd setrva\u010dn\u00edk a spojka.\n\nVozidlo bylo p\u0159ed za\u0159azen\u00edm do prodeje zkontrolov\u00e1no.\n\n\u2714Celkov\u00fd stav\nMotor je such\u00fd, bez \u00fanik\u016f kapalin, ne\u017e\u00e1douc\u00edch zvuk\u016f a vibrac\u00ed.\nBrzdy funguj\u00ed dob\u0159e, bez chv\u011bn\u00ed volantu.\nKaroserie je bez koroze.\nInteri\u00e9r je ve v\u00fdborn\u00e9m stavu.\nSTK-EK platn\u00e1 do: 23.7.2028\n\nV\u016fz nebyl \u00fa\u010dastn\u00edkem dopravn\u00ed nehody a nem\u00e1 \u017e\u00e1dn\u00e9 pojistn\u00e9 ud\u00e1losti. Pr\u00e1vn\u011b v po\u0159\u00e1dku \u2013 bez z\u00e1stavn\u00edch pr\u00e1v, leasingu, \u00fav\u011bru \u010di exeku\u010dn\u00edch blokac\u00ed.\n---\n\u2714Ve zkratce\nOpel Astra J s v\u00fdkonn\u00fdm dieselov\u00fdm motorem o v\u00fdkonu 143 kW nab\u00edz\u00ed solidn\u00ed v\u00fdkon, n\u00edzkou spot\u0159ebu a p\u0159itom z\u016fst\u00e1v\u00e1 praktick\u00fdm vozem pro ka\u017edodenn\u00ed pou\u017eit\u00ed. Pravideln\u011b servisovan\u00e9 vozidlo, o kter\u00e9 bylo pr\u016fb\u011b\u017en\u011b pe\u010dov\u00e1no a je p\u0159ipraveno k dal\u0161\u00edmu provozu.\n\n\u2714Je mo\u017en\u00e9 koupit i na spl\u00e1tky a vyu\u017e\u00edt va\u0161e auto jako protihodnotu.\n\n\u2714Prodej zprost\u0159edkovan\u00fd spole\u010dnost\u00ed Autorro Prievidza. Kupujete p\u0159\u00edmo od majitele.\n\n\u2714Kontakt: Peter Mjartan\n- 0950 224 271 \u2013 tak\u00e9 p\u0159es WhatsApp\n- 0952 532 818\n\nPokud to nezvednu, zavol\u00e1m v\u00e1m zp\u011bt.\n\nTechnick\u00e9 \u00fadaje\n\nv.v.: 05\/14, 1956cm\u00b3, 143kW (194PS), Pohon: Pohon p\u0159edn\u00edch kol, Manu\u00e1ln\u00ed (6 st.), Diesel, EURO 5, 5 dv., (5-m\u00edstn\u00fd), 230 677km, \u010cern\u00e1 metal\u00edza, VIN W0LPF6ER1EG068425\n\nSpot\u0159eba vozidla (l\/100km)\n\nVe m\u011bst\u011b: 6.2, mimo m\u011bsto: 4.4, kombinovan\u00e1: 5.1\n\nMo\u017en\u00fd leasing, Mo\u017en\u00fd \u00fav\u011br","price":"108187.00","currency":"CZK","status":"active","noindex":true,"location":{"address":null,"full_address":null,"city":"Prievidza","country":"SK","latitude":48.7718361,"longitude":18.6234916},"metadata":{"vin":"W0LPF6ER1EG068425","fuel":"diesel","year":2014,"brand":"Opel","color":"Black","doors":5,"drive":"Front-wheel drive","model":"Astra","seats":5,"region":"Tren\u010diansky kraj","mileage":230677,"emisions":"Euro 5","features":["Alarm","Posilova\u010d \u0159\u00edzen\u00ed","ABS","ESP","Brzdov\u00fd asistent (EBA, BAS)","ISOFIX na zadn\u00edch sedadlech","Deaktivace airbagu spolujezdce","Centr\u00e1ln\u00ed zamyk\u00e1n\u00ed","Zadn\u00ed el. stahovateln\u00e1 okna","Elektricky nastaviteln\u00e1 zp\u011btn\u00e1 zrc\u00e1tka","Automatick\u00e1 2-z\u00f3nov\u00e1 klimatizace","Centr\u00e1ln\u00ed zamyk\u00e1n\u00ed na d\u00e1lkov\u00e9 ovl\u00e1d\u00e1n\u00ed","Autor\u00e1dio","Multifunk\u010dn\u00ed volant","Imobiliz\u00e9r","Palubn\u00ed po\u010d\u00edta\u010d","Tempomat","Vyh\u0159\u00edvan\u00e1 sedadla","Senzor st\u011bra\u010d\u016f","Sv\u011bteln\u00fd senzor","Zimn\u00ed sada kol","Bluetooth","Vyh\u0159\u00edvan\u00fd volant","Mo\u017en\u00fd leasing","Mo\u017en\u00fd \u00faver","Ko\u017een\u00fd paket","Odo-pass","asistent rozjezdu do kopce","elektricky sklopn\u00e1 zp\u011btn\u00e1 zrc\u00e1tka","2 kl\u00ed\u010de","druh\u00e1 sada pneumatik v cen\u011b."],"power_kw":143,"body_type":"Hatchback","condition":"Used","transmission":"manual","vat_deductible":false,"consumption_city":6.2,"translation_hash":"61b96b1ecdc4383a7fc4e83585d99ccfb7a3b154","vehicle_category":"car","engine_volume_cm3":1956,"first_registration":"2014-05-01","translation_status":"done","consumption_highway":4.4,"consumption_combined":5.1},"user_id":17,"is_sponsored":false,"views_count":3,"ai_views_count":4,"ai_vendor_counts":{"other":2,"openai":1,"anthropic":1},"visibility":"public","submission_source":null,"submission_ai_name":null,"has_owner_email":true,"can_contact_owner":true,"phone":"0950 224 271","owner_email":"mjartan@autorro.sk","user":{"id":17,"slug":"peter-mjartan-17","name":"Peter Mjartan","bio":"Makl\u00e9r. P\u016fsob\u00edm v Prievidzi a okol\u00ed.\n\nP\u016fsobnost: Prievidza","nationality":"SK","languages":["cs","sk"],"service_areas":[],"card_style":null,"card_palette":null,"avatar_url":"https:\/\/cdn.assetlog.ai\/avatars\/17\/avatar_max.webp?v=1786535213","avatar_thumb_url":"https:\/\/cdn.assetlog.ai\/avatars\/17\/avatar_small.webp?v=1786535213","reviews_count":0,"avg_rating":null,"seller_badge":"silver","can_calendar":true,"joined_at":"2026-06-07T07:44:41+00:00","primary_intent":null,"seeking":[],"public_assets_count":45,"public_prompts_count":0,"followers_count":0},"images":[{"id":137508,"max":"https:\/\/cdn.assetlog.ai\/assets\/172883\/opel-astra-j-20-cdti-143kw-mt6-2014-aj-na-splatky-protiucet_1_max.webp","medium":"https:\/\/cdn.assetlog.ai\/assets\/172883\/opel-astra-j-20-cdti-143kw-mt6-2014-aj-na-splatky-protiucet_1_medium.webp","small":"https:\/\/cdn.assetlog.ai\/assets\/172883\/opel-astra-j-20-cdti-143kw-mt6-2014-aj-na-splatky-protiucet_1_small.webp"},{"id":137509,"max":"https:\/\/cdn.assetlog.ai\/assets\/172883\/opel-astra-j-20-cdti-143kw-mt6-2014-aj-na-splatky-protiucet_2_max.webp","medium":"https:\/\/cdn.assetlog.ai\/assets\/172883\/opel-astra-j-20-cdti-143kw-mt6-2014-aj-na-splatky-protiucet_2_medium.webp","small":"https:\/\/cdn.assetlog.ai\/assets\/172883\/opel-astra-j-20-cdti-143kw-mt6-2014-aj-na-splatky-protiucet_2_small.webp"},{"id":137510,"max":"https:\/\/cdn.assetlog.ai\/assets\/172883\/opel-astra-j-20-cdti-143kw-mt6-2014-aj-na-splatky-protiucet_3_max.webp","medium":"https:\/\/cdn.assetlog.ai\/assets\/172883\/opel-astra-j-20-cdti-143kw-mt6-2014-aj-na-splatky-protiucet_3_medium.webp","small":"https:\/\/cdn.assetlog.ai\/assets\/172883\/opel-astra-j-20-cdti-143kw-mt6-2014-aj-na-splatky-protiucet_3_small.webp"},{"id":137511,"max":"https:\/\/cdn.assetlog.ai\/assets\/172883\/opel-astra-j-20-cdti-143kw-mt6-2014-aj-na-splatky-protiucet_4_max.webp","medium":"https:\/\/cdn.assetlog.ai\/assets\/172883\/opel-astra-j-20-cdti-143kw-mt6-2014-aj-na-splatky-protiucet_4_medium.webp","small":"https:\/\/cdn.assetlog.ai\/assets\/172883\/opel-astra-j-20-cdti-143kw-mt6-2014-aj-na-splatky-protiucet_4_small.webp"},{"id":137512,"max":"https:\/\/cdn.assetlog.ai\/assets\/172883\/opel-astra-j-20-cdti-143kw-mt6-2014-aj-na-splatky-protiucet_5_max.webp","medium":"https:\/\/cdn.assetlog.ai\/assets\/172883\/opel-astra-j-20-cdti-143kw-mt6-2014-aj-na-splatky-protiucet_5_medium.webp","small":"https:\/\/cdn.assetlog.ai\/assets\/172883\/opel-astra-j-20-cdti-143kw-mt6-2014-aj-na-splatky-protiucet_5_small.webp"},{"id":137513,"max":"https:\/\/cdn.assetlog.ai\/assets\/172883\/opel-astra-j-20-cdti-143kw-mt6-2014-aj-na-splatky-protiucet_6_max.webp","medium":"https:\/\/cdn.assetlog.ai\/assets\/172883\/opel-astra-j-20-cdti-143kw-mt6-2014-aj-na-splatky-protiucet_6_medium.webp","small":"https:\/\/cdn.assetlog.ai\/assets\/172883\/opel-astra-j-20-cdti-143kw-mt6-2014-aj-na-splatky-protiucet_6_small.webp"},{"id":137514,"max":"https:\/\/cdn.assetlog.ai\/assets\/172883\/opel-astra-j-20-cdti-143kw-mt6-2014-aj-na-splatky-protiucet_7_max.webp","medium":"https:\/\/cdn.assetlog.ai\/assets\/172883\/opel-astra-j-20-cdti-143kw-mt6-2014-aj-na-splatky-protiucet_7_medium.webp","small":"https:\/\/cdn.assetlog.ai\/assets\/172883\/opel-astra-j-20-cdti-143kw-mt6-2014-aj-na-splatky-protiucet_7_small.webp"},{"id":137515,"max":"https:\/\/cdn.assetlog.ai\/assets\/172883\/opel-astra-j-20-cdti-143kw-mt6-2014-aj-na-splatky-protiucet_8_max.webp","medium":"https:\/\/cdn.assetlog.ai\/assets\/172883\/opel-astra-j-20-cdti-143kw-mt6-2014-aj-na-splatky-protiucet_8_medium.webp","small":"https:\/\/cdn.assetlog.ai\/assets\/172883\/opel-astra-j-20-cdti-143kw-mt6-2014-aj-na-splatky-protiucet_8_small.webp"},{"id":137516,"max":"https:\/\/cdn.assetlog.ai\/assets\/172883\/opel-astra-j-20-cdti-143kw-mt6-2014-aj-na-splatky-protiucet_9_max.webp","medium":"https:\/\/cdn.assetlog.ai\/assets\/172883\/opel-astra-j-20-cdti-143kw-mt6-2014-aj-na-splatky-protiucet_9_medium.webp","small":"https:\/\/cdn.assetlog.ai\/assets\/172883\/opel-astra-j-20-cdti-143kw-mt6-2014-aj-na-splatky-protiucet_9_small.webp"},{"id":137517,"max":"https:\/\/cdn.assetlog.ai\/assets\/172883\/opel-astra-j-20-cdti-143kw-mt6-2014-aj-na-splatky-protiucet_10_max.webp","medium":"https:\/\/cdn.assetlog.ai\/assets\/172883\/opel-astra-j-20-cdti-143kw-mt6-2014-aj-na-splatky-protiucet_10_medium.webp","small":"https:\/\/cdn.assetlog.ai\/assets\/172883\/opel-astra-j-20-cdti-143kw-mt6-2014-aj-na-splatky-protiucet_10_small.webp"},{"id":137518,"max":"https:\/\/cdn.assetlog.ai\/assets\/172883\/opel-astra-j-20-cdti-143kw-mt6-2014-aj-na-splatky-protiucet_11_max.webp","medium":"https:\/\/cdn.assetlog.ai\/assets\/172883\/opel-astra-j-20-cdti-143kw-mt6-2014-aj-na-splatky-protiucet_11_medium.webp","small":"https:\/\/cdn.assetlog.ai\/assets\/172883\/opel-astra-j-20-cdti-143kw-mt6-2014-aj-na-splatky-protiucet_11_small.webp"},{"id":137519,"max":"https:\/\/cdn.assetlog.ai\/assets\/172883\/opel-astra-j-20-cdti-143kw-mt6-2014-aj-na-splatky-protiucet_12_max.webp","medium":"https:\/\/cdn.assetlog.ai\/assets\/172883\/opel-astra-j-20-cdti-143kw-mt6-2014-aj-na-splatky-protiucet_12_medium.webp","small":"https:\/\/cdn.assetlog.ai\/assets\/172883\/opel-astra-j-20-cdti-143kw-mt6-2014-aj-na-splatky-protiucet_12_small.webp"},{"id":137520,"max":"https:\/\/cdn.assetlog.ai\/assets\/172883\/opel-astra-j-20-cdti-143kw-mt6-2014-aj-na-splatky-protiucet_13_max.webp","medium":"https:\/\/cdn.assetlog.ai\/assets\/172883\/opel-astra-j-20-cdti-143kw-mt6-2014-aj-na-splatky-protiucet_13_medium.webp","small":"https:\/\/cdn.assetlog.ai\/assets\/172883\/opel-astra-j-20-cdti-143kw-mt6-2014-aj-na-splatky-protiucet_13_small.webp"},{"id":137521,"max":"https:\/\/cdn.assetlog.ai\/assets\/172883\/opel-astra-j-20-cdti-143kw-mt6-2014-aj-na-splatky-protiucet_14_max.webp","medium":"https:\/\/cdn.assetlog.ai\/assets\/172883\/opel-astra-j-20-cdti-143kw-mt6-2014-aj-na-splatky-protiucet_14_medium.webp","small":"https:\/\/cdn.assetlog.ai\/assets\/172883\/opel-astra-j-20-cdti-143kw-mt6-2014-aj-na-splatky-protiucet_14_small.webp"},{"id":137522,"max":"https:\/\/cdn.assetlog.ai\/assets\/172883\/opel-astra-j-20-cdti-143kw-mt6-2014-aj-na-splatky-protiucet_15_max.webp","medium":"https:\/\/cdn.assetlog.ai\/assets\/172883\/opel-astra-j-20-cdti-143kw-mt6-2014-aj-na-splatky-protiucet_15_medium.webp","small":"https:\/\/cdn.assetlog.ai\/assets\/172883\/opel-astra-j-20-cdti-143kw-mt6-2014-aj-na-splatky-protiucet_15_small.webp"},{"id":137523,"max":"https:\/\/cdn.assetlog.ai\/assets\/172883\/opel-astra-j-20-cdti-143kw-mt6-2014-aj-na-splatky-protiucet_16_max.webp","medium":"https:\/\/cdn.assetlog.ai\/assets\/172883\/opel-astra-j-20-cdti-143kw-mt6-2014-aj-na-splatky-protiucet_16_medium.webp","small":"https:\/\/cdn.assetlog.ai\/assets\/172883\/opel-astra-j-20-cdti-143kw-mt6-2014-aj-na-splatky-protiucet_16_small.webp"},{"id":137524,"max":"https:\/\/cdn.assetlog.ai\/assets\/172883\/opel-astra-j-20-cdti-143kw-mt6-2014-aj-na-splatky-protiucet_17_max.webp","medium":"https:\/\/cdn.assetlog.ai\/assets\/172883\/opel-astra-j-20-cdti-143kw-mt6-2014-aj-na-splatky-protiucet_17_medium.webp","small":"https:\/\/cdn.assetlog.ai\/assets\/172883\/opel-astra-j-20-cdti-143kw-mt6-2014-aj-na-splatky-protiucet_17_small.webp"},{"id":137525,"max":"https:\/\/cdn.assetlog.ai\/assets\/172883\/opel-astra-j-20-cdti-143kw-mt6-2014-aj-na-splatky-protiucet_18_max.webp","medium":"https:\/\/cdn.assetlog.ai\/assets\/172883\/opel-astra-j-20-cdti-143kw-mt6-2014-aj-na-splatky-protiucet_18_medium.webp","small":"https:\/\/cdn.assetlog.ai\/assets\/172883\/opel-astra-j-20-cdti-143kw-mt6-2014-aj-na-splatky-protiucet_18_small.webp"},{"id":137526,"max":"https:\/\/cdn.assetlog.ai\/assets\/172883\/opel-astra-j-20-cdti-143kw-mt6-2014-aj-na-splatky-protiucet_19_max.webp","medium":"https:\/\/cdn.assetlog.ai\/assets\/172883\/opel-astra-j-20-cdti-143kw-mt6-2014-aj-na-splatky-protiucet_19_medium.webp","small":"https:\/\/cdn.assetlog.ai\/assets\/172883\/opel-astra-j-20-cdti-143kw-mt6-2014-aj-na-splatky-protiucet_19_small.webp"},{"id":137527,"max":"https:\/\/cdn.assetlog.ai\/assets\/172883\/opel-astra-j-20-cdti-143kw-mt6-2014-aj-na-splatky-protiucet_20_max.webp","medium":"https:\/\/cdn.assetlog.ai\/assets\/172883\/opel-astra-j-20-cdti-143kw-mt6-2014-aj-na-splatky-protiucet_20_medium.webp","small":"https:\/\/cdn.assetlog.ai\/assets\/172883\/opel-astra-j-20-cdti-143kw-mt6-2014-aj-na-splatky-protiucet_20_small.webp"},{"id":137528,"max":"https:\/\/cdn.assetlog.ai\/assets\/172883\/opel-astra-j-20-cdti-143kw-mt6-2014-aj-na-splatky-protiucet_21_max.webp","medium":"https:\/\/cdn.assetlog.ai\/assets\/172883\/opel-astra-j-20-cdti-143kw-mt6-2014-aj-na-splatky-protiucet_21_medium.webp","small":"https:\/\/cdn.assetlog.ai\/assets\/172883\/opel-astra-j-20-cdti-143kw-mt6-2014-aj-na-splatky-protiucet_21_small.webp"},{"id":137529,"max":"https:\/\/cdn.assetlog.ai\/assets\/172883\/opel-astra-j-20-cdti-143kw-mt6-2014-aj-na-splatky-protiucet_22_max.webp","medium":"https:\/\/cdn.assetlog.ai\/assets\/172883\/opel-astra-j-20-cdti-143kw-mt6-2014-aj-na-splatky-protiucet_22_medium.webp","small":"https:\/\/cdn.assetlog.ai\/assets\/172883\/opel-astra-j-20-cdti-143kw-mt6-2014-aj-na-splatky-protiucet_22_small.webp"},{"id":137530,"max":"https:\/\/cdn.assetlog.ai\/assets\/172883\/opel-astra-j-20-cdti-143kw-mt6-2014-aj-na-splatky-protiucet_23_max.webp","medium":"https:\/\/cdn.assetlog.ai\/assets\/172883\/opel-astra-j-20-cdti-143kw-mt6-2014-aj-na-splatky-protiucet_23_medium.webp","small":"https:\/\/cdn.assetlog.ai\/assets\/172883\/opel-astra-j-20-cdti-143kw-mt6-2014-aj-na-splatky-protiucet_23_small.webp"},{"id":137531,"max":"https:\/\/cdn.assetlog.ai\/assets\/172883\/opel-astra-j-20-cdti-143kw-mt6-2014-aj-na-splatky-protiucet_24_max.webp","medium":"https:\/\/cdn.assetlog.ai\/assets\/172883\/opel-astra-j-20-cdti-143kw-mt6-2014-aj-na-splatky-protiucet_24_medium.webp","small":"https:\/\/cdn.assetlog.ai\/assets\/172883\/opel-astra-j-20-cdti-143kw-mt6-2014-aj-na-splatky-protiucet_24_small.webp"},{"id":137532,"max":"https:\/\/cdn.assetlog.ai\/assets\/172883\/opel-astra-j-20-cdti-143kw-mt6-2014-aj-na-splatky-protiucet_25_max.webp","medium":"https:\/\/cdn.assetlog.ai\/assets\/172883\/opel-astra-j-20-cdti-143kw-mt6-2014-aj-na-splatky-protiucet_25_medium.webp","small":"https:\/\/cdn.assetlog.ai\/assets\/172883\/opel-astra-j-20-cdti-143kw-mt6-2014-aj-na-splatky-protiucet_25_small.webp"},{"id":137533,"max":"https:\/\/cdn.assetlog.ai\/assets\/172883\/opel-astra-j-20-cdti-143kw-mt6-2014-aj-na-splatky-protiucet_26_max.webp","medium":"https:\/\/cdn.assetlog.ai\/assets\/172883\/opel-astra-j-20-cdti-143kw-mt6-2014-aj-na-splatky-protiucet_26_medium.webp","small":"https:\/\/cdn.assetlog.ai\/assets\/172883\/opel-astra-j-20-cdti-143kw-mt6-2014-aj-na-splatky-protiucet_26_small.webp"}],"published_at":null,"expires_at":null,"created_at":"2026-08-26T03:40:47+00:00","updated_at":"2026-09-02T03:41:18+00:00"}}