{"data":{"id":167686,"slug":"opel-zafira-tourer-20-cdti-ecotec-130k-enjoy-96kw-m6-aj-na-splatky-protiucet","type":"vehicle","title":"Opel Zafira Tourer 2.0 CDTi ECOTEC 130k Enjoy, 96kW, M6 \/ INSTALLMENTS AVAILABLE \/ TRADE-IN \/","description":"FINANCING \/ SALE \/ WARRANTY\nSale on commission \u2013 you buy the vehicle directly from the owner.\n\nOpel Zafira Tourer 2.0 CDTi ECOTEC 130 Enjoy, 96 kW is a spacious and practical family vehicle suitable for everyday driving as well as longer trips. The 2.0 CDTi diesel engine offers sufficient power while maintaining favorable fuel consumption, making it suitable for drivers who cover high mileage.\nThe vehicle was imported from France as a two-year-old and two keys are available. At 140,000 km, the timing belt was replaced. In 2025, the battery was replaced, and in July 2026, the rear brake discs and brake pads were replaced.\nThe vehicle is equipped with Matador summer tires, and a set of winter tires on steel rims is also included.\n\nWe offer favorable financing options with monthly installments, so you can enjoy your new vehicle immediately without unnecessary waiting, with down payment from 0% and installments up to 96 months. On the Autorro website, you can fill out a non-binding financing form.\n\nFor your greater comfort and peace of mind, we can provide you with extended warranty coverage of 12-36 months.\n\nIf you already own a car, you don't need to worry about selling it - in return, we will take it from you directly. You just need to come to us with it, we will evaluate it and deduct the amount from the value of your new vehicle. This way you save time, worry, and money, and the entire process will be quick and easy - you drive away in your new vehicle without unnecessary paperwork.\n\nThe vehicle is located near Top\u013e\u010dany.\nWe will provide further information at phone number 0902 712 917.\n\nVehicle number: TO287DM. Technical inspection valid until: January 15, 2027. Technical inspection valid until: January 15, 2027.\n\nTechnical Details\n\nYear of manufacture: 07\/12, 1956 cc, 96kW (131 PS), Drive: Front-wheel drive, Manual (6-speed), Diesel, EURO 5, 5-door, (5-seater), 212,715 km, Dark gray metallic, VIN W0LPD9EM5C2110651\n\nFuel Consumption (l\/100km)\n\nCity: 7, Highway: 4.5, Combined: 5.5\n\nService book, Trade-in possible, Financing available","language":"cs","is_translated":true,"title_original":"Opel Zafira Tourer 2.0 CDTi ECOTEC 130k Enjoy, 96kW, M6 \/ AJ NA SPL\u00c1TKY \/ PROTI\u00da\u010cET \/","description_original":"FINANCOV\u00c1N\u00cd \/ PRODEJ NA PRODEJ \/ Z\u00c1RUKA\nProdej na provizi \u2013 vozidlo kupujete p\u0159\u00edmo od majitele.\n\nOpel Zafira Tourer 2.0 CDTi ECOTEC 130 Enjoy, 96 kW je prostorn\u00e9 a praktick\u00e9 rodinn\u00e9 vozidlo vhodn\u00e9 pro ka\u017edodenn\u00ed j\u00edzdu i del\u0161\u00ed cesty. Dieselov\u00fd motor 2.0 CDTi nab\u00edz\u00ed dostate\u010dn\u00fd v\u00fdkon a z\u00e1rove\u0148 p\u0159\u00edznivou spot\u0159ebu, d\u00edky \u010demu\u017e je vhodn\u00fd i pro \u0159idi\u010de, kte\u0159\u00ed najezd\u00ed v\u011bt\u0161\u00ed po\u010det kilometr\u016f.\nVozidlo bylo dovezeno z Francie jako dvoulet\u00e9 a k dispozici jsou 2 kl\u00ed\u010de. P\u0159i 140 000 km byl vym\u011bn\u011bn rozvodov\u00fd \u0159emen. V roce 2025 byla vym\u011bn\u011bna baterie a v \u010dervenci 2026 byly vym\u011bn\u011bny zadn\u00ed brzdov\u00e9 kotou\u010de spolu s brzdov\u00fdmi desti\u010dkami.\nVozidlo je obuto do letn\u00edch pneumatik Matador, sou\u010d\u00e1st\u00ed v\u00fdbavy je tak\u00e9 sada zimn\u00edch pneumatik na ocelov\u00fdch r\u00e1fc\u00edch.\n\nNab\u00edz\u00edme mo\u017enost v\u00fdhodn\u00e9ho financov\u00e1n\u00ed s m\u011bs\u00ed\u010dn\u00edmi spl\u00e1tkami, tak\u017ee si sv\u00e9 nov\u00e9 vozidlo m\u016f\u017eete u\u017e\u00edt ihned, bez zbyte\u010dn\u00e9ho \u010dek\u00e1n\u00ed, s akontac\u00ed od 0 % a spl\u00e1tkami a\u017e na 96 m\u011bs\u00edc\u016f. Na str\u00e1nk\u00e1ch Autorro m\u016f\u017eete vyplnit nez\u00e1vazn\u00fd formul\u00e1\u0159 pro financov\u00e1n\u00ed.\n\nPro va\u0161e v\u011bt\u0161\u00ed pohodl\u00ed a jistotu v\u00e1m m\u016f\u017eeme poskytnout prodlou\u017eenou z\u00e1ruku a\u017e na 12-36 m\u011bs\u00edc\u016f.\n\nPokud ji\u017e v\u016fz vlastn\u00edte, nemus\u00edte se zab\u00fdvat jeho prodejem - na opl\u00e1tku si ho od v\u00e1s p\u0159\u00edmo vezmeme. Sta\u010d\u00ed, kdy\u017e k n\u00e1m s n\u00edm p\u0159ijdete, my ho ocen\u00edme a n\u00e1klady ode\u010dteme od hodnoty va\u0161eho nov\u00e9ho vozu. U\u0161et\u0159\u00edte tak \u010das, starosti i pen\u00edze a cel\u00fd proces bude rychl\u00fd a snadn\u00fd - odjedete rovnou ve sv\u00e9m nov\u00e9m voze bez zbyte\u010dn\u00e9ho pap\u00edrov\u00e1n\u00ed.\n\nVozidlo se nach\u00e1z\u00ed u Tpop\u013e\u010dan\u016f.\nDal\u0161\u00ed informace v\u00e1m poskytneme na telefonn\u00edm \u010d\u00edsle 0902 712 917.\n\n\u010c\u00edslo vozidla: TO287DM. Platnost technick\u00e9 kontroly do: 15. 1. 2027. Platnost technick\u00e9 kontroly do: 15. 1. 2027.\n\nTechnick\u00e9 \u00fadaje\n\nv.v.: 07\/12, 1956cm\u00b3, 96kW (131PS), Pohon: Pohon p\u0159edn\u00edch kol, Manu\u00e1ln\u00ed (6 st.), Diesel, EURO 5, 5 dv., (5-m\u00edstn\u00fd), 212 715km, \u0160ed\u00e1 tmav\u00e1 metal\u00edza, VIN W0LPD9EM5C2110651\n\nSpot\u0159eba vozidla (l\/100km)\n\nVe m\u011bst\u011b: 7, mimo m\u011bsto: 4.5, kombinovan\u00e1: 5.5\n\nServisn\u00ed kn\u00ed\u017eka, Mo\u017en\u00e1 v\u00fdm\u011bna, Mo\u017en\u00fd \u00fav\u011br","price":"139896.00","currency":"CZK","status":"active","noindex":true,"location":{"address":null,"full_address":null,"city":"Topo\u013e\u010dany","country":"SK","latitude":48.5594345,"longitude":18.1754394},"metadata":{"vin":"W0LPD9EM5C2110651","fuel":"diesel","year":2012,"brand":"Opel","color":"Grey","doors":5,"drive":"Front-wheel drive","model":"Zafira Tourer","seats":5,"region":"Nitriansky kraj","mileage":212715,"emisions":"Euro 5","features":["Alarm","6x airbag","EBD\/EBV","Posilova\u010d \u0159\u00edzen\u00ed","ABS","ESP","Protiprokluzov\u00fd syst\u00e9m kol (TC, ASR)","Brzdov\u00fd asistent (EBA, BAS)","ISOFIX na zadn\u00edch sedadlech","Deaktivace airbagu spolujezdce","Automatick\u00e1 klimatizace","Centr\u00e1ln\u00ed zamyk\u00e1n\u00ed","Zadn\u00ed el. stahovateln\u00e1 okna","Elektricky nastaviteln\u00e1 zp\u011btn\u00e1 zrc\u00e1tka","Centr\u00e1ln\u00ed zamyk\u00e1n\u00ed na d\u00e1lkov\u00e9 ovl\u00e1d\u00e1n\u00ed","Autor\u00e1dio","Multifunk\u010dn\u00ed volant","Loketn\u00ed op\u011brka vp\u0159edu","Venkovn\u00ed teplom\u011br","Klimatizovan\u00e1 p\u0159ihr\u00e1dka","Lit\u00e1 kola","Mlhovky","Imobiliz\u00e9r","Palubn\u00ed po\u010d\u00edta\u010d","Navigace","St\u0159e\u0161n\u00ed nosi\u010d","Tempomat","Elektricky vyh\u0159\u00edvan\u00e1 zp\u011btn\u00e1 zrc\u00e1tka","F\u00f3lie","Senzor st\u011bra\u010d\u016f","Zimn\u00ed sada kol","Start\/Stop syst\u00e9m","P\u0159edn\u00ed a zadn\u00ed parkovac\u00ed senzory","Bluetooth","Serv. kni\u017eka","Mo\u017en\u00e1 v\u00fdmena","Mo\u017en\u00fd \u00faver","Ko\u017een\u00fd bal\u00ed\u010dek","Odo-pass","LCD panel","sportovn\u00ed podvozek","r\u00e1dio Navi 900","dvouvrstv\u00fd metalick\u00fd lak"],"power_kw":96,"body_type":"MPV","condition":"Used","transmission":"manual","vat_deductible":false,"consumption_city":7,"translation_hash":"e3aa2fd60f5a5873c067f4f06dd4717d6e020398","vehicle_category":"car","engine_volume_cm3":1956,"first_registration":"2012-07-01","translation_status":"done","consumption_highway":4.5,"consumption_combined":5.5},"user_id":76,"is_sponsored":false,"views_count":3,"ai_views_count":4,"ai_vendor_counts":{"other":1,"openai":2,"anthropic":1},"visibility":"public","submission_source":null,"submission_ai_name":null,"has_owner_email":true,"can_contact_owner":true,"phone":"0902 712 917","owner_email":"ondruska@autorro.sk","user":{"id":76,"slug":"ing-marek-ondruska-76","name":"Ing. Marek Ondru\u0161ka","bio":"Makl\u00e9r. P\u016fsob\u00edm v Nitre a okol\u00ed.\n\nP\u016fsobnost: Nitra","nationality":null,"languages":[],"service_areas":[],"card_style":null,"card_palette":null,"avatar_url":"https:\/\/cdn.assetlog.ai\/avatars\/76\/avatar_max.webp?v=1786535213","avatar_thumb_url":"https:\/\/cdn.assetlog.ai\/avatars\/76\/avatar_small.webp?v=1786535213","reviews_count":0,"avg_rating":null,"seller_badge":"silver","can_calendar":true,"joined_at":"2026-07-30T03:46:23+00:00","primary_intent":null,"seeking":[],"public_assets_count":24,"public_prompts_count":0,"followers_count":0},"images":[{"id":135238,"max":"https:\/\/cdn.assetlog.ai\/assets\/167686\/opel-zafira-tourer-20-cdti-ecotec-130k-enjoy-96kw-m6-aj-na-splatky-protiucet_1_max.webp","medium":"https:\/\/cdn.assetlog.ai\/assets\/167686\/opel-zafira-tourer-20-cdti-ecotec-130k-enjoy-96kw-m6-aj-na-splatky-protiucet_1_medium.webp","small":"https:\/\/cdn.assetlog.ai\/assets\/167686\/opel-zafira-tourer-20-cdti-ecotec-130k-enjoy-96kw-m6-aj-na-splatky-protiucet_1_small.webp"},{"id":135239,"max":"https:\/\/cdn.assetlog.ai\/assets\/167686\/opel-zafira-tourer-20-cdti-ecotec-130k-enjoy-96kw-m6-aj-na-splatky-protiucet_2_max.webp","medium":"https:\/\/cdn.assetlog.ai\/assets\/167686\/opel-zafira-tourer-20-cdti-ecotec-130k-enjoy-96kw-m6-aj-na-splatky-protiucet_2_medium.webp","small":"https:\/\/cdn.assetlog.ai\/assets\/167686\/opel-zafira-tourer-20-cdti-ecotec-130k-enjoy-96kw-m6-aj-na-splatky-protiucet_2_small.webp"},{"id":135240,"max":"https:\/\/cdn.assetlog.ai\/assets\/167686\/opel-zafira-tourer-20-cdti-ecotec-130k-enjoy-96kw-m6-aj-na-splatky-protiucet_3_max.webp","medium":"https:\/\/cdn.assetlog.ai\/assets\/167686\/opel-zafira-tourer-20-cdti-ecotec-130k-enjoy-96kw-m6-aj-na-splatky-protiucet_3_medium.webp","small":"https:\/\/cdn.assetlog.ai\/assets\/167686\/opel-zafira-tourer-20-cdti-ecotec-130k-enjoy-96kw-m6-aj-na-splatky-protiucet_3_small.webp"},{"id":135241,"max":"https:\/\/cdn.assetlog.ai\/assets\/167686\/opel-zafira-tourer-20-cdti-ecotec-130k-enjoy-96kw-m6-aj-na-splatky-protiucet_4_max.webp","medium":"https:\/\/cdn.assetlog.ai\/assets\/167686\/opel-zafira-tourer-20-cdti-ecotec-130k-enjoy-96kw-m6-aj-na-splatky-protiucet_4_medium.webp","small":"https:\/\/cdn.assetlog.ai\/assets\/167686\/opel-zafira-tourer-20-cdti-ecotec-130k-enjoy-96kw-m6-aj-na-splatky-protiucet_4_small.webp"},{"id":135242,"max":"https:\/\/cdn.assetlog.ai\/assets\/167686\/opel-zafira-tourer-20-cdti-ecotec-130k-enjoy-96kw-m6-aj-na-splatky-protiucet_5_max.webp","medium":"https:\/\/cdn.assetlog.ai\/assets\/167686\/opel-zafira-tourer-20-cdti-ecotec-130k-enjoy-96kw-m6-aj-na-splatky-protiucet_5_medium.webp","small":"https:\/\/cdn.assetlog.ai\/assets\/167686\/opel-zafira-tourer-20-cdti-ecotec-130k-enjoy-96kw-m6-aj-na-splatky-protiucet_5_small.webp"},{"id":135243,"max":"https:\/\/cdn.assetlog.ai\/assets\/167686\/opel-zafira-tourer-20-cdti-ecotec-130k-enjoy-96kw-m6-aj-na-splatky-protiucet_6_max.webp","medium":"https:\/\/cdn.assetlog.ai\/assets\/167686\/opel-zafira-tourer-20-cdti-ecotec-130k-enjoy-96kw-m6-aj-na-splatky-protiucet_6_medium.webp","small":"https:\/\/cdn.assetlog.ai\/assets\/167686\/opel-zafira-tourer-20-cdti-ecotec-130k-enjoy-96kw-m6-aj-na-splatky-protiucet_6_small.webp"},{"id":135244,"max":"https:\/\/cdn.assetlog.ai\/assets\/167686\/opel-zafira-tourer-20-cdti-ecotec-130k-enjoy-96kw-m6-aj-na-splatky-protiucet_7_max.webp","medium":"https:\/\/cdn.assetlog.ai\/assets\/167686\/opel-zafira-tourer-20-cdti-ecotec-130k-enjoy-96kw-m6-aj-na-splatky-protiucet_7_medium.webp","small":"https:\/\/cdn.assetlog.ai\/assets\/167686\/opel-zafira-tourer-20-cdti-ecotec-130k-enjoy-96kw-m6-aj-na-splatky-protiucet_7_small.webp"},{"id":135245,"max":"https:\/\/cdn.assetlog.ai\/assets\/167686\/opel-zafira-tourer-20-cdti-ecotec-130k-enjoy-96kw-m6-aj-na-splatky-protiucet_8_max.webp","medium":"https:\/\/cdn.assetlog.ai\/assets\/167686\/opel-zafira-tourer-20-cdti-ecotec-130k-enjoy-96kw-m6-aj-na-splatky-protiucet_8_medium.webp","small":"https:\/\/cdn.assetlog.ai\/assets\/167686\/opel-zafira-tourer-20-cdti-ecotec-130k-enjoy-96kw-m6-aj-na-splatky-protiucet_8_small.webp"},{"id":135246,"max":"https:\/\/cdn.assetlog.ai\/assets\/167686\/opel-zafira-tourer-20-cdti-ecotec-130k-enjoy-96kw-m6-aj-na-splatky-protiucet_9_max.webp","medium":"https:\/\/cdn.assetlog.ai\/assets\/167686\/opel-zafira-tourer-20-cdti-ecotec-130k-enjoy-96kw-m6-aj-na-splatky-protiucet_9_medium.webp","small":"https:\/\/cdn.assetlog.ai\/assets\/167686\/opel-zafira-tourer-20-cdti-ecotec-130k-enjoy-96kw-m6-aj-na-splatky-protiucet_9_small.webp"},{"id":135247,"max":"https:\/\/cdn.assetlog.ai\/assets\/167686\/opel-zafira-tourer-20-cdti-ecotec-130k-enjoy-96kw-m6-aj-na-splatky-protiucet_10_max.webp","medium":"https:\/\/cdn.assetlog.ai\/assets\/167686\/opel-zafira-tourer-20-cdti-ecotec-130k-enjoy-96kw-m6-aj-na-splatky-protiucet_10_medium.webp","small":"https:\/\/cdn.assetlog.ai\/assets\/167686\/opel-zafira-tourer-20-cdti-ecotec-130k-enjoy-96kw-m6-aj-na-splatky-protiucet_10_small.webp"},{"id":135248,"max":"https:\/\/cdn.assetlog.ai\/assets\/167686\/opel-zafira-tourer-20-cdti-ecotec-130k-enjoy-96kw-m6-aj-na-splatky-protiucet_11_max.webp","medium":"https:\/\/cdn.assetlog.ai\/assets\/167686\/opel-zafira-tourer-20-cdti-ecotec-130k-enjoy-96kw-m6-aj-na-splatky-protiucet_11_medium.webp","small":"https:\/\/cdn.assetlog.ai\/assets\/167686\/opel-zafira-tourer-20-cdti-ecotec-130k-enjoy-96kw-m6-aj-na-splatky-protiucet_11_small.webp"},{"id":135249,"max":"https:\/\/cdn.assetlog.ai\/assets\/167686\/opel-zafira-tourer-20-cdti-ecotec-130k-enjoy-96kw-m6-aj-na-splatky-protiucet_12_max.webp","medium":"https:\/\/cdn.assetlog.ai\/assets\/167686\/opel-zafira-tourer-20-cdti-ecotec-130k-enjoy-96kw-m6-aj-na-splatky-protiucet_12_medium.webp","small":"https:\/\/cdn.assetlog.ai\/assets\/167686\/opel-zafira-tourer-20-cdti-ecotec-130k-enjoy-96kw-m6-aj-na-splatky-protiucet_12_small.webp"},{"id":135250,"max":"https:\/\/cdn.assetlog.ai\/assets\/167686\/opel-zafira-tourer-20-cdti-ecotec-130k-enjoy-96kw-m6-aj-na-splatky-protiucet_13_max.webp","medium":"https:\/\/cdn.assetlog.ai\/assets\/167686\/opel-zafira-tourer-20-cdti-ecotec-130k-enjoy-96kw-m6-aj-na-splatky-protiucet_13_medium.webp","small":"https:\/\/cdn.assetlog.ai\/assets\/167686\/opel-zafira-tourer-20-cdti-ecotec-130k-enjoy-96kw-m6-aj-na-splatky-protiucet_13_small.webp"},{"id":135251,"max":"https:\/\/cdn.assetlog.ai\/assets\/167686\/opel-zafira-tourer-20-cdti-ecotec-130k-enjoy-96kw-m6-aj-na-splatky-protiucet_14_max.webp","medium":"https:\/\/cdn.assetlog.ai\/assets\/167686\/opel-zafira-tourer-20-cdti-ecotec-130k-enjoy-96kw-m6-aj-na-splatky-protiucet_14_medium.webp","small":"https:\/\/cdn.assetlog.ai\/assets\/167686\/opel-zafira-tourer-20-cdti-ecotec-130k-enjoy-96kw-m6-aj-na-splatky-protiucet_14_small.webp"},{"id":135252,"max":"https:\/\/cdn.assetlog.ai\/assets\/167686\/opel-zafira-tourer-20-cdti-ecotec-130k-enjoy-96kw-m6-aj-na-splatky-protiucet_15_max.webp","medium":"https:\/\/cdn.assetlog.ai\/assets\/167686\/opel-zafira-tourer-20-cdti-ecotec-130k-enjoy-96kw-m6-aj-na-splatky-protiucet_15_medium.webp","small":"https:\/\/cdn.assetlog.ai\/assets\/167686\/opel-zafira-tourer-20-cdti-ecotec-130k-enjoy-96kw-m6-aj-na-splatky-protiucet_15_small.webp"},{"id":135253,"max":"https:\/\/cdn.assetlog.ai\/assets\/167686\/opel-zafira-tourer-20-cdti-ecotec-130k-enjoy-96kw-m6-aj-na-splatky-protiucet_16_max.webp","medium":"https:\/\/cdn.assetlog.ai\/assets\/167686\/opel-zafira-tourer-20-cdti-ecotec-130k-enjoy-96kw-m6-aj-na-splatky-protiucet_16_medium.webp","small":"https:\/\/cdn.assetlog.ai\/assets\/167686\/opel-zafira-tourer-20-cdti-ecotec-130k-enjoy-96kw-m6-aj-na-splatky-protiucet_16_small.webp"},{"id":135254,"max":"https:\/\/cdn.assetlog.ai\/assets\/167686\/opel-zafira-tourer-20-cdti-ecotec-130k-enjoy-96kw-m6-aj-na-splatky-protiucet_17_max.webp","medium":"https:\/\/cdn.assetlog.ai\/assets\/167686\/opel-zafira-tourer-20-cdti-ecotec-130k-enjoy-96kw-m6-aj-na-splatky-protiucet_17_medium.webp","small":"https:\/\/cdn.assetlog.ai\/assets\/167686\/opel-zafira-tourer-20-cdti-ecotec-130k-enjoy-96kw-m6-aj-na-splatky-protiucet_17_small.webp"},{"id":135255,"max":"https:\/\/cdn.assetlog.ai\/assets\/167686\/opel-zafira-tourer-20-cdti-ecotec-130k-enjoy-96kw-m6-aj-na-splatky-protiucet_18_max.webp","medium":"https:\/\/cdn.assetlog.ai\/assets\/167686\/opel-zafira-tourer-20-cdti-ecotec-130k-enjoy-96kw-m6-aj-na-splatky-protiucet_18_medium.webp","small":"https:\/\/cdn.assetlog.ai\/assets\/167686\/opel-zafira-tourer-20-cdti-ecotec-130k-enjoy-96kw-m6-aj-na-splatky-protiucet_18_small.webp"},{"id":135256,"max":"https:\/\/cdn.assetlog.ai\/assets\/167686\/opel-zafira-tourer-20-cdti-ecotec-130k-enjoy-96kw-m6-aj-na-splatky-protiucet_19_max.webp","medium":"https:\/\/cdn.assetlog.ai\/assets\/167686\/opel-zafira-tourer-20-cdti-ecotec-130k-enjoy-96kw-m6-aj-na-splatky-protiucet_19_medium.webp","small":"https:\/\/cdn.assetlog.ai\/assets\/167686\/opel-zafira-tourer-20-cdti-ecotec-130k-enjoy-96kw-m6-aj-na-splatky-protiucet_19_small.webp"},{"id":135257,"max":"https:\/\/cdn.assetlog.ai\/assets\/167686\/opel-zafira-tourer-20-cdti-ecotec-130k-enjoy-96kw-m6-aj-na-splatky-protiucet_20_max.webp","medium":"https:\/\/cdn.assetlog.ai\/assets\/167686\/opel-zafira-tourer-20-cdti-ecotec-130k-enjoy-96kw-m6-aj-na-splatky-protiucet_20_medium.webp","small":"https:\/\/cdn.assetlog.ai\/assets\/167686\/opel-zafira-tourer-20-cdti-ecotec-130k-enjoy-96kw-m6-aj-na-splatky-protiucet_20_small.webp"},{"id":135258,"max":"https:\/\/cdn.assetlog.ai\/assets\/167686\/opel-zafira-tourer-20-cdti-ecotec-130k-enjoy-96kw-m6-aj-na-splatky-protiucet_21_max.webp","medium":"https:\/\/cdn.assetlog.ai\/assets\/167686\/opel-zafira-tourer-20-cdti-ecotec-130k-enjoy-96kw-m6-aj-na-splatky-protiucet_21_medium.webp","small":"https:\/\/cdn.assetlog.ai\/assets\/167686\/opel-zafira-tourer-20-cdti-ecotec-130k-enjoy-96kw-m6-aj-na-splatky-protiucet_21_small.webp"},{"id":135259,"max":"https:\/\/cdn.assetlog.ai\/assets\/167686\/opel-zafira-tourer-20-cdti-ecotec-130k-enjoy-96kw-m6-aj-na-splatky-protiucet_22_max.webp","medium":"https:\/\/cdn.assetlog.ai\/assets\/167686\/opel-zafira-tourer-20-cdti-ecotec-130k-enjoy-96kw-m6-aj-na-splatky-protiucet_22_medium.webp","small":"https:\/\/cdn.assetlog.ai\/assets\/167686\/opel-zafira-tourer-20-cdti-ecotec-130k-enjoy-96kw-m6-aj-na-splatky-protiucet_22_small.webp"},{"id":135260,"max":"https:\/\/cdn.assetlog.ai\/assets\/167686\/opel-zafira-tourer-20-cdti-ecotec-130k-enjoy-96kw-m6-aj-na-splatky-protiucet_23_max.webp","medium":"https:\/\/cdn.assetlog.ai\/assets\/167686\/opel-zafira-tourer-20-cdti-ecotec-130k-enjoy-96kw-m6-aj-na-splatky-protiucet_23_medium.webp","small":"https:\/\/cdn.assetlog.ai\/assets\/167686\/opel-zafira-tourer-20-cdti-ecotec-130k-enjoy-96kw-m6-aj-na-splatky-protiucet_23_small.webp"},{"id":135261,"max":"https:\/\/cdn.assetlog.ai\/assets\/167686\/opel-zafira-tourer-20-cdti-ecotec-130k-enjoy-96kw-m6-aj-na-splatky-protiucet_24_max.webp","medium":"https:\/\/cdn.assetlog.ai\/assets\/167686\/opel-zafira-tourer-20-cdti-ecotec-130k-enjoy-96kw-m6-aj-na-splatky-protiucet_24_medium.webp","small":"https:\/\/cdn.assetlog.ai\/assets\/167686\/opel-zafira-tourer-20-cdti-ecotec-130k-enjoy-96kw-m6-aj-na-splatky-protiucet_24_small.webp"},{"id":135262,"max":"https:\/\/cdn.assetlog.ai\/assets\/167686\/opel-zafira-tourer-20-cdti-ecotec-130k-enjoy-96kw-m6-aj-na-splatky-protiucet_25_max.webp","medium":"https:\/\/cdn.assetlog.ai\/assets\/167686\/opel-zafira-tourer-20-cdti-ecotec-130k-enjoy-96kw-m6-aj-na-splatky-protiucet_25_medium.webp","small":"https:\/\/cdn.assetlog.ai\/assets\/167686\/opel-zafira-tourer-20-cdti-ecotec-130k-enjoy-96kw-m6-aj-na-splatky-protiucet_25_small.webp"},{"id":135263,"max":"https:\/\/cdn.assetlog.ai\/assets\/167686\/opel-zafira-tourer-20-cdti-ecotec-130k-enjoy-96kw-m6-aj-na-splatky-protiucet_26_max.webp","medium":"https:\/\/cdn.assetlog.ai\/assets\/167686\/opel-zafira-tourer-20-cdti-ecotec-130k-enjoy-96kw-m6-aj-na-splatky-protiucet_26_medium.webp","small":"https:\/\/cdn.assetlog.ai\/assets\/167686\/opel-zafira-tourer-20-cdti-ecotec-130k-enjoy-96kw-m6-aj-na-splatky-protiucet_26_small.webp"},{"id":135264,"max":"https:\/\/cdn.assetlog.ai\/assets\/167686\/opel-zafira-tourer-20-cdti-ecotec-130k-enjoy-96kw-m6-aj-na-splatky-protiucet_27_max.webp","medium":"https:\/\/cdn.assetlog.ai\/assets\/167686\/opel-zafira-tourer-20-cdti-ecotec-130k-enjoy-96kw-m6-aj-na-splatky-protiucet_27_medium.webp","small":"https:\/\/cdn.assetlog.ai\/assets\/167686\/opel-zafira-tourer-20-cdti-ecotec-130k-enjoy-96kw-m6-aj-na-splatky-protiucet_27_small.webp"},{"id":135265,"max":"https:\/\/cdn.assetlog.ai\/assets\/167686\/opel-zafira-tourer-20-cdti-ecotec-130k-enjoy-96kw-m6-aj-na-splatky-protiucet_28_max.webp","medium":"https:\/\/cdn.assetlog.ai\/assets\/167686\/opel-zafira-tourer-20-cdti-ecotec-130k-enjoy-96kw-m6-aj-na-splatky-protiucet_28_medium.webp","small":"https:\/\/cdn.assetlog.ai\/assets\/167686\/opel-zafira-tourer-20-cdti-ecotec-130k-enjoy-96kw-m6-aj-na-splatky-protiucet_28_small.webp"},{"id":135266,"max":"https:\/\/cdn.assetlog.ai\/assets\/167686\/opel-zafira-tourer-20-cdti-ecotec-130k-enjoy-96kw-m6-aj-na-splatky-protiucet_29_max.webp","medium":"https:\/\/cdn.assetlog.ai\/assets\/167686\/opel-zafira-tourer-20-cdti-ecotec-130k-enjoy-96kw-m6-aj-na-splatky-protiucet_29_medium.webp","small":"https:\/\/cdn.assetlog.ai\/assets\/167686\/opel-zafira-tourer-20-cdti-ecotec-130k-enjoy-96kw-m6-aj-na-splatky-protiucet_29_small.webp"},{"id":135267,"max":"https:\/\/cdn.assetlog.ai\/assets\/167686\/opel-zafira-tourer-20-cdti-ecotec-130k-enjoy-96kw-m6-aj-na-splatky-protiucet_30_max.webp","medium":"https:\/\/cdn.assetlog.ai\/assets\/167686\/opel-zafira-tourer-20-cdti-ecotec-130k-enjoy-96kw-m6-aj-na-splatky-protiucet_30_medium.webp","small":"https:\/\/cdn.assetlog.ai\/assets\/167686\/opel-zafira-tourer-20-cdti-ecotec-130k-enjoy-96kw-m6-aj-na-splatky-protiucet_30_small.webp"},{"id":135268,"max":"https:\/\/cdn.assetlog.ai\/assets\/167686\/opel-zafira-tourer-20-cdti-ecotec-130k-enjoy-96kw-m6-aj-na-splatky-protiucet_31_max.webp","medium":"https:\/\/cdn.assetlog.ai\/assets\/167686\/opel-zafira-tourer-20-cdti-ecotec-130k-enjoy-96kw-m6-aj-na-splatky-protiucet_31_medium.webp","small":"https:\/\/cdn.assetlog.ai\/assets\/167686\/opel-zafira-tourer-20-cdti-ecotec-130k-enjoy-96kw-m6-aj-na-splatky-protiucet_31_small.webp"},{"id":135269,"max":"https:\/\/cdn.assetlog.ai\/assets\/167686\/opel-zafira-tourer-20-cdti-ecotec-130k-enjoy-96kw-m6-aj-na-splatky-protiucet_32_max.webp","medium":"https:\/\/cdn.assetlog.ai\/assets\/167686\/opel-zafira-tourer-20-cdti-ecotec-130k-enjoy-96kw-m6-aj-na-splatky-protiucet_32_medium.webp","small":"https:\/\/cdn.assetlog.ai\/assets\/167686\/opel-zafira-tourer-20-cdti-ecotec-130k-enjoy-96kw-m6-aj-na-splatky-protiucet_32_small.webp"},{"id":135270,"max":"https:\/\/cdn.assetlog.ai\/assets\/167686\/opel-zafira-tourer-20-cdti-ecotec-130k-enjoy-96kw-m6-aj-na-splatky-protiucet_33_max.webp","medium":"https:\/\/cdn.assetlog.ai\/assets\/167686\/opel-zafira-tourer-20-cdti-ecotec-130k-enjoy-96kw-m6-aj-na-splatky-protiucet_33_medium.webp","small":"https:\/\/cdn.assetlog.ai\/assets\/167686\/opel-zafira-tourer-20-cdti-ecotec-130k-enjoy-96kw-m6-aj-na-splatky-protiucet_33_small.webp"},{"id":135271,"max":"https:\/\/cdn.assetlog.ai\/assets\/167686\/opel-zafira-tourer-20-cdti-ecotec-130k-enjoy-96kw-m6-aj-na-splatky-protiucet_34_max.webp","medium":"https:\/\/cdn.assetlog.ai\/assets\/167686\/opel-zafira-tourer-20-cdti-ecotec-130k-enjoy-96kw-m6-aj-na-splatky-protiucet_34_medium.webp","small":"https:\/\/cdn.assetlog.ai\/assets\/167686\/opel-zafira-tourer-20-cdti-ecotec-130k-enjoy-96kw-m6-aj-na-splatky-protiucet_34_small.webp"},{"id":135272,"max":"https:\/\/cdn.assetlog.ai\/assets\/167686\/opel-zafira-tourer-20-cdti-ecotec-130k-enjoy-96kw-m6-aj-na-splatky-protiucet_35_max.webp","medium":"https:\/\/cdn.assetlog.ai\/assets\/167686\/opel-zafira-tourer-20-cdti-ecotec-130k-enjoy-96kw-m6-aj-na-splatky-protiucet_35_medium.webp","small":"https:\/\/cdn.assetlog.ai\/assets\/167686\/opel-zafira-tourer-20-cdti-ecotec-130k-enjoy-96kw-m6-aj-na-splatky-protiucet_35_small.webp"},{"id":135273,"max":"https:\/\/cdn.assetlog.ai\/assets\/167686\/opel-zafira-tourer-20-cdti-ecotec-130k-enjoy-96kw-m6-aj-na-splatky-protiucet_36_max.webp","medium":"https:\/\/cdn.assetlog.ai\/assets\/167686\/opel-zafira-tourer-20-cdti-ecotec-130k-enjoy-96kw-m6-aj-na-splatky-protiucet_36_medium.webp","small":"https:\/\/cdn.assetlog.ai\/assets\/167686\/opel-zafira-tourer-20-cdti-ecotec-130k-enjoy-96kw-m6-aj-na-splatky-protiucet_36_small.webp"},{"id":135274,"max":"https:\/\/cdn.assetlog.ai\/assets\/167686\/opel-zafira-tourer-20-cdti-ecotec-130k-enjoy-96kw-m6-aj-na-splatky-protiucet_37_max.webp","medium":"https:\/\/cdn.assetlog.ai\/assets\/167686\/opel-zafira-tourer-20-cdti-ecotec-130k-enjoy-96kw-m6-aj-na-splatky-protiucet_37_medium.webp","small":"https:\/\/cdn.assetlog.ai\/assets\/167686\/opel-zafira-tourer-20-cdti-ecotec-130k-enjoy-96kw-m6-aj-na-splatky-protiucet_37_small.webp"},{"id":135275,"max":"https:\/\/cdn.assetlog.ai\/assets\/167686\/opel-zafira-tourer-20-cdti-ecotec-130k-enjoy-96kw-m6-aj-na-splatky-protiucet_38_max.webp","medium":"https:\/\/cdn.assetlog.ai\/assets\/167686\/opel-zafira-tourer-20-cdti-ecotec-130k-enjoy-96kw-m6-aj-na-splatky-protiucet_38_medium.webp","small":"https:\/\/cdn.assetlog.ai\/assets\/167686\/opel-zafira-tourer-20-cdti-ecotec-130k-enjoy-96kw-m6-aj-na-splatky-protiucet_38_small.webp"},{"id":135276,"max":"https:\/\/cdn.assetlog.ai\/assets\/167686\/opel-zafira-tourer-20-cdti-ecotec-130k-enjoy-96kw-m6-aj-na-splatky-protiucet_39_max.webp","medium":"https:\/\/cdn.assetlog.ai\/assets\/167686\/opel-zafira-tourer-20-cdti-ecotec-130k-enjoy-96kw-m6-aj-na-splatky-protiucet_39_medium.webp","small":"https:\/\/cdn.assetlog.ai\/assets\/167686\/opel-zafira-tourer-20-cdti-ecotec-130k-enjoy-96kw-m6-aj-na-splatky-protiucet_39_small.webp"},{"id":135277,"max":"https:\/\/cdn.assetlog.ai\/assets\/167686\/opel-zafira-tourer-20-cdti-ecotec-130k-enjoy-96kw-m6-aj-na-splatky-protiucet_40_max.webp","medium":"https:\/\/cdn.assetlog.ai\/assets\/167686\/opel-zafira-tourer-20-cdti-ecotec-130k-enjoy-96kw-m6-aj-na-splatky-protiucet_40_medium.webp","small":"https:\/\/cdn.assetlog.ai\/assets\/167686\/opel-zafira-tourer-20-cdti-ecotec-130k-enjoy-96kw-m6-aj-na-splatky-protiucet_40_small.webp"}],"published_at":null,"expires_at":null,"created_at":"2026-08-22T03:40:41+00:00","updated_at":"2026-09-02T03:41:30+00:00"}}