{"data":{"id":118870,"slug":"porsche-macan-t-pdk-195-kw-1-majitel","type":"vehicle","title":"Porsche Macan T PDK 195 kw \/ 1st Owner \/","description":"Commission sale - you are buying the vehicle directly from the owner.\n\nI am offering a Porsche Macan T from the first owner for sale. The vehicle has been regularly serviced at an authorized Porsche service center.\n\nIt has passed insurance record verification, execution record verification, paint measurement verification, and document verification. Physical inspection and verification through the vehicle operating records register.\n\nWe offer favorable financing in monthly installments, so you can enjoy your new car immediately and without waiting with 0% down payment and installments up to 96 months.\n\nFor your greater convenience and peace of mind, we can provide you with an extended warranty of up to 12-36 months.\n\nIf you already own a car, you don't have to deal with selling it - in return, we will take it directly from you. Just come to us with it, we will evaluate it and deduct the costs from the value of your new car. You will save time, worry and money, and the whole process will be quick and easy - you will drive away in your new car without unnecessary paperwork.\n\nTHE VEHICLE IS LOCATED IN Bratislava. For more information, please call us at +421 917 708 184.\n\nTechnical Data\n\nYear of manufacture: 08\/2022, 1984 cm\u00b3, 195 kW (265 PS), Drive: 4\u00d74, Automatic transmission (7-speed), Petrol, EURO 6, 5-door, (5-seater), 117,992 km, Black metallic, VIN WP1ZZZ951PLB00485\n\nVehicle Consumption (l\/100km)\n\nCombined: 8.8\n\nFirst owner, Service booklet, Manufactured in EU, Lease available, Like new bought in Slovakia, Credit available, Top condition, Complete service history","language":"cs","is_translated":true,"title_original":"Porsche Macan T PDK 195 kw \/ 1. Majitel \/","description_original":"Komisn\u00ed prodej - vozidlo kupujete p\u0159\u00edmo od majitele.\n\nNab\u00edz\u00edm k prodeji Porsche Macan T od prvn\u00edho majitele. Vozidlo je pravideln\u011b servisov\u00e1no v autorizovan\u00e9m servisu Porsche.\n\nPro\u0161la kontrolou z\u00e1znam\u016f o poji\u0161t\u011bn\u00ed, kontrolou z\u00e1znam\u016f o exekuci, kontrolou m\u011b\u0159en\u00ed barvy a kontrolou dokument\u016f. Kontrola fyzick\u00e1 i prost\u0159ednictv\u00edm registru provozn\u00edch z\u00e1znam\u016f vozidla.\n\nNab\u00edz\u00edme v\u00fdhodn\u00e9 financov\u00e1n\u00ed na m\u011bs\u00ed\u010dn\u00ed spl\u00e1tky, tak\u017ee si sv\u016fj nov\u00fd v\u016fz m\u016f\u017eete u\u017e\u00edvat hned a bez \u010dek\u00e1n\u00ed s akontac\u00ed 0 % a spl\u00e1tkami a\u017e na 96 m\u011bs\u00edc\u016f.\n\nPro va\u0161e v\u011bt\u0161\u00ed pohodl\u00ed a jistotu v\u00e1m m\u016f\u017eeme poskytnout prodlou\u017eenou z\u00e1ruku a\u017e na 12-36 m\u011bs\u00edc\u016f.\n\nPokud ji\u017e v\u016fz vlastn\u00edte, nemus\u00edte se zab\u00fdvat jeho prodejem - na opl\u00e1tku si ho od v\u00e1s p\u0159\u00edmo vezmeme. Sta\u010d\u00ed, kdy\u017e k n\u00e1m s n\u00edm p\u0159ijdete, my ho ocen\u00edme a n\u00e1klady ode\u010dteme od hodnoty va\u0161eho nov\u00e9ho vozu. U\u0161et\u0159\u00edte tak \u010das, starosti i pen\u00edze a cel\u00fd proces bude rychl\u00fd a snadn\u00fd - odjedete rovnou ve sv\u00e9m nov\u00e9m voze bez zbyte\u010dn\u00e9ho pap\u00edrov\u00e1n\u00ed.\n\nVOZIDLO SE NACH\u00c1Z\u00cd V Bratislave. V\u00edce informac\u00ed v\u00e1m r\u00e1di poskytneme na telefonn\u00edm \u010d\u00edsle +421 917 708 184.\n\nTechnick\u00e9 \u00fadaje\n\nv.v.: 08\/2022, 1984cm\u00b3, 195kW (265PS), Pohon: 4\u00d74, Automatick\u00e1 p\u0159evodovka (7 st.), Benz\u00edn, EURO 6, 5 dv., (5-m\u00edstn\u00fd), 117 992km, \u010cern\u00e1 metal\u00edza, VIN WP1ZZZ951PLB00485\n\nSpot\u0159eba vozidla (l\/100km)\n\nkombinovan\u00e1: 8.8\n\nPrvn\u00ed majitel, Servisn\u00ed kn\u00ed\u017eka, Vyroben\u00e9 v EU, Mo\u017en\u00fd leasing, Jako nov\u00e9 koupen\u00e9 v SR, Mo\u017en\u00fd \u00fav\u011br, TOP stav, \u00dapln\u00e1 servisn\u00ed historie","price":"1041030.00","currency":"CZK","status":"active","noindex":true,"location":{"address":null,"full_address":null,"city":"Bratislava","country":"SK","latitude":48.1516988,"longitude":17.1093063},"metadata":{"vin":"WP1ZZZ951PLB00485","fuel":"petrol","year":2022,"brand":"Porsche","color":"Black","doors":5,"drive":"AWD \/ 4x4","model":"Macan","seats":5,"region":"Bratislavsk\u00fd kraj","mileage":117992,"emisions":"Euro 6","features":["Alarm","Posilova\u010d \u0159\u00edzen\u00ed","ABS","ESP","Brzdov\u00fd asistent (EBA, BAS)","ISOFIX na zadn\u00edch sedadlech","Deaktivace airbagu spolujezdce","Nat\u00e1\u010dec\u00ed sv\u011btlomety","Senzor tlaku","Asistent d\u00e1lkov\u00fdch sv\u011btel (HBA)","Automatick\u00e9 zabrzd\u011bn\u00ed v kopci","Centr\u00e1ln\u00ed zamyk\u00e1n\u00ed","Zadn\u00ed el. stahovateln\u00e1 okna","El. nastaviteln\u00e1 p\u0159edn\u00ed sedadla","Elektricky nastaviteln\u00e1 zp\u011btn\u00e1 zrc\u00e1tka","Centr\u00e1ln\u00ed zamyk\u00e1n\u00ed na d\u00e1lkov\u00e9 ovl\u00e1d\u00e1n\u00ed","Multifunk\u010dn\u00ed volant","Loketn\u00ed op\u011brka vp\u0159edu","Automatick\u00e1 3-z\u00f3nov\u00e1 klimatizace","Apple Car Play","Android Auto","P\u00e1dla pod volantem","Bose audio","Navigace","Tempomat","Ko\u017een\u00fd interi\u00e9r","T\u00f3novan\u00e1 skla","Vyh\u0159\u00edvan\u00e1 sedadla","Elektricky vyh\u0159\u00edvan\u00e1 zp\u011btn\u00e1 zrc\u00e1tka","Senzor st\u011bra\u010d\u016f","Sv\u011bteln\u00fd senzor","Zimn\u00ed sada kol","Start\/Stop syst\u00e9m","P\u0159edn\u00ed a zadn\u00ed parkovac\u00ed senzory","El. ovl\u00e1dan\u00fd kufr","Elektrick\u00e9 dov\u00edr\u00e1n\u00ed zavazadlov\u00e9ho prostoru","Bluetooth","Vyh\u0159\u00edvan\u00fd volant","Denn\u00ed sv\u00edcen\u00ed","LED sv\u011btlomety","Dotykov\u00e1 obrazovka","Pam\u011b\u0165 nastaven\u00ed sedadla \u0159idi\u010de","Zadn\u00ed spoiler","Prv\u00fd majite\u013e","Serv. kni\u017eka","Vyroben\u00e9 v EU","Mo\u017en\u00fd leasing","Ako nov\u00e9 k\u00fapen\u00e9 v SR","Mo\u017en\u00fd \u00faver","TOP stav!","\u00dapln\u00e1 servisn\u00e1 hist\u00f3ria","Asistent udr\u017eov\u00e1n\u00ed j\u00edzdn\u00edho pruhu","Asistent rozjezdu do kopce","audiosyst\u00e9m BOSE","multifunk\u010dn\u00ed vyh\u0159\u00edvan\u00fd sportovn\u00ed volant GT","nastaviteln\u00e9 klapky v\u00fdfuku","varov\u00e1n\u00ed p\u0159ed opu\u0161t\u011bn\u00edm j\u00edzdn\u00edho pruhu"],"power_kw":195,"body_type":"SUV","condition":"Used","transmission":"automatic","vat_deductible":false,"consumption_city":null,"translation_hash":"7656ee3452e3cecb177dcfe6e36424234dc554ff","vehicle_category":"car","engine_volume_cm3":1984,"first_registration":"2022-08-01","translation_status":"done","consumption_highway":null,"consumption_combined":8.8},"user_id":55,"is_sponsored":false,"views_count":15,"ai_views_count":9,"ai_vendor_counts":{"other":2,"openai":4,"anthropic":3},"visibility":"public","submission_source":null,"submission_ai_name":null,"has_owner_email":true,"can_contact_owner":true,"phone":"0917 708 184","owner_email":"mato@autorro.sk","user":{"id":55,"slug":"peter-mato-55","name":"Peter Ma\u0165o","bio":"Makl\u00e9r. P\u016fsob\u00edm v Bratislave a okol\u00ed.\n\nP\u016fsobnost: Bratislava","nationality":"SK","languages":["cs","sk"],"service_areas":[],"card_style":null,"card_palette":null,"avatar_url":"https:\/\/cdn.assetlog.ai\/avatars\/55\/avatar_max.webp?v=1786535213","avatar_thumb_url":"https:\/\/cdn.assetlog.ai\/avatars\/55\/avatar_small.webp?v=1786535213","reviews_count":0,"avg_rating":null,"seller_badge":"silver","can_calendar":true},"images":[{"id":97078,"max":"https:\/\/cdn.assetlog.ai\/assets\/118870\/porsche-macan-t-pdk-195-kw-1-majitel_1_max.webp","medium":"https:\/\/cdn.assetlog.ai\/assets\/118870\/porsche-macan-t-pdk-195-kw-1-majitel_1_medium.webp","small":"https:\/\/cdn.assetlog.ai\/assets\/118870\/porsche-macan-t-pdk-195-kw-1-majitel_1_small.webp"},{"id":97079,"max":"https:\/\/cdn.assetlog.ai\/assets\/118870\/porsche-macan-t-pdk-195-kw-1-majitel_2_max.webp","medium":"https:\/\/cdn.assetlog.ai\/assets\/118870\/porsche-macan-t-pdk-195-kw-1-majitel_2_medium.webp","small":"https:\/\/cdn.assetlog.ai\/assets\/118870\/porsche-macan-t-pdk-195-kw-1-majitel_2_small.webp"},{"id":97080,"max":"https:\/\/cdn.assetlog.ai\/assets\/118870\/porsche-macan-t-pdk-195-kw-1-majitel_3_max.webp","medium":"https:\/\/cdn.assetlog.ai\/assets\/118870\/porsche-macan-t-pdk-195-kw-1-majitel_3_medium.webp","small":"https:\/\/cdn.assetlog.ai\/assets\/118870\/porsche-macan-t-pdk-195-kw-1-majitel_3_small.webp"},{"id":97081,"max":"https:\/\/cdn.assetlog.ai\/assets\/118870\/porsche-macan-t-pdk-195-kw-1-majitel_4_max.webp","medium":"https:\/\/cdn.assetlog.ai\/assets\/118870\/porsche-macan-t-pdk-195-kw-1-majitel_4_medium.webp","small":"https:\/\/cdn.assetlog.ai\/assets\/118870\/porsche-macan-t-pdk-195-kw-1-majitel_4_small.webp"},{"id":97082,"max":"https:\/\/cdn.assetlog.ai\/assets\/118870\/porsche-macan-t-pdk-195-kw-1-majitel_5_max.webp","medium":"https:\/\/cdn.assetlog.ai\/assets\/118870\/porsche-macan-t-pdk-195-kw-1-majitel_5_medium.webp","small":"https:\/\/cdn.assetlog.ai\/assets\/118870\/porsche-macan-t-pdk-195-kw-1-majitel_5_small.webp"},{"id":97083,"max":"https:\/\/cdn.assetlog.ai\/assets\/118870\/porsche-macan-t-pdk-195-kw-1-majitel_6_max.webp","medium":"https:\/\/cdn.assetlog.ai\/assets\/118870\/porsche-macan-t-pdk-195-kw-1-majitel_6_medium.webp","small":"https:\/\/cdn.assetlog.ai\/assets\/118870\/porsche-macan-t-pdk-195-kw-1-majitel_6_small.webp"},{"id":97084,"max":"https:\/\/cdn.assetlog.ai\/assets\/118870\/porsche-macan-t-pdk-195-kw-1-majitel_7_max.webp","medium":"https:\/\/cdn.assetlog.ai\/assets\/118870\/porsche-macan-t-pdk-195-kw-1-majitel_7_medium.webp","small":"https:\/\/cdn.assetlog.ai\/assets\/118870\/porsche-macan-t-pdk-195-kw-1-majitel_7_small.webp"},{"id":97085,"max":"https:\/\/cdn.assetlog.ai\/assets\/118870\/porsche-macan-t-pdk-195-kw-1-majitel_8_max.webp","medium":"https:\/\/cdn.assetlog.ai\/assets\/118870\/porsche-macan-t-pdk-195-kw-1-majitel_8_medium.webp","small":"https:\/\/cdn.assetlog.ai\/assets\/118870\/porsche-macan-t-pdk-195-kw-1-majitel_8_small.webp"},{"id":97086,"max":"https:\/\/cdn.assetlog.ai\/assets\/118870\/porsche-macan-t-pdk-195-kw-1-majitel_9_max.webp","medium":"https:\/\/cdn.assetlog.ai\/assets\/118870\/porsche-macan-t-pdk-195-kw-1-majitel_9_medium.webp","small":"https:\/\/cdn.assetlog.ai\/assets\/118870\/porsche-macan-t-pdk-195-kw-1-majitel_9_small.webp"},{"id":97087,"max":"https:\/\/cdn.assetlog.ai\/assets\/118870\/porsche-macan-t-pdk-195-kw-1-majitel_10_max.webp","medium":"https:\/\/cdn.assetlog.ai\/assets\/118870\/porsche-macan-t-pdk-195-kw-1-majitel_10_medium.webp","small":"https:\/\/cdn.assetlog.ai\/assets\/118870\/porsche-macan-t-pdk-195-kw-1-majitel_10_small.webp"},{"id":97088,"max":"https:\/\/cdn.assetlog.ai\/assets\/118870\/porsche-macan-t-pdk-195-kw-1-majitel_11_max.webp","medium":"https:\/\/cdn.assetlog.ai\/assets\/118870\/porsche-macan-t-pdk-195-kw-1-majitel_11_medium.webp","small":"https:\/\/cdn.assetlog.ai\/assets\/118870\/porsche-macan-t-pdk-195-kw-1-majitel_11_small.webp"},{"id":97089,"max":"https:\/\/cdn.assetlog.ai\/assets\/118870\/porsche-macan-t-pdk-195-kw-1-majitel_12_max.webp","medium":"https:\/\/cdn.assetlog.ai\/assets\/118870\/porsche-macan-t-pdk-195-kw-1-majitel_12_medium.webp","small":"https:\/\/cdn.assetlog.ai\/assets\/118870\/porsche-macan-t-pdk-195-kw-1-majitel_12_small.webp"},{"id":97090,"max":"https:\/\/cdn.assetlog.ai\/assets\/118870\/porsche-macan-t-pdk-195-kw-1-majitel_13_max.webp","medium":"https:\/\/cdn.assetlog.ai\/assets\/118870\/porsche-macan-t-pdk-195-kw-1-majitel_13_medium.webp","small":"https:\/\/cdn.assetlog.ai\/assets\/118870\/porsche-macan-t-pdk-195-kw-1-majitel_13_small.webp"},{"id":97091,"max":"https:\/\/cdn.assetlog.ai\/assets\/118870\/porsche-macan-t-pdk-195-kw-1-majitel_14_max.webp","medium":"https:\/\/cdn.assetlog.ai\/assets\/118870\/porsche-macan-t-pdk-195-kw-1-majitel_14_medium.webp","small":"https:\/\/cdn.assetlog.ai\/assets\/118870\/porsche-macan-t-pdk-195-kw-1-majitel_14_small.webp"},{"id":97092,"max":"https:\/\/cdn.assetlog.ai\/assets\/118870\/porsche-macan-t-pdk-195-kw-1-majitel_15_max.webp","medium":"https:\/\/cdn.assetlog.ai\/assets\/118870\/porsche-macan-t-pdk-195-kw-1-majitel_15_medium.webp","small":"https:\/\/cdn.assetlog.ai\/assets\/118870\/porsche-macan-t-pdk-195-kw-1-majitel_15_small.webp"},{"id":97093,"max":"https:\/\/cdn.assetlog.ai\/assets\/118870\/porsche-macan-t-pdk-195-kw-1-majitel_16_max.webp","medium":"https:\/\/cdn.assetlog.ai\/assets\/118870\/porsche-macan-t-pdk-195-kw-1-majitel_16_medium.webp","small":"https:\/\/cdn.assetlog.ai\/assets\/118870\/porsche-macan-t-pdk-195-kw-1-majitel_16_small.webp"},{"id":97094,"max":"https:\/\/cdn.assetlog.ai\/assets\/118870\/porsche-macan-t-pdk-195-kw-1-majitel_17_max.webp","medium":"https:\/\/cdn.assetlog.ai\/assets\/118870\/porsche-macan-t-pdk-195-kw-1-majitel_17_medium.webp","small":"https:\/\/cdn.assetlog.ai\/assets\/118870\/porsche-macan-t-pdk-195-kw-1-majitel_17_small.webp"},{"id":97095,"max":"https:\/\/cdn.assetlog.ai\/assets\/118870\/porsche-macan-t-pdk-195-kw-1-majitel_18_max.webp","medium":"https:\/\/cdn.assetlog.ai\/assets\/118870\/porsche-macan-t-pdk-195-kw-1-majitel_18_medium.webp","small":"https:\/\/cdn.assetlog.ai\/assets\/118870\/porsche-macan-t-pdk-195-kw-1-majitel_18_small.webp"},{"id":97096,"max":"https:\/\/cdn.assetlog.ai\/assets\/118870\/porsche-macan-t-pdk-195-kw-1-majitel_19_max.webp","medium":"https:\/\/cdn.assetlog.ai\/assets\/118870\/porsche-macan-t-pdk-195-kw-1-majitel_19_medium.webp","small":"https:\/\/cdn.assetlog.ai\/assets\/118870\/porsche-macan-t-pdk-195-kw-1-majitel_19_small.webp"},{"id":97097,"max":"https:\/\/cdn.assetlog.ai\/assets\/118870\/porsche-macan-t-pdk-195-kw-1-majitel_20_max.webp","medium":"https:\/\/cdn.assetlog.ai\/assets\/118870\/porsche-macan-t-pdk-195-kw-1-majitel_20_medium.webp","small":"https:\/\/cdn.assetlog.ai\/assets\/118870\/porsche-macan-t-pdk-195-kw-1-majitel_20_small.webp"},{"id":97098,"max":"https:\/\/cdn.assetlog.ai\/assets\/118870\/porsche-macan-t-pdk-195-kw-1-majitel_21_max.webp","medium":"https:\/\/cdn.assetlog.ai\/assets\/118870\/porsche-macan-t-pdk-195-kw-1-majitel_21_medium.webp","small":"https:\/\/cdn.assetlog.ai\/assets\/118870\/porsche-macan-t-pdk-195-kw-1-majitel_21_small.webp"},{"id":97099,"max":"https:\/\/cdn.assetlog.ai\/assets\/118870\/porsche-macan-t-pdk-195-kw-1-majitel_22_max.webp","medium":"https:\/\/cdn.assetlog.ai\/assets\/118870\/porsche-macan-t-pdk-195-kw-1-majitel_22_medium.webp","small":"https:\/\/cdn.assetlog.ai\/assets\/118870\/porsche-macan-t-pdk-195-kw-1-majitel_22_small.webp"},{"id":97100,"max":"https:\/\/cdn.assetlog.ai\/assets\/118870\/porsche-macan-t-pdk-195-kw-1-majitel_23_max.webp","medium":"https:\/\/cdn.assetlog.ai\/assets\/118870\/porsche-macan-t-pdk-195-kw-1-majitel_23_medium.webp","small":"https:\/\/cdn.assetlog.ai\/assets\/118870\/porsche-macan-t-pdk-195-kw-1-majitel_23_small.webp"},{"id":97101,"max":"https:\/\/cdn.assetlog.ai\/assets\/118870\/porsche-macan-t-pdk-195-kw-1-majitel_24_max.webp","medium":"https:\/\/cdn.assetlog.ai\/assets\/118870\/porsche-macan-t-pdk-195-kw-1-majitel_24_medium.webp","small":"https:\/\/cdn.assetlog.ai\/assets\/118870\/porsche-macan-t-pdk-195-kw-1-majitel_24_small.webp"},{"id":97102,"max":"https:\/\/cdn.assetlog.ai\/assets\/118870\/porsche-macan-t-pdk-195-kw-1-majitel_25_max.webp","medium":"https:\/\/cdn.assetlog.ai\/assets\/118870\/porsche-macan-t-pdk-195-kw-1-majitel_25_medium.webp","small":"https:\/\/cdn.assetlog.ai\/assets\/118870\/porsche-macan-t-pdk-195-kw-1-majitel_25_small.webp"},{"id":97103,"max":"https:\/\/cdn.assetlog.ai\/assets\/118870\/porsche-macan-t-pdk-195-kw-1-majitel_26_max.webp","medium":"https:\/\/cdn.assetlog.ai\/assets\/118870\/porsche-macan-t-pdk-195-kw-1-majitel_26_medium.webp","small":"https:\/\/cdn.assetlog.ai\/assets\/118870\/porsche-macan-t-pdk-195-kw-1-majitel_26_small.webp"},{"id":97104,"max":"https:\/\/cdn.assetlog.ai\/assets\/118870\/porsche-macan-t-pdk-195-kw-1-majitel_27_max.webp","medium":"https:\/\/cdn.assetlog.ai\/assets\/118870\/porsche-macan-t-pdk-195-kw-1-majitel_27_medium.webp","small":"https:\/\/cdn.assetlog.ai\/assets\/118870\/porsche-macan-t-pdk-195-kw-1-majitel_27_small.webp"},{"id":97105,"max":"https:\/\/cdn.assetlog.ai\/assets\/118870\/porsche-macan-t-pdk-195-kw-1-majitel_28_max.webp","medium":"https:\/\/cdn.assetlog.ai\/assets\/118870\/porsche-macan-t-pdk-195-kw-1-majitel_28_medium.webp","small":"https:\/\/cdn.assetlog.ai\/assets\/118870\/porsche-macan-t-pdk-195-kw-1-majitel_28_small.webp"},{"id":97106,"max":"https:\/\/cdn.assetlog.ai\/assets\/118870\/porsche-macan-t-pdk-195-kw-1-majitel_29_max.webp","medium":"https:\/\/cdn.assetlog.ai\/assets\/118870\/porsche-macan-t-pdk-195-kw-1-majitel_29_medium.webp","small":"https:\/\/cdn.assetlog.ai\/assets\/118870\/porsche-macan-t-pdk-195-kw-1-majitel_29_small.webp"},{"id":97107,"max":"https:\/\/cdn.assetlog.ai\/assets\/118870\/porsche-macan-t-pdk-195-kw-1-majitel_30_max.webp","medium":"https:\/\/cdn.assetlog.ai\/assets\/118870\/porsche-macan-t-pdk-195-kw-1-majitel_30_medium.webp","small":"https:\/\/cdn.assetlog.ai\/assets\/118870\/porsche-macan-t-pdk-195-kw-1-majitel_30_small.webp"},{"id":97108,"max":"https:\/\/cdn.assetlog.ai\/assets\/118870\/porsche-macan-t-pdk-195-kw-1-majitel_31_max.webp","medium":"https:\/\/cdn.assetlog.ai\/assets\/118870\/porsche-macan-t-pdk-195-kw-1-majitel_31_medium.webp","small":"https:\/\/cdn.assetlog.ai\/assets\/118870\/porsche-macan-t-pdk-195-kw-1-majitel_31_small.webp"},{"id":97109,"max":"https:\/\/cdn.assetlog.ai\/assets\/118870\/porsche-macan-t-pdk-195-kw-1-majitel_32_max.webp","medium":"https:\/\/cdn.assetlog.ai\/assets\/118870\/porsche-macan-t-pdk-195-kw-1-majitel_32_medium.webp","small":"https:\/\/cdn.assetlog.ai\/assets\/118870\/porsche-macan-t-pdk-195-kw-1-majitel_32_small.webp"},{"id":97110,"max":"https:\/\/cdn.assetlog.ai\/assets\/118870\/porsche-macan-t-pdk-195-kw-1-majitel_33_max.webp","medium":"https:\/\/cdn.assetlog.ai\/assets\/118870\/porsche-macan-t-pdk-195-kw-1-majitel_33_medium.webp","small":"https:\/\/cdn.assetlog.ai\/assets\/118870\/porsche-macan-t-pdk-195-kw-1-majitel_33_small.webp"},{"id":97111,"max":"https:\/\/cdn.assetlog.ai\/assets\/118870\/porsche-macan-t-pdk-195-kw-1-majitel_34_max.webp","medium":"https:\/\/cdn.assetlog.ai\/assets\/118870\/porsche-macan-t-pdk-195-kw-1-majitel_34_medium.webp","small":"https:\/\/cdn.assetlog.ai\/assets\/118870\/porsche-macan-t-pdk-195-kw-1-majitel_34_small.webp"},{"id":97112,"max":"https:\/\/cdn.assetlog.ai\/assets\/118870\/porsche-macan-t-pdk-195-kw-1-majitel_35_max.webp","medium":"https:\/\/cdn.assetlog.ai\/assets\/118870\/porsche-macan-t-pdk-195-kw-1-majitel_35_medium.webp","small":"https:\/\/cdn.assetlog.ai\/assets\/118870\/porsche-macan-t-pdk-195-kw-1-majitel_35_small.webp"},{"id":97113,"max":"https:\/\/cdn.assetlog.ai\/assets\/118870\/porsche-macan-t-pdk-195-kw-1-majitel_36_max.webp","medium":"https:\/\/cdn.assetlog.ai\/assets\/118870\/porsche-macan-t-pdk-195-kw-1-majitel_36_medium.webp","small":"https:\/\/cdn.assetlog.ai\/assets\/118870\/porsche-macan-t-pdk-195-kw-1-majitel_36_small.webp"},{"id":97114,"max":"https:\/\/cdn.assetlog.ai\/assets\/118870\/porsche-macan-t-pdk-195-kw-1-majitel_37_max.webp","medium":"https:\/\/cdn.assetlog.ai\/assets\/118870\/porsche-macan-t-pdk-195-kw-1-majitel_37_medium.webp","small":"https:\/\/cdn.assetlog.ai\/assets\/118870\/porsche-macan-t-pdk-195-kw-1-majitel_37_small.webp"},{"id":97115,"max":"https:\/\/cdn.assetlog.ai\/assets\/118870\/porsche-macan-t-pdk-195-kw-1-majitel_38_max.webp","medium":"https:\/\/cdn.assetlog.ai\/assets\/118870\/porsche-macan-t-pdk-195-kw-1-majitel_38_medium.webp","small":"https:\/\/cdn.assetlog.ai\/assets\/118870\/porsche-macan-t-pdk-195-kw-1-majitel_38_small.webp"},{"id":97116,"max":"https:\/\/cdn.assetlog.ai\/assets\/118870\/porsche-macan-t-pdk-195-kw-1-majitel_39_max.webp","medium":"https:\/\/cdn.assetlog.ai\/assets\/118870\/porsche-macan-t-pdk-195-kw-1-majitel_39_medium.webp","small":"https:\/\/cdn.assetlog.ai\/assets\/118870\/porsche-macan-t-pdk-195-kw-1-majitel_39_small.webp"},{"id":97117,"max":"https:\/\/cdn.assetlog.ai\/assets\/118870\/porsche-macan-t-pdk-195-kw-1-majitel_40_max.webp","medium":"https:\/\/cdn.assetlog.ai\/assets\/118870\/porsche-macan-t-pdk-195-kw-1-majitel_40_medium.webp","small":"https:\/\/cdn.assetlog.ai\/assets\/118870\/porsche-macan-t-pdk-195-kw-1-majitel_40_small.webp"}],"published_at":null,"expires_at":null,"created_at":"2026-07-14T03:40:02+00:00","updated_at":"2026-09-01T03:41:26+00:00"}}