{"data":{"id":167688,"slug":"porsche-panamera-turbo-4x4-404kw-a8-zaruka-aj-na-splatky-protiucet","type":"vehicle","title":"Porsche Panamera Turbo 4x4 \/ 404kW \/ A8 \/ WARRANTY \/ INSTALLMENTS AVAILABLE \/ TRADE-IN ACCEPTED","description":"The vehicle has a complete service history and service book. A major advantage is also the valid extended Porsche APPROVED warranty, which provides additional peace of mind when purchasing.\n\nAdditional information:\n\nComplete service history\nService book\nExtended Porsche APPROVED warranty\nRear axle with adjustable steering angle\n4.0 V8 Twin-Turbo\nAll-wheel drive 4x4\n\nThe equipment also includes a rear axle with steerable wheels, which improves handling, stability and maneuverability of the vehicle when cornering and maneuvering in the city.\n\nThe Porsche Panamera Turbo 4x4 is a luxury sports sedan that combines exceptional performance, comfort and sporty driving characteristics. The powerful Turbo engine combined with all-wheel drive 4x4 offers impressive dynamics while maintaining a high level of comfort.\n\nCommission sale - you purchase the vehicle directly from the owner.\n\nThe vehicle has passed inspection of insurance records, enforcement checks, paint thickness measurement and document verification. Physically inspected, also through the vehicle operational records registry.\n\nWe offer favorable financing with monthly installments, so you can enjoy your new car right away without waiting with 0% down payment and installments up to 96 months.\n\nFor your greater convenience and security, we can provide you with an extended warranty of up to 12-36 months.\n\nIf you already own a car, you don't have to worry about selling it - in return we'll take it directly from you. All you need to do is come to us with it, we'll appraise it and deduct the value from your new car. This way you'll save time, hassle and money and the whole process will be quick and easy - you'll drive away in your new car without unnecessary paperwork.\n\nVEHICLE LOCATED IN \u017dilina.\nFor more information, please call us at 0915 606 702. Registration: JBOOOO1.\n\nTechnical data\n\nFirst registration: 04\/17, 3996cm\u00b3, 404kW (549PS), Vehicle generation: , Drive: 4\u00d74, Automatic transmission (8-speed), Petrol, EURO 6, 5-door, (4-seater), 133,906km, Grey metallic, VIN WP0ZZZ97ZHL151688\n\nVehicle consumption (l\/100km)\n\nUrban: 14.4, Extra-urban: 8.1, Combined: 10.4\n\nLeasing possible, Credit possible, Under warranty, Complete service history","language":"cs","is_translated":true,"title_original":"Porsche Panamera Turbo 4x4 \/ 404kW \/ A8 \/ Z\u00c1RUKA \/ AJ NA SPL\u00c1TKY \/ PROTI\u00da\u010cET","description_original":"Vozidlo m\u00e1 kompletn\u00ed servisn\u00ed historii a servisn\u00ed kn\u00ed\u017eku. Velkou v\u00fdhodou je tak\u00e9 platn\u00e1 prodlou\u017een\u00e1 z\u00e1ruka Porsche APPROVED, kter\u00e1 poskytuje p\u0159i koupi dodate\u010dnou jistotu.\n\nDal\u0161\u00ed informace:\n\nKompletn\u00ed servisn\u00ed historie\nServisn\u00ed kn\u00ed\u017eka\nProdlou\u017een\u00e1 z\u00e1ruka Porsche APPROVED\nZadn\u00ed n\u00e1prava s nastaviteln\u00fdm \u00fahlem\n4,0 V8 Twin-Turbo\nPohon v\u0161ech kol 4x4\n\nSou\u010d\u00e1st\u00ed v\u00fdbavy je tak\u00e9 zadn\u00ed n\u00e1prava s nato\u010div\u00fdmi koly, kter\u00e1 zlep\u0161uje ovladatelnost, stabilitu a obratnost vozidla p\u0159i j\u00edzd\u011b v zat\u00e1\u010dk\u00e1ch i p\u0159i man\u00e9vrov\u00e1n\u00ed ve m\u011bst\u011b.\n\nPorsche Panamera Turbo 4x4 je luxusn\u00ed sportovn\u00ed sedan, kter\u00fd spojuje v\u00fdjime\u010dn\u00fd v\u00fdkon, komfort a sportovn\u00ed j\u00edzdn\u00ed vlastnosti. V\u00fdkonn\u00fd motor Turbo v kombinaci s pohonem v\u0161ech kol 4x4 nab\u00edz\u00ed p\u016fsobivou dynamiku a z\u00e1rove\u0148 vysokou \u00farove\u0148 komfortu.\n\nKomisn\u00ed prodej - vozidlo kupujete p\u0159\u00edmo od majitele.\n\nVozidlo pro\u0161lo kontrolou z\u00e1znam\u016f o poji\u0161t\u011bn\u00ed, exekuc\u00ed, m\u011b\u0159en\u00edm laku a kontrolou doklad\u016f. Zkontrolov\u00e1no fyzicky, tak\u00e9 prost\u0159ednictv\u00edm registru provozn\u00edch z\u00e1znam\u016f vozidla.\n\nNab\u00edz\u00edme v\u00fdhodn\u00e9 financov\u00e1n\u00ed na m\u011bs\u00ed\u010dn\u00ed spl\u00e1tky, tak\u017ee si sv\u016fj nov\u00fd v\u016fz m\u016f\u017eete u\u017e\u00edvat hned a bez \u010dek\u00e1n\u00ed s akontac\u00ed 0 % a spl\u00e1tkami a\u017e na 96 m\u011bs\u00edc\u016f.\n\nPro va\u0161e v\u011bt\u0161\u00ed pohodl\u00ed a jistotu v\u00e1m m\u016f\u017eeme poskytnout prodlou\u017eenou z\u00e1ruku a\u017e na 12-36 m\u011bs\u00edc\u016f.\n\nPokud ji\u017e v\u016fz vlastn\u00edte, nemus\u00edte se zab\u00fdvat jeho prodejem - na opl\u00e1tku si ho od v\u00e1s p\u0159\u00edmo vezmeme. Sta\u010d\u00ed, kdy\u017e k n\u00e1m s n\u00edm p\u0159ijdete, my ho ocen\u00edme a n\u00e1klady ode\u010dteme od hodnoty va\u0161eho nov\u00e9ho vozu. U\u0161et\u0159\u00edte tak \u010das, starosti i pen\u00edze a cel\u00fd proces bude rychl\u00fd a snadn\u00fd - odjedete rovnou ve sv\u00e9m nov\u00e9m voze bez zbyte\u010dn\u00e9ho pap\u00edrov\u00e1n\u00ed.\n\nVOZIDLO SE NACH\u00c1Z\u00cd V \u017diline.\nV\u00edce informac\u00ed v\u00e1m r\u00e1di poskytneme na telefonn\u00edm \u010d\u00edsle 0915 606 702. E\u010cV: JBOOOO1.\n\nTechnick\u00e9 \u00fadaje\n\nv.v.: 04\/17, 3996cm\u00b3, 404kW (549PS), Generace vozidla: , Pohon: 4\u00d74, Automatick\u00e1 p\u0159evodovka (8 st.), Benz\u00edn, EURO 6, 5 dv., (4-m\u00edstn\u00fd), 133 906km, \u0160ed\u00e1 metal\u00edza, VIN WP0ZZZ97ZHL151688\n\nSpot\u0159eba vozidla (l\/100km)\n\nVe m\u011bst\u011b: 14.4, mimo m\u011bsto: 8.1, kombinovan\u00e1: 10.4\n\nMo\u017en\u00fd leasing, Mo\u017en\u00fd \u00fav\u011br, V z\u00e1ruce, \u00dapln\u00e1 servisn\u00ed historie","price":"1674362.00","currency":"CZK","status":"active","noindex":true,"location":{"address":null,"full_address":null,"city":"\u017dilina","country":"SK","latitude":49.2234674,"longitude":18.7393139},"metadata":{"vin":"WP0ZZZ97ZHL151688","fuel":"petrol","year":2017,"brand":"Porsche","color":"Grey","doors":5,"drive":"AWD \/ 4x4","model":"Panamera","seats":4,"region":"\u017dilinsk\u00fd kraj","mileage":133906,"emisions":"Euro 6","features":["Alarm","EBD\/EBV","ABS","ESP","Protiprokluzov\u00fd syst\u00e9m kol (TC, ASR)","Brzdov\u00fd asistent (EBA, BAS)","Nat\u00e1\u010dec\u00ed sv\u011btlomety","Senzor tlaku","360\u00b0 monitorovac\u00ed syst\u00e9m (AVM)","Asistent d\u00e1lkov\u00fdch sv\u011btel (HBA)","Centr\u00e1ln\u00ed zamyk\u00e1n\u00ed","Zadn\u00ed el. stahovateln\u00e1 okna","El. nastaviteln\u00e1 p\u0159edn\u00ed sedadla","Elektricky nastaviteln\u00e1 zp\u011btn\u00e1 zrc\u00e1tka","Automatick\u00e1 2-z\u00f3nov\u00e1 klimatizace","Centr\u00e1ln\u00ed zamyk\u00e1n\u00ed na d\u00e1lkov\u00e9 ovl\u00e1d\u00e1n\u00ed","Autor\u00e1dio","Multifunk\u010dn\u00ed volant","Loketn\u00ed op\u011brka vp\u0159edu","Start\/Stop syst\u00e9m","Ost\u0159ikova\u010de sv\u011btlomet\u016f","P\u00e1dla pod volantem","Lit\u00e1 kola","Mlhovky","Palubn\u00ed po\u010d\u00edta\u010d","Navigace","Automatick\u00e9 parkov\u00e1n\u00ed","St\u0159e\u0161n\u00ed okno","Tempomat","Ko\u017een\u00fd interi\u00e9r","Vyh\u0159\u00edvan\u00e1 sedadla","Elektricky vyh\u0159\u00edvan\u00e1 zp\u011btn\u00e1 zrc\u00e1tka","Senzor st\u011bra\u010d\u016f","Sv\u011bteln\u00fd senzor","Parkovac\u00ed kamera","P\u0159edn\u00ed a zadn\u00ed parkovac\u00ed senzory","Elektrick\u00e9 dov\u00edr\u00e1n\u00ed v\u0161ech dve\u0159\u00ed","Bezkl\u00ed\u010dov\u00fd vstup","El. ovl\u00e1dan\u00fd kufr","Ventilovan\u00e1 p\u0159edn\u00ed sedadla","Panoramatick\u00e1 st\u0159echa","Bluetooth","Vyh\u0159\u00edvan\u00fd volant","Denn\u00ed sv\u00edcen\u00ed","LED sv\u011btlomety","Bezdotykov\u00e9 ovl\u00e1d\u00e1n\u00ed v\u00edka zavazadlov\u00e9ho prostoru","Pam\u011b\u0165 nastaven\u00ed sedadla \u0159idi\u010de","Mo\u017en\u00fd leasing","Mo\u017en\u00fd \u00faver","v z\u00e1ruke","\u00dapln\u00e1 servisn\u00e1 hist\u00f3ria","Adaptivn\u00ed podvozek","Odo-pass","Asistent rozjezdu do kopce","audiosyst\u00e9m Burmester"],"power_kw":404,"body_type":"Liftback","condition":"Used","transmission":"automatic","vat_deductible":true,"consumption_city":14.4,"translation_hash":"f76be42c842916bcffb882e2464fddd310d9359e","vehicle_category":"car","engine_volume_cm3":3996,"first_registration":"2017-04-01","translation_status":"done","consumption_highway":8.1,"consumption_combined":10.4},"user_id":51,"is_sponsored":false,"views_count":4,"ai_views_count":7,"ai_vendor_counts":{"meta":3,"other":1,"openai":2,"anthropic":1},"visibility":"public","submission_source":null,"submission_ai_name":null,"has_owner_email":true,"can_contact_owner":true,"phone":"0915 606 702","owner_email":"gazo@autorro.sk","user":{"id":51,"slug":"matej-gazo-51","name":"Matej Ga\u017eo","bio":"Makl\u00e9r. P\u016fsob\u00edm v \u017diline a okol\u00ed.\n\nP\u016fsobnost: \u017dilina","nationality":"SK","languages":["cs","sk"],"service_areas":[],"card_style":null,"card_palette":null,"avatar_url":"https:\/\/cdn.assetlog.ai\/avatars\/51\/avatar_max.webp?v=1786535213","avatar_thumb_url":"https:\/\/cdn.assetlog.ai\/avatars\/51\/avatar_small.webp?v=1786535213","reviews_count":0,"avg_rating":null,"seller_badge":"silver","can_calendar":true,"joined_at":"2026-06-07T14:20:25+00:00","primary_intent":null,"seeking":[],"public_assets_count":30,"public_prompts_count":0,"followers_count":0},"images":[{"id":135308,"max":"https:\/\/cdn.assetlog.ai\/assets\/167688\/porsche-panamera-turbo-4x4-404kw-a8-zaruka-aj-na-splatky-protiucet_1_max.webp","medium":"https:\/\/cdn.assetlog.ai\/assets\/167688\/porsche-panamera-turbo-4x4-404kw-a8-zaruka-aj-na-splatky-protiucet_1_medium.webp","small":"https:\/\/cdn.assetlog.ai\/assets\/167688\/porsche-panamera-turbo-4x4-404kw-a8-zaruka-aj-na-splatky-protiucet_1_small.webp"},{"id":135309,"max":"https:\/\/cdn.assetlog.ai\/assets\/167688\/porsche-panamera-turbo-4x4-404kw-a8-zaruka-aj-na-splatky-protiucet_2_max.webp","medium":"https:\/\/cdn.assetlog.ai\/assets\/167688\/porsche-panamera-turbo-4x4-404kw-a8-zaruka-aj-na-splatky-protiucet_2_medium.webp","small":"https:\/\/cdn.assetlog.ai\/assets\/167688\/porsche-panamera-turbo-4x4-404kw-a8-zaruka-aj-na-splatky-protiucet_2_small.webp"},{"id":135310,"max":"https:\/\/cdn.assetlog.ai\/assets\/167688\/porsche-panamera-turbo-4x4-404kw-a8-zaruka-aj-na-splatky-protiucet_3_max.webp","medium":"https:\/\/cdn.assetlog.ai\/assets\/167688\/porsche-panamera-turbo-4x4-404kw-a8-zaruka-aj-na-splatky-protiucet_3_medium.webp","small":"https:\/\/cdn.assetlog.ai\/assets\/167688\/porsche-panamera-turbo-4x4-404kw-a8-zaruka-aj-na-splatky-protiucet_3_small.webp"},{"id":135311,"max":"https:\/\/cdn.assetlog.ai\/assets\/167688\/porsche-panamera-turbo-4x4-404kw-a8-zaruka-aj-na-splatky-protiucet_4_max.webp","medium":"https:\/\/cdn.assetlog.ai\/assets\/167688\/porsche-panamera-turbo-4x4-404kw-a8-zaruka-aj-na-splatky-protiucet_4_medium.webp","small":"https:\/\/cdn.assetlog.ai\/assets\/167688\/porsche-panamera-turbo-4x4-404kw-a8-zaruka-aj-na-splatky-protiucet_4_small.webp"},{"id":135312,"max":"https:\/\/cdn.assetlog.ai\/assets\/167688\/porsche-panamera-turbo-4x4-404kw-a8-zaruka-aj-na-splatky-protiucet_5_max.webp","medium":"https:\/\/cdn.assetlog.ai\/assets\/167688\/porsche-panamera-turbo-4x4-404kw-a8-zaruka-aj-na-splatky-protiucet_5_medium.webp","small":"https:\/\/cdn.assetlog.ai\/assets\/167688\/porsche-panamera-turbo-4x4-404kw-a8-zaruka-aj-na-splatky-protiucet_5_small.webp"},{"id":135313,"max":"https:\/\/cdn.assetlog.ai\/assets\/167688\/porsche-panamera-turbo-4x4-404kw-a8-zaruka-aj-na-splatky-protiucet_6_max.webp","medium":"https:\/\/cdn.assetlog.ai\/assets\/167688\/porsche-panamera-turbo-4x4-404kw-a8-zaruka-aj-na-splatky-protiucet_6_medium.webp","small":"https:\/\/cdn.assetlog.ai\/assets\/167688\/porsche-panamera-turbo-4x4-404kw-a8-zaruka-aj-na-splatky-protiucet_6_small.webp"},{"id":135314,"max":"https:\/\/cdn.assetlog.ai\/assets\/167688\/porsche-panamera-turbo-4x4-404kw-a8-zaruka-aj-na-splatky-protiucet_7_max.webp","medium":"https:\/\/cdn.assetlog.ai\/assets\/167688\/porsche-panamera-turbo-4x4-404kw-a8-zaruka-aj-na-splatky-protiucet_7_medium.webp","small":"https:\/\/cdn.assetlog.ai\/assets\/167688\/porsche-panamera-turbo-4x4-404kw-a8-zaruka-aj-na-splatky-protiucet_7_small.webp"},{"id":135315,"max":"https:\/\/cdn.assetlog.ai\/assets\/167688\/porsche-panamera-turbo-4x4-404kw-a8-zaruka-aj-na-splatky-protiucet_8_max.webp","medium":"https:\/\/cdn.assetlog.ai\/assets\/167688\/porsche-panamera-turbo-4x4-404kw-a8-zaruka-aj-na-splatky-protiucet_8_medium.webp","small":"https:\/\/cdn.assetlog.ai\/assets\/167688\/porsche-panamera-turbo-4x4-404kw-a8-zaruka-aj-na-splatky-protiucet_8_small.webp"},{"id":135316,"max":"https:\/\/cdn.assetlog.ai\/assets\/167688\/porsche-panamera-turbo-4x4-404kw-a8-zaruka-aj-na-splatky-protiucet_9_max.webp","medium":"https:\/\/cdn.assetlog.ai\/assets\/167688\/porsche-panamera-turbo-4x4-404kw-a8-zaruka-aj-na-splatky-protiucet_9_medium.webp","small":"https:\/\/cdn.assetlog.ai\/assets\/167688\/porsche-panamera-turbo-4x4-404kw-a8-zaruka-aj-na-splatky-protiucet_9_small.webp"},{"id":135317,"max":"https:\/\/cdn.assetlog.ai\/assets\/167688\/porsche-panamera-turbo-4x4-404kw-a8-zaruka-aj-na-splatky-protiucet_10_max.webp","medium":"https:\/\/cdn.assetlog.ai\/assets\/167688\/porsche-panamera-turbo-4x4-404kw-a8-zaruka-aj-na-splatky-protiucet_10_medium.webp","small":"https:\/\/cdn.assetlog.ai\/assets\/167688\/porsche-panamera-turbo-4x4-404kw-a8-zaruka-aj-na-splatky-protiucet_10_small.webp"},{"id":135318,"max":"https:\/\/cdn.assetlog.ai\/assets\/167688\/porsche-panamera-turbo-4x4-404kw-a8-zaruka-aj-na-splatky-protiucet_11_max.webp","medium":"https:\/\/cdn.assetlog.ai\/assets\/167688\/porsche-panamera-turbo-4x4-404kw-a8-zaruka-aj-na-splatky-protiucet_11_medium.webp","small":"https:\/\/cdn.assetlog.ai\/assets\/167688\/porsche-panamera-turbo-4x4-404kw-a8-zaruka-aj-na-splatky-protiucet_11_small.webp"},{"id":135319,"max":"https:\/\/cdn.assetlog.ai\/assets\/167688\/porsche-panamera-turbo-4x4-404kw-a8-zaruka-aj-na-splatky-protiucet_12_max.webp","medium":"https:\/\/cdn.assetlog.ai\/assets\/167688\/porsche-panamera-turbo-4x4-404kw-a8-zaruka-aj-na-splatky-protiucet_12_medium.webp","small":"https:\/\/cdn.assetlog.ai\/assets\/167688\/porsche-panamera-turbo-4x4-404kw-a8-zaruka-aj-na-splatky-protiucet_12_small.webp"},{"id":135320,"max":"https:\/\/cdn.assetlog.ai\/assets\/167688\/porsche-panamera-turbo-4x4-404kw-a8-zaruka-aj-na-splatky-protiucet_13_max.webp","medium":"https:\/\/cdn.assetlog.ai\/assets\/167688\/porsche-panamera-turbo-4x4-404kw-a8-zaruka-aj-na-splatky-protiucet_13_medium.webp","small":"https:\/\/cdn.assetlog.ai\/assets\/167688\/porsche-panamera-turbo-4x4-404kw-a8-zaruka-aj-na-splatky-protiucet_13_small.webp"},{"id":135321,"max":"https:\/\/cdn.assetlog.ai\/assets\/167688\/porsche-panamera-turbo-4x4-404kw-a8-zaruka-aj-na-splatky-protiucet_14_max.webp","medium":"https:\/\/cdn.assetlog.ai\/assets\/167688\/porsche-panamera-turbo-4x4-404kw-a8-zaruka-aj-na-splatky-protiucet_14_medium.webp","small":"https:\/\/cdn.assetlog.ai\/assets\/167688\/porsche-panamera-turbo-4x4-404kw-a8-zaruka-aj-na-splatky-protiucet_14_small.webp"},{"id":135322,"max":"https:\/\/cdn.assetlog.ai\/assets\/167688\/porsche-panamera-turbo-4x4-404kw-a8-zaruka-aj-na-splatky-protiucet_15_max.webp","medium":"https:\/\/cdn.assetlog.ai\/assets\/167688\/porsche-panamera-turbo-4x4-404kw-a8-zaruka-aj-na-splatky-protiucet_15_medium.webp","small":"https:\/\/cdn.assetlog.ai\/assets\/167688\/porsche-panamera-turbo-4x4-404kw-a8-zaruka-aj-na-splatky-protiucet_15_small.webp"},{"id":135323,"max":"https:\/\/cdn.assetlog.ai\/assets\/167688\/porsche-panamera-turbo-4x4-404kw-a8-zaruka-aj-na-splatky-protiucet_16_max.webp","medium":"https:\/\/cdn.assetlog.ai\/assets\/167688\/porsche-panamera-turbo-4x4-404kw-a8-zaruka-aj-na-splatky-protiucet_16_medium.webp","small":"https:\/\/cdn.assetlog.ai\/assets\/167688\/porsche-panamera-turbo-4x4-404kw-a8-zaruka-aj-na-splatky-protiucet_16_small.webp"},{"id":135324,"max":"https:\/\/cdn.assetlog.ai\/assets\/167688\/porsche-panamera-turbo-4x4-404kw-a8-zaruka-aj-na-splatky-protiucet_17_max.webp","medium":"https:\/\/cdn.assetlog.ai\/assets\/167688\/porsche-panamera-turbo-4x4-404kw-a8-zaruka-aj-na-splatky-protiucet_17_medium.webp","small":"https:\/\/cdn.assetlog.ai\/assets\/167688\/porsche-panamera-turbo-4x4-404kw-a8-zaruka-aj-na-splatky-protiucet_17_small.webp"},{"id":135325,"max":"https:\/\/cdn.assetlog.ai\/assets\/167688\/porsche-panamera-turbo-4x4-404kw-a8-zaruka-aj-na-splatky-protiucet_18_max.webp","medium":"https:\/\/cdn.assetlog.ai\/assets\/167688\/porsche-panamera-turbo-4x4-404kw-a8-zaruka-aj-na-splatky-protiucet_18_medium.webp","small":"https:\/\/cdn.assetlog.ai\/assets\/167688\/porsche-panamera-turbo-4x4-404kw-a8-zaruka-aj-na-splatky-protiucet_18_small.webp"},{"id":135326,"max":"https:\/\/cdn.assetlog.ai\/assets\/167688\/porsche-panamera-turbo-4x4-404kw-a8-zaruka-aj-na-splatky-protiucet_19_max.webp","medium":"https:\/\/cdn.assetlog.ai\/assets\/167688\/porsche-panamera-turbo-4x4-404kw-a8-zaruka-aj-na-splatky-protiucet_19_medium.webp","small":"https:\/\/cdn.assetlog.ai\/assets\/167688\/porsche-panamera-turbo-4x4-404kw-a8-zaruka-aj-na-splatky-protiucet_19_small.webp"},{"id":135327,"max":"https:\/\/cdn.assetlog.ai\/assets\/167688\/porsche-panamera-turbo-4x4-404kw-a8-zaruka-aj-na-splatky-protiucet_20_max.webp","medium":"https:\/\/cdn.assetlog.ai\/assets\/167688\/porsche-panamera-turbo-4x4-404kw-a8-zaruka-aj-na-splatky-protiucet_20_medium.webp","small":"https:\/\/cdn.assetlog.ai\/assets\/167688\/porsche-panamera-turbo-4x4-404kw-a8-zaruka-aj-na-splatky-protiucet_20_small.webp"},{"id":135328,"max":"https:\/\/cdn.assetlog.ai\/assets\/167688\/porsche-panamera-turbo-4x4-404kw-a8-zaruka-aj-na-splatky-protiucet_21_max.webp","medium":"https:\/\/cdn.assetlog.ai\/assets\/167688\/porsche-panamera-turbo-4x4-404kw-a8-zaruka-aj-na-splatky-protiucet_21_medium.webp","small":"https:\/\/cdn.assetlog.ai\/assets\/167688\/porsche-panamera-turbo-4x4-404kw-a8-zaruka-aj-na-splatky-protiucet_21_small.webp"},{"id":135329,"max":"https:\/\/cdn.assetlog.ai\/assets\/167688\/porsche-panamera-turbo-4x4-404kw-a8-zaruka-aj-na-splatky-protiucet_22_max.webp","medium":"https:\/\/cdn.assetlog.ai\/assets\/167688\/porsche-panamera-turbo-4x4-404kw-a8-zaruka-aj-na-splatky-protiucet_22_medium.webp","small":"https:\/\/cdn.assetlog.ai\/assets\/167688\/porsche-panamera-turbo-4x4-404kw-a8-zaruka-aj-na-splatky-protiucet_22_small.webp"},{"id":135330,"max":"https:\/\/cdn.assetlog.ai\/assets\/167688\/porsche-panamera-turbo-4x4-404kw-a8-zaruka-aj-na-splatky-protiucet_23_max.webp","medium":"https:\/\/cdn.assetlog.ai\/assets\/167688\/porsche-panamera-turbo-4x4-404kw-a8-zaruka-aj-na-splatky-protiucet_23_medium.webp","small":"https:\/\/cdn.assetlog.ai\/assets\/167688\/porsche-panamera-turbo-4x4-404kw-a8-zaruka-aj-na-splatky-protiucet_23_small.webp"},{"id":135331,"max":"https:\/\/cdn.assetlog.ai\/assets\/167688\/porsche-panamera-turbo-4x4-404kw-a8-zaruka-aj-na-splatky-protiucet_24_max.webp","medium":"https:\/\/cdn.assetlog.ai\/assets\/167688\/porsche-panamera-turbo-4x4-404kw-a8-zaruka-aj-na-splatky-protiucet_24_medium.webp","small":"https:\/\/cdn.assetlog.ai\/assets\/167688\/porsche-panamera-turbo-4x4-404kw-a8-zaruka-aj-na-splatky-protiucet_24_small.webp"},{"id":135332,"max":"https:\/\/cdn.assetlog.ai\/assets\/167688\/porsche-panamera-turbo-4x4-404kw-a8-zaruka-aj-na-splatky-protiucet_25_max.webp","medium":"https:\/\/cdn.assetlog.ai\/assets\/167688\/porsche-panamera-turbo-4x4-404kw-a8-zaruka-aj-na-splatky-protiucet_25_medium.webp","small":"https:\/\/cdn.assetlog.ai\/assets\/167688\/porsche-panamera-turbo-4x4-404kw-a8-zaruka-aj-na-splatky-protiucet_25_small.webp"},{"id":135333,"max":"https:\/\/cdn.assetlog.ai\/assets\/167688\/porsche-panamera-turbo-4x4-404kw-a8-zaruka-aj-na-splatky-protiucet_26_max.webp","medium":"https:\/\/cdn.assetlog.ai\/assets\/167688\/porsche-panamera-turbo-4x4-404kw-a8-zaruka-aj-na-splatky-protiucet_26_medium.webp","small":"https:\/\/cdn.assetlog.ai\/assets\/167688\/porsche-panamera-turbo-4x4-404kw-a8-zaruka-aj-na-splatky-protiucet_26_small.webp"},{"id":135334,"max":"https:\/\/cdn.assetlog.ai\/assets\/167688\/porsche-panamera-turbo-4x4-404kw-a8-zaruka-aj-na-splatky-protiucet_27_max.webp","medium":"https:\/\/cdn.assetlog.ai\/assets\/167688\/porsche-panamera-turbo-4x4-404kw-a8-zaruka-aj-na-splatky-protiucet_27_medium.webp","small":"https:\/\/cdn.assetlog.ai\/assets\/167688\/porsche-panamera-turbo-4x4-404kw-a8-zaruka-aj-na-splatky-protiucet_27_small.webp"},{"id":135335,"max":"https:\/\/cdn.assetlog.ai\/assets\/167688\/porsche-panamera-turbo-4x4-404kw-a8-zaruka-aj-na-splatky-protiucet_28_max.webp","medium":"https:\/\/cdn.assetlog.ai\/assets\/167688\/porsche-panamera-turbo-4x4-404kw-a8-zaruka-aj-na-splatky-protiucet_28_medium.webp","small":"https:\/\/cdn.assetlog.ai\/assets\/167688\/porsche-panamera-turbo-4x4-404kw-a8-zaruka-aj-na-splatky-protiucet_28_small.webp"},{"id":135336,"max":"https:\/\/cdn.assetlog.ai\/assets\/167688\/porsche-panamera-turbo-4x4-404kw-a8-zaruka-aj-na-splatky-protiucet_29_max.webp","medium":"https:\/\/cdn.assetlog.ai\/assets\/167688\/porsche-panamera-turbo-4x4-404kw-a8-zaruka-aj-na-splatky-protiucet_29_medium.webp","small":"https:\/\/cdn.assetlog.ai\/assets\/167688\/porsche-panamera-turbo-4x4-404kw-a8-zaruka-aj-na-splatky-protiucet_29_small.webp"},{"id":135337,"max":"https:\/\/cdn.assetlog.ai\/assets\/167688\/porsche-panamera-turbo-4x4-404kw-a8-zaruka-aj-na-splatky-protiucet_30_max.webp","medium":"https:\/\/cdn.assetlog.ai\/assets\/167688\/porsche-panamera-turbo-4x4-404kw-a8-zaruka-aj-na-splatky-protiucet_30_medium.webp","small":"https:\/\/cdn.assetlog.ai\/assets\/167688\/porsche-panamera-turbo-4x4-404kw-a8-zaruka-aj-na-splatky-protiucet_30_small.webp"},{"id":135338,"max":"https:\/\/cdn.assetlog.ai\/assets\/167688\/porsche-panamera-turbo-4x4-404kw-a8-zaruka-aj-na-splatky-protiucet_31_max.webp","medium":"https:\/\/cdn.assetlog.ai\/assets\/167688\/porsche-panamera-turbo-4x4-404kw-a8-zaruka-aj-na-splatky-protiucet_31_medium.webp","small":"https:\/\/cdn.assetlog.ai\/assets\/167688\/porsche-panamera-turbo-4x4-404kw-a8-zaruka-aj-na-splatky-protiucet_31_small.webp"},{"id":135339,"max":"https:\/\/cdn.assetlog.ai\/assets\/167688\/porsche-panamera-turbo-4x4-404kw-a8-zaruka-aj-na-splatky-protiucet_32_max.webp","medium":"https:\/\/cdn.assetlog.ai\/assets\/167688\/porsche-panamera-turbo-4x4-404kw-a8-zaruka-aj-na-splatky-protiucet_32_medium.webp","small":"https:\/\/cdn.assetlog.ai\/assets\/167688\/porsche-panamera-turbo-4x4-404kw-a8-zaruka-aj-na-splatky-protiucet_32_small.webp"},{"id":135340,"max":"https:\/\/cdn.assetlog.ai\/assets\/167688\/porsche-panamera-turbo-4x4-404kw-a8-zaruka-aj-na-splatky-protiucet_33_max.webp","medium":"https:\/\/cdn.assetlog.ai\/assets\/167688\/porsche-panamera-turbo-4x4-404kw-a8-zaruka-aj-na-splatky-protiucet_33_medium.webp","small":"https:\/\/cdn.assetlog.ai\/assets\/167688\/porsche-panamera-turbo-4x4-404kw-a8-zaruka-aj-na-splatky-protiucet_33_small.webp"},{"id":135341,"max":"https:\/\/cdn.assetlog.ai\/assets\/167688\/porsche-panamera-turbo-4x4-404kw-a8-zaruka-aj-na-splatky-protiucet_34_max.webp","medium":"https:\/\/cdn.assetlog.ai\/assets\/167688\/porsche-panamera-turbo-4x4-404kw-a8-zaruka-aj-na-splatky-protiucet_34_medium.webp","small":"https:\/\/cdn.assetlog.ai\/assets\/167688\/porsche-panamera-turbo-4x4-404kw-a8-zaruka-aj-na-splatky-protiucet_34_small.webp"},{"id":135342,"max":"https:\/\/cdn.assetlog.ai\/assets\/167688\/porsche-panamera-turbo-4x4-404kw-a8-zaruka-aj-na-splatky-protiucet_35_max.webp","medium":"https:\/\/cdn.assetlog.ai\/assets\/167688\/porsche-panamera-turbo-4x4-404kw-a8-zaruka-aj-na-splatky-protiucet_35_medium.webp","small":"https:\/\/cdn.assetlog.ai\/assets\/167688\/porsche-panamera-turbo-4x4-404kw-a8-zaruka-aj-na-splatky-protiucet_35_small.webp"},{"id":135343,"max":"https:\/\/cdn.assetlog.ai\/assets\/167688\/porsche-panamera-turbo-4x4-404kw-a8-zaruka-aj-na-splatky-protiucet_36_max.webp","medium":"https:\/\/cdn.assetlog.ai\/assets\/167688\/porsche-panamera-turbo-4x4-404kw-a8-zaruka-aj-na-splatky-protiucet_36_medium.webp","small":"https:\/\/cdn.assetlog.ai\/assets\/167688\/porsche-panamera-turbo-4x4-404kw-a8-zaruka-aj-na-splatky-protiucet_36_small.webp"},{"id":135344,"max":"https:\/\/cdn.assetlog.ai\/assets\/167688\/porsche-panamera-turbo-4x4-404kw-a8-zaruka-aj-na-splatky-protiucet_37_max.webp","medium":"https:\/\/cdn.assetlog.ai\/assets\/167688\/porsche-panamera-turbo-4x4-404kw-a8-zaruka-aj-na-splatky-protiucet_37_medium.webp","small":"https:\/\/cdn.assetlog.ai\/assets\/167688\/porsche-panamera-turbo-4x4-404kw-a8-zaruka-aj-na-splatky-protiucet_37_small.webp"},{"id":135345,"max":"https:\/\/cdn.assetlog.ai\/assets\/167688\/porsche-panamera-turbo-4x4-404kw-a8-zaruka-aj-na-splatky-protiucet_38_max.webp","medium":"https:\/\/cdn.assetlog.ai\/assets\/167688\/porsche-panamera-turbo-4x4-404kw-a8-zaruka-aj-na-splatky-protiucet_38_medium.webp","small":"https:\/\/cdn.assetlog.ai\/assets\/167688\/porsche-panamera-turbo-4x4-404kw-a8-zaruka-aj-na-splatky-protiucet_38_small.webp"},{"id":135346,"max":"https:\/\/cdn.assetlog.ai\/assets\/167688\/porsche-panamera-turbo-4x4-404kw-a8-zaruka-aj-na-splatky-protiucet_39_max.webp","medium":"https:\/\/cdn.assetlog.ai\/assets\/167688\/porsche-panamera-turbo-4x4-404kw-a8-zaruka-aj-na-splatky-protiucet_39_medium.webp","small":"https:\/\/cdn.assetlog.ai\/assets\/167688\/porsche-panamera-turbo-4x4-404kw-a8-zaruka-aj-na-splatky-protiucet_39_small.webp"},{"id":135347,"max":"https:\/\/cdn.assetlog.ai\/assets\/167688\/porsche-panamera-turbo-4x4-404kw-a8-zaruka-aj-na-splatky-protiucet_40_max.webp","medium":"https:\/\/cdn.assetlog.ai\/assets\/167688\/porsche-panamera-turbo-4x4-404kw-a8-zaruka-aj-na-splatky-protiucet_40_medium.webp","small":"https:\/\/cdn.assetlog.ai\/assets\/167688\/porsche-panamera-turbo-4x4-404kw-a8-zaruka-aj-na-splatky-protiucet_40_small.webp"}],"published_at":null,"expires_at":null,"created_at":"2026-08-22T03:40:42+00:00","updated_at":"2026-09-01T03:40:37+00:00"}}