{"data":{"id":191890,"slug":"sea-view-new-apartments-in-torre-de-benagalbon-4","type":"real_estate","title":"Sea View New Apartments in Torre de Benagalb\u00f3n","description":"New Apartments Short Distance from the Beachfront in Torre de Benagalb\u00f3n\nNew apartments in Rinc\u00f3n de la Victoria are situated in Torre de Benagalb\u00f3n, a picturesque coastal village located in the province of M\u00e1laga, in the southern region of Andalusia, Spain. Situated along the Costa del Sol, Torre de Benagalb\u00f3n offers stunning views of the Mediterranean Sea and is known for its charming atmosphere, beautiful beaches, and rich history.\nApartments for sale in Rinc\u00f3n de la Victoria are 34 km to Malaga International Airport, 30 km to Malaga City Center, 1,8 km to A\u00f1oreta Golf, and 160 m to the beach.\nThe apartments are in a complex equipped with top-notch facilities, ensuring convenience and comfort for all residents. The rooftop terrace features a sleek infinity pool that seamlessly blends with the horizon, offering mesmerizing sea views. This complex prioritizes energy efficiency, incorporating sustainable features to minimize environmental impact and reduce utility costs. As an added convenience, each apartment comes with a dedicated garage space and storage room, providing residents with ample storage space and secure parking.\nThe residential complex offers a range of living options to suit different needs, from cozy 1-bedroom apartments to spacious 3-bedroom apartments and luxurious penthouses with solarium. Each apartment is meticulously designed to prioritize comfort, functionality, and aesthetic appeal. The clean aesthetic of the complex promotes luminosity, creating bright and inviting living spaces. An open-planned living space with a large terrace combines the benefits of spacious indoor living with the beauty and functionality of outdoor space, creating a harmonious and enjoyable living environment. AGP-00886","language":"en","is_translated":false,"price":"605000.00","currency":"EUR","status":"active","noindex":false,"location":{"address":null,"full_address":null,"city":"M\u00e1laga","country":"ES","latitude":36.7175157,"longitude":-4.2480397},"metadata":{"cctv":true,"pool":true,"rooms":4,"floors":4,"garage":true,"garden":true,"region":"Rinc\u00f3n de la Victoria","area_m2":153,"balcony":true,"storage":true,"terrace":true,"bedrooms":3,"elevator":true,"features":["Air Conditioning","Balcony","Blinds","En-Suite Bathroom","Fitted Wardrobe","Kitchen Appliances","Open-Plan Kitchen","Shower","Solarium","Storage Room","Terrace","Car Park (Closed)","Communal Garden","Communal Pool","In A Complex","Lift","Security Camera","Airport (0-50 Km)","Beach (0-500 M)","Sea (0-1 Km)","Sea View","Stores \/ Shopping Mall","Bars \/ Restaurants","Air Conditioning","West","East","North","South","North-West","North-East","South-West","South-East"],"sea_view":true,"bathrooms":2,"agency_ref":"AGP-00886-3-MiddleFloor","year_built":2028,"postal_code":"29738","source_type":"Apartments\/Middle Floor","listing_type":"sale","neighborhood":"Torre de Benagalb\u00f3n","property_type":"apartment","distance_to_sea":"0\u20131 km","gated_community":true,"air_conditioning":true,"distance_to_beach":"0\u2013500 m","distance_to_airport":"0\u201350 km"},"user_id":87,"is_sponsored":false,"views_count":0,"ai_views_count":4,"ai_vendor_counts":{"openai":2,"anthropic":2},"visibility":"public","submission_source":null,"submission_ai_name":null,"has_owner_email":true,"can_contact_owner":true,"phone":null,"user":{"id":87,"slug":"tekce-overseas-87","name":"TEKCE","bio":"TEKCE Real Estate is an international company with a global presence, operating 20 offices in five countries: Spain, Turkey, North Cyprus, Sweden, and the United Arab Emirates. Every office is owned by TEKCE and under its direct management. More than 250 professional real estate agents work with us, following the same principles in every country and sharing a common enthusiasm. Our multinational team speaks over 30 languages.","nationality":null,"languages":["en","es","tr","nl","sv","de","ar","el"],"service_areas":[{"lat":39.29408,"lng":35.23166,"osm":"R174737","name":"Turkey","type":"country","country_code":"TR"},{"lat":39.32607,"lng":-4.83798,"osm":"R1311341","name":"Spain","type":"country","country_code":"ES"},{"lat":24.00025,"lng":53.99948,"osm":"R307763","name":"United Arab Emirates","type":"country","country_code":"AE"},{"lat":34.9823,"lng":33.14513,"osm":"R307787","name":"Cyprus","type":"country","country_code":"CY"}],"card_style":null,"card_palette":null,"avatar_url":"https:\/\/cdn.assetlog.ai\/avatars\/87\/avatar_max.webp?v=1788592651","avatar_thumb_url":"https:\/\/cdn.assetlog.ai\/avatars\/87\/avatar_small.webp?v=1788592651","reviews_count":0,"avg_rating":null,"seller_badge":null,"can_calendar":true,"joined_at":"2026-09-04T13:08:26+00:00","primary_intent":null,"seeking":[],"asset_types":["real_estate"],"public_assets_count":7267,"public_prompts_count":0,"followers_count":0},"images":[{"id":276766,"max":"https:\/\/cdn.assetlog.ai\/assets\/191890\/sea-view-new-apartments-in-torre-de-benagalbon-4_1_max.webp","medium":"https:\/\/cdn.assetlog.ai\/assets\/191890\/sea-view-new-apartments-in-torre-de-benagalbon-4_1_medium.webp","small":"https:\/\/cdn.assetlog.ai\/assets\/191890\/sea-view-new-apartments-in-torre-de-benagalbon-4_1_small.webp"},{"id":276767,"max":"https:\/\/cdn.assetlog.ai\/assets\/191890\/sea-view-new-apartments-in-torre-de-benagalbon-4_2_max.webp","medium":"https:\/\/cdn.assetlog.ai\/assets\/191890\/sea-view-new-apartments-in-torre-de-benagalbon-4_2_medium.webp","small":"https:\/\/cdn.assetlog.ai\/assets\/191890\/sea-view-new-apartments-in-torre-de-benagalbon-4_2_small.webp"},{"id":276768,"max":"https:\/\/cdn.assetlog.ai\/assets\/191890\/sea-view-new-apartments-in-torre-de-benagalbon-4_3_max.webp","medium":"https:\/\/cdn.assetlog.ai\/assets\/191890\/sea-view-new-apartments-in-torre-de-benagalbon-4_3_medium.webp","small":"https:\/\/cdn.assetlog.ai\/assets\/191890\/sea-view-new-apartments-in-torre-de-benagalbon-4_3_small.webp"},{"id":276769,"max":"https:\/\/cdn.assetlog.ai\/assets\/191890\/sea-view-new-apartments-in-torre-de-benagalbon-4_4_max.webp","medium":"https:\/\/cdn.assetlog.ai\/assets\/191890\/sea-view-new-apartments-in-torre-de-benagalbon-4_4_medium.webp","small":"https:\/\/cdn.assetlog.ai\/assets\/191890\/sea-view-new-apartments-in-torre-de-benagalbon-4_4_small.webp"},{"id":276770,"max":"https:\/\/cdn.assetlog.ai\/assets\/191890\/sea-view-new-apartments-in-torre-de-benagalbon-4_5_max.webp","medium":"https:\/\/cdn.assetlog.ai\/assets\/191890\/sea-view-new-apartments-in-torre-de-benagalbon-4_5_medium.webp","small":"https:\/\/cdn.assetlog.ai\/assets\/191890\/sea-view-new-apartments-in-torre-de-benagalbon-4_5_small.webp"},{"id":276772,"max":"https:\/\/cdn.assetlog.ai\/assets\/191890\/sea-view-new-apartments-in-torre-de-benagalbon-4_6_max.webp","medium":"https:\/\/cdn.assetlog.ai\/assets\/191890\/sea-view-new-apartments-in-torre-de-benagalbon-4_6_medium.webp","small":"https:\/\/cdn.assetlog.ai\/assets\/191890\/sea-view-new-apartments-in-torre-de-benagalbon-4_6_small.webp"},{"id":276771,"max":"https:\/\/cdn.assetlog.ai\/assets\/191890\/sea-view-new-apartments-in-torre-de-benagalbon-4_7_max.webp","medium":"https:\/\/cdn.assetlog.ai\/assets\/191890\/sea-view-new-apartments-in-torre-de-benagalbon-4_7_medium.webp","small":"https:\/\/cdn.assetlog.ai\/assets\/191890\/sea-view-new-apartments-in-torre-de-benagalbon-4_7_small.webp"},{"id":276773,"max":"https:\/\/cdn.assetlog.ai\/assets\/191890\/sea-view-new-apartments-in-torre-de-benagalbon-4_8_max.webp","medium":"https:\/\/cdn.assetlog.ai\/assets\/191890\/sea-view-new-apartments-in-torre-de-benagalbon-4_8_medium.webp","small":"https:\/\/cdn.assetlog.ai\/assets\/191890\/sea-view-new-apartments-in-torre-de-benagalbon-4_8_small.webp"},{"id":276774,"max":"https:\/\/cdn.assetlog.ai\/assets\/191890\/sea-view-new-apartments-in-torre-de-benagalbon-4_9_max.webp","medium":"https:\/\/cdn.assetlog.ai\/assets\/191890\/sea-view-new-apartments-in-torre-de-benagalbon-4_9_medium.webp","small":"https:\/\/cdn.assetlog.ai\/assets\/191890\/sea-view-new-apartments-in-torre-de-benagalbon-4_9_small.webp"},{"id":276775,"max":"https:\/\/cdn.assetlog.ai\/assets\/191890\/sea-view-new-apartments-in-torre-de-benagalbon-4_10_max.webp","medium":"https:\/\/cdn.assetlog.ai\/assets\/191890\/sea-view-new-apartments-in-torre-de-benagalbon-4_10_medium.webp","small":"https:\/\/cdn.assetlog.ai\/assets\/191890\/sea-view-new-apartments-in-torre-de-benagalbon-4_10_small.webp"},{"id":276776,"max":"https:\/\/cdn.assetlog.ai\/assets\/191890\/sea-view-new-apartments-in-torre-de-benagalbon-4_11_max.webp","medium":"https:\/\/cdn.assetlog.ai\/assets\/191890\/sea-view-new-apartments-in-torre-de-benagalbon-4_11_medium.webp","small":"https:\/\/cdn.assetlog.ai\/assets\/191890\/sea-view-new-apartments-in-torre-de-benagalbon-4_11_small.webp"},{"id":276777,"max":"https:\/\/cdn.assetlog.ai\/assets\/191890\/sea-view-new-apartments-in-torre-de-benagalbon-4_12_max.webp","medium":"https:\/\/cdn.assetlog.ai\/assets\/191890\/sea-view-new-apartments-in-torre-de-benagalbon-4_12_medium.webp","small":"https:\/\/cdn.assetlog.ai\/assets\/191890\/sea-view-new-apartments-in-torre-de-benagalbon-4_12_small.webp"},{"id":276779,"max":"https:\/\/cdn.assetlog.ai\/assets\/191890\/sea-view-new-apartments-in-torre-de-benagalbon-4_13_max.webp","medium":"https:\/\/cdn.assetlog.ai\/assets\/191890\/sea-view-new-apartments-in-torre-de-benagalbon-4_13_medium.webp","small":"https:\/\/cdn.assetlog.ai\/assets\/191890\/sea-view-new-apartments-in-torre-de-benagalbon-4_13_small.webp"},{"id":276778,"max":"https:\/\/cdn.assetlog.ai\/assets\/191890\/sea-view-new-apartments-in-torre-de-benagalbon-4_14_max.webp","medium":"https:\/\/cdn.assetlog.ai\/assets\/191890\/sea-view-new-apartments-in-torre-de-benagalbon-4_14_medium.webp","small":"https:\/\/cdn.assetlog.ai\/assets\/191890\/sea-view-new-apartments-in-torre-de-benagalbon-4_14_small.webp"},{"id":276781,"max":"https:\/\/cdn.assetlog.ai\/assets\/191890\/sea-view-new-apartments-in-torre-de-benagalbon-4_15_max.webp","medium":"https:\/\/cdn.assetlog.ai\/assets\/191890\/sea-view-new-apartments-in-torre-de-benagalbon-4_15_medium.webp","small":"https:\/\/cdn.assetlog.ai\/assets\/191890\/sea-view-new-apartments-in-torre-de-benagalbon-4_15_small.webp"},{"id":276780,"max":"https:\/\/cdn.assetlog.ai\/assets\/191890\/sea-view-new-apartments-in-torre-de-benagalbon-4_16_max.webp","medium":"https:\/\/cdn.assetlog.ai\/assets\/191890\/sea-view-new-apartments-in-torre-de-benagalbon-4_16_medium.webp","small":"https:\/\/cdn.assetlog.ai\/assets\/191890\/sea-view-new-apartments-in-torre-de-benagalbon-4_16_small.webp"},{"id":276782,"max":"https:\/\/cdn.assetlog.ai\/assets\/191890\/sea-view-new-apartments-in-torre-de-benagalbon-4_17_max.webp","medium":"https:\/\/cdn.assetlog.ai\/assets\/191890\/sea-view-new-apartments-in-torre-de-benagalbon-4_17_medium.webp","small":"https:\/\/cdn.assetlog.ai\/assets\/191890\/sea-view-new-apartments-in-torre-de-benagalbon-4_17_small.webp"},{"id":276783,"max":"https:\/\/cdn.assetlog.ai\/assets\/191890\/sea-view-new-apartments-in-torre-de-benagalbon-4_18_max.webp","medium":"https:\/\/cdn.assetlog.ai\/assets\/191890\/sea-view-new-apartments-in-torre-de-benagalbon-4_18_medium.webp","small":"https:\/\/cdn.assetlog.ai\/assets\/191890\/sea-view-new-apartments-in-torre-de-benagalbon-4_18_small.webp"},{"id":276784,"max":"https:\/\/cdn.assetlog.ai\/assets\/191890\/sea-view-new-apartments-in-torre-de-benagalbon-4_19_max.webp","medium":"https:\/\/cdn.assetlog.ai\/assets\/191890\/sea-view-new-apartments-in-torre-de-benagalbon-4_19_medium.webp","small":"https:\/\/cdn.assetlog.ai\/assets\/191890\/sea-view-new-apartments-in-torre-de-benagalbon-4_19_small.webp"},{"id":276786,"max":"https:\/\/cdn.assetlog.ai\/assets\/191890\/sea-view-new-apartments-in-torre-de-benagalbon-4_20_max.webp","medium":"https:\/\/cdn.assetlog.ai\/assets\/191890\/sea-view-new-apartments-in-torre-de-benagalbon-4_20_medium.webp","small":"https:\/\/cdn.assetlog.ai\/assets\/191890\/sea-view-new-apartments-in-torre-de-benagalbon-4_20_small.webp"},{"id":276785,"max":"https:\/\/cdn.assetlog.ai\/assets\/191890\/sea-view-new-apartments-in-torre-de-benagalbon-4_21_max.webp","medium":"https:\/\/cdn.assetlog.ai\/assets\/191890\/sea-view-new-apartments-in-torre-de-benagalbon-4_21_medium.webp","small":"https:\/\/cdn.assetlog.ai\/assets\/191890\/sea-view-new-apartments-in-torre-de-benagalbon-4_21_small.webp"},{"id":276787,"max":"https:\/\/cdn.assetlog.ai\/assets\/191890\/sea-view-new-apartments-in-torre-de-benagalbon-4_22_max.webp","medium":"https:\/\/cdn.assetlog.ai\/assets\/191890\/sea-view-new-apartments-in-torre-de-benagalbon-4_22_medium.webp","small":"https:\/\/cdn.assetlog.ai\/assets\/191890\/sea-view-new-apartments-in-torre-de-benagalbon-4_22_small.webp"},{"id":276788,"max":"https:\/\/cdn.assetlog.ai\/assets\/191890\/sea-view-new-apartments-in-torre-de-benagalbon-4_23_max.webp","medium":"https:\/\/cdn.assetlog.ai\/assets\/191890\/sea-view-new-apartments-in-torre-de-benagalbon-4_23_medium.webp","small":"https:\/\/cdn.assetlog.ai\/assets\/191890\/sea-view-new-apartments-in-torre-de-benagalbon-4_23_small.webp"},{"id":276789,"max":"https:\/\/cdn.assetlog.ai\/assets\/191890\/sea-view-new-apartments-in-torre-de-benagalbon-4_24_max.webp","medium":"https:\/\/cdn.assetlog.ai\/assets\/191890\/sea-view-new-apartments-in-torre-de-benagalbon-4_24_medium.webp","small":"https:\/\/cdn.assetlog.ai\/assets\/191890\/sea-view-new-apartments-in-torre-de-benagalbon-4_24_small.webp"},{"id":276791,"max":"https:\/\/cdn.assetlog.ai\/assets\/191890\/sea-view-new-apartments-in-torre-de-benagalbon-4_25_max.webp","medium":"https:\/\/cdn.assetlog.ai\/assets\/191890\/sea-view-new-apartments-in-torre-de-benagalbon-4_25_medium.webp","small":"https:\/\/cdn.assetlog.ai\/assets\/191890\/sea-view-new-apartments-in-torre-de-benagalbon-4_25_small.webp"},{"id":276790,"max":"https:\/\/cdn.assetlog.ai\/assets\/191890\/sea-view-new-apartments-in-torre-de-benagalbon-4_26_max.webp","medium":"https:\/\/cdn.assetlog.ai\/assets\/191890\/sea-view-new-apartments-in-torre-de-benagalbon-4_26_medium.webp","small":"https:\/\/cdn.assetlog.ai\/assets\/191890\/sea-view-new-apartments-in-torre-de-benagalbon-4_26_small.webp"},{"id":276792,"max":"https:\/\/cdn.assetlog.ai\/assets\/191890\/sea-view-new-apartments-in-torre-de-benagalbon-4_27_max.webp","medium":"https:\/\/cdn.assetlog.ai\/assets\/191890\/sea-view-new-apartments-in-torre-de-benagalbon-4_27_medium.webp","small":"https:\/\/cdn.assetlog.ai\/assets\/191890\/sea-view-new-apartments-in-torre-de-benagalbon-4_27_small.webp"},{"id":276793,"max":"https:\/\/cdn.assetlog.ai\/assets\/191890\/sea-view-new-apartments-in-torre-de-benagalbon-4_28_max.webp","medium":"https:\/\/cdn.assetlog.ai\/assets\/191890\/sea-view-new-apartments-in-torre-de-benagalbon-4_28_medium.webp","small":"https:\/\/cdn.assetlog.ai\/assets\/191890\/sea-view-new-apartments-in-torre-de-benagalbon-4_28_small.webp"},{"id":276794,"max":"https:\/\/cdn.assetlog.ai\/assets\/191890\/sea-view-new-apartments-in-torre-de-benagalbon-4_29_max.webp","medium":"https:\/\/cdn.assetlog.ai\/assets\/191890\/sea-view-new-apartments-in-torre-de-benagalbon-4_29_medium.webp","small":"https:\/\/cdn.assetlog.ai\/assets\/191890\/sea-view-new-apartments-in-torre-de-benagalbon-4_29_small.webp"},{"id":276795,"max":"https:\/\/cdn.assetlog.ai\/assets\/191890\/sea-view-new-apartments-in-torre-de-benagalbon-4_30_max.webp","medium":"https:\/\/cdn.assetlog.ai\/assets\/191890\/sea-view-new-apartments-in-torre-de-benagalbon-4_30_medium.webp","small":"https:\/\/cdn.assetlog.ai\/assets\/191890\/sea-view-new-apartments-in-torre-de-benagalbon-4_30_small.webp"},{"id":276796,"max":"https:\/\/cdn.assetlog.ai\/assets\/191890\/sea-view-new-apartments-in-torre-de-benagalbon-4_31_max.webp","medium":"https:\/\/cdn.assetlog.ai\/assets\/191890\/sea-view-new-apartments-in-torre-de-benagalbon-4_31_medium.webp","small":"https:\/\/cdn.assetlog.ai\/assets\/191890\/sea-view-new-apartments-in-torre-de-benagalbon-4_31_small.webp"}],"published_at":null,"expires_at":null,"created_at":"2026-09-04T13:55:12+00:00","updated_at":"2026-09-04T23:00:15+00:00"}}