{"data":{"id":167685,"slug":"seat-tarraco-20-tdi-fr-dsg-110kw-2022","type":"vehicle","title":"Seat Tarraco 2.0 TDI FR DSG, 110kW (2022)","description":"Commission sale - you buy the vehicle directly from the owner.\n\nSeat's flagship model \u2013 Tarraco in an attractive sporty FR equipment (model year 2022). The vehicle combines aggressive design, top-notch ergonomics and enormous interior space. The FR equipment gives the car a confident appearance thanks to specific bumpers, grille, sport seats and dynamic chassis. The car is in perfect technical and visual condition, regularly serviced and ready for a new owner without the need for further investments. The vehicle comes from the first owner, was purchased as new in Slovakia. Regular service performed every approximately 15,000 kilometers, complete electronic service documentation is available for the car. It has undergone detailed cleaning, the paint is protected with a ceramic coating, several components have protection using PPF film \u2013 headlights, hood, bumper, door sills, ... Seasonal tire storage is also available. The factory warranty until 6\/2027 is of course included.\n\nThe vehicle has passed inspection of insurance records, execution checks, paint measurement and document verification. Physically inspected, also through the vehicle operating records registry.\n\nWe offer favorable financing in monthly installments, so you can enjoy your new car right away and without waiting with 0% down payment and installments up to 96 months.\n\nFor your greater convenience and peace of mind, we can provide you with an extended warranty up to 12-36 months.\n\nIf you already own a vehicle, you don't need to worry about selling it - we will buy it directly from you instead. You just need to come to us with it, we will assess it and deduct the value from your new car's price. This way you will save time, worry and money and the entire process will be quick and easy - you will drive away in your new car without unnecessary paperwork.\n\nTHE VEHICLE IS LOCATED IN Nov\u00e1 Dubnica. More information will be gladly provided to you at phone number 0904 201 313.\n\nVehicle number: IL372DL. Technical certificate valid until: 30 June 2028. Technical inspection valid until: 30 June 2028.\n\nTechnical specifications\n\nManufacturing date: 05\/22, 1968 cc, 110kW (150 PS), Vehicle generation: , Drive: Front-wheel drive, Automatic transmission (7-speed), Diesel, EURO 6, 5-door, (5-seater), 65,821 km, Dark gray, VIN VSSZZZKNZNW007307\n\nVehicle consumption (l\/100km)\n\nIn city: , outside city: , combined:\n\nFirst owner, Service booklet, Garaged, Never damaged, Leasing possible, Like new purchased in SK, Exchange possible, Loan possible, Under warranty, TOP condition, Complete service history","language":"cs","is_translated":true,"title_original":"Seat Tarraco 2.0 TDI FR DSG, 110kW (2022)","description_original":"Komisn\u00ed prodej - vozidlo kupujete p\u0159\u00edmo od majitele.\n\nVlajkov\u00e1 lo\u010f zna\u010dky Seat \u2013 model Tarraco v atraktivn\u00ed sportovn\u00ed v\u00fdbav\u011b FR (modelov\u00fd rok 2022). Vozidlo kombinuje drav\u00fd design, \u0161pi\u010dkovou ergonomii a obrovsk\u00fd vnit\u0159n\u00ed prostor. V\u00fdbava FR dod\u00e1v\u00e1 vozu sebev\u011bdom\u00fd vzhled d\u00edky specifick\u00fdm n\u00e1razn\u00edk\u016fm, m\u0159\u00ed\u017ece chladi\u010de, sportovn\u00edm sedadl\u016fm a dynamick\u00e9mu podvozku. V\u016fz je v perfektn\u00edm technick\u00e9m i vizu\u00e1ln\u00edm stavu, pravideln\u011b servisovan\u00fd a p\u0159ipraven\u00fd pro nov\u00e9ho majitele bez nutnosti dal\u0161\u00edch investic. V\u016fz poch\u00e1z\u00ed od prvn\u00edho majitele, byl zakoupen jako nov\u00fd na Slovensku. Pravideln\u00fd servis prov\u00e1d\u011bn\u00fd ka\u017ed\u00fdch cca 15 tis\u00edc kilometr\u016f, k vozu je k dispozici kompletn\u00ed elektronick\u00e1 servisn\u00ed dokumentace. Pro\u0161lo detailn\u00edm \u010di\u0161t\u011bn\u00edm, lak je chr\u00e1n\u011bn keramick\u00fdm povlakem, na n\u011bkolika prvc\u00edch je ochrana pomoc\u00ed PPF f\u00f3lie \u2013 p\u0159edn\u00ed sv\u011btla, kapota, n\u00e1razn\u00edk, prahy, ... K dispozici je tak\u00e9 sez\u00f3nn\u00ed p\u0159ezut\u00ed. Samoz\u0159ejmost\u00ed je tov\u00e1rn\u00ed z\u00e1ruka do 6\/2027.\n\nVozidlo pro\u0161lo kontrolou z\u00e1znam\u016f o poji\u0161t\u011bn\u00ed, exekuc\u00ed, m\u011b\u0159en\u00edm laku a kontrolou doklad\u016f. Zkontrolov\u00e1no fyzicky, tak\u00e9 prost\u0159ednictv\u00edm registru provozn\u00edch z\u00e1znam\u016f vozidla.\n\nNab\u00edz\u00edme v\u00fdhodn\u00e9 financov\u00e1n\u00ed na m\u011bs\u00ed\u010dn\u00ed spl\u00e1tky, tak\u017ee si sv\u016fj nov\u00fd v\u016fz m\u016f\u017eete u\u017e\u00edvat hned a bez \u010dek\u00e1n\u00ed s akontac\u00ed 0 % a spl\u00e1tkami a\u017e na 96 m\u011bs\u00edc\u016f.\n\nPro va\u0161e v\u011bt\u0161\u00ed pohodl\u00ed a jistotu v\u00e1m m\u016f\u017eeme poskytnout prodlou\u017eenou z\u00e1ruku a\u017e na 12-36 m\u011bs\u00edc\u016f.\n\nPokud ji\u017e v\u016fz vlastn\u00edte, nemus\u00edte se zab\u00fdvat jeho prodejem - na opl\u00e1tku si ho od v\u00e1s p\u0159\u00edmo vezmeme. Sta\u010d\u00ed, kdy\u017e k n\u00e1m s n\u00edm p\u0159ijdete, my ho ocen\u00edme a n\u00e1klady ode\u010dteme od hodnoty va\u0161eho nov\u00e9ho vozu. U\u0161et\u0159\u00edte tak \u010das, starosti i pen\u00edze a cel\u00fd proces bude rychl\u00fd a snadn\u00fd - odjedete rovnou ve sv\u00e9m nov\u00e9m voze bez zbyte\u010dn\u00e9ho pap\u00edrov\u00e1n\u00ed.\n\nVOZIDLO SE NACH\u00c1Z\u00cd V Novej Dubnici. V\u00edce informac\u00ed v\u00e1m r\u00e1di poskytneme na telefonn\u00edm \u010d\u00edsle 0904 201 313.\n\n\u010c\u00edslo vozidla: IL372DL. Platnost technick\u00e9ho pr\u016fkazu do: 30. 6. 2028. Platnost technick\u00e9 kontroly do: 30. 6. 2028.\n\nTechnick\u00e9 \u00fadaje\n\nv.v.: 05\/22, 1968cm\u00b3, 110kW (150PS), Generace vozidla: , Pohon: Pohon p\u0159edn\u00edch kol, Automatick\u00e1 p\u0159evodovka (7 st.), Diesel, EURO 6, 5 dv., (5-m\u00edstn\u00fd), 65 821km, \u0160ed\u00e1 tmav\u00e1, VIN VSSZZZKNZNW007307\n\nSpot\u0159eba vozidla (l\/100km)\n\nVe m\u011bst\u011b: , mimo m\u011bsto: , kombinovan\u00e1:\n\nPrvn\u00ed majitel, Servisn\u00ed kn\u00ed\u017eka, Gar\u00e1\u017eovan\u00e9, Nikdy neb\u00faran\u00e9, Mo\u017en\u00fd leasing, Jako nov\u00e9 koupen\u00e9 v SR, Mo\u017en\u00e1 v\u00fdm\u011bna, Mo\u017en\u00fd \u00fav\u011br, V z\u00e1ruce, TOP stav, \u00dapln\u00e1 servisn\u00ed historie","price":"856019.00","currency":"CZK","status":"active","noindex":true,"location":{"address":null,"full_address":null,"city":"Nov\u00e1 Dubnica","country":"SK","latitude":48.9358736,"longitude":18.1457351},"metadata":{"vin":"VSSZZZKNZNW007307","fuel":"diesel","year":2022,"brand":"SEAT","color":"Grey","doors":5,"drive":"Front-wheel drive","model":"Tarraco","seats":5,"region":"Tren\u010diansky kraj","mileage":65821,"emisions":"Euro 6","features":["Alarm","ABS","ESP","Brzdov\u00fd asistent (EBA, BAS)","ISOFIX na zadn\u00edch sedadlech","Deaktivace airbagu spolujezdce","Nat\u00e1\u010dec\u00ed sv\u011btlomety","Senzor tlaku","Syst\u00e9m rozpozn\u00e1v\u00e1n\u00ed dopravn\u00edch zna\u010dek","T\u00eds\u0148ov\u00e9 vol\u00e1n\u00ed","Upozorn\u011bn\u00ed na p\u0159ij\u00ed\u017ed\u011bj\u00edc\u00ed vozidla p\u0159i couv\u00e1n\u00ed (RCTA)","Asistent d\u00e1lkov\u00fdch sv\u011btel (HBA)","Centr\u00e1ln\u00ed zamyk\u00e1n\u00ed","Zadn\u00ed el. stahovateln\u00e1 okna","El. nastaviteln\u00e1 p\u0159edn\u00ed sedadla","Elektricky nastaviteln\u00e1 zp\u011btn\u00e1 zrc\u00e1tka","Centr\u00e1ln\u00ed zamyk\u00e1n\u00ed na d\u00e1lkov\u00e9 ovl\u00e1d\u00e1n\u00ed","Autor\u00e1dio","Vyh\u0159\u00edvan\u00e9 \u010deln\u00ed sklo","Multifunk\u010dn\u00ed volant","Loketn\u00ed op\u011brka vp\u0159edu","Start\/Stop syst\u00e9m","Klimatizovan\u00e1 p\u0159ihr\u00e1dka","Automatick\u00e1 3-z\u00f3nov\u00e1 klimatizace","Apple Car Play","Android Auto","Welcome light","Digit\u00e1ln\u00ed p\u0159\u00edstrojov\u00e1 deska","Bezdr\u00e1tov\u00e1 nab\u00edje\u010dka mobiln\u00edch telefon\u016f","Lit\u00e1 kola","Imobiliz\u00e9r","Palubn\u00ed po\u010d\u00edta\u010d","Navigace","Automatick\u00e9 parkov\u00e1n\u00ed","St\u0159e\u0161n\u00ed nosi\u010d","Vyh\u0159\u00edvan\u00e1 sedadla","Elektricky vyh\u0159\u00edvan\u00e1 zp\u011btn\u00e1 zrc\u00e1tka","F\u00f3lie","Senzor st\u011bra\u010d\u016f","Sv\u011bteln\u00fd senzor","Zimn\u00ed sada kol","Parkovac\u00ed kamera","P\u0159edn\u00ed a zadn\u00ed parkovac\u00ed senzory","Adaptivn\u00ed tempomat","Bezkl\u00ed\u010dov\u00fd vstup","El. ovl\u00e1dan\u00fd kufr","Elektrick\u00e9 dov\u00edr\u00e1n\u00ed zavazadlov\u00e9ho prostoru","Vyh\u0159\u00edvan\u00e1 zadn\u00ed sedadla","Bluetooth","Vyh\u0159\u00edvan\u00fd volant","Denn\u00ed sv\u00edcen\u00ed","LED sv\u011btlomety","Dotykov\u00e1 obrazovka","Bezdotykov\u00e9 ovl\u00e1d\u00e1n\u00ed v\u00edka zavazadlov\u00e9ho prostoru","Pam\u011b\u0165 nastaven\u00ed sedadla \u0159idi\u010de","Ambientn\u00ed LED osv\u011btlen\u00ed interi\u00e9ru","Prv\u00fd majite\u013e","Serv. kni\u017eka","Gar\u00e1\u017eovan\u00e9","Nikdy neb\u00faran\u00e9","Mo\u017en\u00fd leasing","Ako nov\u00e9 k\u00fapen\u00e9 v SR","Mo\u017en\u00e1 v\u00fdmena","Mo\u017en\u00fd \u00faver","v z\u00e1ruke","TOP stav!","\u00dapln\u00e1 servisn\u00e1 hist\u00f3ria","Odo-pass","asistent udr\u017eov\u00e1n\u00ed j\u00edzdn\u00edho pruhu","asistent rozjezdu do kopce","kontrola mrtv\u00e9ho \u00fahlu","sportovn\u00ed sedadla","Drive Select (j\u00edzdy re\u017eimy)","ochrana chodc\u016f"],"power_kw":110,"body_type":"SUV","condition":"Used","transmission":"automatic","vat_deductible":false,"consumption_city":null,"translation_hash":"7fa78568f912d7fd998f6a8d3affb81da950c1ac","vehicle_category":"car","engine_volume_cm3":1968,"first_registration":"2022-05-01","translation_status":"done","consumption_highway":null,"consumption_combined":null},"user_id":21,"is_sponsored":false,"views_count":2,"ai_views_count":11,"ai_vendor_counts":{"meta":3,"other":2,"openai":5,"anthropic":1},"visibility":"public","submission_source":null,"submission_ai_name":null,"has_owner_email":true,"can_contact_owner":true,"phone":"0904 201 313","owner_email":"kucerka@autorro.sk","user":{"id":21,"slug":"tomas-kucerka-21","name":"Tom\u00e1\u0161 Ku\u010derka","bio":"Makl\u00e9r. P\u016fsob\u00edm v Dubnici n\/V, Ilave, P\u00fachove a okol\u00ed.\n\nP\u016fsobnost: Ilava, P\u00fachov","nationality":"SK","languages":["cs","sk"],"service_areas":[],"card_style":null,"card_palette":null,"avatar_url":"https:\/\/cdn.assetlog.ai\/avatars\/21\/avatar_max.webp?v=1786535213","avatar_thumb_url":"https:\/\/cdn.assetlog.ai\/avatars\/21\/avatar_small.webp?v=1786535213","reviews_count":0,"avg_rating":null,"seller_badge":"silver","can_calendar":true,"joined_at":"2026-06-07T07:44:43+00:00","primary_intent":null,"seeking":[],"public_assets_count":32,"public_prompts_count":0,"followers_count":0},"images":[{"id":135198,"max":"https:\/\/cdn.assetlog.ai\/assets\/167685\/seat-tarraco-20-tdi-fr-dsg-110kw-2022-aj-na-splatky-protiucet_1_max.webp","medium":"https:\/\/cdn.assetlog.ai\/assets\/167685\/seat-tarraco-20-tdi-fr-dsg-110kw-2022-aj-na-splatky-protiucet_1_medium.webp","small":"https:\/\/cdn.assetlog.ai\/assets\/167685\/seat-tarraco-20-tdi-fr-dsg-110kw-2022-aj-na-splatky-protiucet_1_small.webp"},{"id":135199,"max":"https:\/\/cdn.assetlog.ai\/assets\/167685\/seat-tarraco-20-tdi-fr-dsg-110kw-2022-aj-na-splatky-protiucet_2_max.webp","medium":"https:\/\/cdn.assetlog.ai\/assets\/167685\/seat-tarraco-20-tdi-fr-dsg-110kw-2022-aj-na-splatky-protiucet_2_medium.webp","small":"https:\/\/cdn.assetlog.ai\/assets\/167685\/seat-tarraco-20-tdi-fr-dsg-110kw-2022-aj-na-splatky-protiucet_2_small.webp"},{"id":135200,"max":"https:\/\/cdn.assetlog.ai\/assets\/167685\/seat-tarraco-20-tdi-fr-dsg-110kw-2022-aj-na-splatky-protiucet_3_max.webp","medium":"https:\/\/cdn.assetlog.ai\/assets\/167685\/seat-tarraco-20-tdi-fr-dsg-110kw-2022-aj-na-splatky-protiucet_3_medium.webp","small":"https:\/\/cdn.assetlog.ai\/assets\/167685\/seat-tarraco-20-tdi-fr-dsg-110kw-2022-aj-na-splatky-protiucet_3_small.webp"},{"id":135201,"max":"https:\/\/cdn.assetlog.ai\/assets\/167685\/seat-tarraco-20-tdi-fr-dsg-110kw-2022-aj-na-splatky-protiucet_4_max.webp","medium":"https:\/\/cdn.assetlog.ai\/assets\/167685\/seat-tarraco-20-tdi-fr-dsg-110kw-2022-aj-na-splatky-protiucet_4_medium.webp","small":"https:\/\/cdn.assetlog.ai\/assets\/167685\/seat-tarraco-20-tdi-fr-dsg-110kw-2022-aj-na-splatky-protiucet_4_small.webp"},{"id":135202,"max":"https:\/\/cdn.assetlog.ai\/assets\/167685\/seat-tarraco-20-tdi-fr-dsg-110kw-2022-aj-na-splatky-protiucet_5_max.webp","medium":"https:\/\/cdn.assetlog.ai\/assets\/167685\/seat-tarraco-20-tdi-fr-dsg-110kw-2022-aj-na-splatky-protiucet_5_medium.webp","small":"https:\/\/cdn.assetlog.ai\/assets\/167685\/seat-tarraco-20-tdi-fr-dsg-110kw-2022-aj-na-splatky-protiucet_5_small.webp"},{"id":135203,"max":"https:\/\/cdn.assetlog.ai\/assets\/167685\/seat-tarraco-20-tdi-fr-dsg-110kw-2022-aj-na-splatky-protiucet_6_max.webp","medium":"https:\/\/cdn.assetlog.ai\/assets\/167685\/seat-tarraco-20-tdi-fr-dsg-110kw-2022-aj-na-splatky-protiucet_6_medium.webp","small":"https:\/\/cdn.assetlog.ai\/assets\/167685\/seat-tarraco-20-tdi-fr-dsg-110kw-2022-aj-na-splatky-protiucet_6_small.webp"},{"id":135204,"max":"https:\/\/cdn.assetlog.ai\/assets\/167685\/seat-tarraco-20-tdi-fr-dsg-110kw-2022-aj-na-splatky-protiucet_7_max.webp","medium":"https:\/\/cdn.assetlog.ai\/assets\/167685\/seat-tarraco-20-tdi-fr-dsg-110kw-2022-aj-na-splatky-protiucet_7_medium.webp","small":"https:\/\/cdn.assetlog.ai\/assets\/167685\/seat-tarraco-20-tdi-fr-dsg-110kw-2022-aj-na-splatky-protiucet_7_small.webp"},{"id":135205,"max":"https:\/\/cdn.assetlog.ai\/assets\/167685\/seat-tarraco-20-tdi-fr-dsg-110kw-2022-aj-na-splatky-protiucet_8_max.webp","medium":"https:\/\/cdn.assetlog.ai\/assets\/167685\/seat-tarraco-20-tdi-fr-dsg-110kw-2022-aj-na-splatky-protiucet_8_medium.webp","small":"https:\/\/cdn.assetlog.ai\/assets\/167685\/seat-tarraco-20-tdi-fr-dsg-110kw-2022-aj-na-splatky-protiucet_8_small.webp"},{"id":135206,"max":"https:\/\/cdn.assetlog.ai\/assets\/167685\/seat-tarraco-20-tdi-fr-dsg-110kw-2022-aj-na-splatky-protiucet_9_max.webp","medium":"https:\/\/cdn.assetlog.ai\/assets\/167685\/seat-tarraco-20-tdi-fr-dsg-110kw-2022-aj-na-splatky-protiucet_9_medium.webp","small":"https:\/\/cdn.assetlog.ai\/assets\/167685\/seat-tarraco-20-tdi-fr-dsg-110kw-2022-aj-na-splatky-protiucet_9_small.webp"},{"id":135207,"max":"https:\/\/cdn.assetlog.ai\/assets\/167685\/seat-tarraco-20-tdi-fr-dsg-110kw-2022-aj-na-splatky-protiucet_10_max.webp","medium":"https:\/\/cdn.assetlog.ai\/assets\/167685\/seat-tarraco-20-tdi-fr-dsg-110kw-2022-aj-na-splatky-protiucet_10_medium.webp","small":"https:\/\/cdn.assetlog.ai\/assets\/167685\/seat-tarraco-20-tdi-fr-dsg-110kw-2022-aj-na-splatky-protiucet_10_small.webp"},{"id":135208,"max":"https:\/\/cdn.assetlog.ai\/assets\/167685\/seat-tarraco-20-tdi-fr-dsg-110kw-2022-aj-na-splatky-protiucet_11_max.webp","medium":"https:\/\/cdn.assetlog.ai\/assets\/167685\/seat-tarraco-20-tdi-fr-dsg-110kw-2022-aj-na-splatky-protiucet_11_medium.webp","small":"https:\/\/cdn.assetlog.ai\/assets\/167685\/seat-tarraco-20-tdi-fr-dsg-110kw-2022-aj-na-splatky-protiucet_11_small.webp"},{"id":135209,"max":"https:\/\/cdn.assetlog.ai\/assets\/167685\/seat-tarraco-20-tdi-fr-dsg-110kw-2022-aj-na-splatky-protiucet_12_max.webp","medium":"https:\/\/cdn.assetlog.ai\/assets\/167685\/seat-tarraco-20-tdi-fr-dsg-110kw-2022-aj-na-splatky-protiucet_12_medium.webp","small":"https:\/\/cdn.assetlog.ai\/assets\/167685\/seat-tarraco-20-tdi-fr-dsg-110kw-2022-aj-na-splatky-protiucet_12_small.webp"},{"id":135210,"max":"https:\/\/cdn.assetlog.ai\/assets\/167685\/seat-tarraco-20-tdi-fr-dsg-110kw-2022-aj-na-splatky-protiucet_13_max.webp","medium":"https:\/\/cdn.assetlog.ai\/assets\/167685\/seat-tarraco-20-tdi-fr-dsg-110kw-2022-aj-na-splatky-protiucet_13_medium.webp","small":"https:\/\/cdn.assetlog.ai\/assets\/167685\/seat-tarraco-20-tdi-fr-dsg-110kw-2022-aj-na-splatky-protiucet_13_small.webp"},{"id":135211,"max":"https:\/\/cdn.assetlog.ai\/assets\/167685\/seat-tarraco-20-tdi-fr-dsg-110kw-2022-aj-na-splatky-protiucet_14_max.webp","medium":"https:\/\/cdn.assetlog.ai\/assets\/167685\/seat-tarraco-20-tdi-fr-dsg-110kw-2022-aj-na-splatky-protiucet_14_medium.webp","small":"https:\/\/cdn.assetlog.ai\/assets\/167685\/seat-tarraco-20-tdi-fr-dsg-110kw-2022-aj-na-splatky-protiucet_14_small.webp"},{"id":135212,"max":"https:\/\/cdn.assetlog.ai\/assets\/167685\/seat-tarraco-20-tdi-fr-dsg-110kw-2022-aj-na-splatky-protiucet_15_max.webp","medium":"https:\/\/cdn.assetlog.ai\/assets\/167685\/seat-tarraco-20-tdi-fr-dsg-110kw-2022-aj-na-splatky-protiucet_15_medium.webp","small":"https:\/\/cdn.assetlog.ai\/assets\/167685\/seat-tarraco-20-tdi-fr-dsg-110kw-2022-aj-na-splatky-protiucet_15_small.webp"},{"id":135213,"max":"https:\/\/cdn.assetlog.ai\/assets\/167685\/seat-tarraco-20-tdi-fr-dsg-110kw-2022-aj-na-splatky-protiucet_16_max.webp","medium":"https:\/\/cdn.assetlog.ai\/assets\/167685\/seat-tarraco-20-tdi-fr-dsg-110kw-2022-aj-na-splatky-protiucet_16_medium.webp","small":"https:\/\/cdn.assetlog.ai\/assets\/167685\/seat-tarraco-20-tdi-fr-dsg-110kw-2022-aj-na-splatky-protiucet_16_small.webp"},{"id":135214,"max":"https:\/\/cdn.assetlog.ai\/assets\/167685\/seat-tarraco-20-tdi-fr-dsg-110kw-2022-aj-na-splatky-protiucet_17_max.webp","medium":"https:\/\/cdn.assetlog.ai\/assets\/167685\/seat-tarraco-20-tdi-fr-dsg-110kw-2022-aj-na-splatky-protiucet_17_medium.webp","small":"https:\/\/cdn.assetlog.ai\/assets\/167685\/seat-tarraco-20-tdi-fr-dsg-110kw-2022-aj-na-splatky-protiucet_17_small.webp"},{"id":135215,"max":"https:\/\/cdn.assetlog.ai\/assets\/167685\/seat-tarraco-20-tdi-fr-dsg-110kw-2022-aj-na-splatky-protiucet_18_max.webp","medium":"https:\/\/cdn.assetlog.ai\/assets\/167685\/seat-tarraco-20-tdi-fr-dsg-110kw-2022-aj-na-splatky-protiucet_18_medium.webp","small":"https:\/\/cdn.assetlog.ai\/assets\/167685\/seat-tarraco-20-tdi-fr-dsg-110kw-2022-aj-na-splatky-protiucet_18_small.webp"},{"id":135216,"max":"https:\/\/cdn.assetlog.ai\/assets\/167685\/seat-tarraco-20-tdi-fr-dsg-110kw-2022-aj-na-splatky-protiucet_19_max.webp","medium":"https:\/\/cdn.assetlog.ai\/assets\/167685\/seat-tarraco-20-tdi-fr-dsg-110kw-2022-aj-na-splatky-protiucet_19_medium.webp","small":"https:\/\/cdn.assetlog.ai\/assets\/167685\/seat-tarraco-20-tdi-fr-dsg-110kw-2022-aj-na-splatky-protiucet_19_small.webp"},{"id":135217,"max":"https:\/\/cdn.assetlog.ai\/assets\/167685\/seat-tarraco-20-tdi-fr-dsg-110kw-2022-aj-na-splatky-protiucet_20_max.webp","medium":"https:\/\/cdn.assetlog.ai\/assets\/167685\/seat-tarraco-20-tdi-fr-dsg-110kw-2022-aj-na-splatky-protiucet_20_medium.webp","small":"https:\/\/cdn.assetlog.ai\/assets\/167685\/seat-tarraco-20-tdi-fr-dsg-110kw-2022-aj-na-splatky-protiucet_20_small.webp"},{"id":135218,"max":"https:\/\/cdn.assetlog.ai\/assets\/167685\/seat-tarraco-20-tdi-fr-dsg-110kw-2022-aj-na-splatky-protiucet_21_max.webp","medium":"https:\/\/cdn.assetlog.ai\/assets\/167685\/seat-tarraco-20-tdi-fr-dsg-110kw-2022-aj-na-splatky-protiucet_21_medium.webp","small":"https:\/\/cdn.assetlog.ai\/assets\/167685\/seat-tarraco-20-tdi-fr-dsg-110kw-2022-aj-na-splatky-protiucet_21_small.webp"},{"id":135219,"max":"https:\/\/cdn.assetlog.ai\/assets\/167685\/seat-tarraco-20-tdi-fr-dsg-110kw-2022-aj-na-splatky-protiucet_22_max.webp","medium":"https:\/\/cdn.assetlog.ai\/assets\/167685\/seat-tarraco-20-tdi-fr-dsg-110kw-2022-aj-na-splatky-protiucet_22_medium.webp","small":"https:\/\/cdn.assetlog.ai\/assets\/167685\/seat-tarraco-20-tdi-fr-dsg-110kw-2022-aj-na-splatky-protiucet_22_small.webp"},{"id":135220,"max":"https:\/\/cdn.assetlog.ai\/assets\/167685\/seat-tarraco-20-tdi-fr-dsg-110kw-2022-aj-na-splatky-protiucet_23_max.webp","medium":"https:\/\/cdn.assetlog.ai\/assets\/167685\/seat-tarraco-20-tdi-fr-dsg-110kw-2022-aj-na-splatky-protiucet_23_medium.webp","small":"https:\/\/cdn.assetlog.ai\/assets\/167685\/seat-tarraco-20-tdi-fr-dsg-110kw-2022-aj-na-splatky-protiucet_23_small.webp"},{"id":135221,"max":"https:\/\/cdn.assetlog.ai\/assets\/167685\/seat-tarraco-20-tdi-fr-dsg-110kw-2022-aj-na-splatky-protiucet_24_max.webp","medium":"https:\/\/cdn.assetlog.ai\/assets\/167685\/seat-tarraco-20-tdi-fr-dsg-110kw-2022-aj-na-splatky-protiucet_24_medium.webp","small":"https:\/\/cdn.assetlog.ai\/assets\/167685\/seat-tarraco-20-tdi-fr-dsg-110kw-2022-aj-na-splatky-protiucet_24_small.webp"},{"id":135222,"max":"https:\/\/cdn.assetlog.ai\/assets\/167685\/seat-tarraco-20-tdi-fr-dsg-110kw-2022-aj-na-splatky-protiucet_25_max.webp","medium":"https:\/\/cdn.assetlog.ai\/assets\/167685\/seat-tarraco-20-tdi-fr-dsg-110kw-2022-aj-na-splatky-protiucet_25_medium.webp","small":"https:\/\/cdn.assetlog.ai\/assets\/167685\/seat-tarraco-20-tdi-fr-dsg-110kw-2022-aj-na-splatky-protiucet_25_small.webp"},{"id":135223,"max":"https:\/\/cdn.assetlog.ai\/assets\/167685\/seat-tarraco-20-tdi-fr-dsg-110kw-2022-aj-na-splatky-protiucet_26_max.webp","medium":"https:\/\/cdn.assetlog.ai\/assets\/167685\/seat-tarraco-20-tdi-fr-dsg-110kw-2022-aj-na-splatky-protiucet_26_medium.webp","small":"https:\/\/cdn.assetlog.ai\/assets\/167685\/seat-tarraco-20-tdi-fr-dsg-110kw-2022-aj-na-splatky-protiucet_26_small.webp"},{"id":135224,"max":"https:\/\/cdn.assetlog.ai\/assets\/167685\/seat-tarraco-20-tdi-fr-dsg-110kw-2022-aj-na-splatky-protiucet_27_max.webp","medium":"https:\/\/cdn.assetlog.ai\/assets\/167685\/seat-tarraco-20-tdi-fr-dsg-110kw-2022-aj-na-splatky-protiucet_27_medium.webp","small":"https:\/\/cdn.assetlog.ai\/assets\/167685\/seat-tarraco-20-tdi-fr-dsg-110kw-2022-aj-na-splatky-protiucet_27_small.webp"},{"id":135225,"max":"https:\/\/cdn.assetlog.ai\/assets\/167685\/seat-tarraco-20-tdi-fr-dsg-110kw-2022-aj-na-splatky-protiucet_28_max.webp","medium":"https:\/\/cdn.assetlog.ai\/assets\/167685\/seat-tarraco-20-tdi-fr-dsg-110kw-2022-aj-na-splatky-protiucet_28_medium.webp","small":"https:\/\/cdn.assetlog.ai\/assets\/167685\/seat-tarraco-20-tdi-fr-dsg-110kw-2022-aj-na-splatky-protiucet_28_small.webp"},{"id":135226,"max":"https:\/\/cdn.assetlog.ai\/assets\/167685\/seat-tarraco-20-tdi-fr-dsg-110kw-2022-aj-na-splatky-protiucet_29_max.webp","medium":"https:\/\/cdn.assetlog.ai\/assets\/167685\/seat-tarraco-20-tdi-fr-dsg-110kw-2022-aj-na-splatky-protiucet_29_medium.webp","small":"https:\/\/cdn.assetlog.ai\/assets\/167685\/seat-tarraco-20-tdi-fr-dsg-110kw-2022-aj-na-splatky-protiucet_29_small.webp"},{"id":135227,"max":"https:\/\/cdn.assetlog.ai\/assets\/167685\/seat-tarraco-20-tdi-fr-dsg-110kw-2022-aj-na-splatky-protiucet_30_max.webp","medium":"https:\/\/cdn.assetlog.ai\/assets\/167685\/seat-tarraco-20-tdi-fr-dsg-110kw-2022-aj-na-splatky-protiucet_30_medium.webp","small":"https:\/\/cdn.assetlog.ai\/assets\/167685\/seat-tarraco-20-tdi-fr-dsg-110kw-2022-aj-na-splatky-protiucet_30_small.webp"},{"id":135228,"max":"https:\/\/cdn.assetlog.ai\/assets\/167685\/seat-tarraco-20-tdi-fr-dsg-110kw-2022-aj-na-splatky-protiucet_31_max.webp","medium":"https:\/\/cdn.assetlog.ai\/assets\/167685\/seat-tarraco-20-tdi-fr-dsg-110kw-2022-aj-na-splatky-protiucet_31_medium.webp","small":"https:\/\/cdn.assetlog.ai\/assets\/167685\/seat-tarraco-20-tdi-fr-dsg-110kw-2022-aj-na-splatky-protiucet_31_small.webp"},{"id":135229,"max":"https:\/\/cdn.assetlog.ai\/assets\/167685\/seat-tarraco-20-tdi-fr-dsg-110kw-2022-aj-na-splatky-protiucet_32_max.webp","medium":"https:\/\/cdn.assetlog.ai\/assets\/167685\/seat-tarraco-20-tdi-fr-dsg-110kw-2022-aj-na-splatky-protiucet_32_medium.webp","small":"https:\/\/cdn.assetlog.ai\/assets\/167685\/seat-tarraco-20-tdi-fr-dsg-110kw-2022-aj-na-splatky-protiucet_32_small.webp"},{"id":135230,"max":"https:\/\/cdn.assetlog.ai\/assets\/167685\/seat-tarraco-20-tdi-fr-dsg-110kw-2022-aj-na-splatky-protiucet_33_max.webp","medium":"https:\/\/cdn.assetlog.ai\/assets\/167685\/seat-tarraco-20-tdi-fr-dsg-110kw-2022-aj-na-splatky-protiucet_33_medium.webp","small":"https:\/\/cdn.assetlog.ai\/assets\/167685\/seat-tarraco-20-tdi-fr-dsg-110kw-2022-aj-na-splatky-protiucet_33_small.webp"},{"id":135231,"max":"https:\/\/cdn.assetlog.ai\/assets\/167685\/seat-tarraco-20-tdi-fr-dsg-110kw-2022-aj-na-splatky-protiucet_34_max.webp","medium":"https:\/\/cdn.assetlog.ai\/assets\/167685\/seat-tarraco-20-tdi-fr-dsg-110kw-2022-aj-na-splatky-protiucet_34_medium.webp","small":"https:\/\/cdn.assetlog.ai\/assets\/167685\/seat-tarraco-20-tdi-fr-dsg-110kw-2022-aj-na-splatky-protiucet_34_small.webp"},{"id":135232,"max":"https:\/\/cdn.assetlog.ai\/assets\/167685\/seat-tarraco-20-tdi-fr-dsg-110kw-2022-aj-na-splatky-protiucet_35_max.webp","medium":"https:\/\/cdn.assetlog.ai\/assets\/167685\/seat-tarraco-20-tdi-fr-dsg-110kw-2022-aj-na-splatky-protiucet_35_medium.webp","small":"https:\/\/cdn.assetlog.ai\/assets\/167685\/seat-tarraco-20-tdi-fr-dsg-110kw-2022-aj-na-splatky-protiucet_35_small.webp"},{"id":135233,"max":"https:\/\/cdn.assetlog.ai\/assets\/167685\/seat-tarraco-20-tdi-fr-dsg-110kw-2022-aj-na-splatky-protiucet_36_max.webp","medium":"https:\/\/cdn.assetlog.ai\/assets\/167685\/seat-tarraco-20-tdi-fr-dsg-110kw-2022-aj-na-splatky-protiucet_36_medium.webp","small":"https:\/\/cdn.assetlog.ai\/assets\/167685\/seat-tarraco-20-tdi-fr-dsg-110kw-2022-aj-na-splatky-protiucet_36_small.webp"},{"id":135234,"max":"https:\/\/cdn.assetlog.ai\/assets\/167685\/seat-tarraco-20-tdi-fr-dsg-110kw-2022-aj-na-splatky-protiucet_37_max.webp","medium":"https:\/\/cdn.assetlog.ai\/assets\/167685\/seat-tarraco-20-tdi-fr-dsg-110kw-2022-aj-na-splatky-protiucet_37_medium.webp","small":"https:\/\/cdn.assetlog.ai\/assets\/167685\/seat-tarraco-20-tdi-fr-dsg-110kw-2022-aj-na-splatky-protiucet_37_small.webp"},{"id":135235,"max":"https:\/\/cdn.assetlog.ai\/assets\/167685\/seat-tarraco-20-tdi-fr-dsg-110kw-2022-aj-na-splatky-protiucet_38_max.webp","medium":"https:\/\/cdn.assetlog.ai\/assets\/167685\/seat-tarraco-20-tdi-fr-dsg-110kw-2022-aj-na-splatky-protiucet_38_medium.webp","small":"https:\/\/cdn.assetlog.ai\/assets\/167685\/seat-tarraco-20-tdi-fr-dsg-110kw-2022-aj-na-splatky-protiucet_38_small.webp"},{"id":135236,"max":"https:\/\/cdn.assetlog.ai\/assets\/167685\/seat-tarraco-20-tdi-fr-dsg-110kw-2022-aj-na-splatky-protiucet_39_max.webp","medium":"https:\/\/cdn.assetlog.ai\/assets\/167685\/seat-tarraco-20-tdi-fr-dsg-110kw-2022-aj-na-splatky-protiucet_39_medium.webp","small":"https:\/\/cdn.assetlog.ai\/assets\/167685\/seat-tarraco-20-tdi-fr-dsg-110kw-2022-aj-na-splatky-protiucet_39_small.webp"},{"id":135237,"max":"https:\/\/cdn.assetlog.ai\/assets\/167685\/seat-tarraco-20-tdi-fr-dsg-110kw-2022-aj-na-splatky-protiucet_40_max.webp","medium":"https:\/\/cdn.assetlog.ai\/assets\/167685\/seat-tarraco-20-tdi-fr-dsg-110kw-2022-aj-na-splatky-protiucet_40_medium.webp","small":"https:\/\/cdn.assetlog.ai\/assets\/167685\/seat-tarraco-20-tdi-fr-dsg-110kw-2022-aj-na-splatky-protiucet_40_small.webp"}],"published_at":null,"expires_at":null,"created_at":"2026-08-22T03:40:40+00:00","updated_at":"2026-09-01T03:40:52+00:00"}}