{"data":{"id":181161,"slug":"skoda-superb-combi-16-tdi-88kw-2017-aj-na-splatky-protiucet","type":"vehicle","title":"\u0160koda Superb Combi 1.6 TDI, 88kW (2017) \/ FINANCING AVAILABLE \/ TRADE-IN ACCEPTED \/","description":"Commission sale - you purchase the vehicle directly from the owner.\n\n\u0160koda Superb Combi 1.6 TDI, 88 kW, year 2017 with extensive equipment offering comfort, spaciousness and low operating costs \u2013 an ideal car for daily drives and long journeys. The vehicle has never been in an accident, shows an unpainted condition and has been regularly serviced, with timing belts replaced at 220,000 km. The car also includes seasonal winter tire changeovers without rims.\n\nThe vehicle has passed insurance records checks, execution checks, paint measurement and document verification. Physically inspected and also verified through the vehicle operating records registry.\n\nWe offer advantageous financing with monthly installments, so you can enjoy your new car right away and without waiting with 0% down payment and installments up to 96 months.\n\nIf you already own a vehicle, you don't have to worry about selling it - we'll take it directly from you in exchange. Just come to us with it, we'll appraise it and deduct the costs from the value of your new vehicle. You'll save time, worry and money and the entire process will be quick and easy - you'll drive away in your new car without unnecessary paperwork.\n\nTHE VEHICLE IS LOCATED IN Bansk\u00e1 Bystrica. More information about the vehicle will be provided to you at phone number 0904 440 337.\n\nVehicle number: AA599PA. Technical inspection valid until: 26. 11. 2026. Technical inspection valid until: 26. 11. 2026.\n\nTechnical Data\n\nYear of manufacture: 07\/17, 1600cm\u00b3, 88kW (120PS), Vehicle generation: , Drive: Front-wheel drive, Manual (6 speed), Diesel, EURO, 5-door, (5-seater), 246,177km, Blue, VIN TMBJG9NP8J7505626\n\nVehicle Fuel Consumption (l\/100km)\n\nUrban: 4.9, extra-urban: 3.8, combined: 4.2\n\nImported, Never wrecked, Leasing possible, Loan possible, Originality check","language":"cs","is_translated":true,"title_original":"\u0160koda Superb Combi 1.6 TDI, 88kW (2017) \/ AJ NA SPL\u00c1TKY \/ PROTI\u00da\u010cET \/","description_original":"Komisn\u00ed prodej - vozidlo kupujete p\u0159\u00edmo od majitele.\n\n\u0160koda Superb Combi 1.6 TDI, 88 kW, r. 2017 s bohatou v\u00fdbavou, kter\u00e1 nab\u00edz\u00ed komfort, prostornost a n\u00edzk\u00e9 provozn\u00ed n\u00e1klady \u2013 ide\u00e1ln\u00ed auto pro ka\u017edodenn\u00ed j\u00edzdy i dlouh\u00e9 cesty. Vozidlo nikdy nebylo po nehod\u011b, vykazuje nelakovan\u00fd stav a bylo pravideln\u011b servisov\u00e1no, p\u0159i\u010dem\u017e rozvody byly vym\u011bn\u011bny p\u0159i 220 000 km. Sou\u010d\u00e1st\u00ed vozu je tak\u00e9 sez\u00f3nn\u00ed v\u00fdm\u011bna zimn\u00edch pneumatik bez r\u00e1fk\u016f.\n\nVozidlo pro\u0161lo kontrolou z\u00e1znam\u016f o poji\u0161t\u011bn\u00ed, exekuc\u00ed, m\u011b\u0159en\u00edm laku a kontrolou doklad\u016f. Zkontrolov\u00e1no fyzicky, tak\u00e9 prost\u0159ednictv\u00edm registru provozn\u00edch z\u00e1znam\u016f vozidla.\n\nNab\u00edz\u00edme v\u00fdhodn\u00e9 financov\u00e1n\u00ed na m\u011bs\u00ed\u010dn\u00ed spl\u00e1tky, tak\u017ee si sv\u016fj nov\u00fd v\u016fz m\u016f\u017eete u\u017e\u00edvat hned a bez \u010dek\u00e1n\u00ed s akontac\u00ed 0 % a spl\u00e1tkami a\u017e na 96 m\u011bs\u00edc\u016f.\n\nPokud ji\u017e v\u016fz vlastn\u00edte, nemus\u00edte se zab\u00fdvat jeho prodejem - na opl\u00e1tku si ho od v\u00e1s p\u0159\u00edmo vezmeme. Sta\u010d\u00ed, kdy\u017e k n\u00e1m s n\u00edm p\u0159ijdete, my ho ocen\u00edme a n\u00e1klady ode\u010dteme od hodnoty va\u0161eho nov\u00e9ho vozu. U\u0161et\u0159\u00edte tak \u010das, starosti i pen\u00edze a cel\u00fd proces bude rychl\u00fd a snadn\u00fd - odjedete rovnou ve sv\u00e9m nov\u00e9m voze bez zbyte\u010dn\u00e9ho pap\u00edrov\u00e1n\u00ed.\n\nVOZIDLO SE NACH\u00c1Z\u00cd V Banskej Bystrici. Viac inform\u00e1ci\u00ed o vozidle V\u00e1m poskytneme na telefonn\u00edm \u010d\u00edsle 0904 440 337.\n\n\u010c\u00edslo vozidla: AA599PA. Platnost technick\u00e9 kontroly do: 26. 11. 2026. Platnost technick\u00e9 kontroly do: 26. 11. 2026.\n\nTechnick\u00e9 \u00fadaje\n\nv.v.: 07\/17, 1600cm\u00b3, 88kW (120PS), Generace vozidla: , Pohon: Pohon p\u0159edn\u00edch kol, Manu\u00e1ln\u00ed (6 st.), Diesel, EURO , 5 dv., (5-m\u00edstn\u00fd), 246 177km, Modr\u00e1, VIN TMBJG9NP8J7505626\n\nSpot\u0159eba vozidla (l\/100km)\n\nVe m\u011bst\u011b: 4.9, mimo m\u011bsto: 3.8, kombinovan\u00e1: 4.2\n\nDovezen\u00e9, Nikdy neb\u00faran\u00e9, Mo\u017en\u00fd leasing, Mo\u017en\u00fd \u00fav\u011br, Kontrola originality","price":"216884.00","currency":"CZK","status":"active","noindex":true,"location":{"address":null,"full_address":null,"city":"Bansk\u00e1 Bystrica","country":"SK","latitude":48.735429,"longitude":19.1457338},"metadata":{"vin":"TMBJG9NP8J7505626","fuel":"diesel","year":2017,"brand":"\u0160koda","color":"Blue","doors":5,"drive":"Front-wheel drive","model":"Superb Combi","seats":5,"region":"Banskobystrick\u00fd kraj","mileage":246177,"emisions":"Euro 1","features":["Alarm","ABS","ESP","Brzdov\u00fd asistent (EBA, BAS)","ISOFIX na zadn\u00edch sedadlech","Deaktivace airbagu spolujezdce","Centr\u00e1ln\u00ed zamyk\u00e1n\u00ed","Zadn\u00ed el. stahovateln\u00e1 okna","El. nastaviteln\u00e1 p\u0159edn\u00ed sedadla","Elektricky nastaviteln\u00e1 zp\u011btn\u00e1 zrc\u00e1tka","Automatick\u00e1 2-z\u00f3nov\u00e1 klimatizace","Centr\u00e1ln\u00ed zamyk\u00e1n\u00ed na d\u00e1lkov\u00e9 ovl\u00e1d\u00e1n\u00ed","Autor\u00e1dio","Vyh\u0159\u00edvan\u00e9 \u010deln\u00ed sklo","Multifunk\u010dn\u00ed volant","Loketn\u00ed op\u011brka vp\u0159edu","Ost\u0159ikova\u010de sv\u011btlomet\u016f","Apple Car Play","Android Auto","Lit\u00e1 kola","Mlhovky","Imobiliz\u00e9r","Palubn\u00ed po\u010d\u00edta\u010d","Navigace","St\u0159e\u0161n\u00ed nosi\u010d","Ta\u017en\u00e9 za\u0159\u00edzen\u00ed","Vyh\u0159\u00edvan\u00e1 sedadla","Elektricky vyh\u0159\u00edvan\u00e1 zp\u011btn\u00e1 zrc\u00e1tka","Sv\u011bteln\u00fd senzor","Xenonov\u00e9 sv\u011btlomety","Zimn\u00ed sada kol","Start\/Stop syst\u00e9m","Parkovac\u00ed kamera","P\u0159edn\u00ed a zadn\u00ed parkovac\u00ed senzory","Adaptivn\u00ed tempomat","El. ovl\u00e1dan\u00fd kufr","Elektrick\u00e9 dov\u00edr\u00e1n\u00ed zavazadlov\u00e9ho prostoru","Bluetooth","Denn\u00ed sv\u00edcen\u00ed","Dotykov\u00e1 obrazovka","Pam\u011b\u0165 nastaven\u00ed sedadla \u0159idi\u010de","Dovezen\u00e9","Nikdy neb\u00faran\u00e9","Mo\u017en\u00fd leasing","Mo\u017en\u00fd \u00faver","Kontrola originality","Odo-pass","elektricky nastaviteln\u00e1","sklopn\u00e1 a vyh\u0159\u00edvan\u00e1 zp\u011btn\u00e1 zrc\u00e1tka","ko\u017een\u00fd volant","vyh\u0159\u00edvan\u00e9 zadn\u00ed sklo","dr\u017e\u00e1ky na n\u00e1poje","elektronick\u00e1 parkovac\u00ed brzda s funkc\u00ed Auto-Hold"],"power_kw":88,"body_type":"Estate","condition":"Used","transmission":"manual","vat_deductible":false,"consumption_city":4.9,"translation_hash":"134389c08b0fb16d5f2f840fb71f522a9b3cfda7","vehicle_category":"car","engine_volume_cm3":1600,"first_registration":"2017-07-01","translation_status":"done","consumption_highway":3.8,"consumption_combined":4.2},"user_id":35,"is_sponsored":false,"views_count":0,"ai_views_count":1,"ai_vendor_counts":{"anthropic":1},"visibility":"public","submission_source":null,"submission_ai_name":null,"has_owner_email":true,"can_contact_owner":true,"phone":"0904 440 337","owner_email":"cik@autorro.sk","user":{"id":35,"slug":"andrej-cik-35","name":"Andrej \u010c\u00edk","bio":"Makl\u00e9r. P\u016fsob\u00edm v Banskej Bystrici a okol\u00ed.\n\nP\u016fsobnost: Bansk\u00e1 Bystrica","nationality":"SK","languages":["cs","sk"],"service_areas":[],"card_style":null,"card_palette":null,"avatar_url":"https:\/\/cdn.assetlog.ai\/avatars\/35\/avatar_max.webp?v=1786535213","avatar_thumb_url":"https:\/\/cdn.assetlog.ai\/avatars\/35\/avatar_small.webp?v=1786535213","reviews_count":0,"avg_rating":null,"seller_badge":"silver","can_calendar":true,"joined_at":"2026-06-07T07:44:52+00:00","primary_intent":null,"seeking":[],"public_assets_count":48,"public_prompts_count":0,"followers_count":0},"images":[{"id":141151,"max":"https:\/\/cdn.assetlog.ai\/assets\/181161\/skoda-superb-combi-16-tdi-88kw-2017-aj-na-splatky-protiucet_1_max.webp","medium":"https:\/\/cdn.assetlog.ai\/assets\/181161\/skoda-superb-combi-16-tdi-88kw-2017-aj-na-splatky-protiucet_1_medium.webp","small":"https:\/\/cdn.assetlog.ai\/assets\/181161\/skoda-superb-combi-16-tdi-88kw-2017-aj-na-splatky-protiucet_1_small.webp"},{"id":141152,"max":"https:\/\/cdn.assetlog.ai\/assets\/181161\/skoda-superb-combi-16-tdi-88kw-2017-aj-na-splatky-protiucet_2_max.webp","medium":"https:\/\/cdn.assetlog.ai\/assets\/181161\/skoda-superb-combi-16-tdi-88kw-2017-aj-na-splatky-protiucet_2_medium.webp","small":"https:\/\/cdn.assetlog.ai\/assets\/181161\/skoda-superb-combi-16-tdi-88kw-2017-aj-na-splatky-protiucet_2_small.webp"},{"id":141153,"max":"https:\/\/cdn.assetlog.ai\/assets\/181161\/skoda-superb-combi-16-tdi-88kw-2017-aj-na-splatky-protiucet_3_max.webp","medium":"https:\/\/cdn.assetlog.ai\/assets\/181161\/skoda-superb-combi-16-tdi-88kw-2017-aj-na-splatky-protiucet_3_medium.webp","small":"https:\/\/cdn.assetlog.ai\/assets\/181161\/skoda-superb-combi-16-tdi-88kw-2017-aj-na-splatky-protiucet_3_small.webp"},{"id":141154,"max":"https:\/\/cdn.assetlog.ai\/assets\/181161\/skoda-superb-combi-16-tdi-88kw-2017-aj-na-splatky-protiucet_4_max.webp","medium":"https:\/\/cdn.assetlog.ai\/assets\/181161\/skoda-superb-combi-16-tdi-88kw-2017-aj-na-splatky-protiucet_4_medium.webp","small":"https:\/\/cdn.assetlog.ai\/assets\/181161\/skoda-superb-combi-16-tdi-88kw-2017-aj-na-splatky-protiucet_4_small.webp"},{"id":141155,"max":"https:\/\/cdn.assetlog.ai\/assets\/181161\/skoda-superb-combi-16-tdi-88kw-2017-aj-na-splatky-protiucet_5_max.webp","medium":"https:\/\/cdn.assetlog.ai\/assets\/181161\/skoda-superb-combi-16-tdi-88kw-2017-aj-na-splatky-protiucet_5_medium.webp","small":"https:\/\/cdn.assetlog.ai\/assets\/181161\/skoda-superb-combi-16-tdi-88kw-2017-aj-na-splatky-protiucet_5_small.webp"},{"id":141156,"max":"https:\/\/cdn.assetlog.ai\/assets\/181161\/skoda-superb-combi-16-tdi-88kw-2017-aj-na-splatky-protiucet_6_max.webp","medium":"https:\/\/cdn.assetlog.ai\/assets\/181161\/skoda-superb-combi-16-tdi-88kw-2017-aj-na-splatky-protiucet_6_medium.webp","small":"https:\/\/cdn.assetlog.ai\/assets\/181161\/skoda-superb-combi-16-tdi-88kw-2017-aj-na-splatky-protiucet_6_small.webp"},{"id":141157,"max":"https:\/\/cdn.assetlog.ai\/assets\/181161\/skoda-superb-combi-16-tdi-88kw-2017-aj-na-splatky-protiucet_7_max.webp","medium":"https:\/\/cdn.assetlog.ai\/assets\/181161\/skoda-superb-combi-16-tdi-88kw-2017-aj-na-splatky-protiucet_7_medium.webp","small":"https:\/\/cdn.assetlog.ai\/assets\/181161\/skoda-superb-combi-16-tdi-88kw-2017-aj-na-splatky-protiucet_7_small.webp"},{"id":141158,"max":"https:\/\/cdn.assetlog.ai\/assets\/181161\/skoda-superb-combi-16-tdi-88kw-2017-aj-na-splatky-protiucet_8_max.webp","medium":"https:\/\/cdn.assetlog.ai\/assets\/181161\/skoda-superb-combi-16-tdi-88kw-2017-aj-na-splatky-protiucet_8_medium.webp","small":"https:\/\/cdn.assetlog.ai\/assets\/181161\/skoda-superb-combi-16-tdi-88kw-2017-aj-na-splatky-protiucet_8_small.webp"},{"id":141159,"max":"https:\/\/cdn.assetlog.ai\/assets\/181161\/skoda-superb-combi-16-tdi-88kw-2017-aj-na-splatky-protiucet_9_max.webp","medium":"https:\/\/cdn.assetlog.ai\/assets\/181161\/skoda-superb-combi-16-tdi-88kw-2017-aj-na-splatky-protiucet_9_medium.webp","small":"https:\/\/cdn.assetlog.ai\/assets\/181161\/skoda-superb-combi-16-tdi-88kw-2017-aj-na-splatky-protiucet_9_small.webp"},{"id":141160,"max":"https:\/\/cdn.assetlog.ai\/assets\/181161\/skoda-superb-combi-16-tdi-88kw-2017-aj-na-splatky-protiucet_10_max.webp","medium":"https:\/\/cdn.assetlog.ai\/assets\/181161\/skoda-superb-combi-16-tdi-88kw-2017-aj-na-splatky-protiucet_10_medium.webp","small":"https:\/\/cdn.assetlog.ai\/assets\/181161\/skoda-superb-combi-16-tdi-88kw-2017-aj-na-splatky-protiucet_10_small.webp"},{"id":141161,"max":"https:\/\/cdn.assetlog.ai\/assets\/181161\/skoda-superb-combi-16-tdi-88kw-2017-aj-na-splatky-protiucet_11_max.webp","medium":"https:\/\/cdn.assetlog.ai\/assets\/181161\/skoda-superb-combi-16-tdi-88kw-2017-aj-na-splatky-protiucet_11_medium.webp","small":"https:\/\/cdn.assetlog.ai\/assets\/181161\/skoda-superb-combi-16-tdi-88kw-2017-aj-na-splatky-protiucet_11_small.webp"},{"id":141162,"max":"https:\/\/cdn.assetlog.ai\/assets\/181161\/skoda-superb-combi-16-tdi-88kw-2017-aj-na-splatky-protiucet_12_max.webp","medium":"https:\/\/cdn.assetlog.ai\/assets\/181161\/skoda-superb-combi-16-tdi-88kw-2017-aj-na-splatky-protiucet_12_medium.webp","small":"https:\/\/cdn.assetlog.ai\/assets\/181161\/skoda-superb-combi-16-tdi-88kw-2017-aj-na-splatky-protiucet_12_small.webp"},{"id":141163,"max":"https:\/\/cdn.assetlog.ai\/assets\/181161\/skoda-superb-combi-16-tdi-88kw-2017-aj-na-splatky-protiucet_13_max.webp","medium":"https:\/\/cdn.assetlog.ai\/assets\/181161\/skoda-superb-combi-16-tdi-88kw-2017-aj-na-splatky-protiucet_13_medium.webp","small":"https:\/\/cdn.assetlog.ai\/assets\/181161\/skoda-superb-combi-16-tdi-88kw-2017-aj-na-splatky-protiucet_13_small.webp"},{"id":141164,"max":"https:\/\/cdn.assetlog.ai\/assets\/181161\/skoda-superb-combi-16-tdi-88kw-2017-aj-na-splatky-protiucet_14_max.webp","medium":"https:\/\/cdn.assetlog.ai\/assets\/181161\/skoda-superb-combi-16-tdi-88kw-2017-aj-na-splatky-protiucet_14_medium.webp","small":"https:\/\/cdn.assetlog.ai\/assets\/181161\/skoda-superb-combi-16-tdi-88kw-2017-aj-na-splatky-protiucet_14_small.webp"},{"id":141165,"max":"https:\/\/cdn.assetlog.ai\/assets\/181161\/skoda-superb-combi-16-tdi-88kw-2017-aj-na-splatky-protiucet_15_max.webp","medium":"https:\/\/cdn.assetlog.ai\/assets\/181161\/skoda-superb-combi-16-tdi-88kw-2017-aj-na-splatky-protiucet_15_medium.webp","small":"https:\/\/cdn.assetlog.ai\/assets\/181161\/skoda-superb-combi-16-tdi-88kw-2017-aj-na-splatky-protiucet_15_small.webp"},{"id":141166,"max":"https:\/\/cdn.assetlog.ai\/assets\/181161\/skoda-superb-combi-16-tdi-88kw-2017-aj-na-splatky-protiucet_16_max.webp","medium":"https:\/\/cdn.assetlog.ai\/assets\/181161\/skoda-superb-combi-16-tdi-88kw-2017-aj-na-splatky-protiucet_16_medium.webp","small":"https:\/\/cdn.assetlog.ai\/assets\/181161\/skoda-superb-combi-16-tdi-88kw-2017-aj-na-splatky-protiucet_16_small.webp"},{"id":141167,"max":"https:\/\/cdn.assetlog.ai\/assets\/181161\/skoda-superb-combi-16-tdi-88kw-2017-aj-na-splatky-protiucet_17_max.webp","medium":"https:\/\/cdn.assetlog.ai\/assets\/181161\/skoda-superb-combi-16-tdi-88kw-2017-aj-na-splatky-protiucet_17_medium.webp","small":"https:\/\/cdn.assetlog.ai\/assets\/181161\/skoda-superb-combi-16-tdi-88kw-2017-aj-na-splatky-protiucet_17_small.webp"},{"id":141168,"max":"https:\/\/cdn.assetlog.ai\/assets\/181161\/skoda-superb-combi-16-tdi-88kw-2017-aj-na-splatky-protiucet_18_max.webp","medium":"https:\/\/cdn.assetlog.ai\/assets\/181161\/skoda-superb-combi-16-tdi-88kw-2017-aj-na-splatky-protiucet_18_medium.webp","small":"https:\/\/cdn.assetlog.ai\/assets\/181161\/skoda-superb-combi-16-tdi-88kw-2017-aj-na-splatky-protiucet_18_small.webp"},{"id":141169,"max":"https:\/\/cdn.assetlog.ai\/assets\/181161\/skoda-superb-combi-16-tdi-88kw-2017-aj-na-splatky-protiucet_19_max.webp","medium":"https:\/\/cdn.assetlog.ai\/assets\/181161\/skoda-superb-combi-16-tdi-88kw-2017-aj-na-splatky-protiucet_19_medium.webp","small":"https:\/\/cdn.assetlog.ai\/assets\/181161\/skoda-superb-combi-16-tdi-88kw-2017-aj-na-splatky-protiucet_19_small.webp"},{"id":141170,"max":"https:\/\/cdn.assetlog.ai\/assets\/181161\/skoda-superb-combi-16-tdi-88kw-2017-aj-na-splatky-protiucet_20_max.webp","medium":"https:\/\/cdn.assetlog.ai\/assets\/181161\/skoda-superb-combi-16-tdi-88kw-2017-aj-na-splatky-protiucet_20_medium.webp","small":"https:\/\/cdn.assetlog.ai\/assets\/181161\/skoda-superb-combi-16-tdi-88kw-2017-aj-na-splatky-protiucet_20_small.webp"},{"id":141171,"max":"https:\/\/cdn.assetlog.ai\/assets\/181161\/skoda-superb-combi-16-tdi-88kw-2017-aj-na-splatky-protiucet_21_max.webp","medium":"https:\/\/cdn.assetlog.ai\/assets\/181161\/skoda-superb-combi-16-tdi-88kw-2017-aj-na-splatky-protiucet_21_medium.webp","small":"https:\/\/cdn.assetlog.ai\/assets\/181161\/skoda-superb-combi-16-tdi-88kw-2017-aj-na-splatky-protiucet_21_small.webp"},{"id":141172,"max":"https:\/\/cdn.assetlog.ai\/assets\/181161\/skoda-superb-combi-16-tdi-88kw-2017-aj-na-splatky-protiucet_22_max.webp","medium":"https:\/\/cdn.assetlog.ai\/assets\/181161\/skoda-superb-combi-16-tdi-88kw-2017-aj-na-splatky-protiucet_22_medium.webp","small":"https:\/\/cdn.assetlog.ai\/assets\/181161\/skoda-superb-combi-16-tdi-88kw-2017-aj-na-splatky-protiucet_22_small.webp"},{"id":141173,"max":"https:\/\/cdn.assetlog.ai\/assets\/181161\/skoda-superb-combi-16-tdi-88kw-2017-aj-na-splatky-protiucet_23_max.webp","medium":"https:\/\/cdn.assetlog.ai\/assets\/181161\/skoda-superb-combi-16-tdi-88kw-2017-aj-na-splatky-protiucet_23_medium.webp","small":"https:\/\/cdn.assetlog.ai\/assets\/181161\/skoda-superb-combi-16-tdi-88kw-2017-aj-na-splatky-protiucet_23_small.webp"},{"id":141174,"max":"https:\/\/cdn.assetlog.ai\/assets\/181161\/skoda-superb-combi-16-tdi-88kw-2017-aj-na-splatky-protiucet_24_max.webp","medium":"https:\/\/cdn.assetlog.ai\/assets\/181161\/skoda-superb-combi-16-tdi-88kw-2017-aj-na-splatky-protiucet_24_medium.webp","small":"https:\/\/cdn.assetlog.ai\/assets\/181161\/skoda-superb-combi-16-tdi-88kw-2017-aj-na-splatky-protiucet_24_small.webp"},{"id":141175,"max":"https:\/\/cdn.assetlog.ai\/assets\/181161\/skoda-superb-combi-16-tdi-88kw-2017-aj-na-splatky-protiucet_25_max.webp","medium":"https:\/\/cdn.assetlog.ai\/assets\/181161\/skoda-superb-combi-16-tdi-88kw-2017-aj-na-splatky-protiucet_25_medium.webp","small":"https:\/\/cdn.assetlog.ai\/assets\/181161\/skoda-superb-combi-16-tdi-88kw-2017-aj-na-splatky-protiucet_25_small.webp"},{"id":141176,"max":"https:\/\/cdn.assetlog.ai\/assets\/181161\/skoda-superb-combi-16-tdi-88kw-2017-aj-na-splatky-protiucet_26_max.webp","medium":"https:\/\/cdn.assetlog.ai\/assets\/181161\/skoda-superb-combi-16-tdi-88kw-2017-aj-na-splatky-protiucet_26_medium.webp","small":"https:\/\/cdn.assetlog.ai\/assets\/181161\/skoda-superb-combi-16-tdi-88kw-2017-aj-na-splatky-protiucet_26_small.webp"},{"id":141177,"max":"https:\/\/cdn.assetlog.ai\/assets\/181161\/skoda-superb-combi-16-tdi-88kw-2017-aj-na-splatky-protiucet_27_max.webp","medium":"https:\/\/cdn.assetlog.ai\/assets\/181161\/skoda-superb-combi-16-tdi-88kw-2017-aj-na-splatky-protiucet_27_medium.webp","small":"https:\/\/cdn.assetlog.ai\/assets\/181161\/skoda-superb-combi-16-tdi-88kw-2017-aj-na-splatky-protiucet_27_small.webp"},{"id":141178,"max":"https:\/\/cdn.assetlog.ai\/assets\/181161\/skoda-superb-combi-16-tdi-88kw-2017-aj-na-splatky-protiucet_28_max.webp","medium":"https:\/\/cdn.assetlog.ai\/assets\/181161\/skoda-superb-combi-16-tdi-88kw-2017-aj-na-splatky-protiucet_28_medium.webp","small":"https:\/\/cdn.assetlog.ai\/assets\/181161\/skoda-superb-combi-16-tdi-88kw-2017-aj-na-splatky-protiucet_28_small.webp"},{"id":141179,"max":"https:\/\/cdn.assetlog.ai\/assets\/181161\/skoda-superb-combi-16-tdi-88kw-2017-aj-na-splatky-protiucet_29_max.webp","medium":"https:\/\/cdn.assetlog.ai\/assets\/181161\/skoda-superb-combi-16-tdi-88kw-2017-aj-na-splatky-protiucet_29_medium.webp","small":"https:\/\/cdn.assetlog.ai\/assets\/181161\/skoda-superb-combi-16-tdi-88kw-2017-aj-na-splatky-protiucet_29_small.webp"},{"id":141180,"max":"https:\/\/cdn.assetlog.ai\/assets\/181161\/skoda-superb-combi-16-tdi-88kw-2017-aj-na-splatky-protiucet_30_max.webp","medium":"https:\/\/cdn.assetlog.ai\/assets\/181161\/skoda-superb-combi-16-tdi-88kw-2017-aj-na-splatky-protiucet_30_medium.webp","small":"https:\/\/cdn.assetlog.ai\/assets\/181161\/skoda-superb-combi-16-tdi-88kw-2017-aj-na-splatky-protiucet_30_small.webp"},{"id":141181,"max":"https:\/\/cdn.assetlog.ai\/assets\/181161\/skoda-superb-combi-16-tdi-88kw-2017-aj-na-splatky-protiucet_31_max.webp","medium":"https:\/\/cdn.assetlog.ai\/assets\/181161\/skoda-superb-combi-16-tdi-88kw-2017-aj-na-splatky-protiucet_31_medium.webp","small":"https:\/\/cdn.assetlog.ai\/assets\/181161\/skoda-superb-combi-16-tdi-88kw-2017-aj-na-splatky-protiucet_31_small.webp"},{"id":141182,"max":"https:\/\/cdn.assetlog.ai\/assets\/181161\/skoda-superb-combi-16-tdi-88kw-2017-aj-na-splatky-protiucet_32_max.webp","medium":"https:\/\/cdn.assetlog.ai\/assets\/181161\/skoda-superb-combi-16-tdi-88kw-2017-aj-na-splatky-protiucet_32_medium.webp","small":"https:\/\/cdn.assetlog.ai\/assets\/181161\/skoda-superb-combi-16-tdi-88kw-2017-aj-na-splatky-protiucet_32_small.webp"},{"id":141183,"max":"https:\/\/cdn.assetlog.ai\/assets\/181161\/skoda-superb-combi-16-tdi-88kw-2017-aj-na-splatky-protiucet_33_max.webp","medium":"https:\/\/cdn.assetlog.ai\/assets\/181161\/skoda-superb-combi-16-tdi-88kw-2017-aj-na-splatky-protiucet_33_medium.webp","small":"https:\/\/cdn.assetlog.ai\/assets\/181161\/skoda-superb-combi-16-tdi-88kw-2017-aj-na-splatky-protiucet_33_small.webp"}],"published_at":null,"expires_at":null,"created_at":"2026-09-01T03:40:09+00:00","updated_at":"2026-09-01T04:00:11+00:00"}}