{"data":{"id":113398,"slug":"skoda-superb-combi-20-tdi-4x4-lak","type":"vehicle","title":"Skoda Superb Combi 2.0 TDI 4x4 White","description":"Superb in exceptionally preserved condition and excellently equipped, with all-wheel drive and a proven engine of Slovak origin, from the second owner, regularly serviced.\n\nService at 188,000 km:\nReplacement of complete front brakes\nReplacement of complete rear brakes\n\nService at 196,000 km:\nReplacement of timing belt\n\nService at 236,000 km:\nReplacement of shock absorbers\n\nService at 242,000 km:\nTransmission oil replacement\nDifferential oil replacement\nTransfer case oil replacement\n\nService at 249,000 km:\nEngine oil and filter replacement\n\nThe vehicle has passed inspection of insurance records, enforcement checks, paint thickness measurement, and document verification. Physically inspected and also verified through the vehicle operation records registry.\n\nWe offer advantageous financing in monthly installments, so you can enjoy your new vehicle immediately without waiting with 0% down payment and installments up to 96 months.\n\nIf you already own a vehicle, you don't have to deal with selling it - we'll buy it directly from you. Just come to us with it, we'll evaluate it and deduct the costs from the value of your new vehicle. This way you'll save time, worries and money and the entire process will be quick and easy - you'll drive away in your new vehicle without unnecessary paperwork.\n\nTHE VEHICLE IS LOCATED IN Tren\u010d\u00edn. We are happy to provide you with more information at +421 32 222 59 19\n\nTechnical specifications\n\nYear: 03\/17, 1968 cm\u00b3, 140 kW (190 PS), Drive: 4\u00d74, Automatic transmission (6 speed), Diesel, EURO 6, 5 doors, (5-seater), 252,713 km, White, VIN TMBLJ9NP0H7531173\n\nVehicle consumption (l\/100 km)\n\nIn city: 6.1, Outside city: 4.5, Combined: 5.1\n\nLeasing possible, As new purchased in Slovakia, Credit possible","language":"cs","is_translated":true,"title_original":"\u0160koda Superb Combi 2.0 TDI 4x4 LaK","description_original":"Superb v mimo\u0159\u00e1dn\u011b zachoval\u00e9m stavu a skv\u011ble vybaven\u00fd, s pohonem v\u0161ech kol a osv\u011bd\u010den\u00fdm motorem slovensk\u00e9ho p\u016fvodu, od druh\u00e9ho majitele, pravideln\u011b servisovan\u00fd.\n\nServis p\u0159i 188 000 km:\nv\u00fdm\u011bna kompletn\u00edch p\u0159edn\u00edch brzd\nv\u00fdm\u011bna kompletn\u00edch zadn\u00edch brzd\n\nServis p\u0159i 196 000 km:\nv\u00fdm\u011bna rozvod\u016f\n\nServis p\u0159i 236 000 km:\nv\u00fdm\u011bna tlumi\u010d\u016f\n\nServis p\u0159i 242 000 km:\nv\u00fdm\u011bna oleje v p\u0159evodovce\nv\u00fdm\u011bna oleje v diferenci\u00e1lech\nv\u00fdm\u011bna oleje v rozd\u011blovac\u00ed p\u0159evodovce\n\nServis p\u0159i 249 000 km:\nv\u00fdm\u011bna motorov\u00e9ho oleje a filtr\u016f\n\nVozidlo pro\u0161lo kontrolou z\u00e1znam\u016f o poji\u0161t\u011bn\u00ed, exekuc\u00ed, m\u011b\u0159en\u00edm laku a kontrolou doklad\u016f. Zkontrolov\u00e1no fyzicky, tak\u00e9 prost\u0159ednictv\u00edm registru provozn\u00edch z\u00e1znam\u016f vozidla.\n\nNab\u00edz\u00edme v\u00fdhodn\u00e9 financov\u00e1n\u00ed na m\u011bs\u00ed\u010dn\u00ed spl\u00e1tky, tak\u017ee si sv\u016fj nov\u00fd v\u016fz m\u016f\u017eete u\u017e\u00edvat hned a bez \u010dek\u00e1n\u00ed s akontac\u00ed 0 % a spl\u00e1tkami a\u017e na 96 m\u011bs\u00edc\u016f.\n\nPokud ji\u017e v\u016fz vlastn\u00edte, nemus\u00edte se zab\u00fdvat jeho prodejem - na opl\u00e1tku si ho od v\u00e1s p\u0159\u00edmo vezmeme. Sta\u010d\u00ed, kdy\u017e k n\u00e1m s n\u00edm p\u0159ijdete, my ho ocen\u00edme a n\u00e1klady ode\u010dteme od hodnoty va\u0161eho nov\u00e9ho vozu. U\u0161et\u0159\u00edte tak \u010das, starosti i pen\u00edze a cel\u00fd proces bude rychl\u00fd a snadn\u00fd - odjedete rovnou ve sv\u00e9m nov\u00e9m voze bez zbyte\u010dn\u00e9ho pap\u00edrov\u00e1n\u00ed.\n\nVOZIDLO SE NACH\u00c1Z\u00cd V Tren\u010d\u00edne. V\u00edce informac\u00ed v\u00e1m r\u00e1di poskytneme na telefonn\u00edm \u010d\u00edsle +421 32 222 59 19\n\nTechnick\u00e9 \u00fadaje\n\nv.v.: 03\/17, 1968cm\u00b3, 140kW (190PS), Pohon: 4\u00d74, Automatick\u00e1 p\u0159evodovka (6 st.), Diesel, EURO 6, 5 dv., (5-m\u00edstn\u00fd), 252 713km, B\u00edl\u00e1, VIN TMBLJ9NP0H7531173\n\nSpot\u0159eba vozidla (l\/100km)\n\nVe m\u011bst\u011b: 6.1, mimo m\u011bsto: 4.5, kombinovan\u00e1: 5.1\n\nMo\u017en\u00fd leasing, Jako nov\u00e9 koupen\u00e9 v SR, Mo\u017en\u00fd \u00fav\u011br","price":"326458.00","currency":"CZK","status":"active","noindex":true,"location":{"address":null,"full_address":null,"city":"Tren\u010d\u00edn","country":"SK","latitude":48.8922719,"longitude":18.0387465},"metadata":{"vin":"TMBLJ9NP0H7531173","fuel":"diesel","year":2017,"brand":"\u0160koda","color":"White","doors":5,"drive":"AWD \/ 4x4","model":"Superb Combi","seats":5,"region":"Tren\u010diansky kraj","mileage":252713,"emisions":"Euro 6","features":["Alarm","EBD\/EBV","ABS","ESP","Protiprokluzov\u00fd syst\u00e9m kol (TC, ASR)","Brzdov\u00fd asistent (EBA, BAS)","ISOFIX na zadn\u00edch sedadlech","Nat\u00e1\u010dec\u00ed sv\u011btlomety","Senzor tlaku","Syst\u00e9m rozpozn\u00e1v\u00e1n\u00ed dopravn\u00edch zna\u010dek","Sledov\u00e1n\u00ed \u00fanavy \u0159idi\u010de","T\u00eds\u0148ov\u00e9 vol\u00e1n\u00ed","Asistent d\u00e1lkov\u00fdch sv\u011btel (HBA)","Centr\u00e1ln\u00ed zamyk\u00e1n\u00ed","Zadn\u00ed el. stahovateln\u00e1 okna","El. nastaviteln\u00e1 p\u0159edn\u00ed sedadla","Elektricky nastaviteln\u00e1 zp\u011btn\u00e1 zrc\u00e1tka","Centr\u00e1ln\u00ed zamyk\u00e1n\u00ed na d\u00e1lkov\u00e9 ovl\u00e1d\u00e1n\u00ed","Autor\u00e1dio","Multifunk\u010dn\u00ed volant","Loketn\u00ed op\u011brka vp\u0159edu","Start\/Stop syst\u00e9m","Ost\u0159ikova\u010de sv\u011btlomet\u016f","Automatick\u00e1 3-z\u00f3nov\u00e1 klimatizace","Welcome light","Lit\u00e1 kola","Mlhovky","Palubn\u00ed po\u010d\u00edta\u010d","Navigace","St\u0159e\u0161n\u00ed nosi\u010d","Tempomat","Ko\u017een\u00fd interi\u00e9r","T\u00f3novan\u00e1 skla","Vyh\u0159\u00edvan\u00e1 sedadla","Elektricky vyh\u0159\u00edvan\u00e1 zp\u011btn\u00e1 zrc\u00e1tka","Senzor st\u011bra\u010d\u016f","Sv\u011bteln\u00fd senzor","Parkovac\u00ed kamera","P\u0159edn\u00ed a zadn\u00ed parkovac\u00ed senzory","Adaptivn\u00ed tempomat","Bezkl\u00ed\u010dov\u00fd vstup","El. ovl\u00e1dan\u00fd kufr","Elektrick\u00e9 dov\u00edr\u00e1n\u00ed zavazadlov\u00e9ho prostoru","Bluetooth","Denn\u00ed sv\u00edcen\u00ed","Bezdotykov\u00e9 ovl\u00e1d\u00e1n\u00ed v\u00edka zavazadlov\u00e9ho prostoru","Pam\u011b\u0165 nastaven\u00ed sedadla \u0159idi\u010de","LED matrixov\u00e9 sv\u011btlomety","Ambientn\u00ed LED osv\u011btlen\u00ed interi\u00e9ru","Mo\u017en\u00fd leasing","Ako nov\u00e9 k\u00fapen\u00e9 v SR","Mo\u017en\u00fd \u00faver","Adaptivn\u00ed podvozek","Asistent udr\u017eov\u00e1n\u00ed j\u00edzdn\u00edho pruhu","Asistent rozjezdu do kopce","Sledov\u00e1n\u00ed mrtv\u00e9ho \u00fahlu","Zvukov\u00fd syst\u00e9m Canton"],"power_kw":140,"body_type":"Estate","condition":"Used","transmission":"automatic","vat_deductible":false,"consumption_city":6.1,"translation_hash":"868f72e83b242a750a35170eaddedc3f3e487af6","vehicle_category":"car","engine_volume_cm3":1968,"first_registration":"2017-03-01","translation_status":"done","consumption_highway":4.5,"consumption_combined":5.1},"user_id":49,"is_sponsored":false,"views_count":27,"ai_views_count":18,"ai_vendor_counts":{"meta":5,"other":3,"google":2,"openai":4,"anthropic":3,"microsoft":1},"visibility":"public","submission_source":null,"submission_ai_name":null,"has_owner_email":true,"can_contact_owner":true,"phone":"+421 32 222 59 19","owner_email":"mikuska@autorro.sk","user":{"id":49,"slug":"rudolf-mikuska-49","name":"Rudolf Miku\u0161ka","bio":"Prodejce. P\u016fsob\u00edm v showroome v Tren\u010d\u00edne.\n\nP\u016fsobnost: Tren\u010d\u00edn","nationality":"SK","languages":["cs","sk"],"service_areas":[],"card_style":null,"card_palette":null,"avatar_url":"https:\/\/cdn.assetlog.ai\/avatars\/49\/avatar_max.webp?v=1786535213","avatar_thumb_url":"https:\/\/cdn.assetlog.ai\/avatars\/49\/avatar_small.webp?v=1786535213","reviews_count":0,"avg_rating":null,"seller_badge":"silver","can_calendar":true,"joined_at":"2026-06-07T14:20:24+00:00","primary_intent":null,"seeking":[],"public_assets_count":46,"public_prompts_count":0,"followers_count":0},"images":[{"id":95473,"max":"https:\/\/cdn.assetlog.ai\/assets\/113398\/skoda-superb-combi-20-tdi-4x4-lampk-140kw-a6-zaruka-aj-na-splatky-protiucet_1_max.webp","medium":"https:\/\/cdn.assetlog.ai\/assets\/113398\/skoda-superb-combi-20-tdi-4x4-lampk-140kw-a6-zaruka-aj-na-splatky-protiucet_1_medium.webp","small":"https:\/\/cdn.assetlog.ai\/assets\/113398\/skoda-superb-combi-20-tdi-4x4-lampk-140kw-a6-zaruka-aj-na-splatky-protiucet_1_small.webp"},{"id":95474,"max":"https:\/\/cdn.assetlog.ai\/assets\/113398\/skoda-superb-combi-20-tdi-4x4-lampk-140kw-a6-zaruka-aj-na-splatky-protiucet_2_max.webp","medium":"https:\/\/cdn.assetlog.ai\/assets\/113398\/skoda-superb-combi-20-tdi-4x4-lampk-140kw-a6-zaruka-aj-na-splatky-protiucet_2_medium.webp","small":"https:\/\/cdn.assetlog.ai\/assets\/113398\/skoda-superb-combi-20-tdi-4x4-lampk-140kw-a6-zaruka-aj-na-splatky-protiucet_2_small.webp"},{"id":95475,"max":"https:\/\/cdn.assetlog.ai\/assets\/113398\/skoda-superb-combi-20-tdi-4x4-lampk-140kw-a6-zaruka-aj-na-splatky-protiucet_3_max.webp","medium":"https:\/\/cdn.assetlog.ai\/assets\/113398\/skoda-superb-combi-20-tdi-4x4-lampk-140kw-a6-zaruka-aj-na-splatky-protiucet_3_medium.webp","small":"https:\/\/cdn.assetlog.ai\/assets\/113398\/skoda-superb-combi-20-tdi-4x4-lampk-140kw-a6-zaruka-aj-na-splatky-protiucet_3_small.webp"},{"id":95476,"max":"https:\/\/cdn.assetlog.ai\/assets\/113398\/skoda-superb-combi-20-tdi-4x4-lampk-140kw-a6-zaruka-aj-na-splatky-protiucet_4_max.webp","medium":"https:\/\/cdn.assetlog.ai\/assets\/113398\/skoda-superb-combi-20-tdi-4x4-lampk-140kw-a6-zaruka-aj-na-splatky-protiucet_4_medium.webp","small":"https:\/\/cdn.assetlog.ai\/assets\/113398\/skoda-superb-combi-20-tdi-4x4-lampk-140kw-a6-zaruka-aj-na-splatky-protiucet_4_small.webp"},{"id":95477,"max":"https:\/\/cdn.assetlog.ai\/assets\/113398\/skoda-superb-combi-20-tdi-4x4-lampk-140kw-a6-zaruka-aj-na-splatky-protiucet_5_max.webp","medium":"https:\/\/cdn.assetlog.ai\/assets\/113398\/skoda-superb-combi-20-tdi-4x4-lampk-140kw-a6-zaruka-aj-na-splatky-protiucet_5_medium.webp","small":"https:\/\/cdn.assetlog.ai\/assets\/113398\/skoda-superb-combi-20-tdi-4x4-lampk-140kw-a6-zaruka-aj-na-splatky-protiucet_5_small.webp"},{"id":95478,"max":"https:\/\/cdn.assetlog.ai\/assets\/113398\/skoda-superb-combi-20-tdi-4x4-lampk-140kw-a6-zaruka-aj-na-splatky-protiucet_6_max.webp","medium":"https:\/\/cdn.assetlog.ai\/assets\/113398\/skoda-superb-combi-20-tdi-4x4-lampk-140kw-a6-zaruka-aj-na-splatky-protiucet_6_medium.webp","small":"https:\/\/cdn.assetlog.ai\/assets\/113398\/skoda-superb-combi-20-tdi-4x4-lampk-140kw-a6-zaruka-aj-na-splatky-protiucet_6_small.webp"},{"id":95479,"max":"https:\/\/cdn.assetlog.ai\/assets\/113398\/skoda-superb-combi-20-tdi-4x4-lampk-140kw-a6-zaruka-aj-na-splatky-protiucet_7_max.webp","medium":"https:\/\/cdn.assetlog.ai\/assets\/113398\/skoda-superb-combi-20-tdi-4x4-lampk-140kw-a6-zaruka-aj-na-splatky-protiucet_7_medium.webp","small":"https:\/\/cdn.assetlog.ai\/assets\/113398\/skoda-superb-combi-20-tdi-4x4-lampk-140kw-a6-zaruka-aj-na-splatky-protiucet_7_small.webp"},{"id":95480,"max":"https:\/\/cdn.assetlog.ai\/assets\/113398\/skoda-superb-combi-20-tdi-4x4-lampk-140kw-a6-zaruka-aj-na-splatky-protiucet_8_max.webp","medium":"https:\/\/cdn.assetlog.ai\/assets\/113398\/skoda-superb-combi-20-tdi-4x4-lampk-140kw-a6-zaruka-aj-na-splatky-protiucet_8_medium.webp","small":"https:\/\/cdn.assetlog.ai\/assets\/113398\/skoda-superb-combi-20-tdi-4x4-lampk-140kw-a6-zaruka-aj-na-splatky-protiucet_8_small.webp"},{"id":95481,"max":"https:\/\/cdn.assetlog.ai\/assets\/113398\/skoda-superb-combi-20-tdi-4x4-lampk-140kw-a6-zaruka-aj-na-splatky-protiucet_9_max.webp","medium":"https:\/\/cdn.assetlog.ai\/assets\/113398\/skoda-superb-combi-20-tdi-4x4-lampk-140kw-a6-zaruka-aj-na-splatky-protiucet_9_medium.webp","small":"https:\/\/cdn.assetlog.ai\/assets\/113398\/skoda-superb-combi-20-tdi-4x4-lampk-140kw-a6-zaruka-aj-na-splatky-protiucet_9_small.webp"},{"id":95482,"max":"https:\/\/cdn.assetlog.ai\/assets\/113398\/skoda-superb-combi-20-tdi-4x4-lampk-140kw-a6-zaruka-aj-na-splatky-protiucet_10_max.webp","medium":"https:\/\/cdn.assetlog.ai\/assets\/113398\/skoda-superb-combi-20-tdi-4x4-lampk-140kw-a6-zaruka-aj-na-splatky-protiucet_10_medium.webp","small":"https:\/\/cdn.assetlog.ai\/assets\/113398\/skoda-superb-combi-20-tdi-4x4-lampk-140kw-a6-zaruka-aj-na-splatky-protiucet_10_small.webp"},{"id":95483,"max":"https:\/\/cdn.assetlog.ai\/assets\/113398\/skoda-superb-combi-20-tdi-4x4-lampk-140kw-a6-zaruka-aj-na-splatky-protiucet_11_max.webp","medium":"https:\/\/cdn.assetlog.ai\/assets\/113398\/skoda-superb-combi-20-tdi-4x4-lampk-140kw-a6-zaruka-aj-na-splatky-protiucet_11_medium.webp","small":"https:\/\/cdn.assetlog.ai\/assets\/113398\/skoda-superb-combi-20-tdi-4x4-lampk-140kw-a6-zaruka-aj-na-splatky-protiucet_11_small.webp"},{"id":95484,"max":"https:\/\/cdn.assetlog.ai\/assets\/113398\/skoda-superb-combi-20-tdi-4x4-lampk-140kw-a6-zaruka-aj-na-splatky-protiucet_12_max.webp","medium":"https:\/\/cdn.assetlog.ai\/assets\/113398\/skoda-superb-combi-20-tdi-4x4-lampk-140kw-a6-zaruka-aj-na-splatky-protiucet_12_medium.webp","small":"https:\/\/cdn.assetlog.ai\/assets\/113398\/skoda-superb-combi-20-tdi-4x4-lampk-140kw-a6-zaruka-aj-na-splatky-protiucet_12_small.webp"},{"id":95485,"max":"https:\/\/cdn.assetlog.ai\/assets\/113398\/skoda-superb-combi-20-tdi-4x4-lampk-140kw-a6-zaruka-aj-na-splatky-protiucet_13_max.webp","medium":"https:\/\/cdn.assetlog.ai\/assets\/113398\/skoda-superb-combi-20-tdi-4x4-lampk-140kw-a6-zaruka-aj-na-splatky-protiucet_13_medium.webp","small":"https:\/\/cdn.assetlog.ai\/assets\/113398\/skoda-superb-combi-20-tdi-4x4-lampk-140kw-a6-zaruka-aj-na-splatky-protiucet_13_small.webp"},{"id":95486,"max":"https:\/\/cdn.assetlog.ai\/assets\/113398\/skoda-superb-combi-20-tdi-4x4-lampk-140kw-a6-zaruka-aj-na-splatky-protiucet_14_max.webp","medium":"https:\/\/cdn.assetlog.ai\/assets\/113398\/skoda-superb-combi-20-tdi-4x4-lampk-140kw-a6-zaruka-aj-na-splatky-protiucet_14_medium.webp","small":"https:\/\/cdn.assetlog.ai\/assets\/113398\/skoda-superb-combi-20-tdi-4x4-lampk-140kw-a6-zaruka-aj-na-splatky-protiucet_14_small.webp"},{"id":95487,"max":"https:\/\/cdn.assetlog.ai\/assets\/113398\/skoda-superb-combi-20-tdi-4x4-lampk-140kw-a6-zaruka-aj-na-splatky-protiucet_15_max.webp","medium":"https:\/\/cdn.assetlog.ai\/assets\/113398\/skoda-superb-combi-20-tdi-4x4-lampk-140kw-a6-zaruka-aj-na-splatky-protiucet_15_medium.webp","small":"https:\/\/cdn.assetlog.ai\/assets\/113398\/skoda-superb-combi-20-tdi-4x4-lampk-140kw-a6-zaruka-aj-na-splatky-protiucet_15_small.webp"},{"id":95488,"max":"https:\/\/cdn.assetlog.ai\/assets\/113398\/skoda-superb-combi-20-tdi-4x4-lampk-140kw-a6-zaruka-aj-na-splatky-protiucet_16_max.webp","medium":"https:\/\/cdn.assetlog.ai\/assets\/113398\/skoda-superb-combi-20-tdi-4x4-lampk-140kw-a6-zaruka-aj-na-splatky-protiucet_16_medium.webp","small":"https:\/\/cdn.assetlog.ai\/assets\/113398\/skoda-superb-combi-20-tdi-4x4-lampk-140kw-a6-zaruka-aj-na-splatky-protiucet_16_small.webp"},{"id":95489,"max":"https:\/\/cdn.assetlog.ai\/assets\/113398\/skoda-superb-combi-20-tdi-4x4-lampk-140kw-a6-zaruka-aj-na-splatky-protiucet_17_max.webp","medium":"https:\/\/cdn.assetlog.ai\/assets\/113398\/skoda-superb-combi-20-tdi-4x4-lampk-140kw-a6-zaruka-aj-na-splatky-protiucet_17_medium.webp","small":"https:\/\/cdn.assetlog.ai\/assets\/113398\/skoda-superb-combi-20-tdi-4x4-lampk-140kw-a6-zaruka-aj-na-splatky-protiucet_17_small.webp"},{"id":95490,"max":"https:\/\/cdn.assetlog.ai\/assets\/113398\/skoda-superb-combi-20-tdi-4x4-lampk-140kw-a6-zaruka-aj-na-splatky-protiucet_18_max.webp","medium":"https:\/\/cdn.assetlog.ai\/assets\/113398\/skoda-superb-combi-20-tdi-4x4-lampk-140kw-a6-zaruka-aj-na-splatky-protiucet_18_medium.webp","small":"https:\/\/cdn.assetlog.ai\/assets\/113398\/skoda-superb-combi-20-tdi-4x4-lampk-140kw-a6-zaruka-aj-na-splatky-protiucet_18_small.webp"},{"id":95491,"max":"https:\/\/cdn.assetlog.ai\/assets\/113398\/skoda-superb-combi-20-tdi-4x4-lampk-140kw-a6-zaruka-aj-na-splatky-protiucet_19_max.webp","medium":"https:\/\/cdn.assetlog.ai\/assets\/113398\/skoda-superb-combi-20-tdi-4x4-lampk-140kw-a6-zaruka-aj-na-splatky-protiucet_19_medium.webp","small":"https:\/\/cdn.assetlog.ai\/assets\/113398\/skoda-superb-combi-20-tdi-4x4-lampk-140kw-a6-zaruka-aj-na-splatky-protiucet_19_small.webp"},{"id":95492,"max":"https:\/\/cdn.assetlog.ai\/assets\/113398\/skoda-superb-combi-20-tdi-4x4-lampk-140kw-a6-zaruka-aj-na-splatky-protiucet_20_max.webp","medium":"https:\/\/cdn.assetlog.ai\/assets\/113398\/skoda-superb-combi-20-tdi-4x4-lampk-140kw-a6-zaruka-aj-na-splatky-protiucet_20_medium.webp","small":"https:\/\/cdn.assetlog.ai\/assets\/113398\/skoda-superb-combi-20-tdi-4x4-lampk-140kw-a6-zaruka-aj-na-splatky-protiucet_20_small.webp"},{"id":95493,"max":"https:\/\/cdn.assetlog.ai\/assets\/113398\/skoda-superb-combi-20-tdi-4x4-lampk-140kw-a6-zaruka-aj-na-splatky-protiucet_21_max.webp","medium":"https:\/\/cdn.assetlog.ai\/assets\/113398\/skoda-superb-combi-20-tdi-4x4-lampk-140kw-a6-zaruka-aj-na-splatky-protiucet_21_medium.webp","small":"https:\/\/cdn.assetlog.ai\/assets\/113398\/skoda-superb-combi-20-tdi-4x4-lampk-140kw-a6-zaruka-aj-na-splatky-protiucet_21_small.webp"},{"id":95494,"max":"https:\/\/cdn.assetlog.ai\/assets\/113398\/skoda-superb-combi-20-tdi-4x4-lampk-140kw-a6-zaruka-aj-na-splatky-protiucet_22_max.webp","medium":"https:\/\/cdn.assetlog.ai\/assets\/113398\/skoda-superb-combi-20-tdi-4x4-lampk-140kw-a6-zaruka-aj-na-splatky-protiucet_22_medium.webp","small":"https:\/\/cdn.assetlog.ai\/assets\/113398\/skoda-superb-combi-20-tdi-4x4-lampk-140kw-a6-zaruka-aj-na-splatky-protiucet_22_small.webp"},{"id":95495,"max":"https:\/\/cdn.assetlog.ai\/assets\/113398\/skoda-superb-combi-20-tdi-4x4-lampk-140kw-a6-zaruka-aj-na-splatky-protiucet_23_max.webp","medium":"https:\/\/cdn.assetlog.ai\/assets\/113398\/skoda-superb-combi-20-tdi-4x4-lampk-140kw-a6-zaruka-aj-na-splatky-protiucet_23_medium.webp","small":"https:\/\/cdn.assetlog.ai\/assets\/113398\/skoda-superb-combi-20-tdi-4x4-lampk-140kw-a6-zaruka-aj-na-splatky-protiucet_23_small.webp"},{"id":95496,"max":"https:\/\/cdn.assetlog.ai\/assets\/113398\/skoda-superb-combi-20-tdi-4x4-lampk-140kw-a6-zaruka-aj-na-splatky-protiucet_24_max.webp","medium":"https:\/\/cdn.assetlog.ai\/assets\/113398\/skoda-superb-combi-20-tdi-4x4-lampk-140kw-a6-zaruka-aj-na-splatky-protiucet_24_medium.webp","small":"https:\/\/cdn.assetlog.ai\/assets\/113398\/skoda-superb-combi-20-tdi-4x4-lampk-140kw-a6-zaruka-aj-na-splatky-protiucet_24_small.webp"},{"id":95497,"max":"https:\/\/cdn.assetlog.ai\/assets\/113398\/skoda-superb-combi-20-tdi-4x4-lampk-140kw-a6-zaruka-aj-na-splatky-protiucet_25_max.webp","medium":"https:\/\/cdn.assetlog.ai\/assets\/113398\/skoda-superb-combi-20-tdi-4x4-lampk-140kw-a6-zaruka-aj-na-splatky-protiucet_25_medium.webp","small":"https:\/\/cdn.assetlog.ai\/assets\/113398\/skoda-superb-combi-20-tdi-4x4-lampk-140kw-a6-zaruka-aj-na-splatky-protiucet_25_small.webp"},{"id":95498,"max":"https:\/\/cdn.assetlog.ai\/assets\/113398\/skoda-superb-combi-20-tdi-4x4-lampk-140kw-a6-zaruka-aj-na-splatky-protiucet_26_max.webp","medium":"https:\/\/cdn.assetlog.ai\/assets\/113398\/skoda-superb-combi-20-tdi-4x4-lampk-140kw-a6-zaruka-aj-na-splatky-protiucet_26_medium.webp","small":"https:\/\/cdn.assetlog.ai\/assets\/113398\/skoda-superb-combi-20-tdi-4x4-lampk-140kw-a6-zaruka-aj-na-splatky-protiucet_26_small.webp"},{"id":95499,"max":"https:\/\/cdn.assetlog.ai\/assets\/113398\/skoda-superb-combi-20-tdi-4x4-lampk-140kw-a6-zaruka-aj-na-splatky-protiucet_27_max.webp","medium":"https:\/\/cdn.assetlog.ai\/assets\/113398\/skoda-superb-combi-20-tdi-4x4-lampk-140kw-a6-zaruka-aj-na-splatky-protiucet_27_medium.webp","small":"https:\/\/cdn.assetlog.ai\/assets\/113398\/skoda-superb-combi-20-tdi-4x4-lampk-140kw-a6-zaruka-aj-na-splatky-protiucet_27_small.webp"},{"id":95500,"max":"https:\/\/cdn.assetlog.ai\/assets\/113398\/skoda-superb-combi-20-tdi-4x4-lampk-140kw-a6-zaruka-aj-na-splatky-protiucet_28_max.webp","medium":"https:\/\/cdn.assetlog.ai\/assets\/113398\/skoda-superb-combi-20-tdi-4x4-lampk-140kw-a6-zaruka-aj-na-splatky-protiucet_28_medium.webp","small":"https:\/\/cdn.assetlog.ai\/assets\/113398\/skoda-superb-combi-20-tdi-4x4-lampk-140kw-a6-zaruka-aj-na-splatky-protiucet_28_small.webp"},{"id":95501,"max":"https:\/\/cdn.assetlog.ai\/assets\/113398\/skoda-superb-combi-20-tdi-4x4-lampk-140kw-a6-zaruka-aj-na-splatky-protiucet_29_max.webp","medium":"https:\/\/cdn.assetlog.ai\/assets\/113398\/skoda-superb-combi-20-tdi-4x4-lampk-140kw-a6-zaruka-aj-na-splatky-protiucet_29_medium.webp","small":"https:\/\/cdn.assetlog.ai\/assets\/113398\/skoda-superb-combi-20-tdi-4x4-lampk-140kw-a6-zaruka-aj-na-splatky-protiucet_29_small.webp"},{"id":95502,"max":"https:\/\/cdn.assetlog.ai\/assets\/113398\/skoda-superb-combi-20-tdi-4x4-lampk-140kw-a6-zaruka-aj-na-splatky-protiucet_30_max.webp","medium":"https:\/\/cdn.assetlog.ai\/assets\/113398\/skoda-superb-combi-20-tdi-4x4-lampk-140kw-a6-zaruka-aj-na-splatky-protiucet_30_medium.webp","small":"https:\/\/cdn.assetlog.ai\/assets\/113398\/skoda-superb-combi-20-tdi-4x4-lampk-140kw-a6-zaruka-aj-na-splatky-protiucet_30_small.webp"},{"id":95503,"max":"https:\/\/cdn.assetlog.ai\/assets\/113398\/skoda-superb-combi-20-tdi-4x4-lampk-140kw-a6-zaruka-aj-na-splatky-protiucet_31_max.webp","medium":"https:\/\/cdn.assetlog.ai\/assets\/113398\/skoda-superb-combi-20-tdi-4x4-lampk-140kw-a6-zaruka-aj-na-splatky-protiucet_31_medium.webp","small":"https:\/\/cdn.assetlog.ai\/assets\/113398\/skoda-superb-combi-20-tdi-4x4-lampk-140kw-a6-zaruka-aj-na-splatky-protiucet_31_small.webp"},{"id":95504,"max":"https:\/\/cdn.assetlog.ai\/assets\/113398\/skoda-superb-combi-20-tdi-4x4-lampk-140kw-a6-zaruka-aj-na-splatky-protiucet_32_max.webp","medium":"https:\/\/cdn.assetlog.ai\/assets\/113398\/skoda-superb-combi-20-tdi-4x4-lampk-140kw-a6-zaruka-aj-na-splatky-protiucet_32_medium.webp","small":"https:\/\/cdn.assetlog.ai\/assets\/113398\/skoda-superb-combi-20-tdi-4x4-lampk-140kw-a6-zaruka-aj-na-splatky-protiucet_32_small.webp"},{"id":95505,"max":"https:\/\/cdn.assetlog.ai\/assets\/113398\/skoda-superb-combi-20-tdi-4x4-lampk-140kw-a6-zaruka-aj-na-splatky-protiucet_33_max.webp","medium":"https:\/\/cdn.assetlog.ai\/assets\/113398\/skoda-superb-combi-20-tdi-4x4-lampk-140kw-a6-zaruka-aj-na-splatky-protiucet_33_medium.webp","small":"https:\/\/cdn.assetlog.ai\/assets\/113398\/skoda-superb-combi-20-tdi-4x4-lampk-140kw-a6-zaruka-aj-na-splatky-protiucet_33_small.webp"},{"id":95506,"max":"https:\/\/cdn.assetlog.ai\/assets\/113398\/skoda-superb-combi-20-tdi-4x4-lampk-140kw-a6-zaruka-aj-na-splatky-protiucet_34_max.webp","medium":"https:\/\/cdn.assetlog.ai\/assets\/113398\/skoda-superb-combi-20-tdi-4x4-lampk-140kw-a6-zaruka-aj-na-splatky-protiucet_34_medium.webp","small":"https:\/\/cdn.assetlog.ai\/assets\/113398\/skoda-superb-combi-20-tdi-4x4-lampk-140kw-a6-zaruka-aj-na-splatky-protiucet_34_small.webp"},{"id":95507,"max":"https:\/\/cdn.assetlog.ai\/assets\/113398\/skoda-superb-combi-20-tdi-4x4-lampk-140kw-a6-zaruka-aj-na-splatky-protiucet_35_max.webp","medium":"https:\/\/cdn.assetlog.ai\/assets\/113398\/skoda-superb-combi-20-tdi-4x4-lampk-140kw-a6-zaruka-aj-na-splatky-protiucet_35_medium.webp","small":"https:\/\/cdn.assetlog.ai\/assets\/113398\/skoda-superb-combi-20-tdi-4x4-lampk-140kw-a6-zaruka-aj-na-splatky-protiucet_35_small.webp"},{"id":95508,"max":"https:\/\/cdn.assetlog.ai\/assets\/113398\/skoda-superb-combi-20-tdi-4x4-lampk-140kw-a6-zaruka-aj-na-splatky-protiucet_36_max.webp","medium":"https:\/\/cdn.assetlog.ai\/assets\/113398\/skoda-superb-combi-20-tdi-4x4-lampk-140kw-a6-zaruka-aj-na-splatky-protiucet_36_medium.webp","small":"https:\/\/cdn.assetlog.ai\/assets\/113398\/skoda-superb-combi-20-tdi-4x4-lampk-140kw-a6-zaruka-aj-na-splatky-protiucet_36_small.webp"},{"id":95509,"max":"https:\/\/cdn.assetlog.ai\/assets\/113398\/skoda-superb-combi-20-tdi-4x4-lampk-140kw-a6-zaruka-aj-na-splatky-protiucet_37_max.webp","medium":"https:\/\/cdn.assetlog.ai\/assets\/113398\/skoda-superb-combi-20-tdi-4x4-lampk-140kw-a6-zaruka-aj-na-splatky-protiucet_37_medium.webp","small":"https:\/\/cdn.assetlog.ai\/assets\/113398\/skoda-superb-combi-20-tdi-4x4-lampk-140kw-a6-zaruka-aj-na-splatky-protiucet_37_small.webp"},{"id":95510,"max":"https:\/\/cdn.assetlog.ai\/assets\/113398\/skoda-superb-combi-20-tdi-4x4-lampk-140kw-a6-zaruka-aj-na-splatky-protiucet_38_max.webp","medium":"https:\/\/cdn.assetlog.ai\/assets\/113398\/skoda-superb-combi-20-tdi-4x4-lampk-140kw-a6-zaruka-aj-na-splatky-protiucet_38_medium.webp","small":"https:\/\/cdn.assetlog.ai\/assets\/113398\/skoda-superb-combi-20-tdi-4x4-lampk-140kw-a6-zaruka-aj-na-splatky-protiucet_38_small.webp"},{"id":95511,"max":"https:\/\/cdn.assetlog.ai\/assets\/113398\/skoda-superb-combi-20-tdi-4x4-lampk-140kw-a6-zaruka-aj-na-splatky-protiucet_39_max.webp","medium":"https:\/\/cdn.assetlog.ai\/assets\/113398\/skoda-superb-combi-20-tdi-4x4-lampk-140kw-a6-zaruka-aj-na-splatky-protiucet_39_medium.webp","small":"https:\/\/cdn.assetlog.ai\/assets\/113398\/skoda-superb-combi-20-tdi-4x4-lampk-140kw-a6-zaruka-aj-na-splatky-protiucet_39_small.webp"},{"id":95512,"max":"https:\/\/cdn.assetlog.ai\/assets\/113398\/skoda-superb-combi-20-tdi-4x4-lampk-140kw-a6-zaruka-aj-na-splatky-protiucet_40_max.webp","medium":"https:\/\/cdn.assetlog.ai\/assets\/113398\/skoda-superb-combi-20-tdi-4x4-lampk-140kw-a6-zaruka-aj-na-splatky-protiucet_40_medium.webp","small":"https:\/\/cdn.assetlog.ai\/assets\/113398\/skoda-superb-combi-20-tdi-4x4-lampk-140kw-a6-zaruka-aj-na-splatky-protiucet_40_small.webp"}],"published_at":null,"expires_at":null,"created_at":"2026-07-10T03:40:11+00:00","updated_at":"2026-09-01T03:41:03+00:00"}}