{"data":{"id":154819,"slug":"skoda-superb-combi-20-tdi-cr-mt6-125kw-fwd-aj-na-splatky-protiucet","type":"vehicle","title":"\u0160koda Superb Combi 2.0 TDI CR MT\/6 125kW FWD \/ AVAILABLE FOR INSTALLMENTS \/ TRADE-IN","description":"Commission sale - you buy the vehicle directly from the owner.\n\nI am selling a \u0160koda Superb, year of manufacture 2013, in black metallic. The vehicle comes with two keys and is sold including seasonal spare tires (on separate rims). The vehicle has undergone service, during which brake discs, brake pads and timing belts were replaced.\n\nThe vehicle has passed insurance record checks, execution checks, paint thickness measurement and document verification. Physically inspected, also through the vehicle operation records register.\n\nWe offer convenient financing with monthly installments, so you can enjoy your new vehicle immediately and without waiting with 0% down payment and installments up to 96 months.\n\nIf you already own a vehicle, you don't have to worry about selling it - we'll take it directly from you in return. Just come to us with it, we'll evaluate it and deduct the costs from the value of your new vehicle. You'll save time, hassle and money and the whole process will be quick and easy - you'll drive away in your new vehicle without unnecessary paperwork.\n\nThe vehicle is located in Zvolen. For more information, call us at 0903 321 323. Vehicle number: ZV291DM. Technical inspection validity until: 25 September 2027. Technical examination validity until: 25 September 2027.\n\nTechnical specifications\n\nYear of manufacture: 11\/13, 1968 cm\u00b3, 125kW (170 PS), Drive: Front-wheel drive, Manual (6-speed), Diesel, EURO 5, 5-door, (5-seater), 324,559 km, Black metallic, VIN TMBJF73T8E9023742\n\nVehicle consumption (l\/100km)\n\nCity: 7.7, Outside city: 4.9, Combined: 5.9\n\nLeasing possible, Credit possible","language":"cs","is_translated":true,"title_original":"\u0160koda Superb Combi 2.0 TDI CR MT\/6 125kW FWD \/ AJ NA SPL\u00c1TKY \/ PROTI\u00da\u010cET","description_original":"Komisn\u00ed prodej - vozidlo kupujete p\u0159\u00edmo od majitele.\n\nProd\u00e1v\u00e1m \u0160kodu Superb, rok v\u00fdroby 2013, v \u010dern\u00e9 metal\u00edze. Sou\u010d\u00e1st\u00ed vozu jsou dva kl\u00ed\u010de a prod\u00e1v\u00e1 se v\u010detn\u011b sez\u00f3nn\u00edch n\u00e1hradn\u00edch pneumatik (na samostatn\u00fdch r\u00e1fc\u00edch). V\u016fz pro\u0161el servisem, p\u0159i kter\u00e9m byly vym\u011bn\u011bny brzdov\u00e9 kotou\u010de, brzdov\u00e9 desti\u010dky a tak\u00e9 rozvody.\n\nVozidlo pro\u0161lo kontrolou z\u00e1znam\u016f o poji\u0161t\u011bn\u00ed, exekuc\u00ed, m\u011b\u0159en\u00edm laku a kontrolou doklad\u016f. Zkontrolov\u00e1no fyzicky, tak\u00e9 prost\u0159ednictv\u00edm registru provozn\u00edch z\u00e1znam\u016f vozidla.\n\nNab\u00edz\u00edme v\u00fdhodn\u00e9 financov\u00e1n\u00ed na m\u011bs\u00ed\u010dn\u00ed spl\u00e1tky, tak\u017ee si sv\u016fj nov\u00fd v\u016fz m\u016f\u017eete u\u017e\u00edvat hned a bez \u010dek\u00e1n\u00ed s akontac\u00ed 0 % a spl\u00e1tkami a\u017e na 96 m\u011bs\u00edc\u016f.\n\nPokud ji\u017e v\u016fz vlastn\u00edte, nemus\u00edte se zab\u00fdvat jeho prodejem - na opl\u00e1tku si ho od v\u00e1s p\u0159\u00edmo vezmeme. Sta\u010d\u00ed, kdy\u017e k n\u00e1m s n\u00edm p\u0159ijdete, my ho ocen\u00edme a n\u00e1klady ode\u010dteme od hodnoty va\u0161eho nov\u00e9ho vozu. U\u0161et\u0159\u00edte tak \u010das, starosti i pen\u00edze a cel\u00fd proces bude rychl\u00fd a snadn\u00fd - odjedete rovnou ve sv\u00e9m nov\u00e9m voze bez zbyte\u010dn\u00e9ho pap\u00edrov\u00e1n\u00ed.\n\nVozidlo se nach\u00e1z\u00ed ve Zvolenu. Dal\u0161\u00ed informace v\u00e1m poskytneme na telefonn\u00edm \u010d\u00edsle 0903 321 323. \u010c\u00edslo vozidla: ZV291DM. Platnost technick\u00e9 kontroly do: 25. 9. 2027. Platnost technick\u00e9 prohl\u00eddky do: 25. 9. 2027.\n\nTechnick\u00e9 \u00fadaje\n\nv.v.: 11\/13, 1968cm\u00b3, 125kW (170PS), Pohon: Pohon p\u0159edn\u00edch kol, Manu\u00e1ln\u00ed (6 st.), Diesel, EURO 5, 5 dv., (5-m\u00edstn\u00fd), 324 559km, \u010cern\u00e1 metal\u00edza, VIN TMBJF73T8E9023742\n\nSpot\u0159eba vozidla (l\/100km)\n\nVe m\u011bst\u011b: 7.7, mimo m\u011bsto: 4.9, kombinovan\u00e1: 5.9\n\nMo\u017en\u00fd leasing, Mo\u017en\u00fd \u00fav\u011br","price":"113881.00","currency":"CZK","status":"active","noindex":true,"location":{"address":null,"full_address":null,"city":"Zvolen","country":"SK","latitude":48.5782517,"longitude":19.1247135},"metadata":{"vin":"TMBJF73T8E9023742","fuel":"diesel","year":2013,"brand":"\u0160koda","color":"Black","doors":5,"drive":"Front-wheel drive","model":"Superb Combi","seats":5,"region":"Banskobystrick\u00fd kraj","mileage":324559,"emisions":"Euro 5","features":["Posilova\u010d \u0159\u00edzen\u00ed","Brzdov\u00fd asistent (EBA, BAS)","ISOFIX na zadn\u00edch sedadlech","Deaktivace airbagu spolujezdce","Senzor tlaku","Manu\u00e1ln\u00ed klimatizace","Centr\u00e1ln\u00ed zamyk\u00e1n\u00ed","El. nastaviteln\u00e1 p\u0159edn\u00ed sedadla","Elektricky nastaviteln\u00e1 zp\u011btn\u00e1 zrc\u00e1tka","Centr\u00e1ln\u00ed zamyk\u00e1n\u00ed na d\u00e1lkov\u00e9 ovl\u00e1d\u00e1n\u00ed","Autor\u00e1dio","Multifunk\u010dn\u00ed volant","Loketn\u00ed op\u011brka vp\u0159edu","Klimatizovan\u00e1 p\u0159ihr\u00e1dka","Imobiliz\u00e9r","Palubn\u00ed po\u010d\u00edta\u010d","Navigace","Tempomat","Ko\u017een\u00fd interi\u00e9r","F\u00f3lie","Senzor st\u011bra\u010d\u016f","Zimn\u00ed sada kol","Start\/Stop syst\u00e9m","Zadn\u00ed parkovac\u00ed senzory","Bluetooth","Pam\u011b\u0165 nastaven\u00ed sedadla \u0159idi\u010de","Mo\u017en\u00fd leasing","Mo\u017en\u00fd \u00faver","Ko\u017een\u00fd paket","Odo-pass"],"power_kw":125,"body_type":"Estate","condition":"Used","transmission":"manual","vat_deductible":false,"consumption_city":7.7,"translation_hash":"04005ef7ef7faf5e9c1f942d4c2ab0ff0ecb1ce9","vehicle_category":"car","engine_volume_cm3":1968,"first_registration":"2013-11-01","translation_status":"done","consumption_highway":4.9,"consumption_combined":5.9},"user_id":33,"is_sponsored":false,"views_count":7,"ai_views_count":11,"ai_vendor_counts":{"meta":5,"other":2,"openai":2,"anthropic":2},"visibility":"public","submission_source":null,"submission_ai_name":null,"has_owner_email":true,"can_contact_owner":true,"phone":"0903 321 323","owner_email":"kompanikova@autorro.sk","user":{"id":33,"slug":"dominika-kompanikova-33","name":"Dominika Kompan\u00edkov\u00e1","bio":"Makl\u00e9rka. P\u016fsob\u00edm v \u017diari nad Hronom a okol\u00ed.\n\nP\u016fsobnost: \u017diar nad Hronom","nationality":"SK","languages":["cs","sk"],"service_areas":[],"card_style":null,"card_palette":null,"avatar_url":"https:\/\/cdn.assetlog.ai\/avatars\/33\/avatar_max.webp?v=1786535213","avatar_thumb_url":"https:\/\/cdn.assetlog.ai\/avatars\/33\/avatar_small.webp?v=1786535213","reviews_count":0,"avg_rating":null,"seller_badge":"silver","can_calendar":true,"joined_at":"2026-06-07T07:44:49+00:00","primary_intent":null,"seeking":[],"public_assets_count":70,"public_prompts_count":0,"followers_count":0},"images":[{"id":116438,"max":"https:\/\/cdn.assetlog.ai\/assets\/154819\/skoda-superb-combi-20-tdi-cr-mt6-125kw-fwd-aj-na-splatky-protiucet_1_max.webp","medium":"https:\/\/cdn.assetlog.ai\/assets\/154819\/skoda-superb-combi-20-tdi-cr-mt6-125kw-fwd-aj-na-splatky-protiucet_1_medium.webp","small":"https:\/\/cdn.assetlog.ai\/assets\/154819\/skoda-superb-combi-20-tdi-cr-mt6-125kw-fwd-aj-na-splatky-protiucet_1_small.webp"},{"id":116439,"max":"https:\/\/cdn.assetlog.ai\/assets\/154819\/skoda-superb-combi-20-tdi-cr-mt6-125kw-fwd-aj-na-splatky-protiucet_2_max.webp","medium":"https:\/\/cdn.assetlog.ai\/assets\/154819\/skoda-superb-combi-20-tdi-cr-mt6-125kw-fwd-aj-na-splatky-protiucet_2_medium.webp","small":"https:\/\/cdn.assetlog.ai\/assets\/154819\/skoda-superb-combi-20-tdi-cr-mt6-125kw-fwd-aj-na-splatky-protiucet_2_small.webp"},{"id":116440,"max":"https:\/\/cdn.assetlog.ai\/assets\/154819\/skoda-superb-combi-20-tdi-cr-mt6-125kw-fwd-aj-na-splatky-protiucet_3_max.webp","medium":"https:\/\/cdn.assetlog.ai\/assets\/154819\/skoda-superb-combi-20-tdi-cr-mt6-125kw-fwd-aj-na-splatky-protiucet_3_medium.webp","small":"https:\/\/cdn.assetlog.ai\/assets\/154819\/skoda-superb-combi-20-tdi-cr-mt6-125kw-fwd-aj-na-splatky-protiucet_3_small.webp"},{"id":116441,"max":"https:\/\/cdn.assetlog.ai\/assets\/154819\/skoda-superb-combi-20-tdi-cr-mt6-125kw-fwd-aj-na-splatky-protiucet_4_max.webp","medium":"https:\/\/cdn.assetlog.ai\/assets\/154819\/skoda-superb-combi-20-tdi-cr-mt6-125kw-fwd-aj-na-splatky-protiucet_4_medium.webp","small":"https:\/\/cdn.assetlog.ai\/assets\/154819\/skoda-superb-combi-20-tdi-cr-mt6-125kw-fwd-aj-na-splatky-protiucet_4_small.webp"},{"id":116442,"max":"https:\/\/cdn.assetlog.ai\/assets\/154819\/skoda-superb-combi-20-tdi-cr-mt6-125kw-fwd-aj-na-splatky-protiucet_5_max.webp","medium":"https:\/\/cdn.assetlog.ai\/assets\/154819\/skoda-superb-combi-20-tdi-cr-mt6-125kw-fwd-aj-na-splatky-protiucet_5_medium.webp","small":"https:\/\/cdn.assetlog.ai\/assets\/154819\/skoda-superb-combi-20-tdi-cr-mt6-125kw-fwd-aj-na-splatky-protiucet_5_small.webp"},{"id":116443,"max":"https:\/\/cdn.assetlog.ai\/assets\/154819\/skoda-superb-combi-20-tdi-cr-mt6-125kw-fwd-aj-na-splatky-protiucet_6_max.webp","medium":"https:\/\/cdn.assetlog.ai\/assets\/154819\/skoda-superb-combi-20-tdi-cr-mt6-125kw-fwd-aj-na-splatky-protiucet_6_medium.webp","small":"https:\/\/cdn.assetlog.ai\/assets\/154819\/skoda-superb-combi-20-tdi-cr-mt6-125kw-fwd-aj-na-splatky-protiucet_6_small.webp"},{"id":116444,"max":"https:\/\/cdn.assetlog.ai\/assets\/154819\/skoda-superb-combi-20-tdi-cr-mt6-125kw-fwd-aj-na-splatky-protiucet_7_max.webp","medium":"https:\/\/cdn.assetlog.ai\/assets\/154819\/skoda-superb-combi-20-tdi-cr-mt6-125kw-fwd-aj-na-splatky-protiucet_7_medium.webp","small":"https:\/\/cdn.assetlog.ai\/assets\/154819\/skoda-superb-combi-20-tdi-cr-mt6-125kw-fwd-aj-na-splatky-protiucet_7_small.webp"},{"id":116445,"max":"https:\/\/cdn.assetlog.ai\/assets\/154819\/skoda-superb-combi-20-tdi-cr-mt6-125kw-fwd-aj-na-splatky-protiucet_8_max.webp","medium":"https:\/\/cdn.assetlog.ai\/assets\/154819\/skoda-superb-combi-20-tdi-cr-mt6-125kw-fwd-aj-na-splatky-protiucet_8_medium.webp","small":"https:\/\/cdn.assetlog.ai\/assets\/154819\/skoda-superb-combi-20-tdi-cr-mt6-125kw-fwd-aj-na-splatky-protiucet_8_small.webp"},{"id":116446,"max":"https:\/\/cdn.assetlog.ai\/assets\/154819\/skoda-superb-combi-20-tdi-cr-mt6-125kw-fwd-aj-na-splatky-protiucet_9_max.webp","medium":"https:\/\/cdn.assetlog.ai\/assets\/154819\/skoda-superb-combi-20-tdi-cr-mt6-125kw-fwd-aj-na-splatky-protiucet_9_medium.webp","small":"https:\/\/cdn.assetlog.ai\/assets\/154819\/skoda-superb-combi-20-tdi-cr-mt6-125kw-fwd-aj-na-splatky-protiucet_9_small.webp"},{"id":116447,"max":"https:\/\/cdn.assetlog.ai\/assets\/154819\/skoda-superb-combi-20-tdi-cr-mt6-125kw-fwd-aj-na-splatky-protiucet_10_max.webp","medium":"https:\/\/cdn.assetlog.ai\/assets\/154819\/skoda-superb-combi-20-tdi-cr-mt6-125kw-fwd-aj-na-splatky-protiucet_10_medium.webp","small":"https:\/\/cdn.assetlog.ai\/assets\/154819\/skoda-superb-combi-20-tdi-cr-mt6-125kw-fwd-aj-na-splatky-protiucet_10_small.webp"},{"id":116448,"max":"https:\/\/cdn.assetlog.ai\/assets\/154819\/skoda-superb-combi-20-tdi-cr-mt6-125kw-fwd-aj-na-splatky-protiucet_11_max.webp","medium":"https:\/\/cdn.assetlog.ai\/assets\/154819\/skoda-superb-combi-20-tdi-cr-mt6-125kw-fwd-aj-na-splatky-protiucet_11_medium.webp","small":"https:\/\/cdn.assetlog.ai\/assets\/154819\/skoda-superb-combi-20-tdi-cr-mt6-125kw-fwd-aj-na-splatky-protiucet_11_small.webp"},{"id":116449,"max":"https:\/\/cdn.assetlog.ai\/assets\/154819\/skoda-superb-combi-20-tdi-cr-mt6-125kw-fwd-aj-na-splatky-protiucet_12_max.webp","medium":"https:\/\/cdn.assetlog.ai\/assets\/154819\/skoda-superb-combi-20-tdi-cr-mt6-125kw-fwd-aj-na-splatky-protiucet_12_medium.webp","small":"https:\/\/cdn.assetlog.ai\/assets\/154819\/skoda-superb-combi-20-tdi-cr-mt6-125kw-fwd-aj-na-splatky-protiucet_12_small.webp"},{"id":116450,"max":"https:\/\/cdn.assetlog.ai\/assets\/154819\/skoda-superb-combi-20-tdi-cr-mt6-125kw-fwd-aj-na-splatky-protiucet_13_max.webp","medium":"https:\/\/cdn.assetlog.ai\/assets\/154819\/skoda-superb-combi-20-tdi-cr-mt6-125kw-fwd-aj-na-splatky-protiucet_13_medium.webp","small":"https:\/\/cdn.assetlog.ai\/assets\/154819\/skoda-superb-combi-20-tdi-cr-mt6-125kw-fwd-aj-na-splatky-protiucet_13_small.webp"},{"id":116451,"max":"https:\/\/cdn.assetlog.ai\/assets\/154819\/skoda-superb-combi-20-tdi-cr-mt6-125kw-fwd-aj-na-splatky-protiucet_14_max.webp","medium":"https:\/\/cdn.assetlog.ai\/assets\/154819\/skoda-superb-combi-20-tdi-cr-mt6-125kw-fwd-aj-na-splatky-protiucet_14_medium.webp","small":"https:\/\/cdn.assetlog.ai\/assets\/154819\/skoda-superb-combi-20-tdi-cr-mt6-125kw-fwd-aj-na-splatky-protiucet_14_small.webp"},{"id":116452,"max":"https:\/\/cdn.assetlog.ai\/assets\/154819\/skoda-superb-combi-20-tdi-cr-mt6-125kw-fwd-aj-na-splatky-protiucet_15_max.webp","medium":"https:\/\/cdn.assetlog.ai\/assets\/154819\/skoda-superb-combi-20-tdi-cr-mt6-125kw-fwd-aj-na-splatky-protiucet_15_medium.webp","small":"https:\/\/cdn.assetlog.ai\/assets\/154819\/skoda-superb-combi-20-tdi-cr-mt6-125kw-fwd-aj-na-splatky-protiucet_15_small.webp"},{"id":116453,"max":"https:\/\/cdn.assetlog.ai\/assets\/154819\/skoda-superb-combi-20-tdi-cr-mt6-125kw-fwd-aj-na-splatky-protiucet_16_max.webp","medium":"https:\/\/cdn.assetlog.ai\/assets\/154819\/skoda-superb-combi-20-tdi-cr-mt6-125kw-fwd-aj-na-splatky-protiucet_16_medium.webp","small":"https:\/\/cdn.assetlog.ai\/assets\/154819\/skoda-superb-combi-20-tdi-cr-mt6-125kw-fwd-aj-na-splatky-protiucet_16_small.webp"},{"id":116454,"max":"https:\/\/cdn.assetlog.ai\/assets\/154819\/skoda-superb-combi-20-tdi-cr-mt6-125kw-fwd-aj-na-splatky-protiucet_17_max.webp","medium":"https:\/\/cdn.assetlog.ai\/assets\/154819\/skoda-superb-combi-20-tdi-cr-mt6-125kw-fwd-aj-na-splatky-protiucet_17_medium.webp","small":"https:\/\/cdn.assetlog.ai\/assets\/154819\/skoda-superb-combi-20-tdi-cr-mt6-125kw-fwd-aj-na-splatky-protiucet_17_small.webp"},{"id":116455,"max":"https:\/\/cdn.assetlog.ai\/assets\/154819\/skoda-superb-combi-20-tdi-cr-mt6-125kw-fwd-aj-na-splatky-protiucet_18_max.webp","medium":"https:\/\/cdn.assetlog.ai\/assets\/154819\/skoda-superb-combi-20-tdi-cr-mt6-125kw-fwd-aj-na-splatky-protiucet_18_medium.webp","small":"https:\/\/cdn.assetlog.ai\/assets\/154819\/skoda-superb-combi-20-tdi-cr-mt6-125kw-fwd-aj-na-splatky-protiucet_18_small.webp"},{"id":116456,"max":"https:\/\/cdn.assetlog.ai\/assets\/154819\/skoda-superb-combi-20-tdi-cr-mt6-125kw-fwd-aj-na-splatky-protiucet_19_max.webp","medium":"https:\/\/cdn.assetlog.ai\/assets\/154819\/skoda-superb-combi-20-tdi-cr-mt6-125kw-fwd-aj-na-splatky-protiucet_19_medium.webp","small":"https:\/\/cdn.assetlog.ai\/assets\/154819\/skoda-superb-combi-20-tdi-cr-mt6-125kw-fwd-aj-na-splatky-protiucet_19_small.webp"},{"id":116457,"max":"https:\/\/cdn.assetlog.ai\/assets\/154819\/skoda-superb-combi-20-tdi-cr-mt6-125kw-fwd-aj-na-splatky-protiucet_20_max.webp","medium":"https:\/\/cdn.assetlog.ai\/assets\/154819\/skoda-superb-combi-20-tdi-cr-mt6-125kw-fwd-aj-na-splatky-protiucet_20_medium.webp","small":"https:\/\/cdn.assetlog.ai\/assets\/154819\/skoda-superb-combi-20-tdi-cr-mt6-125kw-fwd-aj-na-splatky-protiucet_20_small.webp"},{"id":116458,"max":"https:\/\/cdn.assetlog.ai\/assets\/154819\/skoda-superb-combi-20-tdi-cr-mt6-125kw-fwd-aj-na-splatky-protiucet_21_max.webp","medium":"https:\/\/cdn.assetlog.ai\/assets\/154819\/skoda-superb-combi-20-tdi-cr-mt6-125kw-fwd-aj-na-splatky-protiucet_21_medium.webp","small":"https:\/\/cdn.assetlog.ai\/assets\/154819\/skoda-superb-combi-20-tdi-cr-mt6-125kw-fwd-aj-na-splatky-protiucet_21_small.webp"},{"id":116459,"max":"https:\/\/cdn.assetlog.ai\/assets\/154819\/skoda-superb-combi-20-tdi-cr-mt6-125kw-fwd-aj-na-splatky-protiucet_22_max.webp","medium":"https:\/\/cdn.assetlog.ai\/assets\/154819\/skoda-superb-combi-20-tdi-cr-mt6-125kw-fwd-aj-na-splatky-protiucet_22_medium.webp","small":"https:\/\/cdn.assetlog.ai\/assets\/154819\/skoda-superb-combi-20-tdi-cr-mt6-125kw-fwd-aj-na-splatky-protiucet_22_small.webp"},{"id":116460,"max":"https:\/\/cdn.assetlog.ai\/assets\/154819\/skoda-superb-combi-20-tdi-cr-mt6-125kw-fwd-aj-na-splatky-protiucet_23_max.webp","medium":"https:\/\/cdn.assetlog.ai\/assets\/154819\/skoda-superb-combi-20-tdi-cr-mt6-125kw-fwd-aj-na-splatky-protiucet_23_medium.webp","small":"https:\/\/cdn.assetlog.ai\/assets\/154819\/skoda-superb-combi-20-tdi-cr-mt6-125kw-fwd-aj-na-splatky-protiucet_23_small.webp"},{"id":116461,"max":"https:\/\/cdn.assetlog.ai\/assets\/154819\/skoda-superb-combi-20-tdi-cr-mt6-125kw-fwd-aj-na-splatky-protiucet_24_max.webp","medium":"https:\/\/cdn.assetlog.ai\/assets\/154819\/skoda-superb-combi-20-tdi-cr-mt6-125kw-fwd-aj-na-splatky-protiucet_24_medium.webp","small":"https:\/\/cdn.assetlog.ai\/assets\/154819\/skoda-superb-combi-20-tdi-cr-mt6-125kw-fwd-aj-na-splatky-protiucet_24_small.webp"},{"id":116462,"max":"https:\/\/cdn.assetlog.ai\/assets\/154819\/skoda-superb-combi-20-tdi-cr-mt6-125kw-fwd-aj-na-splatky-protiucet_25_max.webp","medium":"https:\/\/cdn.assetlog.ai\/assets\/154819\/skoda-superb-combi-20-tdi-cr-mt6-125kw-fwd-aj-na-splatky-protiucet_25_medium.webp","small":"https:\/\/cdn.assetlog.ai\/assets\/154819\/skoda-superb-combi-20-tdi-cr-mt6-125kw-fwd-aj-na-splatky-protiucet_25_small.webp"},{"id":116463,"max":"https:\/\/cdn.assetlog.ai\/assets\/154819\/skoda-superb-combi-20-tdi-cr-mt6-125kw-fwd-aj-na-splatky-protiucet_26_max.webp","medium":"https:\/\/cdn.assetlog.ai\/assets\/154819\/skoda-superb-combi-20-tdi-cr-mt6-125kw-fwd-aj-na-splatky-protiucet_26_medium.webp","small":"https:\/\/cdn.assetlog.ai\/assets\/154819\/skoda-superb-combi-20-tdi-cr-mt6-125kw-fwd-aj-na-splatky-protiucet_26_small.webp"}],"published_at":null,"expires_at":null,"created_at":"2026-08-15T03:41:58+00:00","updated_at":"2026-09-01T03:41:08+00:00"}}