{"data":{"id":183063,"slug":"skoda-superb-combi-20-tsi-lampk-4x4-dsg-200kw-a7-zaruka-aj-na-splatky-protiucet","type":"vehicle","title":"Skoda Superb Combi 2.0 TSI L&K 4x4 DSG \/ 200kW \/ A7 \/ WARRANTY \/ ENGLISH AVAILABLE FOR INSTALLMENTS \/ TRADE-IN","description":"Skoda Superb Combi in Laurin & Klement equipment represents a spacious and comfortable estate car with emphasis on comfort, representative appearance and rich equipment. Thanks to the Combi body style, it also offers generous interior space and practical trunk space.\n\nThe drive is handled by a 2.0 TSI petrol engine, which in combination with a 7-speed automatic DSG gearbox ensures cultivated and at the same time lively performance. The 4x4 drive ensures better traction and confidence when driving in deteriorated conditions.\n\nMore information:\n\n1st owner\ncomplete service history\nset of winter tires included with the vehicle\nVAT deduction possible\nLaurin & Klement equipment (L&K)\n\nCommission sale - you buy the vehicle directly from the owner.\n\nThe vehicle has passed insurance records, enforcement checks, paint thickness measurement and documentation verification. Physically checked, also through the vehicle's operating records registry.\n\nWe offer favorable financing for monthly installments, so you can enjoy your new car immediately and without waiting with 0% down payment and installments up to 96 months.\n\nFor your greater comfort and security, we can provide you with extended warranty up to 12-36 months.\n\nIf you already own a car, you don't have to deal with its sale - in return we'll take it directly from you. Just come to us with it, we'll appraise it and deduct the costs from the value of your new car. You'll save time, worry and money and the whole process will be quick and easy - you'll drive away in your new car without unnecessary paperwork.\n\nTHE VEHICLE IS LOCATED IN Zilina.\nMore information will be gladly provided to you at phone number 0910 212 629. License plate: ZA551IR. EK valid until: 2028-03-05. STK valid until: 2028-03-05.\n\nTechnical data\n\nYear: 03\/20, 1984cc, 200kW (272PS), Vehicle generation: , Drive: 4\u00d74, Automatic transmission (7 speed), Petrol, EURO 6, 5 doors, (5-seater), 131,302 km, Blue metallic, VIN TMBLP9NP8L7052684\n\nVehicle consumption (l\/100km)\n\nCity: 8.9, Highway: 6.1, Combined: 7.1\n\nFirst owner, Leasing possible, Purchased new in Slovakia, VAT deduction possible, Loan possible, Complete service history","language":"cs","is_translated":true,"title_original":"\u0160koda Superb Combi 2.0 TSI L&amp;K 4x4 DSG \/ 200kW \/ A7 \/ Z\u00c1RUKA \/ AJ NA SPL\u00c1TKY \/ PROTI\u00da\u010cET","description_original":"\u0160koda Superb Combi ve v\u00fdbav\u011b Laurin &amp; Klement p\u0159edstavuje prostorn\u00e9 a komfortn\u00ed kombi s d\u016frazem na pohodl\u00ed, reprezentativn\u00ed vzhled a bohatou v\u00fdbavu. D\u00edky karoserii typu Combi nab\u00edz\u00ed tak\u00e9 velkorys\u00fd vnit\u0159n\u00ed prostor a praktick\u00fd zavazadlov\u00fd prostor.\n\nO pohon se star\u00e1 benz\u00ednov\u00fd motor 2.0 TSI, kter\u00fd v kombinaci se 7stup\u0148ovou automatickou p\u0159evodovkou DSG zaji\u0161\u0165uje kultivovan\u00fd a z\u00e1rove\u0148 svi\u017en\u00fd v\u00fdkon. Pohon 4x4 zaji\u0161\u0165uje lep\u0161\u00ed trakci a jistotu p\u0159i j\u00edzd\u011b za zhor\u0161en\u00fdch podm\u00ednek.\n\nDal\u0161\u00ed informace:\n\n1. majitel\nkompletn\u00ed servisn\u00ed historie\nsada zimn\u00edch pneumatik k vozidlu\nmo\u017enost odpo\u010dtu DPH\nv\u00fdbava Laurin &amp; Klement (L&amp;K)\n\nKomisn\u00ed prodej - vozidlo kupujete p\u0159\u00edmo od majitele.\n\nVozidlo pro\u0161lo kontrolou z\u00e1znam\u016f o poji\u0161t\u011bn\u00ed, exekuc\u00ed, m\u011b\u0159en\u00edm laku a kontrolou doklad\u016f. Zkontrolov\u00e1no fyzicky, tak\u00e9 prost\u0159ednictv\u00edm registru provozn\u00edch z\u00e1znam\u016f vozidla.\n\nNab\u00edz\u00edme v\u00fdhodn\u00e9 financov\u00e1n\u00ed na m\u011bs\u00ed\u010dn\u00ed spl\u00e1tky, tak\u017ee si sv\u016fj nov\u00fd v\u016fz m\u016f\u017eete u\u017e\u00edvat hned a bez \u010dek\u00e1n\u00ed s akontac\u00ed 0 % a spl\u00e1tkami a\u017e na 96 m\u011bs\u00edc\u016f.\n\nPro va\u0161e v\u011bt\u0161\u00ed pohodl\u00ed a jistotu v\u00e1m m\u016f\u017eeme poskytnout prodlou\u017eenou z\u00e1ruku a\u017e na 12-36 m\u011bs\u00edc\u016f.\n\nPokud ji\u017e v\u016fz vlastn\u00edte, nemus\u00edte se zab\u00fdvat jeho prodejem - na opl\u00e1tku si ho od v\u00e1s p\u0159\u00edmo vezmeme. Sta\u010d\u00ed, kdy\u017e k n\u00e1m s n\u00edm p\u0159ijdete, my ho ocen\u00edme a n\u00e1klady ode\u010dteme od hodnoty va\u0161eho nov\u00e9ho vozu. U\u0161et\u0159\u00edte tak \u010das, starosti i pen\u00edze a cel\u00fd proces bude rychl\u00fd a snadn\u00fd - odjedete rovnou ve sv\u00e9m nov\u00e9m voze bez zbyte\u010dn\u00e9ho pap\u00edrov\u00e1n\u00ed.\n\nVOZIDLO SE NACH\u00c1Z\u00cd V \u017diline.\nV\u00edce informac\u00ed v\u00e1m r\u00e1di poskytneme na telefonn\u00edm \u010d\u00edsle 0910 212 629. E\u010cV: ZA551IR. EK platn\u00e1 do: 2028-03-05. STK platn\u00e1 do: 2028-03-05.\n\nTechnick\u00e9 \u00fadaje\n\nv.v.: 03\/20, 1984cm\u00b3, 200kW (272PS), Generace vozidla: , Pohon: 4\u00d74, Automatick\u00e1 p\u0159evodovka (7 st.), Benz\u00edn, EURO 6, 5 dv., (5-m\u00edstn\u00fd), 131 302km, Modr\u00e1 metal\u00edza, VIN TMBLP9NP8L7052684\n\nSpot\u0159eba vozidla (l\/100km)\n\nVe m\u011bst\u011b: 8.9, mimo m\u011bsto: 6.1, kombinovan\u00e1: 7.1\n\nPrvn\u00ed majitel, Mo\u017en\u00fd leasing, Jako nov\u00e9 koupen\u00e9 v SR, Mo\u017en\u00fd odpo\u010det DPH, Mo\u017en\u00fd \u00fav\u011br, \u00dapln\u00e1 servisn\u00ed historie","price":"603758.00","currency":"CZK","status":"active","noindex":true,"location":{"address":null,"full_address":null,"city":"\u017dilina","country":"SK","latitude":49.2234674,"longitude":18.7393139},"metadata":{"vin":"TMBLP9NP8L7052684","fuel":"petrol","year":2020,"brand":"\u0160koda","color":"Blue","doors":5,"drive":"AWD \/ 4x4","model":"Superb Combi","seats":5,"region":"\u017dilinsk\u00fd kraj","mileage":131302,"emisions":"Euro 6","features":["Alarm","EBD\/EBV","ABS","ESP","Protiprokluzov\u00fd syst\u00e9m kol (TC, ASR)","ADS","Brzdov\u00fd asistent (EBA, BAS)","ISOFIX na zadn\u00edch sedadlech","Deaktivace airbagu spolujezdce","Nat\u00e1\u010dec\u00ed sv\u011btlomety","Senzor tlaku","9x airbag","Syst\u00e9m rozpozn\u00e1v\u00e1n\u00ed dopravn\u00edch zna\u010dek","Sledov\u00e1n\u00ed \u00fanavy \u0159idi\u010de","T\u00eds\u0148ov\u00e9 vol\u00e1n\u00ed","Asistent d\u00e1lkov\u00fdch sv\u011btel (HBA)","Centr\u00e1ln\u00ed zamyk\u00e1n\u00ed","Zadn\u00ed el. stahovateln\u00e1 okna","El. nastaviteln\u00e1 p\u0159edn\u00ed sedadla","Elektricky nastaviteln\u00e1 zp\u011btn\u00e1 zrc\u00e1tka","Centr\u00e1ln\u00ed zamyk\u00e1n\u00ed na d\u00e1lkov\u00e9 ovl\u00e1d\u00e1n\u00ed","Autor\u00e1dio","Nez\u00e1visl\u00e9 topen\u00ed","Vyh\u0159\u00edvan\u00e9 \u010deln\u00ed sklo","Multifunk\u010dn\u00ed volant","Loketn\u00ed op\u011brka vp\u0159edu","Start\/Stop syst\u00e9m","Klimatizovan\u00e1 p\u0159ihr\u00e1dka","Ost\u0159ikova\u010de sv\u011btlomet\u016f","Automatick\u00e1 3-z\u00f3nov\u00e1 klimatizace","Apple Car Play","Android Auto","Welcome light","Digit\u00e1ln\u00ed p\u0159\u00edstrojov\u00e1 deska","P\u00e1dla pod volantem","Bezdr\u00e1tov\u00e1 nab\u00edje\u010dka mobiln\u00edch telefon\u016f","Lit\u00e1 kola","Mlhovky","Imobiliz\u00e9r","Palubn\u00ed po\u010d\u00edta\u010d","Navigace","Automatick\u00e9 parkov\u00e1n\u00ed","St\u0159e\u0161n\u00ed okno","St\u0159e\u0161n\u00ed nosi\u010d","Tempomat","Ko\u017een\u00fd interi\u00e9r","Vyh\u0159\u00edvan\u00e1 sedadla","Elektricky vyh\u0159\u00edvan\u00e1 zp\u011btn\u00e1 zrc\u00e1tka","Senzor st\u011bra\u010d\u016f","Sv\u011bteln\u00fd senzor","Zimn\u00ed sada kol","Parkovac\u00ed kamera","P\u0159edn\u00ed a zadn\u00ed parkovac\u00ed senzory","Adaptivn\u00ed tempomat","Bezkl\u00ed\u010dov\u00fd vstup","El. ovl\u00e1dan\u00fd kufr","Elektrick\u00e9 dov\u00edr\u00e1n\u00ed zavazadlov\u00e9ho prostoru","Mas\u00e1\u017en\u00ed sedadlo \u0159idi\u010de","Ventilovan\u00e1 p\u0159edn\u00ed sedadla","Panoramatick\u00e1 st\u0159echa","Bluetooth","Vyh\u0159\u00edvan\u00fd volant","Denn\u00ed sv\u00edcen\u00ed","LED sv\u011btlomety","Bezdotykov\u00e9 ovl\u00e1d\u00e1n\u00ed v\u00edka zavazadlov\u00e9ho prostoru","Pam\u011b\u0165 nastaven\u00ed sedadla \u0159idi\u010de","Ambientn\u00ed LED osv\u011btlen\u00ed interi\u00e9ru","Prv\u00fd majite\u013e","Mo\u017en\u00fd leasing","Ako nov\u00e9 k\u00fapen\u00e9 v SR","Mo\u017en\u00fd odpo\u010det DPH","Mo\u017en\u00fd \u00faver","\u00dapln\u00e1 servisn\u00e1 hist\u00f3ria","Adaptivn\u00ed podvozek","Odo-pass","Asistent udr\u017eov\u00e1n\u00ed j\u00edzdn\u00edho pruhu","Asistent rozjezdu do kopce","Sledov\u00e1n\u00ed mrtv\u00e9ho \u00fahlu","Audiosyst\u00e9m Canton"],"power_kw":200,"body_type":"Estate","condition":"Used","transmission":"automatic","vat_deductible":true,"consumption_city":8.9,"translation_hash":"0a796b7c22d8cab8ca5e82afa30e1657bf62ba10","vehicle_category":"car","engine_volume_cm3":1984,"first_registration":"2020-03-01","translation_status":"done","consumption_highway":6.1,"consumption_combined":7.1},"user_id":32,"is_sponsored":false,"views_count":0,"ai_views_count":2,"ai_vendor_counts":{"openai":1,"anthropic":1},"visibility":"public","submission_source":null,"submission_ai_name":null,"has_owner_email":true,"can_contact_owner":true,"phone":"0910 212 629","owner_email":"smiesko@autorro.sk","user":{"id":32,"slug":"tomas-smiesko-32","name":"Tom\u00e1\u0161 Smie\u0161ko","bio":"Makl\u00e9r. P\u016fsob\u00edm v \u017diline a okol\u00ed.\n\nP\u016fsobnost: \u017dilina","nationality":"SK","languages":["cs","sk"],"service_areas":[],"card_style":null,"card_palette":null,"avatar_url":"https:\/\/cdn.assetlog.ai\/avatars\/32\/avatar_max.webp?v=1786535213","avatar_thumb_url":"https:\/\/cdn.assetlog.ai\/avatars\/32\/avatar_small.webp?v=1786535213","reviews_count":0,"avg_rating":null,"seller_badge":"silver","can_calendar":true,"joined_at":"2026-06-07T07:44:49+00:00","primary_intent":null,"seeking":[],"asset_types":["vehicle"],"public_assets_count":25,"public_prompts_count":0,"followers_count":0},"images":[{"id":141813,"max":"https:\/\/cdn.assetlog.ai\/assets\/183063\/skoda-superb-combi-20-tsi-lampk-4x4-dsg-200kw-a7-zaruka-aj-na-splatky-protiucet_1_max.webp","medium":"https:\/\/cdn.assetlog.ai\/assets\/183063\/skoda-superb-combi-20-tsi-lampk-4x4-dsg-200kw-a7-zaruka-aj-na-splatky-protiucet_1_medium.webp","small":"https:\/\/cdn.assetlog.ai\/assets\/183063\/skoda-superb-combi-20-tsi-lampk-4x4-dsg-200kw-a7-zaruka-aj-na-splatky-protiucet_1_small.webp"},{"id":141814,"max":"https:\/\/cdn.assetlog.ai\/assets\/183063\/skoda-superb-combi-20-tsi-lampk-4x4-dsg-200kw-a7-zaruka-aj-na-splatky-protiucet_2_max.webp","medium":"https:\/\/cdn.assetlog.ai\/assets\/183063\/skoda-superb-combi-20-tsi-lampk-4x4-dsg-200kw-a7-zaruka-aj-na-splatky-protiucet_2_medium.webp","small":"https:\/\/cdn.assetlog.ai\/assets\/183063\/skoda-superb-combi-20-tsi-lampk-4x4-dsg-200kw-a7-zaruka-aj-na-splatky-protiucet_2_small.webp"},{"id":141815,"max":"https:\/\/cdn.assetlog.ai\/assets\/183063\/skoda-superb-combi-20-tsi-lampk-4x4-dsg-200kw-a7-zaruka-aj-na-splatky-protiucet_3_max.webp","medium":"https:\/\/cdn.assetlog.ai\/assets\/183063\/skoda-superb-combi-20-tsi-lampk-4x4-dsg-200kw-a7-zaruka-aj-na-splatky-protiucet_3_medium.webp","small":"https:\/\/cdn.assetlog.ai\/assets\/183063\/skoda-superb-combi-20-tsi-lampk-4x4-dsg-200kw-a7-zaruka-aj-na-splatky-protiucet_3_small.webp"},{"id":141816,"max":"https:\/\/cdn.assetlog.ai\/assets\/183063\/skoda-superb-combi-20-tsi-lampk-4x4-dsg-200kw-a7-zaruka-aj-na-splatky-protiucet_4_max.webp","medium":"https:\/\/cdn.assetlog.ai\/assets\/183063\/skoda-superb-combi-20-tsi-lampk-4x4-dsg-200kw-a7-zaruka-aj-na-splatky-protiucet_4_medium.webp","small":"https:\/\/cdn.assetlog.ai\/assets\/183063\/skoda-superb-combi-20-tsi-lampk-4x4-dsg-200kw-a7-zaruka-aj-na-splatky-protiucet_4_small.webp"},{"id":141817,"max":"https:\/\/cdn.assetlog.ai\/assets\/183063\/skoda-superb-combi-20-tsi-lampk-4x4-dsg-200kw-a7-zaruka-aj-na-splatky-protiucet_5_max.webp","medium":"https:\/\/cdn.assetlog.ai\/assets\/183063\/skoda-superb-combi-20-tsi-lampk-4x4-dsg-200kw-a7-zaruka-aj-na-splatky-protiucet_5_medium.webp","small":"https:\/\/cdn.assetlog.ai\/assets\/183063\/skoda-superb-combi-20-tsi-lampk-4x4-dsg-200kw-a7-zaruka-aj-na-splatky-protiucet_5_small.webp"},{"id":141818,"max":"https:\/\/cdn.assetlog.ai\/assets\/183063\/skoda-superb-combi-20-tsi-lampk-4x4-dsg-200kw-a7-zaruka-aj-na-splatky-protiucet_6_max.webp","medium":"https:\/\/cdn.assetlog.ai\/assets\/183063\/skoda-superb-combi-20-tsi-lampk-4x4-dsg-200kw-a7-zaruka-aj-na-splatky-protiucet_6_medium.webp","small":"https:\/\/cdn.assetlog.ai\/assets\/183063\/skoda-superb-combi-20-tsi-lampk-4x4-dsg-200kw-a7-zaruka-aj-na-splatky-protiucet_6_small.webp"},{"id":141819,"max":"https:\/\/cdn.assetlog.ai\/assets\/183063\/skoda-superb-combi-20-tsi-lampk-4x4-dsg-200kw-a7-zaruka-aj-na-splatky-protiucet_7_max.webp","medium":"https:\/\/cdn.assetlog.ai\/assets\/183063\/skoda-superb-combi-20-tsi-lampk-4x4-dsg-200kw-a7-zaruka-aj-na-splatky-protiucet_7_medium.webp","small":"https:\/\/cdn.assetlog.ai\/assets\/183063\/skoda-superb-combi-20-tsi-lampk-4x4-dsg-200kw-a7-zaruka-aj-na-splatky-protiucet_7_small.webp"},{"id":141820,"max":"https:\/\/cdn.assetlog.ai\/assets\/183063\/skoda-superb-combi-20-tsi-lampk-4x4-dsg-200kw-a7-zaruka-aj-na-splatky-protiucet_8_max.webp","medium":"https:\/\/cdn.assetlog.ai\/assets\/183063\/skoda-superb-combi-20-tsi-lampk-4x4-dsg-200kw-a7-zaruka-aj-na-splatky-protiucet_8_medium.webp","small":"https:\/\/cdn.assetlog.ai\/assets\/183063\/skoda-superb-combi-20-tsi-lampk-4x4-dsg-200kw-a7-zaruka-aj-na-splatky-protiucet_8_small.webp"},{"id":141821,"max":"https:\/\/cdn.assetlog.ai\/assets\/183063\/skoda-superb-combi-20-tsi-lampk-4x4-dsg-200kw-a7-zaruka-aj-na-splatky-protiucet_9_max.webp","medium":"https:\/\/cdn.assetlog.ai\/assets\/183063\/skoda-superb-combi-20-tsi-lampk-4x4-dsg-200kw-a7-zaruka-aj-na-splatky-protiucet_9_medium.webp","small":"https:\/\/cdn.assetlog.ai\/assets\/183063\/skoda-superb-combi-20-tsi-lampk-4x4-dsg-200kw-a7-zaruka-aj-na-splatky-protiucet_9_small.webp"},{"id":141822,"max":"https:\/\/cdn.assetlog.ai\/assets\/183063\/skoda-superb-combi-20-tsi-lampk-4x4-dsg-200kw-a7-zaruka-aj-na-splatky-protiucet_10_max.webp","medium":"https:\/\/cdn.assetlog.ai\/assets\/183063\/skoda-superb-combi-20-tsi-lampk-4x4-dsg-200kw-a7-zaruka-aj-na-splatky-protiucet_10_medium.webp","small":"https:\/\/cdn.assetlog.ai\/assets\/183063\/skoda-superb-combi-20-tsi-lampk-4x4-dsg-200kw-a7-zaruka-aj-na-splatky-protiucet_10_small.webp"},{"id":141823,"max":"https:\/\/cdn.assetlog.ai\/assets\/183063\/skoda-superb-combi-20-tsi-lampk-4x4-dsg-200kw-a7-zaruka-aj-na-splatky-protiucet_11_max.webp","medium":"https:\/\/cdn.assetlog.ai\/assets\/183063\/skoda-superb-combi-20-tsi-lampk-4x4-dsg-200kw-a7-zaruka-aj-na-splatky-protiucet_11_medium.webp","small":"https:\/\/cdn.assetlog.ai\/assets\/183063\/skoda-superb-combi-20-tsi-lampk-4x4-dsg-200kw-a7-zaruka-aj-na-splatky-protiucet_11_small.webp"},{"id":141824,"max":"https:\/\/cdn.assetlog.ai\/assets\/183063\/skoda-superb-combi-20-tsi-lampk-4x4-dsg-200kw-a7-zaruka-aj-na-splatky-protiucet_12_max.webp","medium":"https:\/\/cdn.assetlog.ai\/assets\/183063\/skoda-superb-combi-20-tsi-lampk-4x4-dsg-200kw-a7-zaruka-aj-na-splatky-protiucet_12_medium.webp","small":"https:\/\/cdn.assetlog.ai\/assets\/183063\/skoda-superb-combi-20-tsi-lampk-4x4-dsg-200kw-a7-zaruka-aj-na-splatky-protiucet_12_small.webp"},{"id":141825,"max":"https:\/\/cdn.assetlog.ai\/assets\/183063\/skoda-superb-combi-20-tsi-lampk-4x4-dsg-200kw-a7-zaruka-aj-na-splatky-protiucet_13_max.webp","medium":"https:\/\/cdn.assetlog.ai\/assets\/183063\/skoda-superb-combi-20-tsi-lampk-4x4-dsg-200kw-a7-zaruka-aj-na-splatky-protiucet_13_medium.webp","small":"https:\/\/cdn.assetlog.ai\/assets\/183063\/skoda-superb-combi-20-tsi-lampk-4x4-dsg-200kw-a7-zaruka-aj-na-splatky-protiucet_13_small.webp"},{"id":141826,"max":"https:\/\/cdn.assetlog.ai\/assets\/183063\/skoda-superb-combi-20-tsi-lampk-4x4-dsg-200kw-a7-zaruka-aj-na-splatky-protiucet_14_max.webp","medium":"https:\/\/cdn.assetlog.ai\/assets\/183063\/skoda-superb-combi-20-tsi-lampk-4x4-dsg-200kw-a7-zaruka-aj-na-splatky-protiucet_14_medium.webp","small":"https:\/\/cdn.assetlog.ai\/assets\/183063\/skoda-superb-combi-20-tsi-lampk-4x4-dsg-200kw-a7-zaruka-aj-na-splatky-protiucet_14_small.webp"},{"id":141827,"max":"https:\/\/cdn.assetlog.ai\/assets\/183063\/skoda-superb-combi-20-tsi-lampk-4x4-dsg-200kw-a7-zaruka-aj-na-splatky-protiucet_15_max.webp","medium":"https:\/\/cdn.assetlog.ai\/assets\/183063\/skoda-superb-combi-20-tsi-lampk-4x4-dsg-200kw-a7-zaruka-aj-na-splatky-protiucet_15_medium.webp","small":"https:\/\/cdn.assetlog.ai\/assets\/183063\/skoda-superb-combi-20-tsi-lampk-4x4-dsg-200kw-a7-zaruka-aj-na-splatky-protiucet_15_small.webp"},{"id":141828,"max":"https:\/\/cdn.assetlog.ai\/assets\/183063\/skoda-superb-combi-20-tsi-lampk-4x4-dsg-200kw-a7-zaruka-aj-na-splatky-protiucet_16_max.webp","medium":"https:\/\/cdn.assetlog.ai\/assets\/183063\/skoda-superb-combi-20-tsi-lampk-4x4-dsg-200kw-a7-zaruka-aj-na-splatky-protiucet_16_medium.webp","small":"https:\/\/cdn.assetlog.ai\/assets\/183063\/skoda-superb-combi-20-tsi-lampk-4x4-dsg-200kw-a7-zaruka-aj-na-splatky-protiucet_16_small.webp"},{"id":141829,"max":"https:\/\/cdn.assetlog.ai\/assets\/183063\/skoda-superb-combi-20-tsi-lampk-4x4-dsg-200kw-a7-zaruka-aj-na-splatky-protiucet_17_max.webp","medium":"https:\/\/cdn.assetlog.ai\/assets\/183063\/skoda-superb-combi-20-tsi-lampk-4x4-dsg-200kw-a7-zaruka-aj-na-splatky-protiucet_17_medium.webp","small":"https:\/\/cdn.assetlog.ai\/assets\/183063\/skoda-superb-combi-20-tsi-lampk-4x4-dsg-200kw-a7-zaruka-aj-na-splatky-protiucet_17_small.webp"},{"id":141830,"max":"https:\/\/cdn.assetlog.ai\/assets\/183063\/skoda-superb-combi-20-tsi-lampk-4x4-dsg-200kw-a7-zaruka-aj-na-splatky-protiucet_18_max.webp","medium":"https:\/\/cdn.assetlog.ai\/assets\/183063\/skoda-superb-combi-20-tsi-lampk-4x4-dsg-200kw-a7-zaruka-aj-na-splatky-protiucet_18_medium.webp","small":"https:\/\/cdn.assetlog.ai\/assets\/183063\/skoda-superb-combi-20-tsi-lampk-4x4-dsg-200kw-a7-zaruka-aj-na-splatky-protiucet_18_small.webp"},{"id":141831,"max":"https:\/\/cdn.assetlog.ai\/assets\/183063\/skoda-superb-combi-20-tsi-lampk-4x4-dsg-200kw-a7-zaruka-aj-na-splatky-protiucet_19_max.webp","medium":"https:\/\/cdn.assetlog.ai\/assets\/183063\/skoda-superb-combi-20-tsi-lampk-4x4-dsg-200kw-a7-zaruka-aj-na-splatky-protiucet_19_medium.webp","small":"https:\/\/cdn.assetlog.ai\/assets\/183063\/skoda-superb-combi-20-tsi-lampk-4x4-dsg-200kw-a7-zaruka-aj-na-splatky-protiucet_19_small.webp"},{"id":141832,"max":"https:\/\/cdn.assetlog.ai\/assets\/183063\/skoda-superb-combi-20-tsi-lampk-4x4-dsg-200kw-a7-zaruka-aj-na-splatky-protiucet_20_max.webp","medium":"https:\/\/cdn.assetlog.ai\/assets\/183063\/skoda-superb-combi-20-tsi-lampk-4x4-dsg-200kw-a7-zaruka-aj-na-splatky-protiucet_20_medium.webp","small":"https:\/\/cdn.assetlog.ai\/assets\/183063\/skoda-superb-combi-20-tsi-lampk-4x4-dsg-200kw-a7-zaruka-aj-na-splatky-protiucet_20_small.webp"},{"id":141833,"max":"https:\/\/cdn.assetlog.ai\/assets\/183063\/skoda-superb-combi-20-tsi-lampk-4x4-dsg-200kw-a7-zaruka-aj-na-splatky-protiucet_21_max.webp","medium":"https:\/\/cdn.assetlog.ai\/assets\/183063\/skoda-superb-combi-20-tsi-lampk-4x4-dsg-200kw-a7-zaruka-aj-na-splatky-protiucet_21_medium.webp","small":"https:\/\/cdn.assetlog.ai\/assets\/183063\/skoda-superb-combi-20-tsi-lampk-4x4-dsg-200kw-a7-zaruka-aj-na-splatky-protiucet_21_small.webp"},{"id":141834,"max":"https:\/\/cdn.assetlog.ai\/assets\/183063\/skoda-superb-combi-20-tsi-lampk-4x4-dsg-200kw-a7-zaruka-aj-na-splatky-protiucet_22_max.webp","medium":"https:\/\/cdn.assetlog.ai\/assets\/183063\/skoda-superb-combi-20-tsi-lampk-4x4-dsg-200kw-a7-zaruka-aj-na-splatky-protiucet_22_medium.webp","small":"https:\/\/cdn.assetlog.ai\/assets\/183063\/skoda-superb-combi-20-tsi-lampk-4x4-dsg-200kw-a7-zaruka-aj-na-splatky-protiucet_22_small.webp"},{"id":141835,"max":"https:\/\/cdn.assetlog.ai\/assets\/183063\/skoda-superb-combi-20-tsi-lampk-4x4-dsg-200kw-a7-zaruka-aj-na-splatky-protiucet_23_max.webp","medium":"https:\/\/cdn.assetlog.ai\/assets\/183063\/skoda-superb-combi-20-tsi-lampk-4x4-dsg-200kw-a7-zaruka-aj-na-splatky-protiucet_23_medium.webp","small":"https:\/\/cdn.assetlog.ai\/assets\/183063\/skoda-superb-combi-20-tsi-lampk-4x4-dsg-200kw-a7-zaruka-aj-na-splatky-protiucet_23_small.webp"},{"id":141836,"max":"https:\/\/cdn.assetlog.ai\/assets\/183063\/skoda-superb-combi-20-tsi-lampk-4x4-dsg-200kw-a7-zaruka-aj-na-splatky-protiucet_24_max.webp","medium":"https:\/\/cdn.assetlog.ai\/assets\/183063\/skoda-superb-combi-20-tsi-lampk-4x4-dsg-200kw-a7-zaruka-aj-na-splatky-protiucet_24_medium.webp","small":"https:\/\/cdn.assetlog.ai\/assets\/183063\/skoda-superb-combi-20-tsi-lampk-4x4-dsg-200kw-a7-zaruka-aj-na-splatky-protiucet_24_small.webp"},{"id":141837,"max":"https:\/\/cdn.assetlog.ai\/assets\/183063\/skoda-superb-combi-20-tsi-lampk-4x4-dsg-200kw-a7-zaruka-aj-na-splatky-protiucet_25_max.webp","medium":"https:\/\/cdn.assetlog.ai\/assets\/183063\/skoda-superb-combi-20-tsi-lampk-4x4-dsg-200kw-a7-zaruka-aj-na-splatky-protiucet_25_medium.webp","small":"https:\/\/cdn.assetlog.ai\/assets\/183063\/skoda-superb-combi-20-tsi-lampk-4x4-dsg-200kw-a7-zaruka-aj-na-splatky-protiucet_25_small.webp"},{"id":141838,"max":"https:\/\/cdn.assetlog.ai\/assets\/183063\/skoda-superb-combi-20-tsi-lampk-4x4-dsg-200kw-a7-zaruka-aj-na-splatky-protiucet_26_max.webp","medium":"https:\/\/cdn.assetlog.ai\/assets\/183063\/skoda-superb-combi-20-tsi-lampk-4x4-dsg-200kw-a7-zaruka-aj-na-splatky-protiucet_26_medium.webp","small":"https:\/\/cdn.assetlog.ai\/assets\/183063\/skoda-superb-combi-20-tsi-lampk-4x4-dsg-200kw-a7-zaruka-aj-na-splatky-protiucet_26_small.webp"},{"id":141839,"max":"https:\/\/cdn.assetlog.ai\/assets\/183063\/skoda-superb-combi-20-tsi-lampk-4x4-dsg-200kw-a7-zaruka-aj-na-splatky-protiucet_27_max.webp","medium":"https:\/\/cdn.assetlog.ai\/assets\/183063\/skoda-superb-combi-20-tsi-lampk-4x4-dsg-200kw-a7-zaruka-aj-na-splatky-protiucet_27_medium.webp","small":"https:\/\/cdn.assetlog.ai\/assets\/183063\/skoda-superb-combi-20-tsi-lampk-4x4-dsg-200kw-a7-zaruka-aj-na-splatky-protiucet_27_small.webp"},{"id":141840,"max":"https:\/\/cdn.assetlog.ai\/assets\/183063\/skoda-superb-combi-20-tsi-lampk-4x4-dsg-200kw-a7-zaruka-aj-na-splatky-protiucet_28_max.webp","medium":"https:\/\/cdn.assetlog.ai\/assets\/183063\/skoda-superb-combi-20-tsi-lampk-4x4-dsg-200kw-a7-zaruka-aj-na-splatky-protiucet_28_medium.webp","small":"https:\/\/cdn.assetlog.ai\/assets\/183063\/skoda-superb-combi-20-tsi-lampk-4x4-dsg-200kw-a7-zaruka-aj-na-splatky-protiucet_28_small.webp"},{"id":141841,"max":"https:\/\/cdn.assetlog.ai\/assets\/183063\/skoda-superb-combi-20-tsi-lampk-4x4-dsg-200kw-a7-zaruka-aj-na-splatky-protiucet_29_max.webp","medium":"https:\/\/cdn.assetlog.ai\/assets\/183063\/skoda-superb-combi-20-tsi-lampk-4x4-dsg-200kw-a7-zaruka-aj-na-splatky-protiucet_29_medium.webp","small":"https:\/\/cdn.assetlog.ai\/assets\/183063\/skoda-superb-combi-20-tsi-lampk-4x4-dsg-200kw-a7-zaruka-aj-na-splatky-protiucet_29_small.webp"},{"id":141842,"max":"https:\/\/cdn.assetlog.ai\/assets\/183063\/skoda-superb-combi-20-tsi-lampk-4x4-dsg-200kw-a7-zaruka-aj-na-splatky-protiucet_30_max.webp","medium":"https:\/\/cdn.assetlog.ai\/assets\/183063\/skoda-superb-combi-20-tsi-lampk-4x4-dsg-200kw-a7-zaruka-aj-na-splatky-protiucet_30_medium.webp","small":"https:\/\/cdn.assetlog.ai\/assets\/183063\/skoda-superb-combi-20-tsi-lampk-4x4-dsg-200kw-a7-zaruka-aj-na-splatky-protiucet_30_small.webp"},{"id":141843,"max":"https:\/\/cdn.assetlog.ai\/assets\/183063\/skoda-superb-combi-20-tsi-lampk-4x4-dsg-200kw-a7-zaruka-aj-na-splatky-protiucet_31_max.webp","medium":"https:\/\/cdn.assetlog.ai\/assets\/183063\/skoda-superb-combi-20-tsi-lampk-4x4-dsg-200kw-a7-zaruka-aj-na-splatky-protiucet_31_medium.webp","small":"https:\/\/cdn.assetlog.ai\/assets\/183063\/skoda-superb-combi-20-tsi-lampk-4x4-dsg-200kw-a7-zaruka-aj-na-splatky-protiucet_31_small.webp"},{"id":141844,"max":"https:\/\/cdn.assetlog.ai\/assets\/183063\/skoda-superb-combi-20-tsi-lampk-4x4-dsg-200kw-a7-zaruka-aj-na-splatky-protiucet_32_max.webp","medium":"https:\/\/cdn.assetlog.ai\/assets\/183063\/skoda-superb-combi-20-tsi-lampk-4x4-dsg-200kw-a7-zaruka-aj-na-splatky-protiucet_32_medium.webp","small":"https:\/\/cdn.assetlog.ai\/assets\/183063\/skoda-superb-combi-20-tsi-lampk-4x4-dsg-200kw-a7-zaruka-aj-na-splatky-protiucet_32_small.webp"},{"id":141845,"max":"https:\/\/cdn.assetlog.ai\/assets\/183063\/skoda-superb-combi-20-tsi-lampk-4x4-dsg-200kw-a7-zaruka-aj-na-splatky-protiucet_33_max.webp","medium":"https:\/\/cdn.assetlog.ai\/assets\/183063\/skoda-superb-combi-20-tsi-lampk-4x4-dsg-200kw-a7-zaruka-aj-na-splatky-protiucet_33_medium.webp","small":"https:\/\/cdn.assetlog.ai\/assets\/183063\/skoda-superb-combi-20-tsi-lampk-4x4-dsg-200kw-a7-zaruka-aj-na-splatky-protiucet_33_small.webp"},{"id":141846,"max":"https:\/\/cdn.assetlog.ai\/assets\/183063\/skoda-superb-combi-20-tsi-lampk-4x4-dsg-200kw-a7-zaruka-aj-na-splatky-protiucet_34_max.webp","medium":"https:\/\/cdn.assetlog.ai\/assets\/183063\/skoda-superb-combi-20-tsi-lampk-4x4-dsg-200kw-a7-zaruka-aj-na-splatky-protiucet_34_medium.webp","small":"https:\/\/cdn.assetlog.ai\/assets\/183063\/skoda-superb-combi-20-tsi-lampk-4x4-dsg-200kw-a7-zaruka-aj-na-splatky-protiucet_34_small.webp"},{"id":141847,"max":"https:\/\/cdn.assetlog.ai\/assets\/183063\/skoda-superb-combi-20-tsi-lampk-4x4-dsg-200kw-a7-zaruka-aj-na-splatky-protiucet_35_max.webp","medium":"https:\/\/cdn.assetlog.ai\/assets\/183063\/skoda-superb-combi-20-tsi-lampk-4x4-dsg-200kw-a7-zaruka-aj-na-splatky-protiucet_35_medium.webp","small":"https:\/\/cdn.assetlog.ai\/assets\/183063\/skoda-superb-combi-20-tsi-lampk-4x4-dsg-200kw-a7-zaruka-aj-na-splatky-protiucet_35_small.webp"},{"id":141848,"max":"https:\/\/cdn.assetlog.ai\/assets\/183063\/skoda-superb-combi-20-tsi-lampk-4x4-dsg-200kw-a7-zaruka-aj-na-splatky-protiucet_36_max.webp","medium":"https:\/\/cdn.assetlog.ai\/assets\/183063\/skoda-superb-combi-20-tsi-lampk-4x4-dsg-200kw-a7-zaruka-aj-na-splatky-protiucet_36_medium.webp","small":"https:\/\/cdn.assetlog.ai\/assets\/183063\/skoda-superb-combi-20-tsi-lampk-4x4-dsg-200kw-a7-zaruka-aj-na-splatky-protiucet_36_small.webp"},{"id":141849,"max":"https:\/\/cdn.assetlog.ai\/assets\/183063\/skoda-superb-combi-20-tsi-lampk-4x4-dsg-200kw-a7-zaruka-aj-na-splatky-protiucet_37_max.webp","medium":"https:\/\/cdn.assetlog.ai\/assets\/183063\/skoda-superb-combi-20-tsi-lampk-4x4-dsg-200kw-a7-zaruka-aj-na-splatky-protiucet_37_medium.webp","small":"https:\/\/cdn.assetlog.ai\/assets\/183063\/skoda-superb-combi-20-tsi-lampk-4x4-dsg-200kw-a7-zaruka-aj-na-splatky-protiucet_37_small.webp"},{"id":141850,"max":"https:\/\/cdn.assetlog.ai\/assets\/183063\/skoda-superb-combi-20-tsi-lampk-4x4-dsg-200kw-a7-zaruka-aj-na-splatky-protiucet_38_max.webp","medium":"https:\/\/cdn.assetlog.ai\/assets\/183063\/skoda-superb-combi-20-tsi-lampk-4x4-dsg-200kw-a7-zaruka-aj-na-splatky-protiucet_38_medium.webp","small":"https:\/\/cdn.assetlog.ai\/assets\/183063\/skoda-superb-combi-20-tsi-lampk-4x4-dsg-200kw-a7-zaruka-aj-na-splatky-protiucet_38_small.webp"},{"id":141851,"max":"https:\/\/cdn.assetlog.ai\/assets\/183063\/skoda-superb-combi-20-tsi-lampk-4x4-dsg-200kw-a7-zaruka-aj-na-splatky-protiucet_39_max.webp","medium":"https:\/\/cdn.assetlog.ai\/assets\/183063\/skoda-superb-combi-20-tsi-lampk-4x4-dsg-200kw-a7-zaruka-aj-na-splatky-protiucet_39_medium.webp","small":"https:\/\/cdn.assetlog.ai\/assets\/183063\/skoda-superb-combi-20-tsi-lampk-4x4-dsg-200kw-a7-zaruka-aj-na-splatky-protiucet_39_small.webp"},{"id":141852,"max":"https:\/\/cdn.assetlog.ai\/assets\/183063\/skoda-superb-combi-20-tsi-lampk-4x4-dsg-200kw-a7-zaruka-aj-na-splatky-protiucet_40_max.webp","medium":"https:\/\/cdn.assetlog.ai\/assets\/183063\/skoda-superb-combi-20-tsi-lampk-4x4-dsg-200kw-a7-zaruka-aj-na-splatky-protiucet_40_medium.webp","small":"https:\/\/cdn.assetlog.ai\/assets\/183063\/skoda-superb-combi-20-tsi-lampk-4x4-dsg-200kw-a7-zaruka-aj-na-splatky-protiucet_40_small.webp"}],"published_at":null,"expires_at":null,"created_at":"2026-09-02T03:40:23+00:00","updated_at":"2026-09-02T04:00:13+00:00"}}