{"data":{"id":173543,"slug":"speciallararelarare-med-specialpedagogisk-kompetens-solna-stad","type":"job","title":"Special Education Teacher\/Teacher with Special Education Competence, Solna Municipality","description":"Together we develop schools where all children can succeed in acquiring the important knowledge of today and tomorrow. Our goal is to provide all children with knowledge that equips them for life. We believe that the meeting between children and staff is the most crucial factor for achieving good results. Do you agree? Then we're looking for you!\n\nAbout Us\nGranbackaskolan is an elementary school with age-homogeneous classes from preschool through grade 3. We strive daily to provide our 280 students with important tools in the form of self-confidence, social competence, and critical thinking. We see safety as a fundamental prerequisite for school success. The school has close collaboration between teachers, after-school programs, student support teams, and school leadership.\n\nWe are looking for someone with a genuine interest in students in need of special support and who thrives in an environment where relationships, structure, and high expectations go hand in hand.\n\nAbout the Position\nWe are now seeking a special education teacher or a licensed teacher with special education competence who wants to help develop and be responsible for teaching in our special instruction group. You will work in close collaboration with the group's two educators, and together you will form a well-functioning team with shared responsibility for the students' academic, social, and emotional development. You will also work closely with students' mentors, school leadership, and the student support team. You are responsible for planning, implementing, and following up on instruction as well as for documentation, evaluation, and analysis of student learning and development.\n\nThe special instruction group has been active for just over a year and is characterized by stability and clear structures. Two experienced educators with extensive knowledge of students in need of special support work in the group. The activities are conducted in appropriate facilities designed to provide students with safety, structure, and good conditions for learning and development. The work team is also offered regular supervision to support pedagogical work.\n\nWe believe in collaboration as a success factor, both for student development and for a sustainable work life. Therefore, we work with collaborative learning, differentiated instruction, and a formative approach.\n\nWho Are We Looking For?\nWe are looking for you who:\n- are a special education teacher or licensed teacher with special education competence\n- have experience working with students in need of special support, preferably with NPF\n- have experience with or interest in working with students in grades F-3\n- have good knowledge of curriculum, policy documents, accommodations, and special support\n- express yourself very well in Swedish both orally and in writing\n- use digital tools as a natural part of instruction, documentation, and follow-up.\n\nExperience with pedagogical documentation, pedagogical assessments, and support plans, preferably in Prorenata, is a merit.\n\nAs a person, you are confident, clear, and relationship-building. You have a calm and professional approach, you see strengths and possibilities in every student. You create teaching situations where students experience success and develop based on their individual circumstances. You enjoy working in a team and actively contribute to a positive collaborative climate. You have good organizational skills, work in a structured manner, and ensure that planning, documentation, and follow-up maintain high quality.\n\nYour teaching is based on scientific foundation and proven experience, and you have the ability to create accessible learning environments where students develop academically, socially, and emotionally.\n\nWith us, you will have the opportunity to work in a safe and well-organized activity with engaged colleagues, regular supervision, and close collaboration with student support services. Together we create the best conditions for students who need a smaller and more adapted learning environment to succeed in school.\n\nMore Information and Application\nThis position is a permanent full-time appointment at 100%. Start date by agreement. For additional questions, contact Principal Emma Blennow Pettersson, emma.blennow-pettersson@solna.se.\n\nWe warmly welcome your application with CV no later than 9\/9. In this recruitment, you apply without a personal letter. When you apply, you will be asked questions relevant to the position.\n\nNOTE! If you do not have a current extract from the criminal record register, we recommend that you order one as soon as possible, as we need to see this before you can start your employment at the school.\n\nDo you have protected personal information? Do not register your application on the website\/Varbi; instead, contact the recruiting manager to find out how to submit your application. You should be careful about what information you share in your application. Only provide information that is relevant to the current position.\n\nFor union contact person for this position, see www.solna.se\/jobba-hos-oss\/fackliga-kontaktpersoner","language":"sv","is_translated":true,"title_original":"Speciall\u00e4rare\/L\u00e4rare med specialpedagogisk kompetens, Solna stad","description_original":"Tillsammans utvecklar vi skolor d\u00e4r alla barn ska kunna lyckas i sitt till\u00e4gnande av nutidens och framtidens viktiga kunskaper. V\u00e5r m\u00e5ls\u00e4ttning \u00e4r att ge alla barn kunskaper som rustar dem f\u00f6r livet. Vi tror att det \u00e4r m\u00f6tet mellan barn och personal som \u00e4r det allra mest avg\u00f6rande f\u00f6r att n\u00e5 goda resultat. H\u00e5ller du med? D\u00e5 s\u00f6ker vi dig!\u00a0\nOm oss\nGranbackaskolan \u00e4r en l\u00e5gstadieskola med \u00e5ldershomogena klasser fr\u00e5n f\u00f6rskoleklass upp till \u00e5rskurs 3. Vi str\u00e4var dagligen efter att ge skolans 280 elever viktiga verktyg i form av sj\u00e4lvf\u00f6rtroende, social kompetens och kritiskt t\u00e4nkande. Vi ser trygghet som en sj\u00e4lvklar f\u00f6ruts\u00e4ttning f\u00f6r skolframg\u00e5ng. P\u00e5 skolan finns ett n\u00e4ra samarbete mellan l\u00e4rare, fritidshem, elevh\u00e4lsoteam och skolledning.\nVi s\u00f6ker dig som har ett genuint intresse f\u00f6r elever i behov av s\u00e4rskilt st\u00f6d och som trivs i en verksamhet d\u00e4r relationer, struktur och h\u00f6ga f\u00f6rv\u00e4ntningar g\u00e5r hand i hand.\nOm tj\u00e4nsten\nVi s\u00f6ker nu en speciall\u00e4rare alternativt legitimerad l\u00e4rare med specialpedagogisk kompetens som vill vara med och utveckla och ansvara f\u00f6r undervisningen i v\u00e5r s\u00e4rskilda undervisningsgrupp.\u00a0Du arbetar i n\u00e4ra samverkan med gruppens tv\u00e5 pedagoger och tillsammans bildar ni ett v\u00e4lfungerande team med ett gemensamt ansvar f\u00f6r elevernas kunskapsm\u00e4ssiga, sociala och emotionella utveckling. Du samarbetar \u00e4ven t\u00e4tt med elevernas mentorer, skolledning och elevh\u00e4lsoteam. Du ansvarar f\u00f6r planering, genomf\u00f6rande och uppf\u00f6ljning av undervisningen samt f\u00f6r dokumentation, utv\u00e4rdering och analys av elevernas l\u00e4rande och utveckling.\u00a0\nDen s\u00e4rskilda undervisningsgruppen har varit verksam i drygt ett \u00e5r och pr\u00e4glas av stabilitet och tydliga strukturer. I gruppen arbetar tv\u00e5 erfarna pedagoger med stor kunskap om elever i behov av s\u00e4rskilt st\u00f6d. Verksamheten bedrivs i \u00e4ndam\u00e5lsenliga lokaler som \u00e4r utformade f\u00f6r att ge eleverna trygghet, struktur och goda f\u00f6ruts\u00e4ttningar f\u00f6r l\u00e4rande och utveckling. Arbetslaget erbjuds dessutom regelbunden handledning som st\u00f6d i det pedagogiska arbetet.\nVi tror p\u00e5 samarbete som en framg\u00e5ngsfaktor, b\u00e5de f\u00f6r elevernas utveckling och f\u00f6r ett h\u00e5llbart arbetsliv. D\u00e4rf\u00f6r arbetar vi med kollegialt l\u00e4rande, differentierad undervisning och ett formativt f\u00f6rh\u00e5llningss\u00e4tt.\nVem s\u00f6ker vi?\nVi s\u00f6ker dig som:\n\u00e4r speciall\u00e4rare eller legitimerad l\u00e4rare med specialpedagogisk kompetens\nhar erfarenhet av arbete med elever i behov av s\u00e4rskilt st\u00f6d, g\u00e4rna med NPF\nhar erfarenhet av eller intresse f\u00f6r arbete med elever i \u00e5rskurs F-3\nhar god kunskap om l\u00e4roplan, styrdokument, extra anpassningar och s\u00e4rskilt st\u00f6d\nuttrycker dig mycket v\u00e4l p\u00e5 svenska i tal och skrift\nanv\u00e4nder digitala verktyg som en naturlig del av undervisning, dokumentation och uppf\u00f6ljning.\n\nErfarenhet av pedagogisk dokumentation, pedagogiska utredningar och \u00e5tg\u00e4rdsprogram, g\u00e4rna i Prorenata, \u00e4r meriterande.\nSom person \u00e4r du trygg, tydlig och relationsskapande. Du har ett l\u00e5gaffektivt och professionellt bem\u00f6tande, du ser styrkor och m\u00f6jligheter hos varje elev. Du skapar undervisningssituationer d\u00e4r elever f\u00e5r uppleva framg\u00e5ng och utvecklas utifr\u00e5n sina individuella f\u00f6ruts\u00e4ttningar. Du trivs med att arbeta i team och bidrar aktivt till ett positivt samarbetsklimat. Du har god organisatorisk f\u00f6rm\u00e5ga, arbetar strukturerat och s\u00e4kerst\u00e4ller att planering, dokumentation och uppf\u00f6ljning h\u00e5ller h\u00f6g kvalitet.\u00a0\nDin undervisning vilar p\u00e5 vetenskaplig grund och bepr\u00f6vad erfarenhet, och du har f\u00f6rm\u00e5ga att skapa tillg\u00e4ngliga l\u00e4rmilj\u00f6er d\u00e4r elever utvecklas kunskapsm\u00e4ssigt, socialt och emotionellt.\nHos oss f\u00e5r du m\u00f6jlighet att arbeta i en trygg och v\u00e4lorganiserad verksamhet med engagerade kollegor, regelbunden handledning och ett n\u00e4ra samarbete med elevh\u00e4lsan. Tillsammans skapar vi de b\u00e4sta f\u00f6ruts\u00e4ttningarna f\u00f6r elever som beh\u00f6ver en mindre och mer anpassad l\u00e4rmilj\u00f6 f\u00f6r att lyckas i skolan.\nMer information och ans\u00f6kan\nTj\u00e4nsten avser en tillsvidareanst\u00e4llning p\u00e5 100%. Tilltr\u00e4de efter \u00f6verenskommelse. F\u00f6r ytterligare fr\u00e5gor kontakta rektor Emma Blennow Pettersson, emma.blennow-pettersson@solna.se.\nVarmt v\u00e4lkommen med din ans\u00f6kan inneh\u00e5llandes CV senast den 9\/9. I denna rekrytering ans\u00f6ker du utan personligt brev. N\u00e4r du s\u00f6ker kommer du f\u00e5 svara p\u00e5 fr\u00e5gor relevanta f\u00f6r tj\u00e4nsten.\u00a0\nOBS! Om du inte har ett aktuellt utdrag ur belastningsregistret rekommenderar vi att du best\u00e4ller ett s\u00e5dant s\u00e5 snart som m\u00f6jligt d\u00e5 vi beh\u00f6ver se detta innan du kan b\u00f6rja din anst\u00e4llning inom skolan.\nHar du skyddade personuppgifter? Registrera inte din ans\u00f6kan p\u00e5 webbplatsen\/Varbi, utan ta kontakt med rekryterande chef f\u00f6r att veta hur du ska skicka in din ans\u00f6kan. Du b\u00f6r vara varsam med vilken information du delar i din ans\u00f6kan. Delge d\u00e4rf\u00f6r bara information som \u00e4r relevant f\u00f6r den aktuella tj\u00e4nsten.\nF\u00f6r facklig kontaktperson f\u00f6r tj\u00e4nsten se www.solna.se\/jobba-hos-oss\/fackliga-kontaktpersoner","price":null,"currency":"SEK","status":"active","noindex":true,"location":{"address":"Stadshusg\u00e5ngen 2","full_address":null,"city":"Solna","country":"SE","latitude":59.3492401,"longitude":18.0134715},"metadata":{"region":"Stockholms l\u00e4n","duration":"Tills vidare","employer":"Solna kommun","postcode":"17186","positions":1,"profession":"L\u00e4rare i grundskolan, \u00e5rskurs 1-3","salary_type":"Fast m\u00e5nads- vecko- eller timl\u00f6n","employer_url":"https:\/\/www.solna.se\/jobba-hos-oss\/lediga-jobb","scope_of_work":"100\u2013100 %","working_hours":"Heltid","contact_person":"Emma Blennow Pettersson","employment_type":"full_time","occupation_field":"Pedagogik","employer_workplace":"Granbackaskolan","experience_required":true,"employment_type_label":"Vanlig anst\u00e4llning"},"user_id":null,"is_sponsored":false,"views_count":2,"ai_views_count":4,"ai_vendor_counts":{"other":2,"openai":1,"anthropic":1},"visibility":"public","submission_source":null,"submission_ai_name":null,"has_owner_email":true,"can_contact_owner":true,"phone":null,"owner_email":"emma.blennow-pettersson@solna.se","images":[],"published_at":"2026-08-26T14:36:54+00:00","expires_at":"2026-09-09T23:59:59+00:00","created_at":"2026-08-27T03:19:52+00:00","updated_at":"2026-09-03T03:11:44+00:00"}}