{"data":{"id":191721,"slug":"stylishly-designed-flats-in-a-complex-in-alanya-demirtas-2","type":"real_estate","title":"Stylishly Designed Flats in a Complex in Alanya Demirta\u015f","description":"Sea View Flats in a Complex with Rich Social Facilities in Alanya Demirta\u015f\nDemirta\u015f is a residential area in Alanya with its lush green nature and clean beaches, suitable for comfortable living as well as advantageous for investment.\nFlats for sale in Alanya Turkey are a project in the center of Demirta\u015f. The project is 700 m to the sea, 9 km to Mahmutlar center, 1.5 km to Demirta\u015f district center, 17 km to Gazipa\u015fa-Alanya Airport, 18 km to Alanya Training and Research Hospital, and 21 km to the Alanya district center.\nThe project has two outdoor and two indoor swimming pools, tennis courts, a large landscaped garden open to common use, two saunas, two steam rooms, fitness, outdoor car parking, kids club, PlayStation room, billiards, table tennis, cafeteria, 24\/7 security, Wi-Fi, elevator, generator, site attendant located on a 7700 sqm of land. AYT-02542","language":"en","is_translated":false,"price":"146000.00","currency":"EUR","status":"active","noindex":false,"location":{"address":null,"full_address":null,"city":"Antalya","country":"TR","latitude":36.427021,"longitude":32.1918221},"metadata":{"gym":true,"cctv":true,"pool":true,"rooms":3,"sauna":true,"floors":9,"garden":true,"region":"Alanya","area_m2":90,"balcony":true,"parking":true,"terrace":true,"bedrooms":2,"elevator":true,"features":["Balcony","En-Suite Bathroom","Generator","Open-Plan Kitchen","Shower","Terrace","Satellite TV","Car Park","Caretaker","Communal Garden","Communal Pool","Fitness","Game Room","In A Complex","Lift","Playground","Sauna","Security 7\/24","Security Camera","SPA","Tennis Court","Turkish Bath","Airport (0-50 Km)","Beach (500-1000 M)","Sea (0-1 Km)","Sea View","Mountain View","City View","Bus Station","Stores \/ Shopping Mall","Bars \/ Restaurants","West","East","South","North-West","North-East","South-West","South-East"],"sea_view":true,"security":true,"bathrooms":2,"agency_ref":"AYT-02542-2-MiddleFloor","year_built":2025,"source_type":"Apartments\/Middle Floor","land_area_m2":7700,"listing_type":"sale","neighborhood":"Demirta\u015f","property_type":"apartment","distance_to_sea":"0\u20131 km","gated_community":true,"distance_to_beach":"500\u20131000 m","distance_to_airport":"0\u201350 km"},"user_id":87,"is_sponsored":false,"views_count":0,"ai_views_count":2,"ai_vendor_counts":{"openai":1,"anthropic":1},"visibility":"public","submission_source":null,"submission_ai_name":null,"has_owner_email":true,"can_contact_owner":true,"phone":null,"user":{"id":87,"slug":"tekce-overseas-87","name":"TEKCE","bio":"TEKCE Real Estate is an international company with a global presence, operating 20 offices in five countries: Spain, Turkey, North Cyprus, Sweden, and the United Arab Emirates. Every office is owned by TEKCE and under its direct management. More than 250 professional real estate agents work with us, following the same principles in every country and sharing a common enthusiasm. Our multinational team speaks over 30 languages.","nationality":null,"languages":["en","es","tr","nl","sv","de","ar","el"],"service_areas":[{"lat":39.29408,"lng":35.23166,"osm":"R174737","name":"Turkey","type":"country","country_code":"TR"},{"lat":39.32607,"lng":-4.83798,"osm":"R1311341","name":"Spain","type":"country","country_code":"ES"},{"lat":24.00025,"lng":53.99948,"osm":"R307763","name":"United Arab Emirates","type":"country","country_code":"AE"},{"lat":34.9823,"lng":33.14513,"osm":"R307787","name":"Cyprus","type":"country","country_code":"CY"}],"card_style":null,"card_palette":null,"avatar_url":"https:\/\/cdn.assetlog.ai\/avatars\/87\/avatar_max.webp?v=1788531011","avatar_thumb_url":"https:\/\/cdn.assetlog.ai\/avatars\/87\/avatar_small.webp?v=1788531011","reviews_count":0,"avg_rating":null,"seller_badge":"silver","can_calendar":true,"joined_at":"2026-09-04T13:08:26+00:00","primary_intent":null,"seeking":[],"asset_types":["real_estate"],"public_assets_count":7267,"public_prompts_count":0,"followers_count":0},"images":[{"id":272087,"max":"https:\/\/cdn.assetlog.ai\/assets\/191721\/stylishly-designed-flats-in-a-complex-in-alanya-demirtas-2_1_max.webp","medium":"https:\/\/cdn.assetlog.ai\/assets\/191721\/stylishly-designed-flats-in-a-complex-in-alanya-demirtas-2_1_medium.webp","small":"https:\/\/cdn.assetlog.ai\/assets\/191721\/stylishly-designed-flats-in-a-complex-in-alanya-demirtas-2_1_small.webp"},{"id":272086,"max":"https:\/\/cdn.assetlog.ai\/assets\/191721\/stylishly-designed-flats-in-a-complex-in-alanya-demirtas-2_2_max.webp","medium":"https:\/\/cdn.assetlog.ai\/assets\/191721\/stylishly-designed-flats-in-a-complex-in-alanya-demirtas-2_2_medium.webp","small":"https:\/\/cdn.assetlog.ai\/assets\/191721\/stylishly-designed-flats-in-a-complex-in-alanya-demirtas-2_2_small.webp"},{"id":272088,"max":"https:\/\/cdn.assetlog.ai\/assets\/191721\/stylishly-designed-flats-in-a-complex-in-alanya-demirtas-2_3_max.webp","medium":"https:\/\/cdn.assetlog.ai\/assets\/191721\/stylishly-designed-flats-in-a-complex-in-alanya-demirtas-2_3_medium.webp","small":"https:\/\/cdn.assetlog.ai\/assets\/191721\/stylishly-designed-flats-in-a-complex-in-alanya-demirtas-2_3_small.webp"},{"id":272089,"max":"https:\/\/cdn.assetlog.ai\/assets\/191721\/stylishly-designed-flats-in-a-complex-in-alanya-demirtas-2_4_max.webp","medium":"https:\/\/cdn.assetlog.ai\/assets\/191721\/stylishly-designed-flats-in-a-complex-in-alanya-demirtas-2_4_medium.webp","small":"https:\/\/cdn.assetlog.ai\/assets\/191721\/stylishly-designed-flats-in-a-complex-in-alanya-demirtas-2_4_small.webp"},{"id":272090,"max":"https:\/\/cdn.assetlog.ai\/assets\/191721\/stylishly-designed-flats-in-a-complex-in-alanya-demirtas-2_5_max.webp","medium":"https:\/\/cdn.assetlog.ai\/assets\/191721\/stylishly-designed-flats-in-a-complex-in-alanya-demirtas-2_5_medium.webp","small":"https:\/\/cdn.assetlog.ai\/assets\/191721\/stylishly-designed-flats-in-a-complex-in-alanya-demirtas-2_5_small.webp"},{"id":272092,"max":"https:\/\/cdn.assetlog.ai\/assets\/191721\/stylishly-designed-flats-in-a-complex-in-alanya-demirtas-2_6_max.webp","medium":"https:\/\/cdn.assetlog.ai\/assets\/191721\/stylishly-designed-flats-in-a-complex-in-alanya-demirtas-2_6_medium.webp","small":"https:\/\/cdn.assetlog.ai\/assets\/191721\/stylishly-designed-flats-in-a-complex-in-alanya-demirtas-2_6_small.webp"},{"id":272094,"max":"https:\/\/cdn.assetlog.ai\/assets\/191721\/stylishly-designed-flats-in-a-complex-in-alanya-demirtas-2_7_max.webp","medium":"https:\/\/cdn.assetlog.ai\/assets\/191721\/stylishly-designed-flats-in-a-complex-in-alanya-demirtas-2_7_medium.webp","small":"https:\/\/cdn.assetlog.ai\/assets\/191721\/stylishly-designed-flats-in-a-complex-in-alanya-demirtas-2_7_small.webp"},{"id":272091,"max":"https:\/\/cdn.assetlog.ai\/assets\/191721\/stylishly-designed-flats-in-a-complex-in-alanya-demirtas-2_8_max.webp","medium":"https:\/\/cdn.assetlog.ai\/assets\/191721\/stylishly-designed-flats-in-a-complex-in-alanya-demirtas-2_8_medium.webp","small":"https:\/\/cdn.assetlog.ai\/assets\/191721\/stylishly-designed-flats-in-a-complex-in-alanya-demirtas-2_8_small.webp"},{"id":272093,"max":"https:\/\/cdn.assetlog.ai\/assets\/191721\/stylishly-designed-flats-in-a-complex-in-alanya-demirtas-2_9_max.webp","medium":"https:\/\/cdn.assetlog.ai\/assets\/191721\/stylishly-designed-flats-in-a-complex-in-alanya-demirtas-2_9_medium.webp","small":"https:\/\/cdn.assetlog.ai\/assets\/191721\/stylishly-designed-flats-in-a-complex-in-alanya-demirtas-2_9_small.webp"},{"id":272096,"max":"https:\/\/cdn.assetlog.ai\/assets\/191721\/stylishly-designed-flats-in-a-complex-in-alanya-demirtas-2_10_max.webp","medium":"https:\/\/cdn.assetlog.ai\/assets\/191721\/stylishly-designed-flats-in-a-complex-in-alanya-demirtas-2_10_medium.webp","small":"https:\/\/cdn.assetlog.ai\/assets\/191721\/stylishly-designed-flats-in-a-complex-in-alanya-demirtas-2_10_small.webp"},{"id":272098,"max":"https:\/\/cdn.assetlog.ai\/assets\/191721\/stylishly-designed-flats-in-a-complex-in-alanya-demirtas-2_11_max.webp","medium":"https:\/\/cdn.assetlog.ai\/assets\/191721\/stylishly-designed-flats-in-a-complex-in-alanya-demirtas-2_11_medium.webp","small":"https:\/\/cdn.assetlog.ai\/assets\/191721\/stylishly-designed-flats-in-a-complex-in-alanya-demirtas-2_11_small.webp"},{"id":272095,"max":"https:\/\/cdn.assetlog.ai\/assets\/191721\/stylishly-designed-flats-in-a-complex-in-alanya-demirtas-2_12_max.webp","medium":"https:\/\/cdn.assetlog.ai\/assets\/191721\/stylishly-designed-flats-in-a-complex-in-alanya-demirtas-2_12_medium.webp","small":"https:\/\/cdn.assetlog.ai\/assets\/191721\/stylishly-designed-flats-in-a-complex-in-alanya-demirtas-2_12_small.webp"},{"id":272097,"max":"https:\/\/cdn.assetlog.ai\/assets\/191721\/stylishly-designed-flats-in-a-complex-in-alanya-demirtas-2_13_max.webp","medium":"https:\/\/cdn.assetlog.ai\/assets\/191721\/stylishly-designed-flats-in-a-complex-in-alanya-demirtas-2_13_medium.webp","small":"https:\/\/cdn.assetlog.ai\/assets\/191721\/stylishly-designed-flats-in-a-complex-in-alanya-demirtas-2_13_small.webp"},{"id":272099,"max":"https:\/\/cdn.assetlog.ai\/assets\/191721\/stylishly-designed-flats-in-a-complex-in-alanya-demirtas-2_14_max.webp","medium":"https:\/\/cdn.assetlog.ai\/assets\/191721\/stylishly-designed-flats-in-a-complex-in-alanya-demirtas-2_14_medium.webp","small":"https:\/\/cdn.assetlog.ai\/assets\/191721\/stylishly-designed-flats-in-a-complex-in-alanya-demirtas-2_14_small.webp"},{"id":272100,"max":"https:\/\/cdn.assetlog.ai\/assets\/191721\/stylishly-designed-flats-in-a-complex-in-alanya-demirtas-2_15_max.webp","medium":"https:\/\/cdn.assetlog.ai\/assets\/191721\/stylishly-designed-flats-in-a-complex-in-alanya-demirtas-2_15_medium.webp","small":"https:\/\/cdn.assetlog.ai\/assets\/191721\/stylishly-designed-flats-in-a-complex-in-alanya-demirtas-2_15_small.webp"},{"id":272101,"max":"https:\/\/cdn.assetlog.ai\/assets\/191721\/stylishly-designed-flats-in-a-complex-in-alanya-demirtas-2_16_max.webp","medium":"https:\/\/cdn.assetlog.ai\/assets\/191721\/stylishly-designed-flats-in-a-complex-in-alanya-demirtas-2_16_medium.webp","small":"https:\/\/cdn.assetlog.ai\/assets\/191721\/stylishly-designed-flats-in-a-complex-in-alanya-demirtas-2_16_small.webp"},{"id":272102,"max":"https:\/\/cdn.assetlog.ai\/assets\/191721\/stylishly-designed-flats-in-a-complex-in-alanya-demirtas-2_17_max.webp","medium":"https:\/\/cdn.assetlog.ai\/assets\/191721\/stylishly-designed-flats-in-a-complex-in-alanya-demirtas-2_17_medium.webp","small":"https:\/\/cdn.assetlog.ai\/assets\/191721\/stylishly-designed-flats-in-a-complex-in-alanya-demirtas-2_17_small.webp"},{"id":272103,"max":"https:\/\/cdn.assetlog.ai\/assets\/191721\/stylishly-designed-flats-in-a-complex-in-alanya-demirtas-2_18_max.webp","medium":"https:\/\/cdn.assetlog.ai\/assets\/191721\/stylishly-designed-flats-in-a-complex-in-alanya-demirtas-2_18_medium.webp","small":"https:\/\/cdn.assetlog.ai\/assets\/191721\/stylishly-designed-flats-in-a-complex-in-alanya-demirtas-2_18_small.webp"},{"id":272104,"max":"https:\/\/cdn.assetlog.ai\/assets\/191721\/stylishly-designed-flats-in-a-complex-in-alanya-demirtas-2_19_max.webp","medium":"https:\/\/cdn.assetlog.ai\/assets\/191721\/stylishly-designed-flats-in-a-complex-in-alanya-demirtas-2_19_medium.webp","small":"https:\/\/cdn.assetlog.ai\/assets\/191721\/stylishly-designed-flats-in-a-complex-in-alanya-demirtas-2_19_small.webp"},{"id":272105,"max":"https:\/\/cdn.assetlog.ai\/assets\/191721\/stylishly-designed-flats-in-a-complex-in-alanya-demirtas-2_20_max.webp","medium":"https:\/\/cdn.assetlog.ai\/assets\/191721\/stylishly-designed-flats-in-a-complex-in-alanya-demirtas-2_20_medium.webp","small":"https:\/\/cdn.assetlog.ai\/assets\/191721\/stylishly-designed-flats-in-a-complex-in-alanya-demirtas-2_20_small.webp"},{"id":272106,"max":"https:\/\/cdn.assetlog.ai\/assets\/191721\/stylishly-designed-flats-in-a-complex-in-alanya-demirtas-2_21_max.webp","medium":"https:\/\/cdn.assetlog.ai\/assets\/191721\/stylishly-designed-flats-in-a-complex-in-alanya-demirtas-2_21_medium.webp","small":"https:\/\/cdn.assetlog.ai\/assets\/191721\/stylishly-designed-flats-in-a-complex-in-alanya-demirtas-2_21_small.webp"},{"id":272107,"max":"https:\/\/cdn.assetlog.ai\/assets\/191721\/stylishly-designed-flats-in-a-complex-in-alanya-demirtas-2_22_max.webp","medium":"https:\/\/cdn.assetlog.ai\/assets\/191721\/stylishly-designed-flats-in-a-complex-in-alanya-demirtas-2_22_medium.webp","small":"https:\/\/cdn.assetlog.ai\/assets\/191721\/stylishly-designed-flats-in-a-complex-in-alanya-demirtas-2_22_small.webp"},{"id":272108,"max":"https:\/\/cdn.assetlog.ai\/assets\/191721\/stylishly-designed-flats-in-a-complex-in-alanya-demirtas-2_23_max.webp","medium":"https:\/\/cdn.assetlog.ai\/assets\/191721\/stylishly-designed-flats-in-a-complex-in-alanya-demirtas-2_23_medium.webp","small":"https:\/\/cdn.assetlog.ai\/assets\/191721\/stylishly-designed-flats-in-a-complex-in-alanya-demirtas-2_23_small.webp"},{"id":272109,"max":"https:\/\/cdn.assetlog.ai\/assets\/191721\/stylishly-designed-flats-in-a-complex-in-alanya-demirtas-2_24_max.webp","medium":"https:\/\/cdn.assetlog.ai\/assets\/191721\/stylishly-designed-flats-in-a-complex-in-alanya-demirtas-2_24_medium.webp","small":"https:\/\/cdn.assetlog.ai\/assets\/191721\/stylishly-designed-flats-in-a-complex-in-alanya-demirtas-2_24_small.webp"},{"id":272112,"max":"https:\/\/cdn.assetlog.ai\/assets\/191721\/stylishly-designed-flats-in-a-complex-in-alanya-demirtas-2_25_max.webp","medium":"https:\/\/cdn.assetlog.ai\/assets\/191721\/stylishly-designed-flats-in-a-complex-in-alanya-demirtas-2_25_medium.webp","small":"https:\/\/cdn.assetlog.ai\/assets\/191721\/stylishly-designed-flats-in-a-complex-in-alanya-demirtas-2_25_small.webp"},{"id":272111,"max":"https:\/\/cdn.assetlog.ai\/assets\/191721\/stylishly-designed-flats-in-a-complex-in-alanya-demirtas-2_26_max.webp","medium":"https:\/\/cdn.assetlog.ai\/assets\/191721\/stylishly-designed-flats-in-a-complex-in-alanya-demirtas-2_26_medium.webp","small":"https:\/\/cdn.assetlog.ai\/assets\/191721\/stylishly-designed-flats-in-a-complex-in-alanya-demirtas-2_26_small.webp"},{"id":272110,"max":"https:\/\/cdn.assetlog.ai\/assets\/191721\/stylishly-designed-flats-in-a-complex-in-alanya-demirtas-2_27_max.webp","medium":"https:\/\/cdn.assetlog.ai\/assets\/191721\/stylishly-designed-flats-in-a-complex-in-alanya-demirtas-2_27_medium.webp","small":"https:\/\/cdn.assetlog.ai\/assets\/191721\/stylishly-designed-flats-in-a-complex-in-alanya-demirtas-2_27_small.webp"},{"id":272115,"max":"https:\/\/cdn.assetlog.ai\/assets\/191721\/stylishly-designed-flats-in-a-complex-in-alanya-demirtas-2_28_max.webp","medium":"https:\/\/cdn.assetlog.ai\/assets\/191721\/stylishly-designed-flats-in-a-complex-in-alanya-demirtas-2_28_medium.webp","small":"https:\/\/cdn.assetlog.ai\/assets\/191721\/stylishly-designed-flats-in-a-complex-in-alanya-demirtas-2_28_small.webp"},{"id":272113,"max":"https:\/\/cdn.assetlog.ai\/assets\/191721\/stylishly-designed-flats-in-a-complex-in-alanya-demirtas-2_29_max.webp","medium":"https:\/\/cdn.assetlog.ai\/assets\/191721\/stylishly-designed-flats-in-a-complex-in-alanya-demirtas-2_29_medium.webp","small":"https:\/\/cdn.assetlog.ai\/assets\/191721\/stylishly-designed-flats-in-a-complex-in-alanya-demirtas-2_29_small.webp"},{"id":272114,"max":"https:\/\/cdn.assetlog.ai\/assets\/191721\/stylishly-designed-flats-in-a-complex-in-alanya-demirtas-2_30_max.webp","medium":"https:\/\/cdn.assetlog.ai\/assets\/191721\/stylishly-designed-flats-in-a-complex-in-alanya-demirtas-2_30_medium.webp","small":"https:\/\/cdn.assetlog.ai\/assets\/191721\/stylishly-designed-flats-in-a-complex-in-alanya-demirtas-2_30_small.webp"},{"id":272116,"max":"https:\/\/cdn.assetlog.ai\/assets\/191721\/stylishly-designed-flats-in-a-complex-in-alanya-demirtas-2_31_max.webp","medium":"https:\/\/cdn.assetlog.ai\/assets\/191721\/stylishly-designed-flats-in-a-complex-in-alanya-demirtas-2_31_medium.webp","small":"https:\/\/cdn.assetlog.ai\/assets\/191721\/stylishly-designed-flats-in-a-complex-in-alanya-demirtas-2_31_small.webp"},{"id":272118,"max":"https:\/\/cdn.assetlog.ai\/assets\/191721\/stylishly-designed-flats-in-a-complex-in-alanya-demirtas-2_32_max.webp","medium":"https:\/\/cdn.assetlog.ai\/assets\/191721\/stylishly-designed-flats-in-a-complex-in-alanya-demirtas-2_32_medium.webp","small":"https:\/\/cdn.assetlog.ai\/assets\/191721\/stylishly-designed-flats-in-a-complex-in-alanya-demirtas-2_32_small.webp"},{"id":272117,"max":"https:\/\/cdn.assetlog.ai\/assets\/191721\/stylishly-designed-flats-in-a-complex-in-alanya-demirtas-2_33_max.webp","medium":"https:\/\/cdn.assetlog.ai\/assets\/191721\/stylishly-designed-flats-in-a-complex-in-alanya-demirtas-2_33_medium.webp","small":"https:\/\/cdn.assetlog.ai\/assets\/191721\/stylishly-designed-flats-in-a-complex-in-alanya-demirtas-2_33_small.webp"},{"id":272119,"max":"https:\/\/cdn.assetlog.ai\/assets\/191721\/stylishly-designed-flats-in-a-complex-in-alanya-demirtas-2_34_max.webp","medium":"https:\/\/cdn.assetlog.ai\/assets\/191721\/stylishly-designed-flats-in-a-complex-in-alanya-demirtas-2_34_medium.webp","small":"https:\/\/cdn.assetlog.ai\/assets\/191721\/stylishly-designed-flats-in-a-complex-in-alanya-demirtas-2_34_small.webp"},{"id":272122,"max":"https:\/\/cdn.assetlog.ai\/assets\/191721\/stylishly-designed-flats-in-a-complex-in-alanya-demirtas-2_35_max.webp","medium":"https:\/\/cdn.assetlog.ai\/assets\/191721\/stylishly-designed-flats-in-a-complex-in-alanya-demirtas-2_35_medium.webp","small":"https:\/\/cdn.assetlog.ai\/assets\/191721\/stylishly-designed-flats-in-a-complex-in-alanya-demirtas-2_35_small.webp"},{"id":272120,"max":"https:\/\/cdn.assetlog.ai\/assets\/191721\/stylishly-designed-flats-in-a-complex-in-alanya-demirtas-2_36_max.webp","medium":"https:\/\/cdn.assetlog.ai\/assets\/191721\/stylishly-designed-flats-in-a-complex-in-alanya-demirtas-2_36_medium.webp","small":"https:\/\/cdn.assetlog.ai\/assets\/191721\/stylishly-designed-flats-in-a-complex-in-alanya-demirtas-2_36_small.webp"},{"id":272121,"max":"https:\/\/cdn.assetlog.ai\/assets\/191721\/stylishly-designed-flats-in-a-complex-in-alanya-demirtas-2_37_max.webp","medium":"https:\/\/cdn.assetlog.ai\/assets\/191721\/stylishly-designed-flats-in-a-complex-in-alanya-demirtas-2_37_medium.webp","small":"https:\/\/cdn.assetlog.ai\/assets\/191721\/stylishly-designed-flats-in-a-complex-in-alanya-demirtas-2_37_small.webp"},{"id":272123,"max":"https:\/\/cdn.assetlog.ai\/assets\/191721\/stylishly-designed-flats-in-a-complex-in-alanya-demirtas-2_38_max.webp","medium":"https:\/\/cdn.assetlog.ai\/assets\/191721\/stylishly-designed-flats-in-a-complex-in-alanya-demirtas-2_38_medium.webp","small":"https:\/\/cdn.assetlog.ai\/assets\/191721\/stylishly-designed-flats-in-a-complex-in-alanya-demirtas-2_38_small.webp"},{"id":272124,"max":"https:\/\/cdn.assetlog.ai\/assets\/191721\/stylishly-designed-flats-in-a-complex-in-alanya-demirtas-2_39_max.webp","medium":"https:\/\/cdn.assetlog.ai\/assets\/191721\/stylishly-designed-flats-in-a-complex-in-alanya-demirtas-2_39_medium.webp","small":"https:\/\/cdn.assetlog.ai\/assets\/191721\/stylishly-designed-flats-in-a-complex-in-alanya-demirtas-2_39_small.webp"},{"id":272125,"max":"https:\/\/cdn.assetlog.ai\/assets\/191721\/stylishly-designed-flats-in-a-complex-in-alanya-demirtas-2_40_max.webp","medium":"https:\/\/cdn.assetlog.ai\/assets\/191721\/stylishly-designed-flats-in-a-complex-in-alanya-demirtas-2_40_medium.webp","small":"https:\/\/cdn.assetlog.ai\/assets\/191721\/stylishly-designed-flats-in-a-complex-in-alanya-demirtas-2_40_small.webp"}],"published_at":null,"expires_at":null,"created_at":"2026-09-04T13:54:48+00:00","updated_at":"2026-09-04T23:00:15+00:00"}}