{"data":{"id":191723,"slug":"stylishly-designed-flats-in-a-complex-in-alanya-demirtas-4","type":"real_estate","title":"Stylishly Designed Flats in a Complex in Alanya Demirta\u015f","description":"Sea View Flats in a Complex with Rich Social Facilities in Alanya Demirta\u015f\nDemirta\u015f is a residential area in Alanya with its lush green nature and clean beaches, suitable for comfortable living as well as advantageous for investment.\nFlats for sale in Alanya Turkey are a project in the center of Demirta\u015f. The project is 700 m to the sea, 9 km to Mahmutlar center, 1.5 km to Demirta\u015f district center, 17 km to Gazipa\u015fa-Alanya Airport, 18 km to Alanya Training and Research Hospital, and 21 km to the Alanya district center.\nThe project has two outdoor and two indoor swimming pools, tennis courts, a large landscaped garden open to common use, two saunas, two steam rooms, fitness, outdoor car parking, kids club, PlayStation room, billiards, table tennis, cafeteria, 24\/7 security, Wi-Fi, elevator, generator, site attendant located on a 7700 sqm of land. AYT-02542","language":"en","is_translated":false,"price":"197000.00","currency":"EUR","status":"active","noindex":false,"location":{"address":null,"full_address":null,"city":"Antalya","country":"TR","latitude":36.427021,"longitude":32.1918221},"metadata":{"gym":true,"cctv":true,"pool":true,"floor":9,"rooms":3,"sauna":true,"floors":9,"garden":true,"region":"Alanya","area_m2":110,"balcony":true,"parking":true,"terrace":true,"bedrooms":2,"elevator":true,"features":["Balcony","En-Suite Bathroom","Generator","Open-Plan Kitchen","Shower","Terrace","Satellite TV","Car Park","Caretaker","Communal Garden","Communal Pool","Fitness","Game Room","In A Complex","Lift","Playground","Sauna","Security 7\/24","Security Camera","SPA","Tennis Court","Turkish Bath","Airport (0-50 Km)","Beach (500-1000 M)","Sea (0-1 Km)","Sea View","Mountain View","City View","Bus Station","Stores \/ Shopping Mall","Bars \/ Restaurants","West","East","South","North-West","North-East","South-West","South-East"],"sea_view":true,"security":true,"bathrooms":2,"agency_ref":"AYT-02542-2-Penthouse","year_built":2025,"source_type":"Apartments\/Penthouse","land_area_m2":7700,"listing_type":"sale","neighborhood":"Demirta\u015f","property_type":"apartment","distance_to_sea":"0\u20131 km","gated_community":true,"distance_to_beach":"500\u20131000 m","distance_to_airport":"0\u201350 km"},"user_id":87,"is_sponsored":false,"views_count":0,"ai_views_count":2,"ai_vendor_counts":{"openai":1,"anthropic":1},"visibility":"public","submission_source":null,"submission_ai_name":null,"has_owner_email":true,"can_contact_owner":true,"phone":null,"user":{"id":87,"slug":"tekce-overseas-87","name":"TEKCE","bio":"TEKCE Real Estate is an international company with a global presence, operating 20 offices in five countries: Spain, Turkey, North Cyprus, Sweden, and the United Arab Emirates. Every office is owned by TEKCE and under its direct management. More than 250 professional real estate agents work with us, following the same principles in every country and sharing a common enthusiasm. Our multinational team speaks over 30 languages.","nationality":null,"languages":["en","es","tr","nl","sv","de","ar","el"],"service_areas":[{"lat":39.29408,"lng":35.23166,"osm":"R174737","name":"Turkey","type":"country","country_code":"TR"},{"lat":39.32607,"lng":-4.83798,"osm":"R1311341","name":"Spain","type":"country","country_code":"ES"},{"lat":24.00025,"lng":53.99948,"osm":"R307763","name":"United Arab Emirates","type":"country","country_code":"AE"},{"lat":34.9823,"lng":33.14513,"osm":"R307787","name":"Cyprus","type":"country","country_code":"CY"}],"card_style":null,"card_palette":null,"avatar_url":"https:\/\/cdn.assetlog.ai\/avatars\/87\/avatar_max.webp?v=1788531011","avatar_thumb_url":"https:\/\/cdn.assetlog.ai\/avatars\/87\/avatar_small.webp?v=1788531011","reviews_count":0,"avg_rating":null,"seller_badge":"silver","can_calendar":true,"joined_at":"2026-09-04T13:08:26+00:00","primary_intent":null,"seeking":[],"asset_types":["real_estate"],"public_assets_count":7267,"public_prompts_count":0,"followers_count":0},"images":[{"id":272166,"max":"https:\/\/cdn.assetlog.ai\/assets\/191723\/stylishly-designed-flats-in-a-complex-in-alanya-demirtas-4_1_max.webp","medium":"https:\/\/cdn.assetlog.ai\/assets\/191723\/stylishly-designed-flats-in-a-complex-in-alanya-demirtas-4_1_medium.webp","small":"https:\/\/cdn.assetlog.ai\/assets\/191723\/stylishly-designed-flats-in-a-complex-in-alanya-demirtas-4_1_small.webp"},{"id":272167,"max":"https:\/\/cdn.assetlog.ai\/assets\/191723\/stylishly-designed-flats-in-a-complex-in-alanya-demirtas-4_2_max.webp","medium":"https:\/\/cdn.assetlog.ai\/assets\/191723\/stylishly-designed-flats-in-a-complex-in-alanya-demirtas-4_2_medium.webp","small":"https:\/\/cdn.assetlog.ai\/assets\/191723\/stylishly-designed-flats-in-a-complex-in-alanya-demirtas-4_2_small.webp"},{"id":272168,"max":"https:\/\/cdn.assetlog.ai\/assets\/191723\/stylishly-designed-flats-in-a-complex-in-alanya-demirtas-4_3_max.webp","medium":"https:\/\/cdn.assetlog.ai\/assets\/191723\/stylishly-designed-flats-in-a-complex-in-alanya-demirtas-4_3_medium.webp","small":"https:\/\/cdn.assetlog.ai\/assets\/191723\/stylishly-designed-flats-in-a-complex-in-alanya-demirtas-4_3_small.webp"},{"id":272170,"max":"https:\/\/cdn.assetlog.ai\/assets\/191723\/stylishly-designed-flats-in-a-complex-in-alanya-demirtas-4_4_max.webp","medium":"https:\/\/cdn.assetlog.ai\/assets\/191723\/stylishly-designed-flats-in-a-complex-in-alanya-demirtas-4_4_medium.webp","small":"https:\/\/cdn.assetlog.ai\/assets\/191723\/stylishly-designed-flats-in-a-complex-in-alanya-demirtas-4_4_small.webp"},{"id":272169,"max":"https:\/\/cdn.assetlog.ai\/assets\/191723\/stylishly-designed-flats-in-a-complex-in-alanya-demirtas-4_5_max.webp","medium":"https:\/\/cdn.assetlog.ai\/assets\/191723\/stylishly-designed-flats-in-a-complex-in-alanya-demirtas-4_5_medium.webp","small":"https:\/\/cdn.assetlog.ai\/assets\/191723\/stylishly-designed-flats-in-a-complex-in-alanya-demirtas-4_5_small.webp"},{"id":272171,"max":"https:\/\/cdn.assetlog.ai\/assets\/191723\/stylishly-designed-flats-in-a-complex-in-alanya-demirtas-4_6_max.webp","medium":"https:\/\/cdn.assetlog.ai\/assets\/191723\/stylishly-designed-flats-in-a-complex-in-alanya-demirtas-4_6_medium.webp","small":"https:\/\/cdn.assetlog.ai\/assets\/191723\/stylishly-designed-flats-in-a-complex-in-alanya-demirtas-4_6_small.webp"},{"id":272172,"max":"https:\/\/cdn.assetlog.ai\/assets\/191723\/stylishly-designed-flats-in-a-complex-in-alanya-demirtas-4_7_max.webp","medium":"https:\/\/cdn.assetlog.ai\/assets\/191723\/stylishly-designed-flats-in-a-complex-in-alanya-demirtas-4_7_medium.webp","small":"https:\/\/cdn.assetlog.ai\/assets\/191723\/stylishly-designed-flats-in-a-complex-in-alanya-demirtas-4_7_small.webp"},{"id":272173,"max":"https:\/\/cdn.assetlog.ai\/assets\/191723\/stylishly-designed-flats-in-a-complex-in-alanya-demirtas-4_8_max.webp","medium":"https:\/\/cdn.assetlog.ai\/assets\/191723\/stylishly-designed-flats-in-a-complex-in-alanya-demirtas-4_8_medium.webp","small":"https:\/\/cdn.assetlog.ai\/assets\/191723\/stylishly-designed-flats-in-a-complex-in-alanya-demirtas-4_8_small.webp"},{"id":272174,"max":"https:\/\/cdn.assetlog.ai\/assets\/191723\/stylishly-designed-flats-in-a-complex-in-alanya-demirtas-4_9_max.webp","medium":"https:\/\/cdn.assetlog.ai\/assets\/191723\/stylishly-designed-flats-in-a-complex-in-alanya-demirtas-4_9_medium.webp","small":"https:\/\/cdn.assetlog.ai\/assets\/191723\/stylishly-designed-flats-in-a-complex-in-alanya-demirtas-4_9_small.webp"},{"id":272178,"max":"https:\/\/cdn.assetlog.ai\/assets\/191723\/stylishly-designed-flats-in-a-complex-in-alanya-demirtas-4_10_max.webp","medium":"https:\/\/cdn.assetlog.ai\/assets\/191723\/stylishly-designed-flats-in-a-complex-in-alanya-demirtas-4_10_medium.webp","small":"https:\/\/cdn.assetlog.ai\/assets\/191723\/stylishly-designed-flats-in-a-complex-in-alanya-demirtas-4_10_small.webp"},{"id":272177,"max":"https:\/\/cdn.assetlog.ai\/assets\/191723\/stylishly-designed-flats-in-a-complex-in-alanya-demirtas-4_11_max.webp","medium":"https:\/\/cdn.assetlog.ai\/assets\/191723\/stylishly-designed-flats-in-a-complex-in-alanya-demirtas-4_11_medium.webp","small":"https:\/\/cdn.assetlog.ai\/assets\/191723\/stylishly-designed-flats-in-a-complex-in-alanya-demirtas-4_11_small.webp"},{"id":272175,"max":"https:\/\/cdn.assetlog.ai\/assets\/191723\/stylishly-designed-flats-in-a-complex-in-alanya-demirtas-4_12_max.webp","medium":"https:\/\/cdn.assetlog.ai\/assets\/191723\/stylishly-designed-flats-in-a-complex-in-alanya-demirtas-4_12_medium.webp","small":"https:\/\/cdn.assetlog.ai\/assets\/191723\/stylishly-designed-flats-in-a-complex-in-alanya-demirtas-4_12_small.webp"},{"id":272176,"max":"https:\/\/cdn.assetlog.ai\/assets\/191723\/stylishly-designed-flats-in-a-complex-in-alanya-demirtas-4_13_max.webp","medium":"https:\/\/cdn.assetlog.ai\/assets\/191723\/stylishly-designed-flats-in-a-complex-in-alanya-demirtas-4_13_medium.webp","small":"https:\/\/cdn.assetlog.ai\/assets\/191723\/stylishly-designed-flats-in-a-complex-in-alanya-demirtas-4_13_small.webp"},{"id":272179,"max":"https:\/\/cdn.assetlog.ai\/assets\/191723\/stylishly-designed-flats-in-a-complex-in-alanya-demirtas-4_14_max.webp","medium":"https:\/\/cdn.assetlog.ai\/assets\/191723\/stylishly-designed-flats-in-a-complex-in-alanya-demirtas-4_14_medium.webp","small":"https:\/\/cdn.assetlog.ai\/assets\/191723\/stylishly-designed-flats-in-a-complex-in-alanya-demirtas-4_14_small.webp"},{"id":272180,"max":"https:\/\/cdn.assetlog.ai\/assets\/191723\/stylishly-designed-flats-in-a-complex-in-alanya-demirtas-4_15_max.webp","medium":"https:\/\/cdn.assetlog.ai\/assets\/191723\/stylishly-designed-flats-in-a-complex-in-alanya-demirtas-4_15_medium.webp","small":"https:\/\/cdn.assetlog.ai\/assets\/191723\/stylishly-designed-flats-in-a-complex-in-alanya-demirtas-4_15_small.webp"},{"id":272181,"max":"https:\/\/cdn.assetlog.ai\/assets\/191723\/stylishly-designed-flats-in-a-complex-in-alanya-demirtas-4_16_max.webp","medium":"https:\/\/cdn.assetlog.ai\/assets\/191723\/stylishly-designed-flats-in-a-complex-in-alanya-demirtas-4_16_medium.webp","small":"https:\/\/cdn.assetlog.ai\/assets\/191723\/stylishly-designed-flats-in-a-complex-in-alanya-demirtas-4_16_small.webp"},{"id":272182,"max":"https:\/\/cdn.assetlog.ai\/assets\/191723\/stylishly-designed-flats-in-a-complex-in-alanya-demirtas-4_17_max.webp","medium":"https:\/\/cdn.assetlog.ai\/assets\/191723\/stylishly-designed-flats-in-a-complex-in-alanya-demirtas-4_17_medium.webp","small":"https:\/\/cdn.assetlog.ai\/assets\/191723\/stylishly-designed-flats-in-a-complex-in-alanya-demirtas-4_17_small.webp"},{"id":272183,"max":"https:\/\/cdn.assetlog.ai\/assets\/191723\/stylishly-designed-flats-in-a-complex-in-alanya-demirtas-4_18_max.webp","medium":"https:\/\/cdn.assetlog.ai\/assets\/191723\/stylishly-designed-flats-in-a-complex-in-alanya-demirtas-4_18_medium.webp","small":"https:\/\/cdn.assetlog.ai\/assets\/191723\/stylishly-designed-flats-in-a-complex-in-alanya-demirtas-4_18_small.webp"},{"id":272184,"max":"https:\/\/cdn.assetlog.ai\/assets\/191723\/stylishly-designed-flats-in-a-complex-in-alanya-demirtas-4_19_max.webp","medium":"https:\/\/cdn.assetlog.ai\/assets\/191723\/stylishly-designed-flats-in-a-complex-in-alanya-demirtas-4_19_medium.webp","small":"https:\/\/cdn.assetlog.ai\/assets\/191723\/stylishly-designed-flats-in-a-complex-in-alanya-demirtas-4_19_small.webp"},{"id":272185,"max":"https:\/\/cdn.assetlog.ai\/assets\/191723\/stylishly-designed-flats-in-a-complex-in-alanya-demirtas-4_20_max.webp","medium":"https:\/\/cdn.assetlog.ai\/assets\/191723\/stylishly-designed-flats-in-a-complex-in-alanya-demirtas-4_20_medium.webp","small":"https:\/\/cdn.assetlog.ai\/assets\/191723\/stylishly-designed-flats-in-a-complex-in-alanya-demirtas-4_20_small.webp"},{"id":272187,"max":"https:\/\/cdn.assetlog.ai\/assets\/191723\/stylishly-designed-flats-in-a-complex-in-alanya-demirtas-4_21_max.webp","medium":"https:\/\/cdn.assetlog.ai\/assets\/191723\/stylishly-designed-flats-in-a-complex-in-alanya-demirtas-4_21_medium.webp","small":"https:\/\/cdn.assetlog.ai\/assets\/191723\/stylishly-designed-flats-in-a-complex-in-alanya-demirtas-4_21_small.webp"},{"id":272186,"max":"https:\/\/cdn.assetlog.ai\/assets\/191723\/stylishly-designed-flats-in-a-complex-in-alanya-demirtas-4_22_max.webp","medium":"https:\/\/cdn.assetlog.ai\/assets\/191723\/stylishly-designed-flats-in-a-complex-in-alanya-demirtas-4_22_medium.webp","small":"https:\/\/cdn.assetlog.ai\/assets\/191723\/stylishly-designed-flats-in-a-complex-in-alanya-demirtas-4_22_small.webp"},{"id":272188,"max":"https:\/\/cdn.assetlog.ai\/assets\/191723\/stylishly-designed-flats-in-a-complex-in-alanya-demirtas-4_23_max.webp","medium":"https:\/\/cdn.assetlog.ai\/assets\/191723\/stylishly-designed-flats-in-a-complex-in-alanya-demirtas-4_23_medium.webp","small":"https:\/\/cdn.assetlog.ai\/assets\/191723\/stylishly-designed-flats-in-a-complex-in-alanya-demirtas-4_23_small.webp"},{"id":272189,"max":"https:\/\/cdn.assetlog.ai\/assets\/191723\/stylishly-designed-flats-in-a-complex-in-alanya-demirtas-4_24_max.webp","medium":"https:\/\/cdn.assetlog.ai\/assets\/191723\/stylishly-designed-flats-in-a-complex-in-alanya-demirtas-4_24_medium.webp","small":"https:\/\/cdn.assetlog.ai\/assets\/191723\/stylishly-designed-flats-in-a-complex-in-alanya-demirtas-4_24_small.webp"},{"id":272190,"max":"https:\/\/cdn.assetlog.ai\/assets\/191723\/stylishly-designed-flats-in-a-complex-in-alanya-demirtas-4_25_max.webp","medium":"https:\/\/cdn.assetlog.ai\/assets\/191723\/stylishly-designed-flats-in-a-complex-in-alanya-demirtas-4_25_medium.webp","small":"https:\/\/cdn.assetlog.ai\/assets\/191723\/stylishly-designed-flats-in-a-complex-in-alanya-demirtas-4_25_small.webp"},{"id":272191,"max":"https:\/\/cdn.assetlog.ai\/assets\/191723\/stylishly-designed-flats-in-a-complex-in-alanya-demirtas-4_26_max.webp","medium":"https:\/\/cdn.assetlog.ai\/assets\/191723\/stylishly-designed-flats-in-a-complex-in-alanya-demirtas-4_26_medium.webp","small":"https:\/\/cdn.assetlog.ai\/assets\/191723\/stylishly-designed-flats-in-a-complex-in-alanya-demirtas-4_26_small.webp"},{"id":272192,"max":"https:\/\/cdn.assetlog.ai\/assets\/191723\/stylishly-designed-flats-in-a-complex-in-alanya-demirtas-4_27_max.webp","medium":"https:\/\/cdn.assetlog.ai\/assets\/191723\/stylishly-designed-flats-in-a-complex-in-alanya-demirtas-4_27_medium.webp","small":"https:\/\/cdn.assetlog.ai\/assets\/191723\/stylishly-designed-flats-in-a-complex-in-alanya-demirtas-4_27_small.webp"},{"id":272193,"max":"https:\/\/cdn.assetlog.ai\/assets\/191723\/stylishly-designed-flats-in-a-complex-in-alanya-demirtas-4_28_max.webp","medium":"https:\/\/cdn.assetlog.ai\/assets\/191723\/stylishly-designed-flats-in-a-complex-in-alanya-demirtas-4_28_medium.webp","small":"https:\/\/cdn.assetlog.ai\/assets\/191723\/stylishly-designed-flats-in-a-complex-in-alanya-demirtas-4_28_small.webp"},{"id":272194,"max":"https:\/\/cdn.assetlog.ai\/assets\/191723\/stylishly-designed-flats-in-a-complex-in-alanya-demirtas-4_29_max.webp","medium":"https:\/\/cdn.assetlog.ai\/assets\/191723\/stylishly-designed-flats-in-a-complex-in-alanya-demirtas-4_29_medium.webp","small":"https:\/\/cdn.assetlog.ai\/assets\/191723\/stylishly-designed-flats-in-a-complex-in-alanya-demirtas-4_29_small.webp"},{"id":272198,"max":"https:\/\/cdn.assetlog.ai\/assets\/191723\/stylishly-designed-flats-in-a-complex-in-alanya-demirtas-4_30_max.webp","medium":"https:\/\/cdn.assetlog.ai\/assets\/191723\/stylishly-designed-flats-in-a-complex-in-alanya-demirtas-4_30_medium.webp","small":"https:\/\/cdn.assetlog.ai\/assets\/191723\/stylishly-designed-flats-in-a-complex-in-alanya-demirtas-4_30_small.webp"},{"id":272195,"max":"https:\/\/cdn.assetlog.ai\/assets\/191723\/stylishly-designed-flats-in-a-complex-in-alanya-demirtas-4_31_max.webp","medium":"https:\/\/cdn.assetlog.ai\/assets\/191723\/stylishly-designed-flats-in-a-complex-in-alanya-demirtas-4_31_medium.webp","small":"https:\/\/cdn.assetlog.ai\/assets\/191723\/stylishly-designed-flats-in-a-complex-in-alanya-demirtas-4_31_small.webp"},{"id":272197,"max":"https:\/\/cdn.assetlog.ai\/assets\/191723\/stylishly-designed-flats-in-a-complex-in-alanya-demirtas-4_32_max.webp","medium":"https:\/\/cdn.assetlog.ai\/assets\/191723\/stylishly-designed-flats-in-a-complex-in-alanya-demirtas-4_32_medium.webp","small":"https:\/\/cdn.assetlog.ai\/assets\/191723\/stylishly-designed-flats-in-a-complex-in-alanya-demirtas-4_32_small.webp"},{"id":272196,"max":"https:\/\/cdn.assetlog.ai\/assets\/191723\/stylishly-designed-flats-in-a-complex-in-alanya-demirtas-4_33_max.webp","medium":"https:\/\/cdn.assetlog.ai\/assets\/191723\/stylishly-designed-flats-in-a-complex-in-alanya-demirtas-4_33_medium.webp","small":"https:\/\/cdn.assetlog.ai\/assets\/191723\/stylishly-designed-flats-in-a-complex-in-alanya-demirtas-4_33_small.webp"},{"id":272199,"max":"https:\/\/cdn.assetlog.ai\/assets\/191723\/stylishly-designed-flats-in-a-complex-in-alanya-demirtas-4_34_max.webp","medium":"https:\/\/cdn.assetlog.ai\/assets\/191723\/stylishly-designed-flats-in-a-complex-in-alanya-demirtas-4_34_medium.webp","small":"https:\/\/cdn.assetlog.ai\/assets\/191723\/stylishly-designed-flats-in-a-complex-in-alanya-demirtas-4_34_small.webp"},{"id":272200,"max":"https:\/\/cdn.assetlog.ai\/assets\/191723\/stylishly-designed-flats-in-a-complex-in-alanya-demirtas-4_35_max.webp","medium":"https:\/\/cdn.assetlog.ai\/assets\/191723\/stylishly-designed-flats-in-a-complex-in-alanya-demirtas-4_35_medium.webp","small":"https:\/\/cdn.assetlog.ai\/assets\/191723\/stylishly-designed-flats-in-a-complex-in-alanya-demirtas-4_35_small.webp"},{"id":272201,"max":"https:\/\/cdn.assetlog.ai\/assets\/191723\/stylishly-designed-flats-in-a-complex-in-alanya-demirtas-4_36_max.webp","medium":"https:\/\/cdn.assetlog.ai\/assets\/191723\/stylishly-designed-flats-in-a-complex-in-alanya-demirtas-4_36_medium.webp","small":"https:\/\/cdn.assetlog.ai\/assets\/191723\/stylishly-designed-flats-in-a-complex-in-alanya-demirtas-4_36_small.webp"},{"id":272202,"max":"https:\/\/cdn.assetlog.ai\/assets\/191723\/stylishly-designed-flats-in-a-complex-in-alanya-demirtas-4_37_max.webp","medium":"https:\/\/cdn.assetlog.ai\/assets\/191723\/stylishly-designed-flats-in-a-complex-in-alanya-demirtas-4_37_medium.webp","small":"https:\/\/cdn.assetlog.ai\/assets\/191723\/stylishly-designed-flats-in-a-complex-in-alanya-demirtas-4_37_small.webp"},{"id":272203,"max":"https:\/\/cdn.assetlog.ai\/assets\/191723\/stylishly-designed-flats-in-a-complex-in-alanya-demirtas-4_38_max.webp","medium":"https:\/\/cdn.assetlog.ai\/assets\/191723\/stylishly-designed-flats-in-a-complex-in-alanya-demirtas-4_38_medium.webp","small":"https:\/\/cdn.assetlog.ai\/assets\/191723\/stylishly-designed-flats-in-a-complex-in-alanya-demirtas-4_38_small.webp"},{"id":272204,"max":"https:\/\/cdn.assetlog.ai\/assets\/191723\/stylishly-designed-flats-in-a-complex-in-alanya-demirtas-4_39_max.webp","medium":"https:\/\/cdn.assetlog.ai\/assets\/191723\/stylishly-designed-flats-in-a-complex-in-alanya-demirtas-4_39_medium.webp","small":"https:\/\/cdn.assetlog.ai\/assets\/191723\/stylishly-designed-flats-in-a-complex-in-alanya-demirtas-4_39_small.webp"},{"id":272205,"max":"https:\/\/cdn.assetlog.ai\/assets\/191723\/stylishly-designed-flats-in-a-complex-in-alanya-demirtas-4_40_max.webp","medium":"https:\/\/cdn.assetlog.ai\/assets\/191723\/stylishly-designed-flats-in-a-complex-in-alanya-demirtas-4_40_medium.webp","small":"https:\/\/cdn.assetlog.ai\/assets\/191723\/stylishly-designed-flats-in-a-complex-in-alanya-demirtas-4_40_small.webp"}],"published_at":null,"expires_at":null,"created_at":"2026-09-04T13:54:48+00:00","updated_at":"2026-09-04T23:00:15+00:00"}}