{"data":{"id":191725,"slug":"stylishly-designed-flats-in-a-complex-in-alanya-demirtas-6","type":"real_estate","title":"Stylishly Designed Flats in a Complex in Alanya Demirta\u015f","description":"Sea View Flats in a Complex with Rich Social Facilities in Alanya Demirta\u015f\nDemirta\u015f is a residential area in Alanya with its lush green nature and clean beaches, suitable for comfortable living as well as advantageous for investment.\nFlats for sale in Alanya Turkey are a project in the center of Demirta\u015f. The project is 700 m to the sea, 9 km to Mahmutlar center, 1.5 km to Demirta\u015f district center, 17 km to Gazipa\u015fa-Alanya Airport, 18 km to Alanya Training and Research Hospital, and 21 km to the Alanya district center.\nThe project has two outdoor and two indoor swimming pools, tennis courts, a large landscaped garden open to common use, two saunas, two steam rooms, fitness, outdoor car parking, kids club, PlayStation room, billiards, table tennis, cafeteria, 24\/7 security, Wi-Fi, elevator, generator, site attendant located on a 7700 sqm of land. AYT-02542","language":"en","is_translated":false,"price":"269000.00","currency":"EUR","status":"active","noindex":false,"location":{"address":null,"full_address":null,"city":"Antalya","country":"TR","latitude":36.427021,"longitude":32.1918221},"metadata":{"gym":true,"cctv":true,"pool":true,"floor":9,"rooms":5,"sauna":true,"floors":9,"garden":true,"region":"Alanya","area_m2":165,"balcony":true,"parking":true,"terrace":true,"bedrooms":4,"elevator":true,"features":["Balcony","En-Suite Bathroom","Generator","Open-Plan Kitchen","Shower","Terrace","Satellite TV","Car Park","Caretaker","Communal Garden","Communal Pool","Fitness","Game Room","In A Complex","Lift","Playground","Sauna","Security 7\/24","Security Camera","SPA","Tennis Court","Turkish Bath","Airport (0-50 Km)","Beach (500-1000 M)","Sea (0-1 Km)","Sea View","Mountain View","City View","Bus Station","Stores \/ Shopping Mall","Bars \/ Restaurants","West","East","South","North-West","North-East","South-West","South-East"],"sea_view":true,"security":true,"bathrooms":4,"agency_ref":"AYT-02542-4-Penthouse","year_built":2025,"source_type":"Apartments\/Penthouse","land_area_m2":7700,"listing_type":"sale","neighborhood":"Demirta\u015f","property_type":"apartment","distance_to_sea":"0\u20131 km","gated_community":true,"distance_to_beach":"500\u20131000 m","distance_to_airport":"0\u201350 km"},"user_id":87,"is_sponsored":false,"views_count":0,"ai_views_count":2,"ai_vendor_counts":{"openai":1,"anthropic":1},"visibility":"public","submission_source":null,"submission_ai_name":null,"has_owner_email":true,"can_contact_owner":true,"phone":null,"user":{"id":87,"slug":"tekce-overseas-87","name":"TEKCE","bio":"TEKCE Real Estate is an international company with a global presence, operating 20 offices in five countries: Spain, Turkey, North Cyprus, Sweden, and the United Arab Emirates. Every office is owned by TEKCE and under its direct management. More than 250 professional real estate agents work with us, following the same principles in every country and sharing a common enthusiasm. Our multinational team speaks over 30 languages.","nationality":null,"languages":["en","es","tr","nl","sv","de","ar","el"],"service_areas":[{"lat":39.29408,"lng":35.23166,"osm":"R174737","name":"Turkey","type":"country","country_code":"TR"},{"lat":39.32607,"lng":-4.83798,"osm":"R1311341","name":"Spain","type":"country","country_code":"ES"},{"lat":24.00025,"lng":53.99948,"osm":"R307763","name":"United Arab Emirates","type":"country","country_code":"AE"},{"lat":34.9823,"lng":33.14513,"osm":"R307787","name":"Cyprus","type":"country","country_code":"CY"}],"card_style":null,"card_palette":null,"avatar_url":"https:\/\/cdn.assetlog.ai\/avatars\/87\/avatar_max.webp?v=1788531011","avatar_thumb_url":"https:\/\/cdn.assetlog.ai\/avatars\/87\/avatar_small.webp?v=1788531011","reviews_count":0,"avg_rating":null,"seller_badge":"silver","can_calendar":true,"joined_at":"2026-09-04T13:08:26+00:00","primary_intent":null,"seeking":[],"asset_types":["real_estate"],"public_assets_count":7267,"public_prompts_count":0,"followers_count":0},"images":[{"id":272246,"max":"https:\/\/cdn.assetlog.ai\/assets\/191725\/stylishly-designed-flats-in-a-complex-in-alanya-demirtas-6_1_max.webp","medium":"https:\/\/cdn.assetlog.ai\/assets\/191725\/stylishly-designed-flats-in-a-complex-in-alanya-demirtas-6_1_medium.webp","small":"https:\/\/cdn.assetlog.ai\/assets\/191725\/stylishly-designed-flats-in-a-complex-in-alanya-demirtas-6_1_small.webp"},{"id":272247,"max":"https:\/\/cdn.assetlog.ai\/assets\/191725\/stylishly-designed-flats-in-a-complex-in-alanya-demirtas-6_2_max.webp","medium":"https:\/\/cdn.assetlog.ai\/assets\/191725\/stylishly-designed-flats-in-a-complex-in-alanya-demirtas-6_2_medium.webp","small":"https:\/\/cdn.assetlog.ai\/assets\/191725\/stylishly-designed-flats-in-a-complex-in-alanya-demirtas-6_2_small.webp"},{"id":272248,"max":"https:\/\/cdn.assetlog.ai\/assets\/191725\/stylishly-designed-flats-in-a-complex-in-alanya-demirtas-6_3_max.webp","medium":"https:\/\/cdn.assetlog.ai\/assets\/191725\/stylishly-designed-flats-in-a-complex-in-alanya-demirtas-6_3_medium.webp","small":"https:\/\/cdn.assetlog.ai\/assets\/191725\/stylishly-designed-flats-in-a-complex-in-alanya-demirtas-6_3_small.webp"},{"id":272249,"max":"https:\/\/cdn.assetlog.ai\/assets\/191725\/stylishly-designed-flats-in-a-complex-in-alanya-demirtas-6_4_max.webp","medium":"https:\/\/cdn.assetlog.ai\/assets\/191725\/stylishly-designed-flats-in-a-complex-in-alanya-demirtas-6_4_medium.webp","small":"https:\/\/cdn.assetlog.ai\/assets\/191725\/stylishly-designed-flats-in-a-complex-in-alanya-demirtas-6_4_small.webp"},{"id":272250,"max":"https:\/\/cdn.assetlog.ai\/assets\/191725\/stylishly-designed-flats-in-a-complex-in-alanya-demirtas-6_5_max.webp","medium":"https:\/\/cdn.assetlog.ai\/assets\/191725\/stylishly-designed-flats-in-a-complex-in-alanya-demirtas-6_5_medium.webp","small":"https:\/\/cdn.assetlog.ai\/assets\/191725\/stylishly-designed-flats-in-a-complex-in-alanya-demirtas-6_5_small.webp"},{"id":272251,"max":"https:\/\/cdn.assetlog.ai\/assets\/191725\/stylishly-designed-flats-in-a-complex-in-alanya-demirtas-6_6_max.webp","medium":"https:\/\/cdn.assetlog.ai\/assets\/191725\/stylishly-designed-flats-in-a-complex-in-alanya-demirtas-6_6_medium.webp","small":"https:\/\/cdn.assetlog.ai\/assets\/191725\/stylishly-designed-flats-in-a-complex-in-alanya-demirtas-6_6_small.webp"},{"id":272253,"max":"https:\/\/cdn.assetlog.ai\/assets\/191725\/stylishly-designed-flats-in-a-complex-in-alanya-demirtas-6_7_max.webp","medium":"https:\/\/cdn.assetlog.ai\/assets\/191725\/stylishly-designed-flats-in-a-complex-in-alanya-demirtas-6_7_medium.webp","small":"https:\/\/cdn.assetlog.ai\/assets\/191725\/stylishly-designed-flats-in-a-complex-in-alanya-demirtas-6_7_small.webp"},{"id":272252,"max":"https:\/\/cdn.assetlog.ai\/assets\/191725\/stylishly-designed-flats-in-a-complex-in-alanya-demirtas-6_8_max.webp","medium":"https:\/\/cdn.assetlog.ai\/assets\/191725\/stylishly-designed-flats-in-a-complex-in-alanya-demirtas-6_8_medium.webp","small":"https:\/\/cdn.assetlog.ai\/assets\/191725\/stylishly-designed-flats-in-a-complex-in-alanya-demirtas-6_8_small.webp"},{"id":272254,"max":"https:\/\/cdn.assetlog.ai\/assets\/191725\/stylishly-designed-flats-in-a-complex-in-alanya-demirtas-6_9_max.webp","medium":"https:\/\/cdn.assetlog.ai\/assets\/191725\/stylishly-designed-flats-in-a-complex-in-alanya-demirtas-6_9_medium.webp","small":"https:\/\/cdn.assetlog.ai\/assets\/191725\/stylishly-designed-flats-in-a-complex-in-alanya-demirtas-6_9_small.webp"},{"id":272255,"max":"https:\/\/cdn.assetlog.ai\/assets\/191725\/stylishly-designed-flats-in-a-complex-in-alanya-demirtas-6_10_max.webp","medium":"https:\/\/cdn.assetlog.ai\/assets\/191725\/stylishly-designed-flats-in-a-complex-in-alanya-demirtas-6_10_medium.webp","small":"https:\/\/cdn.assetlog.ai\/assets\/191725\/stylishly-designed-flats-in-a-complex-in-alanya-demirtas-6_10_small.webp"},{"id":272256,"max":"https:\/\/cdn.assetlog.ai\/assets\/191725\/stylishly-designed-flats-in-a-complex-in-alanya-demirtas-6_11_max.webp","medium":"https:\/\/cdn.assetlog.ai\/assets\/191725\/stylishly-designed-flats-in-a-complex-in-alanya-demirtas-6_11_medium.webp","small":"https:\/\/cdn.assetlog.ai\/assets\/191725\/stylishly-designed-flats-in-a-complex-in-alanya-demirtas-6_11_small.webp"},{"id":272257,"max":"https:\/\/cdn.assetlog.ai\/assets\/191725\/stylishly-designed-flats-in-a-complex-in-alanya-demirtas-6_12_max.webp","medium":"https:\/\/cdn.assetlog.ai\/assets\/191725\/stylishly-designed-flats-in-a-complex-in-alanya-demirtas-6_12_medium.webp","small":"https:\/\/cdn.assetlog.ai\/assets\/191725\/stylishly-designed-flats-in-a-complex-in-alanya-demirtas-6_12_small.webp"},{"id":272258,"max":"https:\/\/cdn.assetlog.ai\/assets\/191725\/stylishly-designed-flats-in-a-complex-in-alanya-demirtas-6_13_max.webp","medium":"https:\/\/cdn.assetlog.ai\/assets\/191725\/stylishly-designed-flats-in-a-complex-in-alanya-demirtas-6_13_medium.webp","small":"https:\/\/cdn.assetlog.ai\/assets\/191725\/stylishly-designed-flats-in-a-complex-in-alanya-demirtas-6_13_small.webp"},{"id":272259,"max":"https:\/\/cdn.assetlog.ai\/assets\/191725\/stylishly-designed-flats-in-a-complex-in-alanya-demirtas-6_14_max.webp","medium":"https:\/\/cdn.assetlog.ai\/assets\/191725\/stylishly-designed-flats-in-a-complex-in-alanya-demirtas-6_14_medium.webp","small":"https:\/\/cdn.assetlog.ai\/assets\/191725\/stylishly-designed-flats-in-a-complex-in-alanya-demirtas-6_14_small.webp"},{"id":272262,"max":"https:\/\/cdn.assetlog.ai\/assets\/191725\/stylishly-designed-flats-in-a-complex-in-alanya-demirtas-6_15_max.webp","medium":"https:\/\/cdn.assetlog.ai\/assets\/191725\/stylishly-designed-flats-in-a-complex-in-alanya-demirtas-6_15_medium.webp","small":"https:\/\/cdn.assetlog.ai\/assets\/191725\/stylishly-designed-flats-in-a-complex-in-alanya-demirtas-6_15_small.webp"},{"id":272261,"max":"https:\/\/cdn.assetlog.ai\/assets\/191725\/stylishly-designed-flats-in-a-complex-in-alanya-demirtas-6_16_max.webp","medium":"https:\/\/cdn.assetlog.ai\/assets\/191725\/stylishly-designed-flats-in-a-complex-in-alanya-demirtas-6_16_medium.webp","small":"https:\/\/cdn.assetlog.ai\/assets\/191725\/stylishly-designed-flats-in-a-complex-in-alanya-demirtas-6_16_small.webp"},{"id":272260,"max":"https:\/\/cdn.assetlog.ai\/assets\/191725\/stylishly-designed-flats-in-a-complex-in-alanya-demirtas-6_17_max.webp","medium":"https:\/\/cdn.assetlog.ai\/assets\/191725\/stylishly-designed-flats-in-a-complex-in-alanya-demirtas-6_17_medium.webp","small":"https:\/\/cdn.assetlog.ai\/assets\/191725\/stylishly-designed-flats-in-a-complex-in-alanya-demirtas-6_17_small.webp"},{"id":272263,"max":"https:\/\/cdn.assetlog.ai\/assets\/191725\/stylishly-designed-flats-in-a-complex-in-alanya-demirtas-6_18_max.webp","medium":"https:\/\/cdn.assetlog.ai\/assets\/191725\/stylishly-designed-flats-in-a-complex-in-alanya-demirtas-6_18_medium.webp","small":"https:\/\/cdn.assetlog.ai\/assets\/191725\/stylishly-designed-flats-in-a-complex-in-alanya-demirtas-6_18_small.webp"},{"id":272264,"max":"https:\/\/cdn.assetlog.ai\/assets\/191725\/stylishly-designed-flats-in-a-complex-in-alanya-demirtas-6_19_max.webp","medium":"https:\/\/cdn.assetlog.ai\/assets\/191725\/stylishly-designed-flats-in-a-complex-in-alanya-demirtas-6_19_medium.webp","small":"https:\/\/cdn.assetlog.ai\/assets\/191725\/stylishly-designed-flats-in-a-complex-in-alanya-demirtas-6_19_small.webp"},{"id":272266,"max":"https:\/\/cdn.assetlog.ai\/assets\/191725\/stylishly-designed-flats-in-a-complex-in-alanya-demirtas-6_20_max.webp","medium":"https:\/\/cdn.assetlog.ai\/assets\/191725\/stylishly-designed-flats-in-a-complex-in-alanya-demirtas-6_20_medium.webp","small":"https:\/\/cdn.assetlog.ai\/assets\/191725\/stylishly-designed-flats-in-a-complex-in-alanya-demirtas-6_20_small.webp"},{"id":272265,"max":"https:\/\/cdn.assetlog.ai\/assets\/191725\/stylishly-designed-flats-in-a-complex-in-alanya-demirtas-6_21_max.webp","medium":"https:\/\/cdn.assetlog.ai\/assets\/191725\/stylishly-designed-flats-in-a-complex-in-alanya-demirtas-6_21_medium.webp","small":"https:\/\/cdn.assetlog.ai\/assets\/191725\/stylishly-designed-flats-in-a-complex-in-alanya-demirtas-6_21_small.webp"},{"id":272267,"max":"https:\/\/cdn.assetlog.ai\/assets\/191725\/stylishly-designed-flats-in-a-complex-in-alanya-demirtas-6_22_max.webp","medium":"https:\/\/cdn.assetlog.ai\/assets\/191725\/stylishly-designed-flats-in-a-complex-in-alanya-demirtas-6_22_medium.webp","small":"https:\/\/cdn.assetlog.ai\/assets\/191725\/stylishly-designed-flats-in-a-complex-in-alanya-demirtas-6_22_small.webp"},{"id":272268,"max":"https:\/\/cdn.assetlog.ai\/assets\/191725\/stylishly-designed-flats-in-a-complex-in-alanya-demirtas-6_23_max.webp","medium":"https:\/\/cdn.assetlog.ai\/assets\/191725\/stylishly-designed-flats-in-a-complex-in-alanya-demirtas-6_23_medium.webp","small":"https:\/\/cdn.assetlog.ai\/assets\/191725\/stylishly-designed-flats-in-a-complex-in-alanya-demirtas-6_23_small.webp"},{"id":272269,"max":"https:\/\/cdn.assetlog.ai\/assets\/191725\/stylishly-designed-flats-in-a-complex-in-alanya-demirtas-6_24_max.webp","medium":"https:\/\/cdn.assetlog.ai\/assets\/191725\/stylishly-designed-flats-in-a-complex-in-alanya-demirtas-6_24_medium.webp","small":"https:\/\/cdn.assetlog.ai\/assets\/191725\/stylishly-designed-flats-in-a-complex-in-alanya-demirtas-6_24_small.webp"},{"id":272270,"max":"https:\/\/cdn.assetlog.ai\/assets\/191725\/stylishly-designed-flats-in-a-complex-in-alanya-demirtas-6_25_max.webp","medium":"https:\/\/cdn.assetlog.ai\/assets\/191725\/stylishly-designed-flats-in-a-complex-in-alanya-demirtas-6_25_medium.webp","small":"https:\/\/cdn.assetlog.ai\/assets\/191725\/stylishly-designed-flats-in-a-complex-in-alanya-demirtas-6_25_small.webp"},{"id":272272,"max":"https:\/\/cdn.assetlog.ai\/assets\/191725\/stylishly-designed-flats-in-a-complex-in-alanya-demirtas-6_26_max.webp","medium":"https:\/\/cdn.assetlog.ai\/assets\/191725\/stylishly-designed-flats-in-a-complex-in-alanya-demirtas-6_26_medium.webp","small":"https:\/\/cdn.assetlog.ai\/assets\/191725\/stylishly-designed-flats-in-a-complex-in-alanya-demirtas-6_26_small.webp"},{"id":272271,"max":"https:\/\/cdn.assetlog.ai\/assets\/191725\/stylishly-designed-flats-in-a-complex-in-alanya-demirtas-6_27_max.webp","medium":"https:\/\/cdn.assetlog.ai\/assets\/191725\/stylishly-designed-flats-in-a-complex-in-alanya-demirtas-6_27_medium.webp","small":"https:\/\/cdn.assetlog.ai\/assets\/191725\/stylishly-designed-flats-in-a-complex-in-alanya-demirtas-6_27_small.webp"},{"id":272274,"max":"https:\/\/cdn.assetlog.ai\/assets\/191725\/stylishly-designed-flats-in-a-complex-in-alanya-demirtas-6_28_max.webp","medium":"https:\/\/cdn.assetlog.ai\/assets\/191725\/stylishly-designed-flats-in-a-complex-in-alanya-demirtas-6_28_medium.webp","small":"https:\/\/cdn.assetlog.ai\/assets\/191725\/stylishly-designed-flats-in-a-complex-in-alanya-demirtas-6_28_small.webp"},{"id":272273,"max":"https:\/\/cdn.assetlog.ai\/assets\/191725\/stylishly-designed-flats-in-a-complex-in-alanya-demirtas-6_29_max.webp","medium":"https:\/\/cdn.assetlog.ai\/assets\/191725\/stylishly-designed-flats-in-a-complex-in-alanya-demirtas-6_29_medium.webp","small":"https:\/\/cdn.assetlog.ai\/assets\/191725\/stylishly-designed-flats-in-a-complex-in-alanya-demirtas-6_29_small.webp"},{"id":272275,"max":"https:\/\/cdn.assetlog.ai\/assets\/191725\/stylishly-designed-flats-in-a-complex-in-alanya-demirtas-6_30_max.webp","medium":"https:\/\/cdn.assetlog.ai\/assets\/191725\/stylishly-designed-flats-in-a-complex-in-alanya-demirtas-6_30_medium.webp","small":"https:\/\/cdn.assetlog.ai\/assets\/191725\/stylishly-designed-flats-in-a-complex-in-alanya-demirtas-6_30_small.webp"},{"id":272276,"max":"https:\/\/cdn.assetlog.ai\/assets\/191725\/stylishly-designed-flats-in-a-complex-in-alanya-demirtas-6_31_max.webp","medium":"https:\/\/cdn.assetlog.ai\/assets\/191725\/stylishly-designed-flats-in-a-complex-in-alanya-demirtas-6_31_medium.webp","small":"https:\/\/cdn.assetlog.ai\/assets\/191725\/stylishly-designed-flats-in-a-complex-in-alanya-demirtas-6_31_small.webp"},{"id":272277,"max":"https:\/\/cdn.assetlog.ai\/assets\/191725\/stylishly-designed-flats-in-a-complex-in-alanya-demirtas-6_32_max.webp","medium":"https:\/\/cdn.assetlog.ai\/assets\/191725\/stylishly-designed-flats-in-a-complex-in-alanya-demirtas-6_32_medium.webp","small":"https:\/\/cdn.assetlog.ai\/assets\/191725\/stylishly-designed-flats-in-a-complex-in-alanya-demirtas-6_32_small.webp"},{"id":272280,"max":"https:\/\/cdn.assetlog.ai\/assets\/191725\/stylishly-designed-flats-in-a-complex-in-alanya-demirtas-6_33_max.webp","medium":"https:\/\/cdn.assetlog.ai\/assets\/191725\/stylishly-designed-flats-in-a-complex-in-alanya-demirtas-6_33_medium.webp","small":"https:\/\/cdn.assetlog.ai\/assets\/191725\/stylishly-designed-flats-in-a-complex-in-alanya-demirtas-6_33_small.webp"},{"id":272278,"max":"https:\/\/cdn.assetlog.ai\/assets\/191725\/stylishly-designed-flats-in-a-complex-in-alanya-demirtas-6_34_max.webp","medium":"https:\/\/cdn.assetlog.ai\/assets\/191725\/stylishly-designed-flats-in-a-complex-in-alanya-demirtas-6_34_medium.webp","small":"https:\/\/cdn.assetlog.ai\/assets\/191725\/stylishly-designed-flats-in-a-complex-in-alanya-demirtas-6_34_small.webp"},{"id":272279,"max":"https:\/\/cdn.assetlog.ai\/assets\/191725\/stylishly-designed-flats-in-a-complex-in-alanya-demirtas-6_35_max.webp","medium":"https:\/\/cdn.assetlog.ai\/assets\/191725\/stylishly-designed-flats-in-a-complex-in-alanya-demirtas-6_35_medium.webp","small":"https:\/\/cdn.assetlog.ai\/assets\/191725\/stylishly-designed-flats-in-a-complex-in-alanya-demirtas-6_35_small.webp"},{"id":272281,"max":"https:\/\/cdn.assetlog.ai\/assets\/191725\/stylishly-designed-flats-in-a-complex-in-alanya-demirtas-6_36_max.webp","medium":"https:\/\/cdn.assetlog.ai\/assets\/191725\/stylishly-designed-flats-in-a-complex-in-alanya-demirtas-6_36_medium.webp","small":"https:\/\/cdn.assetlog.ai\/assets\/191725\/stylishly-designed-flats-in-a-complex-in-alanya-demirtas-6_36_small.webp"},{"id":272283,"max":"https:\/\/cdn.assetlog.ai\/assets\/191725\/stylishly-designed-flats-in-a-complex-in-alanya-demirtas-6_37_max.webp","medium":"https:\/\/cdn.assetlog.ai\/assets\/191725\/stylishly-designed-flats-in-a-complex-in-alanya-demirtas-6_37_medium.webp","small":"https:\/\/cdn.assetlog.ai\/assets\/191725\/stylishly-designed-flats-in-a-complex-in-alanya-demirtas-6_37_small.webp"},{"id":272282,"max":"https:\/\/cdn.assetlog.ai\/assets\/191725\/stylishly-designed-flats-in-a-complex-in-alanya-demirtas-6_38_max.webp","medium":"https:\/\/cdn.assetlog.ai\/assets\/191725\/stylishly-designed-flats-in-a-complex-in-alanya-demirtas-6_38_medium.webp","small":"https:\/\/cdn.assetlog.ai\/assets\/191725\/stylishly-designed-flats-in-a-complex-in-alanya-demirtas-6_38_small.webp"},{"id":272284,"max":"https:\/\/cdn.assetlog.ai\/assets\/191725\/stylishly-designed-flats-in-a-complex-in-alanya-demirtas-6_39_max.webp","medium":"https:\/\/cdn.assetlog.ai\/assets\/191725\/stylishly-designed-flats-in-a-complex-in-alanya-demirtas-6_39_medium.webp","small":"https:\/\/cdn.assetlog.ai\/assets\/191725\/stylishly-designed-flats-in-a-complex-in-alanya-demirtas-6_39_small.webp"},{"id":272285,"max":"https:\/\/cdn.assetlog.ai\/assets\/191725\/stylishly-designed-flats-in-a-complex-in-alanya-demirtas-6_40_max.webp","medium":"https:\/\/cdn.assetlog.ai\/assets\/191725\/stylishly-designed-flats-in-a-complex-in-alanya-demirtas-6_40_medium.webp","small":"https:\/\/cdn.assetlog.ai\/assets\/191725\/stylishly-designed-flats-in-a-complex-in-alanya-demirtas-6_40_small.webp"}],"published_at":null,"expires_at":null,"created_at":"2026-09-04T13:54:48+00:00","updated_at":"2026-09-04T23:00:15+00:00"}}