{"data":{"id":181151,"slug":"suzuki-vitara-16-vvt-elegance-4x4-88kw-2015-aj-na-splatky-protiucet","type":"vehicle","title":"Suzuki Vitara 1.6 VVT Elegance+ 4x4, 88kW (2015) \/ AVAILABLE ON INSTALLMENTS \/ TRADE-IN ACCEPTED \/","description":"Suzuki Vitara 1.6 VVT Elegance+ 4x4, 88 kW (2015)\n\nSuzuki Vitara in **the highest possible Elegance+ trim** \u2013 reliable 1.6 VVT petrol engine, **88 kW with 4x4 drive**, suitable for city driving, trips and for when the weather decides to challenge the driver a bit. Plus very decent equipment, so comfort will definitely not be lacking.\n\nEquipment:\n- Parking camera\n- Parking sensors front and rear\n- Adaptive cruise control\n- Navigation\n- Automatic air conditioning\n- Heated front seats\n- Panoramic roof\n- Keyless start and door opening\n- Apple CarPlay \/ Android Auto\n\nIdeal car for someone looking for a compact SUV, a sensible petrol engine, 4x4 drive and equipment where practically nothing important is missing.\n\n- Slovak vehicle, one owner who was a perfectionist and took excellent care of the car.\n\nThe vehicle was regularly serviced in accordance with service intervals.\n- 161,379 km: replacement of front brake discs and brake pads, engine oil and filters\n- 150,000 km: replacement of rear brake discs and brake pads\n- Engine oil and filters were replaced approximately every 15,000 km.\n\nThe vehicle is equipped with alloy wheels with winter tyres 215\/55 R17.\n\nThe car is (verified by paint thickness measurement) - verified of course through the Vehicle Records Registry - AUTOPASS (records of enforcement proceedings and insurance, blocks and liens) and ODOPASS (verification of mileage).\n\n***If interested, please feel free to contact me anytime at tel. 0902 239 802***\n\nWe will refinance your vehicle conveniently, quickly and hassle-free. We will tailor the monthly payment to your needs with a down payment from 0% and payments up to 96 months. If you have been in business for at least 3 months, you have the option to get the vehicle on installments up to 15 thousand without providing proof of income and from 0% down payment. The vehicle is located in Ko\u0161ice.\n\nVehicle number: KE719JX. MOT valid until: 29. 12. 2027. Technical inspection valid until: 29. 12. 2027.\n\nTechnical specifications\n\nYear: 10\/15, 1586cc, 88kW (120PS), Vehicle generation: , Drive: 4\u00d74, Manual (5-speed), Petrol, EURO, 5-door, (5-seater), 171,340km, White metallic, VIN TSMLYE21S00148932\n\nVehicle consumption (l\/100km)\n\nCity: 6.6, Highway: 4.9, Combined: 5.5\n\nFirst owner, Service booklet, Leasing possible, Like new purchased in Slovakia, Credit possible, Full service history","language":"cs","is_translated":true,"title_original":"Suzuki Vitara 1.6 VVT Elegance+ 4x4, 88kW (2015) \/ AJ NA SPL\u00c1TKY \/ PROTI\u00da\u010cET \/","description_original":"Suzuki Vitara 1.6 VVT Elegance+ 4x4, 88 kW (2015)\n\nSuzuki Vitara v **nejvy\u0161\u0161\u00ed mo\u017en\u00e9 v\u00fdbav\u011b Elegance+** \u2013 spolehliv\u00fd benz\u00ednov\u00fd motor 1,6 VVT, **88 kW a pohon 4x4**, kter\u00fd se hod\u00ed do m\u011bsta, na v\u00fdlety i v p\u0159\u00edpad\u011b, \u017ee se po\u010das\u00ed rozhodne \u0159idi\u010de trochu potr\u00e1pit. K tomu velmi slu\u0161n\u00e1 v\u00fdbava, tak\u017ee o komfort rozhodn\u011b nebude nouze.\n\nV\u00fdbava:\n- Parkovac\u00ed kamera\n- Parkovac\u00ed senzory vp\u0159edu i vzadu\n- Adaptivn\u00ed tempomat\n- Navigace\n- Automatick\u00e1 klimatizace\n- Vyh\u0159\u00edvan\u00e1 p\u0159edn\u00ed sedadla\n- Panoramatick\u00e1 st\u0159echa\n- Bezkl\u00ed\u010dov\u00e9 startov\u00e1n\u00ed a otev\u00edr\u00e1n\u00ed dve\u0159\u00ed\n- Apple CarPlay \/ Android Auto\n\nIde\u00e1ln\u00ed auto pro \u010dlov\u011bka, kter\u00fd hled\u00e1 kompaktn\u00ed SUV, rozumn\u00fd benz\u00ednov\u00fd motor, pohon 4x4 a v\u00fdbavu, ve kter\u00e9 prakticky nic podstatn\u00e9ho nechyb\u00ed.\n\n- Slovensk\u00fd v\u016fz, po 1. majiteli, kter\u00fd byl maxim\u00e1ln\u00ed pedant a o v\u016fz se maxim\u00e1ln\u011b staral.\n\nVozidlo bylo pravideln\u011b servisov\u00e1no v souladu s servisn\u00edmi intervaly.\n- 161 379 km: v\u00fdm\u011bna p\u0159edn\u00edch brzdov\u00fdch kotou\u010d\u016f a brzdov\u00fdch desti\u010dek, motorov\u00e9ho oleje a filtr\u016f\n- 150 000 km: v\u00fdm\u011bna zadn\u00edch brzdov\u00fdch kotou\u010d\u016f a brzdov\u00fdch desti\u010dek\n- Motorov\u00fd olej a filtry byly vym\u011b\u0148ov\u00e1ny p\u0159ibli\u017en\u011b ka\u017ed\u00fdch 15 000 km.\n\nVozidlo je vybaveno hlin\u00edkov\u00fdmi r\u00e1fky se zimn\u00edmi pneumatikami 215\/55 R17.\n\nV\u016fz je (ov\u011b\u0159eno m\u011b\u0159en\u00edm laku) - ov\u011b\u0159uje se samoz\u0159ejm\u011b prost\u0159ednictv\u00edm Registru provozn\u00edch z\u00e1znam\u016f vozidel -AUTOPASS (z\u00e1znamy o exekuc\u00edch a poji\u0161t\u011bn\u00ed, blokac\u00edch a z\u00e1stav\u00e1ch) a ODOPASS (ov\u011b\u0159en\u00ed po\u010dtu najet\u00fdch kilometr\u016f).\n\n***V p\u0159\u00edpad\u011b z\u00e1jmu m\u011b nev\u00e1hejte kdykoli kontaktovat na tel. \u010d. 0902 239 802***\n\nVa\u0161e vozidlo refinancujeme pohodln\u011b, rychle a bezstarostn\u011b. M\u011bs\u00ed\u010dn\u00ed spl\u00e1tku p\u0159izp\u016fsob\u00edme va\u0161im po\u017eadavk\u016fm s akontac\u00ed od 0 % a spl\u00e1tkami a\u017e na 96 m\u011bs\u00edc\u016f. Pokud podnik\u00e1te alespo\u0148 3 m\u011bs\u00edce, m\u00e1te mo\u017enost vz\u00edt si vozidlo na spl\u00e1tky a\u017e do v\u00fd\u0161e 15 tis\u00edc bez dokl\u00e1d\u00e1n\u00ed p\u0159\u00edjm\u016f a od 0% akontace. Vozidlo se nach\u00e1z\u00ed v Ko\u0161ic\u00edch.\n\n\u010c\u00edslo vozidla: KE719JX. EK platn\u00e1 do: 29. 12. 2027. STK platn\u00e1 do: 29. 12. 2027.\n\nTechnick\u00e9 \u00fadaje\n\nv.v.: 10\/15, 1586cm\u00b3, 88kW (120PS), Generace vozidla: , Pohon: 4\u00d74, Manu\u00e1ln\u00ed (5 st.), Benz\u00edn, EURO , 5 dv., (5-m\u00edstn\u00fd), 171 340km, B\u00edl\u00e1 metal\u00edza, VIN TSMLYE21S00148932\n\nSpot\u0159eba vozidla (l\/100km)\n\nVe m\u011bst\u011b: 6.6, mimo m\u011bsto: 4.9, kombinovan\u00e1: 5.5\n\nPrvn\u00ed majitel, Servisn\u00ed kn\u00ed\u017eka, Mo\u017en\u00fd leasing, Jako nov\u00e9 koupen\u00e9 v SR, Mo\u017en\u00fd \u00fav\u011br, \u00dapln\u00e1 servisn\u00ed historie","price":"265375.00","currency":"CZK","status":"active","noindex":true,"location":{"address":null,"full_address":null,"city":"Ko\u0161ice","country":"SK","latitude":48.7172272,"longitude":21.2496774},"metadata":{"vin":"TSMLYE21S00148932","fuel":"petrol","year":2015,"brand":"Suzuki","color":"White","doors":5,"drive":"AWD \/ 4x4","model":"Vitara","seats":5,"region":"Ko\u0161ick\u00fd kraj","mileage":171340,"emisions":"Euro 1","features":["Alarm","EBD\/EBV","Posilova\u010d \u0159\u00edzen\u00ed","ABS","ESP","Protiprokluzov\u00fd syst\u00e9m kol (TC, ASR)","Brzdov\u00fd asistent (EBA, BAS)","ISOFIX na zadn\u00edch sedadlech","Deaktivace airbagu spolujezdce","Senzor tlaku","Sledov\u00e1n\u00ed \u00fanavy \u0159idi\u010de","Asistent d\u00e1lkov\u00fdch sv\u011btel (HBA)","Automatick\u00e1 klimatizace","Centr\u00e1ln\u00ed zamyk\u00e1n\u00ed","Zadn\u00ed el. stahovateln\u00e1 okna","Elektricky nastaviteln\u00e1 zp\u011btn\u00e1 zrc\u00e1tka","Centr\u00e1ln\u00ed zamyk\u00e1n\u00ed na d\u00e1lkov\u00e9 ovl\u00e1d\u00e1n\u00ed","Autor\u00e1dio","Multifunk\u010dn\u00ed volant","Loketn\u00ed op\u011brka vp\u0159edu","Start\/Stop syst\u00e9m","Venkovn\u00ed teplom\u011br","Apple Car Play","Android Auto","Lit\u00e1 kola","Mlhovky","Imobiliz\u00e9r","Palubn\u00ed po\u010d\u00edta\u010d","Navigace","St\u0159e\u0161n\u00ed nosi\u010d","Ko\u017een\u00fd interi\u00e9r","Vyh\u0159\u00edvan\u00e1 sedadla","Elektricky vyh\u0159\u00edvan\u00e1 zp\u011btn\u00e1 zrc\u00e1tka","Senzor st\u011bra\u010d\u016f","Sv\u011bteln\u00fd senzor","Parkovac\u00ed kamera","P\u0159edn\u00ed a zadn\u00ed parkovac\u00ed senzory","Adaptivn\u00ed tempomat","Bezkl\u00ed\u010dov\u00fd vstup","Panoramatick\u00e1 st\u0159echa","Bluetooth","Dotykov\u00e1 obrazovka","Prv\u00fd majite\u013e","Serv. kni\u017eka","Mo\u017en\u00fd leasing","Ako nov\u00e9 k\u00fapen\u00e9 v SR","Mo\u017en\u00fd \u00faver","\u00dapln\u00e1 servisn\u00e1 hist\u00f3ria","Ko\u017een\u00fd paket","Odo-pass","Asistent udr\u017eov\u00e1n\u00ed j\u00edzdn\u00edho pruhu","Asistent rozjezdu do kopce","Drive Select (j\u00edzda v r\u016fzn\u00fdch re\u017eimech)","zp\u011btn\u00e1 zrc\u00e1tka a kliky dve\u0159\u00ed lakovan\u00e9 v barv\u011b karoserie","ko\u017een\u00fd volant","vyh\u0159\u00edvan\u00e9 zadn\u00ed sklo","dr\u017e\u00e1ky na n\u00e1poje","ru\u010dn\u00ed brzda"],"power_kw":88,"body_type":"SUV","condition":"Used","transmission":"manual","vat_deductible":false,"consumption_city":6.6,"translation_hash":"5279c5d8cc43f91886937df7ea20405ab964bb65","vehicle_category":"car","engine_volume_cm3":1586,"first_registration":"2015-10-01","translation_status":"done","consumption_highway":4.9,"consumption_combined":5.5},"user_id":22,"is_sponsored":false,"views_count":0,"ai_views_count":1,"ai_vendor_counts":{"anthropic":1},"visibility":"public","submission_source":null,"submission_ai_name":null,"has_owner_email":true,"can_contact_owner":true,"phone":"0902 239 802","owner_email":"hazlinsky@autorro.sk","user":{"id":22,"slug":"ing-jaroslav-hazlinsky-22","name":"Ing. Jaroslav Ha\u017elinsk\u00fd","bio":"Makl\u00e9r. P\u016fsob\u00edm v Ko\u0161iciach a okol\u00ed.\n\nP\u016fsobnost: Ko\u0161ice","nationality":"SK","languages":["cs","sk"],"service_areas":[],"card_style":null,"card_palette":null,"avatar_url":"https:\/\/cdn.assetlog.ai\/avatars\/22\/avatar_max.webp?v=1786535213","avatar_thumb_url":"https:\/\/cdn.assetlog.ai\/avatars\/22\/avatar_small.webp?v=1786535213","reviews_count":0,"avg_rating":null,"seller_badge":"silver","can_calendar":true},"images":[{"id":140826,"max":"https:\/\/cdn.assetlog.ai\/assets\/181151\/suzuki-vitara-16-vvt-elegance-4x4-88kw-2015-aj-na-splatky-protiucet_1_max.webp","medium":"https:\/\/cdn.assetlog.ai\/assets\/181151\/suzuki-vitara-16-vvt-elegance-4x4-88kw-2015-aj-na-splatky-protiucet_1_medium.webp","small":"https:\/\/cdn.assetlog.ai\/assets\/181151\/suzuki-vitara-16-vvt-elegance-4x4-88kw-2015-aj-na-splatky-protiucet_1_small.webp"},{"id":140827,"max":"https:\/\/cdn.assetlog.ai\/assets\/181151\/suzuki-vitara-16-vvt-elegance-4x4-88kw-2015-aj-na-splatky-protiucet_2_max.webp","medium":"https:\/\/cdn.assetlog.ai\/assets\/181151\/suzuki-vitara-16-vvt-elegance-4x4-88kw-2015-aj-na-splatky-protiucet_2_medium.webp","small":"https:\/\/cdn.assetlog.ai\/assets\/181151\/suzuki-vitara-16-vvt-elegance-4x4-88kw-2015-aj-na-splatky-protiucet_2_small.webp"},{"id":140828,"max":"https:\/\/cdn.assetlog.ai\/assets\/181151\/suzuki-vitara-16-vvt-elegance-4x4-88kw-2015-aj-na-splatky-protiucet_3_max.webp","medium":"https:\/\/cdn.assetlog.ai\/assets\/181151\/suzuki-vitara-16-vvt-elegance-4x4-88kw-2015-aj-na-splatky-protiucet_3_medium.webp","small":"https:\/\/cdn.assetlog.ai\/assets\/181151\/suzuki-vitara-16-vvt-elegance-4x4-88kw-2015-aj-na-splatky-protiucet_3_small.webp"},{"id":140829,"max":"https:\/\/cdn.assetlog.ai\/assets\/181151\/suzuki-vitara-16-vvt-elegance-4x4-88kw-2015-aj-na-splatky-protiucet_4_max.webp","medium":"https:\/\/cdn.assetlog.ai\/assets\/181151\/suzuki-vitara-16-vvt-elegance-4x4-88kw-2015-aj-na-splatky-protiucet_4_medium.webp","small":"https:\/\/cdn.assetlog.ai\/assets\/181151\/suzuki-vitara-16-vvt-elegance-4x4-88kw-2015-aj-na-splatky-protiucet_4_small.webp"},{"id":140830,"max":"https:\/\/cdn.assetlog.ai\/assets\/181151\/suzuki-vitara-16-vvt-elegance-4x4-88kw-2015-aj-na-splatky-protiucet_5_max.webp","medium":"https:\/\/cdn.assetlog.ai\/assets\/181151\/suzuki-vitara-16-vvt-elegance-4x4-88kw-2015-aj-na-splatky-protiucet_5_medium.webp","small":"https:\/\/cdn.assetlog.ai\/assets\/181151\/suzuki-vitara-16-vvt-elegance-4x4-88kw-2015-aj-na-splatky-protiucet_5_small.webp"},{"id":140831,"max":"https:\/\/cdn.assetlog.ai\/assets\/181151\/suzuki-vitara-16-vvt-elegance-4x4-88kw-2015-aj-na-splatky-protiucet_6_max.webp","medium":"https:\/\/cdn.assetlog.ai\/assets\/181151\/suzuki-vitara-16-vvt-elegance-4x4-88kw-2015-aj-na-splatky-protiucet_6_medium.webp","small":"https:\/\/cdn.assetlog.ai\/assets\/181151\/suzuki-vitara-16-vvt-elegance-4x4-88kw-2015-aj-na-splatky-protiucet_6_small.webp"},{"id":140832,"max":"https:\/\/cdn.assetlog.ai\/assets\/181151\/suzuki-vitara-16-vvt-elegance-4x4-88kw-2015-aj-na-splatky-protiucet_7_max.webp","medium":"https:\/\/cdn.assetlog.ai\/assets\/181151\/suzuki-vitara-16-vvt-elegance-4x4-88kw-2015-aj-na-splatky-protiucet_7_medium.webp","small":"https:\/\/cdn.assetlog.ai\/assets\/181151\/suzuki-vitara-16-vvt-elegance-4x4-88kw-2015-aj-na-splatky-protiucet_7_small.webp"},{"id":140833,"max":"https:\/\/cdn.assetlog.ai\/assets\/181151\/suzuki-vitara-16-vvt-elegance-4x4-88kw-2015-aj-na-splatky-protiucet_8_max.webp","medium":"https:\/\/cdn.assetlog.ai\/assets\/181151\/suzuki-vitara-16-vvt-elegance-4x4-88kw-2015-aj-na-splatky-protiucet_8_medium.webp","small":"https:\/\/cdn.assetlog.ai\/assets\/181151\/suzuki-vitara-16-vvt-elegance-4x4-88kw-2015-aj-na-splatky-protiucet_8_small.webp"},{"id":140834,"max":"https:\/\/cdn.assetlog.ai\/assets\/181151\/suzuki-vitara-16-vvt-elegance-4x4-88kw-2015-aj-na-splatky-protiucet_9_max.webp","medium":"https:\/\/cdn.assetlog.ai\/assets\/181151\/suzuki-vitara-16-vvt-elegance-4x4-88kw-2015-aj-na-splatky-protiucet_9_medium.webp","small":"https:\/\/cdn.assetlog.ai\/assets\/181151\/suzuki-vitara-16-vvt-elegance-4x4-88kw-2015-aj-na-splatky-protiucet_9_small.webp"},{"id":140835,"max":"https:\/\/cdn.assetlog.ai\/assets\/181151\/suzuki-vitara-16-vvt-elegance-4x4-88kw-2015-aj-na-splatky-protiucet_10_max.webp","medium":"https:\/\/cdn.assetlog.ai\/assets\/181151\/suzuki-vitara-16-vvt-elegance-4x4-88kw-2015-aj-na-splatky-protiucet_10_medium.webp","small":"https:\/\/cdn.assetlog.ai\/assets\/181151\/suzuki-vitara-16-vvt-elegance-4x4-88kw-2015-aj-na-splatky-protiucet_10_small.webp"},{"id":140836,"max":"https:\/\/cdn.assetlog.ai\/assets\/181151\/suzuki-vitara-16-vvt-elegance-4x4-88kw-2015-aj-na-splatky-protiucet_11_max.webp","medium":"https:\/\/cdn.assetlog.ai\/assets\/181151\/suzuki-vitara-16-vvt-elegance-4x4-88kw-2015-aj-na-splatky-protiucet_11_medium.webp","small":"https:\/\/cdn.assetlog.ai\/assets\/181151\/suzuki-vitara-16-vvt-elegance-4x4-88kw-2015-aj-na-splatky-protiucet_11_small.webp"},{"id":140837,"max":"https:\/\/cdn.assetlog.ai\/assets\/181151\/suzuki-vitara-16-vvt-elegance-4x4-88kw-2015-aj-na-splatky-protiucet_12_max.webp","medium":"https:\/\/cdn.assetlog.ai\/assets\/181151\/suzuki-vitara-16-vvt-elegance-4x4-88kw-2015-aj-na-splatky-protiucet_12_medium.webp","small":"https:\/\/cdn.assetlog.ai\/assets\/181151\/suzuki-vitara-16-vvt-elegance-4x4-88kw-2015-aj-na-splatky-protiucet_12_small.webp"},{"id":140838,"max":"https:\/\/cdn.assetlog.ai\/assets\/181151\/suzuki-vitara-16-vvt-elegance-4x4-88kw-2015-aj-na-splatky-protiucet_13_max.webp","medium":"https:\/\/cdn.assetlog.ai\/assets\/181151\/suzuki-vitara-16-vvt-elegance-4x4-88kw-2015-aj-na-splatky-protiucet_13_medium.webp","small":"https:\/\/cdn.assetlog.ai\/assets\/181151\/suzuki-vitara-16-vvt-elegance-4x4-88kw-2015-aj-na-splatky-protiucet_13_small.webp"},{"id":140839,"max":"https:\/\/cdn.assetlog.ai\/assets\/181151\/suzuki-vitara-16-vvt-elegance-4x4-88kw-2015-aj-na-splatky-protiucet_14_max.webp","medium":"https:\/\/cdn.assetlog.ai\/assets\/181151\/suzuki-vitara-16-vvt-elegance-4x4-88kw-2015-aj-na-splatky-protiucet_14_medium.webp","small":"https:\/\/cdn.assetlog.ai\/assets\/181151\/suzuki-vitara-16-vvt-elegance-4x4-88kw-2015-aj-na-splatky-protiucet_14_small.webp"},{"id":140840,"max":"https:\/\/cdn.assetlog.ai\/assets\/181151\/suzuki-vitara-16-vvt-elegance-4x4-88kw-2015-aj-na-splatky-protiucet_15_max.webp","medium":"https:\/\/cdn.assetlog.ai\/assets\/181151\/suzuki-vitara-16-vvt-elegance-4x4-88kw-2015-aj-na-splatky-protiucet_15_medium.webp","small":"https:\/\/cdn.assetlog.ai\/assets\/181151\/suzuki-vitara-16-vvt-elegance-4x4-88kw-2015-aj-na-splatky-protiucet_15_small.webp"},{"id":140841,"max":"https:\/\/cdn.assetlog.ai\/assets\/181151\/suzuki-vitara-16-vvt-elegance-4x4-88kw-2015-aj-na-splatky-protiucet_16_max.webp","medium":"https:\/\/cdn.assetlog.ai\/assets\/181151\/suzuki-vitara-16-vvt-elegance-4x4-88kw-2015-aj-na-splatky-protiucet_16_medium.webp","small":"https:\/\/cdn.assetlog.ai\/assets\/181151\/suzuki-vitara-16-vvt-elegance-4x4-88kw-2015-aj-na-splatky-protiucet_16_small.webp"},{"id":140842,"max":"https:\/\/cdn.assetlog.ai\/assets\/181151\/suzuki-vitara-16-vvt-elegance-4x4-88kw-2015-aj-na-splatky-protiucet_17_max.webp","medium":"https:\/\/cdn.assetlog.ai\/assets\/181151\/suzuki-vitara-16-vvt-elegance-4x4-88kw-2015-aj-na-splatky-protiucet_17_medium.webp","small":"https:\/\/cdn.assetlog.ai\/assets\/181151\/suzuki-vitara-16-vvt-elegance-4x4-88kw-2015-aj-na-splatky-protiucet_17_small.webp"},{"id":140843,"max":"https:\/\/cdn.assetlog.ai\/assets\/181151\/suzuki-vitara-16-vvt-elegance-4x4-88kw-2015-aj-na-splatky-protiucet_18_max.webp","medium":"https:\/\/cdn.assetlog.ai\/assets\/181151\/suzuki-vitara-16-vvt-elegance-4x4-88kw-2015-aj-na-splatky-protiucet_18_medium.webp","small":"https:\/\/cdn.assetlog.ai\/assets\/181151\/suzuki-vitara-16-vvt-elegance-4x4-88kw-2015-aj-na-splatky-protiucet_18_small.webp"},{"id":140844,"max":"https:\/\/cdn.assetlog.ai\/assets\/181151\/suzuki-vitara-16-vvt-elegance-4x4-88kw-2015-aj-na-splatky-protiucet_19_max.webp","medium":"https:\/\/cdn.assetlog.ai\/assets\/181151\/suzuki-vitara-16-vvt-elegance-4x4-88kw-2015-aj-na-splatky-protiucet_19_medium.webp","small":"https:\/\/cdn.assetlog.ai\/assets\/181151\/suzuki-vitara-16-vvt-elegance-4x4-88kw-2015-aj-na-splatky-protiucet_19_small.webp"},{"id":140845,"max":"https:\/\/cdn.assetlog.ai\/assets\/181151\/suzuki-vitara-16-vvt-elegance-4x4-88kw-2015-aj-na-splatky-protiucet_20_max.webp","medium":"https:\/\/cdn.assetlog.ai\/assets\/181151\/suzuki-vitara-16-vvt-elegance-4x4-88kw-2015-aj-na-splatky-protiucet_20_medium.webp","small":"https:\/\/cdn.assetlog.ai\/assets\/181151\/suzuki-vitara-16-vvt-elegance-4x4-88kw-2015-aj-na-splatky-protiucet_20_small.webp"},{"id":140846,"max":"https:\/\/cdn.assetlog.ai\/assets\/181151\/suzuki-vitara-16-vvt-elegance-4x4-88kw-2015-aj-na-splatky-protiucet_21_max.webp","medium":"https:\/\/cdn.assetlog.ai\/assets\/181151\/suzuki-vitara-16-vvt-elegance-4x4-88kw-2015-aj-na-splatky-protiucet_21_medium.webp","small":"https:\/\/cdn.assetlog.ai\/assets\/181151\/suzuki-vitara-16-vvt-elegance-4x4-88kw-2015-aj-na-splatky-protiucet_21_small.webp"},{"id":140847,"max":"https:\/\/cdn.assetlog.ai\/assets\/181151\/suzuki-vitara-16-vvt-elegance-4x4-88kw-2015-aj-na-splatky-protiucet_22_max.webp","medium":"https:\/\/cdn.assetlog.ai\/assets\/181151\/suzuki-vitara-16-vvt-elegance-4x4-88kw-2015-aj-na-splatky-protiucet_22_medium.webp","small":"https:\/\/cdn.assetlog.ai\/assets\/181151\/suzuki-vitara-16-vvt-elegance-4x4-88kw-2015-aj-na-splatky-protiucet_22_small.webp"},{"id":140848,"max":"https:\/\/cdn.assetlog.ai\/assets\/181151\/suzuki-vitara-16-vvt-elegance-4x4-88kw-2015-aj-na-splatky-protiucet_23_max.webp","medium":"https:\/\/cdn.assetlog.ai\/assets\/181151\/suzuki-vitara-16-vvt-elegance-4x4-88kw-2015-aj-na-splatky-protiucet_23_medium.webp","small":"https:\/\/cdn.assetlog.ai\/assets\/181151\/suzuki-vitara-16-vvt-elegance-4x4-88kw-2015-aj-na-splatky-protiucet_23_small.webp"},{"id":140849,"max":"https:\/\/cdn.assetlog.ai\/assets\/181151\/suzuki-vitara-16-vvt-elegance-4x4-88kw-2015-aj-na-splatky-protiucet_24_max.webp","medium":"https:\/\/cdn.assetlog.ai\/assets\/181151\/suzuki-vitara-16-vvt-elegance-4x4-88kw-2015-aj-na-splatky-protiucet_24_medium.webp","small":"https:\/\/cdn.assetlog.ai\/assets\/181151\/suzuki-vitara-16-vvt-elegance-4x4-88kw-2015-aj-na-splatky-protiucet_24_small.webp"},{"id":140850,"max":"https:\/\/cdn.assetlog.ai\/assets\/181151\/suzuki-vitara-16-vvt-elegance-4x4-88kw-2015-aj-na-splatky-protiucet_25_max.webp","medium":"https:\/\/cdn.assetlog.ai\/assets\/181151\/suzuki-vitara-16-vvt-elegance-4x4-88kw-2015-aj-na-splatky-protiucet_25_medium.webp","small":"https:\/\/cdn.assetlog.ai\/assets\/181151\/suzuki-vitara-16-vvt-elegance-4x4-88kw-2015-aj-na-splatky-protiucet_25_small.webp"},{"id":140851,"max":"https:\/\/cdn.assetlog.ai\/assets\/181151\/suzuki-vitara-16-vvt-elegance-4x4-88kw-2015-aj-na-splatky-protiucet_26_max.webp","medium":"https:\/\/cdn.assetlog.ai\/assets\/181151\/suzuki-vitara-16-vvt-elegance-4x4-88kw-2015-aj-na-splatky-protiucet_26_medium.webp","small":"https:\/\/cdn.assetlog.ai\/assets\/181151\/suzuki-vitara-16-vvt-elegance-4x4-88kw-2015-aj-na-splatky-protiucet_26_small.webp"},{"id":140852,"max":"https:\/\/cdn.assetlog.ai\/assets\/181151\/suzuki-vitara-16-vvt-elegance-4x4-88kw-2015-aj-na-splatky-protiucet_27_max.webp","medium":"https:\/\/cdn.assetlog.ai\/assets\/181151\/suzuki-vitara-16-vvt-elegance-4x4-88kw-2015-aj-na-splatky-protiucet_27_medium.webp","small":"https:\/\/cdn.assetlog.ai\/assets\/181151\/suzuki-vitara-16-vvt-elegance-4x4-88kw-2015-aj-na-splatky-protiucet_27_small.webp"},{"id":140853,"max":"https:\/\/cdn.assetlog.ai\/assets\/181151\/suzuki-vitara-16-vvt-elegance-4x4-88kw-2015-aj-na-splatky-protiucet_28_max.webp","medium":"https:\/\/cdn.assetlog.ai\/assets\/181151\/suzuki-vitara-16-vvt-elegance-4x4-88kw-2015-aj-na-splatky-protiucet_28_medium.webp","small":"https:\/\/cdn.assetlog.ai\/assets\/181151\/suzuki-vitara-16-vvt-elegance-4x4-88kw-2015-aj-na-splatky-protiucet_28_small.webp"},{"id":140854,"max":"https:\/\/cdn.assetlog.ai\/assets\/181151\/suzuki-vitara-16-vvt-elegance-4x4-88kw-2015-aj-na-splatky-protiucet_29_max.webp","medium":"https:\/\/cdn.assetlog.ai\/assets\/181151\/suzuki-vitara-16-vvt-elegance-4x4-88kw-2015-aj-na-splatky-protiucet_29_medium.webp","small":"https:\/\/cdn.assetlog.ai\/assets\/181151\/suzuki-vitara-16-vvt-elegance-4x4-88kw-2015-aj-na-splatky-protiucet_29_small.webp"},{"id":140855,"max":"https:\/\/cdn.assetlog.ai\/assets\/181151\/suzuki-vitara-16-vvt-elegance-4x4-88kw-2015-aj-na-splatky-protiucet_30_max.webp","medium":"https:\/\/cdn.assetlog.ai\/assets\/181151\/suzuki-vitara-16-vvt-elegance-4x4-88kw-2015-aj-na-splatky-protiucet_30_medium.webp","small":"https:\/\/cdn.assetlog.ai\/assets\/181151\/suzuki-vitara-16-vvt-elegance-4x4-88kw-2015-aj-na-splatky-protiucet_30_small.webp"},{"id":140856,"max":"https:\/\/cdn.assetlog.ai\/assets\/181151\/suzuki-vitara-16-vvt-elegance-4x4-88kw-2015-aj-na-splatky-protiucet_31_max.webp","medium":"https:\/\/cdn.assetlog.ai\/assets\/181151\/suzuki-vitara-16-vvt-elegance-4x4-88kw-2015-aj-na-splatky-protiucet_31_medium.webp","small":"https:\/\/cdn.assetlog.ai\/assets\/181151\/suzuki-vitara-16-vvt-elegance-4x4-88kw-2015-aj-na-splatky-protiucet_31_small.webp"},{"id":140857,"max":"https:\/\/cdn.assetlog.ai\/assets\/181151\/suzuki-vitara-16-vvt-elegance-4x4-88kw-2015-aj-na-splatky-protiucet_32_max.webp","medium":"https:\/\/cdn.assetlog.ai\/assets\/181151\/suzuki-vitara-16-vvt-elegance-4x4-88kw-2015-aj-na-splatky-protiucet_32_medium.webp","small":"https:\/\/cdn.assetlog.ai\/assets\/181151\/suzuki-vitara-16-vvt-elegance-4x4-88kw-2015-aj-na-splatky-protiucet_32_small.webp"},{"id":140858,"max":"https:\/\/cdn.assetlog.ai\/assets\/181151\/suzuki-vitara-16-vvt-elegance-4x4-88kw-2015-aj-na-splatky-protiucet_33_max.webp","medium":"https:\/\/cdn.assetlog.ai\/assets\/181151\/suzuki-vitara-16-vvt-elegance-4x4-88kw-2015-aj-na-splatky-protiucet_33_medium.webp","small":"https:\/\/cdn.assetlog.ai\/assets\/181151\/suzuki-vitara-16-vvt-elegance-4x4-88kw-2015-aj-na-splatky-protiucet_33_small.webp"},{"id":140859,"max":"https:\/\/cdn.assetlog.ai\/assets\/181151\/suzuki-vitara-16-vvt-elegance-4x4-88kw-2015-aj-na-splatky-protiucet_34_max.webp","medium":"https:\/\/cdn.assetlog.ai\/assets\/181151\/suzuki-vitara-16-vvt-elegance-4x4-88kw-2015-aj-na-splatky-protiucet_34_medium.webp","small":"https:\/\/cdn.assetlog.ai\/assets\/181151\/suzuki-vitara-16-vvt-elegance-4x4-88kw-2015-aj-na-splatky-protiucet_34_small.webp"},{"id":140860,"max":"https:\/\/cdn.assetlog.ai\/assets\/181151\/suzuki-vitara-16-vvt-elegance-4x4-88kw-2015-aj-na-splatky-protiucet_35_max.webp","medium":"https:\/\/cdn.assetlog.ai\/assets\/181151\/suzuki-vitara-16-vvt-elegance-4x4-88kw-2015-aj-na-splatky-protiucet_35_medium.webp","small":"https:\/\/cdn.assetlog.ai\/assets\/181151\/suzuki-vitara-16-vvt-elegance-4x4-88kw-2015-aj-na-splatky-protiucet_35_small.webp"},{"id":140861,"max":"https:\/\/cdn.assetlog.ai\/assets\/181151\/suzuki-vitara-16-vvt-elegance-4x4-88kw-2015-aj-na-splatky-protiucet_36_max.webp","medium":"https:\/\/cdn.assetlog.ai\/assets\/181151\/suzuki-vitara-16-vvt-elegance-4x4-88kw-2015-aj-na-splatky-protiucet_36_medium.webp","small":"https:\/\/cdn.assetlog.ai\/assets\/181151\/suzuki-vitara-16-vvt-elegance-4x4-88kw-2015-aj-na-splatky-protiucet_36_small.webp"},{"id":140862,"max":"https:\/\/cdn.assetlog.ai\/assets\/181151\/suzuki-vitara-16-vvt-elegance-4x4-88kw-2015-aj-na-splatky-protiucet_37_max.webp","medium":"https:\/\/cdn.assetlog.ai\/assets\/181151\/suzuki-vitara-16-vvt-elegance-4x4-88kw-2015-aj-na-splatky-protiucet_37_medium.webp","small":"https:\/\/cdn.assetlog.ai\/assets\/181151\/suzuki-vitara-16-vvt-elegance-4x4-88kw-2015-aj-na-splatky-protiucet_37_small.webp"},{"id":140863,"max":"https:\/\/cdn.assetlog.ai\/assets\/181151\/suzuki-vitara-16-vvt-elegance-4x4-88kw-2015-aj-na-splatky-protiucet_38_max.webp","medium":"https:\/\/cdn.assetlog.ai\/assets\/181151\/suzuki-vitara-16-vvt-elegance-4x4-88kw-2015-aj-na-splatky-protiucet_38_medium.webp","small":"https:\/\/cdn.assetlog.ai\/assets\/181151\/suzuki-vitara-16-vvt-elegance-4x4-88kw-2015-aj-na-splatky-protiucet_38_small.webp"},{"id":140864,"max":"https:\/\/cdn.assetlog.ai\/assets\/181151\/suzuki-vitara-16-vvt-elegance-4x4-88kw-2015-aj-na-splatky-protiucet_39_max.webp","medium":"https:\/\/cdn.assetlog.ai\/assets\/181151\/suzuki-vitara-16-vvt-elegance-4x4-88kw-2015-aj-na-splatky-protiucet_39_medium.webp","small":"https:\/\/cdn.assetlog.ai\/assets\/181151\/suzuki-vitara-16-vvt-elegance-4x4-88kw-2015-aj-na-splatky-protiucet_39_small.webp"},{"id":140865,"max":"https:\/\/cdn.assetlog.ai\/assets\/181151\/suzuki-vitara-16-vvt-elegance-4x4-88kw-2015-aj-na-splatky-protiucet_40_max.webp","medium":"https:\/\/cdn.assetlog.ai\/assets\/181151\/suzuki-vitara-16-vvt-elegance-4x4-88kw-2015-aj-na-splatky-protiucet_40_medium.webp","small":"https:\/\/cdn.assetlog.ai\/assets\/181151\/suzuki-vitara-16-vvt-elegance-4x4-88kw-2015-aj-na-splatky-protiucet_40_small.webp"}],"published_at":null,"expires_at":null,"created_at":"2026-09-01T03:40:04+00:00","updated_at":"2026-09-01T04:00:11+00:00"}}