{"data":{"id":142909,"slug":"toyota-corolla-combi-ts-18-hybrid-e-cvt-executive-72kw-aj-na-splatky-protiucet","type":"vehicle","title":"Toyota Corolla Combi TS 1.8 Hybrid e-CVT Executive, 72kW \/ ON INSTALLMENTS \/ TRADE-IN \/","description":"Commission sale \u2013 you are buying the vehicle directly from the owner.\n\nThe Toyota Corolla TS 1.8 Hybrid e-CVT Executive is a practical and economical estate car that offers plenty of space for the family and everyday use. The reliable hybrid system combined with the automatic e-CVT transmission ensures comfortable driving and low operating costs, especially when driving in the city.\nThe vehicle was purchased new in Slovakia and is owned by the second owner; a service booklet and 2 keys are available. The car is in very good condition. It is fitted with summer tires and the vehicle also comes with a second set of wheels with winter tires.\nAt 100,000 km, the front and rear brake discs together with brake pads were replaced.\n\nWe offer the option of advantageous financing with monthly installments, so you can enjoy your new vehicle immediately, without unnecessary waiting, with a down payment from 0% and installments up to 96 months. On the Autorro website you can fill out a non-binding financing form.\n\nFor your greater convenience and peace of mind, we can provide you with extended warranty coverage of up to 12-36 months.\n\nIf you already own a car, you don't have to deal with selling it - in return we will take it directly from you. Just come to us with it, we will evaluate it and deduct the costs from the value of your new car. This way you save time, hassle and money and the whole process will be quick and easy - you will drive away in your new car without unnecessary paperwork.\n\nTHE VEHICLE IS LOCATED IN Brezno.\nMore information will be provided to you at telephone number 0915 330 807. License plate: BR139DC. Technical inspection valid until: 2028-03-23. Emissions test valid until: 2028-03-23.\n\nTechnical specifications\n\nYear of manufacture: 04\/20, 1798cm\u00b3, 72kW (98PS), Drive: Front-wheel drive, Automatic transmission (continuously variable), Hybrid (electric + petrol), EURO 6, 5 doors, (5-seater), 122,019 km, White, VIN SB1Z93BE20E089200\n\nVehicle consumption (l\/100km)\n\nIn the city: 3.2, outside the city: 3.5, combined: 3.3\n\nService booklet, Like new purchased in Slovakia, Trade-in possible, Financing available, Low fuel consumption","language":"cs","is_translated":true,"title_original":"Toyota Corolla Combi TS 1.8 Hybrid e-CVT Executive, 72kW \/ AJ NA SPL\u00c1TKY \/ PROTI\u00da\u010cET \/","description_original":"Prodej na komisi \u2013 vozidlo kupujete p\u0159\u00edmo od majitele.\n\nToyota Corolla TS 1.8 Hybrid e-CVT Executive je praktick\u00e9 a \u00fasporn\u00e9 kombi, kter\u00e9 nab\u00edz\u00ed dostatek prostoru pro rodinu i ka\u017edodenn\u00ed pou\u017eit\u00ed. Spolehliv\u00fd hybridn\u00ed syst\u00e9m v kombinaci s automatickou p\u0159evodovkou e-CVT zaji\u0161\u0165uje pohodlnou j\u00edzdu a n\u00edzk\u00e9 provozn\u00ed n\u00e1klady, zejm\u00e9na p\u0159i j\u00edzd\u011b ve m\u011bst\u011b.\nVozidlo bylo zakoupeno jako nov\u00e9 na Slovensku a je ve vlastnictv\u00ed druh\u00e9ho majitele; k dispozici je servisn\u00ed kn\u00ed\u017eka a 2 kl\u00ed\u010de. Auto je ve velmi dobr\u00e9m stavu. Je obuto na letn\u00ed pneumatiky a k vozidlu pat\u0159\u00ed i druh\u00e1 sada kol se zimn\u00edmi pneumatikami.\nP\u0159i 100 000 km byly vym\u011bn\u011bny p\u0159edn\u00ed i zadn\u00ed brzdov\u00e9 kotou\u010de spolu s brzdov\u00fdmi desti\u010dkami.\n\nNab\u00edz\u00edme mo\u017enost v\u00fdhodn\u00e9ho financov\u00e1n\u00ed s m\u011bs\u00ed\u010dn\u00edmi spl\u00e1tkami, tak\u017ee si sv\u00e9 nov\u00e9 vozidlo m\u016f\u017eete u\u017e\u00edt ihned, bez zbyte\u010dn\u00e9ho \u010dek\u00e1n\u00ed, s akontac\u00ed od 0 % a spl\u00e1tkami a\u017e na 96 m\u011bs\u00edc\u016f. Na str\u00e1nk\u00e1ch Autorro m\u016f\u017eete vyplnit nez\u00e1vazn\u00fd formul\u00e1\u0159 pro financov\u00e1n\u00ed.\n\nPro va\u0161e v\u011bt\u0161\u00ed pohodl\u00ed a jistotu v\u00e1m m\u016f\u017eeme poskytnout prodlou\u017eenou z\u00e1ruku a\u017e na 12-36 m\u011bs\u00edc\u016f.\n\nPokud ji\u017e v\u016fz vlastn\u00edte, nemus\u00edte se zab\u00fdvat jeho prodejem - na opl\u00e1tku si ho od v\u00e1s p\u0159\u00edmo vezmeme. Sta\u010d\u00ed, kdy\u017e k n\u00e1m s n\u00edm p\u0159ijdete, my ho ocen\u00edme a n\u00e1klady ode\u010dteme od hodnoty va\u0161eho nov\u00e9ho vozu. U\u0161et\u0159\u00edte tak \u010das, starosti i pen\u00edze a cel\u00fd proces bude rychl\u00fd a snadn\u00fd - odjedete rovnou ve sv\u00e9m nov\u00e9m voze bez zbyte\u010dn\u00e9ho pap\u00edrov\u00e1n\u00ed.\n\nVOZIDLO SE NACH\u00c1Z\u00cd V Brezne.\nViac inform\u00e1ci\u00ed V\u00e1m poskytneme na telefonn\u00edm \u010d\u00edsle 0915 330 807. E\u010cV: BR139DC. EK platn\u00e1 do: 2028-03-23. STK platn\u00e1 do: 2028-03-23.\n\nTechnick\u00e9 \u00fadaje\n\nv.v.: 04\/20, 1798cm\u00b3, 72kW (98PS), Pohon: Pohon p\u0159edn\u00edch kol, Automatick\u00e1 p\u0159evodovka (bezst.), Hybrid (elektro + benz\u00edn), EURO 6, 5 dv., (5-m\u00edstn\u00fd), 122 019km, B\u00edl\u00e1, VIN SB1Z93BE20E089200\n\nSpot\u0159eba vozidla (l\/100km)\n\nVe m\u011bst\u011b: 3.2, mimo m\u011bsto: 3.5, kombinovan\u00e1: 3.3\n\nServisn\u00ed kn\u00ed\u017eka, Jako nov\u00e9 koupen\u00e9 v SR, Mo\u017en\u00e1 v\u00fdm\u011bna, Mo\u017en\u00fd \u00fav\u011br, N\u00edzk\u00e1 spot\u0159eba","price":"490679.00","currency":"CZK","status":"active","noindex":true,"location":{"address":null,"full_address":null,"city":"Brezno","country":"SK","latitude":48.8053349,"longitude":19.6409612},"metadata":{"vin":"SB1Z93BE20E089200","fuel":"petrol","year":2020,"brand":"Toyota","color":"White","doors":5,"drive":"Front-wheel drive","model":"Corolla Combi","seats":5,"region":"Banskobystrick\u00fd kraj","mileage":122019,"emisions":"Euro 6","features":["EBD\/EBV","Posilova\u010d \u0159\u00edzen\u00ed","ABS","ESP","Protiprokluzov\u00fd syst\u00e9m kol (TC, ASR)","ADS","DSC\/DTC","Brzdov\u00fd asistent (EBA, BAS)","ISOFIX na zadn\u00edch sedadlech","Deaktivace airbagu spolujezdce","Senzor tlaku","7x airbag","Syst\u00e9m rozpozn\u00e1v\u00e1n\u00ed dopravn\u00edch zna\u010dek","Sledov\u00e1n\u00ed \u00fanavy \u0159idi\u010de","Asistent d\u00e1lkov\u00fdch sv\u011btel (HBA)","Centr\u00e1ln\u00ed zamyk\u00e1n\u00ed","Zadn\u00ed el. stahovateln\u00e1 okna","Elektricky nastaviteln\u00e1 zp\u011btn\u00e1 zrc\u00e1tka","Automatick\u00e1 2-z\u00f3nov\u00e1 klimatizace","Centr\u00e1ln\u00ed zamyk\u00e1n\u00ed na d\u00e1lkov\u00e9 ovl\u00e1d\u00e1n\u00ed","Autor\u00e1dio","Multifunk\u010dn\u00ed volant","Loketn\u00ed op\u011brka vp\u0159edu","Head-up display","Start\/Stop syst\u00e9m","Venkovn\u00ed teplom\u011br","Klimatizovan\u00e1 p\u0159ihr\u00e1dka","Apple Car Play","Android Auto","Digit\u00e1ln\u00ed p\u0159\u00edstrojov\u00e1 deska","Bezdr\u00e1tov\u00e1 nab\u00edje\u010dka mobiln\u00edch telefon\u016f","Lit\u00e1 kola","Mlhovky","Imobiliz\u00e9r","Palubn\u00ed po\u010d\u00edta\u010d","Automatick\u00e9 parkov\u00e1n\u00ed","Vyh\u0159\u00edvan\u00e1 sedadla","Elektricky vyh\u0159\u00edvan\u00e1 zp\u011btn\u00e1 zrc\u00e1tka","Senzor st\u011bra\u010d\u016f","Sv\u011bteln\u00fd senzor","Zimn\u00ed sada kol","Parkovac\u00ed kamera","P\u0159edn\u00ed a zadn\u00ed parkovac\u00ed senzory","Adaptivn\u00ed tempomat","Bezkl\u00ed\u010dov\u00fd vstup","Bluetooth","Vyh\u0159\u00edvan\u00fd volant","Denn\u00ed sv\u00edcen\u00ed","LED sv\u011btlomety","Serv. kni\u017eka","Ako nov\u00e9 k\u00fapen\u00e9 v SR","Mo\u017en\u00e1 v\u00fdmena","Mo\u017en\u00fd \u00faver","N\u00edzka spotreba","Ko\u017een\u00fd bal\u00ed\u010dek","Odo-pass","Asistent udr\u017eov\u00e1n\u00ed j\u00edzdn\u00edho pruhu","Asistent rozjezdu do kopce","Kontrola mrtv\u00e9ho \u00fahlu","Sportovn\u00ed sedadla","Drive Select (j\u00edzdy re\u017eimy)","Elektricky sklopn\u00e1 zp\u011btn\u00e1 zrc\u00e1tka","Rozpozn\u00e1v\u00e1n\u00ed chodc\u016f"],"power_kw":72,"body_type":"Estate","condition":"Used","transmission":"automatic","vat_deductible":false,"consumption_city":3.2,"translation_hash":"fe69b1f32288c3629d4bc8c5ee8bff331152dda3","vehicle_category":"car","engine_volume_cm3":1798,"first_registration":"2020-04-01","translation_status":"done","consumption_highway":3.5,"consumption_combined":3.3},"user_id":77,"is_sponsored":false,"views_count":12,"ai_views_count":10,"ai_vendor_counts":{"meta":4,"other":2,"openai":2,"anthropic":2},"visibility":"public","submission_source":null,"submission_ai_name":null,"has_owner_email":true,"can_contact_owner":true,"phone":"0915 330 807","owner_email":"pinter@autorro.sk","user":{"id":77,"slug":"mgr-matej-pinter-77","name":"Mgr. Matej Pint\u00e9r","bio":"Makl\u00e9r. P\u016fsob\u00edm v Brezne, Banskej Bystrici a okol\u00ed.\n\nP\u016fsobnost: Brezno, Bansk\u00e1 Bystrica","nationality":null,"languages":[],"service_areas":[],"card_style":null,"card_palette":null,"avatar_url":"https:\/\/cdn.assetlog.ai\/avatars\/77\/avatar_max.webp?v=1786535213","avatar_thumb_url":"https:\/\/cdn.assetlog.ai\/avatars\/77\/avatar_small.webp?v=1786535213","reviews_count":0,"avg_rating":null,"seller_badge":"silver","can_calendar":true,"joined_at":"2026-08-11T03:40:05+00:00","primary_intent":null,"seeking":[],"public_assets_count":14,"public_prompts_count":0,"followers_count":0},"images":[{"id":112824,"max":"https:\/\/cdn.assetlog.ai\/assets\/142909\/toyota-corolla-combi-ts-18-hybrid-e-cvt-executive-72kw-aj-na-splatky-protiucet_1_max.webp","medium":"https:\/\/cdn.assetlog.ai\/assets\/142909\/toyota-corolla-combi-ts-18-hybrid-e-cvt-executive-72kw-aj-na-splatky-protiucet_1_medium.webp","small":"https:\/\/cdn.assetlog.ai\/assets\/142909\/toyota-corolla-combi-ts-18-hybrid-e-cvt-executive-72kw-aj-na-splatky-protiucet_1_small.webp"},{"id":112825,"max":"https:\/\/cdn.assetlog.ai\/assets\/142909\/toyota-corolla-combi-ts-18-hybrid-e-cvt-executive-72kw-aj-na-splatky-protiucet_2_max.webp","medium":"https:\/\/cdn.assetlog.ai\/assets\/142909\/toyota-corolla-combi-ts-18-hybrid-e-cvt-executive-72kw-aj-na-splatky-protiucet_2_medium.webp","small":"https:\/\/cdn.assetlog.ai\/assets\/142909\/toyota-corolla-combi-ts-18-hybrid-e-cvt-executive-72kw-aj-na-splatky-protiucet_2_small.webp"},{"id":112826,"max":"https:\/\/cdn.assetlog.ai\/assets\/142909\/toyota-corolla-combi-ts-18-hybrid-e-cvt-executive-72kw-aj-na-splatky-protiucet_3_max.webp","medium":"https:\/\/cdn.assetlog.ai\/assets\/142909\/toyota-corolla-combi-ts-18-hybrid-e-cvt-executive-72kw-aj-na-splatky-protiucet_3_medium.webp","small":"https:\/\/cdn.assetlog.ai\/assets\/142909\/toyota-corolla-combi-ts-18-hybrid-e-cvt-executive-72kw-aj-na-splatky-protiucet_3_small.webp"},{"id":112827,"max":"https:\/\/cdn.assetlog.ai\/assets\/142909\/toyota-corolla-combi-ts-18-hybrid-e-cvt-executive-72kw-aj-na-splatky-protiucet_4_max.webp","medium":"https:\/\/cdn.assetlog.ai\/assets\/142909\/toyota-corolla-combi-ts-18-hybrid-e-cvt-executive-72kw-aj-na-splatky-protiucet_4_medium.webp","small":"https:\/\/cdn.assetlog.ai\/assets\/142909\/toyota-corolla-combi-ts-18-hybrid-e-cvt-executive-72kw-aj-na-splatky-protiucet_4_small.webp"},{"id":112828,"max":"https:\/\/cdn.assetlog.ai\/assets\/142909\/toyota-corolla-combi-ts-18-hybrid-e-cvt-executive-72kw-aj-na-splatky-protiucet_5_max.webp","medium":"https:\/\/cdn.assetlog.ai\/assets\/142909\/toyota-corolla-combi-ts-18-hybrid-e-cvt-executive-72kw-aj-na-splatky-protiucet_5_medium.webp","small":"https:\/\/cdn.assetlog.ai\/assets\/142909\/toyota-corolla-combi-ts-18-hybrid-e-cvt-executive-72kw-aj-na-splatky-protiucet_5_small.webp"},{"id":112829,"max":"https:\/\/cdn.assetlog.ai\/assets\/142909\/toyota-corolla-combi-ts-18-hybrid-e-cvt-executive-72kw-aj-na-splatky-protiucet_6_max.webp","medium":"https:\/\/cdn.assetlog.ai\/assets\/142909\/toyota-corolla-combi-ts-18-hybrid-e-cvt-executive-72kw-aj-na-splatky-protiucet_6_medium.webp","small":"https:\/\/cdn.assetlog.ai\/assets\/142909\/toyota-corolla-combi-ts-18-hybrid-e-cvt-executive-72kw-aj-na-splatky-protiucet_6_small.webp"},{"id":112830,"max":"https:\/\/cdn.assetlog.ai\/assets\/142909\/toyota-corolla-combi-ts-18-hybrid-e-cvt-executive-72kw-aj-na-splatky-protiucet_7_max.webp","medium":"https:\/\/cdn.assetlog.ai\/assets\/142909\/toyota-corolla-combi-ts-18-hybrid-e-cvt-executive-72kw-aj-na-splatky-protiucet_7_medium.webp","small":"https:\/\/cdn.assetlog.ai\/assets\/142909\/toyota-corolla-combi-ts-18-hybrid-e-cvt-executive-72kw-aj-na-splatky-protiucet_7_small.webp"},{"id":112831,"max":"https:\/\/cdn.assetlog.ai\/assets\/142909\/toyota-corolla-combi-ts-18-hybrid-e-cvt-executive-72kw-aj-na-splatky-protiucet_8_max.webp","medium":"https:\/\/cdn.assetlog.ai\/assets\/142909\/toyota-corolla-combi-ts-18-hybrid-e-cvt-executive-72kw-aj-na-splatky-protiucet_8_medium.webp","small":"https:\/\/cdn.assetlog.ai\/assets\/142909\/toyota-corolla-combi-ts-18-hybrid-e-cvt-executive-72kw-aj-na-splatky-protiucet_8_small.webp"},{"id":112832,"max":"https:\/\/cdn.assetlog.ai\/assets\/142909\/toyota-corolla-combi-ts-18-hybrid-e-cvt-executive-72kw-aj-na-splatky-protiucet_9_max.webp","medium":"https:\/\/cdn.assetlog.ai\/assets\/142909\/toyota-corolla-combi-ts-18-hybrid-e-cvt-executive-72kw-aj-na-splatky-protiucet_9_medium.webp","small":"https:\/\/cdn.assetlog.ai\/assets\/142909\/toyota-corolla-combi-ts-18-hybrid-e-cvt-executive-72kw-aj-na-splatky-protiucet_9_small.webp"},{"id":112833,"max":"https:\/\/cdn.assetlog.ai\/assets\/142909\/toyota-corolla-combi-ts-18-hybrid-e-cvt-executive-72kw-aj-na-splatky-protiucet_10_max.webp","medium":"https:\/\/cdn.assetlog.ai\/assets\/142909\/toyota-corolla-combi-ts-18-hybrid-e-cvt-executive-72kw-aj-na-splatky-protiucet_10_medium.webp","small":"https:\/\/cdn.assetlog.ai\/assets\/142909\/toyota-corolla-combi-ts-18-hybrid-e-cvt-executive-72kw-aj-na-splatky-protiucet_10_small.webp"},{"id":112834,"max":"https:\/\/cdn.assetlog.ai\/assets\/142909\/toyota-corolla-combi-ts-18-hybrid-e-cvt-executive-72kw-aj-na-splatky-protiucet_11_max.webp","medium":"https:\/\/cdn.assetlog.ai\/assets\/142909\/toyota-corolla-combi-ts-18-hybrid-e-cvt-executive-72kw-aj-na-splatky-protiucet_11_medium.webp","small":"https:\/\/cdn.assetlog.ai\/assets\/142909\/toyota-corolla-combi-ts-18-hybrid-e-cvt-executive-72kw-aj-na-splatky-protiucet_11_small.webp"},{"id":112835,"max":"https:\/\/cdn.assetlog.ai\/assets\/142909\/toyota-corolla-combi-ts-18-hybrid-e-cvt-executive-72kw-aj-na-splatky-protiucet_12_max.webp","medium":"https:\/\/cdn.assetlog.ai\/assets\/142909\/toyota-corolla-combi-ts-18-hybrid-e-cvt-executive-72kw-aj-na-splatky-protiucet_12_medium.webp","small":"https:\/\/cdn.assetlog.ai\/assets\/142909\/toyota-corolla-combi-ts-18-hybrid-e-cvt-executive-72kw-aj-na-splatky-protiucet_12_small.webp"},{"id":112836,"max":"https:\/\/cdn.assetlog.ai\/assets\/142909\/toyota-corolla-combi-ts-18-hybrid-e-cvt-executive-72kw-aj-na-splatky-protiucet_13_max.webp","medium":"https:\/\/cdn.assetlog.ai\/assets\/142909\/toyota-corolla-combi-ts-18-hybrid-e-cvt-executive-72kw-aj-na-splatky-protiucet_13_medium.webp","small":"https:\/\/cdn.assetlog.ai\/assets\/142909\/toyota-corolla-combi-ts-18-hybrid-e-cvt-executive-72kw-aj-na-splatky-protiucet_13_small.webp"},{"id":112837,"max":"https:\/\/cdn.assetlog.ai\/assets\/142909\/toyota-corolla-combi-ts-18-hybrid-e-cvt-executive-72kw-aj-na-splatky-protiucet_14_max.webp","medium":"https:\/\/cdn.assetlog.ai\/assets\/142909\/toyota-corolla-combi-ts-18-hybrid-e-cvt-executive-72kw-aj-na-splatky-protiucet_14_medium.webp","small":"https:\/\/cdn.assetlog.ai\/assets\/142909\/toyota-corolla-combi-ts-18-hybrid-e-cvt-executive-72kw-aj-na-splatky-protiucet_14_small.webp"},{"id":112838,"max":"https:\/\/cdn.assetlog.ai\/assets\/142909\/toyota-corolla-combi-ts-18-hybrid-e-cvt-executive-72kw-aj-na-splatky-protiucet_15_max.webp","medium":"https:\/\/cdn.assetlog.ai\/assets\/142909\/toyota-corolla-combi-ts-18-hybrid-e-cvt-executive-72kw-aj-na-splatky-protiucet_15_medium.webp","small":"https:\/\/cdn.assetlog.ai\/assets\/142909\/toyota-corolla-combi-ts-18-hybrid-e-cvt-executive-72kw-aj-na-splatky-protiucet_15_small.webp"},{"id":112839,"max":"https:\/\/cdn.assetlog.ai\/assets\/142909\/toyota-corolla-combi-ts-18-hybrid-e-cvt-executive-72kw-aj-na-splatky-protiucet_16_max.webp","medium":"https:\/\/cdn.assetlog.ai\/assets\/142909\/toyota-corolla-combi-ts-18-hybrid-e-cvt-executive-72kw-aj-na-splatky-protiucet_16_medium.webp","small":"https:\/\/cdn.assetlog.ai\/assets\/142909\/toyota-corolla-combi-ts-18-hybrid-e-cvt-executive-72kw-aj-na-splatky-protiucet_16_small.webp"},{"id":112840,"max":"https:\/\/cdn.assetlog.ai\/assets\/142909\/toyota-corolla-combi-ts-18-hybrid-e-cvt-executive-72kw-aj-na-splatky-protiucet_17_max.webp","medium":"https:\/\/cdn.assetlog.ai\/assets\/142909\/toyota-corolla-combi-ts-18-hybrid-e-cvt-executive-72kw-aj-na-splatky-protiucet_17_medium.webp","small":"https:\/\/cdn.assetlog.ai\/assets\/142909\/toyota-corolla-combi-ts-18-hybrid-e-cvt-executive-72kw-aj-na-splatky-protiucet_17_small.webp"},{"id":112841,"max":"https:\/\/cdn.assetlog.ai\/assets\/142909\/toyota-corolla-combi-ts-18-hybrid-e-cvt-executive-72kw-aj-na-splatky-protiucet_18_max.webp","medium":"https:\/\/cdn.assetlog.ai\/assets\/142909\/toyota-corolla-combi-ts-18-hybrid-e-cvt-executive-72kw-aj-na-splatky-protiucet_18_medium.webp","small":"https:\/\/cdn.assetlog.ai\/assets\/142909\/toyota-corolla-combi-ts-18-hybrid-e-cvt-executive-72kw-aj-na-splatky-protiucet_18_small.webp"},{"id":112842,"max":"https:\/\/cdn.assetlog.ai\/assets\/142909\/toyota-corolla-combi-ts-18-hybrid-e-cvt-executive-72kw-aj-na-splatky-protiucet_19_max.webp","medium":"https:\/\/cdn.assetlog.ai\/assets\/142909\/toyota-corolla-combi-ts-18-hybrid-e-cvt-executive-72kw-aj-na-splatky-protiucet_19_medium.webp","small":"https:\/\/cdn.assetlog.ai\/assets\/142909\/toyota-corolla-combi-ts-18-hybrid-e-cvt-executive-72kw-aj-na-splatky-protiucet_19_small.webp"},{"id":112843,"max":"https:\/\/cdn.assetlog.ai\/assets\/142909\/toyota-corolla-combi-ts-18-hybrid-e-cvt-executive-72kw-aj-na-splatky-protiucet_20_max.webp","medium":"https:\/\/cdn.assetlog.ai\/assets\/142909\/toyota-corolla-combi-ts-18-hybrid-e-cvt-executive-72kw-aj-na-splatky-protiucet_20_medium.webp","small":"https:\/\/cdn.assetlog.ai\/assets\/142909\/toyota-corolla-combi-ts-18-hybrid-e-cvt-executive-72kw-aj-na-splatky-protiucet_20_small.webp"},{"id":112844,"max":"https:\/\/cdn.assetlog.ai\/assets\/142909\/toyota-corolla-combi-ts-18-hybrid-e-cvt-executive-72kw-aj-na-splatky-protiucet_21_max.webp","medium":"https:\/\/cdn.assetlog.ai\/assets\/142909\/toyota-corolla-combi-ts-18-hybrid-e-cvt-executive-72kw-aj-na-splatky-protiucet_21_medium.webp","small":"https:\/\/cdn.assetlog.ai\/assets\/142909\/toyota-corolla-combi-ts-18-hybrid-e-cvt-executive-72kw-aj-na-splatky-protiucet_21_small.webp"},{"id":112845,"max":"https:\/\/cdn.assetlog.ai\/assets\/142909\/toyota-corolla-combi-ts-18-hybrid-e-cvt-executive-72kw-aj-na-splatky-protiucet_22_max.webp","medium":"https:\/\/cdn.assetlog.ai\/assets\/142909\/toyota-corolla-combi-ts-18-hybrid-e-cvt-executive-72kw-aj-na-splatky-protiucet_22_medium.webp","small":"https:\/\/cdn.assetlog.ai\/assets\/142909\/toyota-corolla-combi-ts-18-hybrid-e-cvt-executive-72kw-aj-na-splatky-protiucet_22_small.webp"},{"id":112846,"max":"https:\/\/cdn.assetlog.ai\/assets\/142909\/toyota-corolla-combi-ts-18-hybrid-e-cvt-executive-72kw-aj-na-splatky-protiucet_23_max.webp","medium":"https:\/\/cdn.assetlog.ai\/assets\/142909\/toyota-corolla-combi-ts-18-hybrid-e-cvt-executive-72kw-aj-na-splatky-protiucet_23_medium.webp","small":"https:\/\/cdn.assetlog.ai\/assets\/142909\/toyota-corolla-combi-ts-18-hybrid-e-cvt-executive-72kw-aj-na-splatky-protiucet_23_small.webp"},{"id":112847,"max":"https:\/\/cdn.assetlog.ai\/assets\/142909\/toyota-corolla-combi-ts-18-hybrid-e-cvt-executive-72kw-aj-na-splatky-protiucet_24_max.webp","medium":"https:\/\/cdn.assetlog.ai\/assets\/142909\/toyota-corolla-combi-ts-18-hybrid-e-cvt-executive-72kw-aj-na-splatky-protiucet_24_medium.webp","small":"https:\/\/cdn.assetlog.ai\/assets\/142909\/toyota-corolla-combi-ts-18-hybrid-e-cvt-executive-72kw-aj-na-splatky-protiucet_24_small.webp"},{"id":112848,"max":"https:\/\/cdn.assetlog.ai\/assets\/142909\/toyota-corolla-combi-ts-18-hybrid-e-cvt-executive-72kw-aj-na-splatky-protiucet_25_max.webp","medium":"https:\/\/cdn.assetlog.ai\/assets\/142909\/toyota-corolla-combi-ts-18-hybrid-e-cvt-executive-72kw-aj-na-splatky-protiucet_25_medium.webp","small":"https:\/\/cdn.assetlog.ai\/assets\/142909\/toyota-corolla-combi-ts-18-hybrid-e-cvt-executive-72kw-aj-na-splatky-protiucet_25_small.webp"},{"id":112849,"max":"https:\/\/cdn.assetlog.ai\/assets\/142909\/toyota-corolla-combi-ts-18-hybrid-e-cvt-executive-72kw-aj-na-splatky-protiucet_26_max.webp","medium":"https:\/\/cdn.assetlog.ai\/assets\/142909\/toyota-corolla-combi-ts-18-hybrid-e-cvt-executive-72kw-aj-na-splatky-protiucet_26_medium.webp","small":"https:\/\/cdn.assetlog.ai\/assets\/142909\/toyota-corolla-combi-ts-18-hybrid-e-cvt-executive-72kw-aj-na-splatky-protiucet_26_small.webp"},{"id":112850,"max":"https:\/\/cdn.assetlog.ai\/assets\/142909\/toyota-corolla-combi-ts-18-hybrid-e-cvt-executive-72kw-aj-na-splatky-protiucet_27_max.webp","medium":"https:\/\/cdn.assetlog.ai\/assets\/142909\/toyota-corolla-combi-ts-18-hybrid-e-cvt-executive-72kw-aj-na-splatky-protiucet_27_medium.webp","small":"https:\/\/cdn.assetlog.ai\/assets\/142909\/toyota-corolla-combi-ts-18-hybrid-e-cvt-executive-72kw-aj-na-splatky-protiucet_27_small.webp"}],"published_at":null,"expires_at":null,"created_at":"2026-08-11T03:40:05+00:00","updated_at":"2026-09-01T03:41:21+00:00"}}