{"data":{"id":154785,"slug":"toyota-yaris-15-hybrid-e-cvt-85kw-2023-aj-na-splatky-protiucet","type":"vehicle","title":"Toyota Yaris 1.5 Hybrid e-CVT, 85kW (2023) \/ AVAILABLE ON INSTALLMENTS \/ TRADE-IN ACCEPTED \/","description":"Toyota Yaris 1.5 Hybrid e-CVT, 85 kW (2023) \u2013 a smart city companion\n\nSmall dimensions, but great capabilities. **Toyota Yaris 1.5 Hybrid with 85 kW power and automatic e-CVT transmission** is exactly the type of car that feels at home in the city \u2013 easy to park, pleasant to drive, and the hybrid will delight you with low fuel consumption. In short, a car that makes your daily commute to work feel like anything but a Dakar Rally expedition.\n\nAnother major advantage is the **respectable equipment** that enhances everyday driving:\n- Parking camera\n- Parking sensors front and rear\n- Adaptive cruise control\n- Automatic air conditioning\n- Heated driver's seat\n- Apple CarPlay \/ Android Auto\n- Electrically operated front windows\n- Electrically adjustable and heated side mirrors\n\nThe Yaris is **an ideal choice especially for city driving**, where its compactness, automatic transmission, and hybrid drive will shine. It's also perfect for women looking for a **modern, practical, and easy-to-operate car** with which they won't be afraid of tight parking or daily urban chaos.\n\n- Slovak car, from the first owner, who was an absolute perfectionist and took meticulous care of the vehicle.\n- Vehicle is in excellent condition.\n- Exceptionally low mileage, only 8,414 km.\n- Hybrid system is under warranty until 2028.\n\nThe vehicle includes:\n- A set of summer tires and aluminum rims R15\n- A set of winter tires and original Toyota aluminum rims R15\n\nThe vehicle is (verified by paint thickness measurement) \u2013 verified of course through the Vehicle Operating Records Registry \u2013 AUTOPASS (records of executions and insurance, blocks and liens) and ODOPASS (verification of mileage).\n\n***If interested, please do not hesitate to contact me at any time at tel. 0902239802***\n\nWe will refinance your vehicle comfortably, quickly, and hassle-free. We will adapt the monthly installment to your requirements with a down payment from 0% and installments up to 96 months. If you have been self-employed for at least 3 months, you have the option to take a vehicle on installments up to 15,000 without providing proof of income and from 0% down payment. The vehicle is located in Ko\u0161ice.\n\nProduct number: AA20CJ.\n\nTechnical specifications\n\nYear: 06\/23, 1490cc, 85kW (116HP), Vehicle generation: , Drive: Front-wheel drive, Automatic transmission (continuously variable), Hybrid (electric + petrol), EURO , 5-door, (5-seater), 8,414 km, Grey, VIN YARKBAC3300134320\n\nVehicle fuel consumption (l\/100km)\n\nCity: 2.7, Highway: 3.6, Combined: 3.2\n\nFirst owner, Leasing available, As new, purchased in Slovakia, Loan available","language":"cs","is_translated":true,"title_original":"Toyota Yaris 1.5 Hybrid e-CVT, 85kW (2023) \/ AJ NA SPL\u00c1TKY \/ PROTI\u00da\u010cET \/","description_original":"Toyota Yaris 1.5 Hybrid e-CVT, 85 kW (2023) \u2013 \u0161ikovn\u00fd m\u011bstsk\u00fd spole\u010dn\u00edk\n\nMal\u00e9 rozm\u011bry, ale velk\u00e9 mo\u017enosti. **Toyota Yaris 1.5 Hybrid s v\u00fdkonem 85 kW a automatickou p\u0159evodovkou e-CVT** je p\u0159esn\u011b ten typ auta, kter\u00e9 se ve m\u011bst\u011b c\u00edt\u00ed jako doma \u2013 snadno se s n\u00edm parkuje, j\u00edzda je p\u0159\u00edjemn\u00e1 a hybrid pot\u011b\u0161\u00ed i n\u00edzkou spot\u0159ebou. Zkr\u00e1tka auto, d\u00edky kter\u00e9mu se ka\u017edodenn\u00ed cesta do pr\u00e1ce nestane v\u00fdpravou na Rallye Dakar.\n\nVelkou v\u00fdhodou je tak\u00e9 **slu\u0161n\u00e1 v\u00fdbava**, kter\u00e1 zp\u0159\u00edjemn\u00ed ka\u017edodenn\u00ed j\u00edzdu:\n- Parkovac\u00ed kamera\n- Parkovac\u00ed senzory vp\u0159edu i vzadu\n- Adaptivn\u00ed tempomat\n- Automatick\u00e1 klimatizace\n- Vyh\u0159\u00edvan\u00e9 sedadlo \u0159idi\u010de\n- Apple CarPlay \/ Android Auto\n- Elektricky ovl\u00e1dan\u00e1 p\u0159edn\u00ed okna\n- Elektricky nastaviteln\u00e1 a vyh\u0159\u00edvan\u00e1 zp\u011btn\u00e1 zrc\u00e1tka\n\nYaris je **ide\u00e1ln\u00ed volbou zejm\u00e9na do m\u011bsta**, kde vynikne jeho kompaktnost, automatick\u00e1 p\u0159evodovka a hybridn\u00ed pohon. Skv\u011ble se hod\u00ed i pro \u017eeny, kter\u00e9 hledaj\u00ed **modern\u00ed, praktick\u00e9 a snadno ovladateln\u00e9 auto**, s n\u00edm\u017e se nebudou b\u00e1t ani t\u011bsn\u00e9ho parkov\u00e1n\u00ed ani ka\u017edodenn\u00edho m\u011bstsk\u00e9ho chaosu.\n\n- Slovensk\u00e9 auto, od prvn\u00edho majitele, kter\u00fd byl naprost\u00fd pedant a o vozidlo se maxim\u00e1ln\u011b staral.\n- Vozidlo je ve v\u00fdborn\u00e9m stavu.\n- Mimo\u0159\u00e1dn\u011b n\u00edzk\u00fd po\u010det najet\u00fdch kilometr\u016f, pouze 8 414 km.\n- Hybridn\u00ed syst\u00e9m je v z\u00e1ruce do roku 2028.\n\nSou\u010d\u00e1st\u00ed vozidla je:\n- Sada letn\u00edch pneumatik a hlin\u00edkov\u00fdch r\u00e1fk\u016f R15\n- Sada zimn\u00edch pneumatik a origin\u00e1ln\u00edch hlin\u00edkov\u00fdch r\u00e1fk\u016f Toyota R15\n\nV\u016fz je (ov\u011b\u0159eno m\u011b\u0159en\u00edm laku) - ov\u011b\u0159uje se samoz\u0159ejm\u011b prost\u0159ednictv\u00edm Registru provozn\u00edch z\u00e1znam\u016f vozidel -AUTOPASS (z\u00e1znamy o exekuc\u00edch a poji\u0161t\u011bn\u00ed, blokac\u00edch a z\u00e1stav\u00e1ch) a ODOPASS (ov\u011b\u0159en\u00ed po\u010dtu najet\u00fdch kilometr\u016f).\n\n***V p\u0159\u00edpad\u011b z\u00e1jmu m\u011b nev\u00e1hejte kdykoli kontaktovat na tel. 0902239802***\n\nVa\u0161e vozidlo refinancujeme pohodln\u011b, rychle a bezstarostn\u011b. M\u011bs\u00ed\u010dn\u00ed spl\u00e1tku p\u0159izp\u016fsob\u00edme va\u0161im po\u017eadavk\u016fm s akontac\u00ed od 0 % a spl\u00e1tkami a\u017e na 96 m\u011bs\u00edc\u016f. Pokud podnik\u00e1te alespo\u0148 3 m\u011bs\u00edce, m\u00e1te mo\u017enost vz\u00edt si vozidlo na spl\u00e1tky a\u017e do v\u00fd\u0161e 15 tis\u00edc bez dokl\u00e1d\u00e1n\u00ed p\u0159\u00edjm\u016f a od 0% akontace. Vozidlo se nach\u00e1z\u00ed v Ko\u0161ic\u00edch.\n\n\u010c\u00edslo v\u00fdrobku: AA20CJ.\n\nTechnick\u00e9 \u00fadaje\n\nv.v.: 06\/23, 1490cm\u00b3, 85kW (116PS), Generace vozidla: , Pohon: Pohon p\u0159edn\u00edch kol, Automatick\u00e1 p\u0159evodovka (bezst.), Hybrid (elektro + benz\u00edn), EURO , 5 dv., (5-m\u00edstn\u00fd), 8 414km, \u0160ed\u00e1, VIN YARKBAC3300134320\n\nSpot\u0159eba vozidla (l\/100km)\n\nVe m\u011bst\u011b: 2.7, mimo m\u011bsto: 3.6, kombinovan\u00e1: 3.2\n\nPrvn\u00ed majitel, Mo\u017en\u00fd leasing, Jako nov\u00e9 koupen\u00e9 v SR, Mo\u017en\u00fd \u00fav\u011br","price":"446775.00","currency":"CZK","status":"active","noindex":true,"location":{"address":null,"full_address":null,"city":"Ko\u0161ice","country":"SK","latitude":48.7172272,"longitude":21.2496774},"metadata":{"vin":"YARKBAC3300134320","fuel":"petrol","year":2023,"brand":"Toyota","color":"Grey","doors":5,"drive":"Front-wheel drive","model":"Yaris","seats":5,"region":"Ko\u0161ick\u00fd kraj","mileage":8414,"emisions":"Euro 1","features":["Alarm","EBD\/EBV","Posilova\u010d \u0159\u00edzen\u00ed","ABS","ESP","Brzdov\u00fd asistent (EBA, BAS)","ISOFIX na zadn\u00edch sedadlech","Deaktivace airbagu spolujezdce","Senzor tlaku","Syst\u00e9m rozpozn\u00e1v\u00e1n\u00ed dopravn\u00edch zna\u010dek","Varov\u00e1n\u00ed o vzd\u00e1lenosti (BAS Plus)","Sledov\u00e1n\u00ed \u00fanavy \u0159idi\u010de","Asistent d\u00e1lkov\u00fdch sv\u011btel (HBA)","Automatick\u00e1 klimatizace","Centr\u00e1ln\u00ed zamyk\u00e1n\u00ed","P\u0159edn\u00ed el. stahovateln\u00e1 okna","Elektricky nastaviteln\u00e1 zp\u011btn\u00e1 zrc\u00e1tka","Centr\u00e1ln\u00ed zamyk\u00e1n\u00ed na d\u00e1lkov\u00e9 ovl\u00e1d\u00e1n\u00ed","Autor\u00e1dio","Multifunk\u010dn\u00ed volant","Loketn\u00ed op\u011brka vp\u0159edu","Venkovn\u00ed teplom\u011br","Apple Car Play","Android Auto","Lit\u00e1 kola","Mlhovky","Imobiliz\u00e9r","Palubn\u00ed po\u010d\u00edta\u010d","Vyh\u0159\u00edvan\u00e1 sedadla","Elektricky vyh\u0159\u00edvan\u00e1 zp\u011btn\u00e1 zrc\u00e1tka","F\u00f3lie","Senzor st\u011bra\u010d\u016f","Sv\u011bteln\u00fd senzor","Zimn\u00ed sada kol","Parkovac\u00ed kamera","P\u0159edn\u00ed a zadn\u00ed parkovac\u00ed senzory","Adaptivn\u00ed tempomat","Bluetooth","Dotykov\u00e1 obrazovka","Prv\u00fd majite\u013e","Mo\u017en\u00fd leasing","Ako nov\u00e9 k\u00fapen\u00e9 v SR","Mo\u017en\u00fd \u00faver","Asistent udr\u017eov\u00e1n\u00ed j\u00edzdn\u00edho pruhu","asistent rozjezdu do kopce","ant\u00e9na ve tvaru \u017eralo\u010d\u00ed ploutve","ochrana chodc\u016f","zp\u011btn\u00e1 zrc\u00e1tka a kliky dve\u0159\u00ed lakovan\u00e9 v barv\u011b karoserie","ko\u017een\u00fd volant","vyh\u0159\u00edvan\u00e9 zadn\u00ed sklo","dr\u017e\u00e1ky na n\u00e1poje","elektronick\u00e1 parkovac\u00ed brzda s funkc\u00ed Auto-Hold","volba j\u00edzdn\u00edch re\u017eim\u016f","vyh\u0159\u00edvan\u00e9 sedadlo \u0159idi\u010de","odhlu\u010dn\u011bn\u00ed"],"power_kw":85,"body_type":"Hatchback","condition":"Used","transmission":"automatic","vat_deductible":false,"consumption_city":2.7,"translation_hash":"99a3e4982a0aa9e386a3037a050fad40ec0db94c","vehicle_category":"car","engine_volume_cm3":1490,"first_registration":"2023-06-01","translation_status":"done","consumption_highway":3.6,"consumption_combined":3.2},"user_id":22,"is_sponsored":false,"views_count":8,"ai_views_count":8,"ai_vendor_counts":{"meta":4,"other":1,"openai":2,"anthropic":1},"visibility":"public","submission_source":null,"submission_ai_name":null,"has_owner_email":true,"can_contact_owner":true,"phone":"0902 239 802","owner_email":"hazlinsky@autorro.sk","user":{"id":22,"slug":"ing-jaroslav-hazlinsky-22","name":"Ing. Jaroslav Ha\u017elinsk\u00fd","bio":"Makl\u00e9r. P\u016fsob\u00edm v Ko\u0161iciach a okol\u00ed.\n\nP\u016fsobnost: Ko\u0161ice","nationality":"SK","languages":["cs","sk"],"service_areas":[],"card_style":null,"card_palette":null,"avatar_url":"https:\/\/cdn.assetlog.ai\/avatars\/22\/avatar_max.webp?v=1786535213","avatar_thumb_url":"https:\/\/cdn.assetlog.ai\/avatars\/22\/avatar_small.webp?v=1786535213","reviews_count":0,"avg_rating":null,"seller_badge":"silver","can_calendar":true},"images":[{"id":116328,"max":"https:\/\/cdn.assetlog.ai\/assets\/154785\/toyota-yaris-15-hybrid-e-cvt-85kw-2023-aj-na-splatky-protiucet_1_max.webp","medium":"https:\/\/cdn.assetlog.ai\/assets\/154785\/toyota-yaris-15-hybrid-e-cvt-85kw-2023-aj-na-splatky-protiucet_1_medium.webp","small":"https:\/\/cdn.assetlog.ai\/assets\/154785\/toyota-yaris-15-hybrid-e-cvt-85kw-2023-aj-na-splatky-protiucet_1_small.webp"},{"id":116329,"max":"https:\/\/cdn.assetlog.ai\/assets\/154785\/toyota-yaris-15-hybrid-e-cvt-85kw-2023-aj-na-splatky-protiucet_2_max.webp","medium":"https:\/\/cdn.assetlog.ai\/assets\/154785\/toyota-yaris-15-hybrid-e-cvt-85kw-2023-aj-na-splatky-protiucet_2_medium.webp","small":"https:\/\/cdn.assetlog.ai\/assets\/154785\/toyota-yaris-15-hybrid-e-cvt-85kw-2023-aj-na-splatky-protiucet_2_small.webp"},{"id":116330,"max":"https:\/\/cdn.assetlog.ai\/assets\/154785\/toyota-yaris-15-hybrid-e-cvt-85kw-2023-aj-na-splatky-protiucet_3_max.webp","medium":"https:\/\/cdn.assetlog.ai\/assets\/154785\/toyota-yaris-15-hybrid-e-cvt-85kw-2023-aj-na-splatky-protiucet_3_medium.webp","small":"https:\/\/cdn.assetlog.ai\/assets\/154785\/toyota-yaris-15-hybrid-e-cvt-85kw-2023-aj-na-splatky-protiucet_3_small.webp"},{"id":116331,"max":"https:\/\/cdn.assetlog.ai\/assets\/154785\/toyota-yaris-15-hybrid-e-cvt-85kw-2023-aj-na-splatky-protiucet_4_max.webp","medium":"https:\/\/cdn.assetlog.ai\/assets\/154785\/toyota-yaris-15-hybrid-e-cvt-85kw-2023-aj-na-splatky-protiucet_4_medium.webp","small":"https:\/\/cdn.assetlog.ai\/assets\/154785\/toyota-yaris-15-hybrid-e-cvt-85kw-2023-aj-na-splatky-protiucet_4_small.webp"},{"id":116332,"max":"https:\/\/cdn.assetlog.ai\/assets\/154785\/toyota-yaris-15-hybrid-e-cvt-85kw-2023-aj-na-splatky-protiucet_5_max.webp","medium":"https:\/\/cdn.assetlog.ai\/assets\/154785\/toyota-yaris-15-hybrid-e-cvt-85kw-2023-aj-na-splatky-protiucet_5_medium.webp","small":"https:\/\/cdn.assetlog.ai\/assets\/154785\/toyota-yaris-15-hybrid-e-cvt-85kw-2023-aj-na-splatky-protiucet_5_small.webp"},{"id":116333,"max":"https:\/\/cdn.assetlog.ai\/assets\/154785\/toyota-yaris-15-hybrid-e-cvt-85kw-2023-aj-na-splatky-protiucet_6_max.webp","medium":"https:\/\/cdn.assetlog.ai\/assets\/154785\/toyota-yaris-15-hybrid-e-cvt-85kw-2023-aj-na-splatky-protiucet_6_medium.webp","small":"https:\/\/cdn.assetlog.ai\/assets\/154785\/toyota-yaris-15-hybrid-e-cvt-85kw-2023-aj-na-splatky-protiucet_6_small.webp"},{"id":116334,"max":"https:\/\/cdn.assetlog.ai\/assets\/154785\/toyota-yaris-15-hybrid-e-cvt-85kw-2023-aj-na-splatky-protiucet_7_max.webp","medium":"https:\/\/cdn.assetlog.ai\/assets\/154785\/toyota-yaris-15-hybrid-e-cvt-85kw-2023-aj-na-splatky-protiucet_7_medium.webp","small":"https:\/\/cdn.assetlog.ai\/assets\/154785\/toyota-yaris-15-hybrid-e-cvt-85kw-2023-aj-na-splatky-protiucet_7_small.webp"},{"id":116335,"max":"https:\/\/cdn.assetlog.ai\/assets\/154785\/toyota-yaris-15-hybrid-e-cvt-85kw-2023-aj-na-splatky-protiucet_8_max.webp","medium":"https:\/\/cdn.assetlog.ai\/assets\/154785\/toyota-yaris-15-hybrid-e-cvt-85kw-2023-aj-na-splatky-protiucet_8_medium.webp","small":"https:\/\/cdn.assetlog.ai\/assets\/154785\/toyota-yaris-15-hybrid-e-cvt-85kw-2023-aj-na-splatky-protiucet_8_small.webp"},{"id":116336,"max":"https:\/\/cdn.assetlog.ai\/assets\/154785\/toyota-yaris-15-hybrid-e-cvt-85kw-2023-aj-na-splatky-protiucet_9_max.webp","medium":"https:\/\/cdn.assetlog.ai\/assets\/154785\/toyota-yaris-15-hybrid-e-cvt-85kw-2023-aj-na-splatky-protiucet_9_medium.webp","small":"https:\/\/cdn.assetlog.ai\/assets\/154785\/toyota-yaris-15-hybrid-e-cvt-85kw-2023-aj-na-splatky-protiucet_9_small.webp"},{"id":116337,"max":"https:\/\/cdn.assetlog.ai\/assets\/154785\/toyota-yaris-15-hybrid-e-cvt-85kw-2023-aj-na-splatky-protiucet_10_max.webp","medium":"https:\/\/cdn.assetlog.ai\/assets\/154785\/toyota-yaris-15-hybrid-e-cvt-85kw-2023-aj-na-splatky-protiucet_10_medium.webp","small":"https:\/\/cdn.assetlog.ai\/assets\/154785\/toyota-yaris-15-hybrid-e-cvt-85kw-2023-aj-na-splatky-protiucet_10_small.webp"},{"id":116338,"max":"https:\/\/cdn.assetlog.ai\/assets\/154785\/toyota-yaris-15-hybrid-e-cvt-85kw-2023-aj-na-splatky-protiucet_11_max.webp","medium":"https:\/\/cdn.assetlog.ai\/assets\/154785\/toyota-yaris-15-hybrid-e-cvt-85kw-2023-aj-na-splatky-protiucet_11_medium.webp","small":"https:\/\/cdn.assetlog.ai\/assets\/154785\/toyota-yaris-15-hybrid-e-cvt-85kw-2023-aj-na-splatky-protiucet_11_small.webp"},{"id":116339,"max":"https:\/\/cdn.assetlog.ai\/assets\/154785\/toyota-yaris-15-hybrid-e-cvt-85kw-2023-aj-na-splatky-protiucet_12_max.webp","medium":"https:\/\/cdn.assetlog.ai\/assets\/154785\/toyota-yaris-15-hybrid-e-cvt-85kw-2023-aj-na-splatky-protiucet_12_medium.webp","small":"https:\/\/cdn.assetlog.ai\/assets\/154785\/toyota-yaris-15-hybrid-e-cvt-85kw-2023-aj-na-splatky-protiucet_12_small.webp"},{"id":116340,"max":"https:\/\/cdn.assetlog.ai\/assets\/154785\/toyota-yaris-15-hybrid-e-cvt-85kw-2023-aj-na-splatky-protiucet_13_max.webp","medium":"https:\/\/cdn.assetlog.ai\/assets\/154785\/toyota-yaris-15-hybrid-e-cvt-85kw-2023-aj-na-splatky-protiucet_13_medium.webp","small":"https:\/\/cdn.assetlog.ai\/assets\/154785\/toyota-yaris-15-hybrid-e-cvt-85kw-2023-aj-na-splatky-protiucet_13_small.webp"},{"id":116341,"max":"https:\/\/cdn.assetlog.ai\/assets\/154785\/toyota-yaris-15-hybrid-e-cvt-85kw-2023-aj-na-splatky-protiucet_14_max.webp","medium":"https:\/\/cdn.assetlog.ai\/assets\/154785\/toyota-yaris-15-hybrid-e-cvt-85kw-2023-aj-na-splatky-protiucet_14_medium.webp","small":"https:\/\/cdn.assetlog.ai\/assets\/154785\/toyota-yaris-15-hybrid-e-cvt-85kw-2023-aj-na-splatky-protiucet_14_small.webp"},{"id":116342,"max":"https:\/\/cdn.assetlog.ai\/assets\/154785\/toyota-yaris-15-hybrid-e-cvt-85kw-2023-aj-na-splatky-protiucet_15_max.webp","medium":"https:\/\/cdn.assetlog.ai\/assets\/154785\/toyota-yaris-15-hybrid-e-cvt-85kw-2023-aj-na-splatky-protiucet_15_medium.webp","small":"https:\/\/cdn.assetlog.ai\/assets\/154785\/toyota-yaris-15-hybrid-e-cvt-85kw-2023-aj-na-splatky-protiucet_15_small.webp"},{"id":116343,"max":"https:\/\/cdn.assetlog.ai\/assets\/154785\/toyota-yaris-15-hybrid-e-cvt-85kw-2023-aj-na-splatky-protiucet_16_max.webp","medium":"https:\/\/cdn.assetlog.ai\/assets\/154785\/toyota-yaris-15-hybrid-e-cvt-85kw-2023-aj-na-splatky-protiucet_16_medium.webp","small":"https:\/\/cdn.assetlog.ai\/assets\/154785\/toyota-yaris-15-hybrid-e-cvt-85kw-2023-aj-na-splatky-protiucet_16_small.webp"},{"id":116344,"max":"https:\/\/cdn.assetlog.ai\/assets\/154785\/toyota-yaris-15-hybrid-e-cvt-85kw-2023-aj-na-splatky-protiucet_17_max.webp","medium":"https:\/\/cdn.assetlog.ai\/assets\/154785\/toyota-yaris-15-hybrid-e-cvt-85kw-2023-aj-na-splatky-protiucet_17_medium.webp","small":"https:\/\/cdn.assetlog.ai\/assets\/154785\/toyota-yaris-15-hybrid-e-cvt-85kw-2023-aj-na-splatky-protiucet_17_small.webp"},{"id":116345,"max":"https:\/\/cdn.assetlog.ai\/assets\/154785\/toyota-yaris-15-hybrid-e-cvt-85kw-2023-aj-na-splatky-protiucet_18_max.webp","medium":"https:\/\/cdn.assetlog.ai\/assets\/154785\/toyota-yaris-15-hybrid-e-cvt-85kw-2023-aj-na-splatky-protiucet_18_medium.webp","small":"https:\/\/cdn.assetlog.ai\/assets\/154785\/toyota-yaris-15-hybrid-e-cvt-85kw-2023-aj-na-splatky-protiucet_18_small.webp"},{"id":116346,"max":"https:\/\/cdn.assetlog.ai\/assets\/154785\/toyota-yaris-15-hybrid-e-cvt-85kw-2023-aj-na-splatky-protiucet_19_max.webp","medium":"https:\/\/cdn.assetlog.ai\/assets\/154785\/toyota-yaris-15-hybrid-e-cvt-85kw-2023-aj-na-splatky-protiucet_19_medium.webp","small":"https:\/\/cdn.assetlog.ai\/assets\/154785\/toyota-yaris-15-hybrid-e-cvt-85kw-2023-aj-na-splatky-protiucet_19_small.webp"},{"id":116347,"max":"https:\/\/cdn.assetlog.ai\/assets\/154785\/toyota-yaris-15-hybrid-e-cvt-85kw-2023-aj-na-splatky-protiucet_20_max.webp","medium":"https:\/\/cdn.assetlog.ai\/assets\/154785\/toyota-yaris-15-hybrid-e-cvt-85kw-2023-aj-na-splatky-protiucet_20_medium.webp","small":"https:\/\/cdn.assetlog.ai\/assets\/154785\/toyota-yaris-15-hybrid-e-cvt-85kw-2023-aj-na-splatky-protiucet_20_small.webp"},{"id":116348,"max":"https:\/\/cdn.assetlog.ai\/assets\/154785\/toyota-yaris-15-hybrid-e-cvt-85kw-2023-aj-na-splatky-protiucet_21_max.webp","medium":"https:\/\/cdn.assetlog.ai\/assets\/154785\/toyota-yaris-15-hybrid-e-cvt-85kw-2023-aj-na-splatky-protiucet_21_medium.webp","small":"https:\/\/cdn.assetlog.ai\/assets\/154785\/toyota-yaris-15-hybrid-e-cvt-85kw-2023-aj-na-splatky-protiucet_21_small.webp"},{"id":116349,"max":"https:\/\/cdn.assetlog.ai\/assets\/154785\/toyota-yaris-15-hybrid-e-cvt-85kw-2023-aj-na-splatky-protiucet_22_max.webp","medium":"https:\/\/cdn.assetlog.ai\/assets\/154785\/toyota-yaris-15-hybrid-e-cvt-85kw-2023-aj-na-splatky-protiucet_22_medium.webp","small":"https:\/\/cdn.assetlog.ai\/assets\/154785\/toyota-yaris-15-hybrid-e-cvt-85kw-2023-aj-na-splatky-protiucet_22_small.webp"},{"id":116350,"max":"https:\/\/cdn.assetlog.ai\/assets\/154785\/toyota-yaris-15-hybrid-e-cvt-85kw-2023-aj-na-splatky-protiucet_23_max.webp","medium":"https:\/\/cdn.assetlog.ai\/assets\/154785\/toyota-yaris-15-hybrid-e-cvt-85kw-2023-aj-na-splatky-protiucet_23_medium.webp","small":"https:\/\/cdn.assetlog.ai\/assets\/154785\/toyota-yaris-15-hybrid-e-cvt-85kw-2023-aj-na-splatky-protiucet_23_small.webp"},{"id":116351,"max":"https:\/\/cdn.assetlog.ai\/assets\/154785\/toyota-yaris-15-hybrid-e-cvt-85kw-2023-aj-na-splatky-protiucet_24_max.webp","medium":"https:\/\/cdn.assetlog.ai\/assets\/154785\/toyota-yaris-15-hybrid-e-cvt-85kw-2023-aj-na-splatky-protiucet_24_medium.webp","small":"https:\/\/cdn.assetlog.ai\/assets\/154785\/toyota-yaris-15-hybrid-e-cvt-85kw-2023-aj-na-splatky-protiucet_24_small.webp"},{"id":116352,"max":"https:\/\/cdn.assetlog.ai\/assets\/154785\/toyota-yaris-15-hybrid-e-cvt-85kw-2023-aj-na-splatky-protiucet_25_max.webp","medium":"https:\/\/cdn.assetlog.ai\/assets\/154785\/toyota-yaris-15-hybrid-e-cvt-85kw-2023-aj-na-splatky-protiucet_25_medium.webp","small":"https:\/\/cdn.assetlog.ai\/assets\/154785\/toyota-yaris-15-hybrid-e-cvt-85kw-2023-aj-na-splatky-protiucet_25_small.webp"},{"id":116353,"max":"https:\/\/cdn.assetlog.ai\/assets\/154785\/toyota-yaris-15-hybrid-e-cvt-85kw-2023-aj-na-splatky-protiucet_26_max.webp","medium":"https:\/\/cdn.assetlog.ai\/assets\/154785\/toyota-yaris-15-hybrid-e-cvt-85kw-2023-aj-na-splatky-protiucet_26_medium.webp","small":"https:\/\/cdn.assetlog.ai\/assets\/154785\/toyota-yaris-15-hybrid-e-cvt-85kw-2023-aj-na-splatky-protiucet_26_small.webp"},{"id":116354,"max":"https:\/\/cdn.assetlog.ai\/assets\/154785\/toyota-yaris-15-hybrid-e-cvt-85kw-2023-aj-na-splatky-protiucet_27_max.webp","medium":"https:\/\/cdn.assetlog.ai\/assets\/154785\/toyota-yaris-15-hybrid-e-cvt-85kw-2023-aj-na-splatky-protiucet_27_medium.webp","small":"https:\/\/cdn.assetlog.ai\/assets\/154785\/toyota-yaris-15-hybrid-e-cvt-85kw-2023-aj-na-splatky-protiucet_27_small.webp"},{"id":116355,"max":"https:\/\/cdn.assetlog.ai\/assets\/154785\/toyota-yaris-15-hybrid-e-cvt-85kw-2023-aj-na-splatky-protiucet_28_max.webp","medium":"https:\/\/cdn.assetlog.ai\/assets\/154785\/toyota-yaris-15-hybrid-e-cvt-85kw-2023-aj-na-splatky-protiucet_28_medium.webp","small":"https:\/\/cdn.assetlog.ai\/assets\/154785\/toyota-yaris-15-hybrid-e-cvt-85kw-2023-aj-na-splatky-protiucet_28_small.webp"},{"id":116356,"max":"https:\/\/cdn.assetlog.ai\/assets\/154785\/toyota-yaris-15-hybrid-e-cvt-85kw-2023-aj-na-splatky-protiucet_29_max.webp","medium":"https:\/\/cdn.assetlog.ai\/assets\/154785\/toyota-yaris-15-hybrid-e-cvt-85kw-2023-aj-na-splatky-protiucet_29_medium.webp","small":"https:\/\/cdn.assetlog.ai\/assets\/154785\/toyota-yaris-15-hybrid-e-cvt-85kw-2023-aj-na-splatky-protiucet_29_small.webp"},{"id":116357,"max":"https:\/\/cdn.assetlog.ai\/assets\/154785\/toyota-yaris-15-hybrid-e-cvt-85kw-2023-aj-na-splatky-protiucet_30_max.webp","medium":"https:\/\/cdn.assetlog.ai\/assets\/154785\/toyota-yaris-15-hybrid-e-cvt-85kw-2023-aj-na-splatky-protiucet_30_medium.webp","small":"https:\/\/cdn.assetlog.ai\/assets\/154785\/toyota-yaris-15-hybrid-e-cvt-85kw-2023-aj-na-splatky-protiucet_30_small.webp"},{"id":116358,"max":"https:\/\/cdn.assetlog.ai\/assets\/154785\/toyota-yaris-15-hybrid-e-cvt-85kw-2023-aj-na-splatky-protiucet_31_max.webp","medium":"https:\/\/cdn.assetlog.ai\/assets\/154785\/toyota-yaris-15-hybrid-e-cvt-85kw-2023-aj-na-splatky-protiucet_31_medium.webp","small":"https:\/\/cdn.assetlog.ai\/assets\/154785\/toyota-yaris-15-hybrid-e-cvt-85kw-2023-aj-na-splatky-protiucet_31_small.webp"},{"id":116359,"max":"https:\/\/cdn.assetlog.ai\/assets\/154785\/toyota-yaris-15-hybrid-e-cvt-85kw-2023-aj-na-splatky-protiucet_32_max.webp","medium":"https:\/\/cdn.assetlog.ai\/assets\/154785\/toyota-yaris-15-hybrid-e-cvt-85kw-2023-aj-na-splatky-protiucet_32_medium.webp","small":"https:\/\/cdn.assetlog.ai\/assets\/154785\/toyota-yaris-15-hybrid-e-cvt-85kw-2023-aj-na-splatky-protiucet_32_small.webp"},{"id":116360,"max":"https:\/\/cdn.assetlog.ai\/assets\/154785\/toyota-yaris-15-hybrid-e-cvt-85kw-2023-aj-na-splatky-protiucet_33_max.webp","medium":"https:\/\/cdn.assetlog.ai\/assets\/154785\/toyota-yaris-15-hybrid-e-cvt-85kw-2023-aj-na-splatky-protiucet_33_medium.webp","small":"https:\/\/cdn.assetlog.ai\/assets\/154785\/toyota-yaris-15-hybrid-e-cvt-85kw-2023-aj-na-splatky-protiucet_33_small.webp"},{"id":116361,"max":"https:\/\/cdn.assetlog.ai\/assets\/154785\/toyota-yaris-15-hybrid-e-cvt-85kw-2023-aj-na-splatky-protiucet_34_max.webp","medium":"https:\/\/cdn.assetlog.ai\/assets\/154785\/toyota-yaris-15-hybrid-e-cvt-85kw-2023-aj-na-splatky-protiucet_34_medium.webp","small":"https:\/\/cdn.assetlog.ai\/assets\/154785\/toyota-yaris-15-hybrid-e-cvt-85kw-2023-aj-na-splatky-protiucet_34_small.webp"},{"id":116362,"max":"https:\/\/cdn.assetlog.ai\/assets\/154785\/toyota-yaris-15-hybrid-e-cvt-85kw-2023-aj-na-splatky-protiucet_35_max.webp","medium":"https:\/\/cdn.assetlog.ai\/assets\/154785\/toyota-yaris-15-hybrid-e-cvt-85kw-2023-aj-na-splatky-protiucet_35_medium.webp","small":"https:\/\/cdn.assetlog.ai\/assets\/154785\/toyota-yaris-15-hybrid-e-cvt-85kw-2023-aj-na-splatky-protiucet_35_small.webp"},{"id":116363,"max":"https:\/\/cdn.assetlog.ai\/assets\/154785\/toyota-yaris-15-hybrid-e-cvt-85kw-2023-aj-na-splatky-protiucet_36_max.webp","medium":"https:\/\/cdn.assetlog.ai\/assets\/154785\/toyota-yaris-15-hybrid-e-cvt-85kw-2023-aj-na-splatky-protiucet_36_medium.webp","small":"https:\/\/cdn.assetlog.ai\/assets\/154785\/toyota-yaris-15-hybrid-e-cvt-85kw-2023-aj-na-splatky-protiucet_36_small.webp"},{"id":116364,"max":"https:\/\/cdn.assetlog.ai\/assets\/154785\/toyota-yaris-15-hybrid-e-cvt-85kw-2023-aj-na-splatky-protiucet_37_max.webp","medium":"https:\/\/cdn.assetlog.ai\/assets\/154785\/toyota-yaris-15-hybrid-e-cvt-85kw-2023-aj-na-splatky-protiucet_37_medium.webp","small":"https:\/\/cdn.assetlog.ai\/assets\/154785\/toyota-yaris-15-hybrid-e-cvt-85kw-2023-aj-na-splatky-protiucet_37_small.webp"},{"id":116365,"max":"https:\/\/cdn.assetlog.ai\/assets\/154785\/toyota-yaris-15-hybrid-e-cvt-85kw-2023-aj-na-splatky-protiucet_38_max.webp","medium":"https:\/\/cdn.assetlog.ai\/assets\/154785\/toyota-yaris-15-hybrid-e-cvt-85kw-2023-aj-na-splatky-protiucet_38_medium.webp","small":"https:\/\/cdn.assetlog.ai\/assets\/154785\/toyota-yaris-15-hybrid-e-cvt-85kw-2023-aj-na-splatky-protiucet_38_small.webp"},{"id":116366,"max":"https:\/\/cdn.assetlog.ai\/assets\/154785\/toyota-yaris-15-hybrid-e-cvt-85kw-2023-aj-na-splatky-protiucet_39_max.webp","medium":"https:\/\/cdn.assetlog.ai\/assets\/154785\/toyota-yaris-15-hybrid-e-cvt-85kw-2023-aj-na-splatky-protiucet_39_medium.webp","small":"https:\/\/cdn.assetlog.ai\/assets\/154785\/toyota-yaris-15-hybrid-e-cvt-85kw-2023-aj-na-splatky-protiucet_39_small.webp"},{"id":116367,"max":"https:\/\/cdn.assetlog.ai\/assets\/154785\/toyota-yaris-15-hybrid-e-cvt-85kw-2023-aj-na-splatky-protiucet_40_max.webp","medium":"https:\/\/cdn.assetlog.ai\/assets\/154785\/toyota-yaris-15-hybrid-e-cvt-85kw-2023-aj-na-splatky-protiucet_40_medium.webp","small":"https:\/\/cdn.assetlog.ai\/assets\/154785\/toyota-yaris-15-hybrid-e-cvt-85kw-2023-aj-na-splatky-protiucet_40_small.webp"}],"published_at":null,"expires_at":null,"created_at":"2026-08-15T03:41:56+00:00","updated_at":"2026-09-01T03:40:23+00:00"}}