{"data":{"id":186274,"slug":"vikarierande-larare-i-svenska","type":"job","title":"Vikarierande l\u00e4rare i svenska","description":"V\u00e5rg\u00e5rda kommun \u2013 h\u00e4r lyckas vi tillsammans!\r\n\r\nV\u00e4lkommen till V\u00e5rg\u00e5rda kommun och en arbetsplats d\u00e4r du f\u00e5r utvecklas och g\u00f6ra skillnad varje dag. Med respektfullt bem\u00f6tande och h\u00f6g tillg\u00e4nglighet g\u00f6r vi allt f\u00f6r att leverera v\u00e4lf\u00e4rdstj\u00e4nster som \u00f6vertr\u00e4ffar inv\u00e5narnas f\u00f6rv\u00e4ntningar. Med utg\u00e5ngspunkt i v\u00e5r vision, v\u00e5r gemensamma v\u00e4rdegrund och tydliga politiska m\u00e5l bygger vi f\u00f6r stark tillv\u00e4xt och ett attraktivt arbetsgivarvarum\u00e4rke.\r\n\r\nI V\u00e5rg\u00e5rda kommun arbetar vi tillsammans med fokus p\u00e5 verksamhetens syfte och inv\u00e5narnas behov. Vi vill vara en plats d\u00e4r dr\u00f6mmar kan bli verklighet, d\u00e4r trygghet och aktivitet g\u00e5r hand i hand och d\u00e4r alla kan k\u00e4nna sig hemma. Tillsammans forts\u00e4tter vi att utveckla en kommun d\u00e4r det \u00e4r gott att leva, bo och verka!\n\nGullh\u00f6gskolan \u00e4r V\u00e5rg\u00e5rda kommuns h\u00f6gstadieskola med c:a 400 elever. H\u00e4r samlas alla kommunens ungdomar f\u00f6r att gemensamt genomf\u00f6ra den sista etappen av grundskolan tillsammans. Vi befinner oss centralt i V\u00e5rg\u00e5rda och du tar dig l\u00e4tt hit fr\u00e5n kranskommunerna. V\u00e5r skola \u00e4r en plats att vara stolt \u00f6ver.\n\nVarje dag arbetar h\u00e4r drygt 60 personal f\u00f6r v\u00e5ra h\u00e4rliga elever. Vi \u00e4r organiserade i arbetslag runt tre klasser i samma \u00e5rskurs och i \u00e4mneslag f\u00f6r samarbete och st\u00f6d i \u00e4mnesutvecklingen. Du kommer att ing\u00e5 arbetslaget 8:1 och i \u00e4mneslaget f\u00f6r svenska och svenska som andraspr\u00e5k. Tillsammans ansvarar ni f\u00f6r elevernas kunskapsutveckling.\n\nF\u00f6rutom skolans undervisande l\u00e4rare har vi ett komplett elevh\u00e4lsoteam med 1\u20132 personer per profession. Som en f\u00f6rgrening fr\u00e5n EHT finns specteamet som ger eleverna st\u00f6d i sitt l\u00e4rande och sociala teamet som st\u00f6djer den sociala utvecklingen med rastaktiviteter, vuxenn\u00e4rvaro, arbetet mot kr\u00e4nkande behandling och arbete f\u00f6r n\u00e4rvaro. Vi har en egen vaktm\u00e4stare, fantastisk skolmatsal, expedition och ett fint skolbibliotek med utbildad bibliotekarie i samarbete med l\u00e4rare med tj\u00e4nst i biblioteket. Vi har ocks\u00e5 en s\u00e4rskild undervisningsgrupp, anpassad grundskola, f\u00f6rberedelsegrupp och ansvarar f\u00f6r modersm\u00e5lsundervisning och studiehandledning p\u00e5 kommunens grundskolor.\n\nVi fokuserar p\u00e5 kognitionsvetenskap om l\u00e4rande och undervisning, att l\u00e4sa analogt, skriva f\u00f6r hand, anv\u00e4nda \u00e5terkallning i undervisningen och att praktiska \u00e4mnen ska f\u00e5 vara just praktiska i s\u00e5 stor utstr\u00e4ckning som m\u00f6jligt. Hos oss f\u00e5r du stor tillit till din profession och goda m\u00f6jligheter att b\u00e5de arbeta sj\u00e4lvst\u00e4ndigt och i grupp, samt ges m\u00f6jlighet till utveckling. V\u00e4lkommen!\r\n\r\n1 plats(er). \r\n\r\nARBETSUPPGIFTER\r\nDina arbetsuppgifter \u00e4r f\u00f6r l\u00e4rare sedvanliga, s\u00e5 som bland annat:\n\n\u00b7 \u00a0 \u00a0 \u00a0 Planering, genomf\u00f6rande och utveckling av undervisningen\n\n\u00b7 \u00a0 \u00a0 \u00a0 Bed\u00f6mning och betygss\u00e4ttning\n\n\u00b7 \u00a0 \u00a0 \u00a0 Samverkan med elever, v\u00e5rdnadshavare, kollegor och ledning\r\n\r\nKVALIFIKATIONER\r\nVi som dig som har l\u00e4rarlegitimation med beh\u00f6righet att undervisa i svenska.\r\n\r\nAnst\u00e4llningsform: Tidsbegr\u00e4nsad anst\u00e4llning.\r\nVaraktighet:, tilltr\u00e4de: 2026-12-01  , upph\u00f6r: 2027-12-17  .\r\n\r\nF\u00f6r att kvalitetss\u00e4kra rekryteringsprocessen i V\u00e5rg\u00e5rda kommun samt m\u00f6jligg\u00f6ra god kommunikation med v\u00e5ra s\u00f6kande ber vi dig skicka in din ans\u00f6kan digitalt och inte via e-post eller pappersformat.\n\nTill vissa av kommunens tj\u00e4nster kr\u00e4vs det ett utdrag fr\u00e5n misstanke- och belastningsregister innan anst\u00e4llning kan ske. Vi kommer d\u00e4rf\u00f6r efterfr\u00e5ga detta av dig som erbjuds anst\u00e4llning hos oss i V\u00e5rg\u00e5rda Kommun. Utdraget f\u00e5r inte vara \u00e4ldre \u00e4n 6 m\u00e5nader.\n\nVarmt v\u00e4lkommen med din ans\u00f6kan!\n\nTill bemannings- och rekryteringsf\u00f6retag och till dig som s\u00e4ljare: \n\nV\u00e5rg\u00e5rda kommun har gjort sitt medieval f\u00f6r rekrytering och undanber oss alla erbjudanden om annonserings- och rekryteringshj\u00e4lp i samband med denna annons.","language":"sv","is_translated":false,"price":null,"currency":"SEK","status":"active","noindex":true,"location":{"address":"Kungsgatan 45","full_address":null,"city":"V\u00e5rg\u00e5rda","country":"SE","latitude":57.9284194,"longitude":12.5715893},"metadata":{"region":"V\u00e4stra G\u00f6talands l\u00e4n","duration":"Tills vidare","employer":"V\u00e5rg\u00e5rda kommun","postcode":"44780","positions":1,"profession":"L\u00e4rare i grundskolan, \u00e5rskurs 7-9","salary_type":"Fast m\u00e5nads- vecko- eller timl\u00f6n","scope_of_work":"100\u2013100 %","working_hours":"Heltid","contact_person":"Johanna   Vidjeskog","employment_type":"full_time","occupation_field":"Pedagogik","employer_workplace":"V\u00e5rg\u00e5rda kommun, Utbildning F-9","experience_required":true,"employment_type_label":"Vanlig anst\u00e4llning"},"user_id":null,"is_sponsored":false,"views_count":0,"ai_views_count":1,"ai_vendor_counts":{"anthropic":1},"visibility":"public","submission_source":null,"submission_ai_name":null,"has_owner_email":true,"can_contact_owner":true,"phone":"+46733475161","owner_email":"johanna.vidjeskog@vargarda.se","images":[],"published_at":"2026-09-03T21:05:09+00:00","expires_at":"2026-09-10T23:59:59+00:00","created_at":"2026-09-04T03:21:50+00:00","updated_at":"2026-09-04T03:21:50+00:00"}}