{"data":{"id":165864,"slug":"volkswagen-crafter-2018-103kw-at8-aj-na-splatky-protiucet","type":"vehicle","title":"Volkswagen Crafter 2018 103kW AT\/8 \/ AJ ON INSTALLMENTS \/ TRADE-IN","description":"Commission sale - you purchase the vehicle directly from the owner.\n\nCOMMUNICATION: SK, HU, EN\nFINANCING \/ WARRANTY \/ TRADE-IN\n\nI am selling a Volkswagen Crafter commercial van, year of manufacture 2018, in light red color. The vehicle is equipped with a diesel engine with a power output of 103 kW (140 HP), front-wheel drive and an 8-speed automatic transmission. VAT deduction can be applied to this vehicle.\n\nThe vehicle has passed insurance record checks, execution checks, paint measurement and document verification. Physically inspected, also verified through the vehicle operating records registry. The mileage may still be subject to adjustment.\n\nWe offer favorable financing for monthly installments, so you can enjoy your new car immediately without waiting with 0% down payment and installments up to 96 months. Through the Autorro booth, you can fill out a non-binding financing form.\nFor your greater comfort and security, we can also provide you with extended warranty up to 12 - 36 months.\n\nIf you already own a car, we will take it from you directly in trade - we will evaluate it and deduct its value from the price of your new vehicle.\n\nThe above equipment is for information purposes only and does not constitute a legal claim. The seller reserves the right to unintentional errors in the description.\n\nWe are happy to provide you with further information at telephone number 0949 394 685, the vehicle is located in Horn\u00e9 M\u00fdto. Registration number: AA811SE. Technical inspection valid until: 5. 11. 2026. Technical inspection valid until: 5. 11. 2026.\n\nTechnical specifications\n\nYear: 11\/18, 1968 cm\u00b3, 103 kW (140 HP), Drive: Front-wheel drive, Automatic transmission (8-speed), Diesel, EURO 6, 4-door, (3-seater), 150,311 km, Light red, VIN WV1ZZZSYZJ9053017\n\nVehicle consumption (l\/100km)\n\nIn city: , outside city: , combined: 7.4\n\nPossible lease, Possible VAT deduction, Possible loan","language":"cs","is_translated":true,"title_original":"Volkswagen Crafter 2018 103kW AT\/8 \/ AJ NA SPL\u00c1TKY \/ PROTI\u00da\u010cET","description_original":"Komisn\u00ed prodej - vozidlo kupujete p\u0159\u00edmo od majitele.\n\nKOMUNIKACE: SK, HU, EN\nFINANCOV\u00c1N\u00cd \/ Z\u00c1RUKA \/ PROTI\u00da\u010cET\n\nProd\u00e1v\u00e1m u\u017eitkovou dod\u00e1vku Volkswagen Crafter, rok v\u00fdroby 2018, v barv\u011b sv\u011btle \u010derven\u00e9.Vozidlo je vybaveno naftov\u00fdm motorem o v\u00fdkonu 103 kW (140 HP), pohonem p\u0159edn\u00edch kol a 8stup\u0148ovou automatickou p\u0159evodovkou. U tohoto vozidla je mo\u017en\u00e9 uplatnit odpo\u010det DPH.\n\nVozidlo pro\u0161lo kontrolou z\u00e1znam\u016f o poji\u0161t\u011bn\u00ed, exekuc\u00ed, m\u011b\u0159en\u00edm laku a kontrolou doklad\u016f. Zkontrolov\u00e1no fyzicky, tak\u00e9 prost\u0159ednictv\u00edm registru provozn\u00edch z\u00e1znam\u016f vozidla. Najet\u00e9 kilometry mohou b\u00fdt je\u0161t\u011b p\u0159i\u010dteny.\n\nNab\u00edz\u00edme v\u00fdhodn\u00e9 financov\u00e1n\u00ed na m\u011bs\u00ed\u010dn\u00ed spl\u00e1tky, tak\u017ee si sv\u016fj nov\u00fd v\u016fz m\u016f\u017eete u\u017e\u00edvat hned a bez \u010dek\u00e1n\u00ed s akontac\u00ed 0 % a spl\u00e1tkami a\u017e na 96 m\u011bs\u00edc\u016f. Prost\u0159ednictv\u00edm st\u00e1nku Autorro m\u016f\u017eete vyplnit nez\u00e1vazn\u00fd formul\u00e1\u0159 pro financov\u00e1n\u00ed.\nPro va\u0161e v\u011bt\u0161\u00ed pohodl\u00ed a jistotu v\u00e1m m\u016f\u017eeme poskytnout tak\u00e9 prodlou\u017eenou z\u00e1ruku a\u017e na 12 - 36 m\u011bs\u00edc\u016f.\n\nPokud ji\u017e n\u011bjak\u00e9 auto vlastn\u00edte, vezmeme si ho od v\u00e1s p\u0159\u00edmo na opl\u00e1tku - ocen\u00edme ho a jeho cenu ode\u010dteme od hodnoty va\u0161eho nov\u00e9ho vozu.\n\nV\u00fd\u0161e uveden\u00e9 vybaven\u00ed m\u00e1 pouze informativn\u00ed charakter a nezakl\u00e1d\u00e1 pr\u00e1vn\u00ed n\u00e1rok. Prod\u00e1vaj\u00edc\u00ed si vyhrazuje pr\u00e1vo na ne\u00famysln\u00e9 chyby v popisu.\n\nDal\u0161\u00ed informace v\u00e1m r\u00e1di poskytneme na telefonn\u00edm \u010d\u00edsle 0949 394 685, vozidlo se nach\u00e1z\u00ed v Horn\u00e9m M\u00fdt\u011b. Registra\u010dn\u00ed \u010d\u00edslo: AA811SE. Platnost technick\u00e9 kontroly do: 5. 11. 2026. Platnost technick\u00e9 prohl\u00eddky do: 5. 11. 2026.\n\nTechnick\u00e9 \u00fadaje\n\nv.v.: 11\/18, 1968cm\u00b3, 103kW (140PS), Pohon: Pohon p\u0159edn\u00edch kol, Automatick\u00e1 p\u0159evodovka (8 st.), Diesel, EURO 6, 4 dv., (3-m\u00edstn\u00fd), 150 311km, \u010cerven\u00e1 sv\u011btl\u00e1, VIN WV1ZZZSYZJ9053017\n\nSpot\u0159eba vozidla (l\/100km)\n\nVe m\u011bst\u011b: , mimo m\u011bsto: , kombinovan\u00e1: 7.4\n\nMo\u017en\u00fd leasing, Mo\u017en\u00fd odpo\u010det DPH, Mo\u017en\u00fd \u00fav\u011br","price":"386318.00","currency":"CZK","status":"active","noindex":true,"location":{"address":null,"full_address":null,"city":"Dunajsk\u00e1 Streda","country":"SK","latitude":47.9956165,"longitude":17.6162934},"metadata":{"vin":"WV1ZZZSYZJ9053017","fuel":"diesel","year":2018,"brand":"Volkswagen","color":"Red","doors":4,"drive":"Front-wheel drive","model":"Crafter","seats":3,"region":"Trnavsk\u00fd kraj","mileage":150311,"emisions":"Euro 6","features":["Alarm","EBD\/EBV","Posilova\u010d \u0159\u00edzen\u00ed","ABS","ESP","Brzdov\u00fd asistent (EBA, BAS)","Manu\u00e1ln\u00ed klimatizace","CD p\u0159ehr\u00e1va\u010d","Centr\u00e1ln\u00ed zamyk\u00e1n\u00ed","P\u0159edn\u00ed el. stahovateln\u00e1 okna","Centr\u00e1ln\u00ed zamyk\u00e1n\u00ed na d\u00e1lkov\u00e9 ovl\u00e1d\u00e1n\u00ed","Autor\u00e1dio","Vyh\u0159\u00edvan\u00e9 \u010deln\u00ed sklo","Multifunk\u010dn\u00ed volant","Apple Car Play","Android Auto","Imobiliz\u00e9r","Palubn\u00ed po\u010d\u00edta\u010d","Navigace","Tempomat","Vyh\u0159\u00edvan\u00e1 sedadla","Elektricky vyh\u0159\u00edvan\u00e1 zp\u011btn\u00e1 zrc\u00e1tka","Senzor st\u011bra\u010d\u016f","Sv\u011bteln\u00fd senzor","Start\/Stop syst\u00e9m","P\u0159edn\u00ed a zadn\u00ed parkovac\u00ed senzory","Bluetooth","Mo\u017en\u00fd leasing","Mo\u017en\u00fd odpo\u010det DPH","Mo\u017en\u00fd \u00faver","Odo-pass"],"power_kw":103,"body_type":"Van","condition":"Used","transmission":"automatic","vat_deductible":true,"consumption_city":null,"translation_hash":"7a85e939ef86ae423cab1888a1abfdf36009a9bd","vehicle_category":"van","engine_volume_cm3":1968,"first_registration":"2018-11-01","translation_status":"done","consumption_highway":null,"consumption_combined":7.4},"user_id":34,"is_sponsored":false,"views_count":6,"ai_views_count":9,"ai_vendor_counts":{"meta":3,"other":2,"openai":2,"anthropic":2},"visibility":"public","submission_source":null,"submission_ai_name":null,"has_owner_email":true,"can_contact_owner":true,"phone":"0949 394 685","owner_email":"forro@autorro.sk","user":{"id":34,"slug":"balint-forro-34","name":"B\u00e1lint Forr\u00f3","bio":"Makl\u00e9r. P\u016fsob\u00edm v Dunajskej Strede, Galante a okol\u00ed.\n\nP\u016fsobnost: Dunajsk\u00e1 Streda, Galanta","nationality":"SK","languages":["cs","sk"],"service_areas":[],"card_style":null,"card_palette":null,"avatar_url":"https:\/\/cdn.assetlog.ai\/avatars\/34\/avatar_max.webp?v=1786535213","avatar_thumb_url":"https:\/\/cdn.assetlog.ai\/avatars\/34\/avatar_small.webp?v=1786535213","reviews_count":0,"avg_rating":null,"seller_badge":"silver","can_calendar":true,"joined_at":"2026-06-07T07:44:52+00:00","primary_intent":null,"seeking":[],"public_assets_count":47,"public_prompts_count":0,"followers_count":0},"images":[{"id":134935,"max":"https:\/\/cdn.assetlog.ai\/assets\/165864\/volkswagen-crafter-2018-103kw-at8-aj-na-splatky-protiucet_1_max.webp","medium":"https:\/\/cdn.assetlog.ai\/assets\/165864\/volkswagen-crafter-2018-103kw-at8-aj-na-splatky-protiucet_1_medium.webp","small":"https:\/\/cdn.assetlog.ai\/assets\/165864\/volkswagen-crafter-2018-103kw-at8-aj-na-splatky-protiucet_1_small.webp"},{"id":134936,"max":"https:\/\/cdn.assetlog.ai\/assets\/165864\/volkswagen-crafter-2018-103kw-at8-aj-na-splatky-protiucet_2_max.webp","medium":"https:\/\/cdn.assetlog.ai\/assets\/165864\/volkswagen-crafter-2018-103kw-at8-aj-na-splatky-protiucet_2_medium.webp","small":"https:\/\/cdn.assetlog.ai\/assets\/165864\/volkswagen-crafter-2018-103kw-at8-aj-na-splatky-protiucet_2_small.webp"},{"id":134937,"max":"https:\/\/cdn.assetlog.ai\/assets\/165864\/volkswagen-crafter-2018-103kw-at8-aj-na-splatky-protiucet_3_max.webp","medium":"https:\/\/cdn.assetlog.ai\/assets\/165864\/volkswagen-crafter-2018-103kw-at8-aj-na-splatky-protiucet_3_medium.webp","small":"https:\/\/cdn.assetlog.ai\/assets\/165864\/volkswagen-crafter-2018-103kw-at8-aj-na-splatky-protiucet_3_small.webp"},{"id":134938,"max":"https:\/\/cdn.assetlog.ai\/assets\/165864\/volkswagen-crafter-2018-103kw-at8-aj-na-splatky-protiucet_4_max.webp","medium":"https:\/\/cdn.assetlog.ai\/assets\/165864\/volkswagen-crafter-2018-103kw-at8-aj-na-splatky-protiucet_4_medium.webp","small":"https:\/\/cdn.assetlog.ai\/assets\/165864\/volkswagen-crafter-2018-103kw-at8-aj-na-splatky-protiucet_4_small.webp"},{"id":134939,"max":"https:\/\/cdn.assetlog.ai\/assets\/165864\/volkswagen-crafter-2018-103kw-at8-aj-na-splatky-protiucet_5_max.webp","medium":"https:\/\/cdn.assetlog.ai\/assets\/165864\/volkswagen-crafter-2018-103kw-at8-aj-na-splatky-protiucet_5_medium.webp","small":"https:\/\/cdn.assetlog.ai\/assets\/165864\/volkswagen-crafter-2018-103kw-at8-aj-na-splatky-protiucet_5_small.webp"},{"id":134940,"max":"https:\/\/cdn.assetlog.ai\/assets\/165864\/volkswagen-crafter-2018-103kw-at8-aj-na-splatky-protiucet_6_max.webp","medium":"https:\/\/cdn.assetlog.ai\/assets\/165864\/volkswagen-crafter-2018-103kw-at8-aj-na-splatky-protiucet_6_medium.webp","small":"https:\/\/cdn.assetlog.ai\/assets\/165864\/volkswagen-crafter-2018-103kw-at8-aj-na-splatky-protiucet_6_small.webp"},{"id":134941,"max":"https:\/\/cdn.assetlog.ai\/assets\/165864\/volkswagen-crafter-2018-103kw-at8-aj-na-splatky-protiucet_7_max.webp","medium":"https:\/\/cdn.assetlog.ai\/assets\/165864\/volkswagen-crafter-2018-103kw-at8-aj-na-splatky-protiucet_7_medium.webp","small":"https:\/\/cdn.assetlog.ai\/assets\/165864\/volkswagen-crafter-2018-103kw-at8-aj-na-splatky-protiucet_7_small.webp"},{"id":134942,"max":"https:\/\/cdn.assetlog.ai\/assets\/165864\/volkswagen-crafter-2018-103kw-at8-aj-na-splatky-protiucet_8_max.webp","medium":"https:\/\/cdn.assetlog.ai\/assets\/165864\/volkswagen-crafter-2018-103kw-at8-aj-na-splatky-protiucet_8_medium.webp","small":"https:\/\/cdn.assetlog.ai\/assets\/165864\/volkswagen-crafter-2018-103kw-at8-aj-na-splatky-protiucet_8_small.webp"},{"id":134943,"max":"https:\/\/cdn.assetlog.ai\/assets\/165864\/volkswagen-crafter-2018-103kw-at8-aj-na-splatky-protiucet_9_max.webp","medium":"https:\/\/cdn.assetlog.ai\/assets\/165864\/volkswagen-crafter-2018-103kw-at8-aj-na-splatky-protiucet_9_medium.webp","small":"https:\/\/cdn.assetlog.ai\/assets\/165864\/volkswagen-crafter-2018-103kw-at8-aj-na-splatky-protiucet_9_small.webp"},{"id":134944,"max":"https:\/\/cdn.assetlog.ai\/assets\/165864\/volkswagen-crafter-2018-103kw-at8-aj-na-splatky-protiucet_10_max.webp","medium":"https:\/\/cdn.assetlog.ai\/assets\/165864\/volkswagen-crafter-2018-103kw-at8-aj-na-splatky-protiucet_10_medium.webp","small":"https:\/\/cdn.assetlog.ai\/assets\/165864\/volkswagen-crafter-2018-103kw-at8-aj-na-splatky-protiucet_10_small.webp"},{"id":134945,"max":"https:\/\/cdn.assetlog.ai\/assets\/165864\/volkswagen-crafter-2018-103kw-at8-aj-na-splatky-protiucet_11_max.webp","medium":"https:\/\/cdn.assetlog.ai\/assets\/165864\/volkswagen-crafter-2018-103kw-at8-aj-na-splatky-protiucet_11_medium.webp","small":"https:\/\/cdn.assetlog.ai\/assets\/165864\/volkswagen-crafter-2018-103kw-at8-aj-na-splatky-protiucet_11_small.webp"},{"id":134946,"max":"https:\/\/cdn.assetlog.ai\/assets\/165864\/volkswagen-crafter-2018-103kw-at8-aj-na-splatky-protiucet_12_max.webp","medium":"https:\/\/cdn.assetlog.ai\/assets\/165864\/volkswagen-crafter-2018-103kw-at8-aj-na-splatky-protiucet_12_medium.webp","small":"https:\/\/cdn.assetlog.ai\/assets\/165864\/volkswagen-crafter-2018-103kw-at8-aj-na-splatky-protiucet_12_small.webp"},{"id":134947,"max":"https:\/\/cdn.assetlog.ai\/assets\/165864\/volkswagen-crafter-2018-103kw-at8-aj-na-splatky-protiucet_13_max.webp","medium":"https:\/\/cdn.assetlog.ai\/assets\/165864\/volkswagen-crafter-2018-103kw-at8-aj-na-splatky-protiucet_13_medium.webp","small":"https:\/\/cdn.assetlog.ai\/assets\/165864\/volkswagen-crafter-2018-103kw-at8-aj-na-splatky-protiucet_13_small.webp"},{"id":134948,"max":"https:\/\/cdn.assetlog.ai\/assets\/165864\/volkswagen-crafter-2018-103kw-at8-aj-na-splatky-protiucet_14_max.webp","medium":"https:\/\/cdn.assetlog.ai\/assets\/165864\/volkswagen-crafter-2018-103kw-at8-aj-na-splatky-protiucet_14_medium.webp","small":"https:\/\/cdn.assetlog.ai\/assets\/165864\/volkswagen-crafter-2018-103kw-at8-aj-na-splatky-protiucet_14_small.webp"},{"id":134949,"max":"https:\/\/cdn.assetlog.ai\/assets\/165864\/volkswagen-crafter-2018-103kw-at8-aj-na-splatky-protiucet_15_max.webp","medium":"https:\/\/cdn.assetlog.ai\/assets\/165864\/volkswagen-crafter-2018-103kw-at8-aj-na-splatky-protiucet_15_medium.webp","small":"https:\/\/cdn.assetlog.ai\/assets\/165864\/volkswagen-crafter-2018-103kw-at8-aj-na-splatky-protiucet_15_small.webp"},{"id":134950,"max":"https:\/\/cdn.assetlog.ai\/assets\/165864\/volkswagen-crafter-2018-103kw-at8-aj-na-splatky-protiucet_16_max.webp","medium":"https:\/\/cdn.assetlog.ai\/assets\/165864\/volkswagen-crafter-2018-103kw-at8-aj-na-splatky-protiucet_16_medium.webp","small":"https:\/\/cdn.assetlog.ai\/assets\/165864\/volkswagen-crafter-2018-103kw-at8-aj-na-splatky-protiucet_16_small.webp"},{"id":134951,"max":"https:\/\/cdn.assetlog.ai\/assets\/165864\/volkswagen-crafter-2018-103kw-at8-aj-na-splatky-protiucet_17_max.webp","medium":"https:\/\/cdn.assetlog.ai\/assets\/165864\/volkswagen-crafter-2018-103kw-at8-aj-na-splatky-protiucet_17_medium.webp","small":"https:\/\/cdn.assetlog.ai\/assets\/165864\/volkswagen-crafter-2018-103kw-at8-aj-na-splatky-protiucet_17_small.webp"},{"id":134952,"max":"https:\/\/cdn.assetlog.ai\/assets\/165864\/volkswagen-crafter-2018-103kw-at8-aj-na-splatky-protiucet_18_max.webp","medium":"https:\/\/cdn.assetlog.ai\/assets\/165864\/volkswagen-crafter-2018-103kw-at8-aj-na-splatky-protiucet_18_medium.webp","small":"https:\/\/cdn.assetlog.ai\/assets\/165864\/volkswagen-crafter-2018-103kw-at8-aj-na-splatky-protiucet_18_small.webp"},{"id":134953,"max":"https:\/\/cdn.assetlog.ai\/assets\/165864\/volkswagen-crafter-2018-103kw-at8-aj-na-splatky-protiucet_19_max.webp","medium":"https:\/\/cdn.assetlog.ai\/assets\/165864\/volkswagen-crafter-2018-103kw-at8-aj-na-splatky-protiucet_19_medium.webp","small":"https:\/\/cdn.assetlog.ai\/assets\/165864\/volkswagen-crafter-2018-103kw-at8-aj-na-splatky-protiucet_19_small.webp"},{"id":134954,"max":"https:\/\/cdn.assetlog.ai\/assets\/165864\/volkswagen-crafter-2018-103kw-at8-aj-na-splatky-protiucet_20_max.webp","medium":"https:\/\/cdn.assetlog.ai\/assets\/165864\/volkswagen-crafter-2018-103kw-at8-aj-na-splatky-protiucet_20_medium.webp","small":"https:\/\/cdn.assetlog.ai\/assets\/165864\/volkswagen-crafter-2018-103kw-at8-aj-na-splatky-protiucet_20_small.webp"},{"id":134955,"max":"https:\/\/cdn.assetlog.ai\/assets\/165864\/volkswagen-crafter-2018-103kw-at8-aj-na-splatky-protiucet_21_max.webp","medium":"https:\/\/cdn.assetlog.ai\/assets\/165864\/volkswagen-crafter-2018-103kw-at8-aj-na-splatky-protiucet_21_medium.webp","small":"https:\/\/cdn.assetlog.ai\/assets\/165864\/volkswagen-crafter-2018-103kw-at8-aj-na-splatky-protiucet_21_small.webp"},{"id":134956,"max":"https:\/\/cdn.assetlog.ai\/assets\/165864\/volkswagen-crafter-2018-103kw-at8-aj-na-splatky-protiucet_22_max.webp","medium":"https:\/\/cdn.assetlog.ai\/assets\/165864\/volkswagen-crafter-2018-103kw-at8-aj-na-splatky-protiucet_22_medium.webp","small":"https:\/\/cdn.assetlog.ai\/assets\/165864\/volkswagen-crafter-2018-103kw-at8-aj-na-splatky-protiucet_22_small.webp"},{"id":134957,"max":"https:\/\/cdn.assetlog.ai\/assets\/165864\/volkswagen-crafter-2018-103kw-at8-aj-na-splatky-protiucet_23_max.webp","medium":"https:\/\/cdn.assetlog.ai\/assets\/165864\/volkswagen-crafter-2018-103kw-at8-aj-na-splatky-protiucet_23_medium.webp","small":"https:\/\/cdn.assetlog.ai\/assets\/165864\/volkswagen-crafter-2018-103kw-at8-aj-na-splatky-protiucet_23_small.webp"},{"id":134958,"max":"https:\/\/cdn.assetlog.ai\/assets\/165864\/volkswagen-crafter-2018-103kw-at8-aj-na-splatky-protiucet_24_max.webp","medium":"https:\/\/cdn.assetlog.ai\/assets\/165864\/volkswagen-crafter-2018-103kw-at8-aj-na-splatky-protiucet_24_medium.webp","small":"https:\/\/cdn.assetlog.ai\/assets\/165864\/volkswagen-crafter-2018-103kw-at8-aj-na-splatky-protiucet_24_small.webp"},{"id":134959,"max":"https:\/\/cdn.assetlog.ai\/assets\/165864\/volkswagen-crafter-2018-103kw-at8-aj-na-splatky-protiucet_25_max.webp","medium":"https:\/\/cdn.assetlog.ai\/assets\/165864\/volkswagen-crafter-2018-103kw-at8-aj-na-splatky-protiucet_25_medium.webp","small":"https:\/\/cdn.assetlog.ai\/assets\/165864\/volkswagen-crafter-2018-103kw-at8-aj-na-splatky-protiucet_25_small.webp"},{"id":134960,"max":"https:\/\/cdn.assetlog.ai\/assets\/165864\/volkswagen-crafter-2018-103kw-at8-aj-na-splatky-protiucet_26_max.webp","medium":"https:\/\/cdn.assetlog.ai\/assets\/165864\/volkswagen-crafter-2018-103kw-at8-aj-na-splatky-protiucet_26_medium.webp","small":"https:\/\/cdn.assetlog.ai\/assets\/165864\/volkswagen-crafter-2018-103kw-at8-aj-na-splatky-protiucet_26_small.webp"},{"id":134961,"max":"https:\/\/cdn.assetlog.ai\/assets\/165864\/volkswagen-crafter-2018-103kw-at8-aj-na-splatky-protiucet_27_max.webp","medium":"https:\/\/cdn.assetlog.ai\/assets\/165864\/volkswagen-crafter-2018-103kw-at8-aj-na-splatky-protiucet_27_medium.webp","small":"https:\/\/cdn.assetlog.ai\/assets\/165864\/volkswagen-crafter-2018-103kw-at8-aj-na-splatky-protiucet_27_small.webp"},{"id":134962,"max":"https:\/\/cdn.assetlog.ai\/assets\/165864\/volkswagen-crafter-2018-103kw-at8-aj-na-splatky-protiucet_28_max.webp","medium":"https:\/\/cdn.assetlog.ai\/assets\/165864\/volkswagen-crafter-2018-103kw-at8-aj-na-splatky-protiucet_28_medium.webp","small":"https:\/\/cdn.assetlog.ai\/assets\/165864\/volkswagen-crafter-2018-103kw-at8-aj-na-splatky-protiucet_28_small.webp"}],"published_at":null,"expires_at":null,"created_at":"2026-08-21T03:40:23+00:00","updated_at":"2026-09-02T03:41:34+00:00"}}