{"data":{"id":174840,"slug":"volkswagen-golf-14-tsi-92kw-2018-aj-na-splatky-protiucet","type":"vehicle","title":"Volkswagen Golf 1.4 TSI, 92kW (2018) \/ FINANCING AVAILABLE \/ TRADE-IN \/","description":"Volkswagen Golf 1.4 TSI, 92 kW (2018) \u2013 style, comfort and pleasant driving\n\nAn elegant and timeless **Volkswagen Golf** with a **1.4 TSI petrol engine delivering 92 kW** offers an excellent combination of spirited driving, comfort and practicality. Thanks to its pleasant engine and solid equipment, it is an ideal choice for both everyday commuting and longer journeys.\n\n**Equipment:**\n- Parking sensors front and rear\n- Adaptive cruise control\n- Automatic dual-zone air conditioning\n- Electrically operated front and rear windows\n- Electrically adjustable and heated side mirrors\n\nThe Golf is simply **a universal car for those seeking comfort, good driving characteristics and modern equipment all in one.**\n\nThis is a Slovak vehicle, currently owned by its second owner. The first owner had the vehicle serviced exclusively at an authorized service center, while the current owner has continued with regular maintenance at independent service centers. At 135,000 km, the front and rear brakes were completely replaced.\n\nThe vehicle is in excellent technical condition and also looks very good visually.\n\nThe vehicle is equipped with alloy wheels and all-season tires 195\/65 R15 by Barum.\n\nWe will refinance your vehicle conveniently, quickly and hassle-free. We will adapt the monthly payment to your requirements with a down payment from 0% and installments for up to 96 months. If you have been running a business for at least 3 months, you have the option to get the vehicle on installments up to 15,000 without providing proof of income and from 0% down payment.\n\nFor your greater peace of mind and security, we can provide you with extended warranty coverage of up to 12-36 months.\n\nIf you already own a car, you don't need to worry about selling it - we will take it directly from you instead. Just come to us with it, we will assess it and deduct the value from your new car. This way you save time, hassle and money, and the entire process will be quick and easy - you drive away in your new car without unnecessary paperwork.\n\nTHE VEHICLE IS LOCATED IN Ko\u0161ice. For more information, please call us at 0947 919 104.\n\nVehicle number: KE633LH. Technical certificate valid until: January 5, 2028. Technical inspection valid until: January 5, 2028.\n\nTechnical Data\n\nFirst registration: 01\/18, 1395cc, 92kW (125PS), Vehicle generation: , Drive: Front-wheel drive, Manual (6-speed), Petrol, EURO 6, 5-door, (5-seater), 159,134 km, Red, VIN WVWZZZAUZJP081121\n\nVehicle Consumption (l\/100km)\n\nCity: 6.7, Highway: 4.3, Combined: 5.2\n\nService booklet, Leasing available, Like new purchased in Slovakia, Financing available, TOP condition","language":"cs","is_translated":true,"title_original":"Volkswagen Golf 1.4 TSI, 92kW (2018) \/ AJ NA SPL\u00c1TKY \/ PROTI\u00da\u010cET \/","description_original":"Volkswagen Golf 1.4 TSI, 92 kW (2018) \u2013 styl, komfort a p\u0159\u00edjemn\u00e1 j\u00edzda\n\nElegantn\u00ed a nad\u010dasov\u00fd **Volkswagen Golf** s benz\u00ednov\u00fdm motorem **1.4 TSI o v\u00fdkonu 92 kW** nab\u00edz\u00ed skv\u011blou kombinaci svi\u017en\u00e9 j\u00edzdy, komfortu a prakti\u010dnosti. D\u00edky p\u0159\u00edjemn\u00e9mu motoru a slu\u0161n\u00e9 v\u00fdbav\u011b je ide\u00e1ln\u00ed volbou jak pro ka\u017edodenn\u00ed j\u00edzdu, tak i pro del\u0161\u00ed trasy.\n\n**V\u00fdbava:**\n- Parkovac\u00ed senzory vp\u0159edu i vzadu\n- Adaptivn\u00ed tempomat\n- Automatick\u00e1 dvouz\u00f3nov\u00e1 klimatizace\n- Elektricky ovl\u00e1dan\u00e1 p\u0159edn\u00ed a zadn\u00ed okna\n- Elektricky nastaviteln\u00e1 a vyh\u0159\u00edvan\u00e1 zp\u011btn\u00e1 zrc\u00e1tka\n\nGolf je prost\u011b **univerz\u00e1ln\u00ed v\u016fz pro ty, kte\u0159\u00ed hledaj\u00ed komfort, dobr\u00e9 j\u00edzdn\u00ed vlastnosti a modern\u00ed v\u00fdbavu v jednom.**\n\nJedn\u00e1 se o slovensk\u00e9 vozidlo, kter\u00e9 je v sou\u010dasn\u00e9 dob\u011b ve vlastnictv\u00ed druh\u00e9ho majitele. Prvn\u00ed majitel nech\u00e1val vozidlo servisovat v\u00fdhradn\u011b v autorizovan\u00e9m servisu, zat\u00edmco sou\u010dasn\u00fd majitel pokra\u010doval v pravideln\u00e9 \u00fadr\u017eb\u011b mimo autorizovan\u00fd servis. P\u0159i najet\u00fdch 135 000 km byly kompletn\u011b vym\u011bn\u011bny p\u0159edn\u00ed i zadn\u00ed brzdy.\n\nVozidlo je technicky ve v\u00fdborn\u00e9m stavu a i po vizu\u00e1ln\u00ed str\u00e1nce p\u016fsob\u00ed velmi dob\u0159e.\n\nVozidlo je vybaveno hlin\u00edkov\u00fdmi koly s celoro\u010dn\u00edmi pneumatikami 195\/65 R15 zna\u010dky Barum.\n\nVa\u0161e vozidlo refinancujeme pohodln\u011b, rychle a bezstarostn\u011b. M\u011bs\u00ed\u010dn\u00ed spl\u00e1tku p\u0159izp\u016fsob\u00edme va\u0161im po\u017eadavk\u016fm s akontac\u00ed od 0 % a spl\u00e1tkami a\u017e na 96 m\u011bs\u00edc\u016f. Pokud podnik\u00e1te alespo\u0148 3 m\u011bs\u00edce, m\u00e1te mo\u017enost vz\u00edt si vozidlo na spl\u00e1tky a\u017e do v\u00fd\u0161e 15 tis\u00edc bez dokl\u00e1d\u00e1n\u00ed p\u0159\u00edjm\u016f a od 0% akontace.\n\nPro va\u0161e v\u011bt\u0161\u00ed pohodl\u00ed a jistotu v\u00e1m m\u016f\u017eeme poskytnout prodlou\u017eenou z\u00e1ruku a\u017e na 12-36 m\u011bs\u00edc\u016f.\n\nPokud ji\u017e v\u016fz vlastn\u00edte, nemus\u00edte se zab\u00fdvat jeho prodejem - na opl\u00e1tku si ho od v\u00e1s p\u0159\u00edmo vezmeme. Sta\u010d\u00ed, kdy\u017e k n\u00e1m s n\u00edm p\u0159ijdete, my ho ocen\u00edme a n\u00e1klady ode\u010dteme od hodnoty va\u0161eho nov\u00e9ho vozu. U\u0161et\u0159\u00edte tak \u010das, starosti i pen\u00edze a cel\u00fd proces bude rychl\u00fd a snadn\u00fd - odjedete rovnou ve sv\u00e9m nov\u00e9m voze bez zbyte\u010dn\u00e9ho pap\u00edrov\u00e1n\u00ed.\n\nVOZIDLO SE NACH\u00c1Z\u00cd V Ko\u0161iciach. Viac inform\u00e1ci\u00ed V\u00e1m poskytneme na telefonn\u00edm \u010d\u00edsle 0947 919 104.\n\n\u010c\u00edslo vozidla: KE633LH. Platnost technick\u00e9ho osv\u011bd\u010den\u00ed do: 5. 1. 2028. Platnost technick\u00e9 prohl\u00eddky do: 5. 1. 2028.\n\nTechnick\u00e9 \u00fadaje\n\nv.v.: 01\/18, 1395cm\u00b3, 92kW (125PS), Generace vozidla: , Pohon: Pohon p\u0159edn\u00edch kol, Manu\u00e1ln\u00ed (6 st.), Benz\u00edn, EURO 6, 5 dv., (5-m\u00edstn\u00fd), 159 134km, \u010cerven\u00e1, VIN WVWZZZAUZJP081121\n\nSpot\u0159eba vozidla (l\/100km)\n\nVe m\u011bst\u011b: 6.7, mimo m\u011bsto: 4.3, kombinovan\u00e1: 5.2\n\nServisn\u00ed kn\u00ed\u017eka, Mo\u017en\u00fd leasing, Jako nov\u00e9 koupen\u00e9 v SR, Mo\u017en\u00fd \u00fav\u011br, TOP stav","price":"228903.00","currency":"CZK","status":"active","noindex":true,"location":{"address":null,"full_address":null,"city":"Ko\u0161ice","country":"SK","latitude":48.7172272,"longitude":21.2496774},"metadata":{"vin":"WVWZZZAUZJP081121","fuel":"petrol","year":2018,"brand":"Volkswagen","color":"Red","doors":5,"drive":"Front-wheel drive","model":"Golf","seats":5,"region":"Ko\u0161ick\u00fd kraj","mileage":159134,"emisions":"Euro 6","features":["Alarm","EBD\/EBV","Posilova\u010d \u0159\u00edzen\u00ed","ABS","ESP","Brzdov\u00fd asistent (EBA, BAS)","ISOFIX na zadn\u00edch sedadlech","Deaktivace airbagu spolujezdce","Senzor tlaku","Sledov\u00e1n\u00ed \u00fanavy \u0159idi\u010de","T\u00eds\u0148ov\u00e9 vol\u00e1n\u00ed","Centr\u00e1ln\u00ed zamyk\u00e1n\u00ed","Zadn\u00ed el. stahovateln\u00e1 okna","Elektricky nastaviteln\u00e1 zp\u011btn\u00e1 zrc\u00e1tka","Automatick\u00e1 2-z\u00f3nov\u00e1 klimatizace","Centr\u00e1ln\u00ed zamyk\u00e1n\u00ed na d\u00e1lkov\u00e9 ovl\u00e1d\u00e1n\u00ed","Autor\u00e1dio","Multifunk\u010dn\u00ed volant","Loketn\u00ed op\u011brka vp\u0159edu","Venkovn\u00ed teplom\u011br","Lit\u00e1 kola","Mlhovky","Imobiliz\u00e9r","Palubn\u00ed po\u010d\u00edta\u010d","Ta\u017en\u00e9 za\u0159\u00edzen\u00ed","Elektricky vyh\u0159\u00edvan\u00e1 zp\u011btn\u00e1 zrc\u00e1tka","Senzor st\u011bra\u010d\u016f","Sv\u011bteln\u00fd senzor","Start\/Stop syst\u00e9m","P\u0159edn\u00ed a zadn\u00ed parkovac\u00ed senzory","Adaptivn\u00ed tempomat","Bluetooth","Dotykov\u00e1 obrazovka","Serv. kni\u017eka","Mo\u017en\u00fd leasing","Ako nov\u00e9 k\u00fapen\u00e9 v SR","Mo\u017en\u00fd \u00faver","TOP stav!","Odo-pass","asistent rozjezdu do kopce","l\u00e1tkov\u00e9 \u010daloun\u011bn\u00ed","ko\u017een\u00fd volant","vyh\u0159\u00edvan\u00e9 zadn\u00ed sklo","dr\u017e\u00e1ky na n\u00e1poje","elektronick\u00e1 parkovac\u00ed brzda s funkc\u00ed Auto-Hold","zp\u011btn\u00e1 zrc\u00e1tka a kliky dve\u0159\u00ed lakovan\u00e9 v barv\u011b karoserie","elektricky nastaviteln\u00e1 a vyh\u0159\u00edvan\u00e1 zp\u011btn\u00e1 zrc\u00e1tka"],"power_kw":92,"body_type":"Hatchback","condition":"Used","transmission":"manual","vat_deductible":false,"consumption_city":6.7,"translation_hash":"bdaf8d9d8e5542af468a2b7e2a307859b6cdd306","vehicle_category":"car","engine_volume_cm3":1395,"first_registration":"2018-01-01","translation_status":"done","consumption_highway":4.3,"consumption_combined":5.2},"user_id":46,"is_sponsored":false,"views_count":6,"ai_views_count":9,"ai_vendor_counts":{"meta":4,"other":2,"openai":2,"anthropic":1},"visibility":"public","submission_source":null,"submission_ai_name":null,"has_owner_email":true,"can_contact_owner":true,"phone":"0947 919 104","owner_email":"tej@autorro.sk","user":{"id":46,"slug":"jan-tej-46","name":"J\u00e1n Tej","bio":"Makl\u00e9r. P\u016fsob\u00edm v Ko\u0161iciach a okol\u00ed.\n\nP\u016fsobnost: Ko\u0161ice","nationality":null,"languages":["cs","sk"],"service_areas":[],"card_style":null,"card_palette":null,"avatar_url":"https:\/\/cdn.assetlog.ai\/avatars\/46\/avatar_max.webp?v=1786535213","avatar_thumb_url":"https:\/\/cdn.assetlog.ai\/avatars\/46\/avatar_small.webp?v=1786535213","reviews_count":0,"avg_rating":null,"seller_badge":"silver","can_calendar":true},"images":[{"id":138388,"max":"https:\/\/cdn.assetlog.ai\/assets\/174840\/volkswagen-golf-14-tsi-92kw-2018-aj-na-splatky-protiucet_1_max.webp","medium":"https:\/\/cdn.assetlog.ai\/assets\/174840\/volkswagen-golf-14-tsi-92kw-2018-aj-na-splatky-protiucet_1_medium.webp","small":"https:\/\/cdn.assetlog.ai\/assets\/174840\/volkswagen-golf-14-tsi-92kw-2018-aj-na-splatky-protiucet_1_small.webp"},{"id":138389,"max":"https:\/\/cdn.assetlog.ai\/assets\/174840\/volkswagen-golf-14-tsi-92kw-2018-aj-na-splatky-protiucet_2_max.webp","medium":"https:\/\/cdn.assetlog.ai\/assets\/174840\/volkswagen-golf-14-tsi-92kw-2018-aj-na-splatky-protiucet_2_medium.webp","small":"https:\/\/cdn.assetlog.ai\/assets\/174840\/volkswagen-golf-14-tsi-92kw-2018-aj-na-splatky-protiucet_2_small.webp"},{"id":138390,"max":"https:\/\/cdn.assetlog.ai\/assets\/174840\/volkswagen-golf-14-tsi-92kw-2018-aj-na-splatky-protiucet_3_max.webp","medium":"https:\/\/cdn.assetlog.ai\/assets\/174840\/volkswagen-golf-14-tsi-92kw-2018-aj-na-splatky-protiucet_3_medium.webp","small":"https:\/\/cdn.assetlog.ai\/assets\/174840\/volkswagen-golf-14-tsi-92kw-2018-aj-na-splatky-protiucet_3_small.webp"},{"id":138391,"max":"https:\/\/cdn.assetlog.ai\/assets\/174840\/volkswagen-golf-14-tsi-92kw-2018-aj-na-splatky-protiucet_4_max.webp","medium":"https:\/\/cdn.assetlog.ai\/assets\/174840\/volkswagen-golf-14-tsi-92kw-2018-aj-na-splatky-protiucet_4_medium.webp","small":"https:\/\/cdn.assetlog.ai\/assets\/174840\/volkswagen-golf-14-tsi-92kw-2018-aj-na-splatky-protiucet_4_small.webp"},{"id":138392,"max":"https:\/\/cdn.assetlog.ai\/assets\/174840\/volkswagen-golf-14-tsi-92kw-2018-aj-na-splatky-protiucet_5_max.webp","medium":"https:\/\/cdn.assetlog.ai\/assets\/174840\/volkswagen-golf-14-tsi-92kw-2018-aj-na-splatky-protiucet_5_medium.webp","small":"https:\/\/cdn.assetlog.ai\/assets\/174840\/volkswagen-golf-14-tsi-92kw-2018-aj-na-splatky-protiucet_5_small.webp"},{"id":138393,"max":"https:\/\/cdn.assetlog.ai\/assets\/174840\/volkswagen-golf-14-tsi-92kw-2018-aj-na-splatky-protiucet_6_max.webp","medium":"https:\/\/cdn.assetlog.ai\/assets\/174840\/volkswagen-golf-14-tsi-92kw-2018-aj-na-splatky-protiucet_6_medium.webp","small":"https:\/\/cdn.assetlog.ai\/assets\/174840\/volkswagen-golf-14-tsi-92kw-2018-aj-na-splatky-protiucet_6_small.webp"},{"id":138394,"max":"https:\/\/cdn.assetlog.ai\/assets\/174840\/volkswagen-golf-14-tsi-92kw-2018-aj-na-splatky-protiucet_7_max.webp","medium":"https:\/\/cdn.assetlog.ai\/assets\/174840\/volkswagen-golf-14-tsi-92kw-2018-aj-na-splatky-protiucet_7_medium.webp","small":"https:\/\/cdn.assetlog.ai\/assets\/174840\/volkswagen-golf-14-tsi-92kw-2018-aj-na-splatky-protiucet_7_small.webp"},{"id":138395,"max":"https:\/\/cdn.assetlog.ai\/assets\/174840\/volkswagen-golf-14-tsi-92kw-2018-aj-na-splatky-protiucet_8_max.webp","medium":"https:\/\/cdn.assetlog.ai\/assets\/174840\/volkswagen-golf-14-tsi-92kw-2018-aj-na-splatky-protiucet_8_medium.webp","small":"https:\/\/cdn.assetlog.ai\/assets\/174840\/volkswagen-golf-14-tsi-92kw-2018-aj-na-splatky-protiucet_8_small.webp"},{"id":138396,"max":"https:\/\/cdn.assetlog.ai\/assets\/174840\/volkswagen-golf-14-tsi-92kw-2018-aj-na-splatky-protiucet_9_max.webp","medium":"https:\/\/cdn.assetlog.ai\/assets\/174840\/volkswagen-golf-14-tsi-92kw-2018-aj-na-splatky-protiucet_9_medium.webp","small":"https:\/\/cdn.assetlog.ai\/assets\/174840\/volkswagen-golf-14-tsi-92kw-2018-aj-na-splatky-protiucet_9_small.webp"},{"id":138397,"max":"https:\/\/cdn.assetlog.ai\/assets\/174840\/volkswagen-golf-14-tsi-92kw-2018-aj-na-splatky-protiucet_10_max.webp","medium":"https:\/\/cdn.assetlog.ai\/assets\/174840\/volkswagen-golf-14-tsi-92kw-2018-aj-na-splatky-protiucet_10_medium.webp","small":"https:\/\/cdn.assetlog.ai\/assets\/174840\/volkswagen-golf-14-tsi-92kw-2018-aj-na-splatky-protiucet_10_small.webp"},{"id":138398,"max":"https:\/\/cdn.assetlog.ai\/assets\/174840\/volkswagen-golf-14-tsi-92kw-2018-aj-na-splatky-protiucet_11_max.webp","medium":"https:\/\/cdn.assetlog.ai\/assets\/174840\/volkswagen-golf-14-tsi-92kw-2018-aj-na-splatky-protiucet_11_medium.webp","small":"https:\/\/cdn.assetlog.ai\/assets\/174840\/volkswagen-golf-14-tsi-92kw-2018-aj-na-splatky-protiucet_11_small.webp"},{"id":138399,"max":"https:\/\/cdn.assetlog.ai\/assets\/174840\/volkswagen-golf-14-tsi-92kw-2018-aj-na-splatky-protiucet_12_max.webp","medium":"https:\/\/cdn.assetlog.ai\/assets\/174840\/volkswagen-golf-14-tsi-92kw-2018-aj-na-splatky-protiucet_12_medium.webp","small":"https:\/\/cdn.assetlog.ai\/assets\/174840\/volkswagen-golf-14-tsi-92kw-2018-aj-na-splatky-protiucet_12_small.webp"},{"id":138400,"max":"https:\/\/cdn.assetlog.ai\/assets\/174840\/volkswagen-golf-14-tsi-92kw-2018-aj-na-splatky-protiucet_13_max.webp","medium":"https:\/\/cdn.assetlog.ai\/assets\/174840\/volkswagen-golf-14-tsi-92kw-2018-aj-na-splatky-protiucet_13_medium.webp","small":"https:\/\/cdn.assetlog.ai\/assets\/174840\/volkswagen-golf-14-tsi-92kw-2018-aj-na-splatky-protiucet_13_small.webp"},{"id":138401,"max":"https:\/\/cdn.assetlog.ai\/assets\/174840\/volkswagen-golf-14-tsi-92kw-2018-aj-na-splatky-protiucet_14_max.webp","medium":"https:\/\/cdn.assetlog.ai\/assets\/174840\/volkswagen-golf-14-tsi-92kw-2018-aj-na-splatky-protiucet_14_medium.webp","small":"https:\/\/cdn.assetlog.ai\/assets\/174840\/volkswagen-golf-14-tsi-92kw-2018-aj-na-splatky-protiucet_14_small.webp"},{"id":138402,"max":"https:\/\/cdn.assetlog.ai\/assets\/174840\/volkswagen-golf-14-tsi-92kw-2018-aj-na-splatky-protiucet_15_max.webp","medium":"https:\/\/cdn.assetlog.ai\/assets\/174840\/volkswagen-golf-14-tsi-92kw-2018-aj-na-splatky-protiucet_15_medium.webp","small":"https:\/\/cdn.assetlog.ai\/assets\/174840\/volkswagen-golf-14-tsi-92kw-2018-aj-na-splatky-protiucet_15_small.webp"},{"id":138403,"max":"https:\/\/cdn.assetlog.ai\/assets\/174840\/volkswagen-golf-14-tsi-92kw-2018-aj-na-splatky-protiucet_16_max.webp","medium":"https:\/\/cdn.assetlog.ai\/assets\/174840\/volkswagen-golf-14-tsi-92kw-2018-aj-na-splatky-protiucet_16_medium.webp","small":"https:\/\/cdn.assetlog.ai\/assets\/174840\/volkswagen-golf-14-tsi-92kw-2018-aj-na-splatky-protiucet_16_small.webp"},{"id":138404,"max":"https:\/\/cdn.assetlog.ai\/assets\/174840\/volkswagen-golf-14-tsi-92kw-2018-aj-na-splatky-protiucet_17_max.webp","medium":"https:\/\/cdn.assetlog.ai\/assets\/174840\/volkswagen-golf-14-tsi-92kw-2018-aj-na-splatky-protiucet_17_medium.webp","small":"https:\/\/cdn.assetlog.ai\/assets\/174840\/volkswagen-golf-14-tsi-92kw-2018-aj-na-splatky-protiucet_17_small.webp"},{"id":138405,"max":"https:\/\/cdn.assetlog.ai\/assets\/174840\/volkswagen-golf-14-tsi-92kw-2018-aj-na-splatky-protiucet_18_max.webp","medium":"https:\/\/cdn.assetlog.ai\/assets\/174840\/volkswagen-golf-14-tsi-92kw-2018-aj-na-splatky-protiucet_18_medium.webp","small":"https:\/\/cdn.assetlog.ai\/assets\/174840\/volkswagen-golf-14-tsi-92kw-2018-aj-na-splatky-protiucet_18_small.webp"},{"id":138406,"max":"https:\/\/cdn.assetlog.ai\/assets\/174840\/volkswagen-golf-14-tsi-92kw-2018-aj-na-splatky-protiucet_19_max.webp","medium":"https:\/\/cdn.assetlog.ai\/assets\/174840\/volkswagen-golf-14-tsi-92kw-2018-aj-na-splatky-protiucet_19_medium.webp","small":"https:\/\/cdn.assetlog.ai\/assets\/174840\/volkswagen-golf-14-tsi-92kw-2018-aj-na-splatky-protiucet_19_small.webp"},{"id":138407,"max":"https:\/\/cdn.assetlog.ai\/assets\/174840\/volkswagen-golf-14-tsi-92kw-2018-aj-na-splatky-protiucet_20_max.webp","medium":"https:\/\/cdn.assetlog.ai\/assets\/174840\/volkswagen-golf-14-tsi-92kw-2018-aj-na-splatky-protiucet_20_medium.webp","small":"https:\/\/cdn.assetlog.ai\/assets\/174840\/volkswagen-golf-14-tsi-92kw-2018-aj-na-splatky-protiucet_20_small.webp"},{"id":138408,"max":"https:\/\/cdn.assetlog.ai\/assets\/174840\/volkswagen-golf-14-tsi-92kw-2018-aj-na-splatky-protiucet_21_max.webp","medium":"https:\/\/cdn.assetlog.ai\/assets\/174840\/volkswagen-golf-14-tsi-92kw-2018-aj-na-splatky-protiucet_21_medium.webp","small":"https:\/\/cdn.assetlog.ai\/assets\/174840\/volkswagen-golf-14-tsi-92kw-2018-aj-na-splatky-protiucet_21_small.webp"},{"id":138409,"max":"https:\/\/cdn.assetlog.ai\/assets\/174840\/volkswagen-golf-14-tsi-92kw-2018-aj-na-splatky-protiucet_22_max.webp","medium":"https:\/\/cdn.assetlog.ai\/assets\/174840\/volkswagen-golf-14-tsi-92kw-2018-aj-na-splatky-protiucet_22_medium.webp","small":"https:\/\/cdn.assetlog.ai\/assets\/174840\/volkswagen-golf-14-tsi-92kw-2018-aj-na-splatky-protiucet_22_small.webp"},{"id":138410,"max":"https:\/\/cdn.assetlog.ai\/assets\/174840\/volkswagen-golf-14-tsi-92kw-2018-aj-na-splatky-protiucet_23_max.webp","medium":"https:\/\/cdn.assetlog.ai\/assets\/174840\/volkswagen-golf-14-tsi-92kw-2018-aj-na-splatky-protiucet_23_medium.webp","small":"https:\/\/cdn.assetlog.ai\/assets\/174840\/volkswagen-golf-14-tsi-92kw-2018-aj-na-splatky-protiucet_23_small.webp"},{"id":138411,"max":"https:\/\/cdn.assetlog.ai\/assets\/174840\/volkswagen-golf-14-tsi-92kw-2018-aj-na-splatky-protiucet_24_max.webp","medium":"https:\/\/cdn.assetlog.ai\/assets\/174840\/volkswagen-golf-14-tsi-92kw-2018-aj-na-splatky-protiucet_24_medium.webp","small":"https:\/\/cdn.assetlog.ai\/assets\/174840\/volkswagen-golf-14-tsi-92kw-2018-aj-na-splatky-protiucet_24_small.webp"},{"id":138412,"max":"https:\/\/cdn.assetlog.ai\/assets\/174840\/volkswagen-golf-14-tsi-92kw-2018-aj-na-splatky-protiucet_25_max.webp","medium":"https:\/\/cdn.assetlog.ai\/assets\/174840\/volkswagen-golf-14-tsi-92kw-2018-aj-na-splatky-protiucet_25_medium.webp","small":"https:\/\/cdn.assetlog.ai\/assets\/174840\/volkswagen-golf-14-tsi-92kw-2018-aj-na-splatky-protiucet_25_small.webp"},{"id":138413,"max":"https:\/\/cdn.assetlog.ai\/assets\/174840\/volkswagen-golf-14-tsi-92kw-2018-aj-na-splatky-protiucet_26_max.webp","medium":"https:\/\/cdn.assetlog.ai\/assets\/174840\/volkswagen-golf-14-tsi-92kw-2018-aj-na-splatky-protiucet_26_medium.webp","small":"https:\/\/cdn.assetlog.ai\/assets\/174840\/volkswagen-golf-14-tsi-92kw-2018-aj-na-splatky-protiucet_26_small.webp"},{"id":138414,"max":"https:\/\/cdn.assetlog.ai\/assets\/174840\/volkswagen-golf-14-tsi-92kw-2018-aj-na-splatky-protiucet_27_max.webp","medium":"https:\/\/cdn.assetlog.ai\/assets\/174840\/volkswagen-golf-14-tsi-92kw-2018-aj-na-splatky-protiucet_27_medium.webp","small":"https:\/\/cdn.assetlog.ai\/assets\/174840\/volkswagen-golf-14-tsi-92kw-2018-aj-na-splatky-protiucet_27_small.webp"},{"id":138415,"max":"https:\/\/cdn.assetlog.ai\/assets\/174840\/volkswagen-golf-14-tsi-92kw-2018-aj-na-splatky-protiucet_28_max.webp","medium":"https:\/\/cdn.assetlog.ai\/assets\/174840\/volkswagen-golf-14-tsi-92kw-2018-aj-na-splatky-protiucet_28_medium.webp","small":"https:\/\/cdn.assetlog.ai\/assets\/174840\/volkswagen-golf-14-tsi-92kw-2018-aj-na-splatky-protiucet_28_small.webp"},{"id":138416,"max":"https:\/\/cdn.assetlog.ai\/assets\/174840\/volkswagen-golf-14-tsi-92kw-2018-aj-na-splatky-protiucet_29_max.webp","medium":"https:\/\/cdn.assetlog.ai\/assets\/174840\/volkswagen-golf-14-tsi-92kw-2018-aj-na-splatky-protiucet_29_medium.webp","small":"https:\/\/cdn.assetlog.ai\/assets\/174840\/volkswagen-golf-14-tsi-92kw-2018-aj-na-splatky-protiucet_29_small.webp"},{"id":138417,"max":"https:\/\/cdn.assetlog.ai\/assets\/174840\/volkswagen-golf-14-tsi-92kw-2018-aj-na-splatky-protiucet_30_max.webp","medium":"https:\/\/cdn.assetlog.ai\/assets\/174840\/volkswagen-golf-14-tsi-92kw-2018-aj-na-splatky-protiucet_30_medium.webp","small":"https:\/\/cdn.assetlog.ai\/assets\/174840\/volkswagen-golf-14-tsi-92kw-2018-aj-na-splatky-protiucet_30_small.webp"},{"id":138418,"max":"https:\/\/cdn.assetlog.ai\/assets\/174840\/volkswagen-golf-14-tsi-92kw-2018-aj-na-splatky-protiucet_31_max.webp","medium":"https:\/\/cdn.assetlog.ai\/assets\/174840\/volkswagen-golf-14-tsi-92kw-2018-aj-na-splatky-protiucet_31_medium.webp","small":"https:\/\/cdn.assetlog.ai\/assets\/174840\/volkswagen-golf-14-tsi-92kw-2018-aj-na-splatky-protiucet_31_small.webp"}],"published_at":null,"expires_at":null,"created_at":"2026-08-27T03:40:27+00:00","updated_at":"2026-09-01T11:40:15+00:00"}}