{"data":{"id":163631,"slug":"volkswagen-golf-cabrio-18-55kw-m5-aj-na-splatky-protiucet","type":"vehicle","title":"Volkswagen Golf Cabrio 1.8 \/ 55kW \/ M5 \/ AVAILABLE FOR INSTALLMENTS \/ TRADE-IN","description":"The Volkswagen Golf Cabrio 1.8 is an attractive and timeless convertible that offers a pleasant driving experience, classic design and comfort for everyday use. The vehicle is in excellent technical and visual condition and has undergone extensive servicing.\n\nMajor service at 198,000 km:\n\nComplete vehicle repainting\nTiming belt replacement\nNew distributor\nNew wiring\nNew spark plugs\nEngine oil and filter replacement\nPin replacement\nShock absorber replacement\nComplete brakes and brake discs\nNew tires\n\nAt 190,000 km, complete front and rear brakes were replaced.\n\nThe vehicle shows no signs of corrosion. New sills and fenders along with complete repainting give the vehicle a very well-preserved appearance. The original towing equipment is factory installed.\n\nAdditional information:\n\n2 vehicle keys\nNew sills and fenders\nComplete paint job\nNo corrosion whatsoever\nOriginal factory towing equipment\nAll-season tires\nExcellent technical and visual condition\n\nWe offer favorable financing with monthly installments, so you can enjoy your new car right away without waiting, with 0% down payment and installments up to 96 months.\n\nThe vehicle has passed insurance record verification, execution checks, paint thickness measurement and documentation review. Physically inspected, also through the vehicle operation record registry.\n\nFor your greater convenience and peace of mind, we can provide you with extended warranty up to 12-36 months.\n\nIf you already own a car, you don't have to worry about selling it - we will take it directly from you in return. Just come to us with it, we'll evaluate it and deduct the value from your new vehicle. This way you'll save time, hassle and money, and the whole process will be quick and easy - you'll drive away in your new car without unnecessary paperwork.\n\nTHE VEHICLE IS LOCATED IN Poprad.\nI will be happy to provide more information at telephone number +421 949 669 433 Registration: PP688EX. MOT valid until: 2028-07-28. Technical inspection valid until: 2028-07-28.\n\nTechnical specifications\n\nYear: 07\/94, 1781 cc, 55kW (75 PS), Vehicle generation: , Drive: Front-wheel drive, Manual (5-speed), Petrol, EURO , 2-door, (4-seater), 201,000 km, Red, VIN WVWZZZ1EZRK027473\n\nVehicle consumption (l\/100km)\n\nIn city: , out of city: , combined:\n\nLeasing possible, Credit possible","language":"cs","is_translated":true,"title_original":"Volkswagen Golf Cabrio 1.8 \/ 55kW \/ M5 \/ AJ NA SPL\u00c1TKY \/ PROTI\u00da\u010cET","description_original":"Volkswagen Golf Cabrio 1.8 je atraktivn\u00ed a nad\u010dasov\u00fd kabriolet, kter\u00fd nab\u00edz\u00ed p\u0159\u00edjemn\u00fd z\u00e1\u017eitek z j\u00edzdy, klasick\u00fd design a pohodl\u00ed p\u0159i ka\u017edodenn\u00edm pou\u017e\u00edv\u00e1n\u00ed. Vozidlo je ve v\u00fdborn\u00e9m technick\u00e9m i vizu\u00e1ln\u00edm stavu a pro\u0161lo rozs\u00e1hl\u00fdm servisem.\n\nVelk\u00fd servis p\u0159i 198 000 km:\n\nKompletn\u00ed lakov\u00e1n\u00ed vozidla\nV\u00fdm\u011bna rozvod\u016f\nNov\u00fd rozd\u011blova\u010d zapalov\u00e1n\u00ed\nNov\u00e1 kabel\u00e1\u017e\nNov\u00e9 zapalovac\u00ed sv\u00ed\u010dky\nV\u00fdm\u011bna motorov\u00e9ho oleje a filtr\u016f\nV\u00fdm\u011bna \u010dep\u016f\nV\u00fdm\u011bna tlumi\u010d\u016f\nKompletn\u00ed brzdy a brzdov\u00e9 kotou\u010de\nNov\u00e9 pneumatiky\n\nP\u0159i ujet\u00ed 190 000 km byly vym\u011bn\u011bny kompletn\u00ed p\u0159edn\u00ed a zadn\u00ed brzdy.\n\nVozidlo nevykazuje \u017e\u00e1dn\u00e9 zn\u00e1mky koroze. Nov\u00e9 prahy a blatn\u00edky spolu s kompletn\u00edm lakov\u00e1n\u00edm dod\u00e1vaj\u00ed vozidlu velmi zachoval\u00fd vzhled. Origin\u00e1ln\u00ed ta\u017en\u00e9 za\u0159\u00edzen\u00ed je namontov\u00e1no ji\u017e z v\u00fdroby.\n\nDal\u0161\u00ed informace:\n\n2 kl\u00ed\u010de od vozidla\nNov\u00e9 prahy a blatn\u00edky\nKompletn\u00ed lak\nBez jak\u00e9koli koroze\nOrigin\u00e1ln\u00ed tov\u00e1rn\u00ed ta\u017en\u00e9 za\u0159\u00edzen\u00ed\nCeloro\u010dn\u00ed pneumatiky\nVynikaj\u00edc\u00ed technick\u00fd i vizu\u00e1ln\u00ed stav\n\nNab\u00edz\u00edme v\u00fdhodn\u00e9 financov\u00e1n\u00ed na m\u011bs\u00ed\u010dn\u00ed spl\u00e1tky, tak\u017ee si sv\u016fj nov\u00fd v\u016fz m\u016f\u017eete u\u017e\u00edvat hned a bez \u010dek\u00e1n\u00ed s akontac\u00ed 0 % a spl\u00e1tkami a\u017e na 96 m\u011bs\u00edc\u016f.\n\nVozidlo pro\u0161lo kontrolou z\u00e1znam\u016f o poji\u0161t\u011bn\u00ed, exekuc\u00ed, m\u011b\u0159en\u00edm laku a kontrolou doklad\u016f. Zkontrolov\u00e1no fyzicky, tak\u00e9 prost\u0159ednictv\u00edm registru provozn\u00edch z\u00e1znam\u016f vozidla.\n\nPro va\u0161e v\u011bt\u0161\u00ed pohodl\u00ed a jistotu v\u00e1m m\u016f\u017eeme poskytnout prodlou\u017eenou z\u00e1ruku a\u017e na 12-36 m\u011bs\u00edc\u016f.\n\nPokud ji\u017e v\u016fz vlastn\u00edte, nemus\u00edte se zab\u00fdvat jeho prodejem - na opl\u00e1tku si ho od v\u00e1s p\u0159\u00edmo vezmeme. Sta\u010d\u00ed, kdy\u017e k n\u00e1m s n\u00edm p\u0159ijdete, my ho ocen\u00edme a n\u00e1klady ode\u010dteme od hodnoty va\u0161eho nov\u00e9ho vozu. U\u0161et\u0159\u00edte tak \u010das, starosti i pen\u00edze a cel\u00fd proces bude rychl\u00fd a snadn\u00fd - odjedete rovnou ve sv\u00e9m nov\u00e9m voze bez zbyte\u010dn\u00e9ho pap\u00edrov\u00e1n\u00ed.\n\nVOZIDLO SE NACH\u00c1Z\u00cd V Poprade.\nViac inform\u00e1ci\u00ed V\u00e1m ve\u013emi r\u00e1d poskytnem na tel. \u010d\u00edsle +421 949 669 433 E\u010cV: PP688EX. EK platn\u00e1 do: 2028-07-28. STK platn\u00e1 do: 2028-07-28.\n\nTechnick\u00e9 \u00fadaje\n\nv.v.: 07\/94, 1781cm\u00b3, 55kW (75PS), Generace vozidla: , Pohon: Pohon p\u0159edn\u00edch kol, Manu\u00e1ln\u00ed (5 st.), Benz\u00edn, EURO , 2 dv., (4-m\u00edstn\u00fd), 201 000km, \u010cerven\u00e1, VIN WVWZZZ1EZRK027473\n\nSpot\u0159eba vozidla (l\/100km)\n\nVe m\u011bst\u011b: , mimo m\u011bsto: , kombinovan\u00e1:\n\nMo\u017en\u00fd leasing, Mo\u017en\u00fd \u00fav\u011br","price":"84318.00","currency":"CZK","status":"active","noindex":true,"location":{"address":null,"full_address":null,"city":"Poprad","country":"SK","latitude":49.0541521,"longitude":20.2976401},"metadata":{"vin":"WVWZZZ1EZRK027473","fuel":"petrol","year":1994,"brand":"Volkswagen","color":"Red","doors":2,"drive":"Front-wheel drive","model":"Golf Cabrio","seats":4,"region":"Pre\u0161ovsk\u00fd kraj","mileage":201000,"emisions":"Euro 1","features":["ABS","P\u0159edn\u00ed el. stahovateln\u00e1 okna","Autor\u00e1dio","Lit\u00e1 kola","Mlhovky","Ta\u017en\u00e9 za\u0159\u00edzen\u00ed","Mo\u017en\u00fd leasing","Mo\u017en\u00fd \u00faver","Odo-pass"],"power_kw":55,"body_type":"Convertible","condition":"Used","transmission":"manual","vat_deductible":false,"consumption_city":null,"translation_hash":"1e6dcede530f61a19025499eaffd5bad94e8b80b","vehicle_category":"car","engine_volume_cm3":1781,"first_registration":"1994-07-01","translation_status":"done","consumption_highway":null,"consumption_combined":null},"user_id":50,"is_sponsored":false,"views_count":6,"ai_views_count":11,"ai_vendor_counts":{"meta":6,"other":2,"openai":2,"anthropic":1},"visibility":"public","submission_source":null,"submission_ai_name":null,"has_owner_email":true,"can_contact_owner":true,"phone":"0949 669 433","owner_email":"matta@autorro.sk","user":{"id":50,"slug":"tomas-matta-50","name":"Tom\u00e1\u0161 Matta","bio":"Makl\u00e9r. P\u016fsob\u00edm v Poprade a okol\u00ed.\n\nP\u016fsobnost: Poprad","nationality":"SK","languages":["cs","sk"],"service_areas":[],"card_style":null,"card_palette":null,"avatar_url":"https:\/\/cdn.assetlog.ai\/avatars\/50\/avatar_max.webp?v=1786535213","avatar_thumb_url":"https:\/\/cdn.assetlog.ai\/avatars\/50\/avatar_small.webp?v=1786535213","reviews_count":0,"avg_rating":null,"seller_badge":"silver","can_calendar":true,"joined_at":"2026-06-07T14:20:25+00:00","primary_intent":null,"seeking":[],"public_assets_count":48,"public_prompts_count":0,"followers_count":0},"images":[{"id":133857,"max":"https:\/\/cdn.assetlog.ai\/assets\/163631\/volkswagen-golf-cabrio-18-55kw-m5-aj-na-splatky-protiucet_1_max.webp","medium":"https:\/\/cdn.assetlog.ai\/assets\/163631\/volkswagen-golf-cabrio-18-55kw-m5-aj-na-splatky-protiucet_1_medium.webp","small":"https:\/\/cdn.assetlog.ai\/assets\/163631\/volkswagen-golf-cabrio-18-55kw-m5-aj-na-splatky-protiucet_1_small.webp"},{"id":133858,"max":"https:\/\/cdn.assetlog.ai\/assets\/163631\/volkswagen-golf-cabrio-18-55kw-m5-aj-na-splatky-protiucet_2_max.webp","medium":"https:\/\/cdn.assetlog.ai\/assets\/163631\/volkswagen-golf-cabrio-18-55kw-m5-aj-na-splatky-protiucet_2_medium.webp","small":"https:\/\/cdn.assetlog.ai\/assets\/163631\/volkswagen-golf-cabrio-18-55kw-m5-aj-na-splatky-protiucet_2_small.webp"},{"id":133859,"max":"https:\/\/cdn.assetlog.ai\/assets\/163631\/volkswagen-golf-cabrio-18-55kw-m5-aj-na-splatky-protiucet_3_max.webp","medium":"https:\/\/cdn.assetlog.ai\/assets\/163631\/volkswagen-golf-cabrio-18-55kw-m5-aj-na-splatky-protiucet_3_medium.webp","small":"https:\/\/cdn.assetlog.ai\/assets\/163631\/volkswagen-golf-cabrio-18-55kw-m5-aj-na-splatky-protiucet_3_small.webp"},{"id":133860,"max":"https:\/\/cdn.assetlog.ai\/assets\/163631\/volkswagen-golf-cabrio-18-55kw-m5-aj-na-splatky-protiucet_4_max.webp","medium":"https:\/\/cdn.assetlog.ai\/assets\/163631\/volkswagen-golf-cabrio-18-55kw-m5-aj-na-splatky-protiucet_4_medium.webp","small":"https:\/\/cdn.assetlog.ai\/assets\/163631\/volkswagen-golf-cabrio-18-55kw-m5-aj-na-splatky-protiucet_4_small.webp"},{"id":133861,"max":"https:\/\/cdn.assetlog.ai\/assets\/163631\/volkswagen-golf-cabrio-18-55kw-m5-aj-na-splatky-protiucet_5_max.webp","medium":"https:\/\/cdn.assetlog.ai\/assets\/163631\/volkswagen-golf-cabrio-18-55kw-m5-aj-na-splatky-protiucet_5_medium.webp","small":"https:\/\/cdn.assetlog.ai\/assets\/163631\/volkswagen-golf-cabrio-18-55kw-m5-aj-na-splatky-protiucet_5_small.webp"},{"id":133862,"max":"https:\/\/cdn.assetlog.ai\/assets\/163631\/volkswagen-golf-cabrio-18-55kw-m5-aj-na-splatky-protiucet_6_max.webp","medium":"https:\/\/cdn.assetlog.ai\/assets\/163631\/volkswagen-golf-cabrio-18-55kw-m5-aj-na-splatky-protiucet_6_medium.webp","small":"https:\/\/cdn.assetlog.ai\/assets\/163631\/volkswagen-golf-cabrio-18-55kw-m5-aj-na-splatky-protiucet_6_small.webp"},{"id":133863,"max":"https:\/\/cdn.assetlog.ai\/assets\/163631\/volkswagen-golf-cabrio-18-55kw-m5-aj-na-splatky-protiucet_7_max.webp","medium":"https:\/\/cdn.assetlog.ai\/assets\/163631\/volkswagen-golf-cabrio-18-55kw-m5-aj-na-splatky-protiucet_7_medium.webp","small":"https:\/\/cdn.assetlog.ai\/assets\/163631\/volkswagen-golf-cabrio-18-55kw-m5-aj-na-splatky-protiucet_7_small.webp"},{"id":133864,"max":"https:\/\/cdn.assetlog.ai\/assets\/163631\/volkswagen-golf-cabrio-18-55kw-m5-aj-na-splatky-protiucet_8_max.webp","medium":"https:\/\/cdn.assetlog.ai\/assets\/163631\/volkswagen-golf-cabrio-18-55kw-m5-aj-na-splatky-protiucet_8_medium.webp","small":"https:\/\/cdn.assetlog.ai\/assets\/163631\/volkswagen-golf-cabrio-18-55kw-m5-aj-na-splatky-protiucet_8_small.webp"},{"id":133865,"max":"https:\/\/cdn.assetlog.ai\/assets\/163631\/volkswagen-golf-cabrio-18-55kw-m5-aj-na-splatky-protiucet_9_max.webp","medium":"https:\/\/cdn.assetlog.ai\/assets\/163631\/volkswagen-golf-cabrio-18-55kw-m5-aj-na-splatky-protiucet_9_medium.webp","small":"https:\/\/cdn.assetlog.ai\/assets\/163631\/volkswagen-golf-cabrio-18-55kw-m5-aj-na-splatky-protiucet_9_small.webp"},{"id":133866,"max":"https:\/\/cdn.assetlog.ai\/assets\/163631\/volkswagen-golf-cabrio-18-55kw-m5-aj-na-splatky-protiucet_10_max.webp","medium":"https:\/\/cdn.assetlog.ai\/assets\/163631\/volkswagen-golf-cabrio-18-55kw-m5-aj-na-splatky-protiucet_10_medium.webp","small":"https:\/\/cdn.assetlog.ai\/assets\/163631\/volkswagen-golf-cabrio-18-55kw-m5-aj-na-splatky-protiucet_10_small.webp"},{"id":133867,"max":"https:\/\/cdn.assetlog.ai\/assets\/163631\/volkswagen-golf-cabrio-18-55kw-m5-aj-na-splatky-protiucet_11_max.webp","medium":"https:\/\/cdn.assetlog.ai\/assets\/163631\/volkswagen-golf-cabrio-18-55kw-m5-aj-na-splatky-protiucet_11_medium.webp","small":"https:\/\/cdn.assetlog.ai\/assets\/163631\/volkswagen-golf-cabrio-18-55kw-m5-aj-na-splatky-protiucet_11_small.webp"},{"id":133868,"max":"https:\/\/cdn.assetlog.ai\/assets\/163631\/volkswagen-golf-cabrio-18-55kw-m5-aj-na-splatky-protiucet_12_max.webp","medium":"https:\/\/cdn.assetlog.ai\/assets\/163631\/volkswagen-golf-cabrio-18-55kw-m5-aj-na-splatky-protiucet_12_medium.webp","small":"https:\/\/cdn.assetlog.ai\/assets\/163631\/volkswagen-golf-cabrio-18-55kw-m5-aj-na-splatky-protiucet_12_small.webp"},{"id":133869,"max":"https:\/\/cdn.assetlog.ai\/assets\/163631\/volkswagen-golf-cabrio-18-55kw-m5-aj-na-splatky-protiucet_13_max.webp","medium":"https:\/\/cdn.assetlog.ai\/assets\/163631\/volkswagen-golf-cabrio-18-55kw-m5-aj-na-splatky-protiucet_13_medium.webp","small":"https:\/\/cdn.assetlog.ai\/assets\/163631\/volkswagen-golf-cabrio-18-55kw-m5-aj-na-splatky-protiucet_13_small.webp"},{"id":133870,"max":"https:\/\/cdn.assetlog.ai\/assets\/163631\/volkswagen-golf-cabrio-18-55kw-m5-aj-na-splatky-protiucet_14_max.webp","medium":"https:\/\/cdn.assetlog.ai\/assets\/163631\/volkswagen-golf-cabrio-18-55kw-m5-aj-na-splatky-protiucet_14_medium.webp","small":"https:\/\/cdn.assetlog.ai\/assets\/163631\/volkswagen-golf-cabrio-18-55kw-m5-aj-na-splatky-protiucet_14_small.webp"},{"id":133871,"max":"https:\/\/cdn.assetlog.ai\/assets\/163631\/volkswagen-golf-cabrio-18-55kw-m5-aj-na-splatky-protiucet_15_max.webp","medium":"https:\/\/cdn.assetlog.ai\/assets\/163631\/volkswagen-golf-cabrio-18-55kw-m5-aj-na-splatky-protiucet_15_medium.webp","small":"https:\/\/cdn.assetlog.ai\/assets\/163631\/volkswagen-golf-cabrio-18-55kw-m5-aj-na-splatky-protiucet_15_small.webp"},{"id":133872,"max":"https:\/\/cdn.assetlog.ai\/assets\/163631\/volkswagen-golf-cabrio-18-55kw-m5-aj-na-splatky-protiucet_16_max.webp","medium":"https:\/\/cdn.assetlog.ai\/assets\/163631\/volkswagen-golf-cabrio-18-55kw-m5-aj-na-splatky-protiucet_16_medium.webp","small":"https:\/\/cdn.assetlog.ai\/assets\/163631\/volkswagen-golf-cabrio-18-55kw-m5-aj-na-splatky-protiucet_16_small.webp"},{"id":133873,"max":"https:\/\/cdn.assetlog.ai\/assets\/163631\/volkswagen-golf-cabrio-18-55kw-m5-aj-na-splatky-protiucet_17_max.webp","medium":"https:\/\/cdn.assetlog.ai\/assets\/163631\/volkswagen-golf-cabrio-18-55kw-m5-aj-na-splatky-protiucet_17_medium.webp","small":"https:\/\/cdn.assetlog.ai\/assets\/163631\/volkswagen-golf-cabrio-18-55kw-m5-aj-na-splatky-protiucet_17_small.webp"},{"id":133874,"max":"https:\/\/cdn.assetlog.ai\/assets\/163631\/volkswagen-golf-cabrio-18-55kw-m5-aj-na-splatky-protiucet_18_max.webp","medium":"https:\/\/cdn.assetlog.ai\/assets\/163631\/volkswagen-golf-cabrio-18-55kw-m5-aj-na-splatky-protiucet_18_medium.webp","small":"https:\/\/cdn.assetlog.ai\/assets\/163631\/volkswagen-golf-cabrio-18-55kw-m5-aj-na-splatky-protiucet_18_small.webp"},{"id":133875,"max":"https:\/\/cdn.assetlog.ai\/assets\/163631\/volkswagen-golf-cabrio-18-55kw-m5-aj-na-splatky-protiucet_19_max.webp","medium":"https:\/\/cdn.assetlog.ai\/assets\/163631\/volkswagen-golf-cabrio-18-55kw-m5-aj-na-splatky-protiucet_19_medium.webp","small":"https:\/\/cdn.assetlog.ai\/assets\/163631\/volkswagen-golf-cabrio-18-55kw-m5-aj-na-splatky-protiucet_19_small.webp"},{"id":133876,"max":"https:\/\/cdn.assetlog.ai\/assets\/163631\/volkswagen-golf-cabrio-18-55kw-m5-aj-na-splatky-protiucet_20_max.webp","medium":"https:\/\/cdn.assetlog.ai\/assets\/163631\/volkswagen-golf-cabrio-18-55kw-m5-aj-na-splatky-protiucet_20_medium.webp","small":"https:\/\/cdn.assetlog.ai\/assets\/163631\/volkswagen-golf-cabrio-18-55kw-m5-aj-na-splatky-protiucet_20_small.webp"},{"id":133877,"max":"https:\/\/cdn.assetlog.ai\/assets\/163631\/volkswagen-golf-cabrio-18-55kw-m5-aj-na-splatky-protiucet_21_max.webp","medium":"https:\/\/cdn.assetlog.ai\/assets\/163631\/volkswagen-golf-cabrio-18-55kw-m5-aj-na-splatky-protiucet_21_medium.webp","small":"https:\/\/cdn.assetlog.ai\/assets\/163631\/volkswagen-golf-cabrio-18-55kw-m5-aj-na-splatky-protiucet_21_small.webp"},{"id":133878,"max":"https:\/\/cdn.assetlog.ai\/assets\/163631\/volkswagen-golf-cabrio-18-55kw-m5-aj-na-splatky-protiucet_22_max.webp","medium":"https:\/\/cdn.assetlog.ai\/assets\/163631\/volkswagen-golf-cabrio-18-55kw-m5-aj-na-splatky-protiucet_22_medium.webp","small":"https:\/\/cdn.assetlog.ai\/assets\/163631\/volkswagen-golf-cabrio-18-55kw-m5-aj-na-splatky-protiucet_22_small.webp"},{"id":133879,"max":"https:\/\/cdn.assetlog.ai\/assets\/163631\/volkswagen-golf-cabrio-18-55kw-m5-aj-na-splatky-protiucet_23_max.webp","medium":"https:\/\/cdn.assetlog.ai\/assets\/163631\/volkswagen-golf-cabrio-18-55kw-m5-aj-na-splatky-protiucet_23_medium.webp","small":"https:\/\/cdn.assetlog.ai\/assets\/163631\/volkswagen-golf-cabrio-18-55kw-m5-aj-na-splatky-protiucet_23_small.webp"},{"id":133880,"max":"https:\/\/cdn.assetlog.ai\/assets\/163631\/volkswagen-golf-cabrio-18-55kw-m5-aj-na-splatky-protiucet_24_max.webp","medium":"https:\/\/cdn.assetlog.ai\/assets\/163631\/volkswagen-golf-cabrio-18-55kw-m5-aj-na-splatky-protiucet_24_medium.webp","small":"https:\/\/cdn.assetlog.ai\/assets\/163631\/volkswagen-golf-cabrio-18-55kw-m5-aj-na-splatky-protiucet_24_small.webp"},{"id":133881,"max":"https:\/\/cdn.assetlog.ai\/assets\/163631\/volkswagen-golf-cabrio-18-55kw-m5-aj-na-splatky-protiucet_25_max.webp","medium":"https:\/\/cdn.assetlog.ai\/assets\/163631\/volkswagen-golf-cabrio-18-55kw-m5-aj-na-splatky-protiucet_25_medium.webp","small":"https:\/\/cdn.assetlog.ai\/assets\/163631\/volkswagen-golf-cabrio-18-55kw-m5-aj-na-splatky-protiucet_25_small.webp"},{"id":133882,"max":"https:\/\/cdn.assetlog.ai\/assets\/163631\/volkswagen-golf-cabrio-18-55kw-m5-aj-na-splatky-protiucet_26_max.webp","medium":"https:\/\/cdn.assetlog.ai\/assets\/163631\/volkswagen-golf-cabrio-18-55kw-m5-aj-na-splatky-protiucet_26_medium.webp","small":"https:\/\/cdn.assetlog.ai\/assets\/163631\/volkswagen-golf-cabrio-18-55kw-m5-aj-na-splatky-protiucet_26_small.webp"},{"id":133883,"max":"https:\/\/cdn.assetlog.ai\/assets\/163631\/volkswagen-golf-cabrio-18-55kw-m5-aj-na-splatky-protiucet_27_max.webp","medium":"https:\/\/cdn.assetlog.ai\/assets\/163631\/volkswagen-golf-cabrio-18-55kw-m5-aj-na-splatky-protiucet_27_medium.webp","small":"https:\/\/cdn.assetlog.ai\/assets\/163631\/volkswagen-golf-cabrio-18-55kw-m5-aj-na-splatky-protiucet_27_small.webp"},{"id":133884,"max":"https:\/\/cdn.assetlog.ai\/assets\/163631\/volkswagen-golf-cabrio-18-55kw-m5-aj-na-splatky-protiucet_28_max.webp","medium":"https:\/\/cdn.assetlog.ai\/assets\/163631\/volkswagen-golf-cabrio-18-55kw-m5-aj-na-splatky-protiucet_28_medium.webp","small":"https:\/\/cdn.assetlog.ai\/assets\/163631\/volkswagen-golf-cabrio-18-55kw-m5-aj-na-splatky-protiucet_28_small.webp"},{"id":133885,"max":"https:\/\/cdn.assetlog.ai\/assets\/163631\/volkswagen-golf-cabrio-18-55kw-m5-aj-na-splatky-protiucet_29_max.webp","medium":"https:\/\/cdn.assetlog.ai\/assets\/163631\/volkswagen-golf-cabrio-18-55kw-m5-aj-na-splatky-protiucet_29_medium.webp","small":"https:\/\/cdn.assetlog.ai\/assets\/163631\/volkswagen-golf-cabrio-18-55kw-m5-aj-na-splatky-protiucet_29_small.webp"},{"id":133886,"max":"https:\/\/cdn.assetlog.ai\/assets\/163631\/volkswagen-golf-cabrio-18-55kw-m5-aj-na-splatky-protiucet_30_max.webp","medium":"https:\/\/cdn.assetlog.ai\/assets\/163631\/volkswagen-golf-cabrio-18-55kw-m5-aj-na-splatky-protiucet_30_medium.webp","small":"https:\/\/cdn.assetlog.ai\/assets\/163631\/volkswagen-golf-cabrio-18-55kw-m5-aj-na-splatky-protiucet_30_small.webp"},{"id":133887,"max":"https:\/\/cdn.assetlog.ai\/assets\/163631\/volkswagen-golf-cabrio-18-55kw-m5-aj-na-splatky-protiucet_31_max.webp","medium":"https:\/\/cdn.assetlog.ai\/assets\/163631\/volkswagen-golf-cabrio-18-55kw-m5-aj-na-splatky-protiucet_31_medium.webp","small":"https:\/\/cdn.assetlog.ai\/assets\/163631\/volkswagen-golf-cabrio-18-55kw-m5-aj-na-splatky-protiucet_31_small.webp"},{"id":133888,"max":"https:\/\/cdn.assetlog.ai\/assets\/163631\/volkswagen-golf-cabrio-18-55kw-m5-aj-na-splatky-protiucet_32_max.webp","medium":"https:\/\/cdn.assetlog.ai\/assets\/163631\/volkswagen-golf-cabrio-18-55kw-m5-aj-na-splatky-protiucet_32_medium.webp","small":"https:\/\/cdn.assetlog.ai\/assets\/163631\/volkswagen-golf-cabrio-18-55kw-m5-aj-na-splatky-protiucet_32_small.webp"},{"id":133889,"max":"https:\/\/cdn.assetlog.ai\/assets\/163631\/volkswagen-golf-cabrio-18-55kw-m5-aj-na-splatky-protiucet_33_max.webp","medium":"https:\/\/cdn.assetlog.ai\/assets\/163631\/volkswagen-golf-cabrio-18-55kw-m5-aj-na-splatky-protiucet_33_medium.webp","small":"https:\/\/cdn.assetlog.ai\/assets\/163631\/volkswagen-golf-cabrio-18-55kw-m5-aj-na-splatky-protiucet_33_small.webp"},{"id":133890,"max":"https:\/\/cdn.assetlog.ai\/assets\/163631\/volkswagen-golf-cabrio-18-55kw-m5-aj-na-splatky-protiucet_34_max.webp","medium":"https:\/\/cdn.assetlog.ai\/assets\/163631\/volkswagen-golf-cabrio-18-55kw-m5-aj-na-splatky-protiucet_34_medium.webp","small":"https:\/\/cdn.assetlog.ai\/assets\/163631\/volkswagen-golf-cabrio-18-55kw-m5-aj-na-splatky-protiucet_34_small.webp"},{"id":133891,"max":"https:\/\/cdn.assetlog.ai\/assets\/163631\/volkswagen-golf-cabrio-18-55kw-m5-aj-na-splatky-protiucet_35_max.webp","medium":"https:\/\/cdn.assetlog.ai\/assets\/163631\/volkswagen-golf-cabrio-18-55kw-m5-aj-na-splatky-protiucet_35_medium.webp","small":"https:\/\/cdn.assetlog.ai\/assets\/163631\/volkswagen-golf-cabrio-18-55kw-m5-aj-na-splatky-protiucet_35_small.webp"},{"id":133892,"max":"https:\/\/cdn.assetlog.ai\/assets\/163631\/volkswagen-golf-cabrio-18-55kw-m5-aj-na-splatky-protiucet_36_max.webp","medium":"https:\/\/cdn.assetlog.ai\/assets\/163631\/volkswagen-golf-cabrio-18-55kw-m5-aj-na-splatky-protiucet_36_medium.webp","small":"https:\/\/cdn.assetlog.ai\/assets\/163631\/volkswagen-golf-cabrio-18-55kw-m5-aj-na-splatky-protiucet_36_small.webp"},{"id":133893,"max":"https:\/\/cdn.assetlog.ai\/assets\/163631\/volkswagen-golf-cabrio-18-55kw-m5-aj-na-splatky-protiucet_37_max.webp","medium":"https:\/\/cdn.assetlog.ai\/assets\/163631\/volkswagen-golf-cabrio-18-55kw-m5-aj-na-splatky-protiucet_37_medium.webp","small":"https:\/\/cdn.assetlog.ai\/assets\/163631\/volkswagen-golf-cabrio-18-55kw-m5-aj-na-splatky-protiucet_37_small.webp"},{"id":133894,"max":"https:\/\/cdn.assetlog.ai\/assets\/163631\/volkswagen-golf-cabrio-18-55kw-m5-aj-na-splatky-protiucet_38_max.webp","medium":"https:\/\/cdn.assetlog.ai\/assets\/163631\/volkswagen-golf-cabrio-18-55kw-m5-aj-na-splatky-protiucet_38_medium.webp","small":"https:\/\/cdn.assetlog.ai\/assets\/163631\/volkswagen-golf-cabrio-18-55kw-m5-aj-na-splatky-protiucet_38_small.webp"},{"id":133895,"max":"https:\/\/cdn.assetlog.ai\/assets\/163631\/volkswagen-golf-cabrio-18-55kw-m5-aj-na-splatky-protiucet_39_max.webp","medium":"https:\/\/cdn.assetlog.ai\/assets\/163631\/volkswagen-golf-cabrio-18-55kw-m5-aj-na-splatky-protiucet_39_medium.webp","small":"https:\/\/cdn.assetlog.ai\/assets\/163631\/volkswagen-golf-cabrio-18-55kw-m5-aj-na-splatky-protiucet_39_small.webp"},{"id":133896,"max":"https:\/\/cdn.assetlog.ai\/assets\/163631\/volkswagen-golf-cabrio-18-55kw-m5-aj-na-splatky-protiucet_40_max.webp","medium":"https:\/\/cdn.assetlog.ai\/assets\/163631\/volkswagen-golf-cabrio-18-55kw-m5-aj-na-splatky-protiucet_40_medium.webp","small":"https:\/\/cdn.assetlog.ai\/assets\/163631\/volkswagen-golf-cabrio-18-55kw-m5-aj-na-splatky-protiucet_40_small.webp"}],"published_at":null,"expires_at":null,"created_at":"2026-08-20T03:40:10+00:00","updated_at":"2026-09-02T03:41:36+00:00"}}