{"data":{"id":167696,"slug":"volkswagen-multivan-20-tdi-dsg-110kw-2025-aj-na-splatky-protiucet","type":"vehicle","title":"Volkswagen Multivan 2.0 TDI DSG, 110kW (2025) \/ INSTALLMENT PAYMENTS \/ TRADE-IN \/","description":"Commission sale - you purchase the vehicle directly from the owner.\n\nVolkswagen Multivan 2.0 TDI DSG \u2013 comfort, spaciousness and first-class versatility\n\nThe modern **Volkswagen Multivan** combines the practicality of a large family car with the comfort of a personal automobile. The economical and powerful **2.0 TDI engine with 110 kW output** in combination with the automatic **DSG** transmission offers a pleasant driving experience in the city and on long journeys.\n\nA spacious interior, variable seating arrangements and plenty of space make the Multivan an ideal companion for family, business and travel. The **2025 model year** also brings modern design, technology and a high level of comfort.\n\nThe vehicle is covered by warranty until June 2030.\n\nThe vehicle also includes seasonal tire changeover from winter tires on rims.\n\nThe vehicle has passed insurance record checks, execution checks, paint thickness measurement and document verification. Physically inspected, also through the vehicle's operating records registry.\n\nWe offer favorable financing in monthly installments, so you can enjoy your new car right away without waiting with 0% down payment and installments up to 96 months.\n\nIf you already own a car, you don't have to worry about selling it - in return we will take it directly from you. Just come to us with it, we will assess it and deduct the costs from the value of your new car. This way you save time, hassle and money and the whole process will be quick and easy - you drive away in your new car without unnecessary paperwork.\n\nThe vehicle is located in \u017diar nad Hronom. For more information, call us at 0903 321 323.\n\nProduct number: BS111BC.\n\nTechnical specifications\n\nManufacture: 06\/25, 1968 cc, 110kW (150PS), Vehicle generation: , Drive: Front-wheel drive, Automatic transmission (7-speed), Diesel, EURO , 5-door, (5-seater), 31,471 km, White, VIN WV2ZZZST5SH020792\n\nVehicle consumption (l\/100km)\n\nCity: , highway: , combined:\n\nService booklet, Leasing available, Credit available, Under warranty, Complete service history","language":"cs","is_translated":true,"title_original":"Volkswagen Multivan 2.0 TDI DSG, 110kW (2025) \/ AJ NA SPL\u00c1TKY \/ PROTI\u00da\u010cET \/","description_original":"Komisn\u00ed prodej - vozidlo kupujete p\u0159\u00edmo od majitele.\n\nVolkswagen Multivan 2.0 TDI DSG \u2013 komfort, prostornost a prvot\u0159\u00eddn\u00ed v\u0161estrannost\n\nModern\u00ed **Volkswagen Multivan** spojuje prakti\u010dnost velk\u00e9ho rodinn\u00e9ho vozu s komfortem osobn\u00edho automobilu. \u00dasporn\u00fd a v\u00fdkonn\u00fd **motor 2.0 TDI o v\u00fdkonu 110 kW** v kombinaci s automatickou p\u0159evodovkou **DSG** nab\u00edz\u00ed p\u0159\u00edjemnou j\u00edzdu ve m\u011bst\u011b i na dlouh\u00fdch cest\u00e1ch.\n\nProstorn\u00fd interi\u00e9r, variabiln\u00ed uspo\u0159\u00e1d\u00e1n\u00ed sedadel a spousta m\u00edsta \u010din\u00ed z Multivanu ide\u00e1ln\u00edho spole\u010dn\u00edka pro rodinu, podnik\u00e1n\u00ed i cestov\u00e1n\u00ed. **Modelov\u00fd rok 2025** nav\u00edc p\u0159in\u00e1\u0161\u00ed modern\u00ed design, technologie a vysokou \u00farove\u0148 komfortu.\n\nNa vozidlo se vztahuje z\u00e1ruka do \u010dervna 2030.\n\nSou\u010d\u00e1st\u00ed vozidla je tak\u00e9 sez\u00f3nn\u00ed v\u00fdm\u011bna zimn\u00edch pneumatik na r\u00e1fc\u00edch.\n\nVozidlo pro\u0161lo kontrolou z\u00e1znam\u016f o poji\u0161t\u011bn\u00ed, exekuc\u00ed, m\u011b\u0159en\u00edm laku a kontrolou doklad\u016f. Zkontrolov\u00e1no fyzicky, tak\u00e9 prost\u0159ednictv\u00edm registru provozn\u00edch z\u00e1znam\u016f vozidla.\n\nNab\u00edz\u00edme v\u00fdhodn\u00e9 financov\u00e1n\u00ed na m\u011bs\u00ed\u010dn\u00ed spl\u00e1tky, tak\u017ee si sv\u016fj nov\u00fd v\u016fz m\u016f\u017eete u\u017e\u00edvat hned a bez \u010dek\u00e1n\u00ed s akontac\u00ed 0 % a spl\u00e1tkami a\u017e na 96 m\u011bs\u00edc\u016f.\n\nPokud ji\u017e v\u016fz vlastn\u00edte, nemus\u00edte se zab\u00fdvat jeho prodejem - na opl\u00e1tku si ho od v\u00e1s p\u0159\u00edmo vezmeme. Sta\u010d\u00ed, kdy\u017e k n\u00e1m s n\u00edm p\u0159ijdete, my ho ocen\u00edme a n\u00e1klady ode\u010dteme od hodnoty va\u0161eho nov\u00e9ho vozu. U\u0161et\u0159\u00edte tak \u010das, starosti i pen\u00edze a cel\u00fd proces bude rychl\u00fd a snadn\u00fd - odjedete rovnou ve sv\u00e9m nov\u00e9m voze bez zbyte\u010dn\u00e9ho pap\u00edrov\u00e1n\u00ed.\n\nVozidlo se nach\u00e1z\u00ed v \u017diaru nad Hronem. Dal\u0161\u00ed informace v\u00e1m poskytneme na telefonn\u00edm \u010d\u00edsle 0903 321 323.\n\n\u010c\u00edslo v\u00fdrobku: BS111BC.\n\nTechnick\u00e9 \u00fadaje\n\nv.v.: 06\/25, 1968cm\u00b3, 110kW (150PS), Generace vozidla: , Pohon: Pohon p\u0159edn\u00edch kol, Automatick\u00e1 p\u0159evodovka (7 st.), Diesel, EURO , 5 dv., (5-m\u00edstn\u00fd), 31 471km, B\u00edl\u00e1, VIN WV2ZZZST5SH020792\n\nSpot\u0159eba vozidla (l\/100km)\n\nVe m\u011bst\u011b: , mimo m\u011bsto: , kombinovan\u00e1:\n\nServisn\u00ed kn\u00ed\u017eka, Mo\u017en\u00fd leasing, Mo\u017en\u00fd \u00fav\u011br, V z\u00e1ruce, \u00dapln\u00e1 servisn\u00ed historie","price":"1014300.00","currency":"CZK","status":"active","noindex":true,"location":{"address":null,"full_address":null,"city":"\u017diar nad Hronom","country":"SK","latitude":48.5910183,"longitude":18.8500892},"metadata":{"vin":"WV2ZZZST5SH020792","fuel":"diesel","year":2025,"brand":"Volkswagen","color":"White","doors":5,"drive":"Front-wheel drive","model":"T6 Multivan","seats":5,"region":"Banskobystrick\u00fd kraj","mileage":31471,"emisions":"Euro 1","features":["ABS","Brzdov\u00fd asistent (EBA, BAS)","Deaktivace airbagu spolujezdce","Senzor tlaku","Syst\u00e9m rozpozn\u00e1v\u00e1n\u00ed dopravn\u00edch zna\u010dek","Sledov\u00e1n\u00ed \u00fanavy \u0159idi\u010de","Manu\u00e1ln\u00ed klimatizace","Centr\u00e1ln\u00ed zamyk\u00e1n\u00ed","P\u0159edn\u00ed el. stahovateln\u00e1 okna","Elektricky nastaviteln\u00e1 zp\u011btn\u00e1 zrc\u00e1tka","Centr\u00e1ln\u00ed zamyk\u00e1n\u00ed na d\u00e1lkov\u00e9 ovl\u00e1d\u00e1n\u00ed","Autor\u00e1dio","Nez\u00e1visl\u00e9 topen\u00ed","Multifunk\u010dn\u00ed volant","Start\/Stop syst\u00e9m","Klimatizovan\u00e1 p\u0159ihr\u00e1dka","Ost\u0159ikova\u010de sv\u011btlomet\u016f","Apple Car Play","Android Auto","Digit\u00e1ln\u00ed p\u0159\u00edstrojov\u00e1 deska","Mlhovky","Imobiliz\u00e9r","Palubn\u00ed po\u010d\u00edta\u010d","Navigace","Vyh\u0159\u00edvan\u00e1 sedadla","Elektricky vyh\u0159\u00edvan\u00e1 zp\u011btn\u00e1 zrc\u00e1tka","Senzor st\u011bra\u010d\u016f","Sv\u011bteln\u00fd senzor","Zimn\u00ed sada kol","P\u0159edn\u00ed a zadn\u00ed parkovac\u00ed senzory","Adaptivn\u00ed tempomat","Bluetooth","Dotykov\u00e1 obrazovka","Serv. kni\u017eka","Mo\u017en\u00fd leasing","Mo\u017en\u00fd \u00faver","v z\u00e1ruke","\u00dapln\u00e1 servisn\u00e1 hist\u00f3ria","Odo-pass","asistent udr\u017eov\u00e1n\u00ed j\u00edzdn\u00edho pruhu","asistent rozjezdu do kopce","kontrola mrtv\u00e9ho \u00fahlu","elektricky sklopn\u00e1 zp\u011btn\u00e1 zrc\u00e1tka","rozpozn\u00e1v\u00e1n\u00ed chodc\u016f"],"power_kw":110,"body_type":"Van","condition":"Used","transmission":"automatic","vat_deductible":false,"consumption_city":null,"translation_hash":"d414b0fd75b3e212df0ffb40a8955ed413ad43cc","vehicle_category":"van","engine_volume_cm3":1968,"first_registration":"2025-06-01","translation_status":"done","consumption_highway":null,"consumption_combined":null},"user_id":33,"is_sponsored":false,"views_count":4,"ai_views_count":10,"ai_vendor_counts":{"meta":5,"other":2,"openai":2,"anthropic":1},"visibility":"public","submission_source":null,"submission_ai_name":null,"has_owner_email":true,"can_contact_owner":true,"phone":"0903 321 323","owner_email":"kompanikova@autorro.sk","user":{"id":33,"slug":"dominika-kompanikova-33","name":"Dominika Kompan\u00edkov\u00e1","bio":"Makl\u00e9rka. P\u016fsob\u00edm v \u017diari nad Hronom a okol\u00ed.\n\nP\u016fsobnost: \u017diar nad Hronom","nationality":"SK","languages":["cs","sk"],"service_areas":[],"card_style":null,"card_palette":null,"avatar_url":"https:\/\/cdn.assetlog.ai\/avatars\/33\/avatar_max.webp?v=1786535213","avatar_thumb_url":"https:\/\/cdn.assetlog.ai\/avatars\/33\/avatar_small.webp?v=1786535213","reviews_count":0,"avg_rating":null,"seller_badge":"silver","can_calendar":true,"joined_at":"2026-06-07T07:44:49+00:00","primary_intent":null,"seeking":[],"public_assets_count":70,"public_prompts_count":0,"followers_count":0},"images":[{"id":135573,"max":"https:\/\/cdn.assetlog.ai\/assets\/167696\/volkswagen-multivan-20-tdi-dsg-110kw-2025-aj-na-splatky-protiucet_1_max.webp","medium":"https:\/\/cdn.assetlog.ai\/assets\/167696\/volkswagen-multivan-20-tdi-dsg-110kw-2025-aj-na-splatky-protiucet_1_medium.webp","small":"https:\/\/cdn.assetlog.ai\/assets\/167696\/volkswagen-multivan-20-tdi-dsg-110kw-2025-aj-na-splatky-protiucet_1_small.webp"},{"id":135574,"max":"https:\/\/cdn.assetlog.ai\/assets\/167696\/volkswagen-multivan-20-tdi-dsg-110kw-2025-aj-na-splatky-protiucet_2_max.webp","medium":"https:\/\/cdn.assetlog.ai\/assets\/167696\/volkswagen-multivan-20-tdi-dsg-110kw-2025-aj-na-splatky-protiucet_2_medium.webp","small":"https:\/\/cdn.assetlog.ai\/assets\/167696\/volkswagen-multivan-20-tdi-dsg-110kw-2025-aj-na-splatky-protiucet_2_small.webp"},{"id":135575,"max":"https:\/\/cdn.assetlog.ai\/assets\/167696\/volkswagen-multivan-20-tdi-dsg-110kw-2025-aj-na-splatky-protiucet_3_max.webp","medium":"https:\/\/cdn.assetlog.ai\/assets\/167696\/volkswagen-multivan-20-tdi-dsg-110kw-2025-aj-na-splatky-protiucet_3_medium.webp","small":"https:\/\/cdn.assetlog.ai\/assets\/167696\/volkswagen-multivan-20-tdi-dsg-110kw-2025-aj-na-splatky-protiucet_3_small.webp"},{"id":135576,"max":"https:\/\/cdn.assetlog.ai\/assets\/167696\/volkswagen-multivan-20-tdi-dsg-110kw-2025-aj-na-splatky-protiucet_4_max.webp","medium":"https:\/\/cdn.assetlog.ai\/assets\/167696\/volkswagen-multivan-20-tdi-dsg-110kw-2025-aj-na-splatky-protiucet_4_medium.webp","small":"https:\/\/cdn.assetlog.ai\/assets\/167696\/volkswagen-multivan-20-tdi-dsg-110kw-2025-aj-na-splatky-protiucet_4_small.webp"},{"id":135577,"max":"https:\/\/cdn.assetlog.ai\/assets\/167696\/volkswagen-multivan-20-tdi-dsg-110kw-2025-aj-na-splatky-protiucet_5_max.webp","medium":"https:\/\/cdn.assetlog.ai\/assets\/167696\/volkswagen-multivan-20-tdi-dsg-110kw-2025-aj-na-splatky-protiucet_5_medium.webp","small":"https:\/\/cdn.assetlog.ai\/assets\/167696\/volkswagen-multivan-20-tdi-dsg-110kw-2025-aj-na-splatky-protiucet_5_small.webp"},{"id":135578,"max":"https:\/\/cdn.assetlog.ai\/assets\/167696\/volkswagen-multivan-20-tdi-dsg-110kw-2025-aj-na-splatky-protiucet_6_max.webp","medium":"https:\/\/cdn.assetlog.ai\/assets\/167696\/volkswagen-multivan-20-tdi-dsg-110kw-2025-aj-na-splatky-protiucet_6_medium.webp","small":"https:\/\/cdn.assetlog.ai\/assets\/167696\/volkswagen-multivan-20-tdi-dsg-110kw-2025-aj-na-splatky-protiucet_6_small.webp"},{"id":135579,"max":"https:\/\/cdn.assetlog.ai\/assets\/167696\/volkswagen-multivan-20-tdi-dsg-110kw-2025-aj-na-splatky-protiucet_7_max.webp","medium":"https:\/\/cdn.assetlog.ai\/assets\/167696\/volkswagen-multivan-20-tdi-dsg-110kw-2025-aj-na-splatky-protiucet_7_medium.webp","small":"https:\/\/cdn.assetlog.ai\/assets\/167696\/volkswagen-multivan-20-tdi-dsg-110kw-2025-aj-na-splatky-protiucet_7_small.webp"},{"id":135580,"max":"https:\/\/cdn.assetlog.ai\/assets\/167696\/volkswagen-multivan-20-tdi-dsg-110kw-2025-aj-na-splatky-protiucet_8_max.webp","medium":"https:\/\/cdn.assetlog.ai\/assets\/167696\/volkswagen-multivan-20-tdi-dsg-110kw-2025-aj-na-splatky-protiucet_8_medium.webp","small":"https:\/\/cdn.assetlog.ai\/assets\/167696\/volkswagen-multivan-20-tdi-dsg-110kw-2025-aj-na-splatky-protiucet_8_small.webp"},{"id":135581,"max":"https:\/\/cdn.assetlog.ai\/assets\/167696\/volkswagen-multivan-20-tdi-dsg-110kw-2025-aj-na-splatky-protiucet_9_max.webp","medium":"https:\/\/cdn.assetlog.ai\/assets\/167696\/volkswagen-multivan-20-tdi-dsg-110kw-2025-aj-na-splatky-protiucet_9_medium.webp","small":"https:\/\/cdn.assetlog.ai\/assets\/167696\/volkswagen-multivan-20-tdi-dsg-110kw-2025-aj-na-splatky-protiucet_9_small.webp"},{"id":135582,"max":"https:\/\/cdn.assetlog.ai\/assets\/167696\/volkswagen-multivan-20-tdi-dsg-110kw-2025-aj-na-splatky-protiucet_10_max.webp","medium":"https:\/\/cdn.assetlog.ai\/assets\/167696\/volkswagen-multivan-20-tdi-dsg-110kw-2025-aj-na-splatky-protiucet_10_medium.webp","small":"https:\/\/cdn.assetlog.ai\/assets\/167696\/volkswagen-multivan-20-tdi-dsg-110kw-2025-aj-na-splatky-protiucet_10_small.webp"},{"id":135583,"max":"https:\/\/cdn.assetlog.ai\/assets\/167696\/volkswagen-multivan-20-tdi-dsg-110kw-2025-aj-na-splatky-protiucet_11_max.webp","medium":"https:\/\/cdn.assetlog.ai\/assets\/167696\/volkswagen-multivan-20-tdi-dsg-110kw-2025-aj-na-splatky-protiucet_11_medium.webp","small":"https:\/\/cdn.assetlog.ai\/assets\/167696\/volkswagen-multivan-20-tdi-dsg-110kw-2025-aj-na-splatky-protiucet_11_small.webp"},{"id":135584,"max":"https:\/\/cdn.assetlog.ai\/assets\/167696\/volkswagen-multivan-20-tdi-dsg-110kw-2025-aj-na-splatky-protiucet_12_max.webp","medium":"https:\/\/cdn.assetlog.ai\/assets\/167696\/volkswagen-multivan-20-tdi-dsg-110kw-2025-aj-na-splatky-protiucet_12_medium.webp","small":"https:\/\/cdn.assetlog.ai\/assets\/167696\/volkswagen-multivan-20-tdi-dsg-110kw-2025-aj-na-splatky-protiucet_12_small.webp"},{"id":135585,"max":"https:\/\/cdn.assetlog.ai\/assets\/167696\/volkswagen-multivan-20-tdi-dsg-110kw-2025-aj-na-splatky-protiucet_13_max.webp","medium":"https:\/\/cdn.assetlog.ai\/assets\/167696\/volkswagen-multivan-20-tdi-dsg-110kw-2025-aj-na-splatky-protiucet_13_medium.webp","small":"https:\/\/cdn.assetlog.ai\/assets\/167696\/volkswagen-multivan-20-tdi-dsg-110kw-2025-aj-na-splatky-protiucet_13_small.webp"},{"id":135586,"max":"https:\/\/cdn.assetlog.ai\/assets\/167696\/volkswagen-multivan-20-tdi-dsg-110kw-2025-aj-na-splatky-protiucet_14_max.webp","medium":"https:\/\/cdn.assetlog.ai\/assets\/167696\/volkswagen-multivan-20-tdi-dsg-110kw-2025-aj-na-splatky-protiucet_14_medium.webp","small":"https:\/\/cdn.assetlog.ai\/assets\/167696\/volkswagen-multivan-20-tdi-dsg-110kw-2025-aj-na-splatky-protiucet_14_small.webp"},{"id":135587,"max":"https:\/\/cdn.assetlog.ai\/assets\/167696\/volkswagen-multivan-20-tdi-dsg-110kw-2025-aj-na-splatky-protiucet_15_max.webp","medium":"https:\/\/cdn.assetlog.ai\/assets\/167696\/volkswagen-multivan-20-tdi-dsg-110kw-2025-aj-na-splatky-protiucet_15_medium.webp","small":"https:\/\/cdn.assetlog.ai\/assets\/167696\/volkswagen-multivan-20-tdi-dsg-110kw-2025-aj-na-splatky-protiucet_15_small.webp"},{"id":135588,"max":"https:\/\/cdn.assetlog.ai\/assets\/167696\/volkswagen-multivan-20-tdi-dsg-110kw-2025-aj-na-splatky-protiucet_16_max.webp","medium":"https:\/\/cdn.assetlog.ai\/assets\/167696\/volkswagen-multivan-20-tdi-dsg-110kw-2025-aj-na-splatky-protiucet_16_medium.webp","small":"https:\/\/cdn.assetlog.ai\/assets\/167696\/volkswagen-multivan-20-tdi-dsg-110kw-2025-aj-na-splatky-protiucet_16_small.webp"},{"id":135589,"max":"https:\/\/cdn.assetlog.ai\/assets\/167696\/volkswagen-multivan-20-tdi-dsg-110kw-2025-aj-na-splatky-protiucet_17_max.webp","medium":"https:\/\/cdn.assetlog.ai\/assets\/167696\/volkswagen-multivan-20-tdi-dsg-110kw-2025-aj-na-splatky-protiucet_17_medium.webp","small":"https:\/\/cdn.assetlog.ai\/assets\/167696\/volkswagen-multivan-20-tdi-dsg-110kw-2025-aj-na-splatky-protiucet_17_small.webp"},{"id":135590,"max":"https:\/\/cdn.assetlog.ai\/assets\/167696\/volkswagen-multivan-20-tdi-dsg-110kw-2025-aj-na-splatky-protiucet_18_max.webp","medium":"https:\/\/cdn.assetlog.ai\/assets\/167696\/volkswagen-multivan-20-tdi-dsg-110kw-2025-aj-na-splatky-protiucet_18_medium.webp","small":"https:\/\/cdn.assetlog.ai\/assets\/167696\/volkswagen-multivan-20-tdi-dsg-110kw-2025-aj-na-splatky-protiucet_18_small.webp"},{"id":135591,"max":"https:\/\/cdn.assetlog.ai\/assets\/167696\/volkswagen-multivan-20-tdi-dsg-110kw-2025-aj-na-splatky-protiucet_19_max.webp","medium":"https:\/\/cdn.assetlog.ai\/assets\/167696\/volkswagen-multivan-20-tdi-dsg-110kw-2025-aj-na-splatky-protiucet_19_medium.webp","small":"https:\/\/cdn.assetlog.ai\/assets\/167696\/volkswagen-multivan-20-tdi-dsg-110kw-2025-aj-na-splatky-protiucet_19_small.webp"},{"id":135592,"max":"https:\/\/cdn.assetlog.ai\/assets\/167696\/volkswagen-multivan-20-tdi-dsg-110kw-2025-aj-na-splatky-protiucet_20_max.webp","medium":"https:\/\/cdn.assetlog.ai\/assets\/167696\/volkswagen-multivan-20-tdi-dsg-110kw-2025-aj-na-splatky-protiucet_20_medium.webp","small":"https:\/\/cdn.assetlog.ai\/assets\/167696\/volkswagen-multivan-20-tdi-dsg-110kw-2025-aj-na-splatky-protiucet_20_small.webp"},{"id":135593,"max":"https:\/\/cdn.assetlog.ai\/assets\/167696\/volkswagen-multivan-20-tdi-dsg-110kw-2025-aj-na-splatky-protiucet_21_max.webp","medium":"https:\/\/cdn.assetlog.ai\/assets\/167696\/volkswagen-multivan-20-tdi-dsg-110kw-2025-aj-na-splatky-protiucet_21_medium.webp","small":"https:\/\/cdn.assetlog.ai\/assets\/167696\/volkswagen-multivan-20-tdi-dsg-110kw-2025-aj-na-splatky-protiucet_21_small.webp"},{"id":135594,"max":"https:\/\/cdn.assetlog.ai\/assets\/167696\/volkswagen-multivan-20-tdi-dsg-110kw-2025-aj-na-splatky-protiucet_22_max.webp","medium":"https:\/\/cdn.assetlog.ai\/assets\/167696\/volkswagen-multivan-20-tdi-dsg-110kw-2025-aj-na-splatky-protiucet_22_medium.webp","small":"https:\/\/cdn.assetlog.ai\/assets\/167696\/volkswagen-multivan-20-tdi-dsg-110kw-2025-aj-na-splatky-protiucet_22_small.webp"},{"id":135595,"max":"https:\/\/cdn.assetlog.ai\/assets\/167696\/volkswagen-multivan-20-tdi-dsg-110kw-2025-aj-na-splatky-protiucet_23_max.webp","medium":"https:\/\/cdn.assetlog.ai\/assets\/167696\/volkswagen-multivan-20-tdi-dsg-110kw-2025-aj-na-splatky-protiucet_23_medium.webp","small":"https:\/\/cdn.assetlog.ai\/assets\/167696\/volkswagen-multivan-20-tdi-dsg-110kw-2025-aj-na-splatky-protiucet_23_small.webp"},{"id":135596,"max":"https:\/\/cdn.assetlog.ai\/assets\/167696\/volkswagen-multivan-20-tdi-dsg-110kw-2025-aj-na-splatky-protiucet_24_max.webp","medium":"https:\/\/cdn.assetlog.ai\/assets\/167696\/volkswagen-multivan-20-tdi-dsg-110kw-2025-aj-na-splatky-protiucet_24_medium.webp","small":"https:\/\/cdn.assetlog.ai\/assets\/167696\/volkswagen-multivan-20-tdi-dsg-110kw-2025-aj-na-splatky-protiucet_24_small.webp"},{"id":135597,"max":"https:\/\/cdn.assetlog.ai\/assets\/167696\/volkswagen-multivan-20-tdi-dsg-110kw-2025-aj-na-splatky-protiucet_25_max.webp","medium":"https:\/\/cdn.assetlog.ai\/assets\/167696\/volkswagen-multivan-20-tdi-dsg-110kw-2025-aj-na-splatky-protiucet_25_medium.webp","small":"https:\/\/cdn.assetlog.ai\/assets\/167696\/volkswagen-multivan-20-tdi-dsg-110kw-2025-aj-na-splatky-protiucet_25_small.webp"},{"id":135598,"max":"https:\/\/cdn.assetlog.ai\/assets\/167696\/volkswagen-multivan-20-tdi-dsg-110kw-2025-aj-na-splatky-protiucet_26_max.webp","medium":"https:\/\/cdn.assetlog.ai\/assets\/167696\/volkswagen-multivan-20-tdi-dsg-110kw-2025-aj-na-splatky-protiucet_26_medium.webp","small":"https:\/\/cdn.assetlog.ai\/assets\/167696\/volkswagen-multivan-20-tdi-dsg-110kw-2025-aj-na-splatky-protiucet_26_small.webp"},{"id":135599,"max":"https:\/\/cdn.assetlog.ai\/assets\/167696\/volkswagen-multivan-20-tdi-dsg-110kw-2025-aj-na-splatky-protiucet_27_max.webp","medium":"https:\/\/cdn.assetlog.ai\/assets\/167696\/volkswagen-multivan-20-tdi-dsg-110kw-2025-aj-na-splatky-protiucet_27_medium.webp","small":"https:\/\/cdn.assetlog.ai\/assets\/167696\/volkswagen-multivan-20-tdi-dsg-110kw-2025-aj-na-splatky-protiucet_27_small.webp"},{"id":135600,"max":"https:\/\/cdn.assetlog.ai\/assets\/167696\/volkswagen-multivan-20-tdi-dsg-110kw-2025-aj-na-splatky-protiucet_28_max.webp","medium":"https:\/\/cdn.assetlog.ai\/assets\/167696\/volkswagen-multivan-20-tdi-dsg-110kw-2025-aj-na-splatky-protiucet_28_medium.webp","small":"https:\/\/cdn.assetlog.ai\/assets\/167696\/volkswagen-multivan-20-tdi-dsg-110kw-2025-aj-na-splatky-protiucet_28_small.webp"},{"id":135601,"max":"https:\/\/cdn.assetlog.ai\/assets\/167696\/volkswagen-multivan-20-tdi-dsg-110kw-2025-aj-na-splatky-protiucet_29_max.webp","medium":"https:\/\/cdn.assetlog.ai\/assets\/167696\/volkswagen-multivan-20-tdi-dsg-110kw-2025-aj-na-splatky-protiucet_29_medium.webp","small":"https:\/\/cdn.assetlog.ai\/assets\/167696\/volkswagen-multivan-20-tdi-dsg-110kw-2025-aj-na-splatky-protiucet_29_small.webp"},{"id":135602,"max":"https:\/\/cdn.assetlog.ai\/assets\/167696\/volkswagen-multivan-20-tdi-dsg-110kw-2025-aj-na-splatky-protiucet_30_max.webp","medium":"https:\/\/cdn.assetlog.ai\/assets\/167696\/volkswagen-multivan-20-tdi-dsg-110kw-2025-aj-na-splatky-protiucet_30_medium.webp","small":"https:\/\/cdn.assetlog.ai\/assets\/167696\/volkswagen-multivan-20-tdi-dsg-110kw-2025-aj-na-splatky-protiucet_30_small.webp"},{"id":135603,"max":"https:\/\/cdn.assetlog.ai\/assets\/167696\/volkswagen-multivan-20-tdi-dsg-110kw-2025-aj-na-splatky-protiucet_31_max.webp","medium":"https:\/\/cdn.assetlog.ai\/assets\/167696\/volkswagen-multivan-20-tdi-dsg-110kw-2025-aj-na-splatky-protiucet_31_medium.webp","small":"https:\/\/cdn.assetlog.ai\/assets\/167696\/volkswagen-multivan-20-tdi-dsg-110kw-2025-aj-na-splatky-protiucet_31_small.webp"}],"published_at":null,"expires_at":null,"created_at":"2026-08-22T03:40:44+00:00","updated_at":"2026-09-01T03:40:53+00:00"}}