{"data":{"id":174841,"slug":"volkswagen-passat-20-tdi-103kw-aj-na-splatky-protiucet","type":"vehicle","title":"Volkswagen Passat 2.0 TDI 103kW \/ CAR ON INSTALLMENTS \/ TRADE-IN ACCEPTED","description":"Very good technical and visual condition.\n\n\u2714Service\nEngine oil change every 15,000 km. Last oil change at Haldex at approximately 235,000 km. Throughout its ownership, the vehicle has been regularly serviced and worn parts have been continuously replaced, such as bearings, injectors, engine mounts, clutch, seals, timing belts, brakes and other parts as needed. The DPF filter was also cleaned and the car runs without any issues.\n\nThe vehicle was inspected before being listed for sale.\n\n\u2714Overall condition\nEngine is dry, with no fluid leaks or unusual noises.\nBrakes work well, steering wheel does not vibrate.\nChassis is solid, nothing rattles.\nInterior is very nice and well-preserved.\nThe bodywork has minor cosmetic defects corresponding to the age and mileage of the vehicle.\nTechnical inspection valid until: 31.07.2027\n\nThe vehicle was not involved in a traffic accident and has no legal obligations \u2013 no liens, leasing, loans or execution blocks.\n---\n\u2714In brief\nA very nice and carefully maintained Passat with a proven and economical 2.0 TDI engine with 103 kW power output. The vehicle appears to be in good condition, was regularly serviced and is ready for further operation.\n\n\u2714It is possible to buy on installments and use your car as a trade-in.\n\n\u2714Sale mediated by Autorro Prievidza. You are buying directly from the owner.\n\n\u2714Contact: Peter Mjartan\n- 0950 224 271 \u2013 also via WhatsApp\n- 0952 532 818\n\nIf I don't answer, I will call you back. Vehicle number: PD365GK. Technical inspection valid until: 31.7.2027. Technical inspection valid until: 31.7.2027.\n\nTechnical specifications\n\nFirst registration: 01\/07, 1968cc, 103kW (140PS), Drive: 4\u00d74, Manual (6-speed), Diesel, EURO 4, 4-door, (5-seater), 251,841km, Dark grey metallic, VIN WVWZZZ3CZ7P114899\n\nVehicle fuel consumption (l\/100km)\n\nIn city: 7.4, outside city: 4.9, combined: 5.9\n\nLeasing possible, As new purchase in Slovakia, Loan possible","language":"cs","is_translated":true,"title_original":"Volkswagen Passat 2.0 TDI 103kW \/ AJ NA SPL\u00c1TKY \/ PROTI\u00da\u010cET","description_original":"Velmi dobr\u00fd technick\u00fd a vizu\u00e1ln\u00ed stav.\n\n\u2714Servis\nV\u00fdm\u011bna motorov\u00e9ho oleje ka\u017ed\u00fdch 15 000 km. Posledn\u00ed v\u00fdm\u011bna oleje v Haldexu p\u0159i cca 235 000 km. Po celou dobu bylo vozidlo pravideln\u011b servisov\u00e1no a pr\u016fb\u011b\u017en\u011b se vym\u011b\u0148ovaly opot\u0159ebovan\u00e9 sou\u010d\u00e1sti, nap\u0159\u00edklad lo\u017eiska, vst\u0159ikova\u010de, silentbloky, spojka, t\u011bsn\u011bn\u00ed, rozvody, brzdy a dal\u0161\u00ed d\u00edly podle pot\u0159eby. Stejn\u011b tak byl vy\u010di\u0161t\u011bn filtr DPF a auto jezd\u00ed bez probl\u00e9m\u016f.\n\nVozidlo bylo p\u0159ed za\u0159azen\u00edm do prodeje zkontrolov\u00e1no.\n\n\u2714Celkov\u00fd stav\nMotor je such\u00fd, bez \u00fanik\u016f kapalin a neobvykl\u00fdch zvuk\u016f.\nBrzdy funguj\u00ed dob\u0159e, volant se net\u0159ese.\nPodvozek je pevn\u00fd, nic nebouch\u00e1.\nInteri\u00e9r je velmi p\u011bkn\u00fd a zachoval\u00fd.\nNa karoserii jsou drobn\u00e9 kosmetick\u00e9 vady odpov\u00eddaj\u00edc\u00ed st\u00e1\u0159\u00ed a najet\u00fdm kilometr\u016fm vozidla.\nSTK-EK platn\u00e1 do: 31.07.2027\n\nV\u016fz nebyl \u00fa\u010dastn\u00edkem dopravn\u00ed nehody a je bez pr\u00e1vn\u00edch z\u00e1vazk\u016f \u2013 bez z\u00e1stavn\u00edch pr\u00e1v, leasingu, \u00fav\u011bru \u010di exeku\u010dn\u00edch blokac\u00ed.\n---\n\u2714V kostce\nVelmi p\u011bkn\u00fd a pe\u010dliv\u011b udr\u017eovan\u00fd Passat s osv\u011bd\u010den\u00fdm a \u00fasporn\u00fdm motorem 2.0 TDI o v\u00fdkonu 103 kW. V\u016fz p\u016fsob\u00ed zachoval\u00fdm dojmem, byl pravideln\u011b servisov\u00e1n a je p\u0159ipraven k dal\u0161\u00edmu provozu.\n\n\u2714Je mo\u017en\u00e9 koupit i na spl\u00e1tky a vyu\u017e\u00edt va\u0161e auto jako protihodnotu.\n\n\u2714Prodej zprost\u0159edkovan\u00fd spole\u010dnost\u00ed Autorro Prievidza. Kupujete p\u0159\u00edmo od majitele.\n\n\u2714Kontakt: Peter Mjartan\n- 0950 224 271 \u2013 tak\u00e9 p\u0159es WhatsApp\n- 0952 532 818\n\nPokud to nezvednu, zavol\u00e1m v\u00e1m zp\u011bt. \u010c\u00edslo vozidla: PD365GK. Technick\u00e1 kontrola platn\u00e1 do: 31. 7. 2027. STK platn\u00e1 do: 31. 7. 2027.\n\nTechnick\u00e9 \u00fadaje\n\nv.v.: 01\/07, 1968cm\u00b3, 103kW (140PS), Pohon: 4\u00d74, Manu\u00e1ln\u00ed (6 st.), Diesel, EURO 4, 4 dv., (5-m\u00edstn\u00fd), 251 841km, \u0160ed\u00e1 tmav\u00e1 metal\u00edza, VIN WVWZZZ3CZ7P114899\n\nSpot\u0159eba vozidla (l\/100km)\n\nVe m\u011bst\u011b: 7.4, mimo m\u011bsto: 4.9, kombinovan\u00e1: 5.9\n\nMo\u017en\u00fd leasing, Jako nov\u00e9 koupen\u00e9 v SR, Mo\u017en\u00fd \u00fav\u011br","price":"115415.00","currency":"CZK","status":"active","noindex":true,"location":{"address":null,"full_address":null,"city":"Prievidza","country":"SK","latitude":48.7718361,"longitude":18.6234916},"metadata":{"vin":"WVWZZZ3CZ7P114899","fuel":"diesel","year":2007,"brand":"Volkswagen","color":"Grey","doors":4,"drive":"AWD \/ 4x4","model":"Passat","seats":5,"region":"Tren\u010diansky kraj","mileage":251841,"emisions":"Euro 4","features":["Alarm","Posilova\u010d \u0159\u00edzen\u00ed","ABS","ESP","ISOFIX na zadn\u00edch sedadlech","Deaktivace airbagu spolujezdce","Centr\u00e1ln\u00ed zamyk\u00e1n\u00ed","Zadn\u00ed el. stahovateln\u00e1 okna","Elektricky nastaviteln\u00e1 zp\u011btn\u00e1 zrc\u00e1tka","Automatick\u00e1 2-z\u00f3nov\u00e1 klimatizace","Centr\u00e1ln\u00ed zamyk\u00e1n\u00ed na d\u00e1lkov\u00e9 ovl\u00e1d\u00e1n\u00ed","Autor\u00e1dio","Vyh\u0159\u00edvan\u00e9 \u010deln\u00ed sklo","Multifunk\u010dn\u00ed volant","Ost\u0159ikova\u010de sv\u011btlomet\u016f","Apple Car Play","Android Auto","Mlhovky","Imobiliz\u00e9r","Palubn\u00ed po\u010d\u00edta\u010d","Ta\u017en\u00e9 za\u0159\u00edzen\u00ed","Tempomat","Vyh\u0159\u00edvan\u00e1 sedadla","Elektricky vyh\u0159\u00edvan\u00e1 zp\u011btn\u00e1 zrc\u00e1tka","Senzor st\u011bra\u010d\u016f","Sv\u011bteln\u00fd senzor","P\u0159edn\u00ed a zadn\u00ed parkovac\u00ed senzory","Bluetooth","Mo\u017en\u00fd leasing","Ako nov\u00e9 k\u00fapen\u00e9 v SR","Mo\u017en\u00fd \u00faver","Odo-pass","Elektricky sklopn\u00e1 zp\u011btn\u00e1 zrc\u00e1tka","2 kl\u00ed\u010de"],"power_kw":103,"body_type":"Sedan","condition":"Used","transmission":"manual","vat_deductible":false,"consumption_city":7.4,"translation_hash":"e9b73470098277fc06ef29a0fac080afe17f1296","vehicle_category":"car","engine_volume_cm3":1968,"first_registration":"2007-01-01","translation_status":"done","consumption_highway":4.9,"consumption_combined":5.9},"user_id":17,"is_sponsored":false,"views_count":4,"ai_views_count":11,"ai_vendor_counts":{"meta":6,"other":2,"openai":2,"anthropic":1},"visibility":"public","submission_source":null,"submission_ai_name":null,"has_owner_email":true,"can_contact_owner":true,"phone":"0950 224 271","owner_email":"mjartan@autorro.sk","user":{"id":17,"slug":"peter-mjartan-17","name":"Peter Mjartan","bio":"Makl\u00e9r. P\u016fsob\u00edm v Prievidzi a okol\u00ed.\n\nP\u016fsobnost: Prievidza","nationality":"SK","languages":["cs","sk"],"service_areas":[],"card_style":null,"card_palette":null,"avatar_url":"https:\/\/cdn.assetlog.ai\/avatars\/17\/avatar_max.webp?v=1786535213","avatar_thumb_url":"https:\/\/cdn.assetlog.ai\/avatars\/17\/avatar_small.webp?v=1786535213","reviews_count":0,"avg_rating":null,"seller_badge":"silver","can_calendar":true,"joined_at":"2026-06-07T07:44:41+00:00","primary_intent":null,"seeking":[],"public_assets_count":45,"public_prompts_count":0,"followers_count":0},"images":[{"id":138419,"max":"https:\/\/cdn.assetlog.ai\/assets\/174841\/volkswagen-passat-20-tdi-103kw-aj-na-splatky-protiucet_1_max.webp","medium":"https:\/\/cdn.assetlog.ai\/assets\/174841\/volkswagen-passat-20-tdi-103kw-aj-na-splatky-protiucet_1_medium.webp","small":"https:\/\/cdn.assetlog.ai\/assets\/174841\/volkswagen-passat-20-tdi-103kw-aj-na-splatky-protiucet_1_small.webp"},{"id":138420,"max":"https:\/\/cdn.assetlog.ai\/assets\/174841\/volkswagen-passat-20-tdi-103kw-aj-na-splatky-protiucet_2_max.webp","medium":"https:\/\/cdn.assetlog.ai\/assets\/174841\/volkswagen-passat-20-tdi-103kw-aj-na-splatky-protiucet_2_medium.webp","small":"https:\/\/cdn.assetlog.ai\/assets\/174841\/volkswagen-passat-20-tdi-103kw-aj-na-splatky-protiucet_2_small.webp"},{"id":138421,"max":"https:\/\/cdn.assetlog.ai\/assets\/174841\/volkswagen-passat-20-tdi-103kw-aj-na-splatky-protiucet_3_max.webp","medium":"https:\/\/cdn.assetlog.ai\/assets\/174841\/volkswagen-passat-20-tdi-103kw-aj-na-splatky-protiucet_3_medium.webp","small":"https:\/\/cdn.assetlog.ai\/assets\/174841\/volkswagen-passat-20-tdi-103kw-aj-na-splatky-protiucet_3_small.webp"},{"id":138422,"max":"https:\/\/cdn.assetlog.ai\/assets\/174841\/volkswagen-passat-20-tdi-103kw-aj-na-splatky-protiucet_4_max.webp","medium":"https:\/\/cdn.assetlog.ai\/assets\/174841\/volkswagen-passat-20-tdi-103kw-aj-na-splatky-protiucet_4_medium.webp","small":"https:\/\/cdn.assetlog.ai\/assets\/174841\/volkswagen-passat-20-tdi-103kw-aj-na-splatky-protiucet_4_small.webp"},{"id":138423,"max":"https:\/\/cdn.assetlog.ai\/assets\/174841\/volkswagen-passat-20-tdi-103kw-aj-na-splatky-protiucet_5_max.webp","medium":"https:\/\/cdn.assetlog.ai\/assets\/174841\/volkswagen-passat-20-tdi-103kw-aj-na-splatky-protiucet_5_medium.webp","small":"https:\/\/cdn.assetlog.ai\/assets\/174841\/volkswagen-passat-20-tdi-103kw-aj-na-splatky-protiucet_5_small.webp"},{"id":138424,"max":"https:\/\/cdn.assetlog.ai\/assets\/174841\/volkswagen-passat-20-tdi-103kw-aj-na-splatky-protiucet_6_max.webp","medium":"https:\/\/cdn.assetlog.ai\/assets\/174841\/volkswagen-passat-20-tdi-103kw-aj-na-splatky-protiucet_6_medium.webp","small":"https:\/\/cdn.assetlog.ai\/assets\/174841\/volkswagen-passat-20-tdi-103kw-aj-na-splatky-protiucet_6_small.webp"},{"id":138425,"max":"https:\/\/cdn.assetlog.ai\/assets\/174841\/volkswagen-passat-20-tdi-103kw-aj-na-splatky-protiucet_7_max.webp","medium":"https:\/\/cdn.assetlog.ai\/assets\/174841\/volkswagen-passat-20-tdi-103kw-aj-na-splatky-protiucet_7_medium.webp","small":"https:\/\/cdn.assetlog.ai\/assets\/174841\/volkswagen-passat-20-tdi-103kw-aj-na-splatky-protiucet_7_small.webp"},{"id":138426,"max":"https:\/\/cdn.assetlog.ai\/assets\/174841\/volkswagen-passat-20-tdi-103kw-aj-na-splatky-protiucet_8_max.webp","medium":"https:\/\/cdn.assetlog.ai\/assets\/174841\/volkswagen-passat-20-tdi-103kw-aj-na-splatky-protiucet_8_medium.webp","small":"https:\/\/cdn.assetlog.ai\/assets\/174841\/volkswagen-passat-20-tdi-103kw-aj-na-splatky-protiucet_8_small.webp"},{"id":138427,"max":"https:\/\/cdn.assetlog.ai\/assets\/174841\/volkswagen-passat-20-tdi-103kw-aj-na-splatky-protiucet_9_max.webp","medium":"https:\/\/cdn.assetlog.ai\/assets\/174841\/volkswagen-passat-20-tdi-103kw-aj-na-splatky-protiucet_9_medium.webp","small":"https:\/\/cdn.assetlog.ai\/assets\/174841\/volkswagen-passat-20-tdi-103kw-aj-na-splatky-protiucet_9_small.webp"},{"id":138428,"max":"https:\/\/cdn.assetlog.ai\/assets\/174841\/volkswagen-passat-20-tdi-103kw-aj-na-splatky-protiucet_10_max.webp","medium":"https:\/\/cdn.assetlog.ai\/assets\/174841\/volkswagen-passat-20-tdi-103kw-aj-na-splatky-protiucet_10_medium.webp","small":"https:\/\/cdn.assetlog.ai\/assets\/174841\/volkswagen-passat-20-tdi-103kw-aj-na-splatky-protiucet_10_small.webp"},{"id":138429,"max":"https:\/\/cdn.assetlog.ai\/assets\/174841\/volkswagen-passat-20-tdi-103kw-aj-na-splatky-protiucet_11_max.webp","medium":"https:\/\/cdn.assetlog.ai\/assets\/174841\/volkswagen-passat-20-tdi-103kw-aj-na-splatky-protiucet_11_medium.webp","small":"https:\/\/cdn.assetlog.ai\/assets\/174841\/volkswagen-passat-20-tdi-103kw-aj-na-splatky-protiucet_11_small.webp"},{"id":138430,"max":"https:\/\/cdn.assetlog.ai\/assets\/174841\/volkswagen-passat-20-tdi-103kw-aj-na-splatky-protiucet_12_max.webp","medium":"https:\/\/cdn.assetlog.ai\/assets\/174841\/volkswagen-passat-20-tdi-103kw-aj-na-splatky-protiucet_12_medium.webp","small":"https:\/\/cdn.assetlog.ai\/assets\/174841\/volkswagen-passat-20-tdi-103kw-aj-na-splatky-protiucet_12_small.webp"},{"id":138431,"max":"https:\/\/cdn.assetlog.ai\/assets\/174841\/volkswagen-passat-20-tdi-103kw-aj-na-splatky-protiucet_13_max.webp","medium":"https:\/\/cdn.assetlog.ai\/assets\/174841\/volkswagen-passat-20-tdi-103kw-aj-na-splatky-protiucet_13_medium.webp","small":"https:\/\/cdn.assetlog.ai\/assets\/174841\/volkswagen-passat-20-tdi-103kw-aj-na-splatky-protiucet_13_small.webp"},{"id":138432,"max":"https:\/\/cdn.assetlog.ai\/assets\/174841\/volkswagen-passat-20-tdi-103kw-aj-na-splatky-protiucet_14_max.webp","medium":"https:\/\/cdn.assetlog.ai\/assets\/174841\/volkswagen-passat-20-tdi-103kw-aj-na-splatky-protiucet_14_medium.webp","small":"https:\/\/cdn.assetlog.ai\/assets\/174841\/volkswagen-passat-20-tdi-103kw-aj-na-splatky-protiucet_14_small.webp"},{"id":138433,"max":"https:\/\/cdn.assetlog.ai\/assets\/174841\/volkswagen-passat-20-tdi-103kw-aj-na-splatky-protiucet_15_max.webp","medium":"https:\/\/cdn.assetlog.ai\/assets\/174841\/volkswagen-passat-20-tdi-103kw-aj-na-splatky-protiucet_15_medium.webp","small":"https:\/\/cdn.assetlog.ai\/assets\/174841\/volkswagen-passat-20-tdi-103kw-aj-na-splatky-protiucet_15_small.webp"},{"id":138434,"max":"https:\/\/cdn.assetlog.ai\/assets\/174841\/volkswagen-passat-20-tdi-103kw-aj-na-splatky-protiucet_16_max.webp","medium":"https:\/\/cdn.assetlog.ai\/assets\/174841\/volkswagen-passat-20-tdi-103kw-aj-na-splatky-protiucet_16_medium.webp","small":"https:\/\/cdn.assetlog.ai\/assets\/174841\/volkswagen-passat-20-tdi-103kw-aj-na-splatky-protiucet_16_small.webp"},{"id":138435,"max":"https:\/\/cdn.assetlog.ai\/assets\/174841\/volkswagen-passat-20-tdi-103kw-aj-na-splatky-protiucet_17_max.webp","medium":"https:\/\/cdn.assetlog.ai\/assets\/174841\/volkswagen-passat-20-tdi-103kw-aj-na-splatky-protiucet_17_medium.webp","small":"https:\/\/cdn.assetlog.ai\/assets\/174841\/volkswagen-passat-20-tdi-103kw-aj-na-splatky-protiucet_17_small.webp"},{"id":138436,"max":"https:\/\/cdn.assetlog.ai\/assets\/174841\/volkswagen-passat-20-tdi-103kw-aj-na-splatky-protiucet_18_max.webp","medium":"https:\/\/cdn.assetlog.ai\/assets\/174841\/volkswagen-passat-20-tdi-103kw-aj-na-splatky-protiucet_18_medium.webp","small":"https:\/\/cdn.assetlog.ai\/assets\/174841\/volkswagen-passat-20-tdi-103kw-aj-na-splatky-protiucet_18_small.webp"},{"id":138437,"max":"https:\/\/cdn.assetlog.ai\/assets\/174841\/volkswagen-passat-20-tdi-103kw-aj-na-splatky-protiucet_19_max.webp","medium":"https:\/\/cdn.assetlog.ai\/assets\/174841\/volkswagen-passat-20-tdi-103kw-aj-na-splatky-protiucet_19_medium.webp","small":"https:\/\/cdn.assetlog.ai\/assets\/174841\/volkswagen-passat-20-tdi-103kw-aj-na-splatky-protiucet_19_small.webp"},{"id":138438,"max":"https:\/\/cdn.assetlog.ai\/assets\/174841\/volkswagen-passat-20-tdi-103kw-aj-na-splatky-protiucet_20_max.webp","medium":"https:\/\/cdn.assetlog.ai\/assets\/174841\/volkswagen-passat-20-tdi-103kw-aj-na-splatky-protiucet_20_medium.webp","small":"https:\/\/cdn.assetlog.ai\/assets\/174841\/volkswagen-passat-20-tdi-103kw-aj-na-splatky-protiucet_20_small.webp"},{"id":138439,"max":"https:\/\/cdn.assetlog.ai\/assets\/174841\/volkswagen-passat-20-tdi-103kw-aj-na-splatky-protiucet_21_max.webp","medium":"https:\/\/cdn.assetlog.ai\/assets\/174841\/volkswagen-passat-20-tdi-103kw-aj-na-splatky-protiucet_21_medium.webp","small":"https:\/\/cdn.assetlog.ai\/assets\/174841\/volkswagen-passat-20-tdi-103kw-aj-na-splatky-protiucet_21_small.webp"},{"id":138440,"max":"https:\/\/cdn.assetlog.ai\/assets\/174841\/volkswagen-passat-20-tdi-103kw-aj-na-splatky-protiucet_22_max.webp","medium":"https:\/\/cdn.assetlog.ai\/assets\/174841\/volkswagen-passat-20-tdi-103kw-aj-na-splatky-protiucet_22_medium.webp","small":"https:\/\/cdn.assetlog.ai\/assets\/174841\/volkswagen-passat-20-tdi-103kw-aj-na-splatky-protiucet_22_small.webp"},{"id":138441,"max":"https:\/\/cdn.assetlog.ai\/assets\/174841\/volkswagen-passat-20-tdi-103kw-aj-na-splatky-protiucet_23_max.webp","medium":"https:\/\/cdn.assetlog.ai\/assets\/174841\/volkswagen-passat-20-tdi-103kw-aj-na-splatky-protiucet_23_medium.webp","small":"https:\/\/cdn.assetlog.ai\/assets\/174841\/volkswagen-passat-20-tdi-103kw-aj-na-splatky-protiucet_23_small.webp"},{"id":138442,"max":"https:\/\/cdn.assetlog.ai\/assets\/174841\/volkswagen-passat-20-tdi-103kw-aj-na-splatky-protiucet_24_max.webp","medium":"https:\/\/cdn.assetlog.ai\/assets\/174841\/volkswagen-passat-20-tdi-103kw-aj-na-splatky-protiucet_24_medium.webp","small":"https:\/\/cdn.assetlog.ai\/assets\/174841\/volkswagen-passat-20-tdi-103kw-aj-na-splatky-protiucet_24_small.webp"},{"id":138443,"max":"https:\/\/cdn.assetlog.ai\/assets\/174841\/volkswagen-passat-20-tdi-103kw-aj-na-splatky-protiucet_25_max.webp","medium":"https:\/\/cdn.assetlog.ai\/assets\/174841\/volkswagen-passat-20-tdi-103kw-aj-na-splatky-protiucet_25_medium.webp","small":"https:\/\/cdn.assetlog.ai\/assets\/174841\/volkswagen-passat-20-tdi-103kw-aj-na-splatky-protiucet_25_small.webp"},{"id":138444,"max":"https:\/\/cdn.assetlog.ai\/assets\/174841\/volkswagen-passat-20-tdi-103kw-aj-na-splatky-protiucet_26_max.webp","medium":"https:\/\/cdn.assetlog.ai\/assets\/174841\/volkswagen-passat-20-tdi-103kw-aj-na-splatky-protiucet_26_medium.webp","small":"https:\/\/cdn.assetlog.ai\/assets\/174841\/volkswagen-passat-20-tdi-103kw-aj-na-splatky-protiucet_26_small.webp"},{"id":138445,"max":"https:\/\/cdn.assetlog.ai\/assets\/174841\/volkswagen-passat-20-tdi-103kw-aj-na-splatky-protiucet_27_max.webp","medium":"https:\/\/cdn.assetlog.ai\/assets\/174841\/volkswagen-passat-20-tdi-103kw-aj-na-splatky-protiucet_27_medium.webp","small":"https:\/\/cdn.assetlog.ai\/assets\/174841\/volkswagen-passat-20-tdi-103kw-aj-na-splatky-protiucet_27_small.webp"},{"id":138446,"max":"https:\/\/cdn.assetlog.ai\/assets\/174841\/volkswagen-passat-20-tdi-103kw-aj-na-splatky-protiucet_28_max.webp","medium":"https:\/\/cdn.assetlog.ai\/assets\/174841\/volkswagen-passat-20-tdi-103kw-aj-na-splatky-protiucet_28_medium.webp","small":"https:\/\/cdn.assetlog.ai\/assets\/174841\/volkswagen-passat-20-tdi-103kw-aj-na-splatky-protiucet_28_small.webp"},{"id":138447,"max":"https:\/\/cdn.assetlog.ai\/assets\/174841\/volkswagen-passat-20-tdi-103kw-aj-na-splatky-protiucet_29_max.webp","medium":"https:\/\/cdn.assetlog.ai\/assets\/174841\/volkswagen-passat-20-tdi-103kw-aj-na-splatky-protiucet_29_medium.webp","small":"https:\/\/cdn.assetlog.ai\/assets\/174841\/volkswagen-passat-20-tdi-103kw-aj-na-splatky-protiucet_29_small.webp"},{"id":138448,"max":"https:\/\/cdn.assetlog.ai\/assets\/174841\/volkswagen-passat-20-tdi-103kw-aj-na-splatky-protiucet_30_max.webp","medium":"https:\/\/cdn.assetlog.ai\/assets\/174841\/volkswagen-passat-20-tdi-103kw-aj-na-splatky-protiucet_30_medium.webp","small":"https:\/\/cdn.assetlog.ai\/assets\/174841\/volkswagen-passat-20-tdi-103kw-aj-na-splatky-protiucet_30_small.webp"},{"id":138449,"max":"https:\/\/cdn.assetlog.ai\/assets\/174841\/volkswagen-passat-20-tdi-103kw-aj-na-splatky-protiucet_31_max.webp","medium":"https:\/\/cdn.assetlog.ai\/assets\/174841\/volkswagen-passat-20-tdi-103kw-aj-na-splatky-protiucet_31_medium.webp","small":"https:\/\/cdn.assetlog.ai\/assets\/174841\/volkswagen-passat-20-tdi-103kw-aj-na-splatky-protiucet_31_small.webp"},{"id":138450,"max":"https:\/\/cdn.assetlog.ai\/assets\/174841\/volkswagen-passat-20-tdi-103kw-aj-na-splatky-protiucet_32_max.webp","medium":"https:\/\/cdn.assetlog.ai\/assets\/174841\/volkswagen-passat-20-tdi-103kw-aj-na-splatky-protiucet_32_medium.webp","small":"https:\/\/cdn.assetlog.ai\/assets\/174841\/volkswagen-passat-20-tdi-103kw-aj-na-splatky-protiucet_32_small.webp"},{"id":138451,"max":"https:\/\/cdn.assetlog.ai\/assets\/174841\/volkswagen-passat-20-tdi-103kw-aj-na-splatky-protiucet_33_max.webp","medium":"https:\/\/cdn.assetlog.ai\/assets\/174841\/volkswagen-passat-20-tdi-103kw-aj-na-splatky-protiucet_33_medium.webp","small":"https:\/\/cdn.assetlog.ai\/assets\/174841\/volkswagen-passat-20-tdi-103kw-aj-na-splatky-protiucet_33_small.webp"},{"id":138452,"max":"https:\/\/cdn.assetlog.ai\/assets\/174841\/volkswagen-passat-20-tdi-103kw-aj-na-splatky-protiucet_34_max.webp","medium":"https:\/\/cdn.assetlog.ai\/assets\/174841\/volkswagen-passat-20-tdi-103kw-aj-na-splatky-protiucet_34_medium.webp","small":"https:\/\/cdn.assetlog.ai\/assets\/174841\/volkswagen-passat-20-tdi-103kw-aj-na-splatky-protiucet_34_small.webp"},{"id":138453,"max":"https:\/\/cdn.assetlog.ai\/assets\/174841\/volkswagen-passat-20-tdi-103kw-aj-na-splatky-protiucet_35_max.webp","medium":"https:\/\/cdn.assetlog.ai\/assets\/174841\/volkswagen-passat-20-tdi-103kw-aj-na-splatky-protiucet_35_medium.webp","small":"https:\/\/cdn.assetlog.ai\/assets\/174841\/volkswagen-passat-20-tdi-103kw-aj-na-splatky-protiucet_35_small.webp"}],"published_at":null,"expires_at":null,"created_at":"2026-08-27T03:40:28+00:00","updated_at":"2026-09-02T03:41:17+00:00"}}