{"data":{"id":181168,"slug":"volkswagen-passat-20-tdi-110-kw-r-2018","type":"vehicle","title":"Volkswagen Passat 2.0 TDI 110 kW, year 2018","description":"Volkswagen Passat 2.0 TDI 110 kW, year 2018 \u2013 an elegant, comfortable and fuel-efficient vehicle that offers an excellent combination of power, comfort and practicality for everyday driving and longer trips; the vehicle comes with a service booklet and complete service history, front brake pads were replaced at 128,000 km and the timing belt was replaced at 129,023 km, the vehicle also includes Nokian winter tires 215\/60 R16. If interested, it is possible to arrange financing from 0% down payment. The vehicle can be physically viewed in Ho\u010fice 160 upon agreement, or after depositing a non-refundable deposit of 10,000 CZK, it is possible to arrange individual transport to your destination. Transport cost is 49 CZK\/1 km (return journey is also charged).\n\nTechnical data\n\nYear: 06\/18, 1968 cm\u00b3, 110 kW (150 PS), Drive: 4\u00d72, Manual, Diesel, Euro 6c, (5-seater), 130,758 km, Black, VIN WVWZZZ3CZJE214931\n\nVehicle fuel consumption (l\/100 km)\n\nUrban: 5.2, Extra-urban: 3.9, Combined: 3.9","language":"cs","is_translated":true,"title_original":"Volkswagen Passat 2.0 TDI 110 kW, r. 2018","description_original":"Volkswagen Passat 2.0 TDI 110 kW, r. 2018 \u2013 elegantn\u00ed, komfortn\u00ed a \u00fasporn\u00fd v\u016fz, kter\u00fd nab\u00edz\u00ed skv\u011blou kombinaci v\u00fdkonu, pohodl\u00ed a prakti\u010dnosti pro ka\u017edodenn\u00ed j\u00edzdu i del\u0161\u00ed cestov\u00e1n\u00ed; k vozu je servisn\u00ed kn\u00ed\u017eka a kompletn\u00ed servisn\u00ed historie, ve 128 000 km byly m\u011bn\u011bny p\u0159edn\u00ed brzdov\u00e9 desti\u010dky a ve 129 023 km byly m\u011bn\u011bny rozvody, sou\u010d\u00e1st\u00ed vozu jsou tak\u00e9 zimn\u00ed pneumatiky Nokian 215\/60 R16. V p\u0159\u00edpad\u011b z\u00e1jmu mo\u017enost vybavit financov\u00e1n\u00ed od 0% akontace. V\u016fz lze fyzicky po dohod\u011b vid\u011bt v Hodice 160, p\u0159\u00edpadn\u011b po slo\u017een\u00ed nevratn\u00e9 z\u00e1lohy 10 000 K\u010d mo\u017enost zajistit individu\u00e1ln\u00ed p\u0159evoz do c\u00edlov\u00e9 destinace. Cena p\u0159evozu je 49K\u010d\/1km (plat\u00ed se i cesta zp\u011bt).\n\nTechnick\u00e9 \u00fadaje\n\nr.v.: 06\/18, 1968cm\u00b3, 110kW (150PS), Pohon: 4\u00d72, Manu\u00e1l, Diesel, Euro 6c, (5-m\u00edstn\u00e9), 130 758km, \u010cern\u00e1, VIN WVWZZZ3CZJE214931\n\nSpot\u0159eba vozidla (l\/100km)\n\nVe m\u011bst\u011b: 5.2, mimo m\u011bsta: 3.9, kombinovan\u00e1: 3.9","price":"384000.00","currency":"CZK","status":"active","noindex":true,"location":{"address":null,"full_address":null,"city":"Brno","country":"CZ","latitude":49.1922443,"longitude":16.6113382},"metadata":{"vin":"WVWZZZ3CZJE214931","fuel":"diesel","year":2018,"brand":"Volkswagen","color":"Black","doors":5,"drive":"2WD","model":"Passat","seats":5,"region":"Jihomoravsk\u00fd kraj","mileage":130758,"emisions":null,"features":["9x airbag","ABS","Stabilizace p\u0159\u00edv\u011bsu (TSA)","Asistent rozjezdu do kopce","Deaktivace airbagu spolujezdce","ESP","ISOFIX na sedadle spolujezdce","ISOFIX na zadn\u00edch sedadlech","Prediktivn\u00ed nouzov\u00e9 brzd\u011bn\u00ed (PEBS)","Posilova\u010d \u0159\u00edzen\u00ed","Prediktivn\u00ed tempomat","Protiprokluzov\u00fd syst\u00e9m kol (TC, ASR)","P\u0159edn\u00ed a zadn\u00ed parkovac\u00ed senzory","Senzor st\u011bra\u010d\u016f","Sledov\u00e1n\u00ed \u00fanavy \u0159idi\u010de","Varov\u00e1n\u00ed p\u0159ed \u010deln\u00ed sr\u00e1\u017ekou","Zadn\u00ed parkovac\u00ed kamera","Kola 16\"","AUX vstup","Adaptivn\u00ed sv\u011btlomety","Automaticky stm\u00edvateln\u00e1 zp\u011btn\u00e1 zrc\u00e1tka","Automatick\u00e1 3-z\u00f3nov\u00e1 klimatizace","Asistent d\u00e1lkov\u00fdch sv\u011btel (HBA)","Elektrick\u00e1 parkovac\u00ed brzda","Automatick\u00e9 rozsv\u011bcen\u00ed sv\u011btel","Autor\u00e1dio","Bezkl\u00ed\u010dov\u00e9 startov\u00e1n\u00ed","Bezkl\u00ed\u010dov\u00fd vstup","Bluetooth","CD m\u011bni\u010d","Centr\u00e1ln\u00ed zamyk\u00e1n\u00ed","Centr\u00e1ln\u00ed zamyk\u00e1n\u00ed na d\u00e1lkov\u00e9 ovl\u00e1d\u00e1n\u00ed","Denn\u00ed sv\u00edcen\u00ed","Displej","Dotykov\u00e1 obrazovka","El. nastaviteln\u00e1 p\u0159edn\u00ed sedadla","Elektricky nastaviteln\u00e1 zp\u011btn\u00e1 zrc\u00e1tka","Elektricky sklopn\u00e1 zp\u011btn\u00e1 zrc\u00e1tka","Elektricky vyh\u0159\u00edvan\u00e1 zp\u011btn\u00e1 zrc\u00e1tka","Hudebn\u00ed streaming","Chytr\u00fd kl\u00ed\u010d","Klimatizovan\u00e1 p\u0159ihr\u00e1dka","Ko\u017een\u00fd volant","Lit\u00e1 kola","Loketn\u00ed op\u011brka vp\u0159edu","Loketn\u00ed op\u011brka vzadu","Mas\u00e1\u017en\u00ed sedadlo \u0159idi\u010de","Multifunk\u010dn\u00ed volant","V\u00fd\u0161kov\u011b a pod\u00e9ln\u011b nastaviteln\u00fd volant","Navigace","Palubn\u00ed po\u010d\u00edta\u010d","P\u0159edn\u00ed el. stahovateln\u00e1 okna","Mlhovky","Sklopn\u00e1 zadn\u00ed sedadla","Start\/Stop syst\u00e9m","Sv\u011bteln\u00fd senzor","T\u00f3novan\u00e1 skla","USB","Venkovn\u00ed teplom\u011br","Zadn\u00ed el. stahovateln\u00e1 okna","Zadn\u00ed st\u011bra\u010d","Slot na pam\u011b\u0165ovou kartu","Chladic\u00ed box","St\u0159e\u0161n\u00ed li\u017einy","Plnohodnotn\u00e9 rezervn\u00ed kolo","St\u0159e\u0161n\u00ed nosi\u010d","Serv. kni\u017eka","\u00dapln\u00e1 servisn\u00e1 hist\u00f3ria"],"power_kw":110,"body_type":"Estate","condition":"Used","transmission":"manual","vat_deductible":false,"consumption_city":5.2,"translation_hash":"eb56a43d5536b78850801daa54a6928981c3be54","vehicle_category":"car","engine_volume_cm3":1968,"first_registration":"2018-06-04","translation_status":"done","consumption_highway":3.9,"consumption_combined":3.9},"user_id":55,"is_sponsored":false,"views_count":0,"ai_views_count":1,"ai_vendor_counts":{"anthropic":1},"visibility":"public","submission_source":null,"submission_ai_name":null,"has_owner_email":true,"can_contact_owner":true,"phone":"0917 708 184","owner_email":"mato@autorro.sk","user":{"id":55,"slug":"peter-mato-55","name":"Peter Ma\u0165o","bio":"Makl\u00e9r. P\u016fsob\u00edm v Bratislave a okol\u00ed.\n\nP\u016fsobnost: Bratislava","nationality":"SK","languages":["cs","sk"],"service_areas":[],"card_style":null,"card_palette":null,"avatar_url":"https:\/\/cdn.assetlog.ai\/avatars\/55\/avatar_max.webp?v=1786535213","avatar_thumb_url":"https:\/\/cdn.assetlog.ai\/avatars\/55\/avatar_small.webp?v=1786535213","reviews_count":0,"avg_rating":null,"seller_badge":"silver","can_calendar":true},"images":[{"id":141401,"max":"https:\/\/cdn.assetlog.ai\/assets\/181168\/volkswagen-passat-20-tdi-110-kw-r-2018_1_max.webp","medium":"https:\/\/cdn.assetlog.ai\/assets\/181168\/volkswagen-passat-20-tdi-110-kw-r-2018_1_medium.webp","small":"https:\/\/cdn.assetlog.ai\/assets\/181168\/volkswagen-passat-20-tdi-110-kw-r-2018_1_small.webp"},{"id":141402,"max":"https:\/\/cdn.assetlog.ai\/assets\/181168\/volkswagen-passat-20-tdi-110-kw-r-2018_2_max.webp","medium":"https:\/\/cdn.assetlog.ai\/assets\/181168\/volkswagen-passat-20-tdi-110-kw-r-2018_2_medium.webp","small":"https:\/\/cdn.assetlog.ai\/assets\/181168\/volkswagen-passat-20-tdi-110-kw-r-2018_2_small.webp"},{"id":141403,"max":"https:\/\/cdn.assetlog.ai\/assets\/181168\/volkswagen-passat-20-tdi-110-kw-r-2018_3_max.webp","medium":"https:\/\/cdn.assetlog.ai\/assets\/181168\/volkswagen-passat-20-tdi-110-kw-r-2018_3_medium.webp","small":"https:\/\/cdn.assetlog.ai\/assets\/181168\/volkswagen-passat-20-tdi-110-kw-r-2018_3_small.webp"},{"id":141404,"max":"https:\/\/cdn.assetlog.ai\/assets\/181168\/volkswagen-passat-20-tdi-110-kw-r-2018_4_max.webp","medium":"https:\/\/cdn.assetlog.ai\/assets\/181168\/volkswagen-passat-20-tdi-110-kw-r-2018_4_medium.webp","small":"https:\/\/cdn.assetlog.ai\/assets\/181168\/volkswagen-passat-20-tdi-110-kw-r-2018_4_small.webp"},{"id":141405,"max":"https:\/\/cdn.assetlog.ai\/assets\/181168\/volkswagen-passat-20-tdi-110-kw-r-2018_5_max.webp","medium":"https:\/\/cdn.assetlog.ai\/assets\/181168\/volkswagen-passat-20-tdi-110-kw-r-2018_5_medium.webp","small":"https:\/\/cdn.assetlog.ai\/assets\/181168\/volkswagen-passat-20-tdi-110-kw-r-2018_5_small.webp"},{"id":141406,"max":"https:\/\/cdn.assetlog.ai\/assets\/181168\/volkswagen-passat-20-tdi-110-kw-r-2018_6_max.webp","medium":"https:\/\/cdn.assetlog.ai\/assets\/181168\/volkswagen-passat-20-tdi-110-kw-r-2018_6_medium.webp","small":"https:\/\/cdn.assetlog.ai\/assets\/181168\/volkswagen-passat-20-tdi-110-kw-r-2018_6_small.webp"},{"id":141407,"max":"https:\/\/cdn.assetlog.ai\/assets\/181168\/volkswagen-passat-20-tdi-110-kw-r-2018_7_max.webp","medium":"https:\/\/cdn.assetlog.ai\/assets\/181168\/volkswagen-passat-20-tdi-110-kw-r-2018_7_medium.webp","small":"https:\/\/cdn.assetlog.ai\/assets\/181168\/volkswagen-passat-20-tdi-110-kw-r-2018_7_small.webp"},{"id":141408,"max":"https:\/\/cdn.assetlog.ai\/assets\/181168\/volkswagen-passat-20-tdi-110-kw-r-2018_8_max.webp","medium":"https:\/\/cdn.assetlog.ai\/assets\/181168\/volkswagen-passat-20-tdi-110-kw-r-2018_8_medium.webp","small":"https:\/\/cdn.assetlog.ai\/assets\/181168\/volkswagen-passat-20-tdi-110-kw-r-2018_8_small.webp"},{"id":141409,"max":"https:\/\/cdn.assetlog.ai\/assets\/181168\/volkswagen-passat-20-tdi-110-kw-r-2018_9_max.webp","medium":"https:\/\/cdn.assetlog.ai\/assets\/181168\/volkswagen-passat-20-tdi-110-kw-r-2018_9_medium.webp","small":"https:\/\/cdn.assetlog.ai\/assets\/181168\/volkswagen-passat-20-tdi-110-kw-r-2018_9_small.webp"},{"id":141410,"max":"https:\/\/cdn.assetlog.ai\/assets\/181168\/volkswagen-passat-20-tdi-110-kw-r-2018_10_max.webp","medium":"https:\/\/cdn.assetlog.ai\/assets\/181168\/volkswagen-passat-20-tdi-110-kw-r-2018_10_medium.webp","small":"https:\/\/cdn.assetlog.ai\/assets\/181168\/volkswagen-passat-20-tdi-110-kw-r-2018_10_small.webp"},{"id":141411,"max":"https:\/\/cdn.assetlog.ai\/assets\/181168\/volkswagen-passat-20-tdi-110-kw-r-2018_11_max.webp","medium":"https:\/\/cdn.assetlog.ai\/assets\/181168\/volkswagen-passat-20-tdi-110-kw-r-2018_11_medium.webp","small":"https:\/\/cdn.assetlog.ai\/assets\/181168\/volkswagen-passat-20-tdi-110-kw-r-2018_11_small.webp"},{"id":141412,"max":"https:\/\/cdn.assetlog.ai\/assets\/181168\/volkswagen-passat-20-tdi-110-kw-r-2018_12_max.webp","medium":"https:\/\/cdn.assetlog.ai\/assets\/181168\/volkswagen-passat-20-tdi-110-kw-r-2018_12_medium.webp","small":"https:\/\/cdn.assetlog.ai\/assets\/181168\/volkswagen-passat-20-tdi-110-kw-r-2018_12_small.webp"},{"id":141413,"max":"https:\/\/cdn.assetlog.ai\/assets\/181168\/volkswagen-passat-20-tdi-110-kw-r-2018_13_max.webp","medium":"https:\/\/cdn.assetlog.ai\/assets\/181168\/volkswagen-passat-20-tdi-110-kw-r-2018_13_medium.webp","small":"https:\/\/cdn.assetlog.ai\/assets\/181168\/volkswagen-passat-20-tdi-110-kw-r-2018_13_small.webp"},{"id":141414,"max":"https:\/\/cdn.assetlog.ai\/assets\/181168\/volkswagen-passat-20-tdi-110-kw-r-2018_14_max.webp","medium":"https:\/\/cdn.assetlog.ai\/assets\/181168\/volkswagen-passat-20-tdi-110-kw-r-2018_14_medium.webp","small":"https:\/\/cdn.assetlog.ai\/assets\/181168\/volkswagen-passat-20-tdi-110-kw-r-2018_14_small.webp"},{"id":141415,"max":"https:\/\/cdn.assetlog.ai\/assets\/181168\/volkswagen-passat-20-tdi-110-kw-r-2018_15_max.webp","medium":"https:\/\/cdn.assetlog.ai\/assets\/181168\/volkswagen-passat-20-tdi-110-kw-r-2018_15_medium.webp","small":"https:\/\/cdn.assetlog.ai\/assets\/181168\/volkswagen-passat-20-tdi-110-kw-r-2018_15_small.webp"},{"id":141416,"max":"https:\/\/cdn.assetlog.ai\/assets\/181168\/volkswagen-passat-20-tdi-110-kw-r-2018_16_max.webp","medium":"https:\/\/cdn.assetlog.ai\/assets\/181168\/volkswagen-passat-20-tdi-110-kw-r-2018_16_medium.webp","small":"https:\/\/cdn.assetlog.ai\/assets\/181168\/volkswagen-passat-20-tdi-110-kw-r-2018_16_small.webp"},{"id":141417,"max":"https:\/\/cdn.assetlog.ai\/assets\/181168\/volkswagen-passat-20-tdi-110-kw-r-2018_17_max.webp","medium":"https:\/\/cdn.assetlog.ai\/assets\/181168\/volkswagen-passat-20-tdi-110-kw-r-2018_17_medium.webp","small":"https:\/\/cdn.assetlog.ai\/assets\/181168\/volkswagen-passat-20-tdi-110-kw-r-2018_17_small.webp"},{"id":141418,"max":"https:\/\/cdn.assetlog.ai\/assets\/181168\/volkswagen-passat-20-tdi-110-kw-r-2018_18_max.webp","medium":"https:\/\/cdn.assetlog.ai\/assets\/181168\/volkswagen-passat-20-tdi-110-kw-r-2018_18_medium.webp","small":"https:\/\/cdn.assetlog.ai\/assets\/181168\/volkswagen-passat-20-tdi-110-kw-r-2018_18_small.webp"},{"id":141419,"max":"https:\/\/cdn.assetlog.ai\/assets\/181168\/volkswagen-passat-20-tdi-110-kw-r-2018_19_max.webp","medium":"https:\/\/cdn.assetlog.ai\/assets\/181168\/volkswagen-passat-20-tdi-110-kw-r-2018_19_medium.webp","small":"https:\/\/cdn.assetlog.ai\/assets\/181168\/volkswagen-passat-20-tdi-110-kw-r-2018_19_small.webp"},{"id":141420,"max":"https:\/\/cdn.assetlog.ai\/assets\/181168\/volkswagen-passat-20-tdi-110-kw-r-2018_20_max.webp","medium":"https:\/\/cdn.assetlog.ai\/assets\/181168\/volkswagen-passat-20-tdi-110-kw-r-2018_20_medium.webp","small":"https:\/\/cdn.assetlog.ai\/assets\/181168\/volkswagen-passat-20-tdi-110-kw-r-2018_20_small.webp"},{"id":141421,"max":"https:\/\/cdn.assetlog.ai\/assets\/181168\/volkswagen-passat-20-tdi-110-kw-r-2018_21_max.webp","medium":"https:\/\/cdn.assetlog.ai\/assets\/181168\/volkswagen-passat-20-tdi-110-kw-r-2018_21_medium.webp","small":"https:\/\/cdn.assetlog.ai\/assets\/181168\/volkswagen-passat-20-tdi-110-kw-r-2018_21_small.webp"},{"id":141422,"max":"https:\/\/cdn.assetlog.ai\/assets\/181168\/volkswagen-passat-20-tdi-110-kw-r-2018_22_max.webp","medium":"https:\/\/cdn.assetlog.ai\/assets\/181168\/volkswagen-passat-20-tdi-110-kw-r-2018_22_medium.webp","small":"https:\/\/cdn.assetlog.ai\/assets\/181168\/volkswagen-passat-20-tdi-110-kw-r-2018_22_small.webp"},{"id":141423,"max":"https:\/\/cdn.assetlog.ai\/assets\/181168\/volkswagen-passat-20-tdi-110-kw-r-2018_23_max.webp","medium":"https:\/\/cdn.assetlog.ai\/assets\/181168\/volkswagen-passat-20-tdi-110-kw-r-2018_23_medium.webp","small":"https:\/\/cdn.assetlog.ai\/assets\/181168\/volkswagen-passat-20-tdi-110-kw-r-2018_23_small.webp"},{"id":141424,"max":"https:\/\/cdn.assetlog.ai\/assets\/181168\/volkswagen-passat-20-tdi-110-kw-r-2018_24_max.webp","medium":"https:\/\/cdn.assetlog.ai\/assets\/181168\/volkswagen-passat-20-tdi-110-kw-r-2018_24_medium.webp","small":"https:\/\/cdn.assetlog.ai\/assets\/181168\/volkswagen-passat-20-tdi-110-kw-r-2018_24_small.webp"},{"id":141425,"max":"https:\/\/cdn.assetlog.ai\/assets\/181168\/volkswagen-passat-20-tdi-110-kw-r-2018_25_max.webp","medium":"https:\/\/cdn.assetlog.ai\/assets\/181168\/volkswagen-passat-20-tdi-110-kw-r-2018_25_medium.webp","small":"https:\/\/cdn.assetlog.ai\/assets\/181168\/volkswagen-passat-20-tdi-110-kw-r-2018_25_small.webp"},{"id":141426,"max":"https:\/\/cdn.assetlog.ai\/assets\/181168\/volkswagen-passat-20-tdi-110-kw-r-2018_26_max.webp","medium":"https:\/\/cdn.assetlog.ai\/assets\/181168\/volkswagen-passat-20-tdi-110-kw-r-2018_26_medium.webp","small":"https:\/\/cdn.assetlog.ai\/assets\/181168\/volkswagen-passat-20-tdi-110-kw-r-2018_26_small.webp"},{"id":141427,"max":"https:\/\/cdn.assetlog.ai\/assets\/181168\/volkswagen-passat-20-tdi-110-kw-r-2018_27_max.webp","medium":"https:\/\/cdn.assetlog.ai\/assets\/181168\/volkswagen-passat-20-tdi-110-kw-r-2018_27_medium.webp","small":"https:\/\/cdn.assetlog.ai\/assets\/181168\/volkswagen-passat-20-tdi-110-kw-r-2018_27_small.webp"},{"id":141428,"max":"https:\/\/cdn.assetlog.ai\/assets\/181168\/volkswagen-passat-20-tdi-110-kw-r-2018_28_max.webp","medium":"https:\/\/cdn.assetlog.ai\/assets\/181168\/volkswagen-passat-20-tdi-110-kw-r-2018_28_medium.webp","small":"https:\/\/cdn.assetlog.ai\/assets\/181168\/volkswagen-passat-20-tdi-110-kw-r-2018_28_small.webp"},{"id":141429,"max":"https:\/\/cdn.assetlog.ai\/assets\/181168\/volkswagen-passat-20-tdi-110-kw-r-2018_29_max.webp","medium":"https:\/\/cdn.assetlog.ai\/assets\/181168\/volkswagen-passat-20-tdi-110-kw-r-2018_29_medium.webp","small":"https:\/\/cdn.assetlog.ai\/assets\/181168\/volkswagen-passat-20-tdi-110-kw-r-2018_29_small.webp"},{"id":141430,"max":"https:\/\/cdn.assetlog.ai\/assets\/181168\/volkswagen-passat-20-tdi-110-kw-r-2018_30_max.webp","medium":"https:\/\/cdn.assetlog.ai\/assets\/181168\/volkswagen-passat-20-tdi-110-kw-r-2018_30_medium.webp","small":"https:\/\/cdn.assetlog.ai\/assets\/181168\/volkswagen-passat-20-tdi-110-kw-r-2018_30_small.webp"},{"id":141431,"max":"https:\/\/cdn.assetlog.ai\/assets\/181168\/volkswagen-passat-20-tdi-110-kw-r-2018_31_max.webp","medium":"https:\/\/cdn.assetlog.ai\/assets\/181168\/volkswagen-passat-20-tdi-110-kw-r-2018_31_medium.webp","small":"https:\/\/cdn.assetlog.ai\/assets\/181168\/volkswagen-passat-20-tdi-110-kw-r-2018_31_small.webp"},{"id":141432,"max":"https:\/\/cdn.assetlog.ai\/assets\/181168\/volkswagen-passat-20-tdi-110-kw-r-2018_32_max.webp","medium":"https:\/\/cdn.assetlog.ai\/assets\/181168\/volkswagen-passat-20-tdi-110-kw-r-2018_32_medium.webp","small":"https:\/\/cdn.assetlog.ai\/assets\/181168\/volkswagen-passat-20-tdi-110-kw-r-2018_32_small.webp"}],"published_at":null,"expires_at":null,"created_at":"2026-09-01T03:40:11+00:00","updated_at":"2026-09-01T04:00:11+00:00"}}