{"data":{"id":161445,"slug":"volkswagen-sharan-20-tdi-trendline-103kw-m6-zaruka-aj-na-splatky-protiucet","type":"vehicle","title":"Volkswagen Sharan 2.0 TDI Trendline \/ 103kW \/ M6 \/ WARRANTY \/ FINANCING AVAILABLE \/ TRADE-IN ACCEPTED","description":"The Volkswagen Sharan 2.0 TDI Trendline is a spacious and practical family MPV that offers generous interior space, comfortable travel, and a range of usage options. The economical 2.0 TDI diesel engine is suitable for both daily driving and longer family trips.\n\nThe vehicle comes with a service booklet and documentation of performed service work in the form of invoices from approximately 120,000 km, which allows you to document its service history.\n\nService at 180,000 km:\n\nTiming belt replacement\n\nService at 210,000 km:\n\nComplete replacement of front and rear brakes\n\nAdditional information:\n\nService booklet\nDocumentation and invoices from service from approximately 120,000 km\nTrendline equipment\n2.0 TDI engine\n\nWe offer advantageous financing with monthly installments, so you can enjoy your new vehicle immediately without waiting, with 0% down payment and installments up to 96 months.\n\nThe vehicle has passed an inspection of insurance records, execution checks, paint thickness measurement, and documentation verification. Physically checked, also through the vehicle operating records registry.\n\nFor your greater convenience and peace of mind, we can provide you with an extended warranty for 12-36 months.\n\nIf you already own a vehicle, you don't need to worry about selling it - instead, we can take it directly from you. Just come to us with it, we will appraise it, and the value will be deducted from the price of your new vehicle. This saves you time, hassle, and money, and the entire process will be quick and easy - you'll drive away in your new vehicle without unnecessary paperwork.\n\nTHE VEHICLE IS LOCATED IN Poprad.\nI will be very happy to provide you with more information at phone number +421 949 669 433 License plate: PP277DZ. Registration valid until: 2027-11-18. Emissions test valid until: 2027-11-18.\n\nTechnical specifications\n\nYear: 02\/11, 1968 cc, 103kW (140 HP), Vehicle generation: , Drive: Front-wheel drive, Manual (6-speed), Diesel, EURO 5, 5-door, (5-seater), 228,000 km, Black metallic, VIN WVWZZZ7NZBV023617\n\nFuel consumption (l\/100km)\n\nCity: 6.8, Highway: 4.8, Combined: 5.5\n\nLeasing available, Financing available, Complete service history","language":"cs","is_translated":true,"title_original":"Volkswagen Sharan 2.0 TDI Trendline \/ 103kW \/ M6 \/ Z\u00c1RUKA \/ AJ NA SPL\u00c1TKY \/ PROTI\u00da\u010cET","description_original":"Volkswagen Sharan 2.0 TDI Trendline je prostorn\u00e9 a praktick\u00e9 rodinn\u00e9 MPV, kter\u00e9 nab\u00edz\u00ed velkorys\u00fd vnit\u0159n\u00ed prostor, pohodln\u00e9 cestov\u00e1n\u00ed a \u0159adu mo\u017enost\u00ed vyu\u017eit\u00ed. \u00dasporn\u00fd dieselov\u00fd motor 2.0 TDI je vhodn\u00fd jak pro ka\u017edodenn\u00ed j\u00edzdu, tak pro del\u0161\u00ed rodinn\u00e9 v\u00fdlety.\n\nK vozidlu je k dispozici servisn\u00ed kn\u00ed\u017eka a doklady o proveden\u00fdch servisn\u00edch \u00fakonech ve form\u011b faktur p\u0159ibli\u017en\u011b od 120 000 km, co\u017e umo\u017e\u0148uje zdokumentovat jeho servisn\u00ed historii.\n\nServis p\u0159i 180 000 km:\n\nV\u00fdm\u011bna rozvod\u016f\n\nServis p\u0159i 210 000 km:\n\nKompletn\u00ed v\u00fdm\u011bna p\u0159edn\u00edch a zadn\u00edch brzd\n\nDal\u0161\u00ed informace:\n\nServisn\u00ed kn\u00ed\u017eka\nDoklady a faktury ze servisu p\u0159ibli\u017en\u011b od 120 000 km\nV\u00fdbava Trendline\nMotor 2.0 TDI\n\nNab\u00edz\u00edme v\u00fdhodn\u00e9 financov\u00e1n\u00ed na m\u011bs\u00ed\u010dn\u00ed spl\u00e1tky, tak\u017ee si sv\u016fj nov\u00fd v\u016fz m\u016f\u017eete u\u017e\u00edvat hned a bez \u010dek\u00e1n\u00ed s akontac\u00ed 0 % a spl\u00e1tkami a\u017e na 96 m\u011bs\u00edc\u016f.\n\nVozidlo pro\u0161lo kontrolou z\u00e1znam\u016f o poji\u0161t\u011bn\u00ed, exekuc\u00ed, m\u011b\u0159en\u00edm laku a kontrolou doklad\u016f. Zkontrolov\u00e1no fyzicky, tak\u00e9 prost\u0159ednictv\u00edm registru provozn\u00edch z\u00e1znam\u016f vozidla.\n\nPro va\u0161e v\u011bt\u0161\u00ed pohodl\u00ed a jistotu v\u00e1m m\u016f\u017eeme poskytnout prodlou\u017eenou z\u00e1ruku a\u017e na 12-36 m\u011bs\u00edc\u016f.\n\nPokud ji\u017e v\u016fz vlastn\u00edte, nemus\u00edte se zab\u00fdvat jeho prodejem - na opl\u00e1tku si ho od v\u00e1s p\u0159\u00edmo vezmeme. Sta\u010d\u00ed, kdy\u017e k n\u00e1m s n\u00edm p\u0159ijdete, my ho ocen\u00edme a n\u00e1klady ode\u010dteme od hodnoty va\u0161eho nov\u00e9ho vozu. U\u0161et\u0159\u00edte tak \u010das, starosti i pen\u00edze a cel\u00fd proces bude rychl\u00fd a snadn\u00fd - odjedete rovnou ve sv\u00e9m nov\u00e9m voze bez zbyte\u010dn\u00e9ho pap\u00edrov\u00e1n\u00ed.\n\nVOZIDLO SE NACH\u00c1Z\u00cd V Poprade.\nViac inform\u00e1ci\u00ed V\u00e1m ve\u013emi r\u00e1d poskytnem na tel. \u010d\u00edsle +421 949 669 433 E\u010cV: PP277DZ. EK platn\u00e1 do: 2027-11-18. STK platn\u00e1 do: 2027-11-18.\n\nTechnick\u00e9 \u00fadaje\n\nv.v.: 02\/11, 1968cm\u00b3, 103kW (140PS), Generace vozidla: , Pohon: Pohon p\u0159edn\u00edch kol, Manu\u00e1ln\u00ed (6 st.), Diesel, EURO 5, 5 dv., (5-m\u00edstn\u00fd), 228 000km, \u010cern\u00e1 metal\u00edza, VIN WVWZZZ7NZBV023617\n\nSpot\u0159eba vozidla (l\/100km)\n\nVe m\u011bst\u011b: 6.8, mimo m\u011bsto: 4.8, kombinovan\u00e1: 5.5\n\nMo\u017en\u00fd leasing, Mo\u017en\u00fd \u00fav\u011br, \u00dapln\u00e1 servisn\u00ed historie","price":"193038.00","currency":"CZK","status":"active","noindex":true,"location":{"address":null,"full_address":null,"city":"Poprad","country":"SK","latitude":49.0541521,"longitude":20.2976401},"metadata":{"vin":"WVWZZZ7NZBV023617","fuel":"diesel","year":2011,"brand":"Volkswagen","color":"Black","doors":5,"drive":"Front-wheel drive","model":"Sharan","seats":5,"region":"Pre\u0161ovsk\u00fd kraj","mileage":228000,"emisions":"Euro 5","features":["ABS","ESP","Protiprokluzov\u00fd syst\u00e9m kol (TC, ASR)","Brzdov\u00fd asistent (EBA, BAS)","ISOFIX na zadn\u00edch sedadlech","Senzor tlaku","Centr\u00e1ln\u00ed zamyk\u00e1n\u00ed","Zadn\u00ed el. stahovateln\u00e1 okna","Elektricky nastaviteln\u00e1 zp\u011btn\u00e1 zrc\u00e1tka","Autor\u00e1dio","Multifunk\u010dn\u00ed volant","Loketn\u00ed op\u011brka vp\u0159edu","Automatick\u00e1 3-z\u00f3nov\u00e1 klimatizace","Lit\u00e1 kola","Mlhovky","Imobiliz\u00e9r","Palubn\u00ed po\u010d\u00edta\u010d","St\u0159e\u0161n\u00ed nosi\u010d","Ta\u017en\u00e9 za\u0159\u00edzen\u00ed","Tempomat","Senzor st\u011bra\u010d\u016f","Start\/Stop syst\u00e9m","P\u0159edn\u00ed a zadn\u00ed parkovac\u00ed senzory","Mo\u017en\u00fd leasing","Mo\u017en\u00fd \u00faver","\u00dapln\u00e1 servisn\u00e1 hist\u00f3ria","Odo-pass","asistent rozjezdu do kopce"],"power_kw":103,"body_type":"MPV","condition":"Used","transmission":"manual","vat_deductible":false,"consumption_city":6.8,"translation_hash":"abec2f14b4890d9d27c32a5ae7b6604a6786dd21","vehicle_category":"car","engine_volume_cm3":1968,"first_registration":"2011-02-01","translation_status":"done","consumption_highway":4.8,"consumption_combined":5.5},"user_id":50,"is_sponsored":false,"views_count":6,"ai_views_count":11,"ai_vendor_counts":{"meta":5,"other":2,"openai":2,"anthropic":2},"visibility":"public","submission_source":null,"submission_ai_name":null,"has_owner_email":true,"can_contact_owner":true,"phone":"0949 669 433","owner_email":"matta@autorro.sk","user":{"id":50,"slug":"tomas-matta-50","name":"Tom\u00e1\u0161 Matta","bio":"Makl\u00e9r. P\u016fsob\u00edm v Poprade a okol\u00ed.\n\nP\u016fsobnost: Poprad","nationality":"SK","languages":["cs","sk"],"service_areas":[],"card_style":null,"card_palette":null,"avatar_url":"https:\/\/cdn.assetlog.ai\/avatars\/50\/avatar_max.webp?v=1786535213","avatar_thumb_url":"https:\/\/cdn.assetlog.ai\/avatars\/50\/avatar_small.webp?v=1786535213","reviews_count":0,"avg_rating":null,"seller_badge":"silver","can_calendar":true,"joined_at":"2026-06-07T14:20:25+00:00","primary_intent":null,"seeking":[],"public_assets_count":48,"public_prompts_count":0,"followers_count":0},"images":[{"id":133010,"max":"https:\/\/cdn.assetlog.ai\/assets\/161445\/volkswagen-sharan-20-tdi-trendline-103kw-m6-zaruka-aj-na-splatky-protiucet_1_max.webp","medium":"https:\/\/cdn.assetlog.ai\/assets\/161445\/volkswagen-sharan-20-tdi-trendline-103kw-m6-zaruka-aj-na-splatky-protiucet_1_medium.webp","small":"https:\/\/cdn.assetlog.ai\/assets\/161445\/volkswagen-sharan-20-tdi-trendline-103kw-m6-zaruka-aj-na-splatky-protiucet_1_small.webp"},{"id":133011,"max":"https:\/\/cdn.assetlog.ai\/assets\/161445\/volkswagen-sharan-20-tdi-trendline-103kw-m6-zaruka-aj-na-splatky-protiucet_2_max.webp","medium":"https:\/\/cdn.assetlog.ai\/assets\/161445\/volkswagen-sharan-20-tdi-trendline-103kw-m6-zaruka-aj-na-splatky-protiucet_2_medium.webp","small":"https:\/\/cdn.assetlog.ai\/assets\/161445\/volkswagen-sharan-20-tdi-trendline-103kw-m6-zaruka-aj-na-splatky-protiucet_2_small.webp"},{"id":133012,"max":"https:\/\/cdn.assetlog.ai\/assets\/161445\/volkswagen-sharan-20-tdi-trendline-103kw-m6-zaruka-aj-na-splatky-protiucet_3_max.webp","medium":"https:\/\/cdn.assetlog.ai\/assets\/161445\/volkswagen-sharan-20-tdi-trendline-103kw-m6-zaruka-aj-na-splatky-protiucet_3_medium.webp","small":"https:\/\/cdn.assetlog.ai\/assets\/161445\/volkswagen-sharan-20-tdi-trendline-103kw-m6-zaruka-aj-na-splatky-protiucet_3_small.webp"},{"id":133013,"max":"https:\/\/cdn.assetlog.ai\/assets\/161445\/volkswagen-sharan-20-tdi-trendline-103kw-m6-zaruka-aj-na-splatky-protiucet_4_max.webp","medium":"https:\/\/cdn.assetlog.ai\/assets\/161445\/volkswagen-sharan-20-tdi-trendline-103kw-m6-zaruka-aj-na-splatky-protiucet_4_medium.webp","small":"https:\/\/cdn.assetlog.ai\/assets\/161445\/volkswagen-sharan-20-tdi-trendline-103kw-m6-zaruka-aj-na-splatky-protiucet_4_small.webp"},{"id":133014,"max":"https:\/\/cdn.assetlog.ai\/assets\/161445\/volkswagen-sharan-20-tdi-trendline-103kw-m6-zaruka-aj-na-splatky-protiucet_5_max.webp","medium":"https:\/\/cdn.assetlog.ai\/assets\/161445\/volkswagen-sharan-20-tdi-trendline-103kw-m6-zaruka-aj-na-splatky-protiucet_5_medium.webp","small":"https:\/\/cdn.assetlog.ai\/assets\/161445\/volkswagen-sharan-20-tdi-trendline-103kw-m6-zaruka-aj-na-splatky-protiucet_5_small.webp"},{"id":133015,"max":"https:\/\/cdn.assetlog.ai\/assets\/161445\/volkswagen-sharan-20-tdi-trendline-103kw-m6-zaruka-aj-na-splatky-protiucet_6_max.webp","medium":"https:\/\/cdn.assetlog.ai\/assets\/161445\/volkswagen-sharan-20-tdi-trendline-103kw-m6-zaruka-aj-na-splatky-protiucet_6_medium.webp","small":"https:\/\/cdn.assetlog.ai\/assets\/161445\/volkswagen-sharan-20-tdi-trendline-103kw-m6-zaruka-aj-na-splatky-protiucet_6_small.webp"},{"id":133016,"max":"https:\/\/cdn.assetlog.ai\/assets\/161445\/volkswagen-sharan-20-tdi-trendline-103kw-m6-zaruka-aj-na-splatky-protiucet_7_max.webp","medium":"https:\/\/cdn.assetlog.ai\/assets\/161445\/volkswagen-sharan-20-tdi-trendline-103kw-m6-zaruka-aj-na-splatky-protiucet_7_medium.webp","small":"https:\/\/cdn.assetlog.ai\/assets\/161445\/volkswagen-sharan-20-tdi-trendline-103kw-m6-zaruka-aj-na-splatky-protiucet_7_small.webp"},{"id":133017,"max":"https:\/\/cdn.assetlog.ai\/assets\/161445\/volkswagen-sharan-20-tdi-trendline-103kw-m6-zaruka-aj-na-splatky-protiucet_8_max.webp","medium":"https:\/\/cdn.assetlog.ai\/assets\/161445\/volkswagen-sharan-20-tdi-trendline-103kw-m6-zaruka-aj-na-splatky-protiucet_8_medium.webp","small":"https:\/\/cdn.assetlog.ai\/assets\/161445\/volkswagen-sharan-20-tdi-trendline-103kw-m6-zaruka-aj-na-splatky-protiucet_8_small.webp"},{"id":133018,"max":"https:\/\/cdn.assetlog.ai\/assets\/161445\/volkswagen-sharan-20-tdi-trendline-103kw-m6-zaruka-aj-na-splatky-protiucet_9_max.webp","medium":"https:\/\/cdn.assetlog.ai\/assets\/161445\/volkswagen-sharan-20-tdi-trendline-103kw-m6-zaruka-aj-na-splatky-protiucet_9_medium.webp","small":"https:\/\/cdn.assetlog.ai\/assets\/161445\/volkswagen-sharan-20-tdi-trendline-103kw-m6-zaruka-aj-na-splatky-protiucet_9_small.webp"},{"id":133019,"max":"https:\/\/cdn.assetlog.ai\/assets\/161445\/volkswagen-sharan-20-tdi-trendline-103kw-m6-zaruka-aj-na-splatky-protiucet_10_max.webp","medium":"https:\/\/cdn.assetlog.ai\/assets\/161445\/volkswagen-sharan-20-tdi-trendline-103kw-m6-zaruka-aj-na-splatky-protiucet_10_medium.webp","small":"https:\/\/cdn.assetlog.ai\/assets\/161445\/volkswagen-sharan-20-tdi-trendline-103kw-m6-zaruka-aj-na-splatky-protiucet_10_small.webp"},{"id":133020,"max":"https:\/\/cdn.assetlog.ai\/assets\/161445\/volkswagen-sharan-20-tdi-trendline-103kw-m6-zaruka-aj-na-splatky-protiucet_11_max.webp","medium":"https:\/\/cdn.assetlog.ai\/assets\/161445\/volkswagen-sharan-20-tdi-trendline-103kw-m6-zaruka-aj-na-splatky-protiucet_11_medium.webp","small":"https:\/\/cdn.assetlog.ai\/assets\/161445\/volkswagen-sharan-20-tdi-trendline-103kw-m6-zaruka-aj-na-splatky-protiucet_11_small.webp"},{"id":133021,"max":"https:\/\/cdn.assetlog.ai\/assets\/161445\/volkswagen-sharan-20-tdi-trendline-103kw-m6-zaruka-aj-na-splatky-protiucet_12_max.webp","medium":"https:\/\/cdn.assetlog.ai\/assets\/161445\/volkswagen-sharan-20-tdi-trendline-103kw-m6-zaruka-aj-na-splatky-protiucet_12_medium.webp","small":"https:\/\/cdn.assetlog.ai\/assets\/161445\/volkswagen-sharan-20-tdi-trendline-103kw-m6-zaruka-aj-na-splatky-protiucet_12_small.webp"},{"id":133022,"max":"https:\/\/cdn.assetlog.ai\/assets\/161445\/volkswagen-sharan-20-tdi-trendline-103kw-m6-zaruka-aj-na-splatky-protiucet_13_max.webp","medium":"https:\/\/cdn.assetlog.ai\/assets\/161445\/volkswagen-sharan-20-tdi-trendline-103kw-m6-zaruka-aj-na-splatky-protiucet_13_medium.webp","small":"https:\/\/cdn.assetlog.ai\/assets\/161445\/volkswagen-sharan-20-tdi-trendline-103kw-m6-zaruka-aj-na-splatky-protiucet_13_small.webp"},{"id":133023,"max":"https:\/\/cdn.assetlog.ai\/assets\/161445\/volkswagen-sharan-20-tdi-trendline-103kw-m6-zaruka-aj-na-splatky-protiucet_14_max.webp","medium":"https:\/\/cdn.assetlog.ai\/assets\/161445\/volkswagen-sharan-20-tdi-trendline-103kw-m6-zaruka-aj-na-splatky-protiucet_14_medium.webp","small":"https:\/\/cdn.assetlog.ai\/assets\/161445\/volkswagen-sharan-20-tdi-trendline-103kw-m6-zaruka-aj-na-splatky-protiucet_14_small.webp"},{"id":133024,"max":"https:\/\/cdn.assetlog.ai\/assets\/161445\/volkswagen-sharan-20-tdi-trendline-103kw-m6-zaruka-aj-na-splatky-protiucet_15_max.webp","medium":"https:\/\/cdn.assetlog.ai\/assets\/161445\/volkswagen-sharan-20-tdi-trendline-103kw-m6-zaruka-aj-na-splatky-protiucet_15_medium.webp","small":"https:\/\/cdn.assetlog.ai\/assets\/161445\/volkswagen-sharan-20-tdi-trendline-103kw-m6-zaruka-aj-na-splatky-protiucet_15_small.webp"},{"id":133025,"max":"https:\/\/cdn.assetlog.ai\/assets\/161445\/volkswagen-sharan-20-tdi-trendline-103kw-m6-zaruka-aj-na-splatky-protiucet_16_max.webp","medium":"https:\/\/cdn.assetlog.ai\/assets\/161445\/volkswagen-sharan-20-tdi-trendline-103kw-m6-zaruka-aj-na-splatky-protiucet_16_medium.webp","small":"https:\/\/cdn.assetlog.ai\/assets\/161445\/volkswagen-sharan-20-tdi-trendline-103kw-m6-zaruka-aj-na-splatky-protiucet_16_small.webp"},{"id":133026,"max":"https:\/\/cdn.assetlog.ai\/assets\/161445\/volkswagen-sharan-20-tdi-trendline-103kw-m6-zaruka-aj-na-splatky-protiucet_17_max.webp","medium":"https:\/\/cdn.assetlog.ai\/assets\/161445\/volkswagen-sharan-20-tdi-trendline-103kw-m6-zaruka-aj-na-splatky-protiucet_17_medium.webp","small":"https:\/\/cdn.assetlog.ai\/assets\/161445\/volkswagen-sharan-20-tdi-trendline-103kw-m6-zaruka-aj-na-splatky-protiucet_17_small.webp"},{"id":133027,"max":"https:\/\/cdn.assetlog.ai\/assets\/161445\/volkswagen-sharan-20-tdi-trendline-103kw-m6-zaruka-aj-na-splatky-protiucet_18_max.webp","medium":"https:\/\/cdn.assetlog.ai\/assets\/161445\/volkswagen-sharan-20-tdi-trendline-103kw-m6-zaruka-aj-na-splatky-protiucet_18_medium.webp","small":"https:\/\/cdn.assetlog.ai\/assets\/161445\/volkswagen-sharan-20-tdi-trendline-103kw-m6-zaruka-aj-na-splatky-protiucet_18_small.webp"},{"id":133028,"max":"https:\/\/cdn.assetlog.ai\/assets\/161445\/volkswagen-sharan-20-tdi-trendline-103kw-m6-zaruka-aj-na-splatky-protiucet_19_max.webp","medium":"https:\/\/cdn.assetlog.ai\/assets\/161445\/volkswagen-sharan-20-tdi-trendline-103kw-m6-zaruka-aj-na-splatky-protiucet_19_medium.webp","small":"https:\/\/cdn.assetlog.ai\/assets\/161445\/volkswagen-sharan-20-tdi-trendline-103kw-m6-zaruka-aj-na-splatky-protiucet_19_small.webp"},{"id":133029,"max":"https:\/\/cdn.assetlog.ai\/assets\/161445\/volkswagen-sharan-20-tdi-trendline-103kw-m6-zaruka-aj-na-splatky-protiucet_20_max.webp","medium":"https:\/\/cdn.assetlog.ai\/assets\/161445\/volkswagen-sharan-20-tdi-trendline-103kw-m6-zaruka-aj-na-splatky-protiucet_20_medium.webp","small":"https:\/\/cdn.assetlog.ai\/assets\/161445\/volkswagen-sharan-20-tdi-trendline-103kw-m6-zaruka-aj-na-splatky-protiucet_20_small.webp"},{"id":133030,"max":"https:\/\/cdn.assetlog.ai\/assets\/161445\/volkswagen-sharan-20-tdi-trendline-103kw-m6-zaruka-aj-na-splatky-protiucet_21_max.webp","medium":"https:\/\/cdn.assetlog.ai\/assets\/161445\/volkswagen-sharan-20-tdi-trendline-103kw-m6-zaruka-aj-na-splatky-protiucet_21_medium.webp","small":"https:\/\/cdn.assetlog.ai\/assets\/161445\/volkswagen-sharan-20-tdi-trendline-103kw-m6-zaruka-aj-na-splatky-protiucet_21_small.webp"},{"id":133031,"max":"https:\/\/cdn.assetlog.ai\/assets\/161445\/volkswagen-sharan-20-tdi-trendline-103kw-m6-zaruka-aj-na-splatky-protiucet_22_max.webp","medium":"https:\/\/cdn.assetlog.ai\/assets\/161445\/volkswagen-sharan-20-tdi-trendline-103kw-m6-zaruka-aj-na-splatky-protiucet_22_medium.webp","small":"https:\/\/cdn.assetlog.ai\/assets\/161445\/volkswagen-sharan-20-tdi-trendline-103kw-m6-zaruka-aj-na-splatky-protiucet_22_small.webp"}],"published_at":null,"expires_at":null,"created_at":"2026-08-19T03:40:08+00:00","updated_at":"2026-09-01T03:41:00+00:00"}}